{"id":73270,"date":"2025-06-09T15:28:29","date_gmt":"2025-06-09T20:28:29","guid":{"rendered":"https:\/\/www.uartes.edu.ec\/sitio\/?page_id=73270"},"modified":"2026-03-19T15:52:55","modified_gmt":"2026-03-19T20:52:55","slug":"proteccion-de-datos","status":"publish","type":"page","link":"https:\/\/www.uartes.edu.ec\/sitio\/fr\/proteccion-de-datos\/","title":{"rendered":"Protecci\u00f3n de Datos Personales"},"content":{"rendered":"<div class=\"wp-block-cover is-light gb-block-cta\" style=\"padding-top:2%;min-height:13em;aspect-ratio:unset;\"><span aria-hidden=\"true\" class=\"wp-block-cover__background has-background-dim-100 has-background-dim\" style=\"background-color:#e6f2f3\"><\/span><div class=\"wp-block-cover__inner-container is-layout-flow wp-block-cover-is-layout-flow\">\n<h3 class=\"wp-block-heading has-text-align-center has-text-color has-link-color wp-elements-ef7bc866d2a010625c6ddf1fc9f67747\" style=\"color:#2b747f;font-size:32px;line-height:1\">Protege tus datos<\/h3>\n\n\n\n<p class=\"has-text-align-center has-text-color has-link-color wp-elements-a89d79b87ff7eed24466451e357b8cba\" style=\"color:#595956;line-height:1\">Para ejercer tus <strong>Derechos ARCO+<\/strong> (Acceso, Rectificaci\u00f3n, Cancelaci\u00f3n, Oposici\u00f3n, Portabilidad y m\u00e1s) bajo la <strong>LOPDP de Ecuador<\/strong>, te ofrecemos el mecanismo oficial. Descarga el Formulario ARCO+ aqu\u00ed. Es el documento clave para presentar tu solicitud formal y asegurar el control total sobre tus datos personales conforme a la normativa vigente.<\/p>\n\n\n\n<div class=\"wp-block-buttons is-content-justification-center is-layout-flex wp-container-core-buttons-is-layout-16018d1d wp-block-buttons-is-layout-flex\">\n<div class=\"wp-block-button has-custom-width wp-block-button__width-50 gb-block-button\"><a class=\"wp-block-button__link has-text-color has-background has-text-align-center has-custom-font-size wp-element-button\" href=\"https:\/\/www.uartes.edu.ec\/sitio\/download\/formulario-arco\" style=\"border-radius:5px;color:#ffffff;background-color:#2b747f;padding-top:10px;padding-right:1em;padding-bottom:10px;padding-left:1em;font-size:20px;line-height:1.2\">Formulario ARCO+<\/a><\/div>\n<\/div>\n<\/div><\/div>\n\n\n\n<div style=\"height:40px\" aria-hidden=\"true\" class=\"wp-block-spacer\"><\/div>\n\n\n\n<p>El \u00d3rgano Colegiado Superior de la Universidad de las Artes mediante resoluci\u00f3n Nro. UA-OCS-RSE-2025-038, de fecha 14 de mayo de 2025, emite la Pol\u00edtica de Protecci\u00f3n de Datos Personales de la Universidad de las Artes, la cual garantiza la protecci\u00f3n de los datos personales de quienes conforman y mantienen relaciones con la comunidad universitaria en general.<\/p>\n\n\n\n<p>El protocolo es de obligatorio cumplimiento para todos los miembros y personas vinculadas a la Universidad de las Artes. El cual contiene quienes son los responsables, encargados y delegados de la protecci\u00f3n de datos personales en la Universidad de las Artes.<\/p>\n\n\n\n<p>Los puntos que trata el protocolo son:<\/p>\n\n\n\n<ul class=\"wp-block-list\">\n<li>Las bases legitimadoras para el tratamiento de datos personales.<\/li>\n\n\n\n<li>Procedimiento para el tratamiento de datos personales<\/li>\n\n\n\n<li>Fines del tratamiento de datos personales<\/li>\n\n\n\n<li>Cat\u00e1logo o activos de datos personales<\/li>\n\n\n\n<li>Tiempo de conservaci\u00f3n<\/li>\n\n\n\n<li>Derechos de los titulares de los datos personales<\/li>\n\n\n\n<li>Obligaciones para vinculados<\/li>\n\n\n\n<li>Medidas de seguridad para proteger los datos personales<\/li>\n\n\n\n<li>Unidad de tratamiento de datos personales<\/li>\n<\/ul>\n\n\n\n<div style=\"height:40px\" aria-hidden=\"true\" class=\"wp-block-spacer\"><\/div>\n\n\n<section class='__wpdm_gb_section __wpdm_gb_package'><div class='w3eden wpdm_package_shortcode'><!-- WPDM Link Template: Call to Action 3 -->\n\n<div class=\"well c2a3\">\n    <div class=\"media\">\n        <div class=\"mr-3\" align=\"left\">\n            <img decoding=\"async\" class=\"wpdm_icon\" alt=\"Ic\u00f4ne\" src=\"https:\/\/www.uartes.edu.ec\/sitio\/wp-content\/plugins\/download-manager\/assets\/file-type-icons\/pdf.svg\" \/>\n        <\/div>\n        <div class=\"media-body\">\n            <h3 class=\"media-heading\" style=\"padding-top: 0px;border:0px;margin: 0 0 5px 0;font-size:12pt;\">\n                <a style=\"font-weight: 700\" href=\"https:\/\/www.uartes.edu.ec\/sitio\/fr\/download\/ua-ocs-rse-2025-038\/\">UA-OCS-RSE-2025-038 &#8211; Pol\u00edticas de protecci\u00f3n de datos personales de la Universidad de las Artes<\/a>\n                <span style=\"font-size:8pt;font-weight:300\" class=\"text-muted ml-4\">\n                    <i class=\"fas fa-hdd mr-1\"><\/i> 502.01 Ko\n                    <i class=\"ml-3 far fa-arrow-alt-circle-down mr-1\"><\/i> 1792 t\u00e9l\u00e9chargements\n                <\/span>\n            <\/h3>\n            \nArt\u00edculo Primero.- Aprobar las Pol\u00edticas de protecci\u00f3n de datos personales de&#8230;\n        <\/div>\n        <div class=\"ml-3\" align=\"right\">\n            <a class='wpdm-download-link download-on-click btn btn-primary btn-sm'  rel='nofollow' href='#' data-downloadurl=\"https:\/\/www.uartes.edu.ec\/sitio\/fr\/download\/ua-ocs-rse-2025-038\/?wpdmdl=71753&#038;refresh=69f711edc59ee1777799661\">T\u00e9l\u00e9charger<\/a>\n        <\/div>\n    <\/div>\n\n<\/div>\n<style>\n    .well.c2a3 .btn {\n        padding: 11px 30px;\n        font-size: 11pt;\n    }\n\n    .well.c2a3 .media-body {\n        font-size: 11pt;\n    }\n\n    .well.c2a3 .wpdm_icon {\n        height: 42px;\n        width: auto;\n    }<\/style>\n<\/div><\/section>\n\n<section class='__wpdm_gb_section __wpdm_gb_package'><div class='w3eden wpdm_package_shortcode'><!-- WPDM Link Template: Call to Action 3 -->\n\n<div class=\"well c2a3\">\n    <div class=\"media\">\n        <div class=\"mr-3\" align=\"left\">\n            <img decoding=\"async\" class=\"wpdm_icon\" alt=\"Ic\u00f4ne\" src=\"https:\/\/www.uartes.edu.ec\/sitio\/wp-content\/plugins\/download-manager\/assets\/file-type-icons\/pdf.svg\" \/>\n        <\/div>\n        <div class=\"media-body\">\n            <h3 class=\"media-heading\" style=\"padding-top: 0px;border:0px;margin: 0 0 5px 0;font-size:12pt;\">\n                <a style=\"font-weight: 700\" href=\"https:\/\/www.uartes.edu.ec\/sitio\/fr\/download\/informacion-del-uso-y-tratamiento-de-los-datos-personales\/\">Informaci\u00f3n del uso y tratamiento de los datos personales<\/a>\n                <span style=\"font-size:8pt;font-weight:300\" class=\"text-muted ml-4\">\n                    <i class=\"fas fa-hdd mr-1\"><\/i> 202.62 KB\n                    <i class=\"ml-3 far fa-arrow-alt-circle-down mr-1\"><\/i> 130 t\u00e9l\u00e9chargements\n                <\/span>\n            <\/h3>\n            &#8230;\n        <\/div>\n        <div class=\"ml-3\" align=\"right\">\n            <a class='wpdm-download-link download-on-click btn btn-primary btn-sm'  rel='nofollow' href='#' data-downloadurl=\"https:\/\/www.uartes.edu.ec\/sitio\/fr\/download\/informacion-del-uso-y-tratamiento-de-los-datos-personales\/?wpdmdl=82827&#038;refresh=69f711ef538f71777799663\">T\u00e9l\u00e9charger<\/a>\n        <\/div>\n    <\/div>\n\n<\/div>\n<style>\n    .well.c2a3 .btn {\n        padding: 11px 30px;\n        font-size: 11pt;\n    }\n\n    .well.c2a3 .media-body {\n        font-size: 11pt;\n    }\n\n    .well.c2a3 .wpdm_icon {\n        height: 42px;\n        width: auto;\n    }<\/style>\n<\/div><\/section>\n\n<section class='__wpdm_gb_section __wpdm_gb_package'><div class='w3eden wpdm_package_shortcode'><!-- WPDM Link Template: Call to Action 3 -->\n\n<div class=\"well c2a3\">\n    <div class=\"media\">\n        <div class=\"mr-3\" align=\"left\">\n            <img decoding=\"async\" class=\"wpdm_icon\" alt=\"Ic\u00f4ne\" src=\"https:\/\/www.uartes.edu.ec\/sitio\/wp-content\/plugins\/download-manager\/assets\/file-type-icons\/docx.svg\" \/>\n        <\/div>\n        <div class=\"media-body\">\n            <h3 class=\"media-heading\" style=\"padding-top: 0px;border:0px;margin: 0 0 5px 0;font-size:12pt;\">\n                <a style=\"font-weight: 700\" href=\"https:\/\/www.uartes.edu.ec\/sitio\/fr\/download\/modelo-de-acuerdo-de-confidencialidad-y-no-divulgacion-de-informacion\/\">Modelo de Acuerdo de confidencialidad y no divulgaci\u00f3n de informaci\u00f3n<\/a>\n                <span style=\"font-size:8pt;font-weight:300\" class=\"text-muted ml-4\">\n                    <i class=\"fas fa-hdd mr-1\"><\/i> 132.15 KB\n                    <i class=\"ml-3 far fa-arrow-alt-circle-down mr-1\"><\/i> 747 t\u00e9l\u00e9chargements\n                <\/span>\n            <\/h3>\n            &#8230;\n        <\/div>\n        <div class=\"ml-3\" align=\"right\">\n            <a class='wpdm-download-link download-on-click btn btn-primary btn-sm'  rel='nofollow' href='#' data-downloadurl=\"https:\/\/www.uartes.edu.ec\/sitio\/fr\/download\/modelo-de-acuerdo-de-confidencialidad-y-no-divulgacion-de-informacion\/?wpdmdl=82829&#038;refresh=69f711f0c2f7f1777799664\">T\u00e9l\u00e9charger<\/a>\n        <\/div>\n    <\/div>\n\n<\/div>\n<style>\n    .well.c2a3 .btn {\n        padding: 11px 30px;\n        font-size: 11pt;\n    }\n\n    .well.c2a3 .media-body {\n        font-size: 11pt;\n    }\n\n    .well.c2a3 .wpdm_icon {\n        height: 42px;\n        width: auto;\n    }<\/style>\n<\/div><\/section>\n\n<section class='__wpdm_gb_section __wpdm_gb_package'><div class='w3eden wpdm_package_shortcode'><!-- WPDM Link Template: Call to Action 3 -->\n\n<div class=\"well c2a3\">\n    <div class=\"media\">\n        <div class=\"mr-3\" align=\"left\">\n            <img decoding=\"async\" class=\"wpdm_icon\" alt=\"Ic\u00f4ne\" src=\"https:\/\/www.uartes.edu.ec\/sitio\/wp-content\/plugins\/download-manager\/assets\/file-type-icons\/docx.svg\" \/>\n        <\/div>\n        <div class=\"media-body\">\n            <h3 class=\"media-heading\" style=\"padding-top: 0px;border:0px;margin: 0 0 5px 0;font-size:12pt;\">\n                <a style=\"font-weight: 700\" href=\"https:\/\/www.uartes.edu.ec\/sitio\/fr\/download\/modelo-de-autorizacion-tratamiento-salud-ocupacional\/\">Modelo de Autorizaci\u00f3n tratamiento salud ocupacional<\/a>\n                <span style=\"font-size:8pt;font-weight:300\" class=\"text-muted ml-4\">\n                    <i class=\"fas fa-hdd mr-1\"><\/i> 90.11 KB\n                    <i class=\"ml-3 far fa-arrow-alt-circle-down mr-1\"><\/i> 71 t\u00e9l\u00e9chargements\n                <\/span>\n            <\/h3>\n            &#8230;\n        <\/div>\n        <div class=\"ml-3\" align=\"right\">\n            <a class='wpdm-download-link download-on-click btn btn-primary btn-sm'  rel='nofollow' href='#' data-downloadurl=\"https:\/\/www.uartes.edu.ec\/sitio\/fr\/download\/modelo-de-autorizacion-tratamiento-salud-ocupacional\/?wpdmdl=84089&#038;refresh=69f711f24406b1777799666\">T\u00e9l\u00e9charger<\/a>\n        <\/div>\n    <\/div>\n\n<\/div>\n<style>\n    .well.c2a3 .btn {\n        padding: 11px 30px;\n        font-size: 11pt;\n    }\n\n    .well.c2a3 .media-body {\n        font-size: 11pt;\n    }\n\n    .well.c2a3 .wpdm_icon {\n        height: 42px;\n        width: auto;\n    }<\/style>\n<\/div><\/section>\n\n<section class='__wpdm_gb_section __wpdm_gb_package'><div class='w3eden wpdm_package_shortcode'><!-- WPDM Link Template: Call to Action 3 -->\n\n<div class=\"well c2a3\">\n    <div class=\"media\">\n        <div class=\"mr-3\" align=\"left\">\n            <img decoding=\"async\" class=\"wpdm_icon\" alt=\"Ic\u00f4ne\" src=\"https:\/\/www.uartes.edu.ec\/sitio\/wp-content\/plugins\/download-manager\/assets\/file-type-icons\/pdf.svg\" \/>\n        <\/div>\n        <div class=\"media-body\">\n            <h3 class=\"media-heading\" style=\"padding-top: 0px;border:0px;margin: 0 0 5px 0;font-size:12pt;\">\n                <a style=\"font-weight: 700\" href=\"https:\/\/www.uartes.edu.ec\/sitio\/fr\/download\/consentimiento-informado-para-eventos-de-la-universidad-de-las-artes\/\">Consentimiento informado para eventos de la Universidad de las Artes<\/a>\n                <span style=\"font-size:8pt;font-weight:300\" class=\"text-muted ml-4\">\n                    <i class=\"fas fa-hdd mr-1\"><\/i> 172.34 KB\n                    <i class=\"ml-3 far fa-arrow-alt-circle-down mr-1\"><\/i> 759 t\u00e9l\u00e9chargements\n                <\/span>\n            <\/h3>\n            &#8230;\n        <\/div>\n        <div class=\"ml-3\" align=\"right\">\n            <a class='wpdm-download-link download-on-click btn btn-primary btn-sm'  rel='nofollow' href='#' data-downloadurl=\"https:\/\/www.uartes.edu.ec\/sitio\/fr\/download\/consentimiento-informado-para-eventos-de-la-universidad-de-las-artes\/?wpdmdl=87995&#038;refresh=69f711f3bc9491777799667\">T\u00e9l\u00e9charger<\/a>\n        <\/div>\n    <\/div>\n\n<\/div>\n<style>\n    .well.c2a3 .btn {\n        padding: 11px 30px;\n        font-size: 11pt;\n    }\n\n    .well.c2a3 .media-body {\n        font-size: 11pt;\n    }\n\n    .well.c2a3 .wpdm_icon {\n        height: 42px;\n        width: auto;\n    }<\/style>\n<\/div><\/section>\n\n\n<div style=\"height:40px\" aria-hidden=\"true\" class=\"wp-block-spacer\"><\/div>\n\n\n\n<h3 class=\"wp-block-heading\">Encargado del tratamiento de datos personales<\/h3>\n\n\n\n<p>El encargado del tratamiento de datos personales, act\u00faa solo o conjuntamente con otros, y trata los datos personales a nombre y por cuenta del responsable de tratamiento de datos personales. Los\/as encargados\/as son los titulares, encargados o subrogantes que act\u00faan como Directores\/as, Coordinadores\/as, Secretarios\/as de las unidades acad\u00e9micas y administrativas, as\u00ed como los estudiantes, funcionarios y empleados que por la naturaleza de su cargo o ejercicio de actividades son poseedoras de informaci\u00f3n que contienen datos personales, quienes tienen la obligaci\u00f3n de guardar confidencialidad, no divulgar, custodiar y de cumplir las normas que son pertinentes a su cargo, respecto de las obligaci\u00f3n es establecidas en la Ley Org\u00e1nica de Protecci\u00f3n de Datos Personales.<\/p>\n\n\n\n<p>En caso de requerir el tratamiento de sus datos personales, deber\u00e1 dirigirse a la unidad que custodia sus datos personales, con copia a: <a href=\"mailto:rectorado@uartes.edu.ec\">rectorado@uartes.edu.ec<\/a> y a <a href=\"mailto:delegadoprotecciondatos@uartes.edu.ec\">delegadoprotecciondatos@uartes.edu.ec<\/a> para darle la atenci\u00f3n que solicite. <\/p>\n\n\n\n<h3 class=\"wp-block-heading\">Delegado de protecci\u00f3n de datos personales <\/h3>\n\n\n\n<p>El delegado de protecci\u00f3n de datos personales informa al responsable o al encargado del tratamiento sobre sus obligaciones legales en materia de protecci\u00f3n de datos, as\u00ed como de velar o supervisar el cumplimiento normativo al respecto, y de cooperar con la Autoridad de Protecci\u00f3n de Datos Personales, siempre que se requiera un control permanente y sistematizado por su volumen, naturaleza, alcance o finalidades de esta entidad. Con domicilio en la Universidad de las Artes, se encontrar\u00e1 ubicado en cualquiera de las instalaciones. Su correo electr\u00f3nico es: <a href=\"mailto:delegadoprotecciondatos@uartes.edu.ec\">delegadoprotecciondatos@uartes.edu.ec<\/a><\/p>","protected":false},"excerpt":{"rendered":"<p>El \u00d3rgano Colegiado Superior de la Universidad de las Artes mediante resoluci\u00f3n Nro. UA-OCS-RSE-2025-038, de fecha 14 de mayo de 2025, emite la Pol\u00edtica de Protecci\u00f3n de Datos Personales de la Universidad de las Artes, la cual garantiza la protecci\u00f3n de los datos personales de quienes conforman y mantienen relaciones con la comunidad universitaria en [&hellip;]<\/p>\n","protected":false},"author":1,"featured_media":0,"parent":4149,"menu_order":1,"comment_status":"closed","ping_status":"closed","template":"","meta":{"_acf_changed":false,"_uag_custom_page_level_css":"","_monsterinsights_skip_tracking":false,"_monsterinsights_sitenote_active":false,"_monsterinsights_sitenote_note":"","_monsterinsights_sitenote_category":0,"cybocfi_hide_featured_image":"","footnotes":""},"class_list":["post-73270","page","type-page","status-publish","hentry"],"acf":[],"yoast_head":"<!-- This site is optimized with the Yoast SEO plugin v27.4 - https:\/\/yoast.com\/product\/yoast-seo-wordpress\/ -->\n<title>Universidad de las Artes - Protecci\u00f3n de Datos Personales<\/title>\n<meta name=\"description\" content=\"Universidad de las Artes - Protecci\u00f3n de Datos Personales\" \/>\n<meta name=\"robots\" content=\"index, follow, max-snippet:-1, max-image-preview:large, max-video-preview:-1\" \/>\n<link rel=\"canonical\" href=\"https:\/\/www.uartes.edu.ec\/sitio\/fr\/proteccion-de-datos\/\" \/>\n<meta property=\"og:locale\" content=\"fr_FR\" \/>\n<meta property=\"og:type\" content=\"article\" \/>\n<meta property=\"og:title\" content=\"Universidad de las Artes - Protecci\u00f3n de Datos Personales\" \/>\n<meta property=\"og:description\" content=\"Universidad de las Artes - Protecci\u00f3n de Datos Personales\" \/>\n<meta property=\"og:url\" content=\"https:\/\/www.uartes.edu.ec\/sitio\/fr\/proteccion-de-datos\/\" \/>\n<meta property=\"og:site_name\" content=\"Universidad de las Artes\" \/>\n<meta property=\"article:publisher\" content=\"https:\/\/www.facebook.com\/uartesec\" \/>\n<meta property=\"article:modified_time\" content=\"2026-03-19T20:52:55+00:00\" \/>\n<meta name=\"twitter:card\" content=\"summary_large_image\" \/>\n<meta name=\"twitter:site\" content=\"@uartesec\" \/>\n<meta name=\"twitter:label1\" content=\"Dur\u00e9e de lecture estim\u00e9e\" \/>\n\t<meta name=\"twitter:data1\" content=\"3 minutes\" \/>\n<script type=\"application\/ld+json\" class=\"yoast-schema-graph\">{\"@context\":\"https:\\\/\\\/schema.org\",\"@graph\":[{\"@type\":\"WebPage\",\"@id\":\"https:\\\/\\\/www.uartes.edu.ec\\\/sitio\\\/fr\\\/proteccion-de-datos\\\/\",\"url\":\"https:\\\/\\\/www.uartes.edu.ec\\\/sitio\\\/fr\\\/proteccion-de-datos\\\/\",\"name\":\"Universidad de las Artes - Protecci\u00f3n de Datos Personales\",\"isPartOf\":{\"@id\":\"https:\\\/\\\/www.uartes.edu.ec\\\/sitio\\\/fr\\\/#website\"},\"datePublished\":\"2025-06-09T20:28:29+00:00\",\"dateModified\":\"2026-03-19T20:52:55+00:00\",\"description\":\"Universidad de las Artes - Protecci\u00f3n de Datos Personales\",\"breadcrumb\":{\"@id\":\"https:\\\/\\\/www.uartes.edu.ec\\\/sitio\\\/fr\\\/proteccion-de-datos\\\/#breadcrumb\"},\"inLanguage\":\"fr-FR\",\"potentialAction\":[{\"@type\":\"ReadAction\",\"target\":[\"https:\\\/\\\/www.uartes.edu.ec\\\/sitio\\\/fr\\\/proteccion-de-datos\\\/\"]}]},{\"@type\":\"BreadcrumbList\",\"@id\":\"https:\\\/\\\/www.uartes.edu.ec\\\/sitio\\\/fr\\\/proteccion-de-datos\\\/#breadcrumb\",\"itemListElement\":[{\"@type\":\"ListItem\",\"position\":1,\"name\":\"Inicio\",\"item\":\"https:\\\/\\\/www.uartes.edu.ec\\\/sitio\\\/\"},{\"@type\":\"ListItem\",\"position\":2,\"name\":\"Universidad de las Artes\",\"item\":\"https:\\\/\\\/www.uartes.edu.ec\\\/sitio\\\/\"},{\"@type\":\"ListItem\",\"position\":3,\"name\":\"Institucional\",\"item\":\"https:\\\/\\\/www.uartes.edu.ec\\\/sitio\\\/la-universidad\\\/institucional\\\/\"},{\"@type\":\"ListItem\",\"position\":4,\"name\":\"Protecci\u00f3n de Datos Personales\"}]},{\"@type\":\"WebSite\",\"@id\":\"https:\\\/\\\/www.uartes.edu.ec\\\/sitio\\\/fr\\\/#website\",\"url\":\"https:\\\/\\\/www.uartes.edu.ec\\\/sitio\\\/fr\\\/\",\"name\":\"Universidad de las Artes\",\"description\":\"Sitio oficial de la Universidad Nacional de las Artes del Ecuador\",\"publisher\":{\"@id\":\"https:\\\/\\\/www.uartes.edu.ec\\\/sitio\\\/fr\\\/#organization\"},\"potentialAction\":[{\"@type\":\"SearchAction\",\"target\":{\"@type\":\"EntryPoint\",\"urlTemplate\":\"https:\\\/\\\/www.uartes.edu.ec\\\/sitio\\\/fr\\\/?s={search_term_string}\"},\"query-input\":{\"@type\":\"PropertyValueSpecification\",\"valueRequired\":true,\"valueName\":\"search_term_string\"}}],\"inLanguage\":\"fr-FR\"},{\"@type\":\"Organization\",\"@id\":\"https:\\\/\\\/www.uartes.edu.ec\\\/sitio\\\/fr\\\/#organization\",\"name\":\"Universidad de las Artes\",\"url\":\"https:\\\/\\\/www.uartes.edu.ec\\\/sitio\\\/fr\\\/\",\"logo\":{\"@type\":\"ImageObject\",\"inLanguage\":\"fr-FR\",\"@id\":\"https:\\\/\\\/www.uartes.edu.ec\\\/sitio\\\/fr\\\/#\\\/schema\\\/logo\\\/image\\\/\",\"url\":\"https:\\\/\\\/www.uartes.edu.ec\\\/sitio\\\/wp-content\\\/uploads\\\/2022\\\/07\\\/logo-ua-horizontal.png\",\"contentUrl\":\"https:\\\/\\\/www.uartes.edu.ec\\\/sitio\\\/wp-content\\\/uploads\\\/2022\\\/07\\\/logo-ua-horizontal.png\",\"width\":800,\"height\":276,\"caption\":\"Universidad de las Artes\"},\"image\":{\"@id\":\"https:\\\/\\\/www.uartes.edu.ec\\\/sitio\\\/fr\\\/#\\\/schema\\\/logo\\\/image\\\/\"},\"sameAs\":[\"https:\\\/\\\/www.facebook.com\\\/uartesec\",\"https:\\\/\\\/x.com\\\/uartesec\",\"https:\\\/\\\/www.tiktok.com\\\/@uartesec\"]}]}<\/script>\n<!-- \/ Yoast SEO plugin. -->","yoast_head_json":{"title":"Universidad de las Artes - Protecci\u00f3n de Datos Personales","description":"Universidad de las Artes - Protecci\u00f3n de Datos Personales","robots":{"index":"index","follow":"follow","max-snippet":"max-snippet:-1","max-image-preview":"max-image-preview:large","max-video-preview":"max-video-preview:-1"},"canonical":"https:\/\/www.uartes.edu.ec\/sitio\/fr\/proteccion-de-datos\/","og_locale":"fr_FR","og_type":"article","og_title":"Universidad de las Artes - Protecci\u00f3n de Datos Personales","og_description":"Universidad de las Artes - Protecci\u00f3n de Datos Personales","og_url":"https:\/\/www.uartes.edu.ec\/sitio\/fr\/proteccion-de-datos\/","og_site_name":"Universidad de las Artes","article_publisher":"https:\/\/www.facebook.com\/uartesec","article_modified_time":"2026-03-19T20:52:55+00:00","twitter_card":"summary_large_image","twitter_site":"@uartesec","twitter_misc":{"Dur\u00e9e de lecture estim\u00e9e":"3 minutes"},"schema":{"@context":"https:\/\/schema.org","@graph":[{"@type":"WebPage","@id":"https:\/\/www.uartes.edu.ec\/sitio\/fr\/proteccion-de-datos\/","url":"https:\/\/www.uartes.edu.ec\/sitio\/fr\/proteccion-de-datos\/","name":"Universidad de las Artes - Protecci\u00f3n de Datos Personales","isPartOf":{"@id":"https:\/\/www.uartes.edu.ec\/sitio\/fr\/#website"},"datePublished":"2025-06-09T20:28:29+00:00","dateModified":"2026-03-19T20:52:55+00:00","description":"Universidad de las Artes - Protecci\u00f3n de Datos Personales","breadcrumb":{"@id":"https:\/\/www.uartes.edu.ec\/sitio\/fr\/proteccion-de-datos\/#breadcrumb"},"inLanguage":"fr-FR","potentialAction":[{"@type":"ReadAction","target":["https:\/\/www.uartes.edu.ec\/sitio\/fr\/proteccion-de-datos\/"]}]},{"@type":"BreadcrumbList","@id":"https:\/\/www.uartes.edu.ec\/sitio\/fr\/proteccion-de-datos\/#breadcrumb","itemListElement":[{"@type":"ListItem","position":1,"name":"Inicio","item":"https:\/\/www.uartes.edu.ec\/sitio\/"},{"@type":"ListItem","position":2,"name":"Universidad de las Artes","item":"https:\/\/www.uartes.edu.ec\/sitio\/"},{"@type":"ListItem","position":3,"name":"Institucional","item":"https:\/\/www.uartes.edu.ec\/sitio\/la-universidad\/institucional\/"},{"@type":"ListItem","position":4,"name":"Protecci\u00f3n de Datos Personales"}]},{"@type":"WebSite","@id":"https:\/\/www.uartes.edu.ec\/sitio\/fr\/#website","url":"https:\/\/www.uartes.edu.ec\/sitio\/fr\/","name":"Universidad de las Artes","description":"Sitio oficial de la Universidad Nacional de las Artes del Ecuador","publisher":{"@id":"https:\/\/www.uartes.edu.ec\/sitio\/fr\/#organization"},"potentialAction":[{"@type":"SearchAction","target":{"@type":"EntryPoint","urlTemplate":"https:\/\/www.uartes.edu.ec\/sitio\/fr\/?s={search_term_string}"},"query-input":{"@type":"PropertyValueSpecification","valueRequired":true,"valueName":"search_term_string"}}],"inLanguage":"fr-FR"},{"@type":"Organization","@id":"https:\/\/www.uartes.edu.ec\/sitio\/fr\/#organization","name":"Universidad de las Artes","url":"https:\/\/www.uartes.edu.ec\/sitio\/fr\/","logo":{"@type":"ImageObject","inLanguage":"fr-FR","@id":"https:\/\/www.uartes.edu.ec\/sitio\/fr\/#\/schema\/logo\/image\/","url":"https:\/\/www.uartes.edu.ec\/sitio\/wp-content\/uploads\/2022\/07\/logo-ua-horizontal.png","contentUrl":"https:\/\/www.uartes.edu.ec\/sitio\/wp-content\/uploads\/2022\/07\/logo-ua-horizontal.png","width":800,"height":276,"caption":"Universidad de las Artes"},"image":{"@id":"https:\/\/www.uartes.edu.ec\/sitio\/fr\/#\/schema\/logo\/image\/"},"sameAs":["https:\/\/www.facebook.com\/uartesec","https:\/\/x.com\/uartesec","https:\/\/www.tiktok.com\/@uartesec"]}]}},"uagb_featured_image_src":{"full":false,"thumbnail":false,"medium":false,"medium_large":false,"large":false,"1536x1536":false,"2048x2048":false,"trp-custom-language-flag":false,"htmega_size_585x295":false,"htmega_size_1170x536":false,"htmega_size_396x360":false,"gb-block-post-grid-landscape":false,"gb-block-post-grid-square":false,"university-hub-thumb":false},"uagb_author_info":{"display_name":"Universidad de las Artes","author_link":"https:\/\/www.uartes.edu.ec\/sitio\/fr\/blog\/author\/dircomadm\/"},"uagb_comment_info":0,"uagb_excerpt":"El \u00d3rgano Colegiado Superior de la Universidad de las Artes mediante resoluci\u00f3n Nro. UA-OCS-RSE-2025-038, de fecha 14 de mayo de 2025, emite la Pol\u00edtica de Protecci\u00f3n de Datos Personales de la Universidad de las Artes, la cual garantiza la protecci\u00f3n de los datos personales de quienes conforman y mantienen relaciones con la comunidad universitaria en\u2026","featured_image_src":null,"featured_image_src_square":null,"publishpress_future_action":{"enabled":false,"date":"2026-05-10 04:14:29","action":"change-status","newStatus":"draft","terms":[],"taxonomy":"","extraData":[]},"publishpress_future_workflow_manual_trigger":{"enabledWorkflows":[]},"distributor_meta":false,"distributor_terms":false,"distributor_media":false,"distributor_original_site_name":"Universidad de las Artes","distributor_original_site_url":"https:\/\/www.uartes.edu.ec\/sitio\/fr","push-errors":false,"_links":{"self":[{"href":"https:\/\/www.uartes.edu.ec\/sitio\/fr\/wp-json\/wp\/v2\/pages\/73270","targetHints":{"allow":["GET"]}}],"collection":[{"href":"https:\/\/www.uartes.edu.ec\/sitio\/fr\/wp-json\/wp\/v2\/pages"}],"about":[{"href":"https:\/\/www.uartes.edu.ec\/sitio\/fr\/wp-json\/wp\/v2\/types\/page"}],"author":[{"embeddable":true,"href":"https:\/\/www.uartes.edu.ec\/sitio\/fr\/wp-json\/wp\/v2\/users\/1"}],"replies":[{"embeddable":true,"href":"https:\/\/www.uartes.edu.ec\/sitio\/fr\/wp-json\/wp\/v2\/comments?post=73270"}],"version-history":[{"count":9,"href":"https:\/\/www.uartes.edu.ec\/sitio\/fr\/wp-json\/wp\/v2\/pages\/73270\/revisions"}],"predecessor-version":[{"id":87998,"href":"https:\/\/www.uartes.edu.ec\/sitio\/fr\/wp-json\/wp\/v2\/pages\/73270\/revisions\/87998"}],"up":[{"embeddable":true,"href":"https:\/\/www.uartes.edu.ec\/sitio\/fr\/wp-json\/wp\/v2\/pages\/4149"}],"wp:attachment":[{"href":"https:\/\/www.uartes.edu.ec\/sitio\/fr\/wp-json\/wp\/v2\/media?parent=73270"}],"curies":[{"name":"wp","href":"https:\/\/api.w.org\/{rel}","templated":true}]}}