{"id":84907,"date":"2026-01-23T13:54:44","date_gmt":"2026-01-23T18:54:44","guid":{"rendered":"https:\/\/www.uartes.edu.ec\/sitio\/?page_id=84907"},"modified":"2026-05-29T09:11:22","modified_gmt":"2026-05-29T14:11:22","slug":"elecciones-proceso-2025-maximas-autoridades","status":"publish","type":"page","link":"https:\/\/www.uartes.edu.ec\/sitio\/fr\/la-universidad\/institucional\/elecciones-proceso-2025-maximas-autoridades\/","title":{"rendered":"\u00c9lections \u2013 Processus 2025 \u2013 Plus hautes autorit\u00e9s"},"content":{"rendered":"<div data-elementor-type=\"wp-page\" data-elementor-id=\"84907\" class=\"elementor elementor-84907\" data-elementor-settings=\"{&quot;ha_cmc_init_switcher&quot;:&quot;no&quot;}\" data-elementor-post-type=\"page\">\n\t\t\t\t<div class=\"elementor-element elementor-element-f775b8b e-flex e-con-boxed e-con e-parent\" data-id=\"f775b8b\" data-element_type=\"container\" data-e-type=\"container\" data-settings=\"{&quot;_ha_eqh_enable&quot;:false}\">\n\t\t\t\t\t<div class=\"e-con-inner\">\n\t\t<div class=\"elementor-element elementor-element-a1c7666 e-con-full e-flex e-con e-child\" data-id=\"a1c7666\" data-element_type=\"container\" data-e-type=\"container\" data-settings=\"{&quot;background_background&quot;:&quot;classic&quot;,&quot;_ha_eqh_enable&quot;:false}\">\n\t\t\t\t<div class=\"elementor-element elementor-element-388415d elementor-widget elementor-widget-heading\" data-id=\"388415d\" data-element_type=\"widget\" data-e-type=\"widget\" data-widget_type=\"heading.default\">\n\t\t\t\t<div class=\"elementor-widget-container\">\n\t\t\t\t\t<h3 class=\"elementor-heading-title elementor-size-default\">Convocation<\/h3>\t\t\t\t<\/div>\n\t\t\t\t<\/div>\n\t\t\t\t<div class=\"elementor-element elementor-element-015956a elementor-widget elementor-widget-text-editor\" data-id=\"015956a\" data-element_type=\"widget\" data-e-type=\"widget\" data-widget_type=\"text-editor.default\">\n\t\t\t\t<div class=\"elementor-widget-container\">\n\t\t\t\t\t\t\t\t\t<p>Dans l'exercice de ses fonctions et attributions, le Tribunal \u00e9lectoral de l'Universit\u00e9 des Arts a le plaisir d'annoncer l'ouverture du processus \u00e9lectoral pour les plus hautes autorit\u00e9s de l'institution. Par la R\u00e9solution n\u00b0 UA-OCS-RSO-2025-64, le Conseil sup\u00e9rieur universitaire a approuv\u00e9 la convocation en vue d'\u00e9lire le Recteur ou la Rectrice, le Vice-recteur ou la Vice-rectrice acad\u00e9mique et le Vice-recteur ou la Vice-rectrice de troisi\u00e8me cycle et de la recherche en arts.<\/p><p>Notre mission consiste \u00e0 organiser et \u00e0 superviser le d\u00e9roulement de ce processus \u00e9lectoral, en garantissant la s\u00e9curit\u00e9 juridique, la transparence et l'efficacit\u00e9.<\/p><p>Conform\u00e9ment au calendrier approuv\u00e9, le processus \u00e9lectoral d\u00e9butera avec la convocation aux \u00e9lections le 23 septembre 2025, se poursuivra avec l'inscription des candidatures du 24 septembre au 7 octobre 2025, puis avec la journ\u00e9e de vote qui se tiendra le 2 d\u00e9cembre 2025, avec la possibilit\u00e9 d'un second tour le 8 d\u00e9cembre 2025 si n\u00e9cessaire. Le vote sera pr\u00e9sentiel et obligatoire pour l'ensemble des instances : personnel acad\u00e9mique, \u00e9tudiants, agents et employ\u00e9s.<\/p><p>Nous comptons sur la participation de toute la communaut\u00e9 universitaire pour mener \u00e0 bien un processus d\u00e9mocratique et transparent. En tant que Tribunal \u00e9lectoral, nous veillerons \u00e0 ce que la campagne \u00e9lectorale n'utilise aucune ressource publique et \u00e0 ce que la r\u00e9glementation \u00e9tablie soit respect\u00e9e. La collaboration de tous est essentielle \u00e0 la r\u00e9ussite de cette \u00e9lection.<\/p><p><a href=\"https:\/\/www.uartes.edu.ec\/sitio\/?wpdmdl=83300\"><strong>R\u00c9SOLUTION n\u00b0 UA-TRIBUNAL_ELECTORAL-2025-024-RES \u2013 D\u00e9claration des r\u00e9sultats<\/strong><\/a><\/p>\t\t\t\t\t\t\t\t<\/div>\n\t\t\t\t<\/div>\n\t\t\t\t<div class=\"elementor-element elementor-element-68a9277 elementor-skin-carousel elementor-pagination-type-bullets elementor-pagination-position-outside elementor-widget elementor-widget-media-carousel\" data-id=\"68a9277\" data-element_type=\"widget\" data-e-type=\"widget\" data-settings=\"{&quot;slides_per_view&quot;:&quot;2&quot;,&quot;slides_to_scroll&quot;:&quot;2&quot;,&quot;skin&quot;:&quot;carousel&quot;,&quot;effect&quot;:&quot;slide&quot;,&quot;pagination&quot;:&quot;bullets&quot;,&quot;speed&quot;:500,&quot;autoplay&quot;:&quot;yes&quot;,&quot;autoplay_speed&quot;:5000,&quot;loop&quot;:&quot;yes&quot;,&quot;pause_on_hover&quot;:&quot;yes&quot;,&quot;pause_on_interaction&quot;:&quot;yes&quot;,&quot;space_between&quot;:{&quot;unit&quot;:&quot;px&quot;,&quot;size&quot;:10,&quot;sizes&quot;:[]},&quot;space_between_tablet&quot;:{&quot;unit&quot;:&quot;px&quot;,&quot;size&quot;:10,&quot;sizes&quot;:[]},&quot;space_between_mobile&quot;:{&quot;unit&quot;:&quot;px&quot;,&quot;size&quot;:10,&quot;sizes&quot;:[]}}\" data-widget_type=\"media-carousel.default\">\n\t\t\t\t<div class=\"elementor-widget-container\">\n\t\t\t\t\t\t\t\t\t<div class=\"elementor-swiper\">\n\t\t\t\t\t<div class=\"elementor-main-swiper swiper\" role=\"region\" aria-roledescription=\"carousel\" aria-label=\"Diapositivas\">\n\t\t\t\t<div class=\"swiper-wrapper\">\n\t\t\t\t\t\t\t\t\t\t\t<div class=\"swiper-slide\" role=\"group\" aria-roledescription=\"slide\">\n\t\t\t\t\t\t\t<a href=\"https:\/\/www.uartes.edu.ec\/sitio\/wp-content\/uploads\/2025\/10\/decide.jpeg\" data-elementor-open-lightbox=\"yes\" data-elementor-lightbox-slideshow=\"68a9277\" data-e-action-hash=\"#elementor-action%3Aaction%3Dlightbox%26settings%3DeyJpZCI6ODA1OTMsInVybCI6Imh0dHBzOlwvXC93d3cudWFydGVzLmVkdS5lY1wvc2l0aW9cL3dwLWNvbnRlbnRcL3VwbG9hZHNcLzIwMjVcLzEwXC9kZWNpZGUuanBlZyIsInNsaWRlc2hvdyI6IjY4YTkyNzcifQ%3D%3D\" data-elementor-lightbox-video=\"https:\/\/www.youtube.com\/embed\/iNBgjt0wxOI?feature=oembed&amp;autoplay=1&amp;rel=0&amp;controls=0\">\t\t<div class=\"elementor-carousel-image\" role=\"img\" aria-label=\"decide\" style=\"background-image: url(&#039;https:\/\/www.uartes.edu.ec\/sitio\/wp-content\/uploads\/2025\/10\/decide.jpeg&#039;)\">\n\n\t\t\t\n\t\t\t\t\t\t\t<div class=\"elementor-custom-embed-play\">\n\t\t\t\t\t<svg aria-hidden=\"true\" class=\"e-font-icon-svg e-eicon-play\" viewbox=\"0 0 1000 1000\" xmlns=\"http:\/\/www.w3.org\/2000\/svg\"><path d=\"M838 162C746 71 633 25 500 25 371 25 258 71 163 162 71 254 25 367 25 500 25 633 71 746 163 837 254 929 367 979 500 979 633 979 746 933 838 837 929 746 975 633 975 500 975 367 929 254 838 162M808 192C892 279 933 379 933 500 933 621 892 725 808 808 725 892 621 938 500 938 379 938 279 896 196 808 113 725 67 621 67 500 67 379 108 279 196 192 279 108 383 62 500 62 621 62 721 108 808 192M438 392V642L642 517 438 392Z\"><\/path><\/svg>\t\t\t\t\t<span class=\"elementor-screen-only\">Reproducir<\/span>\n\t\t\t\t<\/div>\n\t\t\t\t\t<\/div>\n\t\t<\/a>\t\t\t\t\t\t<\/div>\n\t\t\t\t\t\t\t\t\t\t\t<div class=\"swiper-slide\" role=\"group\" aria-roledescription=\"slide\">\n\t\t\t\t\t\t\t<a href=\"https:\/\/www.uartes.edu.ec\/sitio\/wp-content\/uploads\/2025\/10\/mell-hungria.jpeg\" data-elementor-open-lightbox=\"yes\" data-elementor-lightbox-slideshow=\"68a9277\" data-e-action-hash=\"#elementor-action%3Aaction%3Dlightbox%26settings%3DeyJpZCI6ODA1OTEsInVybCI6Imh0dHBzOlwvXC93d3cudWFydGVzLmVkdS5lY1wvc2l0aW9cL3dwLWNvbnRlbnRcL3VwbG9hZHNcLzIwMjVcLzEwXC9tZWxsLWh1bmdyaWEuanBlZyIsInNsaWRlc2hvdyI6IjY4YTkyNzcifQ%3D%3D\" data-elementor-lightbox-video=\"https:\/\/www.youtube.com\/embed\/WBr-m1RHUeI?feature=oembed&amp;autoplay=1&amp;rel=0&amp;controls=0\">\t\t<div class=\"elementor-carousel-image\" role=\"img\" aria-label=\"mell hungria\" style=\"background-image: url(&#039;https:\/\/www.uartes.edu.ec\/sitio\/wp-content\/uploads\/2025\/10\/mell-hungria.jpeg&#039;)\">\n\n\t\t\t\n\t\t\t\t\t\t\t<div class=\"elementor-custom-embed-play\">\n\t\t\t\t\t<svg aria-hidden=\"true\" class=\"e-font-icon-svg e-eicon-play\" viewbox=\"0 0 1000 1000\" xmlns=\"http:\/\/www.w3.org\/2000\/svg\"><path d=\"M838 162C746 71 633 25 500 25 371 25 258 71 163 162 71 254 25 367 25 500 25 633 71 746 163 837 254 929 367 979 500 979 633 979 746 933 838 837 929 746 975 633 975 500 975 367 929 254 838 162M808 192C892 279 933 379 933 500 933 621 892 725 808 808 725 892 621 938 500 938 379 938 279 896 196 808 113 725 67 621 67 500 67 379 108 279 196 192 279 108 383 62 500 62 621 62 721 108 808 192M438 392V642L642 517 438 392Z\"><\/path><\/svg>\t\t\t\t\t<span class=\"elementor-screen-only\">Reproducir<\/span>\n\t\t\t\t<\/div>\n\t\t\t\t\t<\/div>\n\t\t<\/a>\t\t\t\t\t\t<\/div>\n\t\t\t\t\t\t\t\t\t\t\t<div class=\"swiper-slide\" role=\"group\" aria-roledescription=\"slide\">\n\t\t\t\t\t\t\t<a href=\"https:\/\/www.uartes.edu.ec\/sitio\/wp-content\/uploads\/2025\/10\/siomara-espana-1.jpeg\" data-elementor-open-lightbox=\"yes\" data-elementor-lightbox-slideshow=\"68a9277\" data-e-action-hash=\"#elementor-action%3Aaction%3Dlightbox%26settings%3DeyJpZCI6ODA1OTIsInVybCI6Imh0dHBzOlwvXC93d3cudWFydGVzLmVkdS5lY1wvc2l0aW9cL3dwLWNvbnRlbnRcL3VwbG9hZHNcLzIwMjVcLzEwXC9zaW9tYXJhLWVzcGFuYS0xLmpwZWciLCJzbGlkZXNob3ciOiI2OGE5Mjc3In0%3D\" data-elementor-lightbox-video=\"https:\/\/www.youtube.com\/embed\/59lPOMjerZE?feature=oembed&amp;autoplay=1&amp;rel=0&amp;controls=0\">\t\t<div class=\"elementor-carousel-image\" role=\"img\" aria-label=\"siomara espana\" style=\"background-image: url(&#039;https:\/\/www.uartes.edu.ec\/sitio\/wp-content\/uploads\/2025\/10\/siomara-espana-1.jpeg&#039;)\">\n\n\t\t\t\n\t\t\t\t\t\t\t<div class=\"elementor-custom-embed-play\">\n\t\t\t\t\t<svg aria-hidden=\"true\" class=\"e-font-icon-svg e-eicon-play\" viewbox=\"0 0 1000 1000\" xmlns=\"http:\/\/www.w3.org\/2000\/svg\"><path d=\"M838 162C746 71 633 25 500 25 371 25 258 71 163 162 71 254 25 367 25 500 25 633 71 746 163 837 254 929 367 979 500 979 633 979 746 933 838 837 929 746 975 633 975 500 975 367 929 254 838 162M808 192C892 279 933 379 933 500 933 621 892 725 808 808 725 892 621 938 500 938 379 938 279 896 196 808 113 725 67 621 67 500 67 379 108 279 196 192 279 108 383 62 500 62 621 62 721 108 808 192M438 392V642L642 517 438 392Z\"><\/path><\/svg>\t\t\t\t\t<span class=\"elementor-screen-only\">Reproducir<\/span>\n\t\t\t\t<\/div>\n\t\t\t\t\t<\/div>\n\t\t<\/a>\t\t\t\t\t\t<\/div>\n\t\t\t\t\t\t\t\t\t<\/div>\n\t\t\t\t\t\t\t\t\t\t\t\t\t\t\t\t\t\t\t\t<div class=\"swiper-pagination\"><\/div>\n\t\t\t\t\t\t\t\t\t\t\t\t<\/div>\n\t\t\t\t<\/div>\n\t\t\t\t\t\t\t\t<\/div>\n\t\t\t\t<\/div>\n\t\t\t\t<\/div>\n\t\t\t\t\t<\/div>\n\t\t\t\t<\/div>\n\t\t<div class=\"elementor-element elementor-element-7033baf e-flex e-con-boxed e-con e-parent\" data-id=\"7033baf\" data-element_type=\"container\" data-e-type=\"container\" data-settings=\"{&quot;_ha_eqh_enable&quot;:false}\">\n\t\t\t\t\t<div class=\"e-con-inner\">\n\t\t<div class=\"elementor-element elementor-element-df5db57 e-con-full e-flex e-con e-child\" data-id=\"df5db57\" data-element_type=\"container\" data-e-type=\"container\" data-settings=\"{&quot;_ha_eqh_enable&quot;:false}\">\n\t\t\t\t<div class=\"elementor-element elementor-element-3170cb7 elementor-widget elementor-widget-heading\" data-id=\"3170cb7\" data-element_type=\"widget\" data-e-type=\"widget\" data-widget_type=\"heading.default\">\n\t\t\t\t<div class=\"elementor-widget-container\">\n\t\t\t\t\t<h2 class=\"elementor-heading-title elementor-size-default\">Listes \u00e9lectorales d\u00e9finitives<\/h2>\t\t\t\t<\/div>\n\t\t\t\t<\/div>\n\t\t\t\t<div class=\"elementor-element elementor-element-651486d elementor-widget elementor-widget-text-editor\" data-id=\"651486d\" data-element_type=\"widget\" data-e-type=\"widget\" data-widget_type=\"text-editor.default\">\n\t\t\t\t<div class=\"elementor-widget-container\">\n\t\t\t\t\t\t\t\t\t<p><a href=\"https:\/\/www.uartes.edu.ec\/sitio\/?wpdmdl=80842\">Liste \u00e9lectorale d\u00e9finitive du personnel acad\u00e9mique<\/a><\/p><p><a href=\"https:\/\/www.uartes.edu.ec\/sitio\/?wpdmdl=80846\">Liste \u00e9lectorale d\u00e9finitive des \u00e9tudiants<\/a><\/p><p><a href=\"https:\/\/www.uartes.edu.ec\/sitio\/?wpdmdl=80844\">Liste \u00e9lectorale d\u00e9finitive des agents et employ\u00e9s<\/a><\/p>\t\t\t\t\t\t\t\t<\/div>\n\t\t\t\t<\/div>\n\t\t\t\t<\/div>\n\t\t<div class=\"elementor-element elementor-element-a484532 e-con-full e-flex e-con e-child\" data-id=\"a484532\" data-element_type=\"container\" data-e-type=\"container\" data-settings=\"{&quot;_ha_eqh_enable&quot;:false}\">\n\t\t\t\t<div class=\"elementor-element elementor-element-0f1f6d5 elementor-widget elementor-widget-heading\" data-id=\"0f1f6d5\" data-element_type=\"widget\" data-e-type=\"widget\" data-widget_type=\"heading.default\">\n\t\t\t\t<div class=\"elementor-widget-container\">\n\t\t\t\t\t<h2 class=\"elementor-heading-title elementor-size-default\">Candidatures et programmes de travail<\/h2>\t\t\t\t<\/div>\n\t\t\t\t<\/div>\n\t\t\t\t<div class=\"elementor-element elementor-element-5458641 elementor-widget elementor-widget-text-editor\" data-id=\"5458641\" data-element_type=\"widget\" data-e-type=\"widget\" data-widget_type=\"text-editor.default\">\n\t\t\t\t<div class=\"elementor-widget-container\">\n\t\t\t\t\t\t\t\t\t<p><a href=\"https:\/\/www.uartes.edu.ec\/sitio\/?wpdmdl=79883\">Candidates et candidats<\/a><\/p><p><a href=\"https:\/\/www.uartes.edu.ec\/sitio\/?wpdmdl=79895\">Programme de travail FARO<\/a><\/p><p><a href=\"https:\/\/www.uartes.edu.ec\/sitio\/?wpdmdl=79897\">Programme de travail En Com\u00fan<\/a><\/p>\t\t\t\t\t\t\t\t<\/div>\n\t\t\t\t<\/div>\n\t\t\t\t<\/div>\n\t\t\t\t\t<\/div>\n\t\t\t\t<\/div>\n\t\t<div class=\"elementor-element elementor-element-66509e9 e-flex e-con-boxed e-con e-parent\" data-id=\"66509e9\" data-element_type=\"container\" data-e-type=\"container\" data-settings=\"{&quot;_ha_eqh_enable&quot;:false}\">\n\t\t\t\t\t<div class=\"e-con-inner\">\n\t\t\t\t<div class=\"elementor-element elementor-element-f07cb8b elementor-widget elementor-widget-heading\" data-id=\"f07cb8b\" data-element_type=\"widget\" data-e-type=\"widget\" data-widget_type=\"heading.default\">\n\t\t\t\t<div class=\"elementor-widget-container\">\n\t\t\t\t\t<h2 class=\"elementor-heading-title elementor-size-default\">R\u00e9solutions et proc\u00e8s-verbaux\n<\/h2>\t\t\t\t<\/div>\n\t\t\t\t<\/div>\n\t\t\t\t<div class=\"elementor-element elementor-element-0479c5c elementor-widget elementor-widget-text-editor\" data-id=\"0479c5c\" data-element_type=\"widget\" data-e-type=\"widget\" data-widget_type=\"text-editor.default\">\n\t\t\t\t<div class=\"elementor-widget-container\">\n\t\t\t\t\t\t\t\t\t<p><a href=\"https:\/\/www.uartes.edu.ec\/sitio\/?wpdmdl=83305\">UA-TRIBUNAL_ELECTORAL-2025-024-AC \u2013 Proc\u00e8s-verbal final des r\u00e9sultats<\/a><\/p><p><a href=\"https:\/\/www.uartes.edu.ec\/sitio\/?wpdmdl=83300\">R\u00c9SOLUTION n\u00b0 UA-TRIBUNAL_ELECTORAL-2025-024-RES \u2013 D\u00e9claration des r\u00e9sultats<\/a><\/p><p><a href=\"https:\/\/www.uartes.edu.ec\/sitio\/?wpdmdl=82833\">UA-TRIBUNAL_ELECTORAL-2025-023-AC \u2013 Proc\u00e8s-verbal provisoire des r\u00e9sultats<\/a><\/p><p><a href=\"https:\/\/www.uartes.edu.ec\/sitio\/?wpdmdl=81553\">R\u00c9SOLUTION n\u00b0 UA-TRIBUNAL_ELECTORAL-2025-019-RES<\/a><\/p><p><a href=\"https:\/\/www.uartes.edu.ec\/sitio\/?wpdmdl=81534\">R\u00c9SOLUTION n\u00b0 UA-TRIBUNAL_ELECTORAL-2025-018-RES<\/a><\/p><p><a href=\"https:\/\/www.uartes.edu.ec\/sitio\/?wpdmdl=81391\">PROC\u00c8S-VERBAL n\u00b0 UA-TRIBUNAL_ELECTORAL-2025-019-AC<\/a><\/p><p><a href=\"https:\/\/www.uartes.edu.ec\/sitio\/?wpdmdl=81392\">PROC\u00c8S-VERBAL n\u00b0 UA-TRIBUNAL_ELECTORAL-2025-020-AC<\/a><\/p><p><a href=\"https:\/\/www.uartes.edu.ec\/sitio\/?wpdmdl=81394\">GRILLE D'\u00c9VALUATION POUR L'\u00c9LECTION DES PLUS HAUTES AUTORIT\u00c9S \u2013 Alejandra Zambrano<\/a><\/p><p><a href=\"https:\/\/www.uartes.edu.ec\/sitio\/?wpdmdl=81393\">GRILLE D'\u00c9VALUATION POUR L'\u00c9LECTION DES PLUS HAUTES AUTORIT\u00c9S \u2013 Rub\u00e9n Riera<\/a><\/p><p><a href=\"https:\/\/www.uartes.edu.ec\/sitio\/?wpdmdl=81395\">GRILLE D'\u00c9VALUATION POUR L'\u00c9LECTION DES PLUS HAUTES AUTORIT\u00c9S \u2013 Ana Carrillo<\/a><\/p><p><a href=\"https:\/\/www.uartes.edu.ec\/sitio\/?wpdmdl=81396\">R\u00c9SOLUTION n\u00b0 UA-TRIBUNAL_ELECTORAL-2025-0017-RES<\/a><\/p><p><a href=\"https:\/\/www.uartes.edu.ec\/sitio\/?wpdmdl=81385\">PROC\u00c8S-VERBAL n\u00b0 UA-TRIBUNAL_ELECTORAL-2025-018-AC<\/a><\/p><p><a href=\"https:\/\/www.uartes.edu.ec\/sitio\/?wpdmdl=81377\">PROC\u00c8S-VERBAL n\u00b0 UA-TRIBUNAL_ELECTORAL-2025-017-AC<\/a><\/p><p><a href=\"https:\/\/www.uartes.edu.ec\/sitio\/?wpdmdl=81379\">GRILLE D'\u00c9VALUATION POUR L'\u00c9LECTION DES PLUS HAUTES AUTORIT\u00c9S \u2013 Yulianela P\u00e9rez<\/a><\/p><p><a href=\"https:\/\/www.uartes.edu.ec\/sitio\/?wpdmdl=81378\">GRILLE D'\u00c9VALUATION POUR L'\u00c9LECTION DES PLUS HAUTES AUTORIT\u00c9S \u2013 Saidel Brito<\/a><\/p><p><a href=\"https:\/\/www.uartes.edu.ec\/sitio\/?wpdmdl=81380\">GRILLE D'\u00c9VALUATION POUR L'\u00c9LECTION DES PLUS HAUTES AUTORIT\u00c9S \u2013 Andrey Astaiza<\/a><\/p><p><a href=\"https:\/\/www.uartes.edu.ec\/sitio\/?wpdmdl=79475\">R\u00e9solution n\u00b0 UA-TRIBUNAL_ELECTORAL-2025-014A-RES<\/a><\/p><p><a href=\"https:\/\/www.uartes.edu.ec\/sitio\/?wpdmdl=79219\">R\u00e9solution n\u00b0 UA-TRIBUNAL_ELECTORAL-2025-011A-RES<\/a><\/p><p><a href=\"https:\/\/www.uartes.edu.ec\/sitio\/?wpdmdl=79472\">R\u00e9solution n\u00b0 UA-TRIBUNAL_ELECTORAL-2025-014-RES<\/a><\/p>\t\t\t\t\t\t\t\t<\/div>\n\t\t\t\t<\/div>\n\t\t\t\t<div class=\"elementor-element elementor-element-0474ee2 elementor-widget elementor-widget-heading\" data-id=\"0474ee2\" data-element_type=\"widget\" data-e-type=\"widget\" data-widget_type=\"heading.default\">\n\t\t\t\t<div class=\"elementor-widget-container\">\n\t\t\t\t\t<h2 class=\"elementor-heading-title elementor-size-default\">Consultations aupr\u00e8s du Conseil de l'enseignement sup\u00e9rieur<\/h2>\t\t\t\t<\/div>\n\t\t\t\t<\/div>\n\t\t\t\t<div class=\"elementor-element elementor-element-5e407aa elementor-widget elementor-widget-text-editor\" data-id=\"5e407aa\" data-element_type=\"widget\" data-e-type=\"widget\" data-widget_type=\"text-editor.default\">\n\t\t\t\t<div class=\"elementor-widget-container\">\n\t\t\t\t\t\t\t\t\t<p><a href=\"https:\/\/www.uartes.edu.ec\/sitio\/?wpdmdl=81406\">CES-CES-2025-0830-CO<\/a><\/p>\n<p><a href=\"https:\/\/www.uartes.edu.ec\/sitio\/?wpdmdl=81407\">CES-CES-2025-0758-CO<\/a><\/p>\n<p><a href=\"https:\/\/www.uartes.edu.ec\/sitio\/?wpdmdl=81408\">CES-CES-2025-0583-CO<\/a><\/p>\n<p><a href=\"https:\/\/www.uartes.edu.ec\/sitio\/?wpdmdl=81409\">CES-CES-2025-0163-CO<\/a><\/p>\n<p><a href=\"https:\/\/www.uartes.edu.ec\/sitio\/?wpdmdl=81410\">CES-CES-2024-0817-CO<\/a><\/p>\n\t\t\t\t\t\t\t\t<\/div>\n\t\t\t\t<\/div>\n\t\t\t\t<div class=\"elementor-element elementor-element-ffabfff elementor-widget elementor-widget-heading\" data-id=\"ffabfff\" data-element_type=\"widget\" data-e-type=\"widget\" data-widget_type=\"heading.default\">\n\t\t\t\t<div class=\"elementor-widget-container\">\n\t\t\t\t\t<h2 class=\"elementor-heading-title elementor-size-default\">Documents requis pour les candidatures<\/h2>\t\t\t\t<\/div>\n\t\t\t\t<\/div>\n\t\t\t\t<div class=\"elementor-element elementor-element-c78cb9e elementor-widget elementor-widget-text-editor\" data-id=\"c78cb9e\" data-element_type=\"widget\" data-e-type=\"widget\" data-widget_type=\"text-editor.default\">\n\t\t\t\t<div class=\"elementor-widget-container\">\n\t\t\t\t\t\t\t\t\t<p><a href=\"https:\/\/www.uartes.edu.ec\/sitio\/?wpdmdl=79755\">Formulaire de demande de recours<\/a><\/p><p><a href=\"https:\/\/www.uartes.edu.ec\/sitio\/?wpdmdl=79212\">Grille d'\u00e9valuation pour l'\u00e9lection des plus hautes autorit\u00e9s<\/a><\/p><p><a href=\"https:\/\/www.uartes.edu.ec\/sitio\/?wpdmdl=79217\">Consentement \u00e9clair\u00e9 pour participer au processus \u00e9lectoral des plus hautes autorit\u00e9s<\/a><\/p><p><a href=\"https:\/\/www.uartes.edu.ec\/sitio\/?wpdmdl=79210\">Formulaire d\u2019inscription des candidatures<\/a><\/p>\t\t\t\t\t\t\t\t<\/div>\n\t\t\t\t<\/div>\n\t\t\t\t<div class=\"elementor-element elementor-element-86a7ee7 elementor-widget elementor-widget-heading\" data-id=\"86a7ee7\" data-element_type=\"widget\" data-e-type=\"widget\" data-widget_type=\"heading.default\">\n\t\t\t\t<div class=\"elementor-widget-container\">\n\t\t\t\t\t<h2 class=\"elementor-heading-title elementor-size-default\">R\u00e9glementation du processus<\/h2>\t\t\t\t<\/div>\n\t\t\t\t<\/div>\n\t\t\t\t<div class=\"elementor-element elementor-element-85bfbff elementor-widget elementor-widget-text-editor\" data-id=\"85bfbff\" data-element_type=\"widget\" data-e-type=\"widget\" data-widget_type=\"text-editor.default\">\n\t\t\t\t<div class=\"elementor-widget-container\">\n\t\t\t\t\t\t\t\t\t<p><a href=\"https:\/\/www.uartes.edu.ec\/sitio\/?wpdmdl=78163\">R\u00e8glement des \u00e9lections<\/a><\/p><p><a href=\"https:\/\/www.uartes.edu.ec\/sitio\/?wpdmdl=81637\">UA-OCS-RSE-2025-87 \u2013 Rejet de la demande d'appel pr\u00e9sent\u00e9e par Rub\u00e9n Riera<\/a><\/p><p><a href=\"https:\/\/www.uartes.edu.ec\/sitio\/?wpdmdl=81540\">UA-OCS-RSO-2025-86 \u2013 Modification du calendrier pour le d\u00e9roulement des \u00e9lections des plus hautes autorit\u00e9s<\/a><\/p><p><a href=\"https:\/\/www.uartes.edu.ec\/sitio\/?wpdmdl=79801\">UA-OCS-RSE-2025-73 \u2013 Modification du calendrier pour le d\u00e9roulement des \u00e9lections des plus hautes autorit\u00e9s<\/a><\/p><p><a href=\"https:\/\/www.uartes.edu.ec\/sitio\/?wpdmdl=73810\">UA-OCS-RSE-2025-46 \u2013 Ratification de l'article premier de la R\u00e9solution n\u00b0 UA-OCS-RSO-2025-17<\/a><\/p><p><a href=\"https:\/\/www.uartes.edu.ec\/sitio\/?wpdmdl=79215\">Instructions pour l'\u00e9lection des plus hautes autorit\u00e9s<\/a><\/p><p><a href=\"https:\/\/www.uartes.edu.ec\/sitio\/?wpdmdl=72180\">UA-OCS-RSO-2025-17 \u2013 D\u00e9signation des repr\u00e9sentants du personnel acad\u00e9mique et du personnel administratif, par les agents et employ\u00e9s<\/a><\/p><p><a href=\"https:\/\/www.uartes.edu.ec\/sitio\/?wpdmdl=72174\">UA-OCS-RSO-2025-23 \u2013 D\u00e9signation des repr\u00e9sentants \u00e9tudiants au Tribunal electoral<\/a><\/p>\t\t\t\t\t\t\t\t<\/div>\n\t\t\t\t<\/div>\n\t\t\t\t\t<\/div>\n\t\t\t\t<\/div>\n\t\t\t\t<section class=\"elementor-section elementor-top-section elementor-element elementor-element-9d3d2f2 elementor-section-boxed elementor-section-height-default elementor-section-height-default\" data-id=\"9d3d2f2\" data-element_type=\"section\" data-e-type=\"section\" data-settings=\"{&quot;_ha_eqh_enable&quot;:false}\">\n\t\t\t\t\t\t<div class=\"elementor-container elementor-column-gap-default\">\n\t\t\t\t\t<div class=\"elementor-column elementor-col-100 elementor-top-column elementor-element elementor-element-42b8fba6\" data-id=\"42b8fba6\" data-element_type=\"column\" data-e-type=\"column\" data-settings=\"{&quot;background_background&quot;:&quot;classic&quot;}\">\n\t\t\t<div class=\"elementor-widget-wrap elementor-element-populated\">\n\t\t\t\t\t\t<div class=\"elementor-element elementor-element-cab7e01 elementor-widget elementor-widget-heading\" data-id=\"cab7e01\" data-element_type=\"widget\" data-e-type=\"widget\" data-widget_type=\"heading.default\">\n\t\t\t\t<div class=\"elementor-widget-container\">\n\t\t\t\t\t<h4 class=\"elementor-heading-title elementor-size-default\">Processus ant\u00e9rieurs<\/h4>\t\t\t\t<\/div>\n\t\t\t\t<\/div>\n\t\t\t\t<div class=\"elementor-element elementor-element-7d0ee91f elementor-icon-list--layout-inline elementor-list-item-link-full_width elementor-widget elementor-widget-icon-list\" data-id=\"7d0ee91f\" data-element_type=\"widget\" data-e-type=\"widget\" data-widget_type=\"icon-list.default\">\n\t\t\t\t<div class=\"elementor-widget-container\">\n\t\t\t\t\t\t\t<ul class=\"elementor-icon-list-items elementor-inline-items\">\n\t\t\t\t\t\t\t<li class=\"elementor-icon-list-item elementor-inline-item\">\n\t\t\t\t\t\t\t\t\t\t\t<a href=\"https:\/\/www.uartes.edu.ec\/sitio\/la-universidad\/institucional\/elecciones-proceso-2025\">\n\n\t\t\t\t\t\t\t\t\t\t\t\t<span class=\"elementor-icon-list-icon\">\n\t\t\t\t\t\t\t<svg aria-hidden=\"true\" class=\"e-font-icon-svg e-fas-vote-yea\" viewbox=\"0 0 640 512\" xmlns=\"http:\/\/www.w3.org\/2000\/svg\"><path d=\"M608 320h-64v64h22.4c5.3 0 9.6 3.6 9.6 8v16c0 4.4-4.3 8-9.6 8H73.6c-5.3 0-9.6-3.6-9.6-8v-16c0-4.4 4.3-8 9.6-8H96v-64H32c-17.7 0-32 14.3-32 32v96c0 17.7 14.3 32 32 32h576c17.7 0 32-14.3 32-32v-96c0-17.7-14.3-32-32-32zm-96 64V64.3c0-17.9-14.5-32.3-32.3-32.3H160.4C142.5 32 128 46.5 128 64.3V384h384zM211.2 202l25.5-25.3c4.2-4.2 11-4.2 15.2.1l41.3 41.6 95.2-94.4c4.2-4.2 11-4.2 15.2.1l25.3 25.5c4.2 4.2 4.2 11-.1 15.2L300.5 292c-4.2 4.2-11 4.2-15.2-.1l-74.1-74.7c-4.3-4.2-4.2-11 0-15.2z\"><\/path><\/svg>\t\t\t\t\t\t<\/span>\n\t\t\t\t\t\t\t\t\t\t<span class=\"elementor-icon-list-text\">\u00c9lections 2025<\/span>\n\t\t\t\t\t\t\t\t\t\t\t<\/a>\n\t\t\t\t\t\t\t\t\t<\/li>\n\t\t\t\t\t\t\t\t<li class=\"elementor-icon-list-item elementor-inline-item\">\n\t\t\t\t\t\t\t\t\t\t\t<a href=\"https:\/\/www.uartes.edu.ec\/sitio\/la-universidad\/institucional\/elecciones-proceso-2024\/\">\n\n\t\t\t\t\t\t\t\t\t\t\t\t<span class=\"elementor-icon-list-icon\">\n\t\t\t\t\t\t\t<svg aria-hidden=\"true\" class=\"e-font-icon-svg e-fas-vote-yea\" viewbox=\"0 0 640 512\" xmlns=\"http:\/\/www.w3.org\/2000\/svg\"><path d=\"M608 320h-64v64h22.4c5.3 0 9.6 3.6 9.6 8v16c0 4.4-4.3 8-9.6 8H73.6c-5.3 0-9.6-3.6-9.6-8v-16c0-4.4 4.3-8 9.6-8H96v-64H32c-17.7 0-32 14.3-32 32v96c0 17.7 14.3 32 32 32h576c17.7 0 32-14.3 32-32v-96c0-17.7-14.3-32-32-32zm-96 64V64.3c0-17.9-14.5-32.3-32.3-32.3H160.4C142.5 32 128 46.5 128 64.3V384h384zM211.2 202l25.5-25.3c4.2-4.2 11-4.2 15.2.1l41.3 41.6 95.2-94.4c4.2-4.2 11-4.2 15.2.1l25.3 25.5c4.2 4.2 4.2 11-.1 15.2L300.5 292c-4.2 4.2-11 4.2-15.2-.1l-74.1-74.7c-4.3-4.2-4.2-11 0-15.2z\"><\/path><\/svg>\t\t\t\t\t\t<\/span>\n\t\t\t\t\t\t\t\t\t\t<span class=\"elementor-icon-list-text\">\u00c9lections 2024<\/span>\n\t\t\t\t\t\t\t\t\t\t\t<\/a>\n\t\t\t\t\t\t\t\t\t<\/li>\n\t\t\t\t\t\t\t\t<li class=\"elementor-icon-list-item elementor-inline-item\">\n\t\t\t\t\t\t\t\t\t\t\t<a href=\"http:\/\/www.uartes.edu.ec\/sitio\/la-universidad\/institucional\/elecciones-proceso-2023\/\">\n\n\t\t\t\t\t\t\t\t\t\t\t\t<span class=\"elementor-icon-list-icon\">\n\t\t\t\t\t\t\t<svg aria-hidden=\"true\" class=\"e-font-icon-svg e-fas-vote-yea\" viewbox=\"0 0 640 512\" xmlns=\"http:\/\/www.w3.org\/2000\/svg\"><path d=\"M608 320h-64v64h22.4c5.3 0 9.6 3.6 9.6 8v16c0 4.4-4.3 8-9.6 8H73.6c-5.3 0-9.6-3.6-9.6-8v-16c0-4.4 4.3-8 9.6-8H96v-64H32c-17.7 0-32 14.3-32 32v96c0 17.7 14.3 32 32 32h576c17.7 0 32-14.3 32-32v-96c0-17.7-14.3-32-32-32zm-96 64V64.3c0-17.9-14.5-32.3-32.3-32.3H160.4C142.5 32 128 46.5 128 64.3V384h384zM211.2 202l25.5-25.3c4.2-4.2 11-4.2 15.2.1l41.3 41.6 95.2-94.4c4.2-4.2 11-4.2 15.2.1l25.3 25.5c4.2 4.2 4.2 11-.1 15.2L300.5 292c-4.2 4.2-11 4.2-15.2-.1l-74.1-74.7c-4.3-4.2-4.2-11 0-15.2z\"><\/path><\/svg>\t\t\t\t\t\t<\/span>\n\t\t\t\t\t\t\t\t\t\t<span class=\"elementor-icon-list-text\">\u00c9lections 2023<\/span>\n\t\t\t\t\t\t\t\t\t\t\t<\/a>\n\t\t\t\t\t\t\t\t\t<\/li>\n\t\t\t\t\t\t\t\t<li class=\"elementor-icon-list-item elementor-inline-item\">\n\t\t\t\t\t\t\t\t\t\t\t<a href=\"http:\/\/www.uartes.edu.ec\/sitio\/la-universidad\/institucional\/elecciones-proceso-2021\/\">\n\n\t\t\t\t\t\t\t\t\t\t\t\t<span class=\"elementor-icon-list-icon\">\n\t\t\t\t\t\t\t<svg aria-hidden=\"true\" class=\"e-font-icon-svg e-fas-vote-yea\" viewbox=\"0 0 640 512\" xmlns=\"http:\/\/www.w3.org\/2000\/svg\"><path d=\"M608 320h-64v64h22.4c5.3 0 9.6 3.6 9.6 8v16c0 4.4-4.3 8-9.6 8H73.6c-5.3 0-9.6-3.6-9.6-8v-16c0-4.4 4.3-8 9.6-8H96v-64H32c-17.7 0-32 14.3-32 32v96c0 17.7 14.3 32 32 32h576c17.7 0 32-14.3 32-32v-96c0-17.7-14.3-32-32-32zm-96 64V64.3c0-17.9-14.5-32.3-32.3-32.3H160.4C142.5 32 128 46.5 128 64.3V384h384zM211.2 202l25.5-25.3c4.2-4.2 11-4.2 15.2.1l41.3 41.6 95.2-94.4c4.2-4.2 11-4.2 15.2.1l25.3 25.5c4.2 4.2 4.2 11-.1 15.2L300.5 292c-4.2 4.2-11 4.2-15.2-.1l-74.1-74.7c-4.3-4.2-4.2-11 0-15.2z\"><\/path><\/svg>\t\t\t\t\t\t<\/span>\n\t\t\t\t\t\t\t\t\t\t<span class=\"elementor-icon-list-text\">\u00c9lections 2021<\/span>\n\t\t\t\t\t\t\t\t\t\t\t<\/a>\n\t\t\t\t\t\t\t\t\t<\/li>\n\t\t\t\t\t\t\t\t<li class=\"elementor-icon-list-item elementor-inline-item\">\n\t\t\t\t\t\t\t\t\t\t\t<a href=\"http:\/\/www.uartes.edu.ec\/sitio\/la-universidad\/institucional\/elecciones\/resoluciones-y-documentacion\/\">\n\n\t\t\t\t\t\t\t\t\t\t\t\t<span class=\"elementor-icon-list-icon\">\n\t\t\t\t\t\t\t<svg aria-hidden=\"true\" class=\"e-font-icon-svg e-fas-vote-yea\" viewbox=\"0 0 640 512\" xmlns=\"http:\/\/www.w3.org\/2000\/svg\"><path d=\"M608 320h-64v64h22.4c5.3 0 9.6 3.6 9.6 8v16c0 4.4-4.3 8-9.6 8H73.6c-5.3 0-9.6-3.6-9.6-8v-16c0-4.4 4.3-8 9.6-8H96v-64H32c-17.7 0-32 14.3-32 32v96c0 17.7 14.3 32 32 32h576c17.7 0 32-14.3 32-32v-96c0-17.7-14.3-32-32-32zm-96 64V64.3c0-17.9-14.5-32.3-32.3-32.3H160.4C142.5 32 128 46.5 128 64.3V384h384zM211.2 202l25.5-25.3c4.2-4.2 11-4.2 15.2.1l41.3 41.6 95.2-94.4c4.2-4.2 11-4.2 15.2.1l25.3 25.5c4.2 4.2 4.2 11-.1 15.2L300.5 292c-4.2 4.2-11 4.2-15.2-.1l-74.1-74.7c-4.3-4.2-4.2-11 0-15.2z\"><\/path><\/svg>\t\t\t\t\t\t<\/span>\n\t\t\t\t\t\t\t\t\t\t<span class=\"elementor-icon-list-text\">\u00c9lections 2020<\/span>\n\t\t\t\t\t\t\t\t\t\t\t<\/a>\n\t\t\t\t\t\t\t\t\t<\/li>\n\t\t\t\t\t\t<\/ul>\n\t\t\t\t\t\t<\/div>\n\t\t\t\t<\/div>\n\t\t\t\t\t<\/div>\n\t\t<\/div>\n\t\t\t\t\t<\/div>\n\t\t<\/section>\n\t\t\t\t<\/div>","protected":false},"excerpt":{"rendered":"<p>Convocatoria En el ejercicio de sus funciones y atribuciones, el Tribunal Electoral de la Universidad de las Artes, se complace en anunciar la apertura del proceso de elecciones para las m\u00e1ximas autoridades de la instituci\u00f3n. Mediante la Resoluci\u00f3n No. UA-OCS-RSO-2025-64, el \u00d3rgano Colegiado Superior, ha aprobado la convocatoria para elegir a el\/la Rector\/a, el\/la Vicerrector\/a [&hellip;]<\/p>\n","protected":false},"author":1,"featured_media":9162,"parent":4149,"menu_order":4,"comment_status":"closed","ping_status":"closed","template":"","meta":{"_acf_changed":false,"_uag_custom_page_level_css":"","_monsterinsights_skip_tracking":false,"cybocfi_hide_featured_image":"","footnotes":""},"class_list":["post-84907","page","type-page","status-publish","has-post-thumbnail","hentry"],"acf":[],"yoast_head":"<!-- This site is optimized with the Yoast SEO plugin v28.4 - https:\/\/yoast.com\/product\/yoast-seo-wordpress\/ -->\n<title>Universidad de las Artes - Elecciones - Proceso 2025 - M\u00e1ximas autoridades<\/title>\n<meta name=\"description\" content=\"Universidad de las Artes - Elecciones - Proceso 2025 - M\u00e1ximas autoridades\" \/>\n<meta name=\"robots\" content=\"index, follow, max-snippet:-1, max-image-preview:large, max-video-preview:-1\" \/>\n<link rel=\"canonical\" href=\"https:\/\/www.uartes.edu.ec\/sitio\/fr\/la-universidad\/institucional\/elecciones-proceso-2025-maximas-autoridades\/\" \/>\n<meta property=\"og:locale\" content=\"fr_FR\" \/>\n<meta property=\"og:type\" content=\"article\" \/>\n<meta property=\"og:title\" content=\"Universidad de las Artes - Elecciones - Proceso 2025 - M\u00e1ximas autoridades\" \/>\n<meta property=\"og:description\" content=\"Universidad de las Artes - Elecciones - Proceso 2025 - M\u00e1ximas autoridades\" \/>\n<meta property=\"og:url\" content=\"https:\/\/www.uartes.edu.ec\/sitio\/fr\/la-universidad\/institucional\/elecciones-proceso-2025-maximas-autoridades\/\" \/>\n<meta property=\"og:site_name\" content=\"Universidad de las Artes\" \/>\n<meta property=\"article:publisher\" content=\"https:\/\/www.facebook.com\/uartesec\" \/>\n<meta property=\"article:modified_time\" content=\"2026-05-29T14:11:22+00:00\" \/>\n<meta property=\"og:image\" content=\"https:\/\/www.uartes.edu.ec\/sitio\/wp-content\/uploads\/2020\/09\/PORTADA-UARTES-DECIDE.jpg\" \/>\n\t<meta property=\"og:image:width\" content=\"2000\" \/>\n\t<meta property=\"og:image:height\" content=\"1333\" \/>\n\t<meta property=\"og:image:type\" content=\"image\/jpeg\" \/>\n<meta name=\"twitter:card\" content=\"summary_large_image\" \/>\n<meta name=\"twitter:site\" content=\"@uartesec\" \/>\n<meta name=\"twitter:label1\" content=\"Dur\u00e9e de lecture estim\u00e9e\" \/>\n\t<meta name=\"twitter:data1\" content=\"3 minutes\" \/>\n<script type=\"application\/ld+json\" class=\"yoast-schema-graph\">{\"@context\":\"https:\\\/\\\/schema.org\",\"@graph\":[{\"@type\":\"WebPage\",\"@id\":\"https:\\\/\\\/www.uartes.edu.ec\\\/sitio\\\/fr\\\/la-universidad\\\/institucional\\\/elecciones-proceso-2025-maximas-autoridades\\\/\",\"url\":\"https:\\\/\\\/www.uartes.edu.ec\\\/sitio\\\/fr\\\/la-universidad\\\/institucional\\\/elecciones-proceso-2025-maximas-autoridades\\\/\",\"name\":\"Universidad de las Artes - Elecciones - Proceso 2025 - M\u00e1ximas autoridades\",\"isPartOf\":{\"@id\":\"https:\\\/\\\/www.uartes.edu.ec\\\/sitio\\\/fr\\\/#website\"},\"primaryImageOfPage\":{\"@id\":\"https:\\\/\\\/www.uartes.edu.ec\\\/sitio\\\/fr\\\/la-universidad\\\/institucional\\\/elecciones-proceso-2025-maximas-autoridades\\\/#primaryimage\"},\"image\":{\"@id\":\"https:\\\/\\\/www.uartes.edu.ec\\\/sitio\\\/fr\\\/la-universidad\\\/institucional\\\/elecciones-proceso-2025-maximas-autoridades\\\/#primaryimage\"},\"thumbnailUrl\":\"https:\\\/\\\/www.uartes.edu.ec\\\/sitio\\\/wp-content\\\/uploads\\\/2020\\\/09\\\/PORTADA-UARTES-DECIDE.jpg\",\"datePublished\":\"2026-01-23T18:54:44+00:00\",\"dateModified\":\"2026-05-29T14:11:22+00:00\",\"description\":\"Universidad de las Artes - Elecciones - Proceso 2025 - M\u00e1ximas autoridades\",\"breadcrumb\":{\"@id\":\"https:\\\/\\\/www.uartes.edu.ec\\\/sitio\\\/fr\\\/la-universidad\\\/institucional\\\/elecciones-proceso-2025-maximas-autoridades\\\/#breadcrumb\"},\"inLanguage\":\"fr-FR\",\"potentialAction\":[{\"@type\":\"ReadAction\",\"target\":[\"https:\\\/\\\/www.uartes.edu.ec\\\/sitio\\\/fr\\\/la-universidad\\\/institucional\\\/elecciones-proceso-2025-maximas-autoridades\\\/\"]}]},{\"@type\":\"ImageObject\",\"inLanguage\":\"fr-FR\",\"@id\":\"https:\\\/\\\/www.uartes.edu.ec\\\/sitio\\\/fr\\\/la-universidad\\\/institucional\\\/elecciones-proceso-2025-maximas-autoridades\\\/#primaryimage\",\"url\":\"https:\\\/\\\/www.uartes.edu.ec\\\/sitio\\\/wp-content\\\/uploads\\\/2020\\\/09\\\/PORTADA-UARTES-DECIDE.jpg\",\"contentUrl\":\"https:\\\/\\\/www.uartes.edu.ec\\\/sitio\\\/wp-content\\\/uploads\\\/2020\\\/09\\\/PORTADA-UARTES-DECIDE.jpg\",\"width\":2000,\"height\":1333},{\"@type\":\"BreadcrumbList\",\"@id\":\"https:\\\/\\\/www.uartes.edu.ec\\\/sitio\\\/fr\\\/la-universidad\\\/institucional\\\/elecciones-proceso-2025-maximas-autoridades\\\/#breadcrumb\",\"itemListElement\":[{\"@type\":\"ListItem\",\"position\":1,\"name\":\"Inicio\",\"item\":\"https:\\\/\\\/www.uartes.edu.ec\\\/sitio\\\/\"},{\"@type\":\"ListItem\",\"position\":2,\"name\":\"Universidad de las Artes\",\"item\":\"https:\\\/\\\/www.uartes.edu.ec\\\/sitio\\\/\"},{\"@type\":\"ListItem\",\"position\":3,\"name\":\"Institucional\",\"item\":\"https:\\\/\\\/www.uartes.edu.ec\\\/sitio\\\/la-universidad\\\/institucional\\\/\"},{\"@type\":\"ListItem\",\"position\":4,\"name\":\"Elecciones &#8211; Proceso 2025 &#8211; M\u00e1ximas autoridades\"}]},{\"@type\":\"WebSite\",\"@id\":\"https:\\\/\\\/www.uartes.edu.ec\\\/sitio\\\/fr\\\/#website\",\"url\":\"https:\\\/\\\/www.uartes.edu.ec\\\/sitio\\\/fr\\\/\",\"name\":\"Universidad de las Artes\",\"description\":\"Sitio oficial de la Universidad Nacional de las Artes del Ecuador\",\"publisher\":{\"@id\":\"https:\\\/\\\/www.uartes.edu.ec\\\/sitio\\\/fr\\\/#organization\"},\"potentialAction\":[{\"@type\":\"SearchAction\",\"target\":{\"@type\":\"EntryPoint\",\"urlTemplate\":\"https:\\\/\\\/www.uartes.edu.ec\\\/sitio\\\/fr\\\/?s={search_term_string}\"},\"query-input\":{\"@type\":\"PropertyValueSpecification\",\"valueRequired\":true,\"valueName\":\"search_term_string\"}}],\"inLanguage\":\"fr-FR\"},{\"@type\":\"Organization\",\"@id\":\"https:\\\/\\\/www.uartes.edu.ec\\\/sitio\\\/fr\\\/#organization\",\"name\":\"Universidad de las Artes\",\"url\":\"https:\\\/\\\/www.uartes.edu.ec\\\/sitio\\\/fr\\\/\",\"logo\":{\"@type\":\"ImageObject\",\"inLanguage\":\"fr-FR\",\"@id\":\"https:\\\/\\\/www.uartes.edu.ec\\\/sitio\\\/fr\\\/#\\\/schema\\\/logo\\\/image\\\/\",\"url\":\"https:\\\/\\\/www.uartes.edu.ec\\\/sitio\\\/wp-content\\\/uploads\\\/2022\\\/07\\\/logo-ua-horizontal.png\",\"contentUrl\":\"https:\\\/\\\/www.uartes.edu.ec\\\/sitio\\\/wp-content\\\/uploads\\\/2022\\\/07\\\/logo-ua-horizontal.png\",\"width\":800,\"height\":276,\"caption\":\"Universidad de las Artes\"},\"image\":{\"@id\":\"https:\\\/\\\/www.uartes.edu.ec\\\/sitio\\\/fr\\\/#\\\/schema\\\/logo\\\/image\\\/\"},\"sameAs\":[\"https:\\\/\\\/www.facebook.com\\\/uartesec\",\"https:\\\/\\\/x.com\\\/uartesec\",\"https:\\\/\\\/www.tiktok.com\\\/@uartesec\"]}]}<\/script>\n<!-- \/ Yoast SEO plugin. -->","yoast_head_json":{"title":"Universidad de las Artes - Elecciones - Proceso 2025 - M\u00e1ximas autoridades","description":"Universidad de las Artes - Elecciones - Proceso 2025 - M\u00e1ximas autoridades","robots":{"index":"index","follow":"follow","max-snippet":"max-snippet:-1","max-image-preview":"max-image-preview:large","max-video-preview":"max-video-preview:-1"},"canonical":"https:\/\/www.uartes.edu.ec\/sitio\/fr\/la-universidad\/institucional\/elecciones-proceso-2025-maximas-autoridades\/","og_locale":"fr_FR","og_type":"article","og_title":"Universidad de las Artes - Elecciones - Proceso 2025 - M\u00e1ximas autoridades","og_description":"Universidad de las Artes - Elecciones - Proceso 2025 - M\u00e1ximas autoridades","og_url":"https:\/\/www.uartes.edu.ec\/sitio\/fr\/la-universidad\/institucional\/elecciones-proceso-2025-maximas-autoridades\/","og_site_name":"Universidad de las Artes","article_publisher":"https:\/\/www.facebook.com\/uartesec","article_modified_time":"2026-05-29T14:11:22+00:00","og_image":[{"width":2000,"height":1333,"url":"https:\/\/www.uartes.edu.ec\/sitio\/wp-content\/uploads\/2020\/09\/PORTADA-UARTES-DECIDE.jpg","type":"image\/jpeg"}],"twitter_card":"summary_large_image","twitter_site":"@uartesec","twitter_misc":{"Dur\u00e9e de lecture estim\u00e9e":"3 minutes"},"schema":{"@context":"https:\/\/schema.org","@graph":[{"@type":"WebPage","@id":"https:\/\/www.uartes.edu.ec\/sitio\/fr\/la-universidad\/institucional\/elecciones-proceso-2025-maximas-autoridades\/","url":"https:\/\/www.uartes.edu.ec\/sitio\/fr\/la-universidad\/institucional\/elecciones-proceso-2025-maximas-autoridades\/","name":"Universidad de las Artes - Elecciones - Proceso 2025 - M\u00e1ximas autoridades","isPartOf":{"@id":"https:\/\/www.uartes.edu.ec\/sitio\/fr\/#website"},"primaryImageOfPage":{"@id":"https:\/\/www.uartes.edu.ec\/sitio\/fr\/la-universidad\/institucional\/elecciones-proceso-2025-maximas-autoridades\/#primaryimage"},"image":{"@id":"https:\/\/www.uartes.edu.ec\/sitio\/fr\/la-universidad\/institucional\/elecciones-proceso-2025-maximas-autoridades\/#primaryimage"},"thumbnailUrl":"https:\/\/www.uartes.edu.ec\/sitio\/wp-content\/uploads\/2020\/09\/PORTADA-UARTES-DECIDE.jpg","datePublished":"2026-01-23T18:54:44+00:00","dateModified":"2026-05-29T14:11:22+00:00","description":"Universidad de las Artes - Elecciones - Proceso 2025 - M\u00e1ximas autoridades","breadcrumb":{"@id":"https:\/\/www.uartes.edu.ec\/sitio\/fr\/la-universidad\/institucional\/elecciones-proceso-2025-maximas-autoridades\/#breadcrumb"},"inLanguage":"fr-FR","potentialAction":[{"@type":"ReadAction","target":["https:\/\/www.uartes.edu.ec\/sitio\/fr\/la-universidad\/institucional\/elecciones-proceso-2025-maximas-autoridades\/"]}]},{"@type":"ImageObject","inLanguage":"fr-FR","@id":"https:\/\/www.uartes.edu.ec\/sitio\/fr\/la-universidad\/institucional\/elecciones-proceso-2025-maximas-autoridades\/#primaryimage","url":"https:\/\/www.uartes.edu.ec\/sitio\/wp-content\/uploads\/2020\/09\/PORTADA-UARTES-DECIDE.jpg","contentUrl":"https:\/\/www.uartes.edu.ec\/sitio\/wp-content\/uploads\/2020\/09\/PORTADA-UARTES-DECIDE.jpg","width":2000,"height":1333},{"@type":"BreadcrumbList","@id":"https:\/\/www.uartes.edu.ec\/sitio\/fr\/la-universidad\/institucional\/elecciones-proceso-2025-maximas-autoridades\/#breadcrumb","itemListElement":[{"@type":"ListItem","position":1,"name":"Inicio","item":"https:\/\/www.uartes.edu.ec\/sitio\/"},{"@type":"ListItem","position":2,"name":"Universidad de las Artes","item":"https:\/\/www.uartes.edu.ec\/sitio\/"},{"@type":"ListItem","position":3,"name":"Institucional","item":"https:\/\/www.uartes.edu.ec\/sitio\/la-universidad\/institucional\/"},{"@type":"ListItem","position":4,"name":"Elecciones &#8211; Proceso 2025 &#8211; M\u00e1ximas autoridades"}]},{"@type":"WebSite","@id":"https:\/\/www.uartes.edu.ec\/sitio\/fr\/#website","url":"https:\/\/www.uartes.edu.ec\/sitio\/fr\/","name":"l'Universit\u00e9 des Arts","description":"Sitio oficial de la Universidad Nacional de las Artes del Ecuador","publisher":{"@id":"https:\/\/www.uartes.edu.ec\/sitio\/fr\/#organization"},"potentialAction":[{"@type":"SearchAction","target":{"@type":"EntryPoint","urlTemplate":"https:\/\/www.uartes.edu.ec\/sitio\/fr\/?s={search_term_string}"},"query-input":{"@type":"PropertyValueSpecification","valueRequired":true,"valueName":"search_term_string"}}],"inLanguage":"fr-FR"},{"@type":"Organization","@id":"https:\/\/www.uartes.edu.ec\/sitio\/fr\/#organization","name":"l'Universit\u00e9 des Arts","url":"https:\/\/www.uartes.edu.ec\/sitio\/fr\/","logo":{"@type":"ImageObject","inLanguage":"fr-FR","@id":"https:\/\/www.uartes.edu.ec\/sitio\/fr\/#\/schema\/logo\/image\/","url":"https:\/\/www.uartes.edu.ec\/sitio\/wp-content\/uploads\/2022\/07\/logo-ua-horizontal.png","contentUrl":"https:\/\/www.uartes.edu.ec\/sitio\/wp-content\/uploads\/2022\/07\/logo-ua-horizontal.png","width":800,"height":276,"caption":"Universidad de las Artes"},"image":{"@id":"https:\/\/www.uartes.edu.ec\/sitio\/fr\/#\/schema\/logo\/image\/"},"sameAs":["https:\/\/www.facebook.com\/uartesec","https:\/\/x.com\/uartesec","https:\/\/www.tiktok.com\/@uartesec"]}]}},"uagb_featured_image_src":{"full":["https:\/\/www.uartes.edu.ec\/sitio\/wp-content\/uploads\/2020\/09\/PORTADA-UARTES-DECIDE.jpg",2000,1333,false],"thumbnail":["https:\/\/www.uartes.edu.ec\/sitio\/wp-content\/uploads\/2020\/09\/PORTADA-UARTES-DECIDE-150x150.jpg",150,150,true],"medium":["https:\/\/www.uartes.edu.ec\/sitio\/wp-content\/uploads\/2020\/09\/PORTADA-UARTES-DECIDE-300x200.jpg",300,200,true],"medium_large":["https:\/\/www.uartes.edu.ec\/sitio\/wp-content\/uploads\/2020\/09\/PORTADA-UARTES-DECIDE-768x512.jpg",768,512,true],"large":["https:\/\/www.uartes.edu.ec\/sitio\/wp-content\/uploads\/2020\/09\/PORTADA-UARTES-DECIDE-644x429.jpg",644,429,true],"1536x1536":["https:\/\/www.uartes.edu.ec\/sitio\/wp-content\/uploads\/2020\/09\/PORTADA-UARTES-DECIDE-1536x1024.jpg",1536,1024,true],"2048x2048":["https:\/\/www.uartes.edu.ec\/sitio\/wp-content\/uploads\/2020\/09\/PORTADA-UARTES-DECIDE.jpg",2000,1333,false],"trp-custom-language-flag":["https:\/\/www.uartes.edu.ec\/sitio\/wp-content\/uploads\/2020\/09\/PORTADA-UARTES-DECIDE.jpg",18,12,false],"gb-block-post-grid-landscape":["https:\/\/www.uartes.edu.ec\/sitio\/wp-content\/uploads\/2020\/09\/PORTADA-UARTES-DECIDE.jpg",600,400,false],"gb-block-post-grid-square":["https:\/\/www.uartes.edu.ec\/sitio\/wp-content\/uploads\/2020\/09\/PORTADA-UARTES-DECIDE.jpg",600,400,false],"university-hub-thumb":["https:\/\/www.uartes.edu.ec\/sitio\/wp-content\/uploads\/2020\/09\/PORTADA-UARTES-DECIDE-400x267.jpg",400,267,true]},"uagb_author_info":{"display_name":"Universidad de las Artes","author_link":"https:\/\/www.uartes.edu.ec\/sitio\/fr\/blog\/author\/dircomadm\/"},"uagb_comment_info":0,"uagb_excerpt":"Convocatoria En el ejercicio de sus funciones y atribuciones, el Tribunal Electoral de la Universidad de las Artes, se complace en anunciar la apertura del proceso de elecciones para las m\u00e1ximas autoridades de la instituci\u00f3n. Mediante la Resoluci\u00f3n No. UA-OCS-RSO-2025-64, el \u00d3rgano Colegiado Superior, ha aprobado la convocatoria para elegir a el\/la Rector\/a, el\/la Vicerrector\/a\u2026","featured_image_src":"https:\/\/www.uartes.edu.ec\/sitio\/wp-content\/uploads\/2020\/09\/PORTADA-UARTES-DECIDE.jpg","featured_image_src_square":"https:\/\/www.uartes.edu.ec\/sitio\/wp-content\/uploads\/2020\/09\/PORTADA-UARTES-DECIDE.jpg","publishpress_future_action":{"enabled":false,"date":"2026-09-13 10:18:16","action":"change-status","newStatus":"draft","terms":[],"taxonomy":"","extraData":[]},"publishpress_future_workflow_manual_trigger":{"enabledWorkflows":[]},"distributor_meta":false,"distributor_terms":false,"distributor_media":false,"distributor_original_site_name":"Universidad de las Artes","distributor_original_site_url":"https:\/\/www.uartes.edu.ec\/sitio\/fr","push-errors":false,"_links":{"self":[{"href":"https:\/\/www.uartes.edu.ec\/sitio\/fr\/wp-json\/wp\/v2\/pages\/84907","targetHints":{"allow":["GET"]}}],"collection":[{"href":"https:\/\/www.uartes.edu.ec\/sitio\/fr\/wp-json\/wp\/v2\/pages"}],"about":[{"href":"https:\/\/www.uartes.edu.ec\/sitio\/fr\/wp-json\/wp\/v2\/types\/page"}],"author":[{"embeddable":true,"href":"https:\/\/www.uartes.edu.ec\/sitio\/fr\/wp-json\/wp\/v2\/users\/1"}],"replies":[{"embeddable":true,"href":"https:\/\/www.uartes.edu.ec\/sitio\/fr\/wp-json\/wp\/v2\/comments?post=84907"}],"version-history":[{"count":15,"href":"https:\/\/www.uartes.edu.ec\/sitio\/fr\/wp-json\/wp\/v2\/pages\/84907\/revisions"}],"predecessor-version":[{"id":91554,"href":"https:\/\/www.uartes.edu.ec\/sitio\/fr\/wp-json\/wp\/v2\/pages\/84907\/revisions\/91554"}],"up":[{"embeddable":true,"href":"https:\/\/www.uartes.edu.ec\/sitio\/fr\/wp-json\/wp\/v2\/pages\/4149"}],"wp:featuredmedia":[{"embeddable":true,"href":"https:\/\/www.uartes.edu.ec\/sitio\/fr\/wp-json\/wp\/v2\/media\/9162"}],"wp:attachment":[{"href":"https:\/\/www.uartes.edu.ec\/sitio\/fr\/wp-json\/wp\/v2\/media?parent=84907"}],"curies":[{"name":"wp","href":"https:\/\/api.w.org\/{rel}","templated":true}]}}