{"id":8822,"date":"2020-09-21T08:52:17","date_gmt":"2020-09-21T13:52:17","guid":{"rendered":"http:\/\/www.uartes.edu.ec\/sitio\/la-universidad\/institucional\/gestion-documental\/"},"modified":"2026-07-15T14:23:59","modified_gmt":"2026-07-15T19:23:59","slug":"gestion-documental","status":"publish","type":"page","link":"https:\/\/www.uartes.edu.ec\/sitio\/fr\/la-universidad\/institucional\/gestion-documental\/","title":{"rendered":"Gestion Documentaire"},"content":{"rendered":"<h3 class=\"wp-block-heading\">Registre Officiel de la R\u00e9glementation Institutionnelle<\/h3>\n\n\n\n<p class=\"wp-block-paragraph\">Conform\u00e9ment au <strong>R\u00e8glement interne relatif \u00e0 l'\u00e9laboration et \u00e0 la d\u00e9livrance des instruments normatifs internes<\/strong> (R\u00e9solution n\u00b0 UA-OCS-RSE-2026-012), approuv\u00e9 par le Conseil sup\u00e9rieur universitaire le 4 mars 2026, l'Universit\u00e9 des Arts publie ci-apr\u00e8s l'ensemble des instruments normatifs institutionnels en vigueur, class\u00e9s selon la hi\u00e9rarchie \u00e9tablie dans ledit r\u00e8glement : Statut, R\u00e8glements, Politiques ou Protocoles, Manuels de proc\u00e9dures, Instructions et Directives. Tout acte normatif ici r\u00e9pertori\u00e9 a \u00e9t\u00e9 \u00e9mis dans le cadre des comp\u00e9tences l\u00e9gales et statutaires de l'institution, et sa publication dans cet espace constitue une condition indispensable \u00e0 son caract\u00e8re obligatoire et \u00e0 son application g\u00e9n\u00e9rale, \u00e0 l'exception des directives, dont la diffusion s'effectue par les canaux internes correspondants.<\/p>\n\n\n\n<div style=\"height:40px\" aria-hidden=\"true\" class=\"wp-block-spacer\"><\/div>\n\n\n\n<div class=\"wp-block-getwid-tabs\" data-active-tab=\"0\"><ul class=\"wp-block-getwid-tabs__nav-links\"><\/ul>\n<div class=\"wp-block-getwid-tabs__nav-link\"><h5 class=\"wp-block-getwid-tabs__title-wrapper\"><a href=\"#\"><span class=\"wp-block-getwid-tabs__title\">Statut<\/span><\/a><\/h5><\/div><div class=\"wp-block-getwid-tabs__tab-content-wrapper\"><div class=\"wp-block-getwid-tabs__tab-content\">\n<figure class=\"wp-block-table is-style-stripes\"><table><tbody><tr><td><strong>Code<\/strong><\/td><td><strong>Nom du document<\/strong><\/td><td><strong>Hi\u00e9rarchie\/Cat\u00e9gorie<\/strong><\/td><td><strong>Date d'approbation<\/strong><\/td><td><strong>Date de diffusion<\/strong><\/td><td><strong>Lien vers le document<\/strong><\/td><\/tr><tr><td>RPC-SO-25-No.418-2019<\/td><td>Statut de l'Universit\u00e9 des Arts<\/td><td>Statut<\/td><td>17\/7\/2019<\/td><td>17\/7\/2019<\/td><td><a href=\"https:\/\/www.uartes.edu.ec\/sitio\/?wpdmdl=6561\">T\u00e9l\u00e9charger<\/a><\/td><\/tr><\/tbody><\/table><\/figure>\n\n\n\n<p class=\"wp-block-paragraph\"><\/p>\n<\/div><\/div>\n\n\n\n<div class=\"wp-block-getwid-tabs__nav-link\"><h5 class=\"wp-block-getwid-tabs__title-wrapper\"><a href=\"#\"><span class=\"wp-block-getwid-tabs__title\">R\u00e8glements<\/span><\/a><\/h5><\/div><div class=\"wp-block-getwid-tabs__tab-content-wrapper\"><div class=\"wp-block-getwid-tabs__tab-content\">\n<figure class=\"wp-block-table is-style-stripes\"><table><tbody><tr><td><strong>Code<\/strong><\/td><td><strong>Nom du document<\/strong><\/td><td><strong>Hi\u00e9rarchie\/Cat\u00e9gorie<\/strong><\/td><td><strong>Date d'approbation<\/strong><\/td><td><strong>Date de diffusion<\/strong><\/td><td><strong>Lien vers le document<\/strong><\/td><\/tr><tr><td>UA-OCS-SE-2026-034<\/td><td>R\u00e8glement du r\u00e9gime sp\u00e9cial de passation directe des march\u00e9s pour l'acquisition de biens et de services destin\u00e9s \u00e0 la recherche scientifique responsable de l'Universit\u00e9 des Arts<\/td><td>R\u00e8glement<\/td><td>24\/6\/2026<\/td><td>25\/6\/2026<\/td><td><a href=\"https:\/\/www.uartes.edu.ec\/sitio\/?wpdmdl=93685\">T\u00e9l\u00e9charger<\/a><\/td><\/tr><tr><td>UA-OCS-RSE-2026-033<\/td><td>R\u00e8glement relatif aux bourses et aides financi\u00e8res de l'Universit\u00e9 des Arts<\/td><td>R\u00e8glement<\/td><td>24\/6\/2026<\/td><td>25\/6\/2026<\/td><td><a href=\"https:\/\/www.uartes.edu.ec\/sitio\/?wpdmdl=93752\">T\u00e9l\u00e9charger<\/a><\/td><\/tr><tr><td>UA-OCS-SE-2026-032<\/td><td>R\u00e8glement relatif aux bourses et aides financi\u00e8res destin\u00e9es au personnel acad\u00e9mique et au personnel d'appui acad\u00e9mique de l'Universit\u00e9 des Arts<\/td><td>R\u00e8glement<\/td><td>24\/6\/2026<\/td><td>25\/6\/2026<\/td><td><a href=\"https:\/\/www.uartes.edu.ec\/sitio\/?wpdmdl=93746\">T\u00e9l\u00e9charger<\/a><\/td><\/tr><tr><td>UA-OCS-RSE-2026-028<\/td><td>R\u00e8glement interne de gestion des ressources humaines de l'Universit\u00e9 des Arts<\/td><td>R\u00e8glement<\/td><td>3\/6\/2026<\/td><td>3\/6\/2026<\/td><td><a href=\"https:\/\/www.uartes.edu.ec\/sitio\/?wpdmdl=93750\">Descagar<\/a><\/td><\/tr><tr><td>UA-OCS-RSE-2026-016<\/td><td>R\u00e8glement relatif \u00e0 la mobilit\u00e9 internationale \u00e9tudiante<\/td><td>R\u00e8glement<\/td><td>9\/3\/2026<\/td><td>9\/3\/2026<\/td><td><a href=\"https:\/\/www.uartes.edu.ec\/sitio\/?wpdmdl=93748\">T\u00e9l\u00e9charger<\/a><\/td><\/tr><tr><td>UA-OCS-RSE-2026-012<\/td><td>R\u00e8glement relatif \u00e0 l'\u00e9laboration et \u00e0 la d\u00e9livrance des instruments normatifs internes<\/td><td>R\u00e8glement<\/td><td>4\/3\/2026<\/td><td>4\/3\/2026<\/td><td><a href=\"https:\/\/www.uartes.edu.ec\/sitio\/?wpdmdl=87815\">T\u00e9l\u00e9charger<\/a><\/td><\/tr><tr><td>UA-OCS-RSE-2026-03<\/td><td>R\u00e8glement relatif au bien-\u00eatre universitaire<\/td><td>R\u00e8glement<\/td><td>21\/1\/2026<\/td><td>21\/1\/2026<\/td><td><a href=\"https:\/\/www.uartes.edu.ec\/sitio\/?wpdmdl=87225\">T\u00e9l\u00e9charger<\/a><\/td><\/tr><\/tbody><\/table><\/figure>\n\n\n\n<p class=\"wp-block-paragraph\"><\/p>\n<\/div><\/div>\n\n\n\n<div class=\"wp-block-getwid-tabs__nav-link\"><h5 class=\"wp-block-getwid-tabs__title-wrapper\"><a href=\"#\"><span class=\"wp-block-getwid-tabs__title\">Politiques ou Protocoles<\/span><\/a><\/h5><\/div><div class=\"wp-block-getwid-tabs__tab-content-wrapper\"><div class=\"wp-block-getwid-tabs__tab-content\">\n<figure class=\"wp-block-table is-style-stripes\"><table><tbody><tr><td><strong>Code<\/strong><\/td><td><strong>Nom du document<\/strong><\/td><td><strong>Hi\u00e9rarchie\/Cat\u00e9gorie<\/strong><\/td><td><strong>Date d'approbation<\/strong><\/td><td><strong>Date de diffusion<\/strong><\/td><td><strong>Lien vers le document<\/strong><\/td><\/tr><tr><td>UA-OCS-RSE-2025-038<\/td><td>Politiques de protection des donn\u00e9es personnelles de l'Universit\u00e9 des Arts<\/td><td>Politiques ou Protocoles<\/td><td>14\/5\/2025<\/td><td>14\/5\/2025<\/td><td><a href=\"https:\/\/www.uartes.edu.ec\/sitio\/?wpdmdl=71753\">T\u00e9l\u00e9charger<\/a><\/td><\/tr><\/tbody><\/table><\/figure>\n\n\n\n<p class=\"wp-block-paragraph\"><\/p>\n<\/div><\/div>\n\n\n\n<div class=\"wp-block-getwid-tabs__nav-link\"><h5 class=\"wp-block-getwid-tabs__title-wrapper\"><a href=\"#\"><span class=\"wp-block-getwid-tabs__title\">Manuels de proc\u00e9dures<\/span><\/a><\/h5><\/div><div class=\"wp-block-getwid-tabs__tab-content-wrapper\"><div class=\"wp-block-getwid-tabs__tab-content\">\n<figure class=\"wp-block-table is-style-stripes\"><table><tbody><tr><td><strong>Code<\/strong><\/td><td><strong>Nom du document<\/strong><\/td><td><strong>Hi\u00e9rarchie\/Cat\u00e9gorie<\/strong><\/td><td><strong>Date d'approbation<\/strong><\/td><td><strong>Date de diffusion<\/strong><\/td><td><strong>Lien vers le document<\/strong><\/td><\/tr><tr><td>UA-OCS-RSE-2026-022<\/td><td>Manuel de description, classification et \u00e9valuation des postes<\/td><td>Manuel<\/td><td>24\/4\/2026<\/td><td>24\/4\/2026<\/td><td><a href=\"https:\/\/www.uartes.edu.ec\/sitio\/?wpdmdl=89795\">T\u00e9l\u00e9charger<\/a><\/td><\/tr><\/tbody><\/table><\/figure>\n\n\n\n<p class=\"wp-block-paragraph\">Plus d'informations sur le <a href=\"https:\/\/repositorio.uartes.edu.ec\/consultas?action=contulta_documentos&amp;idc=2\">d\u00e9p\u00f4t UArtes<\/a><\/p>\n<\/div><\/div>\n\n\n\n<div class=\"wp-block-getwid-tabs__nav-link\"><h5 class=\"wp-block-getwid-tabs__title-wrapper\"><a href=\"#\"><span class=\"wp-block-getwid-tabs__title\">Instructions<\/span><\/a><\/h5><\/div><div class=\"wp-block-getwid-tabs__tab-content-wrapper\"><div class=\"wp-block-getwid-tabs__tab-content\">\n<p class=\"wp-block-paragraph\"><\/p>\n<\/div><\/div>\n\n\n\n<div class=\"wp-block-getwid-tabs__nav-link\"><h5 class=\"wp-block-getwid-tabs__title-wrapper\"><a href=\"#\"><span class=\"wp-block-getwid-tabs__title\">Directives<\/span><\/a><\/h5><\/div><div class=\"wp-block-getwid-tabs__tab-content-wrapper\"><div class=\"wp-block-getwid-tabs__tab-content\">\n<p class=\"wp-block-paragraph\"><\/p>\n<\/div><\/div>\n<\/div>\n\n\n\n<div style=\"height:40px\" aria-hidden=\"true\" class=\"wp-block-spacer\"><\/div>\n\n\n\n<h3 class=\"wp-block-heading\">Formulaires<\/h3>\n\n\n\n<p class=\"wp-block-paragraph\">Conform\u00e9ment aux dispositions du Conseil pour l'Assurance de la Qualit\u00e9 dans l'Enseignement Sup\u00e9rieur (CACES) et \u00e0 l'approbation des r\u00e9formes du R\u00e8glement de la Gestion Documentaire et l'Archivage par le Comit\u00e9 directeur, la Direction de la Gestion Documentaire et de l'Archivage (DIGEDA) met les instruments normatifs et le format de travail \u00e0 la disposition des fonctionnaires de l'Universidad de las Artes y de la citoyennet\u00e9.<\/p>\n\n\n\n<ul class=\"wp-block-list\">\n<li><a href=\"https:\/\/www.uartes.edu.ec\/sitio\/?wpdmdl=8835\">Proc\u00e8s-verbal de remise et de r\u00e9ception documentaire<\/a><\/li>\n\n\n\n<li><a href=\"https:\/\/www.uartes.edu.ec\/sitio\/?wpdmdl=8838\">Certificat de non-d\u00e9bit de dossiers<\/a><\/li>\n\n\n\n<li><a href=\"https:\/\/www.uartes.edu.ec\/sitio\/?wpdmdl=46366\">Fiche d'identification des s\u00e9ries<\/a><\/li>\n\n\n\n<li><a href=\"https:\/\/www.uartes.edu.ec\/sitio\/?wpdmdl=8843\">Mod\u00e8le de proc\u00e8s-verbal de modification documentaire<\/a><\/li>\n\n\n\n<li><a href=\"https:\/\/www.uartes.edu.ec\/sitio\/?wpdmdl=8841\">Mod\u00e8le de proc\u00e8s-verbal de r\u00e9union g\u00e9n\u00e9rale<\/a><\/li>\n\n\n\n<li><a href=\"https:\/\/www.uartes.edu.ec\/sitio\/?wpdmdl=8861\">Formulaire de bon usage et de responsabilit\u00e9 du SGD<\/a><\/li>\n\n\n\n<li><a href=\"https:\/\/www.uartes.edu.ec\/sitio\/?wpdmdl=8840\">Mod\u00e8le de calendrier et de contr\u00f4le du nettoyage ou des nuisibles<\/a><\/li>\n\n\n\n<li><a href=\"https:\/\/www.uartes.edu.ec\/sitio\/?wpdmdl=16520\">Mod\u00e8le d'inventaire g\u00e9n\u00e9ral par fonds \u2013 Archives centrales<\/a><\/li>\n\n\n\n<li><a href=\"https:\/\/www.uartes.edu.ec\/sitio\/?wpdmdl=8846\">Mod\u00e8le d'\u00e9tiquettes pour classeurs (dos de 8 et de 4)<\/a><\/li>\n\n\n\n<li><a href=\"https:\/\/www.uartes.edu.ec\/sitio\/?wpdmdl=10028\">Mod\u00e8le d'\u00e9tiquettes pour bo\u00eetes T15 et T03<\/a><\/li>\n\n\n\n<li><a href=\"https:\/\/www.uartes.edu.ec\/sitio\/?wpdmdl=8849\">Mod\u00e8le de fiche de suivi des d\u00e9marches documentaires<\/a><\/li>\n\n\n\n<li><a href=\"https:\/\/www.uartes.edu.ec\/sitio\/?wpdmdl=8851\">Mod\u00e8le de rapport de transfert documentaire<\/a><\/li>\n\n\n\n<li><a href=\"https:\/\/www.uartes.edu.ec\/sitio\/?wpdmdl=8859\">Mod\u00e8le de relev\u00e9 des s\u00e9ries documentaires<\/a><\/li>\n\n\n\n<li><a href=\"https:\/\/www.uartes.edu.ec\/sitio\/?wpdmdl=8857\">Formulaire de pr\u00eat documentaire<\/a><\/li>\n\n\n\n<li><a href=\"https:\/\/www.uartes.edu.ec\/sitio\/?wpdmdl=46365\">Formulario de Creaci\u00f3n Documental<\/a><\/li>\n\n\n\n<li><a href=\"https:\/\/www.uartes.edu.ec\/sitio\/?wpdmdl=52769\">Inventaire documentaire \u2013 Archives de gestion<\/a><\/li>\n\n\n\n<li><a href=\"https:\/\/www.uartes.edu.ec\/sitio\/?wpdmdl=8888\">Registre de remise de copies certifi\u00e9es<\/a><\/li>\n<\/ul>\n\n\n\n<p class=\"wp-block-paragraph\"><\/p>","protected":false},"excerpt":{"rendered":"<p>Registro Oficial de la Normativa Institucional En cumplimiento del Reglamento Interno para la Elaboraci\u00f3n y Expedici\u00f3n de los Instrumentos Normativos Internos (Resoluci\u00f3n N.\u00b0 UA-OCS-RSE-2026-012), aprobado por el \u00d3rgano Colegiado Superior el 4 de marzo de 2026, la Universidad de las Artes publica a continuaci\u00f3n el conjunto de instrumentos normativos institucionales vigentes, ordenados conforme a la [&hellip;]<\/p>\n","protected":false},"author":1,"featured_media":0,"parent":4149,"menu_order":9,"comment_status":"closed","ping_status":"closed","template":"","meta":{"_acf_changed":false,"_uag_custom_page_level_css":"","_monsterinsights_skip_tracking":false,"cybocfi_hide_featured_image":"","footnotes":""},"class_list":["post-8822","page","type-page","status-publish","hentry"],"acf":[],"yoast_head":"<!-- This site is optimized with the Yoast SEO plugin v28.4 - https:\/\/yoast.com\/product\/yoast-seo-wordpress\/ -->\n<title>Universidad de las Artes - Gesti\u00f3n Documental<\/title>\n<meta name=\"description\" content=\"Universidad de las Artes - Gesti\u00f3n Documental\" \/>\n<meta name=\"robots\" content=\"index, follow, max-snippet:-1, max-image-preview:large, max-video-preview:-1\" \/>\n<link rel=\"canonical\" href=\"https:\/\/www.uartes.edu.ec\/sitio\/fr\/la-universidad\/institucional\/gestion-documental\/\" \/>\n<meta property=\"og:locale\" content=\"fr_FR\" \/>\n<meta property=\"og:type\" content=\"article\" \/>\n<meta property=\"og:title\" content=\"Universidad de las Artes - Gesti\u00f3n Documental\" \/>\n<meta property=\"og:description\" content=\"Universidad de las Artes - Gesti\u00f3n Documental\" \/>\n<meta property=\"og:url\" content=\"https:\/\/www.uartes.edu.ec\/sitio\/fr\/la-universidad\/institucional\/gestion-documental\/\" \/>\n<meta property=\"og:site_name\" content=\"Universidad de las Artes\" \/>\n<meta property=\"article:publisher\" content=\"https:\/\/www.facebook.com\/uartesec\" \/>\n<meta property=\"article:modified_time\" content=\"2026-07-15T19:23:59+00:00\" \/>\n<meta name=\"twitter:card\" content=\"summary_large_image\" \/>\n<meta name=\"twitter:site\" content=\"@uartesec\" \/>\n<meta name=\"twitter:label1\" content=\"Dur\u00e9e de lecture estim\u00e9e\" \/>\n\t<meta name=\"twitter:data1\" content=\"3 minutes\" \/>\n<script type=\"application\/ld+json\" class=\"yoast-schema-graph\">{\"@context\":\"https:\\\/\\\/schema.org\",\"@graph\":[{\"@type\":\"WebPage\",\"@id\":\"https:\\\/\\\/www.uartes.edu.ec\\\/sitio\\\/fr\\\/la-universidad\\\/institucional\\\/gestion-documental\\\/\",\"url\":\"https:\\\/\\\/www.uartes.edu.ec\\\/sitio\\\/fr\\\/la-universidad\\\/institucional\\\/gestion-documental\\\/\",\"name\":\"Universidad de las Artes - Gesti\u00f3n Documental\",\"isPartOf\":{\"@id\":\"https:\\\/\\\/www.uartes.edu.ec\\\/sitio\\\/fr\\\/#website\"},\"datePublished\":\"2020-09-21T13:52:17+00:00\",\"dateModified\":\"2026-07-15T19:23:59+00:00\",\"description\":\"Universidad de las Artes - Gesti\u00f3n Documental\",\"breadcrumb\":{\"@id\":\"https:\\\/\\\/www.uartes.edu.ec\\\/sitio\\\/fr\\\/la-universidad\\\/institucional\\\/gestion-documental\\\/#breadcrumb\"},\"inLanguage\":\"fr-FR\",\"potentialAction\":[{\"@type\":\"ReadAction\",\"target\":[\"https:\\\/\\\/www.uartes.edu.ec\\\/sitio\\\/fr\\\/la-universidad\\\/institucional\\\/gestion-documental\\\/\"]}]},{\"@type\":\"BreadcrumbList\",\"@id\":\"https:\\\/\\\/www.uartes.edu.ec\\\/sitio\\\/fr\\\/la-universidad\\\/institucional\\\/gestion-documental\\\/#breadcrumb\",\"itemListElement\":[{\"@type\":\"ListItem\",\"position\":1,\"name\":\"Inicio\",\"item\":\"https:\\\/\\\/www.uartes.edu.ec\\\/sitio\\\/\"},{\"@type\":\"ListItem\",\"position\":2,\"name\":\"Universidad de las Artes\",\"item\":\"https:\\\/\\\/www.uartes.edu.ec\\\/sitio\\\/\"},{\"@type\":\"ListItem\",\"position\":3,\"name\":\"Institucional\",\"item\":\"https:\\\/\\\/www.uartes.edu.ec\\\/sitio\\\/la-universidad\\\/institucional\\\/\"},{\"@type\":\"ListItem\",\"position\":4,\"name\":\"Gesti\u00f3n Documental\"}]},{\"@type\":\"WebSite\",\"@id\":\"https:\\\/\\\/www.uartes.edu.ec\\\/sitio\\\/fr\\\/#website\",\"url\":\"https:\\\/\\\/www.uartes.edu.ec\\\/sitio\\\/fr\\\/\",\"name\":\"Universidad de las Artes\",\"description\":\"Sitio oficial de la Universidad Nacional de las Artes del Ecuador\",\"publisher\":{\"@id\":\"https:\\\/\\\/www.uartes.edu.ec\\\/sitio\\\/fr\\\/#organization\"},\"potentialAction\":[{\"@type\":\"SearchAction\",\"target\":{\"@type\":\"EntryPoint\",\"urlTemplate\":\"https:\\\/\\\/www.uartes.edu.ec\\\/sitio\\\/fr\\\/?s={search_term_string}\"},\"query-input\":{\"@type\":\"PropertyValueSpecification\",\"valueRequired\":true,\"valueName\":\"search_term_string\"}}],\"inLanguage\":\"fr-FR\"},{\"@type\":\"Organization\",\"@id\":\"https:\\\/\\\/www.uartes.edu.ec\\\/sitio\\\/fr\\\/#organization\",\"name\":\"Universidad de las Artes\",\"url\":\"https:\\\/\\\/www.uartes.edu.ec\\\/sitio\\\/fr\\\/\",\"logo\":{\"@type\":\"ImageObject\",\"inLanguage\":\"fr-FR\",\"@id\":\"https:\\\/\\\/www.uartes.edu.ec\\\/sitio\\\/fr\\\/#\\\/schema\\\/logo\\\/image\\\/\",\"url\":\"https:\\\/\\\/www.uartes.edu.ec\\\/sitio\\\/wp-content\\\/uploads\\\/2022\\\/07\\\/logo-ua-horizontal.png\",\"contentUrl\":\"https:\\\/\\\/www.uartes.edu.ec\\\/sitio\\\/wp-content\\\/uploads\\\/2022\\\/07\\\/logo-ua-horizontal.png\",\"width\":800,\"height\":276,\"caption\":\"Universidad de las Artes\"},\"image\":{\"@id\":\"https:\\\/\\\/www.uartes.edu.ec\\\/sitio\\\/fr\\\/#\\\/schema\\\/logo\\\/image\\\/\"},\"sameAs\":[\"https:\\\/\\\/www.facebook.com\\\/uartesec\",\"https:\\\/\\\/x.com\\\/uartesec\",\"https:\\\/\\\/www.tiktok.com\\\/@uartesec\"]}]}<\/script>\n<!-- \/ Yoast SEO plugin. -->","yoast_head_json":{"title":"Universidad de las Artes - Gesti\u00f3n Documental","description":"Universidad de las Artes - Gesti\u00f3n Documental","robots":{"index":"index","follow":"follow","max-snippet":"max-snippet:-1","max-image-preview":"max-image-preview:large","max-video-preview":"max-video-preview:-1"},"canonical":"https:\/\/www.uartes.edu.ec\/sitio\/fr\/la-universidad\/institucional\/gestion-documental\/","og_locale":"fr_FR","og_type":"article","og_title":"Universidad de las Artes - Gesti\u00f3n Documental","og_description":"Universidad de las Artes - Gesti\u00f3n Documental","og_url":"https:\/\/www.uartes.edu.ec\/sitio\/fr\/la-universidad\/institucional\/gestion-documental\/","og_site_name":"Universidad de las Artes","article_publisher":"https:\/\/www.facebook.com\/uartesec","article_modified_time":"2026-07-15T19:23:59+00:00","twitter_card":"summary_large_image","twitter_site":"@uartesec","twitter_misc":{"Dur\u00e9e de lecture estim\u00e9e":"3 minutes"},"schema":{"@context":"https:\/\/schema.org","@graph":[{"@type":"WebPage","@id":"https:\/\/www.uartes.edu.ec\/sitio\/fr\/la-universidad\/institucional\/gestion-documental\/","url":"https:\/\/www.uartes.edu.ec\/sitio\/fr\/la-universidad\/institucional\/gestion-documental\/","name":"Universidad de las Artes - Gesti\u00f3n Documental","isPartOf":{"@id":"https:\/\/www.uartes.edu.ec\/sitio\/fr\/#website"},"datePublished":"2020-09-21T13:52:17+00:00","dateModified":"2026-07-15T19:23:59+00:00","description":"Universidad de las Artes - Gesti\u00f3n Documental","breadcrumb":{"@id":"https:\/\/www.uartes.edu.ec\/sitio\/fr\/la-universidad\/institucional\/gestion-documental\/#breadcrumb"},"inLanguage":"fr-FR","potentialAction":[{"@type":"ReadAction","target":["https:\/\/www.uartes.edu.ec\/sitio\/fr\/la-universidad\/institucional\/gestion-documental\/"]}]},{"@type":"BreadcrumbList","@id":"https:\/\/www.uartes.edu.ec\/sitio\/fr\/la-universidad\/institucional\/gestion-documental\/#breadcrumb","itemListElement":[{"@type":"ListItem","position":1,"name":"Inicio","item":"https:\/\/www.uartes.edu.ec\/sitio\/"},{"@type":"ListItem","position":2,"name":"Universidad de las Artes","item":"https:\/\/www.uartes.edu.ec\/sitio\/"},{"@type":"ListItem","position":3,"name":"Institucional","item":"https:\/\/www.uartes.edu.ec\/sitio\/la-universidad\/institucional\/"},{"@type":"ListItem","position":4,"name":"Gesti\u00f3n Documental"}]},{"@type":"WebSite","@id":"https:\/\/www.uartes.edu.ec\/sitio\/fr\/#website","url":"https:\/\/www.uartes.edu.ec\/sitio\/fr\/","name":"l'Universit\u00e9 des Arts","description":"Sitio oficial de la Universidad Nacional de las Artes del Ecuador","publisher":{"@id":"https:\/\/www.uartes.edu.ec\/sitio\/fr\/#organization"},"potentialAction":[{"@type":"SearchAction","target":{"@type":"EntryPoint","urlTemplate":"https:\/\/www.uartes.edu.ec\/sitio\/fr\/?s={search_term_string}"},"query-input":{"@type":"PropertyValueSpecification","valueRequired":true,"valueName":"search_term_string"}}],"inLanguage":"fr-FR"},{"@type":"Organization","@id":"https:\/\/www.uartes.edu.ec\/sitio\/fr\/#organization","name":"l'Universit\u00e9 des Arts","url":"https:\/\/www.uartes.edu.ec\/sitio\/fr\/","logo":{"@type":"ImageObject","inLanguage":"fr-FR","@id":"https:\/\/www.uartes.edu.ec\/sitio\/fr\/#\/schema\/logo\/image\/","url":"https:\/\/www.uartes.edu.ec\/sitio\/wp-content\/uploads\/2022\/07\/logo-ua-horizontal.png","contentUrl":"https:\/\/www.uartes.edu.ec\/sitio\/wp-content\/uploads\/2022\/07\/logo-ua-horizontal.png","width":800,"height":276,"caption":"Universidad de las Artes"},"image":{"@id":"https:\/\/www.uartes.edu.ec\/sitio\/fr\/#\/schema\/logo\/image\/"},"sameAs":["https:\/\/www.facebook.com\/uartesec","https:\/\/x.com\/uartesec","https:\/\/www.tiktok.com\/@uartesec"]}]}},"uagb_featured_image_src":{"full":false,"thumbnail":false,"medium":false,"medium_large":false,"large":false,"1536x1536":false,"2048x2048":false,"trp-custom-language-flag":false,"gb-block-post-grid-landscape":false,"gb-block-post-grid-square":false,"university-hub-thumb":false},"uagb_author_info":{"display_name":"Universidad de las Artes","author_link":"https:\/\/www.uartes.edu.ec\/sitio\/fr\/blog\/author\/dircomadm\/"},"uagb_comment_info":0,"uagb_excerpt":"Registro Oficial de la Normativa Institucional En cumplimiento del Reglamento Interno para la Elaboraci\u00f3n y Expedici\u00f3n de los Instrumentos Normativos Internos (Resoluci\u00f3n N.\u00b0 UA-OCS-RSE-2026-012), aprobado por el \u00d3rgano Colegiado Superior el 4 de marzo de 2026, la Universidad de las Artes publica a continuaci\u00f3n el conjunto de instrumentos normativos institucionales vigentes, ordenados conforme a la\u2026","featured_image_src":null,"featured_image_src_square":null,"publishpress_future_action":{"enabled":false,"date":"2026-09-13 08:21:11","action":"change-status","newStatus":"draft","terms":[],"taxonomy":"","extraData":[]},"publishpress_future_workflow_manual_trigger":{"enabledWorkflows":[]},"distributor_meta":false,"distributor_terms":false,"distributor_media":false,"distributor_original_site_name":"Universidad de las Artes","distributor_original_site_url":"https:\/\/www.uartes.edu.ec\/sitio\/fr","push-errors":false,"_links":{"self":[{"href":"https:\/\/www.uartes.edu.ec\/sitio\/fr\/wp-json\/wp\/v2\/pages\/8822","targetHints":{"allow":["GET"]}}],"collection":[{"href":"https:\/\/www.uartes.edu.ec\/sitio\/fr\/wp-json\/wp\/v2\/pages"}],"about":[{"href":"https:\/\/www.uartes.edu.ec\/sitio\/fr\/wp-json\/wp\/v2\/types\/page"}],"author":[{"embeddable":true,"href":"https:\/\/www.uartes.edu.ec\/sitio\/fr\/wp-json\/wp\/v2\/users\/1"}],"replies":[{"embeddable":true,"href":"https:\/\/www.uartes.edu.ec\/sitio\/fr\/wp-json\/wp\/v2\/comments?post=8822"}],"version-history":[{"count":34,"href":"https:\/\/www.uartes.edu.ec\/sitio\/fr\/wp-json\/wp\/v2\/pages\/8822\/revisions"}],"predecessor-version":[{"id":93894,"href":"https:\/\/www.uartes.edu.ec\/sitio\/fr\/wp-json\/wp\/v2\/pages\/8822\/revisions\/93894"}],"up":[{"embeddable":true,"href":"https:\/\/www.uartes.edu.ec\/sitio\/fr\/wp-json\/wp\/v2\/pages\/4149"}],"wp:attachment":[{"href":"https:\/\/www.uartes.edu.ec\/sitio\/fr\/wp-json\/wp\/v2\/media?parent=8822"}],"curies":[{"name":"wp","href":"https:\/\/api.w.org\/{rel}","templated":true}]}}