{"id":89471,"date":"2026-04-23T12:33:34","date_gmt":"2026-04-23T17:33:34","guid":{"rendered":"https:\/\/www.uartes.edu.ec\/sitio\/?page_id=89471"},"modified":"2026-04-23T12:45:57","modified_gmt":"2026-04-23T17:45:57","slug":"programas-y-proyectos-2","status":"publish","type":"page","link":"https:\/\/www.uartes.edu.ec\/sitio\/fr\/la-universidad\/vinculo-con-la-comunidad\/programas-y-proyectos\/","title":{"rendered":"Programmes et Projets"},"content":{"rendered":"<div data-elementor-type=\"wp-page\" data-elementor-id=\"89471\" class=\"elementor elementor-89471\" data-elementor-settings=\"{&quot;ha_cmc_init_switcher&quot;:&quot;no&quot;}\" data-elementor-post-type=\"page\">\n\t\t\t\t<div class=\"elementor-element elementor-element-f33e0f7 e-flex e-con-boxed e-con e-parent\" data-id=\"f33e0f7\" data-element_type=\"container\" data-e-type=\"container\" data-settings=\"{&quot;background_background&quot;:&quot;classic&quot;,&quot;_ha_eqh_enable&quot;:false}\">\n\t\t\t\t\t<div class=\"e-con-inner\">\n\t\t\t\t\t<\/div>\n\t\t\t\t<\/div>\n\t\t<div class=\"elementor-element elementor-element-457cab74 e-flex e-con-boxed e-con e-parent\" data-id=\"457cab74\" data-element_type=\"container\" data-e-type=\"container\" data-settings=\"{&quot;_ha_eqh_enable&quot;:false}\">\n\t\t\t\t\t<div class=\"e-con-inner\">\n\t\t<div class=\"elementor-element elementor-element-f5337a8 e-con-full e-flex e-con e-child\" data-id=\"f5337a8\" data-element_type=\"container\" data-e-type=\"container\" data-settings=\"{&quot;_ha_eqh_enable&quot;:false}\">\n\t\t\t\t<div class=\"elementor-element elementor-element-72c8db2 elementor-widget elementor-widget-theme-post-title elementor-page-title elementor-widget-heading\" data-id=\"72c8db2\" data-element_type=\"widget\" data-e-type=\"widget\" data-widget_type=\"theme-post-title.default\">\n\t\t\t\t<div class=\"elementor-widget-container\">\n\t\t\t\t\t<h1 class=\"elementor-heading-title elementor-size-default\">Programmes et Projets<\/h1>\t\t\t\t<\/div>\n\t\t\t\t<\/div>\n\t\t\t\t<div class=\"elementor-element elementor-element-6020492 elementor-widget elementor-widget-text-editor\" data-id=\"6020492\" data-element_type=\"widget\" data-e-type=\"widget\" data-widget_type=\"text-editor.default\">\n\t\t\t\t<div class=\"elementor-widget-container\">\n\t\t\t\t\t\t\t\t\t<p data-start=\"7002\" data-end=\"7350\">Los programas de vinculaci\u00f3n con la comunidad re\u00fanen proyectos que comparten un mismo objetivo y que aportan al desarrollo local, nacional o regional. Estas acciones se dirigen a comunidades claramente identificadas, responden a necesidades concretas de sus contextos y se articulan con los objetivos institucionales de la Universidad de las Artes.<\/p>\n<p data-start=\"7352\" data-end=\"7554\">A trav\u00e9s de estos programas, la Universidad impulsa procesos de formaci\u00f3n, creaci\u00f3n, circulaci\u00f3n, participaci\u00f3n y trabajo colaborativo con diversos territorios, colectivos, organizaciones y comunidades.<\/p>\t\t\t\t\t\t\t\t<\/div>\n\t\t\t\t<\/div>\n\t\t\t\t<\/div>\n\t\t\t\t<div class=\"elementor-element elementor-element-8482198 elementor-widget elementor-widget-heading\" data-id=\"8482198\" data-element_type=\"widget\" data-e-type=\"widget\" data-widget_type=\"heading.default\">\n\t\t\t\t<div class=\"elementor-widget-container\">\n\t\t\t\t\t<h3 class=\"elementor-heading-title elementor-size-default\">Programas institucionales<\/h3>\t\t\t\t<\/div>\n\t\t\t\t<\/div>\n\t\t\t\t<div class=\"elementor-element elementor-element-bf6d444 elementor-widget elementor-widget-text-editor\" data-id=\"bf6d444\" data-element_type=\"widget\" data-e-type=\"widget\" data-widget_type=\"text-editor.default\">\n\t\t\t\t<div class=\"elementor-widget-container\">\n\t\t\t\t\t\t\t\t\t<p>La vinculaci\u00f3n con la comunidad en la Universidad de las Artes se organiza a trav\u00e9s de programas institucionales que agrupan proyectos seg\u00fan sus objetivos, enfoques de trabajo y poblaciones participantes.<\/p>\t\t\t\t\t\t\t\t<\/div>\n\t\t\t\t<\/div>\n\t\t<div class=\"elementor-element elementor-element-d9dacd8 e-grid e-con-full e-con e-child\" data-id=\"d9dacd8\" data-element_type=\"container\" data-e-type=\"container\" data-settings=\"{&quot;_ha_eqh_enable&quot;:false}\">\n\t\t<div class=\"elementor-element elementor-element-af924d8 e-con-full e-flex e-con e-child\" data-id=\"af924d8\" data-element_type=\"container\" data-e-type=\"container\" data-settings=\"{&quot;background_background&quot;:&quot;classic&quot;,&quot;_ha_eqh_enable&quot;:false}\">\n\t\t\t\t<div class=\"elementor-element elementor-element-d163ec3 elementor-widget elementor-widget-image\" data-id=\"d163ec3\" data-element_type=\"widget\" data-e-type=\"widget\" data-widget_type=\"image.default\">\n\t\t\t\t<div class=\"elementor-widget-container\">\n\t\t\t\t\t\t\t\t\t\t\t\t\t\t\t<img fetchpriority=\"high\" decoding=\"async\" width=\"644\" height=\"429\" src=\"https:\/\/www.uartes.edu.ec\/sitio\/wp-content\/uploads\/2025\/12\/IMG_3560-1-644x429.jpg\" class=\"attachment-large size-large wp-image-83815\" alt=\"\" srcset=\"https:\/\/www.uartes.edu.ec\/sitio\/wp-content\/uploads\/2025\/12\/IMG_3560-1-644x429.jpg 644w, https:\/\/www.uartes.edu.ec\/sitio\/wp-content\/uploads\/2025\/12\/IMG_3560-1-300x200.jpg 300w, https:\/\/www.uartes.edu.ec\/sitio\/wp-content\/uploads\/2025\/12\/IMG_3560-1-768x512.jpg 768w, https:\/\/www.uartes.edu.ec\/sitio\/wp-content\/uploads\/2025\/12\/IMG_3560-1-1536x1024.jpg 1536w, https:\/\/www.uartes.edu.ec\/sitio\/wp-content\/uploads\/2025\/12\/IMG_3560-1-18x12.jpg 18w, https:\/\/www.uartes.edu.ec\/sitio\/wp-content\/uploads\/2025\/12\/IMG_3560-1-600x400.jpg 600w, https:\/\/www.uartes.edu.ec\/sitio\/wp-content\/uploads\/2025\/12\/IMG_3560-1-400x267.jpg 400w, https:\/\/www.uartes.edu.ec\/sitio\/wp-content\/uploads\/2025\/12\/IMG_3560-1.jpg 2000w\" sizes=\"(max-width: 644px) 100vw, 644px\" \/>\t\t\t\t\t\t\t\t\t\t\t\t\t\t\t<\/div>\n\t\t\t\t<\/div>\n\t\t\t\t<div class=\"elementor-element elementor-element-6bff4bc elementor-widget elementor-widget-heading\" data-id=\"6bff4bc\" data-element_type=\"widget\" data-e-type=\"widget\" data-widget_type=\"heading.default\">\n\t\t\t\t<div class=\"elementor-widget-container\">\n\t\t\t\t\t<h3 class=\"elementor-heading-title elementor-size-default\">Territoires et diversit\u00e9s<\/h3>\t\t\t\t<\/div>\n\t\t\t\t<\/div>\n\t\t\t\t<div class=\"elementor-element elementor-element-faa30c6 elementor-widget elementor-widget-heading\" data-id=\"faa30c6\" data-element_type=\"widget\" data-e-type=\"widget\" data-widget_type=\"heading.default\">\n\t\t\t\t<div class=\"elementor-widget-container\">\n\t\t\t\t\t<p class=\"elementor-heading-title elementor-size-default\">Este programa promueve el encuentro y la construcci\u00f3n colaborativa de conocimientos entre la Universidad de las Artes y comunidades diversas. Su prop\u00f3sito es fortalecer los di\u00e1logos de saberes y reconocer a las artes como herramientas para la transformaci\u00f3n sociocultural, el empoderamiento comunitario y la atenci\u00f3n de problem\u00e1ticas sociales.<\/p>\t\t\t\t<\/div>\n\t\t\t\t<\/div>\n\t\t\t\t<\/div>\n\t\t<div class=\"elementor-element elementor-element-29981c9 e-con-full e-flex e-con e-child\" data-id=\"29981c9\" data-element_type=\"container\" data-e-type=\"container\" data-settings=\"{&quot;background_background&quot;:&quot;classic&quot;,&quot;_ha_eqh_enable&quot;:false}\">\n\t\t\t\t<div class=\"elementor-element elementor-element-0d72be4 elementor-widget elementor-widget-image\" data-id=\"0d72be4\" data-element_type=\"widget\" data-e-type=\"widget\" data-widget_type=\"image.default\">\n\t\t\t\t<div class=\"elementor-widget-container\">\n\t\t\t\t\t\t\t\t\t\t\t\t\t\t\t<img decoding=\"async\" width=\"644\" height=\"429\" src=\"https:\/\/www.uartes.edu.ec\/sitio\/wp-content\/uploads\/2025\/08\/Proyecto-Cambiar-tamano-de-imagen-2025-08-06T175823.208-644x429.jpeg\" class=\"attachment-large size-large wp-image-76809\" alt=\"\" srcset=\"https:\/\/www.uartes.edu.ec\/sitio\/wp-content\/uploads\/2025\/08\/Proyecto-Cambiar-tamano-de-imagen-2025-08-06T175823.208-644x429.jpeg 644w, https:\/\/www.uartes.edu.ec\/sitio\/wp-content\/uploads\/2025\/08\/Proyecto-Cambiar-tamano-de-imagen-2025-08-06T175823.208-300x200.jpeg 300w, https:\/\/www.uartes.edu.ec\/sitio\/wp-content\/uploads\/2025\/08\/Proyecto-Cambiar-tamano-de-imagen-2025-08-06T175823.208-768x512.jpeg 768w, https:\/\/www.uartes.edu.ec\/sitio\/wp-content\/uploads\/2025\/08\/Proyecto-Cambiar-tamano-de-imagen-2025-08-06T175823.208-1536x1024.jpeg 1536w, https:\/\/www.uartes.edu.ec\/sitio\/wp-content\/uploads\/2025\/08\/Proyecto-Cambiar-tamano-de-imagen-2025-08-06T175823.208-18x12.jpeg 18w, https:\/\/www.uartes.edu.ec\/sitio\/wp-content\/uploads\/2025\/08\/Proyecto-Cambiar-tamano-de-imagen-2025-08-06T175823.208-600x400.jpeg 600w, https:\/\/www.uartes.edu.ec\/sitio\/wp-content\/uploads\/2025\/08\/Proyecto-Cambiar-tamano-de-imagen-2025-08-06T175823.208-400x267.jpeg 400w, https:\/\/www.uartes.edu.ec\/sitio\/wp-content\/uploads\/2025\/08\/Proyecto-Cambiar-tamano-de-imagen-2025-08-06T175823.208.jpeg 2000w\" sizes=\"(max-width: 644px) 100vw, 644px\" \/>\t\t\t\t\t\t\t\t\t\t\t\t\t\t\t<\/div>\n\t\t\t\t<\/div>\n\t\t\t\t<div class=\"elementor-element elementor-element-91595cd elementor-widget elementor-widget-heading\" data-id=\"91595cd\" data-element_type=\"widget\" data-e-type=\"widget\" data-widget_type=\"heading.default\">\n\t\t\t\t<div class=\"elementor-widget-container\">\n\t\t\t\t\t<h3 class=\"elementor-heading-title elementor-size-default\">\u00c9ducation artistique avec les enfants et les adolescents<\/h3>\t\t\t\t<\/div>\n\t\t\t\t<\/div>\n\t\t\t\t<div class=\"elementor-element elementor-element-8ca3e01 elementor-widget elementor-widget-heading\" data-id=\"8ca3e01\" data-element_type=\"widget\" data-e-type=\"widget\" data-widget_type=\"heading.default\">\n\t\t\t\t<div class=\"elementor-widget-container\">\n\t\t\t\t\t<p class=\"elementor-heading-title elementor-size-default\">Este programa desarrolla procesos de educaci\u00f3n art\u00edstica extracurricular dirigidos a ni\u00f1as, ni\u00f1os y adolescentes, con el fin de contribuir al ejercicio de sus derechos culturales y fortalecer sus capacidades creativas.<\/p>\t\t\t\t<\/div>\n\t\t\t\t<\/div>\n\t\t\t\t<\/div>\n\t\t<div class=\"elementor-element elementor-element-b684f9f e-con-full e-flex e-con e-child\" data-id=\"b684f9f\" data-element_type=\"container\" data-e-type=\"container\" data-settings=\"{&quot;background_background&quot;:&quot;classic&quot;,&quot;_ha_eqh_enable&quot;:false}\">\n\t\t\t\t<div class=\"elementor-element elementor-element-1aef3db elementor-widget elementor-widget-image\" data-id=\"1aef3db\" data-element_type=\"widget\" data-e-type=\"widget\" data-widget_type=\"image.default\">\n\t\t\t\t<div class=\"elementor-widget-container\">\n\t\t\t\t\t\t\t\t\t\t\t\t\t\t\t<img decoding=\"async\" width=\"644\" height=\"429\" src=\"https:\/\/www.uartes.edu.ec\/sitio\/wp-content\/uploads\/2025\/07\/09-CONCIERTO-RONDALLA-Y-ENSAMBLE-DE-PERCUSION-644x429.jpg\" class=\"attachment-large size-large wp-image-75719\" alt=\"\" srcset=\"https:\/\/www.uartes.edu.ec\/sitio\/wp-content\/uploads\/2025\/07\/09-CONCIERTO-RONDALLA-Y-ENSAMBLE-DE-PERCUSION-644x429.jpg 644w, https:\/\/www.uartes.edu.ec\/sitio\/wp-content\/uploads\/2025\/07\/09-CONCIERTO-RONDALLA-Y-ENSAMBLE-DE-PERCUSION-300x200.jpg 300w, https:\/\/www.uartes.edu.ec\/sitio\/wp-content\/uploads\/2025\/07\/09-CONCIERTO-RONDALLA-Y-ENSAMBLE-DE-PERCUSION-768x512.jpg 768w, https:\/\/www.uartes.edu.ec\/sitio\/wp-content\/uploads\/2025\/07\/09-CONCIERTO-RONDALLA-Y-ENSAMBLE-DE-PERCUSION-1536x1024.jpg 1536w, https:\/\/www.uartes.edu.ec\/sitio\/wp-content\/uploads\/2025\/07\/09-CONCIERTO-RONDALLA-Y-ENSAMBLE-DE-PERCUSION-18x12.jpg 18w, https:\/\/www.uartes.edu.ec\/sitio\/wp-content\/uploads\/2025\/07\/09-CONCIERTO-RONDALLA-Y-ENSAMBLE-DE-PERCUSION-600x400.jpg 600w, https:\/\/www.uartes.edu.ec\/sitio\/wp-content\/uploads\/2025\/07\/09-CONCIERTO-RONDALLA-Y-ENSAMBLE-DE-PERCUSION-400x267.jpg 400w, https:\/\/www.uartes.edu.ec\/sitio\/wp-content\/uploads\/2025\/07\/09-CONCIERTO-RONDALLA-Y-ENSAMBLE-DE-PERCUSION.jpg 2000w\" sizes=\"(max-width: 644px) 100vw, 644px\" \/>\t\t\t\t\t\t\t\t\t\t\t\t\t\t\t<\/div>\n\t\t\t\t<\/div>\n\t\t\t\t<div class=\"elementor-element elementor-element-6e56611 elementor-widget elementor-widget-heading\" data-id=\"6e56611\" data-element_type=\"widget\" data-e-type=\"widget\" data-widget_type=\"heading.default\">\n\t\t\t\t<div class=\"elementor-widget-container\">\n\t\t\t\t\t<h3 class=\"elementor-heading-title elementor-size-default\">Production et circulation de pratiques artistiques et cr\u00e9atives<\/h3>\t\t\t\t<\/div>\n\t\t\t\t<\/div>\n\t\t\t\t<div class=\"elementor-element elementor-element-0c63e04 elementor-widget elementor-widget-heading\" data-id=\"0c63e04\" data-element_type=\"widget\" data-e-type=\"widget\" data-widget_type=\"heading.default\">\n\t\t\t\t<div class=\"elementor-widget-container\">\n\t\t\t\t\t<p class=\"elementor-heading-title elementor-size-default\">Este programa promueve la producci\u00f3n, circulaci\u00f3n y divulgaci\u00f3n de pr\u00e1cticas art\u00edsticas, creativas y saberes junto a distintas comunidades, con el objetivo de contribuir a la democratizaci\u00f3n del acceso a las artes.<\/p>\t\t\t\t<\/div>\n\t\t\t\t<\/div>\n\t\t\t\t<\/div>\n\t\t<div class=\"elementor-element elementor-element-0c55411 e-con-full e-flex e-con e-child\" data-id=\"0c55411\" data-element_type=\"container\" data-e-type=\"container\" data-settings=\"{&quot;background_background&quot;:&quot;classic&quot;,&quot;_ha_eqh_enable&quot;:false}\">\n\t\t\t\t<div class=\"elementor-element elementor-element-d7c131f elementor-widget elementor-widget-image\" data-id=\"d7c131f\" data-element_type=\"widget\" data-e-type=\"widget\" data-widget_type=\"image.default\">\n\t\t\t\t<div class=\"elementor-widget-container\">\n\t\t\t\t\t\t\t\t\t\t\t\t\t\t\t<img loading=\"lazy\" decoding=\"async\" width=\"644\" height=\"429\" src=\"https:\/\/www.uartes.edu.ec\/sitio\/wp-content\/uploads\/2022\/02\/EDUCACION-CONTINUA-WEB-644x429.jpg\" class=\"attachment-large size-large wp-image-19420\" alt=\"\" srcset=\"https:\/\/www.uartes.edu.ec\/sitio\/wp-content\/uploads\/2022\/02\/EDUCACION-CONTINUA-WEB-644x429.jpg 644w, https:\/\/www.uartes.edu.ec\/sitio\/wp-content\/uploads\/2022\/02\/EDUCACION-CONTINUA-WEB-300x200.jpg 300w, https:\/\/www.uartes.edu.ec\/sitio\/wp-content\/uploads\/2022\/02\/EDUCACION-CONTINUA-WEB-768x512.jpg 768w, https:\/\/www.uartes.edu.ec\/sitio\/wp-content\/uploads\/2022\/02\/EDUCACION-CONTINUA-WEB-1536x1024.jpg 1536w, https:\/\/www.uartes.edu.ec\/sitio\/wp-content\/uploads\/2022\/02\/EDUCACION-CONTINUA-WEB-600x400.jpg 600w, https:\/\/www.uartes.edu.ec\/sitio\/wp-content\/uploads\/2022\/02\/EDUCACION-CONTINUA-WEB-400x267.jpg 400w, https:\/\/www.uartes.edu.ec\/sitio\/wp-content\/uploads\/2022\/02\/EDUCACION-CONTINUA-WEB-272x182.jpg 272w, https:\/\/www.uartes.edu.ec\/sitio\/wp-content\/uploads\/2022\/02\/EDUCACION-CONTINUA-WEB.jpg 2000w\" sizes=\"(max-width: 644px) 100vw, 644px\" \/>\t\t\t\t\t\t\t\t\t\t\t\t\t\t\t<\/div>\n\t\t\t\t<\/div>\n\t\t\t\t<div class=\"elementor-element elementor-element-bed3e5e elementor-widget elementor-widget-heading\" data-id=\"bed3e5e\" data-element_type=\"widget\" data-e-type=\"widget\" data-widget_type=\"heading.default\">\n\t\t\t\t<div class=\"elementor-widget-container\">\n\t\t\t\t\t<h3 class=\"elementor-heading-title elementor-size-default\">Educaci\u00f3n continua<\/h3>\t\t\t\t<\/div>\n\t\t\t\t<\/div>\n\t\t\t\t<div class=\"elementor-element elementor-element-b5afbb9 elementor-widget elementor-widget-heading\" data-id=\"b5afbb9\" data-element_type=\"widget\" data-e-type=\"widget\" data-widget_type=\"heading.default\">\n\t\t\t\t<div class=\"elementor-widget-container\">\n\t\t\t\t\t<p class=\"elementor-heading-title elementor-size-default\">Este programa desarrolla cursos, seminarios, talleres, debates, conferencias y otras propuestas formativas orientadas al intercambio de saberes y al fortalecimiento de capacidades.<\/p>\t\t\t\t<\/div>\n\t\t\t\t<\/div>\n\t\t\t\t<\/div>\n\t\t\t\t<\/div>\n\t\t\t\t\t<\/div>\n\t\t\t\t<\/div>\n\t\t<div class=\"elementor-element elementor-element-8cf7cea e-flex e-con-boxed e-con e-parent\" data-id=\"8cf7cea\" data-element_type=\"container\" data-e-type=\"container\" data-settings=\"{&quot;background_background&quot;:&quot;classic&quot;,&quot;_ha_eqh_enable&quot;:false}\">\n\t\t\t\t\t<div class=\"e-con-inner\">\n\t\t\t\t<div class=\"elementor-element elementor-element-b4aa612 elementor-widget elementor-widget-heading\" data-id=\"b4aa612\" data-element_type=\"widget\" data-e-type=\"widget\" data-widget_type=\"heading.default\">\n\t\t\t\t<div class=\"elementor-widget-container\">\n\t\t\t\t\t<h3 class=\"elementor-heading-title elementor-size-default\">Proyectos de vinculaci\u00f3n<\/h3>\t\t\t\t<\/div>\n\t\t\t\t<\/div>\n\t\t\t\t<div class=\"elementor-element elementor-element-4b7345e elementor-widget elementor-widget-text-editor\" data-id=\"4b7345e\" data-element_type=\"widget\" data-e-type=\"widget\" data-widget_type=\"text-editor.default\">\n\t\t\t\t<div class=\"elementor-widget-container\">\n\t\t\t\t\t\t\t\t\t<p data-start=\"8958\" data-end=\"9172\">Los proyectos de vinculaci\u00f3n con la comunidad son conjuntos de actividades y procesos debidamente planificados, orientados a transformar una realidad espec\u00edfica o aportar a la soluci\u00f3n de una problem\u00e1tica concreta.<\/p>\n<p data-start=\"9174\" data-end=\"9436\">En la Universidad de las Artes, todos los proyectos de vinculaci\u00f3n se enmarcan en uno de los programas institucionales. Adem\u00e1s, constituyen un espacio importante para el desarrollo de pr\u00e1cticas preprofesionales y de servicio comunitario de las y los estudiantes.<\/p>\t\t\t\t\t\t\t\t<\/div>\n\t\t\t\t<\/div>\n\t\t\t\t<div class=\"elementor-element elementor-element-e8788d5 elementor-skin-coverflow elementor-widget__width-initial elementor-arrows-yes elementor-pagination-type-bullets elementor-pagination-position-outside elementor-widget elementor-widget-media-carousel\" data-id=\"e8788d5\" data-element_type=\"widget\" data-e-type=\"widget\" data-settings=\"{&quot;skin&quot;:&quot;coverflow&quot;,&quot;show_arrows&quot;:&quot;yes&quot;,&quot;pagination&quot;:&quot;bullets&quot;,&quot;speed&quot;:500,&quot;autoplay&quot;:&quot;yes&quot;,&quot;autoplay_speed&quot;:5000,&quot;loop&quot;:&quot;yes&quot;,&quot;pause_on_hover&quot;:&quot;yes&quot;,&quot;pause_on_interaction&quot;:&quot;yes&quot;,&quot;space_between&quot;:{&quot;unit&quot;:&quot;px&quot;,&quot;size&quot;:10,&quot;sizes&quot;:[]},&quot;space_between_tablet&quot;:{&quot;unit&quot;:&quot;px&quot;,&quot;size&quot;:10,&quot;sizes&quot;:[]},&quot;space_between_mobile&quot;:{&quot;unit&quot;:&quot;px&quot;,&quot;size&quot;:10,&quot;sizes&quot;:[]}}\" data-widget_type=\"media-carousel.default\">\n\t\t\t\t<div class=\"elementor-widget-container\">\n\t\t\t\t\t\t\t\t\t<div class=\"elementor-swiper\">\n\t\t\t\t\t<div class=\"elementor-main-swiper swiper\" role=\"region\" aria-roledescription=\"carousel\" aria-label=\"Diapositivas\">\n\t\t\t\t<div class=\"swiper-wrapper\">\n\t\t\t\t\t\t\t\t\t\t\t<div class=\"swiper-slide\" role=\"group\" aria-roledescription=\"slide\">\n\t\t\t\t\t\t\t<a href=\"https:\/\/www.uartes.edu.ec\/sitio\/wp-content\/uploads\/2026\/04\/maxresdefault-2.jpg\" data-elementor-open-lightbox=\"yes\" data-elementor-lightbox-slideshow=\"e8788d5\" data-e-action-hash=\"#elementor-action%3Aaction%3Dlightbox%26settings%3DeyJpZCI6ODk0ODcsInVybCI6Imh0dHBzOlwvXC93d3cudWFydGVzLmVkdS5lY1wvc2l0aW9cL3dwLWNvbnRlbnRcL3VwbG9hZHNcLzIwMjZcLzA0XC9tYXhyZXNkZWZhdWx0LTIuanBnIiwic2xpZGVzaG93IjoiZTg3ODhkNSJ9\" data-elementor-lightbox-video=\"https:\/\/www.youtube.com\/embed\/5gMuSG6-WsE?feature=oembed&amp;autoplay=1&amp;rel=0&amp;controls=0\">\t\t<div class=\"elementor-carousel-image\" role=\"img\" aria-label=\"maxresdefault (2)\" style=\"background-image: url(&#039;https:\/\/www.uartes.edu.ec\/sitio\/wp-content\/uploads\/2026\/04\/maxresdefault-2.jpg&#039;)\">\n\n\t\t\t\n\t\t\t\t\t\t\t<div class=\"elementor-custom-embed-play\">\n\t\t\t\t\t<svg aria-hidden=\"true\" class=\"e-font-icon-svg e-eicon-play\" viewbox=\"0 0 1000 1000\" xmlns=\"http:\/\/www.w3.org\/2000\/svg\"><path d=\"M838 162C746 71 633 25 500 25 371 25 258 71 163 162 71 254 25 367 25 500 25 633 71 746 163 837 254 929 367 979 500 979 633 979 746 933 838 837 929 746 975 633 975 500 975 367 929 254 838 162M808 192C892 279 933 379 933 500 933 621 892 725 808 808 725 892 621 938 500 938 379 938 279 896 196 808 113 725 67 621 67 500 67 379 108 279 196 192 279 108 383 62 500 62 621 62 721 108 808 192M438 392V642L642 517 438 392Z\"><\/path><\/svg>\t\t\t\t\t<span class=\"elementor-screen-only\">Reproducir<\/span>\n\t\t\t\t<\/div>\n\t\t\t\t\t<\/div>\n\t\t<\/a>\t\t\t\t\t\t<\/div>\n\t\t\t\t\t\t\t\t\t\t\t<div class=\"swiper-slide\" role=\"group\" aria-roledescription=\"slide\">\n\t\t\t\t\t\t\t<a href=\"https:\/\/www.uartes.edu.ec\/sitio\/wp-content\/uploads\/2026\/04\/maxresdefault-1.jpg\" data-elementor-open-lightbox=\"yes\" data-elementor-lightbox-slideshow=\"e8788d5\" data-e-action-hash=\"#elementor-action%3Aaction%3Dlightbox%26settings%3DeyJpZCI6ODk0ODYsInVybCI6Imh0dHBzOlwvXC93d3cudWFydGVzLmVkdS5lY1wvc2l0aW9cL3dwLWNvbnRlbnRcL3VwbG9hZHNcLzIwMjZcLzA0XC9tYXhyZXNkZWZhdWx0LTEuanBnIiwic2xpZGVzaG93IjoiZTg3ODhkNSJ9\" data-elementor-lightbox-video=\"https:\/\/www.youtube.com\/embed\/y8ErpysMUT0?feature=oembed&amp;autoplay=1&amp;rel=0&amp;controls=0\">\t\t<div class=\"elementor-carousel-image\" role=\"img\" aria-label=\"maxresdefault (1)\" style=\"background-image: url(&#039;https:\/\/www.uartes.edu.ec\/sitio\/wp-content\/uploads\/2026\/04\/maxresdefault-1.jpg&#039;)\">\n\n\t\t\t\n\t\t\t\t\t\t\t<div class=\"elementor-custom-embed-play\">\n\t\t\t\t\t<svg aria-hidden=\"true\" class=\"e-font-icon-svg e-eicon-play\" viewbox=\"0 0 1000 1000\" xmlns=\"http:\/\/www.w3.org\/2000\/svg\"><path d=\"M838 162C746 71 633 25 500 25 371 25 258 71 163 162 71 254 25 367 25 500 25 633 71 746 163 837 254 929 367 979 500 979 633 979 746 933 838 837 929 746 975 633 975 500 975 367 929 254 838 162M808 192C892 279 933 379 933 500 933 621 892 725 808 808 725 892 621 938 500 938 379 938 279 896 196 808 113 725 67 621 67 500 67 379 108 279 196 192 279 108 383 62 500 62 621 62 721 108 808 192M438 392V642L642 517 438 392Z\"><\/path><\/svg>\t\t\t\t\t<span class=\"elementor-screen-only\">Reproducir<\/span>\n\t\t\t\t<\/div>\n\t\t\t\t\t<\/div>\n\t\t<\/a>\t\t\t\t\t\t<\/div>\n\t\t\t\t\t\t\t\t\t\t\t<div class=\"swiper-slide\" role=\"group\" aria-roledescription=\"slide\">\n\t\t\t\t\t\t\t<a href=\"https:\/\/www.uartes.edu.ec\/sitio\/wp-content\/uploads\/2026\/04\/maxresdefault.jpg\" data-elementor-open-lightbox=\"yes\" data-elementor-lightbox-slideshow=\"e8788d5\" data-e-action-hash=\"#elementor-action%3Aaction%3Dlightbox%26settings%3DeyJpZCI6ODk0ODUsInVybCI6Imh0dHBzOlwvXC93d3cudWFydGVzLmVkdS5lY1wvc2l0aW9cL3dwLWNvbnRlbnRcL3VwbG9hZHNcLzIwMjZcLzA0XC9tYXhyZXNkZWZhdWx0LmpwZyIsInNsaWRlc2hvdyI6ImU4Nzg4ZDUifQ%3D%3D\" data-elementor-lightbox-video=\"https:\/\/www.youtube.com\/embed\/JT_SsrNmJIM?feature=oembed&amp;autoplay=1&amp;rel=0&amp;controls=0\">\t\t<div class=\"elementor-carousel-image\" role=\"img\" aria-label=\"maxresdefault\" style=\"background-image: url(&#039;https:\/\/www.uartes.edu.ec\/sitio\/wp-content\/uploads\/2026\/04\/maxresdefault.jpg&#039;)\">\n\n\t\t\t\n\t\t\t\t\t\t\t<div class=\"elementor-custom-embed-play\">\n\t\t\t\t\t<svg aria-hidden=\"true\" class=\"e-font-icon-svg e-eicon-play\" viewbox=\"0 0 1000 1000\" xmlns=\"http:\/\/www.w3.org\/2000\/svg\"><path d=\"M838 162C746 71 633 25 500 25 371 25 258 71 163 162 71 254 25 367 25 500 25 633 71 746 163 837 254 929 367 979 500 979 633 979 746 933 838 837 929 746 975 633 975 500 975 367 929 254 838 162M808 192C892 279 933 379 933 500 933 621 892 725 808 808 725 892 621 938 500 938 379 938 279 896 196 808 113 725 67 621 67 500 67 379 108 279 196 192 279 108 383 62 500 62 621 62 721 108 808 192M438 392V642L642 517 438 392Z\"><\/path><\/svg>\t\t\t\t\t<span class=\"elementor-screen-only\">Reproducir<\/span>\n\t\t\t\t<\/div>\n\t\t\t\t\t<\/div>\n\t\t<\/a>\t\t\t\t\t\t<\/div>\n\t\t\t\t\t\t\t\t\t\t\t<div class=\"swiper-slide\" role=\"group\" aria-roledescription=\"slide\">\n\t\t\t\t\t\t\t<a href=\"https:\/\/www.uartes.edu.ec\/sitio\/wp-content\/uploads\/2026\/04\/maxresdefault-3.jpg\" data-elementor-open-lightbox=\"yes\" data-elementor-lightbox-slideshow=\"e8788d5\" data-e-action-hash=\"#elementor-action%3Aaction%3Dlightbox%26settings%3DeyJpZCI6ODk1MjcsInVybCI6Imh0dHBzOlwvXC93d3cudWFydGVzLmVkdS5lY1wvc2l0aW9cL3dwLWNvbnRlbnRcL3VwbG9hZHNcLzIwMjZcLzA0XC9tYXhyZXNkZWZhdWx0LTMuanBnIiwic2xpZGVzaG93IjoiZTg3ODhkNSJ9\" data-elementor-lightbox-video=\"https:\/\/www.youtube.com\/embed\/k50w5xpQHpo?feature=oembed&amp;autoplay=1&amp;rel=0&amp;controls=0\">\t\t<div class=\"elementor-carousel-image\" role=\"img\" aria-label=\"maxresdefault (3)\" style=\"background-image: url(&#039;https:\/\/www.uartes.edu.ec\/sitio\/wp-content\/uploads\/2026\/04\/maxresdefault-3.jpg&#039;)\">\n\n\t\t\t\n\t\t\t\t\t\t\t<div class=\"elementor-custom-embed-play\">\n\t\t\t\t\t<svg aria-hidden=\"true\" class=\"e-font-icon-svg e-eicon-play\" viewbox=\"0 0 1000 1000\" xmlns=\"http:\/\/www.w3.org\/2000\/svg\"><path d=\"M838 162C746 71 633 25 500 25 371 25 258 71 163 162 71 254 25 367 25 500 25 633 71 746 163 837 254 929 367 979 500 979 633 979 746 933 838 837 929 746 975 633 975 500 975 367 929 254 838 162M808 192C892 279 933 379 933 500 933 621 892 725 808 808 725 892 621 938 500 938 379 938 279 896 196 808 113 725 67 621 67 500 67 379 108 279 196 192 279 108 383 62 500 62 621 62 721 108 808 192M438 392V642L642 517 438 392Z\"><\/path><\/svg>\t\t\t\t\t<span class=\"elementor-screen-only\">Reproducir<\/span>\n\t\t\t\t<\/div>\n\t\t\t\t\t<\/div>\n\t\t<\/a>\t\t\t\t\t\t<\/div>\n\t\t\t\t\t\t\t\t\t\t\t<div class=\"swiper-slide\" role=\"group\" aria-roledescription=\"slide\">\n\t\t\t\t\t\t\t<a href=\"https:\/\/www.uartes.edu.ec\/sitio\/wp-content\/uploads\/2026\/04\/pacha.jpg\" data-elementor-open-lightbox=\"yes\" data-elementor-lightbox-slideshow=\"e8788d5\" data-e-action-hash=\"#elementor-action%3Aaction%3Dlightbox%26settings%3DeyJpZCI6ODk0ODQsInVybCI6Imh0dHBzOlwvXC93d3cudWFydGVzLmVkdS5lY1wvc2l0aW9cL3dwLWNvbnRlbnRcL3VwbG9hZHNcLzIwMjZcLzA0XC9wYWNoYS5qcGciLCJzbGlkZXNob3ciOiJlODc4OGQ1In0%3D\" data-elementor-lightbox-video=\"https:\/\/www.youtube.com\/embed\/iT9I9zdT0go?feature=oembed&amp;autoplay=1&amp;rel=0&amp;controls=0\">\t\t<div class=\"elementor-carousel-image\" role=\"img\" aria-label=\"pacha\" style=\"background-image: url(&#039;https:\/\/www.uartes.edu.ec\/sitio\/wp-content\/uploads\/2026\/04\/pacha.jpg&#039;)\">\n\n\t\t\t\n\t\t\t\t\t\t\t<div class=\"elementor-custom-embed-play\">\n\t\t\t\t\t<svg aria-hidden=\"true\" class=\"e-font-icon-svg e-eicon-play\" viewbox=\"0 0 1000 1000\" xmlns=\"http:\/\/www.w3.org\/2000\/svg\"><path d=\"M838 162C746 71 633 25 500 25 371 25 258 71 163 162 71 254 25 367 25 500 25 633 71 746 163 837 254 929 367 979 500 979 633 979 746 933 838 837 929 746 975 633 975 500 975 367 929 254 838 162M808 192C892 279 933 379 933 500 933 621 892 725 808 808 725 892 621 938 500 938 379 938 279 896 196 808 113 725 67 621 67 500 67 379 108 279 196 192 279 108 383 62 500 62 621 62 721 108 808 192M438 392V642L642 517 438 392Z\"><\/path><\/svg>\t\t\t\t\t<span class=\"elementor-screen-only\">Reproducir<\/span>\n\t\t\t\t<\/div>\n\t\t\t\t\t<\/div>\n\t\t<\/a>\t\t\t\t\t\t<\/div>\n\t\t\t\t\t\t\t\t\t\t\t<div class=\"swiper-slide\" role=\"group\" aria-roledescription=\"slide\">\n\t\t\t\t\t\t\t<a href=\"https:\/\/www.uartes.edu.ec\/sitio\/wp-content\/uploads\/2026\/04\/eIzXeqM2ulI.jpg\" data-elementor-open-lightbox=\"yes\" data-elementor-lightbox-slideshow=\"e8788d5\" data-e-action-hash=\"#elementor-action%3Aaction%3Dlightbox%26settings%3DeyJpZCI6ODk0ODMsInVybCI6Imh0dHBzOlwvXC93d3cudWFydGVzLmVkdS5lY1wvc2l0aW9cL3dwLWNvbnRlbnRcL3VwbG9hZHNcLzIwMjZcLzA0XC9lSXpYZXFNMnVsSS5qcGciLCJzbGlkZXNob3ciOiJlODc4OGQ1In0%3D\" data-elementor-lightbox-video=\"https:\/\/www.youtube.com\/embed\/eIzXeqM2ulI?feature=oembed&amp;autoplay=1&amp;rel=0&amp;controls=0\">\t\t<div class=\"elementor-carousel-image\" role=\"img\" aria-label=\"eIzXeqM2ulI\" style=\"background-image: url(&#039;https:\/\/www.uartes.edu.ec\/sitio\/wp-content\/uploads\/2026\/04\/eIzXeqM2ulI.jpg&#039;)\">\n\n\t\t\t\n\t\t\t\t\t\t\t<div class=\"elementor-custom-embed-play\">\n\t\t\t\t\t<svg aria-hidden=\"true\" class=\"e-font-icon-svg e-eicon-play\" viewbox=\"0 0 1000 1000\" xmlns=\"http:\/\/www.w3.org\/2000\/svg\"><path d=\"M838 162C746 71 633 25 500 25 371 25 258 71 163 162 71 254 25 367 25 500 25 633 71 746 163 837 254 929 367 979 500 979 633 979 746 933 838 837 929 746 975 633 975 500 975 367 929 254 838 162M808 192C892 279 933 379 933 500 933 621 892 725 808 808 725 892 621 938 500 938 379 938 279 896 196 808 113 725 67 621 67 500 67 379 108 279 196 192 279 108 383 62 500 62 621 62 721 108 808 192M438 392V642L642 517 438 392Z\"><\/path><\/svg>\t\t\t\t\t<span class=\"elementor-screen-only\">Reproducir<\/span>\n\t\t\t\t<\/div>\n\t\t\t\t\t<\/div>\n\t\t<\/a>\t\t\t\t\t\t<\/div>\n\t\t\t\t\t\t\t\t\t<\/div>\n\t\t\t\t\t\t\t\t\t\t\t\t\t\t\t<div class=\"elementor-swiper-button elementor-swiper-button-prev\" role=\"button\" tabindex=\"0\" aria-label=\"Anterior\">\n\t\t\t\t\t\t\t<svg aria-hidden=\"true\" class=\"e-font-icon-svg e-eicon-chevron-left\" viewbox=\"0 0 1000 1000\" xmlns=\"http:\/\/www.w3.org\/2000\/svg\"><path d=\"M646 125C629 125 613 133 604 142L308 442C296 454 292 471 292 487 292 504 296 521 308 533L604 854C617 867 629 875 646 875 663 875 679 871 692 858 704 846 713 829 713 812 713 796 708 779 692 767L438 487 692 225C700 217 708 204 708 187 708 171 704 154 692 142 675 129 663 125 646 125Z\"><\/path><\/svg>\t\t\t\t\t\t<\/div>\n\t\t\t\t\t\t<div class=\"elementor-swiper-button elementor-swiper-button-next\" role=\"button\" tabindex=\"0\" aria-label=\"Siguiente\">\n\t\t\t\t\t\t\t<svg aria-hidden=\"true\" class=\"e-font-icon-svg e-eicon-chevron-right\" viewbox=\"0 0 1000 1000\" xmlns=\"http:\/\/www.w3.org\/2000\/svg\"><path d=\"M696 533C708 521 713 504 713 487 713 471 708 454 696 446L400 146C388 133 375 125 354 125 338 125 325 129 313 142 300 154 292 171 292 187 292 204 296 221 308 233L563 492 304 771C292 783 288 800 288 817 288 833 296 850 308 863 321 871 338 875 354 875 371 875 388 867 400 854L696 533Z\"><\/path><\/svg>\t\t\t\t\t\t<\/div>\n\t\t\t\t\t\t\t\t\t\t\t\t\t\t\t\t<div class=\"swiper-pagination\"><\/div>\n\t\t\t\t\t\t\t\t\t\t\t\t<\/div>\n\t\t\t\t<\/div>\n\t\t\t\t\t\t\t\t<\/div>\n\t\t\t\t<\/div>\n\t\t\t\t<div class=\"elementor-element elementor-element-17b5af4 elementor-widget elementor-widget-heading\" data-id=\"17b5af4\" data-element_type=\"widget\" data-e-type=\"widget\" data-widget_type=\"heading.default\">\n\t\t\t\t<div class=\"elementor-widget-container\">\n\t\t\t\t\t<h4 class=\"elementor-heading-title elementor-size-default\">Resultados de convocatoria de proyectos de vinculaci\u00f3n 2026<\/h4>\t\t\t\t<\/div>\n\t\t\t\t<\/div>\n\t\t\t\t<div class=\"elementor-element elementor-element-27b925a elementor-widget elementor-widget-text-editor\" data-id=\"27b925a\" data-element_type=\"widget\" data-e-type=\"widget\" data-widget_type=\"text-editor.default\">\n\t\t\t\t<div class=\"elementor-widget-container\">\n\t\t\t\t\t\t\t\t\t<p data-start=\"8958\" data-end=\"9172\">La Direcci\u00f3n de Vinculaci\u00f3n con la Sociedad agradece a todos los proyectos de vinculaci\u00f3n postulados en la convocatoria 2026. A la vez, felicita a quienes fueron aprobados en las instancias correspondientes.<\/p>\t\t\t\t\t\t\t\t<\/div>\n\t\t\t\t<\/div>\n\t\t\t\t<div class=\"elementor-element elementor-element-7a913778 elementor-widget elementor-widget-text-editor\" data-id=\"7a913778\" data-element_type=\"widget\" data-e-type=\"widget\" data-widget_type=\"text-editor.default\">\n\t\t\t\t<div class=\"elementor-widget-container\">\n\t\t\t\t\t\t\t\t\t\n<div style=\"height:30px;\" aria-hidden=\"true\"><\/div>\n\n\n\n<figure class=\"wp-block-table\" style=\"overflow-x:auto;\">\n<table style=\"width:100%; min-width:700px; border:none !important; border-collapse:separate; border-spacing:0; color:#f3f7f8; font-size:16px; line-height:1.75; background:transparent;\">\n\t<thead>\n\t\t<tr>\n\t\t\t<th style=\"padding:0 18px 14px 18px; text-align:center; text-transform:uppercase; font-weight:700; font-size:15px; color:#ffffff; border:none !important; border-bottom:3px solid rgba(255,255,255,0.45) !important; background:transparent;\">Proyecto \/ Nombre<\/th>\n\t\t\t<th style=\"padding:0 18px 14px 18px; text-align:center; text-transform:uppercase; font-weight:700; font-size:15px; color:#ffffff; border:none !important; border-bottom:3px solid rgba(255,255,255,0.45) !important; background:transparent;\">Director\/a del proyecto<\/th>\n\t\t\t<th style=\"padding:0 18px 14px 18px; text-align:center; text-transform:uppercase; font-weight:700; font-size:15px; color:#ffffff; border:none !important; border-bottom:3px solid rgba(255,255,255,0.45) !important; background:transparent;\">Carrera &#8211; Unidad Acad\u00e9mica<\/th>\n\t\t<\/tr>\n\t<\/thead>\n\t<tbody>\n\t\t<tr style=\"background-color:rgba(255,255,255,0.08);\">\n\t\t\t<td style=\"padding:12px 18px; border:none !important; background:transparent;\">Guardianas de saberes. Fomentando la memoria cultural Afrodescendiente en el sistema etnoeducativo de Guayaquil<\/td>\n\t\t\t<td style=\"padding:12px 18px; border:none !important; background:transparent;\">Ana Mar\u00eda Carrillo Rosero<\/td>\n\t\t\t<td style=\"padding:12px 18px; border:none !important; background:transparent;\">d\u00e9partement transversal<\/td>\n\t\t<\/tr>\n\t\t<tr style=\"background-color:rgba(255,255,255,0.02);\">\n\t\t\t<td style=\"padding:12px 18px; border:none !important; background:transparent;\">Expresarte en una segunda lengua<\/td>\n\t\t\t<td style=\"padding:12px 18px; border:none !important; background:transparent;\">Jenny Monserratt Mogrovejo Rosero<\/td>\n\t\t\t<td style=\"padding:12px 18px; border:none !important; background:transparent;\">\u00c9ducation Artistique Interculturelle<\/td>\n\t\t<\/tr>\n\t\t<tr style=\"background-color:rgba(255,255,255,0.08);\">\n\t\t\t<td style=\"padding:12px 18px; border:none !important; background:transparent;\">Tropicalia: Memorias, creatividad y futuros en territorios.<\/td>\n\t\t\t<td style=\"padding:12px 18px; border:none !important; background:transparent;\">Mariuxi Alexandra Avila Manrique<\/td>\n\t\t\t<td style=\"padding:12px 18px; border:none !important; background:transparent;\">d\u00e9partement transversal<\/td>\n\t\t<\/tr>\n\t\t<tr style=\"background-color:rgba(255,255,255,0.02);\">\n\t\t\t<td style=\"padding:12px 18px; border:none !important; background:transparent;\">Comunapolis; un juego para la econom\u00eda popular<\/td>\n\t\t\t<td style=\"padding:12px 18px; border:none !important; background:transparent;\">Pedro Jos\u00e9 Mujica Paredes<\/td>\n\t\t\t<td style=\"padding:12px 18px; border:none !important; background:transparent;\">\u00c9ducation Artistique Interculturelle<\/td>\n\t\t<\/tr>\n\t\t<tr style=\"background-color:rgba(255,255,255,0.08);\">\n\t\t\t<td style=\"padding:12px 18px; border:none !important; background:transparent;\">Praxis esc\u00e9nica: Experiencias formativas para el encuentro con las artes.<\/td>\n\t\t\t<td style=\"padding:12px 18px; border:none !important; background:transparent;\">Vanessa Mar\u00eda Guam\u00e1n Saavedra<\/td>\n\t\t\t<td style=\"padding:12px 18px; border:none !important; background:transparent;\">Cr\u00e9ation Th\u00e9\u00e2trale<\/td>\n\t\t<\/tr>\n\t\t<tr style=\"background-color:rgba(255,255,255,0.02);\">\n\t\t\t<td style=\"padding:12px 18px; border:none !important; background:transparent;\">Bibliotricimoteca vol. 5<\/td>\n\t\t\t<td style=\"padding:12px 18px; border:none !important; background:transparent;\">Marcelo Ivan Leyton Ponguillo<\/td>\n\t\t\t<td style=\"padding:12px 18px; border:none !important; background:transparent;\">Cr\u00e9ation Th\u00e9\u00e2trale<\/td>\n\t\t<\/tr>\n\t\t<tr style=\"background-color:rgba(255,255,255,0.08);\">\n\t\t\t<td style=\"padding:12px 18px; border:none !important; background:transparent;\">Habitar el sue\u00f1o: Brigadas de creaci\u00f3n art\u00edstica para infancias y juventudes de los barrios populares de la ciudad de Guayaquil<\/td>\n\t\t\t<td style=\"padding:12px 18px; border:none !important; background:transparent;\">Cristian Agustin Alvarado Montalvo<\/td>\n\t\t\t<td style=\"padding:12px 18px; border:none !important; background:transparent;\">Litt\u00e9rature<\/td>\n\t\t<\/tr>\n\t<\/tbody>\n<\/table>\n<\/figure>\n\n\n\n<div style=\"height:30px;\" aria-hidden=\"true\"><\/div>\n\n\n\n<h3 class=\"wp-block-heading\" style=\"color:#ffffff; margin:0 0 18px 0;\">Proyectos de arrastre de a\u00f1os anteriores<\/h3>\n\n\n\n<figure class=\"wp-block-table\" style=\"overflow-x:auto;\">\n<table style=\"width:100%; min-width:700px; border:none !important; border-collapse:separate; border-spacing:0; color:#f3f7f8; font-size:16px; line-height:1.75; background:transparent;\">\n\t<thead>\n\t\t<tr>\n\t\t\t<th style=\"padding:0 18px 14px 18px; text-align:center; text-transform:uppercase; font-weight:700; font-size:15px; color:#ffffff; border:none !important; border-bottom:3px solid rgba(255,255,255,0.45) !important; background:transparent;\">Proyecto \/ Nombre<\/th>\n\t\t\t<th style=\"padding:0 18px 14px 18px; text-align:center; text-transform:uppercase; font-weight:700; font-size:15px; color:#ffffff; border:none !important; border-bottom:3px solid rgba(255,255,255,0.45) !important; background:transparent;\">Director\/a del proyecto<\/th>\n\t\t\t<th style=\"padding:0 18px 14px 18px; text-align:center; text-transform:uppercase; font-weight:700; font-size:15px; color:#ffffff; border:none !important; border-bottom:3px solid rgba(255,255,255,0.45) !important; background:transparent;\">Carrera &#8211; Unidad Acad\u00e9mica<\/th>\n\t\t<\/tr>\n\t<\/thead>\n\t<tbody>\n\t\t<tr style=\"background-color:rgba(255,255,255,0.08);\">\n\t\t\t<td style=\"padding:12px 18px; border:none !important; background:transparent;\">Trayectorias de vida: Puesta en valor de las historias de vida y organizaci\u00f3n de las mujeres en Guayaquil<\/td>\n\t\t\t<td style=\"padding:12px 18px; border:none !important; background:transparent;\">Ybelice Brice\u00f1o Linares<\/td>\n\t\t\t<td style=\"padding:12px 18px; border:none !important; background:transparent;\">d\u00e9partement transversal<\/td>\n\t\t<\/tr>\n\t\t<tr style=\"background-color:rgba(255,255,255,0.02);\">\n\t\t\t<td style=\"padding:12px 18px; border:none !important; background:transparent;\">JEP fase II: Juegos de expresi\u00f3n desde la pl\u00e1stica: Espacios, metodolog\u00edas y v\u00ednculos desde, para y a trav\u00e9s de las artes<\/td>\n\t\t\t<td style=\"padding:12px 18px; border:none !important; background:transparent;\">Serrano Mac\u00edas Joaquin Humberto<\/td>\n\t\t\t<td style=\"padding:12px 18px; border:none !important; background:transparent;\">Arts Visuels<\/td>\n\t\t<\/tr>\n\t\t<tr style=\"background-color:rgba(255,255,255,0.08);\">\n\t\t\t<td style=\"padding:12px 18px; border:none !important; background:transparent;\">Bit\u00e1cora, incidencias de las pr\u00e1cticas art\u00edsticas en Guayaquil desde la Escuela de Artes Visuales<\/td>\n\t\t\t<td style=\"padding:12px 18px; border:none !important; background:transparent;\">Moran Panchana Carlos Esteban<\/td>\n\t\t\t<td style=\"padding:12px 18px; border:none !important; background:transparent;\">Arts Visuels<\/td>\n\t\t<\/tr>\n\t\t<tr style=\"background-color:rgba(255,255,255,0.02);\">\n\t\t\t<td style=\"padding:12px 18px; border:none !important; background:transparent;\">PAZ: Pedagog\u00edas en artes para la transformaci\u00f3n social en sectores en condici\u00f3n de vulnerabilidad<\/td>\n\t\t\t<td style=\"padding:12px 18px; border:none !important; background:transparent;\">Tigrero Vaca Jorge William<\/td>\n\t\t\t<td style=\"padding:12px 18px; border:none !important; background:transparent;\">Licence en \u00c9ducation Artistique Interculturelle<\/td>\n\t\t<\/tr>\n\t\t<tr style=\"background-color:rgba(255,255,255,0.08);\">\n\t\t\t<td style=\"padding:12px 18px; border:none !important; background:transparent;\">Por los vientos que soplan: programa de capacitaci\u00f3n de elencos y bandas musicales para fortalecer la formaci\u00f3n art\u00edstica de ni\u00f1os, ni\u00f1as y adolescentes<\/td>\n\t\t\t<td style=\"padding:12px 18px; border:none !important; background:transparent;\">Astaiza Vallejo Andrey Mijail<\/td>\n\t\t\t<td style=\"padding:12px 18px; border:none !important; background:transparent;\">Arts Musicaux et Sonores<\/td>\n\t\t<\/tr>\n\t\t<tr style=\"background-color:rgba(255,255,255,0.02);\">\n\t\t\t<td style=\"padding:12px 18px; border:none !important; background:transparent;\">Creas: Las comunidades sonoras y musicales a relevancia<\/td>\n\t\t\t<td style=\"padding:12px 18px; border:none !important; background:transparent;\">Pedro Segovia Gonz\u00e1lez<\/td>\n\t\t\t<td style=\"padding:12px 18px; border:none !important; background:transparent;\">Production Musicale et Sonore<\/td>\n\t\t<\/tr>\n\t\t<tr style=\"background-color:rgba(255,255,255,0.08);\">\n\t\t\t<td style=\"padding:12px 18px; border:none !important; background:transparent;\">SOMA: Pr\u00e1cticas corporales para el cuidado de la salud y la consciencia corporal<\/td>\n\t\t\t<td style=\"padding:12px 18px; border:none !important; background:transparent;\">Sofia Mera Espinoza<\/td>\n\t\t\t<td style=\"padding:12px 18px; border:none !important; background:transparent;\">Danse<\/td>\n\t\t<\/tr>\n\t\t<tr style=\"background-color:rgba(255,255,255,0.02);\">\n\t\t\t<td style=\"padding:12px 18px; border:none !important; background:transparent;\">Cine por la paz<\/td>\n\t\t\t<td style=\"padding:12px 18px; border:none !important; background:transparent;\">Jorge Flores Velasco<\/td>\n\t\t\t<td style=\"padding:12px 18px; border:none !important; background:transparent;\">Cin\u00e9ma<\/td>\n\t\t<\/tr>\n\t<\/tbody>\n<\/table>\n<\/figure>\n\n\n\n<div style=\"height:80px;\" aria-hidden=\"true\"><\/div>\n\t\t\t\t\t\t\t\t<\/div>\n\t\t\t\t<\/div>\n\t\t\t\t\t<\/div>\n\t\t\t\t<\/div>\n\t\t\t\t<\/div>","protected":false},"excerpt":{"rendered":"<p>Los programas de vinculaci\u00f3n con la comunidad re\u00fanen proyectos que comparten un mismo objetivo y que aportan al desarrollo local, nacional o regional. Estas acciones se dirigen a comunidades claramente identificadas, responden a necesidades concretas de sus contextos y se articulan con los objetivos institucionales de la Universidad de las Artes. A trav\u00e9s de estos [&hellip;]<\/p>\n","protected":false},"author":1,"featured_media":9412,"parent":2988,"menu_order":0,"comment_status":"closed","ping_status":"closed","template":"elementor_header_footer","meta":{"_acf_changed":false,"_uag_custom_page_level_css":"","_monsterinsights_skip_tracking":false,"_monsterinsights_sitenote_active":false,"_monsterinsights_sitenote_note":"","_monsterinsights_sitenote_category":0,"cybocfi_hide_featured_image":"","footnotes":""},"class_list":["post-89471","page","type-page","status-publish","has-post-thumbnail","hentry"],"acf":[],"yoast_head":"<!-- This site is optimized with the Yoast SEO plugin v27.4 - https:\/\/yoast.com\/product\/yoast-seo-wordpress\/ -->\n<title>Universidad de las Artes - Programas y Proyectos<\/title>\n<meta name=\"description\" content=\"Universidad de las Artes - Programas y Proyectos\" \/>\n<meta name=\"robots\" content=\"index, follow, max-snippet:-1, max-image-preview:large, max-video-preview:-1\" \/>\n<link rel=\"canonical\" href=\"https:\/\/www.uartes.edu.ec\/sitio\/fr\/la-universidad\/vinculo-con-la-comunidad\/programas-y-proyectos\/\" \/>\n<meta property=\"og:locale\" content=\"fr_FR\" \/>\n<meta property=\"og:type\" content=\"article\" \/>\n<meta property=\"og:title\" content=\"Universidad de las Artes - Programas y Proyectos\" \/>\n<meta property=\"og:description\" content=\"Universidad de las Artes - Programas y Proyectos\" \/>\n<meta property=\"og:url\" content=\"https:\/\/www.uartes.edu.ec\/sitio\/fr\/la-universidad\/vinculo-con-la-comunidad\/programas-y-proyectos\/\" \/>\n<meta property=\"og:site_name\" content=\"Universidad de las Artes\" \/>\n<meta property=\"article:publisher\" content=\"https:\/\/www.facebook.com\/uartesec\" \/>\n<meta property=\"article:modified_time\" content=\"2026-04-23T17:45:57+00:00\" \/>\n<meta property=\"og:image\" content=\"https:\/\/www.uartes.edu.ec\/sitio\/wp-content\/uploads\/2020\/10\/VINCULACION.jpg\" \/>\n\t<meta property=\"og:image:width\" content=\"2000\" \/>\n\t<meta property=\"og:image:height\" content=\"1333\" \/>\n\t<meta property=\"og:image:type\" content=\"image\/jpeg\" \/>\n<meta name=\"twitter:card\" content=\"summary_large_image\" \/>\n<meta name=\"twitter:site\" content=\"@uartesec\" \/>\n<meta name=\"twitter:label1\" content=\"Dur\u00e9e de lecture estim\u00e9e\" \/>\n\t<meta name=\"twitter:data1\" content=\"4 minutes\" \/>\n<script type=\"application\/ld+json\" class=\"yoast-schema-graph\">{\"@context\":\"https:\\\/\\\/schema.org\",\"@graph\":[{\"@type\":\"WebPage\",\"@id\":\"https:\\\/\\\/www.uartes.edu.ec\\\/sitio\\\/fr\\\/la-universidad\\\/vinculo-con-la-comunidad\\\/programas-y-proyectos\\\/\",\"url\":\"https:\\\/\\\/www.uartes.edu.ec\\\/sitio\\\/fr\\\/la-universidad\\\/vinculo-con-la-comunidad\\\/programas-y-proyectos\\\/\",\"name\":\"Universidad de las Artes - Programas y Proyectos\",\"isPartOf\":{\"@id\":\"https:\\\/\\\/www.uartes.edu.ec\\\/sitio\\\/fr\\\/#website\"},\"primaryImageOfPage\":{\"@id\":\"https:\\\/\\\/www.uartes.edu.ec\\\/sitio\\\/fr\\\/la-universidad\\\/vinculo-con-la-comunidad\\\/programas-y-proyectos\\\/#primaryimage\"},\"image\":{\"@id\":\"https:\\\/\\\/www.uartes.edu.ec\\\/sitio\\\/fr\\\/la-universidad\\\/vinculo-con-la-comunidad\\\/programas-y-proyectos\\\/#primaryimage\"},\"thumbnailUrl\":\"https:\\\/\\\/www.uartes.edu.ec\\\/sitio\\\/wp-content\\\/uploads\\\/2020\\\/10\\\/VINCULACION.jpg\",\"datePublished\":\"2026-04-23T17:33:34+00:00\",\"dateModified\":\"2026-04-23T17:45:57+00:00\",\"description\":\"Universidad de las Artes - Programas y Proyectos\",\"breadcrumb\":{\"@id\":\"https:\\\/\\\/www.uartes.edu.ec\\\/sitio\\\/fr\\\/la-universidad\\\/vinculo-con-la-comunidad\\\/programas-y-proyectos\\\/#breadcrumb\"},\"inLanguage\":\"fr-FR\",\"potentialAction\":[{\"@type\":\"ReadAction\",\"target\":[\"https:\\\/\\\/www.uartes.edu.ec\\\/sitio\\\/fr\\\/la-universidad\\\/vinculo-con-la-comunidad\\\/programas-y-proyectos\\\/\"]}]},{\"@type\":\"ImageObject\",\"inLanguage\":\"fr-FR\",\"@id\":\"https:\\\/\\\/www.uartes.edu.ec\\\/sitio\\\/fr\\\/la-universidad\\\/vinculo-con-la-comunidad\\\/programas-y-proyectos\\\/#primaryimage\",\"url\":\"https:\\\/\\\/www.uartes.edu.ec\\\/sitio\\\/wp-content\\\/uploads\\\/2020\\\/10\\\/VINCULACION.jpg\",\"contentUrl\":\"https:\\\/\\\/www.uartes.edu.ec\\\/sitio\\\/wp-content\\\/uploads\\\/2020\\\/10\\\/VINCULACION.jpg\",\"width\":2000,\"height\":1333},{\"@type\":\"BreadcrumbList\",\"@id\":\"https:\\\/\\\/www.uartes.edu.ec\\\/sitio\\\/fr\\\/la-universidad\\\/vinculo-con-la-comunidad\\\/programas-y-proyectos\\\/#breadcrumb\",\"itemListElement\":[{\"@type\":\"ListItem\",\"position\":1,\"name\":\"Inicio\",\"item\":\"https:\\\/\\\/www.uartes.edu.ec\\\/sitio\\\/\"},{\"@type\":\"ListItem\",\"position\":2,\"name\":\"Universidad de las Artes\",\"item\":\"https:\\\/\\\/www.uartes.edu.ec\\\/sitio\\\/\"},{\"@type\":\"ListItem\",\"position\":3,\"name\":\"Vinculaci\u00f3n con la Comunidad\",\"item\":\"https:\\\/\\\/www.uartes.edu.ec\\\/sitio\\\/la-universidad\\\/vinculo-con-la-comunidad\\\/\"},{\"@type\":\"ListItem\",\"position\":4,\"name\":\"Programas y Proyectos\"}]},{\"@type\":\"WebSite\",\"@id\":\"https:\\\/\\\/www.uartes.edu.ec\\\/sitio\\\/fr\\\/#website\",\"url\":\"https:\\\/\\\/www.uartes.edu.ec\\\/sitio\\\/fr\\\/\",\"name\":\"Universidad de las Artes\",\"description\":\"Sitio oficial de la Universidad Nacional de las Artes del Ecuador\",\"publisher\":{\"@id\":\"https:\\\/\\\/www.uartes.edu.ec\\\/sitio\\\/fr\\\/#organization\"},\"potentialAction\":[{\"@type\":\"SearchAction\",\"target\":{\"@type\":\"EntryPoint\",\"urlTemplate\":\"https:\\\/\\\/www.uartes.edu.ec\\\/sitio\\\/fr\\\/?s={search_term_string}\"},\"query-input\":{\"@type\":\"PropertyValueSpecification\",\"valueRequired\":true,\"valueName\":\"search_term_string\"}}],\"inLanguage\":\"fr-FR\"},{\"@type\":\"Organization\",\"@id\":\"https:\\\/\\\/www.uartes.edu.ec\\\/sitio\\\/fr\\\/#organization\",\"name\":\"Universidad de las Artes\",\"url\":\"https:\\\/\\\/www.uartes.edu.ec\\\/sitio\\\/fr\\\/\",\"logo\":{\"@type\":\"ImageObject\",\"inLanguage\":\"fr-FR\",\"@id\":\"https:\\\/\\\/www.uartes.edu.ec\\\/sitio\\\/fr\\\/#\\\/schema\\\/logo\\\/image\\\/\",\"url\":\"https:\\\/\\\/www.uartes.edu.ec\\\/sitio\\\/wp-content\\\/uploads\\\/2022\\\/07\\\/logo-ua-horizontal.png\",\"contentUrl\":\"https:\\\/\\\/www.uartes.edu.ec\\\/sitio\\\/wp-content\\\/uploads\\\/2022\\\/07\\\/logo-ua-horizontal.png\",\"width\":800,\"height\":276,\"caption\":\"Universidad de las Artes\"},\"image\":{\"@id\":\"https:\\\/\\\/www.uartes.edu.ec\\\/sitio\\\/fr\\\/#\\\/schema\\\/logo\\\/image\\\/\"},\"sameAs\":[\"https:\\\/\\\/www.facebook.com\\\/uartesec\",\"https:\\\/\\\/x.com\\\/uartesec\",\"https:\\\/\\\/www.tiktok.com\\\/@uartesec\"]}]}<\/script>\n<!-- \/ Yoast SEO plugin. -->","yoast_head_json":{"title":"Universidad de las Artes - Programas y Proyectos","description":"Universidad de las Artes - Programas y Proyectos","robots":{"index":"index","follow":"follow","max-snippet":"max-snippet:-1","max-image-preview":"max-image-preview:large","max-video-preview":"max-video-preview:-1"},"canonical":"https:\/\/www.uartes.edu.ec\/sitio\/fr\/la-universidad\/vinculo-con-la-comunidad\/programas-y-proyectos\/","og_locale":"fr_FR","og_type":"article","og_title":"Universidad de las Artes - Programas y Proyectos","og_description":"Universidad de las Artes - Programas y Proyectos","og_url":"https:\/\/www.uartes.edu.ec\/sitio\/fr\/la-universidad\/vinculo-con-la-comunidad\/programas-y-proyectos\/","og_site_name":"Universidad de las Artes","article_publisher":"https:\/\/www.facebook.com\/uartesec","article_modified_time":"2026-04-23T17:45:57+00:00","og_image":[{"width":2000,"height":1333,"url":"https:\/\/www.uartes.edu.ec\/sitio\/wp-content\/uploads\/2020\/10\/VINCULACION.jpg","type":"image\/jpeg"}],"twitter_card":"summary_large_image","twitter_site":"@uartesec","twitter_misc":{"Dur\u00e9e de lecture estim\u00e9e":"4 minutes"},"schema":{"@context":"https:\/\/schema.org","@graph":[{"@type":"WebPage","@id":"https:\/\/www.uartes.edu.ec\/sitio\/fr\/la-universidad\/vinculo-con-la-comunidad\/programas-y-proyectos\/","url":"https:\/\/www.uartes.edu.ec\/sitio\/fr\/la-universidad\/vinculo-con-la-comunidad\/programas-y-proyectos\/","name":"Universidad de las Artes - Programas y Proyectos","isPartOf":{"@id":"https:\/\/www.uartes.edu.ec\/sitio\/fr\/#website"},"primaryImageOfPage":{"@id":"https:\/\/www.uartes.edu.ec\/sitio\/fr\/la-universidad\/vinculo-con-la-comunidad\/programas-y-proyectos\/#primaryimage"},"image":{"@id":"https:\/\/www.uartes.edu.ec\/sitio\/fr\/la-universidad\/vinculo-con-la-comunidad\/programas-y-proyectos\/#primaryimage"},"thumbnailUrl":"https:\/\/www.uartes.edu.ec\/sitio\/wp-content\/uploads\/2020\/10\/VINCULACION.jpg","datePublished":"2026-04-23T17:33:34+00:00","dateModified":"2026-04-23T17:45:57+00:00","description":"Universidad de las Artes - Programas y Proyectos","breadcrumb":{"@id":"https:\/\/www.uartes.edu.ec\/sitio\/fr\/la-universidad\/vinculo-con-la-comunidad\/programas-y-proyectos\/#breadcrumb"},"inLanguage":"fr-FR","potentialAction":[{"@type":"ReadAction","target":["https:\/\/www.uartes.edu.ec\/sitio\/fr\/la-universidad\/vinculo-con-la-comunidad\/programas-y-proyectos\/"]}]},{"@type":"ImageObject","inLanguage":"fr-FR","@id":"https:\/\/www.uartes.edu.ec\/sitio\/fr\/la-universidad\/vinculo-con-la-comunidad\/programas-y-proyectos\/#primaryimage","url":"https:\/\/www.uartes.edu.ec\/sitio\/wp-content\/uploads\/2020\/10\/VINCULACION.jpg","contentUrl":"https:\/\/www.uartes.edu.ec\/sitio\/wp-content\/uploads\/2020\/10\/VINCULACION.jpg","width":2000,"height":1333},{"@type":"BreadcrumbList","@id":"https:\/\/www.uartes.edu.ec\/sitio\/fr\/la-universidad\/vinculo-con-la-comunidad\/programas-y-proyectos\/#breadcrumb","itemListElement":[{"@type":"ListItem","position":1,"name":"Inicio","item":"https:\/\/www.uartes.edu.ec\/sitio\/"},{"@type":"ListItem","position":2,"name":"Universidad de las Artes","item":"https:\/\/www.uartes.edu.ec\/sitio\/"},{"@type":"ListItem","position":3,"name":"Vinculaci\u00f3n con la Comunidad","item":"https:\/\/www.uartes.edu.ec\/sitio\/la-universidad\/vinculo-con-la-comunidad\/"},{"@type":"ListItem","position":4,"name":"Programas y Proyectos"}]},{"@type":"WebSite","@id":"https:\/\/www.uartes.edu.ec\/sitio\/fr\/#website","url":"https:\/\/www.uartes.edu.ec\/sitio\/fr\/","name":"Universidad de las Artes","description":"Sitio oficial de la Universidad Nacional de las Artes del Ecuador","publisher":{"@id":"https:\/\/www.uartes.edu.ec\/sitio\/fr\/#organization"},"potentialAction":[{"@type":"SearchAction","target":{"@type":"EntryPoint","urlTemplate":"https:\/\/www.uartes.edu.ec\/sitio\/fr\/?s={search_term_string}"},"query-input":{"@type":"PropertyValueSpecification","valueRequired":true,"valueName":"search_term_string"}}],"inLanguage":"fr-FR"},{"@type":"Organization","@id":"https:\/\/www.uartes.edu.ec\/sitio\/fr\/#organization","name":"Universidad de las Artes","url":"https:\/\/www.uartes.edu.ec\/sitio\/fr\/","logo":{"@type":"ImageObject","inLanguage":"fr-FR","@id":"https:\/\/www.uartes.edu.ec\/sitio\/fr\/#\/schema\/logo\/image\/","url":"https:\/\/www.uartes.edu.ec\/sitio\/wp-content\/uploads\/2022\/07\/logo-ua-horizontal.png","contentUrl":"https:\/\/www.uartes.edu.ec\/sitio\/wp-content\/uploads\/2022\/07\/logo-ua-horizontal.png","width":800,"height":276,"caption":"Universidad de las Artes"},"image":{"@id":"https:\/\/www.uartes.edu.ec\/sitio\/fr\/#\/schema\/logo\/image\/"},"sameAs":["https:\/\/www.facebook.com\/uartesec","https:\/\/x.com\/uartesec","https:\/\/www.tiktok.com\/@uartesec"]}]}},"uagb_featured_image_src":{"full":["https:\/\/www.uartes.edu.ec\/sitio\/wp-content\/uploads\/2020\/10\/VINCULACION.jpg",2000,1333,false],"thumbnail":["https:\/\/www.uartes.edu.ec\/sitio\/wp-content\/uploads\/2020\/10\/VINCULACION-150x150.jpg",150,150,true],"medium":["https:\/\/www.uartes.edu.ec\/sitio\/wp-content\/uploads\/2020\/10\/VINCULACION-300x200.jpg",300,200,true],"medium_large":["https:\/\/www.uartes.edu.ec\/sitio\/wp-content\/uploads\/2020\/10\/VINCULACION-768x512.jpg",768,512,true],"large":["https:\/\/www.uartes.edu.ec\/sitio\/wp-content\/uploads\/2020\/10\/VINCULACION-644x429.jpg",644,429,true],"1536x1536":["https:\/\/www.uartes.edu.ec\/sitio\/wp-content\/uploads\/2020\/10\/VINCULACION-1536x1024.jpg",1536,1024,true],"2048x2048":["https:\/\/www.uartes.edu.ec\/sitio\/wp-content\/uploads\/2020\/10\/VINCULACION.jpg",2000,1333,false],"trp-custom-language-flag":["https:\/\/www.uartes.edu.ec\/sitio\/wp-content\/uploads\/2020\/10\/VINCULACION.jpg",18,12,false],"htmega_size_585x295":["https:\/\/www.uartes.edu.ec\/sitio\/wp-content\/uploads\/2020\/10\/VINCULACION-585x295.jpg",585,295,true],"htmega_size_1170x536":["https:\/\/www.uartes.edu.ec\/sitio\/wp-content\/uploads\/2020\/10\/VINCULACION-1170x536.jpg",1170,536,true],"htmega_size_396x360":["https:\/\/www.uartes.edu.ec\/sitio\/wp-content\/uploads\/2020\/10\/VINCULACION-396x360.jpg",396,360,true],"gb-block-post-grid-landscape":["https:\/\/www.uartes.edu.ec\/sitio\/wp-content\/uploads\/2020\/10\/VINCULACION.jpg",600,400,false],"gb-block-post-grid-square":["https:\/\/www.uartes.edu.ec\/sitio\/wp-content\/uploads\/2020\/10\/VINCULACION.jpg",600,400,false],"university-hub-thumb":["https:\/\/www.uartes.edu.ec\/sitio\/wp-content\/uploads\/2020\/10\/VINCULACION-400x267.jpg",400,267,true]},"uagb_author_info":{"display_name":"Universidad de las Artes","author_link":"https:\/\/www.uartes.edu.ec\/sitio\/fr\/blog\/author\/dircomadm\/"},"uagb_comment_info":0,"uagb_excerpt":"Los programas de vinculaci\u00f3n con la comunidad re\u00fanen proyectos que comparten un mismo objetivo y que aportan al desarrollo local, nacional o regional. Estas acciones se dirigen a comunidades claramente identificadas, responden a necesidades concretas de sus contextos y se articulan con los objetivos institucionales de la Universidad de las Artes. A trav\u00e9s de estos\u2026","featured_image_src":"https:\/\/www.uartes.edu.ec\/sitio\/wp-content\/uploads\/2020\/10\/VINCULACION.jpg","featured_image_src_square":"https:\/\/www.uartes.edu.ec\/sitio\/wp-content\/uploads\/2020\/10\/VINCULACION.jpg","publishpress_future_action":{"enabled":false,"date":"2026-05-08 05:50:52","action":"change-status","newStatus":"draft","terms":[],"taxonomy":"","extraData":[]},"publishpress_future_workflow_manual_trigger":{"enabledWorkflows":[]},"distributor_meta":false,"distributor_terms":false,"distributor_media":false,"distributor_original_site_name":"Universidad de las Artes","distributor_original_site_url":"https:\/\/www.uartes.edu.ec\/sitio\/fr","push-errors":false,"_links":{"self":[{"href":"https:\/\/www.uartes.edu.ec\/sitio\/fr\/wp-json\/wp\/v2\/pages\/89471","targetHints":{"allow":["GET"]}}],"collection":[{"href":"https:\/\/www.uartes.edu.ec\/sitio\/fr\/wp-json\/wp\/v2\/pages"}],"about":[{"href":"https:\/\/www.uartes.edu.ec\/sitio\/fr\/wp-json\/wp\/v2\/types\/page"}],"author":[{"embeddable":true,"href":"https:\/\/www.uartes.edu.ec\/sitio\/fr\/wp-json\/wp\/v2\/users\/1"}],"replies":[{"embeddable":true,"href":"https:\/\/www.uartes.edu.ec\/sitio\/fr\/wp-json\/wp\/v2\/comments?post=89471"}],"version-history":[{"count":15,"href":"https:\/\/www.uartes.edu.ec\/sitio\/fr\/wp-json\/wp\/v2\/pages\/89471\/revisions"}],"predecessor-version":[{"id":89561,"href":"https:\/\/www.uartes.edu.ec\/sitio\/fr\/wp-json\/wp\/v2\/pages\/89471\/revisions\/89561"}],"up":[{"embeddable":true,"href":"https:\/\/www.uartes.edu.ec\/sitio\/fr\/wp-json\/wp\/v2\/pages\/2988"}],"wp:featuredmedia":[{"embeddable":true,"href":"https:\/\/www.uartes.edu.ec\/sitio\/fr\/wp-json\/wp\/v2\/media\/9412"}],"wp:attachment":[{"href":"https:\/\/www.uartes.edu.ec\/sitio\/fr\/wp-json\/wp\/v2\/media?parent=89471"}],"curies":[{"name":"wp","href":"https:\/\/api.w.org\/{rel}","templated":true}]}}