{"id":1638,"date":"2025-06-23T16:14:23","date_gmt":"2025-06-23T21:14:23","guid":{"rendered":"https:\/\/www.uartes.edu.ec\/sitio\/interactos\/?page_id=1638"},"modified":"2025-06-23T16:39:14","modified_gmt":"2025-06-23T21:39:14","slug":"ediciones-anteriores","status":"publish","type":"page","link":"https:\/\/www.uartes.edu.ec\/sitio\/interactos\/ediciones-anteriores\/","title":{"rendered":"Ediciones anteriores"},"content":{"rendered":"\t\t<div data-elementor-type=\"wp-page\" data-elementor-id=\"1638\" class=\"elementor elementor-1638\" data-elementor-post-type=\"page\">\n\t\t\t\t<div class=\"elementor-element elementor-element-3b86e2b e-flex e-con-boxed e-con e-parent\" data-id=\"3b86e2b\" data-element_type=\"container\" data-e-type=\"container\" data-settings=\"{&quot;background_background&quot;:&quot;classic&quot;}\">\n\t\t\t\t\t<div class=\"e-con-inner\">\n\t\t\t\t<div class=\"elementor-element elementor-element-3061db6 elementor-widget elementor-widget-heading\" data-id=\"3061db6\" data-element_type=\"widget\" data-e-type=\"widget\" data-widget_type=\"heading.default\">\n\t\t\t\t\t<h2 class=\"elementor-heading-title elementor-size-default\">Ediciones anteriores<\/h2>\t\t\t\t<\/div>\n\t\t\t\t\t<\/div>\n\t\t\t\t<\/div>\n\t\t<div class=\"elementor-element elementor-element-51e9757 e-flex e-con-boxed e-con e-parent\" data-id=\"51e9757\" data-element_type=\"container\" data-e-type=\"container\">\n\t\t\t\t\t<div class=\"e-con-inner\">\n\t\t\t\t<div class=\"elementor-element elementor-element-c31e321 elementor-grid-3 elementor-grid-tablet-2 elementor-grid-mobile-1 elementor-widget elementor-widget-loop-grid\" data-id=\"c31e321\" data-element_type=\"widget\" data-e-type=\"widget\" data-settings=\"{&quot;template_id&quot;:&quot;1281&quot;,&quot;pagination_type&quot;:&quot;numbers&quot;,&quot;_skin&quot;:&quot;post&quot;,&quot;columns&quot;:&quot;3&quot;,&quot;columns_tablet&quot;:&quot;2&quot;,&quot;columns_mobile&quot;:&quot;1&quot;,&quot;edit_handle_selector&quot;:&quot;[data-elementor-type=\\&quot;loop-item\\&quot;]&quot;,&quot;pagination_load_type&quot;:&quot;page_reload&quot;,&quot;row_gap&quot;:{&quot;unit&quot;:&quot;px&quot;,&quot;size&quot;:&quot;&quot;,&quot;sizes&quot;:[]},&quot;row_gap_tablet&quot;:{&quot;unit&quot;:&quot;px&quot;,&quot;size&quot;:&quot;&quot;,&quot;sizes&quot;:[]},&quot;row_gap_mobile&quot;:{&quot;unit&quot;:&quot;px&quot;,&quot;size&quot;:&quot;&quot;,&quot;sizes&quot;:[]}}\" data-widget_type=\"loop-grid.post\">\n\t\t\t\t<div class=\"elementor-widget-container\">\n\t\t\t\t\t\t\t<div class=\"elementor-loop-container elementor-grid\" role=\"list\">\n\t\t<style id=\"loop-1281\">.elementor-1281 .elementor-element.elementor-element-10f84d2{--display:flex;--gap:0px 0px;--row-gap:0px;--column-gap:0px;}.elementor-widget-theme-post-featured-image .widget-image-caption{color:var( --e-global-color-text );font-family:var( --e-global-typography-text-font-family ), Sans-serif;font-weight:var( --e-global-typography-text-font-weight );}.elementor-widget-theme-post-title .elementor-heading-title{font-family:var( --e-global-typography-primary-font-family ), Sans-serif;font-weight:var( --e-global-typography-primary-font-weight );color:var( --e-global-color-primary );}.elementor-1281 .elementor-element.elementor-element-6d6246d .elementor-heading-title{font-family:\"Conduit ITC\", Sans-serif;font-size:1.5em;font-weight:500;color:var( --e-global-color-primary );}.elementor-widget-post-info .elementor-icon-list-item:not(:last-child):after{border-color:var( --e-global-color-text );}.elementor-widget-post-info .elementor-icon-list-icon i{color:var( --e-global-color-primary );}.elementor-widget-post-info .elementor-icon-list-icon svg{fill:var( --e-global-color-primary );}.elementor-widget-post-info .elementor-icon-list-text, .elementor-widget-post-info .elementor-icon-list-text a{color:var( --e-global-color-secondary );}.elementor-widget-post-info .elementor-icon-list-item{font-family:var( --e-global-typography-text-font-family ), Sans-serif;font-weight:var( --e-global-typography-text-font-weight );}.elementor-1281 .elementor-element.elementor-element-b6760fe .elementor-icon-list-icon{width:14px;}.elementor-1281 .elementor-element.elementor-element-b6760fe .elementor-icon-list-icon i{font-size:14px;}.elementor-1281 .elementor-element.elementor-element-b6760fe .elementor-icon-list-icon svg{--e-icon-list-icon-size:14px;}.elementor-1281 .elementor-element.elementor-element-b6760fe .elementor-icon-list-text, .elementor-1281 .elementor-element.elementor-element-b6760fe .elementor-icon-list-text a{color:var( --e-global-color-accent );}.elementor-1281 .elementor-element.elementor-element-b6760fe .elementor-icon-list-item{font-family:\"Conduit ITC\", Sans-serif;font-weight:400;}.elementor-widget-theme-post-excerpt{font-family:var( --e-global-typography-text-font-family ), Sans-serif;font-weight:var( --e-global-typography-text-font-weight );color:var( --e-global-color-text );}.elementor-1281 .elementor-element.elementor-element-ec4f8c7{font-family:\"Montserrat\", Sans-serif;font-size:0.8em;font-weight:400;color:var( --e-global-color-text );margin:1em 0em calc(var(--kit-widget-spacing, 0px) + 1em) 0em;}<\/style>\t\t<div data-elementor-type=\"loop-item\" data-elementor-id=\"1281\" class=\"elementor elementor-1281 e-loop-item e-loop-item-1207 post-1207 post type-post status-publish format-standard has-post-thumbnail hentry category-noticias tag-interactos\" data-elementor-post-type=\"elementor_library\" data-custom-edit-handle=\"1\">\n\t\t\t<div class=\"elementor-element elementor-element-10f84d2 e-flex e-con-boxed e-con e-parent\" data-id=\"10f84d2\" data-element_type=\"container\" data-e-type=\"container\">\n\t\t\t\t\t<div class=\"e-con-inner\">\n\t\t\t\t<div class=\"elementor-element elementor-element-331d1db elementor-widget elementor-widget-theme-post-featured-image elementor-widget-image\" data-id=\"331d1db\" data-element_type=\"widget\" data-e-type=\"widget\" data-widget_type=\"theme-post-featured-image.default\">\n\t\t\t\t\t\t\t\t\t\t\t\t\t\t\t\t<a href=\"https:\/\/www.uartes.edu.ec\/sitio\/interactos\/noticias\/taller-libro-y-performance-presento-la-boliviana-maria-galindo-en-inter%e2%80%a2actos\/\">\n\t\t\t\t\t\t\t<img fetchpriority=\"high\" decoding=\"async\" width=\"768\" height=\"512\" src=\"https:\/\/www.uartes.edu.ec\/sitio\/interactos\/wp-content\/uploads\/sites\/8\/2019\/12\/MARIA-GALINDO-1-768x512.jpg\" class=\"attachment-medium_large size-medium_large wp-image-1210\" alt=\"\" srcset=\"https:\/\/www.uartes.edu.ec\/sitio\/interactos\/wp-content\/uploads\/sites\/8\/2019\/12\/MARIA-GALINDO-1-768x512.jpg 768w, https:\/\/www.uartes.edu.ec\/sitio\/interactos\/wp-content\/uploads\/sites\/8\/2019\/12\/MARIA-GALINDO-1-600x400.jpg 600w, https:\/\/www.uartes.edu.ec\/sitio\/interactos\/wp-content\/uploads\/sites\/8\/2019\/12\/MARIA-GALINDO-1-300x200.jpg 300w, https:\/\/www.uartes.edu.ec\/sitio\/interactos\/wp-content\/uploads\/sites\/8\/2019\/12\/MARIA-GALINDO-1-1024x683.jpg 1024w, https:\/\/www.uartes.edu.ec\/sitio\/interactos\/wp-content\/uploads\/sites\/8\/2019\/12\/MARIA-GALINDO-1-400x267.jpg 400w, https:\/\/www.uartes.edu.ec\/sitio\/interactos\/wp-content\/uploads\/sites\/8\/2019\/12\/MARIA-GALINDO-1-272x182.jpg 272w, https:\/\/www.uartes.edu.ec\/sitio\/interactos\/wp-content\/uploads\/sites\/8\/2019\/12\/MARIA-GALINDO-1.jpg 1500w\" sizes=\"(max-width: 768px) 100vw, 768px\" \/>\t\t\t\t\t\t\t\t<\/a>\n\t\t\t\t\t\t\t\t\t\t\t\t\t\t\t<\/div>\n\t\t\t\t<div class=\"elementor-element elementor-element-6d6246d elementor-widget elementor-widget-theme-post-title elementor-page-title elementor-widget-heading\" data-id=\"6d6246d\" data-element_type=\"widget\" data-e-type=\"widget\" data-widget_type=\"theme-post-title.default\">\n\t\t\t\t\t<h3 class=\"elementor-heading-title elementor-size-default\"><a href=\"https:\/\/www.uartes.edu.ec\/sitio\/interactos\/noticias\/taller-libro-y-performance-presento-la-boliviana-maria-galindo-en-inter%e2%80%a2actos\/\">Taller, libro y performance present\u00f3 la boliviana Mar\u00eda Galindo en Inter[\u2022]actos<\/a><\/h3>\t\t\t\t<\/div>\n\t\t\t\t<div class=\"elementor-element elementor-element-b6760fe elementor-align-left elementor-widget elementor-widget-post-info\" data-id=\"b6760fe\" data-element_type=\"widget\" data-e-type=\"widget\" data-widget_type=\"post-info.default\">\n\t\t\t\t\t\t\t<ul class=\"elementor-inline-items elementor-icon-list-items elementor-post-info\">\n\t\t\t\t\t\t\t\t<li class=\"elementor-icon-list-item elementor-repeater-item-1e9ac2b elementor-inline-item\" itemprop=\"datePublished\">\n\t\t\t\t\t\t\t\t\t\t\t\t\t<span class=\"elementor-icon-list-text elementor-post-info__item elementor-post-info__item--type-date\">\n\t\t\t\t\t\t\t\t\t\t<time>octubre 28, 2019<\/time>\t\t\t\t\t<\/span>\n\t\t\t\t\t\t\t\t<\/li>\n\t\t\t\t<\/ul>\n\t\t\t\t\t\t<\/div>\n\t\t\t\t<div class=\"elementor-element elementor-element-ec4f8c7 elementor-widget elementor-widget-theme-post-excerpt\" data-id=\"ec4f8c7\" data-element_type=\"widget\" data-e-type=\"widget\" data-widget_type=\"theme-post-excerpt.default\">\n\t\t\t\t\tLa boliviana Mar\u00eda Galindo, quien se define a s\u00ed misma como activista m\u00e1s que como artista, particip\u00f3 en la cuarta edici\u00f3n de Inter[\u2022]actos con el taller \u201cLa calle mi casa sin marido, mi trabajo sin patrones\u201d, que se desarroll\u00f3 los d\u00edas 23 y 24 de octubre; la presentaci\u00f3n de su m\u00e1s reciente libro, realizada tambi\u00e9n el 24; y, un performance, que tuvo lugar el 25.\t\t\t\t<\/div>\n\t\t\t\t\t<\/div>\n\t\t\t\t<\/div>\n\t\t\t\t<\/div>\n\t\t\t\t<div data-elementor-type=\"loop-item\" data-elementor-id=\"1281\" class=\"elementor elementor-1281 e-loop-item e-loop-item-1203 post-1203 post type-post status-publish format-standard has-post-thumbnail hentry category-noticias tag-interactos\" data-elementor-post-type=\"elementor_library\" data-custom-edit-handle=\"1\">\n\t\t\t<div class=\"elementor-element elementor-element-10f84d2 e-flex e-con-boxed e-con e-parent\" data-id=\"10f84d2\" data-element_type=\"container\" data-e-type=\"container\">\n\t\t\t\t\t<div class=\"e-con-inner\">\n\t\t\t\t<div class=\"elementor-element elementor-element-331d1db elementor-widget elementor-widget-theme-post-featured-image elementor-widget-image\" data-id=\"331d1db\" data-element_type=\"widget\" data-e-type=\"widget\" data-widget_type=\"theme-post-featured-image.default\">\n\t\t\t\t\t\t\t\t\t\t\t\t\t\t\t\t<a href=\"https:\/\/www.uartes.edu.ec\/sitio\/interactos\/noticias\/ballet-neo-clasico-de-la-espol-en-la-jornada-de-clausura-de-inter%e2%80%a2actos\/\">\n\t\t\t\t\t\t\t<img decoding=\"async\" width=\"768\" height=\"512\" src=\"https:\/\/www.uartes.edu.ec\/sitio\/interactos\/wp-content\/uploads\/sites\/8\/2019\/12\/ballet2-768x512.jpg\" class=\"attachment-medium_large size-medium_large wp-image-1204\" alt=\"\" srcset=\"https:\/\/www.uartes.edu.ec\/sitio\/interactos\/wp-content\/uploads\/sites\/8\/2019\/12\/ballet2-768x512.jpg 768w, https:\/\/www.uartes.edu.ec\/sitio\/interactos\/wp-content\/uploads\/sites\/8\/2019\/12\/ballet2-600x400.jpg 600w, https:\/\/www.uartes.edu.ec\/sitio\/interactos\/wp-content\/uploads\/sites\/8\/2019\/12\/ballet2-300x200.jpg 300w, https:\/\/www.uartes.edu.ec\/sitio\/interactos\/wp-content\/uploads\/sites\/8\/2019\/12\/ballet2-1024x683.jpg 1024w, https:\/\/www.uartes.edu.ec\/sitio\/interactos\/wp-content\/uploads\/sites\/8\/2019\/12\/ballet2-400x267.jpg 400w, https:\/\/www.uartes.edu.ec\/sitio\/interactos\/wp-content\/uploads\/sites\/8\/2019\/12\/ballet2-272x182.jpg 272w, https:\/\/www.uartes.edu.ec\/sitio\/interactos\/wp-content\/uploads\/sites\/8\/2019\/12\/ballet2.jpg 1500w\" sizes=\"(max-width: 768px) 100vw, 768px\" \/>\t\t\t\t\t\t\t\t<\/a>\n\t\t\t\t\t\t\t\t\t\t\t\t\t\t\t<\/div>\n\t\t\t\t<div class=\"elementor-element elementor-element-6d6246d elementor-widget elementor-widget-theme-post-title elementor-page-title elementor-widget-heading\" data-id=\"6d6246d\" data-element_type=\"widget\" data-e-type=\"widget\" data-widget_type=\"theme-post-title.default\">\n\t\t\t\t\t<h3 class=\"elementor-heading-title elementor-size-default\"><a href=\"https:\/\/www.uartes.edu.ec\/sitio\/interactos\/noticias\/ballet-neo-clasico-de-la-espol-en-la-jornada-de-clausura-de-inter%e2%80%a2actos\/\">Ballet Neo Cl\u00e1sico de la Espol, en la jornada de clausura de Inter[\u2022]actos<\/a><\/h3>\t\t\t\t<\/div>\n\t\t\t\t<div class=\"elementor-element elementor-element-b6760fe elementor-align-left elementor-widget elementor-widget-post-info\" data-id=\"b6760fe\" data-element_type=\"widget\" data-e-type=\"widget\" data-widget_type=\"post-info.default\">\n\t\t\t\t\t\t\t<ul class=\"elementor-inline-items elementor-icon-list-items elementor-post-info\">\n\t\t\t\t\t\t\t\t<li class=\"elementor-icon-list-item elementor-repeater-item-1e9ac2b elementor-inline-item\" itemprop=\"datePublished\">\n\t\t\t\t\t\t\t\t\t\t\t\t\t<span class=\"elementor-icon-list-text elementor-post-info__item elementor-post-info__item--type-date\">\n\t\t\t\t\t\t\t\t\t\t<time>octubre 28, 2019<\/time>\t\t\t\t\t<\/span>\n\t\t\t\t\t\t\t\t<\/li>\n\t\t\t\t<\/ul>\n\t\t\t\t\t\t<\/div>\n\t\t\t\t<div class=\"elementor-element elementor-element-ec4f8c7 elementor-widget elementor-widget-theme-post-excerpt\" data-id=\"ec4f8c7\" data-element_type=\"widget\" data-e-type=\"widget\" data-widget_type=\"theme-post-excerpt.default\">\n\t\t\t\t\tEl Ballet Neo Cl\u00e1sico de la Escuela Superior Polit\u00e9cnica del Litoral (Espol) se present\u00f3 en el auditorio del MAAC este s\u00e1bado 26 de octubre, en la jornada de cierre de Inter[\u2022]actos, los Encuentros P\u00fablicos en Artes cuya cuarta jornada se inici\u00f3 el mi\u00e9rcoles 23.\t\t\t\t<\/div>\n\t\t\t\t\t<\/div>\n\t\t\t\t<\/div>\n\t\t\t\t<\/div>\n\t\t\t\t<div data-elementor-type=\"loop-item\" data-elementor-id=\"1281\" class=\"elementor elementor-1281 e-loop-item e-loop-item-1197 post-1197 post type-post status-publish format-standard has-post-thumbnail hentry category-noticias tag-interactos\" data-elementor-post-type=\"elementor_library\" data-custom-edit-handle=\"1\">\n\t\t\t<div class=\"elementor-element elementor-element-10f84d2 e-flex e-con-boxed e-con e-parent\" data-id=\"10f84d2\" data-element_type=\"container\" data-e-type=\"container\">\n\t\t\t\t\t<div class=\"e-con-inner\">\n\t\t\t\t<div class=\"elementor-element elementor-element-331d1db elementor-widget elementor-widget-theme-post-featured-image elementor-widget-image\" data-id=\"331d1db\" data-element_type=\"widget\" data-e-type=\"widget\" data-widget_type=\"theme-post-featured-image.default\">\n\t\t\t\t\t\t\t\t\t\t\t\t\t\t\t\t<a href=\"https:\/\/www.uartes.edu.ec\/sitio\/interactos\/noticias\/duo-unkulkix-llego-a-inter%e2%80%a2actos-con-un-perfomance-experimental\/\">\n\t\t\t\t\t\t\t<img decoding=\"async\" width=\"768\" height=\"512\" src=\"https:\/\/www.uartes.edu.ec\/sitio\/interactos\/wp-content\/uploads\/sites\/8\/2019\/12\/2-1-768x512.jpg\" class=\"attachment-medium_large size-medium_large wp-image-1200\" alt=\"\" srcset=\"https:\/\/www.uartes.edu.ec\/sitio\/interactos\/wp-content\/uploads\/sites\/8\/2019\/12\/2-1-768x512.jpg 768w, https:\/\/www.uartes.edu.ec\/sitio\/interactos\/wp-content\/uploads\/sites\/8\/2019\/12\/2-1-600x400.jpg 600w, https:\/\/www.uartes.edu.ec\/sitio\/interactos\/wp-content\/uploads\/sites\/8\/2019\/12\/2-1-300x200.jpg 300w, https:\/\/www.uartes.edu.ec\/sitio\/interactos\/wp-content\/uploads\/sites\/8\/2019\/12\/2-1-1024x683.jpg 1024w, https:\/\/www.uartes.edu.ec\/sitio\/interactos\/wp-content\/uploads\/sites\/8\/2019\/12\/2-1-400x267.jpg 400w, https:\/\/www.uartes.edu.ec\/sitio\/interactos\/wp-content\/uploads\/sites\/8\/2019\/12\/2-1-272x182.jpg 272w, https:\/\/www.uartes.edu.ec\/sitio\/interactos\/wp-content\/uploads\/sites\/8\/2019\/12\/2-1.jpg 1500w\" sizes=\"(max-width: 768px) 100vw, 768px\" \/>\t\t\t\t\t\t\t\t<\/a>\n\t\t\t\t\t\t\t\t\t\t\t\t\t\t\t<\/div>\n\t\t\t\t<div class=\"elementor-element elementor-element-6d6246d elementor-widget elementor-widget-theme-post-title elementor-page-title elementor-widget-heading\" data-id=\"6d6246d\" data-element_type=\"widget\" data-e-type=\"widget\" data-widget_type=\"theme-post-title.default\">\n\t\t\t\t\t<h3 class=\"elementor-heading-title elementor-size-default\"><a href=\"https:\/\/www.uartes.edu.ec\/sitio\/interactos\/noticias\/duo-unkulkix-llego-a-inter%e2%80%a2actos-con-un-perfomance-experimental\/\">D\u00fao Unkul*Kix lleg\u00f3 a Inter[\u2022]actos con un perfomance experimental<\/a><\/h3>\t\t\t\t<\/div>\n\t\t\t\t<div class=\"elementor-element elementor-element-b6760fe elementor-align-left elementor-widget elementor-widget-post-info\" data-id=\"b6760fe\" data-element_type=\"widget\" data-e-type=\"widget\" data-widget_type=\"post-info.default\">\n\t\t\t\t\t\t\t<ul class=\"elementor-inline-items elementor-icon-list-items elementor-post-info\">\n\t\t\t\t\t\t\t\t<li class=\"elementor-icon-list-item elementor-repeater-item-1e9ac2b elementor-inline-item\" itemprop=\"datePublished\">\n\t\t\t\t\t\t\t\t\t\t\t\t\t<span class=\"elementor-icon-list-text elementor-post-info__item elementor-post-info__item--type-date\">\n\t\t\t\t\t\t\t\t\t\t<time>octubre 28, 2019<\/time>\t\t\t\t\t<\/span>\n\t\t\t\t\t\t\t\t<\/li>\n\t\t\t\t<\/ul>\n\t\t\t\t\t\t<\/div>\n\t\t\t\t<div class=\"elementor-element elementor-element-ec4f8c7 elementor-widget elementor-widget-theme-post-excerpt\" data-id=\"ec4f8c7\" data-element_type=\"widget\" data-e-type=\"widget\" data-widget_type=\"theme-post-excerpt.default\">\n\t\t\t\t\tUn perfomance experimental llev\u00f3 el d\u00fao Unkul*Kix la tarde de este s\u00e1bado 26 de octubre a la plataforma del Museo Antropol\u00f3gico y de Arte Contempor\u00e1neo (MAAC), en la jornada de clausura de Inter[\u2022]actos, los Encuentros P\u00fablicos en Artes que organiza la Universidad de las Artes y que en este a\u00f1o llegaron a su cuarta edici\u00f3n.\t\t\t\t<\/div>\n\t\t\t\t\t<\/div>\n\t\t\t\t<\/div>\n\t\t\t\t<\/div>\n\t\t\t\t<div data-elementor-type=\"loop-item\" data-elementor-id=\"1281\" class=\"elementor elementor-1281 e-loop-item e-loop-item-1191 post-1191 post type-post status-publish format-standard has-post-thumbnail hentry category-noticias tag-interactos\" data-elementor-post-type=\"elementor_library\" data-custom-edit-handle=\"1\">\n\t\t\t<div class=\"elementor-element elementor-element-10f84d2 e-flex e-con-boxed e-con e-parent\" data-id=\"10f84d2\" data-element_type=\"container\" data-e-type=\"container\">\n\t\t\t\t\t<div class=\"e-con-inner\">\n\t\t\t\t<div class=\"elementor-element elementor-element-331d1db elementor-widget elementor-widget-theme-post-featured-image elementor-widget-image\" data-id=\"331d1db\" data-element_type=\"widget\" data-e-type=\"widget\" data-widget_type=\"theme-post-featured-image.default\">\n\t\t\t\t\t\t\t\t\t\t\t\t\t\t\t\t<a href=\"https:\/\/www.uartes.edu.ec\/sitio\/interactos\/noticias\/el-arte-como-constitucion-del-espacio-social-el-taller-de-rubens-mano\/\">\n\t\t\t\t\t\t\t<img loading=\"lazy\" decoding=\"async\" width=\"768\" height=\"512\" src=\"https:\/\/www.uartes.edu.ec\/sitio\/interactos\/wp-content\/uploads\/sites\/8\/2019\/12\/RUBENS-MANO-768x512.jpg\" class=\"attachment-medium_large size-medium_large wp-image-1194\" alt=\"\" srcset=\"https:\/\/www.uartes.edu.ec\/sitio\/interactos\/wp-content\/uploads\/sites\/8\/2019\/12\/RUBENS-MANO-768x512.jpg 768w, https:\/\/www.uartes.edu.ec\/sitio\/interactos\/wp-content\/uploads\/sites\/8\/2019\/12\/RUBENS-MANO-600x400.jpg 600w, https:\/\/www.uartes.edu.ec\/sitio\/interactos\/wp-content\/uploads\/sites\/8\/2019\/12\/RUBENS-MANO-300x200.jpg 300w, https:\/\/www.uartes.edu.ec\/sitio\/interactos\/wp-content\/uploads\/sites\/8\/2019\/12\/RUBENS-MANO-1024x683.jpg 1024w, https:\/\/www.uartes.edu.ec\/sitio\/interactos\/wp-content\/uploads\/sites\/8\/2019\/12\/RUBENS-MANO-400x267.jpg 400w, https:\/\/www.uartes.edu.ec\/sitio\/interactos\/wp-content\/uploads\/sites\/8\/2019\/12\/RUBENS-MANO-272x182.jpg 272w, https:\/\/www.uartes.edu.ec\/sitio\/interactos\/wp-content\/uploads\/sites\/8\/2019\/12\/RUBENS-MANO.jpg 1500w\" sizes=\"(max-width: 768px) 100vw, 768px\" \/>\t\t\t\t\t\t\t\t<\/a>\n\t\t\t\t\t\t\t\t\t\t\t\t\t\t\t<\/div>\n\t\t\t\t<div class=\"elementor-element elementor-element-6d6246d elementor-widget elementor-widget-theme-post-title elementor-page-title elementor-widget-heading\" data-id=\"6d6246d\" data-element_type=\"widget\" data-e-type=\"widget\" data-widget_type=\"theme-post-title.default\">\n\t\t\t\t\t<h3 class=\"elementor-heading-title elementor-size-default\"><a href=\"https:\/\/www.uartes.edu.ec\/sitio\/interactos\/noticias\/el-arte-como-constitucion-del-espacio-social-el-taller-de-rubens-mano\/\">\u201cEl arte como constituci\u00f3n del espacio social\u201d, el taller de Rubens Mano<\/a><\/h3>\t\t\t\t<\/div>\n\t\t\t\t<div class=\"elementor-element elementor-element-b6760fe elementor-align-left elementor-widget elementor-widget-post-info\" data-id=\"b6760fe\" data-element_type=\"widget\" data-e-type=\"widget\" data-widget_type=\"post-info.default\">\n\t\t\t\t\t\t\t<ul class=\"elementor-inline-items elementor-icon-list-items elementor-post-info\">\n\t\t\t\t\t\t\t\t<li class=\"elementor-icon-list-item elementor-repeater-item-1e9ac2b elementor-inline-item\" itemprop=\"datePublished\">\n\t\t\t\t\t\t\t\t\t\t\t\t\t<span class=\"elementor-icon-list-text elementor-post-info__item elementor-post-info__item--type-date\">\n\t\t\t\t\t\t\t\t\t\t<time>octubre 28, 2019<\/time>\t\t\t\t\t<\/span>\n\t\t\t\t\t\t\t\t<\/li>\n\t\t\t\t<\/ul>\n\t\t\t\t\t\t<\/div>\n\t\t\t\t<div class=\"elementor-element elementor-element-ec4f8c7 elementor-widget elementor-widget-theme-post-excerpt\" data-id=\"ec4f8c7\" data-element_type=\"widget\" data-e-type=\"widget\" data-widget_type=\"theme-post-excerpt.default\">\n\t\t\t\t\tEl taller con Rubens Mano dict\u00f3 en la cuarta edici\u00f3n de Interactos, del 23 al 26 de octubre, fluy\u00f3 como era de esperarse. \t\t\t\t<\/div>\n\t\t\t\t\t<\/div>\n\t\t\t\t<\/div>\n\t\t\t\t<\/div>\n\t\t\t\t<div data-elementor-type=\"loop-item\" data-elementor-id=\"1281\" class=\"elementor elementor-1281 e-loop-item e-loop-item-1163 post-1163 post type-post status-publish format-standard has-post-thumbnail hentry category-noticias tag-interactos\" data-elementor-post-type=\"elementor_library\" data-custom-edit-handle=\"1\">\n\t\t\t<div class=\"elementor-element elementor-element-10f84d2 e-flex e-con-boxed e-con e-parent\" data-id=\"10f84d2\" data-element_type=\"container\" data-e-type=\"container\">\n\t\t\t\t\t<div class=\"e-con-inner\">\n\t\t\t\t<div class=\"elementor-element elementor-element-331d1db elementor-widget elementor-widget-theme-post-featured-image elementor-widget-image\" data-id=\"331d1db\" data-element_type=\"widget\" data-e-type=\"widget\" data-widget_type=\"theme-post-featured-image.default\">\n\t\t\t\t\t\t\t\t\t\t\t\t\t\t\t\t<a href=\"https:\/\/www.uartes.edu.ec\/sitio\/interactos\/noticias\/musica-danza-y-solidaridad-en-el-cierre-de-inter%e2%80%a2actos\/\">\n\t\t\t\t\t\t\t<img loading=\"lazy\" decoding=\"async\" width=\"768\" height=\"512\" src=\"https:\/\/www.uartes.edu.ec\/sitio\/interactos\/wp-content\/uploads\/sites\/8\/2019\/10\/12-BERNARDA-768x512.jpg\" class=\"attachment-medium_large size-medium_large wp-image-1174\" alt=\"\" srcset=\"https:\/\/www.uartes.edu.ec\/sitio\/interactos\/wp-content\/uploads\/sites\/8\/2019\/10\/12-BERNARDA-768x512.jpg 768w, https:\/\/www.uartes.edu.ec\/sitio\/interactos\/wp-content\/uploads\/sites\/8\/2019\/10\/12-BERNARDA-600x400.jpg 600w, https:\/\/www.uartes.edu.ec\/sitio\/interactos\/wp-content\/uploads\/sites\/8\/2019\/10\/12-BERNARDA-300x200.jpg 300w, https:\/\/www.uartes.edu.ec\/sitio\/interactos\/wp-content\/uploads\/sites\/8\/2019\/10\/12-BERNARDA-1024x683.jpg 1024w, https:\/\/www.uartes.edu.ec\/sitio\/interactos\/wp-content\/uploads\/sites\/8\/2019\/10\/12-BERNARDA-400x267.jpg 400w, https:\/\/www.uartes.edu.ec\/sitio\/interactos\/wp-content\/uploads\/sites\/8\/2019\/10\/12-BERNARDA-272x182.jpg 272w, https:\/\/www.uartes.edu.ec\/sitio\/interactos\/wp-content\/uploads\/sites\/8\/2019\/10\/12-BERNARDA.jpg 1500w\" sizes=\"(max-width: 768px) 100vw, 768px\" \/>\t\t\t\t\t\t\t\t<\/a>\n\t\t\t\t\t\t\t\t\t\t\t\t\t\t\t<\/div>\n\t\t\t\t<div class=\"elementor-element elementor-element-6d6246d elementor-widget elementor-widget-theme-post-title elementor-page-title elementor-widget-heading\" data-id=\"6d6246d\" data-element_type=\"widget\" data-e-type=\"widget\" data-widget_type=\"theme-post-title.default\">\n\t\t\t\t\t<h3 class=\"elementor-heading-title elementor-size-default\"><a href=\"https:\/\/www.uartes.edu.ec\/sitio\/interactos\/noticias\/musica-danza-y-solidaridad-en-el-cierre-de-inter%e2%80%a2actos\/\">M\u00fasica, danza y solidaridad, en el cierre de Inter[\u2022]actos<\/a><\/h3>\t\t\t\t<\/div>\n\t\t\t\t<div class=\"elementor-element elementor-element-b6760fe elementor-align-left elementor-widget elementor-widget-post-info\" data-id=\"b6760fe\" data-element_type=\"widget\" data-e-type=\"widget\" data-widget_type=\"post-info.default\">\n\t\t\t\t\t\t\t<ul class=\"elementor-inline-items elementor-icon-list-items elementor-post-info\">\n\t\t\t\t\t\t\t\t<li class=\"elementor-icon-list-item elementor-repeater-item-1e9ac2b elementor-inline-item\" itemprop=\"datePublished\">\n\t\t\t\t\t\t\t\t\t\t\t\t\t<span class=\"elementor-icon-list-text elementor-post-info__item elementor-post-info__item--type-date\">\n\t\t\t\t\t\t\t\t\t\t<time>octubre 28, 2019<\/time>\t\t\t\t\t<\/span>\n\t\t\t\t\t\t\t\t<\/li>\n\t\t\t\t<\/ul>\n\t\t\t\t\t\t<\/div>\n\t\t\t\t<div class=\"elementor-element elementor-element-ec4f8c7 elementor-widget elementor-widget-theme-post-excerpt\" data-id=\"ec4f8c7\" data-element_type=\"widget\" data-e-type=\"widget\" data-widget_type=\"theme-post-excerpt.default\">\n\t\t\t\t\tM\u00fasica electr\u00f3nica, etnoelectr\u00f3nica, rap, reggae, danza y performance fueron algunas de los manifestaciones art\u00edsticas que se registraron el s\u00e1bado 26 de octubre, en la clausura de Inter[\u2022]actos-Encuentros P\u00fablicos de Artes.\t\t\t\t<\/div>\n\t\t\t\t\t<\/div>\n\t\t\t\t<\/div>\n\t\t\t\t<\/div>\n\t\t\t\t<div data-elementor-type=\"loop-item\" data-elementor-id=\"1281\" class=\"elementor elementor-1281 e-loop-item e-loop-item-1134 post-1134 post type-post status-publish format-standard has-post-thumbnail hentry category-noticias tag-interactos\" data-elementor-post-type=\"elementor_library\" data-custom-edit-handle=\"1\">\n\t\t\t<div class=\"elementor-element elementor-element-10f84d2 e-flex e-con-boxed e-con e-parent\" data-id=\"10f84d2\" data-element_type=\"container\" data-e-type=\"container\">\n\t\t\t\t\t<div class=\"e-con-inner\">\n\t\t\t\t<div class=\"elementor-element elementor-element-331d1db elementor-widget elementor-widget-theme-post-featured-image elementor-widget-image\" data-id=\"331d1db\" data-element_type=\"widget\" data-e-type=\"widget\" data-widget_type=\"theme-post-featured-image.default\">\n\t\t\t\t\t\t\t\t\t\t\t\t\t\t\t\t<a href=\"https:\/\/www.uartes.edu.ec\/sitio\/interactos\/noticias\/jairo-cuero-denunciante-e-innovador-en-inter%e2%80%a2actos\/\">\n\t\t\t\t\t\t\t<img loading=\"lazy\" decoding=\"async\" width=\"768\" height=\"512\" src=\"https:\/\/www.uartes.edu.ec\/sitio\/interactos\/wp-content\/uploads\/sites\/8\/2019\/10\/08-IMG_1801-768x512.jpg\" class=\"attachment-medium_large size-medium_large wp-image-1139\" alt=\"\" srcset=\"https:\/\/www.uartes.edu.ec\/sitio\/interactos\/wp-content\/uploads\/sites\/8\/2019\/10\/08-IMG_1801-768x512.jpg 768w, https:\/\/www.uartes.edu.ec\/sitio\/interactos\/wp-content\/uploads\/sites\/8\/2019\/10\/08-IMG_1801-600x400.jpg 600w, https:\/\/www.uartes.edu.ec\/sitio\/interactos\/wp-content\/uploads\/sites\/8\/2019\/10\/08-IMG_1801-300x200.jpg 300w, https:\/\/www.uartes.edu.ec\/sitio\/interactos\/wp-content\/uploads\/sites\/8\/2019\/10\/08-IMG_1801-1024x683.jpg 1024w, https:\/\/www.uartes.edu.ec\/sitio\/interactos\/wp-content\/uploads\/sites\/8\/2019\/10\/08-IMG_1801-400x267.jpg 400w, https:\/\/www.uartes.edu.ec\/sitio\/interactos\/wp-content\/uploads\/sites\/8\/2019\/10\/08-IMG_1801-272x182.jpg 272w, https:\/\/www.uartes.edu.ec\/sitio\/interactos\/wp-content\/uploads\/sites\/8\/2019\/10\/08-IMG_1801.jpg 1500w\" sizes=\"(max-width: 768px) 100vw, 768px\" \/>\t\t\t\t\t\t\t\t<\/a>\n\t\t\t\t\t\t\t\t\t\t\t\t\t\t\t<\/div>\n\t\t\t\t<div class=\"elementor-element elementor-element-6d6246d elementor-widget elementor-widget-theme-post-title elementor-page-title elementor-widget-heading\" data-id=\"6d6246d\" data-element_type=\"widget\" data-e-type=\"widget\" data-widget_type=\"theme-post-title.default\">\n\t\t\t\t\t<h3 class=\"elementor-heading-title elementor-size-default\"><a href=\"https:\/\/www.uartes.edu.ec\/sitio\/interactos\/noticias\/jairo-cuero-denunciante-e-innovador-en-inter%e2%80%a2actos\/\">Jairo Cuero, denunciante e innovador en Inter[\u2022]actos<\/a><\/h3>\t\t\t\t<\/div>\n\t\t\t\t<div class=\"elementor-element elementor-element-b6760fe elementor-align-left elementor-widget elementor-widget-post-info\" data-id=\"b6760fe\" data-element_type=\"widget\" data-e-type=\"widget\" data-widget_type=\"post-info.default\">\n\t\t\t\t\t\t\t<ul class=\"elementor-inline-items elementor-icon-list-items elementor-post-info\">\n\t\t\t\t\t\t\t\t<li class=\"elementor-icon-list-item elementor-repeater-item-1e9ac2b elementor-inline-item\" itemprop=\"datePublished\">\n\t\t\t\t\t\t\t\t\t\t\t\t\t<span class=\"elementor-icon-list-text elementor-post-info__item elementor-post-info__item--type-date\">\n\t\t\t\t\t\t\t\t\t\t<time>octubre 28, 2019<\/time>\t\t\t\t\t<\/span>\n\t\t\t\t\t\t\t\t<\/li>\n\t\t\t\t<\/ul>\n\t\t\t\t\t\t<\/div>\n\t\t\t\t<div class=\"elementor-element elementor-element-ec4f8c7 elementor-widget elementor-widget-theme-post-excerpt\" data-id=\"ec4f8c7\" data-element_type=\"widget\" data-e-type=\"widget\" data-widget_type=\"theme-post-excerpt.default\">\n\t\t\t\t\tEl core\u00f3grafo e investigador colombiano dict\u00f3 el taller \u201cDanza Afrocolombiana PATAKORE\u201d y contagi\u00f3 con sus r\u00edtmicas propuestas, las cuales son una expresi\u00f3n de resistencia a la exclusi\u00f3n racial. \t\t\t\t<\/div>\n\t\t\t\t\t<\/div>\n\t\t\t\t<\/div>\n\t\t\t\t<\/div>\n\t\t\t\t<\/div>\n\t\t\n\t\t\t\t<div class=\"e-load-more-anchor\" data-page=\"1\" data-max-page=\"9\" data-next-page=\"https:\/\/www.uartes.edu.ec\/sitio\/interactos\/wp-json\/wp\/v2\/pages\/1638\/page\/2\/\"><\/div>\n\t\t\t\t<nav class=\"elementor-pagination\" aria-label=\"Paginaci\u00f3n\">\n\t\t\t<span aria-current=\"page\" class=\"page-numbers current\"><span class=\"elementor-screen-only\">P\u00e1gina<\/span>1<\/span>\n<a class=\"page-numbers\" href=\"https:\/\/www.uartes.edu.ec\/sitio\/interactos\/wp-json\/wp\/v2\/pages\/1638\/page\/2\/\"><span class=\"elementor-screen-only\">P\u00e1gina<\/span>2<\/a>\n<a class=\"page-numbers\" href=\"https:\/\/www.uartes.edu.ec\/sitio\/interactos\/wp-json\/wp\/v2\/pages\/1638\/page\/3\/\"><span class=\"elementor-screen-only\">P\u00e1gina<\/span>3<\/a>\n<a class=\"page-numbers\" href=\"https:\/\/www.uartes.edu.ec\/sitio\/interactos\/wp-json\/wp\/v2\/pages\/1638\/page\/4\/\"><span class=\"elementor-screen-only\">P\u00e1gina<\/span>4<\/a>\n<a class=\"page-numbers\" href=\"https:\/\/www.uartes.edu.ec\/sitio\/interactos\/wp-json\/wp\/v2\/pages\/1638\/page\/5\/\"><span class=\"elementor-screen-only\">P\u00e1gina<\/span>5<\/a>\n<a class=\"page-numbers\" href=\"https:\/\/www.uartes.edu.ec\/sitio\/interactos\/wp-json\/wp\/v2\/pages\/1638\/page\/6\/\"><span class=\"elementor-screen-only\">P\u00e1gina<\/span>6<\/a>\n<a class=\"page-numbers\" href=\"https:\/\/www.uartes.edu.ec\/sitio\/interactos\/wp-json\/wp\/v2\/pages\/1638\/page\/7\/\"><span class=\"elementor-screen-only\">P\u00e1gina<\/span>7<\/a>\n<a class=\"page-numbers\" href=\"https:\/\/www.uartes.edu.ec\/sitio\/interactos\/wp-json\/wp\/v2\/pages\/1638\/page\/8\/\"><span class=\"elementor-screen-only\">P\u00e1gina<\/span>8<\/a>\n<a class=\"page-numbers\" href=\"https:\/\/www.uartes.edu.ec\/sitio\/interactos\/wp-json\/wp\/v2\/pages\/1638\/page\/9\/\"><span class=\"elementor-screen-only\">P\u00e1gina<\/span>9<\/a>\t\t<\/nav>\n\t\t\t\t\t\t<\/div>\n\t\t\t\t<\/div>\n\t\t\t\t\t<\/div>\n\t\t\t\t<\/div>\n\t\t\t\t<\/div>\n\t\t","protected":false},"excerpt":{"rendered":"","protected":false},"author":1,"featured_media":1563,"parent":0,"menu_order":0,"comment_status":"closed","ping_status":"closed","template":"","meta":{"_uag_custom_page_level_css":"","_monsterinsights_skip_tracking":false,"_monsterinsights_sitenote_active":false,"_monsterinsights_sitenote_note":"","_monsterinsights_sitenote_category":0,"cybocfi_hide_featured_image":"","footnotes":""},"class_list":["post-1638","page","type-page","status-publish","has-post-thumbnail","hentry"],"uagb_featured_image_src":{"full":["https:\/\/www.uartes.edu.ec\/sitio\/interactos\/wp-content\/uploads\/sites\/8\/2025\/06\/BANNER-WEB-INTERACTOS-TALLERES-1-scaled.png",2560,1341,false],"thumbnail":["https:\/\/www.uartes.edu.ec\/sitio\/interactos\/wp-content\/uploads\/sites\/8\/2025\/06\/BANNER-WEB-INTERACTOS-TALLERES-1-150x150.png",150,150,true],"medium":["https:\/\/www.uartes.edu.ec\/sitio\/interactos\/wp-content\/uploads\/sites\/8\/2025\/06\/BANNER-WEB-INTERACTOS-TALLERES-1-300x157.png",300,157,true],"medium_large":["https:\/\/www.uartes.edu.ec\/sitio\/interactos\/wp-content\/uploads\/sites\/8\/2025\/06\/BANNER-WEB-INTERACTOS-TALLERES-1-768x402.png",768,402,true],"large":["https:\/\/www.uartes.edu.ec\/sitio\/interactos\/wp-content\/uploads\/sites\/8\/2025\/06\/BANNER-WEB-INTERACTOS-TALLERES-1-1024x536.png",800,419,true],"1536x1536":["https:\/\/www.uartes.edu.ec\/sitio\/interactos\/wp-content\/uploads\/sites\/8\/2025\/06\/BANNER-WEB-INTERACTOS-TALLERES-1-1536x804.png",1536,804,true],"2048x2048":["https:\/\/www.uartes.edu.ec\/sitio\/interactos\/wp-content\/uploads\/sites\/8\/2025\/06\/BANNER-WEB-INTERACTOS-TALLERES-1-2048x1073.png",2048,1073,true]},"uagb_author_info":{"display_name":"Universidad de las Artes","author_link":"https:\/\/www.uartes.edu.ec\/sitio\/interactos\/author\/dircomadm\/"},"uagb_comment_info":0,"uagb_excerpt":null,"distributor_meta":false,"distributor_terms":false,"distributor_media":false,"distributor_original_site_name":"inter [\u2022] actos","distributor_original_site_url":"https:\/\/www.uartes.edu.ec\/sitio\/interactos","push-errors":false,"_links":{"self":[{"href":"https:\/\/www.uartes.edu.ec\/sitio\/interactos\/wp-json\/wp\/v2\/pages\/1638","targetHints":{"allow":["GET"]}}],"collection":[{"href":"https:\/\/www.uartes.edu.ec\/sitio\/interactos\/wp-json\/wp\/v2\/pages"}],"about":[{"href":"https:\/\/www.uartes.edu.ec\/sitio\/interactos\/wp-json\/wp\/v2\/types\/page"}],"author":[{"embeddable":true,"href":"https:\/\/www.uartes.edu.ec\/sitio\/interactos\/wp-json\/wp\/v2\/users\/1"}],"replies":[{"embeddable":true,"href":"https:\/\/www.uartes.edu.ec\/sitio\/interactos\/wp-json\/wp\/v2\/comments?post=1638"}],"version-history":[{"count":7,"href":"https:\/\/www.uartes.edu.ec\/sitio\/interactos\/wp-json\/wp\/v2\/pages\/1638\/revisions"}],"predecessor-version":[{"id":1656,"href":"https:\/\/www.uartes.edu.ec\/sitio\/interactos\/wp-json\/wp\/v2\/pages\/1638\/revisions\/1656"}],"wp:featuredmedia":[{"embeddable":true,"href":"https:\/\/www.uartes.edu.ec\/sitio\/interactos\/wp-json\/wp\/v2\/media\/1563"}],"wp:attachment":[{"href":"https:\/\/www.uartes.edu.ec\/sitio\/interactos\/wp-json\/wp\/v2\/media?parent=1638"}],"curies":[{"name":"wp","href":"https:\/\/api.w.org\/{rel}","templated":true}]}}