{"id":3488,"date":"2022-05-11T20:07:09","date_gmt":"2022-05-12T01:07:09","guid":{"rendered":"http:\/\/www.uartes.edu.ec\/sitio\/preliminar\/equipo-editorial\/mario-maquilon\/"},"modified":"2026-03-06T11:54:41","modified_gmt":"2026-03-06T16:54:41","slug":"mario-maquilon","status":"publish","type":"page","link":"http:\/\/www.uartes.edu.ec\/sitio\/preliminar\/equipo-editorial\/mario-maquilon\/","title":{"rendered":"Mario Maquil\u00f3n"},"content":{"rendered":"\n<p>Comunicador social con menci\u00f3n en Literatura y m\u00e1ster en Humanidades: Arte, Literatura y Cultura Contempor\u00e1neas. Ha desempe\u00f1ado funciones en el Ministerio de Educaci\u00f3n y en la Secretar\u00eda de Educaci\u00f3n Superior, Ciencia, Tecnolog\u00eda e Innovaci\u00f3n (Senescyt). Actualmente ejerce como investigador en el Instituto Latinoamericano de Investigaci\u00f3n en Artes (ILIA) de la Universidad de las Artes. Entre sus pr\u00e1cticas art\u00edsticas est\u00e1n la poes\u00eda, fotograf\u00eda, la danza y la m\u00fasica.<\/p>\n","protected":false},"excerpt":{"rendered":"<p class=\"excerpt\">Comunicador social con menci\u00f3n en Literatura y m\u00e1ster en Humanidades: Arte, Literatura y Cultura Contempor\u00e1neas. Ha desempe\u00f1ado funciones en el Ministerio de Educaci\u00f3n y en la Secretar\u00eda de Educaci\u00f3n Superior, Ciencia, Tecnolog\u00eda e Innovaci\u00f3n (Senescyt). Actualmente ejerce como investigador en el Instituto Latinoamericano de Investigaci\u00f3n en Artes (ILIA) de la Universidad de las Artes. Entre [&hellip;]<\/p>\n","protected":false},"author":1,"featured_media":3500,"parent":48,"menu_order":0,"comment_status":"closed","ping_status":"closed","template":"","meta":{"_uag_custom_page_level_css":"","_monsterinsights_skip_tracking":false,"_monsterinsights_sitenote_active":false,"_monsterinsights_sitenote_note":"","_monsterinsights_sitenote_category":0,"cybocfi_hide_featured_image":"","footnotes":""},"tnc_tax_2229":[],"class_list":["post-3488","page","type-page","status-publish","has-post-thumbnail","hentry"],"uagb_featured_image_src":{"full":["https:\/\/www.uartes.edu.ec\/sitio\/preliminar\/wp-content\/uploads\/sites\/17\/2022\/05\/Mario-Maquilon.jpg",800,800,false],"thumbnail":["https:\/\/www.uartes.edu.ec\/sitio\/preliminar\/wp-content\/uploads\/sites\/17\/2022\/05\/Mario-Maquilon-150x150.jpg",150,150,true],"medium":["https:\/\/www.uartes.edu.ec\/sitio\/preliminar\/wp-content\/uploads\/sites\/17\/2022\/05\/Mario-Maquilon-300x300.jpg",300,300,true],"medium_large":["https:\/\/www.uartes.edu.ec\/sitio\/preliminar\/wp-content\/uploads\/sites\/17\/2022\/05\/Mario-Maquilon-768x768.jpg",768,768,true],"large":["https:\/\/www.uartes.edu.ec\/sitio\/preliminar\/wp-content\/uploads\/sites\/17\/2022\/05\/Mario-Maquilon.jpg",800,800,false],"1536x1536":["https:\/\/www.uartes.edu.ec\/sitio\/preliminar\/wp-content\/uploads\/sites\/17\/2022\/05\/Mario-Maquilon.jpg",800,800,false],"2048x2048":["https:\/\/www.uartes.edu.ec\/sitio\/preliminar\/wp-content\/uploads\/sites\/17\/2022\/05\/Mario-Maquilon.jpg",800,800,false],"tainacan-small":["https:\/\/www.uartes.edu.ec\/sitio\/preliminar\/wp-content\/uploads\/sites\/17\/2022\/05\/Mario-Maquilon-40x40.jpg",40,40,true],"tainacan-medium":["https:\/\/www.uartes.edu.ec\/sitio\/preliminar\/wp-content\/uploads\/sites\/17\/2022\/05\/Mario-Maquilon-275x275.jpg",275,275,true],"tainacan-medium-full":["https:\/\/www.uartes.edu.ec\/sitio\/preliminar\/wp-content\/uploads\/sites\/17\/2022\/05\/Mario-Maquilon-205x205.jpg",205,205,true],"tainacan-large-full":["https:\/\/www.uartes.edu.ec\/sitio\/preliminar\/wp-content\/uploads\/sites\/17\/2022\/05\/Mario-Maquilon.jpg",480,480,false],"layers-square-large":["https:\/\/www.uartes.edu.ec\/sitio\/preliminar\/wp-content\/uploads\/sites\/17\/2022\/05\/Mario-Maquilon.jpg",800,800,false],"layers-portrait-large":["https:\/\/www.uartes.edu.ec\/sitio\/preliminar\/wp-content\/uploads\/sites\/17\/2022\/05\/Mario-Maquilon-720x800.jpg",720,800,true],"layers-landscape-large":["https:\/\/www.uartes.edu.ec\/sitio\/preliminar\/wp-content\/uploads\/sites\/17\/2022\/05\/Mario-Maquilon-800x720.jpg",800,720,true],"layers-square-medium":["https:\/\/www.uartes.edu.ec\/sitio\/preliminar\/wp-content\/uploads\/sites\/17\/2022\/05\/Mario-Maquilon-480x480.jpg",480,480,true],"layers-portrait-medium":["https:\/\/www.uartes.edu.ec\/sitio\/preliminar\/wp-content\/uploads\/sites\/17\/2022\/05\/Mario-Maquilon-340x480.jpg",340,480,true],"layers-landscape-medium":["https:\/\/www.uartes.edu.ec\/sitio\/preliminar\/wp-content\/uploads\/sites\/17\/2022\/05\/Mario-Maquilon-480x340.jpg",480,340,true]},"uagb_author_info":{"display_name":"Universidad de las Artes","author_link":"https:\/\/www.uartes.edu.ec\/sitio\/preliminar\/author\/dircomadm\/"},"uagb_comment_info":0,"uagb_excerpt":"Comunicador social con menci\u00f3n en Literatura y m\u00e1ster en Humanidades: Arte, Literatura y Cultura Contempor\u00e1neas. Ha desempe\u00f1ado funciones en el Ministerio de Educaci\u00f3n y en la Secretar\u00eda de Educaci\u00f3n Superior, Ciencia, Tecnolog\u00eda e Innovaci\u00f3n (Senescyt). Actualmente ejerce como investigador en el Instituto Latinoamericano de Investigaci\u00f3n en Artes (ILIA) de la Universidad de las Artes. Entre&hellip;","distributor_meta":false,"distributor_terms":false,"distributor_media":false,"distributor_original_site_name":"Preliminar","distributor_original_site_url":"https:\/\/www.uartes.edu.ec\/sitio\/preliminar","push-errors":false,"_links":{"self":[{"href":"https:\/\/www.uartes.edu.ec\/sitio\/preliminar\/wp-json\/wp\/v2\/pages\/3488","targetHints":{"allow":["GET"]}}],"collection":[{"href":"https:\/\/www.uartes.edu.ec\/sitio\/preliminar\/wp-json\/wp\/v2\/pages"}],"about":[{"href":"https:\/\/www.uartes.edu.ec\/sitio\/preliminar\/wp-json\/wp\/v2\/types\/page"}],"author":[{"embeddable":true,"href":"https:\/\/www.uartes.edu.ec\/sitio\/preliminar\/wp-json\/wp\/v2\/users\/1"}],"replies":[{"embeddable":true,"href":"https:\/\/www.uartes.edu.ec\/sitio\/preliminar\/wp-json\/wp\/v2\/comments?post=3488"}],"version-history":[{"count":3,"href":"https:\/\/www.uartes.edu.ec\/sitio\/preliminar\/wp-json\/wp\/v2\/pages\/3488\/revisions"}],"predecessor-version":[{"id":4008,"href":"https:\/\/www.uartes.edu.ec\/sitio\/preliminar\/wp-json\/wp\/v2\/pages\/3488\/revisions\/4008"}],"up":[{"embeddable":true,"href":"https:\/\/www.uartes.edu.ec\/sitio\/preliminar\/wp-json\/wp\/v2\/pages\/48"}],"wp:featuredmedia":[{"embeddable":true,"href":"https:\/\/www.uartes.edu.ec\/sitio\/preliminar\/wp-json\/wp\/v2\/media\/3500"}],"wp:attachment":[{"href":"https:\/\/www.uartes.edu.ec\/sitio\/preliminar\/wp-json\/wp\/v2\/media?parent=3488"}],"wp:term":[{"taxonomy":"tnc_tax_2229","embeddable":true,"href":"https:\/\/www.uartes.edu.ec\/sitio\/preliminar\/wp-json\/wp\/v2\/tnc_tax_2229?post=3488"}],"curies":[{"name":"wp","href":"https:\/\/api.w.org\/{rel}","templated":true}]}}