{"id":3496,"date":"2022-05-11T20:07:20","date_gmt":"2022-05-12T01:07:20","guid":{"rendered":"http:\/\/www.uartes.edu.ec\/sitio\/preliminar\/equipo-editorial\/ana-crespo\/"},"modified":"2026-03-06T12:06:20","modified_gmt":"2026-03-06T17:06:20","slug":"ana-crespo","status":"publish","type":"page","link":"http:\/\/www.uartes.edu.ec\/sitio\/preliminar\/equipo-editorial\/ana-crespo\/","title":{"rendered":"Ana Mar\u00eda Crespo"},"content":{"rendered":"\n<p>Escritora, editora e investigadora. Licenciada en Literatura por la Universidad de las Artes. Fue becaria de la maestr\u00eda en Literatura de la Universidad Andina Sim\u00f3n Bol\u00edvar. Dirige la editorial El Sello Amarillo. Le interesan las historias que duermen en los archivos y la literatura fant\u00e1stica. Su libro de cuentos\u00a0<em>Van a ser unos a\u00f1os muy l\u00edquidos\u00a0<\/em>gan\u00f3 el premio nacional Joaqu\u00edn Gallegos Lara (2025).<\/p>\n","protected":false},"excerpt":{"rendered":"<p class=\"excerpt\">Escritora, editora e investigadora. Licenciada en Literatura por la Universidad de las Artes. Fue becaria de la maestr\u00eda en Literatura de la Universidad Andina Sim\u00f3n Bol\u00edvar. Dirige la editorial El Sello Amarillo. Le interesan las historias que duermen en los archivos y la literatura fant\u00e1stica. Su libro de cuentos\u00a0Van a ser unos a\u00f1os muy l\u00edquidos\u00a0gan\u00f3 [&hellip;]<\/p>\n","protected":false},"author":1,"featured_media":4009,"parent":48,"menu_order":0,"comment_status":"closed","ping_status":"closed","template":"","meta":{"_uag_custom_page_level_css":"","_monsterinsights_skip_tracking":false,"_monsterinsights_sitenote_active":false,"_monsterinsights_sitenote_note":"","_monsterinsights_sitenote_category":0,"cybocfi_hide_featured_image":"","footnotes":""},"tnc_tax_2229":[],"class_list":["post-3496","page","type-page","status-publish","has-post-thumbnail","hentry"],"uagb_featured_image_src":{"full":["https:\/\/www.uartes.edu.ec\/sitio\/preliminar\/wp-content\/uploads\/sites\/17\/2026\/03\/sqrAna-C.jpg",1000,1000,false],"thumbnail":["https:\/\/www.uartes.edu.ec\/sitio\/preliminar\/wp-content\/uploads\/sites\/17\/2026\/03\/sqrAna-C-150x150.jpg",150,150,true],"medium":["https:\/\/www.uartes.edu.ec\/sitio\/preliminar\/wp-content\/uploads\/sites\/17\/2026\/03\/sqrAna-C-300x300.jpg",300,300,true],"medium_large":["https:\/\/www.uartes.edu.ec\/sitio\/preliminar\/wp-content\/uploads\/sites\/17\/2026\/03\/sqrAna-C-768x768.jpg",768,768,true],"large":["https:\/\/www.uartes.edu.ec\/sitio\/preliminar\/wp-content\/uploads\/sites\/17\/2026\/03\/sqrAna-C.jpg",1000,1000,false],"1536x1536":["https:\/\/www.uartes.edu.ec\/sitio\/preliminar\/wp-content\/uploads\/sites\/17\/2026\/03\/sqrAna-C.jpg",1000,1000,false],"2048x2048":["https:\/\/www.uartes.edu.ec\/sitio\/preliminar\/wp-content\/uploads\/sites\/17\/2026\/03\/sqrAna-C.jpg",1000,1000,false],"tainacan-small":["https:\/\/www.uartes.edu.ec\/sitio\/preliminar\/wp-content\/uploads\/sites\/17\/2026\/03\/sqrAna-C-40x40.jpg",40,40,true],"tainacan-medium":["https:\/\/www.uartes.edu.ec\/sitio\/preliminar\/wp-content\/uploads\/sites\/17\/2026\/03\/sqrAna-C-275x275.jpg",275,275,true],"tainacan-medium-full":["https:\/\/www.uartes.edu.ec\/sitio\/preliminar\/wp-content\/uploads\/sites\/17\/2026\/03\/sqrAna-C-205x205.jpg",205,205,true],"tainacan-large-full":["https:\/\/www.uartes.edu.ec\/sitio\/preliminar\/wp-content\/uploads\/sites\/17\/2026\/03\/sqrAna-C-480x480.jpg",480,480,true],"layers-square-large":["https:\/\/www.uartes.edu.ec\/sitio\/preliminar\/wp-content\/uploads\/sites\/17\/2026\/03\/sqrAna-C.jpg",1000,1000,false],"layers-portrait-large":["https:\/\/www.uartes.edu.ec\/sitio\/preliminar\/wp-content\/uploads\/sites\/17\/2026\/03\/sqrAna-C-720x1000.jpg",720,1000,true],"layers-landscape-large":["https:\/\/www.uartes.edu.ec\/sitio\/preliminar\/wp-content\/uploads\/sites\/17\/2026\/03\/sqrAna-C-1000x720.jpg",1000,720,true],"layers-square-medium":["https:\/\/www.uartes.edu.ec\/sitio\/preliminar\/wp-content\/uploads\/sites\/17\/2026\/03\/sqrAna-C-480x480.jpg",480,480,true],"layers-portrait-medium":["https:\/\/www.uartes.edu.ec\/sitio\/preliminar\/wp-content\/uploads\/sites\/17\/2026\/03\/sqrAna-C-340x480.jpg",340,480,true],"layers-landscape-medium":["https:\/\/www.uartes.edu.ec\/sitio\/preliminar\/wp-content\/uploads\/sites\/17\/2026\/03\/sqrAna-C-480x340.jpg",480,340,true]},"uagb_author_info":{"display_name":"Universidad de las Artes","author_link":"https:\/\/www.uartes.edu.ec\/sitio\/preliminar\/author\/dircomadm\/"},"uagb_comment_info":0,"uagb_excerpt":"Escritora, editora e investigadora. Licenciada en Literatura por la Universidad de las Artes. Fue becaria de la maestr\u00eda en Literatura de la Universidad Andina Sim\u00f3n Bol\u00edvar. Dirige la editorial El Sello Amarillo. Le interesan las historias que duermen en los archivos y la literatura fant\u00e1stica. Su libro de cuentos\u00a0Van a ser unos a\u00f1os muy l\u00edquidos\u00a0gan\u00f3&hellip;","distributor_meta":false,"distributor_terms":false,"distributor_media":false,"distributor_original_site_name":"Preliminar","distributor_original_site_url":"https:\/\/www.uartes.edu.ec\/sitio\/preliminar","push-errors":false,"_links":{"self":[{"href":"https:\/\/www.uartes.edu.ec\/sitio\/preliminar\/wp-json\/wp\/v2\/pages\/3496","targetHints":{"allow":["GET"]}}],"collection":[{"href":"https:\/\/www.uartes.edu.ec\/sitio\/preliminar\/wp-json\/wp\/v2\/pages"}],"about":[{"href":"https:\/\/www.uartes.edu.ec\/sitio\/preliminar\/wp-json\/wp\/v2\/types\/page"}],"author":[{"embeddable":true,"href":"https:\/\/www.uartes.edu.ec\/sitio\/preliminar\/wp-json\/wp\/v2\/users\/1"}],"replies":[{"embeddable":true,"href":"https:\/\/www.uartes.edu.ec\/sitio\/preliminar\/wp-json\/wp\/v2\/comments?post=3496"}],"version-history":[{"count":3,"href":"https:\/\/www.uartes.edu.ec\/sitio\/preliminar\/wp-json\/wp\/v2\/pages\/3496\/revisions"}],"predecessor-version":[{"id":4011,"href":"https:\/\/www.uartes.edu.ec\/sitio\/preliminar\/wp-json\/wp\/v2\/pages\/3496\/revisions\/4011"}],"up":[{"embeddable":true,"href":"https:\/\/www.uartes.edu.ec\/sitio\/preliminar\/wp-json\/wp\/v2\/pages\/48"}],"wp:featuredmedia":[{"embeddable":true,"href":"https:\/\/www.uartes.edu.ec\/sitio\/preliminar\/wp-json\/wp\/v2\/media\/4009"}],"wp:attachment":[{"href":"https:\/\/www.uartes.edu.ec\/sitio\/preliminar\/wp-json\/wp\/v2\/media?parent=3496"}],"wp:term":[{"taxonomy":"tnc_tax_2229","embeddable":true,"href":"https:\/\/www.uartes.edu.ec\/sitio\/preliminar\/wp-json\/wp\/v2\/tnc_tax_2229?post=3496"}],"curies":[{"name":"wp","href":"https:\/\/api.w.org\/{rel}","templated":true}]}}