{"id":4022,"date":"2026-03-06T12:32:10","date_gmt":"2026-03-06T17:32:10","guid":{"rendered":"https:\/\/www.uartes.edu.ec\/sitio\/preliminar\/?page_id=4022"},"modified":"2026-03-06T12:32:11","modified_gmt":"2026-03-06T17:32:11","slug":"sandra-vilela","status":"publish","type":"page","link":"http:\/\/www.uartes.edu.ec\/sitio\/preliminar\/equipo-editorial\/sandra-vilela\/","title":{"rendered":"Sandra Vilela"},"content":{"rendered":"\n<p>Esmeraldas (1995). Estudiante de la escuela de Literatura, del itinerario de edici\u00f3n, de la Universidad de las Artes. Licenciada en Enfermer\u00eda de la Pontificia Universidad Cat\u00f3lica del Ecuador. Maestrante de la Universidad Estatal de Milagro. Editora de la revista Preliminar. Escritora de narrativa breve, con fuerte inter\u00e9s en temas como el dolor, la muerte y el amor a partir de la introspecci\u00f3n.<\/p>\n\n\n\n<p>Cofundadora del proyecto cultural multidisciplinario \u201cGuayaquil como un blues\u201d, l\u00edricas sonoras en cuatro paredes, presentado en la ciudad de Guayaquil en enero de 2026, donde particip\u00f3 con poemas de su autor\u00eda.<\/p>\n","protected":false},"excerpt":{"rendered":"<p class=\"excerpt\">Esmeraldas (1995). Estudiante de la escuela de Literatura, del itinerario de edici\u00f3n, de la Universidad de las Artes. Licenciada en Enfermer\u00eda de la Pontificia Universidad Cat\u00f3lica del Ecuador. Maestrante de la Universidad Estatal de Milagro. Editora de la revista Preliminar. Escritora de narrativa breve, con fuerte inter\u00e9s en temas como el dolor, la muerte y [&hellip;]<\/p>\n","protected":false},"author":1,"featured_media":4016,"parent":48,"menu_order":0,"comment_status":"closed","ping_status":"closed","template":"","meta":{"_uag_custom_page_level_css":"","_monsterinsights_skip_tracking":false,"_monsterinsights_sitenote_active":false,"_monsterinsights_sitenote_note":"","_monsterinsights_sitenote_category":0,"cybocfi_hide_featured_image":"","footnotes":""},"tnc_tax_2229":[],"class_list":["post-4022","page","type-page","status-publish","has-post-thumbnail","hentry"],"uagb_featured_image_src":{"full":["https:\/\/www.uartes.edu.ec\/sitio\/preliminar\/wp-content\/uploads\/sites\/17\/2026\/03\/Sandra-Vilela_preliminar-Recuperado.jpg",1000,1000,false],"thumbnail":["https:\/\/www.uartes.edu.ec\/sitio\/preliminar\/wp-content\/uploads\/sites\/17\/2026\/03\/Sandra-Vilela_preliminar-Recuperado-150x150.jpg",150,150,true],"medium":["https:\/\/www.uartes.edu.ec\/sitio\/preliminar\/wp-content\/uploads\/sites\/17\/2026\/03\/Sandra-Vilela_preliminar-Recuperado-300x300.jpg",300,300,true],"medium_large":["https:\/\/www.uartes.edu.ec\/sitio\/preliminar\/wp-content\/uploads\/sites\/17\/2026\/03\/Sandra-Vilela_preliminar-Recuperado-768x768.jpg",768,768,true],"large":["https:\/\/www.uartes.edu.ec\/sitio\/preliminar\/wp-content\/uploads\/sites\/17\/2026\/03\/Sandra-Vilela_preliminar-Recuperado.jpg",1000,1000,false],"1536x1536":["https:\/\/www.uartes.edu.ec\/sitio\/preliminar\/wp-content\/uploads\/sites\/17\/2026\/03\/Sandra-Vilela_preliminar-Recuperado.jpg",1000,1000,false],"2048x2048":["https:\/\/www.uartes.edu.ec\/sitio\/preliminar\/wp-content\/uploads\/sites\/17\/2026\/03\/Sandra-Vilela_preliminar-Recuperado.jpg",1000,1000,false],"tainacan-small":["https:\/\/www.uartes.edu.ec\/sitio\/preliminar\/wp-content\/uploads\/sites\/17\/2026\/03\/Sandra-Vilela_preliminar-Recuperado-40x40.jpg",40,40,true],"tainacan-medium":["https:\/\/www.uartes.edu.ec\/sitio\/preliminar\/wp-content\/uploads\/sites\/17\/2026\/03\/Sandra-Vilela_preliminar-Recuperado-275x275.jpg",275,275,true],"tainacan-medium-full":["https:\/\/www.uartes.edu.ec\/sitio\/preliminar\/wp-content\/uploads\/sites\/17\/2026\/03\/Sandra-Vilela_preliminar-Recuperado-205x205.jpg",205,205,true],"tainacan-large-full":["https:\/\/www.uartes.edu.ec\/sitio\/preliminar\/wp-content\/uploads\/sites\/17\/2026\/03\/Sandra-Vilela_preliminar-Recuperado-480x480.jpg",480,480,true],"layers-square-large":["https:\/\/www.uartes.edu.ec\/sitio\/preliminar\/wp-content\/uploads\/sites\/17\/2026\/03\/Sandra-Vilela_preliminar-Recuperado.jpg",1000,1000,false],"layers-portrait-large":["https:\/\/www.uartes.edu.ec\/sitio\/preliminar\/wp-content\/uploads\/sites\/17\/2026\/03\/Sandra-Vilela_preliminar-Recuperado-720x1000.jpg",720,1000,true],"layers-landscape-large":["https:\/\/www.uartes.edu.ec\/sitio\/preliminar\/wp-content\/uploads\/sites\/17\/2026\/03\/Sandra-Vilela_preliminar-Recuperado-1000x720.jpg",1000,720,true],"layers-square-medium":["https:\/\/www.uartes.edu.ec\/sitio\/preliminar\/wp-content\/uploads\/sites\/17\/2026\/03\/Sandra-Vilela_preliminar-Recuperado-480x480.jpg",480,480,true],"layers-portrait-medium":["https:\/\/www.uartes.edu.ec\/sitio\/preliminar\/wp-content\/uploads\/sites\/17\/2026\/03\/Sandra-Vilela_preliminar-Recuperado-340x480.jpg",340,480,true],"layers-landscape-medium":["https:\/\/www.uartes.edu.ec\/sitio\/preliminar\/wp-content\/uploads\/sites\/17\/2026\/03\/Sandra-Vilela_preliminar-Recuperado-480x340.jpg",480,340,true]},"uagb_author_info":{"display_name":"Universidad de las Artes","author_link":"https:\/\/www.uartes.edu.ec\/sitio\/preliminar\/author\/dircomadm\/"},"uagb_comment_info":0,"uagb_excerpt":"Esmeraldas (1995). Estudiante de la escuela de Literatura, del itinerario de edici\u00f3n, de la Universidad de las Artes. Licenciada en Enfermer\u00eda de la Pontificia Universidad Cat\u00f3lica del Ecuador. Maestrante de la Universidad Estatal de Milagro. Editora de la revista Preliminar. Escritora de narrativa breve, con fuerte inter\u00e9s en temas como el dolor, la muerte y&hellip;","distributor_meta":false,"distributor_terms":false,"distributor_media":false,"distributor_original_site_name":"Preliminar","distributor_original_site_url":"https:\/\/www.uartes.edu.ec\/sitio\/preliminar","push-errors":false,"_links":{"self":[{"href":"https:\/\/www.uartes.edu.ec\/sitio\/preliminar\/wp-json\/wp\/v2\/pages\/4022","targetHints":{"allow":["GET"]}}],"collection":[{"href":"https:\/\/www.uartes.edu.ec\/sitio\/preliminar\/wp-json\/wp\/v2\/pages"}],"about":[{"href":"https:\/\/www.uartes.edu.ec\/sitio\/preliminar\/wp-json\/wp\/v2\/types\/page"}],"author":[{"embeddable":true,"href":"https:\/\/www.uartes.edu.ec\/sitio\/preliminar\/wp-json\/wp\/v2\/users\/1"}],"replies":[{"embeddable":true,"href":"https:\/\/www.uartes.edu.ec\/sitio\/preliminar\/wp-json\/wp\/v2\/comments?post=4022"}],"version-history":[{"count":1,"href":"https:\/\/www.uartes.edu.ec\/sitio\/preliminar\/wp-json\/wp\/v2\/pages\/4022\/revisions"}],"predecessor-version":[{"id":4023,"href":"https:\/\/www.uartes.edu.ec\/sitio\/preliminar\/wp-json\/wp\/v2\/pages\/4022\/revisions\/4023"}],"up":[{"embeddable":true,"href":"https:\/\/www.uartes.edu.ec\/sitio\/preliminar\/wp-json\/wp\/v2\/pages\/48"}],"wp:featuredmedia":[{"embeddable":true,"href":"https:\/\/www.uartes.edu.ec\/sitio\/preliminar\/wp-json\/wp\/v2\/media\/4016"}],"wp:attachment":[{"href":"https:\/\/www.uartes.edu.ec\/sitio\/preliminar\/wp-json\/wp\/v2\/media?parent=4022"}],"wp:term":[{"taxonomy":"tnc_tax_2229","embeddable":true,"href":"https:\/\/www.uartes.edu.ec\/sitio\/preliminar\/wp-json\/wp\/v2\/tnc_tax_2229?post=4022"}],"curies":[{"name":"wp","href":"https:\/\/api.w.org\/{rel}","templated":true}]}}