{"id":48,"date":"2020-04-25T18:15:17","date_gmt":"2020-04-25T18:15:17","guid":{"rendered":"http:\/\/localhost\/pre-liminar\/?page_id=48"},"modified":"2026-03-06T12:43:44","modified_gmt":"2026-03-06T17:43:44","slug":"equipo-editorial","status":"publish","type":"page","link":"http:\/\/www.uartes.edu.ec\/sitio\/preliminar\/equipo-editorial\/","title":{"rendered":"Equipo editorial"},"content":{"rendered":"\n<h2 class=\"wp-block-heading\" id=\"universidad-de-las-artes\">Universidad de las Artes<\/h2>\n\n\n\n<p><strong>Rector: <\/strong>Saidel Brito Lorenzo<\/p>\n\n\n\n<p><strong>Vicerrectora&nbsp;Acad\u00e9mica:<\/strong> Yulianela P\u00e9rez Garc\u00eda<\/p>\n\n\n\n<p><strong>Vicerrector de Posgrados e Investigaci\u00f3n en Artes:<\/strong> Andrey Mijail Astaiza Vallejo<\/p>\n\n\n\n<div style=\"height:50px\" aria-hidden=\"true\" class=\"wp-block-spacer\"><\/div>\n\n\n\n<h2 class=\"wp-block-heading\" id=\"preliminar\">Preliminar<\/h2>\n\n\n\n<div class=\"wp-block-columns is-layout-flex wp-container-core-columns-is-layout-9d6595d7 wp-block-columns-is-layout-flex\">\n<div class=\"wp-block-column is-layout-flow wp-block-column-is-layout-flow\"><div class=\"wp-block-image is-resized is-style-rounded\">\n<figure class=\"aligncenter size-medium\"><img fetchpriority=\"high\" decoding=\"async\" width=\"300\" height=\"300\" src=\"https:\/\/www.uartes.edu.ec\/sitio\/preliminar\/wp-content\/uploads\/sites\/17\/2026\/03\/sqrANDREY-ASTAIZA-300x300.jpg\" alt=\"\" class=\"wp-image-4007\" srcset=\"https:\/\/www.uartes.edu.ec\/sitio\/preliminar\/wp-content\/uploads\/sites\/17\/2026\/03\/sqrANDREY-ASTAIZA-300x300.jpg 300w, https:\/\/www.uartes.edu.ec\/sitio\/preliminar\/wp-content\/uploads\/sites\/17\/2026\/03\/sqrANDREY-ASTAIZA-150x150.jpg 150w, https:\/\/www.uartes.edu.ec\/sitio\/preliminar\/wp-content\/uploads\/sites\/17\/2026\/03\/sqrANDREY-ASTAIZA-768x768.jpg 768w, https:\/\/www.uartes.edu.ec\/sitio\/preliminar\/wp-content\/uploads\/sites\/17\/2026\/03\/sqrANDREY-ASTAIZA-40x40.jpg 40w, https:\/\/www.uartes.edu.ec\/sitio\/preliminar\/wp-content\/uploads\/sites\/17\/2026\/03\/sqrANDREY-ASTAIZA-275x275.jpg 275w, https:\/\/www.uartes.edu.ec\/sitio\/preliminar\/wp-content\/uploads\/sites\/17\/2026\/03\/sqrANDREY-ASTAIZA-205x205.jpg 205w, https:\/\/www.uartes.edu.ec\/sitio\/preliminar\/wp-content\/uploads\/sites\/17\/2026\/03\/sqrANDREY-ASTAIZA-480x480.jpg 480w, https:\/\/www.uartes.edu.ec\/sitio\/preliminar\/wp-content\/uploads\/sites\/17\/2026\/03\/sqrANDREY-ASTAIZA.jpg 1000w\" sizes=\"(max-width: 300px) 100vw, 300px\" \/><\/figure>\n<\/div>\n\n\n<p class=\"has-text-align-center\"><strong>Director del Instituto Latinoamericano de Investigaci\u00f3n en Artes Universidad de las Artes Ecuador:<\/strong> <br>Andrey Astaiza (<a href=\"https:\/\/www.uartes.edu.ec\/sitio\/andrey-astaiza\/\"><em>Biograf\u00eda<\/em><\/a>)<\/p>\n<\/div>\n\n\n\n<div class=\"wp-block-column is-layout-flow wp-block-column-is-layout-flow\"><div class=\"wp-block-image is-resized is-style-rounded\">\n<figure class=\"aligncenter size-medium\"><img decoding=\"async\" width=\"300\" height=\"300\" src=\"http:\/\/www.uartes.edu.ec\/sitio\/preliminar\/wp-content\/uploads\/sites\/17\/2022\/05\/Mario-Maquilon-300x300.jpg\" alt=\"\" class=\"wp-image-3500\" srcset=\"https:\/\/www.uartes.edu.ec\/sitio\/preliminar\/wp-content\/uploads\/sites\/17\/2022\/05\/Mario-Maquilon-300x300.jpg 300w, https:\/\/www.uartes.edu.ec\/sitio\/preliminar\/wp-content\/uploads\/sites\/17\/2022\/05\/Mario-Maquilon-150x150.jpg 150w, https:\/\/www.uartes.edu.ec\/sitio\/preliminar\/wp-content\/uploads\/sites\/17\/2022\/05\/Mario-Maquilon-768x768.jpg 768w, https:\/\/www.uartes.edu.ec\/sitio\/preliminar\/wp-content\/uploads\/sites\/17\/2022\/05\/Mario-Maquilon-60x60.jpg 60w, https:\/\/www.uartes.edu.ec\/sitio\/preliminar\/wp-content\/uploads\/sites\/17\/2022\/05\/Mario-Maquilon-600x600.jpg 600w, https:\/\/www.uartes.edu.ec\/sitio\/preliminar\/wp-content\/uploads\/sites\/17\/2022\/05\/Mario-Maquilon-40x40.jpg 40w, https:\/\/www.uartes.edu.ec\/sitio\/preliminar\/wp-content\/uploads\/sites\/17\/2022\/05\/Mario-Maquilon-275x275.jpg 275w, https:\/\/www.uartes.edu.ec\/sitio\/preliminar\/wp-content\/uploads\/sites\/17\/2022\/05\/Mario-Maquilon-205x205.jpg 205w, https:\/\/www.uartes.edu.ec\/sitio\/preliminar\/wp-content\/uploads\/sites\/17\/2022\/05\/Mario-Maquilon-480x480.jpg 480w, https:\/\/www.uartes.edu.ec\/sitio\/preliminar\/wp-content\/uploads\/sites\/17\/2022\/05\/Mario-Maquilon-100x100.jpg 100w, https:\/\/www.uartes.edu.ec\/sitio\/preliminar\/wp-content\/uploads\/sites\/17\/2022\/05\/Mario-Maquilon-560x560.jpg 560w, https:\/\/www.uartes.edu.ec\/sitio\/preliminar\/wp-content\/uploads\/sites\/17\/2022\/05\/Mario-Maquilon.jpg 800w\" sizes=\"(max-width: 300px) 100vw, 300px\" \/><\/figure>\n<\/div>\n\n\n<p class=\"has-text-align-center\"><strong>Coordinaci\u00f3n de proyectos ILIA:<\/strong> <br>Mario Maquil\u00f3n (<a href=\"http:\/\/www.uartes.edu.ec\/sitio\/preliminar\/equipo-editorial\/mario-maquilon\/\">Biograf\u00eda<\/a>)<\/p>\n<\/div>\n<\/div>\n\n\n\n<div class=\"wp-block-columns is-layout-flex wp-container-core-columns-is-layout-9d6595d7 wp-block-columns-is-layout-flex\">\n<div class=\"wp-block-column is-layout-flow wp-block-column-is-layout-flow\"><div class=\"wp-block-image is-resized is-style-rounded\">\n<figure class=\"aligncenter size-medium\"><img decoding=\"async\" width=\"300\" height=\"300\" src=\"https:\/\/www.uartes.edu.ec\/sitio\/preliminar\/wp-content\/uploads\/sites\/17\/2026\/03\/sqrAna-C-300x300.jpg\" alt=\"\" class=\"wp-image-4009\" srcset=\"https:\/\/www.uartes.edu.ec\/sitio\/preliminar\/wp-content\/uploads\/sites\/17\/2026\/03\/sqrAna-C-300x300.jpg 300w, https:\/\/www.uartes.edu.ec\/sitio\/preliminar\/wp-content\/uploads\/sites\/17\/2026\/03\/sqrAna-C-150x150.jpg 150w, https:\/\/www.uartes.edu.ec\/sitio\/preliminar\/wp-content\/uploads\/sites\/17\/2026\/03\/sqrAna-C-768x768.jpg 768w, https:\/\/www.uartes.edu.ec\/sitio\/preliminar\/wp-content\/uploads\/sites\/17\/2026\/03\/sqrAna-C-40x40.jpg 40w, https:\/\/www.uartes.edu.ec\/sitio\/preliminar\/wp-content\/uploads\/sites\/17\/2026\/03\/sqrAna-C-275x275.jpg 275w, https:\/\/www.uartes.edu.ec\/sitio\/preliminar\/wp-content\/uploads\/sites\/17\/2026\/03\/sqrAna-C-205x205.jpg 205w, https:\/\/www.uartes.edu.ec\/sitio\/preliminar\/wp-content\/uploads\/sites\/17\/2026\/03\/sqrAna-C-480x480.jpg 480w, https:\/\/www.uartes.edu.ec\/sitio\/preliminar\/wp-content\/uploads\/sites\/17\/2026\/03\/sqrAna-C.jpg 1000w\" sizes=\"(max-width: 300px) 100vw, 300px\" \/><\/figure>\n<\/div>\n\n\n<p class=\"has-text-align-center\"><strong><strong>Asistente de proyectos ILIA<\/strong>:<\/strong> <br>Ana Mar\u00eda Crespo (<a href=\"http:\/\/www.uartes.edu.ec\/sitio\/preliminar\/equipo-editorial\/ana-crespo\/\" data-type=\"page\" data-id=\"3496\"><em>Biograf\u00eda<\/em><\/a>)<\/p>\n<\/div>\n\n\n\n<div class=\"wp-block-column is-layout-flow wp-block-column-is-layout-flow\"><\/div>\n<\/div>\n\n\n\n<div style=\"height:50px\" aria-hidden=\"true\" class=\"wp-block-spacer\"><\/div>\n\n\n\n<p class=\"has-text-align-center\"><strong>Editorxs<\/strong><\/p>\n\n\n\n<div style=\"height:50px\" aria-hidden=\"true\" class=\"wp-block-spacer\"><\/div>\n\n\n\n<div class=\"wp-block-columns is-layout-flex wp-container-core-columns-is-layout-9d6595d7 wp-block-columns-is-layout-flex\">\n<div class=\"wp-block-column is-layout-flow wp-block-column-is-layout-flow\"><div class=\"wp-block-image is-resized is-style-rounded\">\n<figure class=\"aligncenter size-medium\"><img loading=\"lazy\" decoding=\"async\" width=\"300\" height=\"300\" src=\"https:\/\/www.uartes.edu.ec\/sitio\/preliminar\/wp-content\/uploads\/sites\/17\/2026\/03\/Alisson-Cervantes-Recuperado-300x300.jpg\" alt=\"\" class=\"wp-image-4014\" srcset=\"https:\/\/www.uartes.edu.ec\/sitio\/preliminar\/wp-content\/uploads\/sites\/17\/2026\/03\/Alisson-Cervantes-Recuperado-300x300.jpg 300w, https:\/\/www.uartes.edu.ec\/sitio\/preliminar\/wp-content\/uploads\/sites\/17\/2026\/03\/Alisson-Cervantes-Recuperado-150x150.jpg 150w, https:\/\/www.uartes.edu.ec\/sitio\/preliminar\/wp-content\/uploads\/sites\/17\/2026\/03\/Alisson-Cervantes-Recuperado-768x768.jpg 768w, https:\/\/www.uartes.edu.ec\/sitio\/preliminar\/wp-content\/uploads\/sites\/17\/2026\/03\/Alisson-Cervantes-Recuperado-40x40.jpg 40w, https:\/\/www.uartes.edu.ec\/sitio\/preliminar\/wp-content\/uploads\/sites\/17\/2026\/03\/Alisson-Cervantes-Recuperado-275x275.jpg 275w, https:\/\/www.uartes.edu.ec\/sitio\/preliminar\/wp-content\/uploads\/sites\/17\/2026\/03\/Alisson-Cervantes-Recuperado-205x205.jpg 205w, https:\/\/www.uartes.edu.ec\/sitio\/preliminar\/wp-content\/uploads\/sites\/17\/2026\/03\/Alisson-Cervantes-Recuperado-480x480.jpg 480w, https:\/\/www.uartes.edu.ec\/sitio\/preliminar\/wp-content\/uploads\/sites\/17\/2026\/03\/Alisson-Cervantes-Recuperado.jpg 1000w\" sizes=\"(max-width: 300px) 100vw, 300px\" \/><\/figure>\n<\/div>\n\n\n<p class=\"has-text-align-center\">Allison Cervantes (<em><a href=\"http:\/\/www.uartes.edu.ec\/sitio\/preliminar\/equipo-editorial\/alisson-cervantes\/\" data-type=\"page\" data-id=\"4017\">Biograf\u00eda<\/a><\/em>)<\/p>\n<\/div>\n\n\n\n<div class=\"wp-block-column is-layout-flow wp-block-column-is-layout-flow\"><div class=\"wp-block-image is-resized is-style-rounded\">\n<figure class=\"aligncenter size-medium\"><img loading=\"lazy\" decoding=\"async\" width=\"300\" height=\"300\" src=\"https:\/\/www.uartes.edu.ec\/sitio\/preliminar\/wp-content\/uploads\/sites\/17\/2026\/03\/sandra-matute_-preliminar-Recuperado-300x300.jpg\" alt=\"\" class=\"wp-image-4015\" srcset=\"https:\/\/www.uartes.edu.ec\/sitio\/preliminar\/wp-content\/uploads\/sites\/17\/2026\/03\/sandra-matute_-preliminar-Recuperado-300x300.jpg 300w, https:\/\/www.uartes.edu.ec\/sitio\/preliminar\/wp-content\/uploads\/sites\/17\/2026\/03\/sandra-matute_-preliminar-Recuperado-150x150.jpg 150w, https:\/\/www.uartes.edu.ec\/sitio\/preliminar\/wp-content\/uploads\/sites\/17\/2026\/03\/sandra-matute_-preliminar-Recuperado-768x768.jpg 768w, https:\/\/www.uartes.edu.ec\/sitio\/preliminar\/wp-content\/uploads\/sites\/17\/2026\/03\/sandra-matute_-preliminar-Recuperado-40x40.jpg 40w, https:\/\/www.uartes.edu.ec\/sitio\/preliminar\/wp-content\/uploads\/sites\/17\/2026\/03\/sandra-matute_-preliminar-Recuperado-275x275.jpg 275w, https:\/\/www.uartes.edu.ec\/sitio\/preliminar\/wp-content\/uploads\/sites\/17\/2026\/03\/sandra-matute_-preliminar-Recuperado-205x205.jpg 205w, https:\/\/www.uartes.edu.ec\/sitio\/preliminar\/wp-content\/uploads\/sites\/17\/2026\/03\/sandra-matute_-preliminar-Recuperado-480x480.jpg 480w, https:\/\/www.uartes.edu.ec\/sitio\/preliminar\/wp-content\/uploads\/sites\/17\/2026\/03\/sandra-matute_-preliminar-Recuperado.jpg 1000w\" sizes=\"(max-width: 300px) 100vw, 300px\" \/><\/figure>\n<\/div>\n\n\n<p class=\"has-text-align-center\">Sandra Matute (<a href=\"http:\/\/www.uartes.edu.ec\/sitio\/preliminar\/equipo-editorial\/sandra-matute\/\" data-type=\"page\" data-id=\"4020\"><em>Biograf\u00eda<\/em><\/a>)<\/p>\n<\/div>\n\n\n\n<div class=\"wp-block-column is-layout-flow wp-block-column-is-layout-flow\"><div class=\"wp-block-image is-resized is-style-rounded\">\n<figure class=\"aligncenter size-medium\"><img loading=\"lazy\" decoding=\"async\" width=\"300\" height=\"300\" src=\"https:\/\/www.uartes.edu.ec\/sitio\/preliminar\/wp-content\/uploads\/sites\/17\/2026\/03\/Sandra-Vilela_preliminar-Recuperado-300x300.jpg\" alt=\"\" class=\"wp-image-4016\" srcset=\"https:\/\/www.uartes.edu.ec\/sitio\/preliminar\/wp-content\/uploads\/sites\/17\/2026\/03\/Sandra-Vilela_preliminar-Recuperado-300x300.jpg 300w, https:\/\/www.uartes.edu.ec\/sitio\/preliminar\/wp-content\/uploads\/sites\/17\/2026\/03\/Sandra-Vilela_preliminar-Recuperado-150x150.jpg 150w, https:\/\/www.uartes.edu.ec\/sitio\/preliminar\/wp-content\/uploads\/sites\/17\/2026\/03\/Sandra-Vilela_preliminar-Recuperado-768x768.jpg 768w, https:\/\/www.uartes.edu.ec\/sitio\/preliminar\/wp-content\/uploads\/sites\/17\/2026\/03\/Sandra-Vilela_preliminar-Recuperado-40x40.jpg 40w, https:\/\/www.uartes.edu.ec\/sitio\/preliminar\/wp-content\/uploads\/sites\/17\/2026\/03\/Sandra-Vilela_preliminar-Recuperado-275x275.jpg 275w, https:\/\/www.uartes.edu.ec\/sitio\/preliminar\/wp-content\/uploads\/sites\/17\/2026\/03\/Sandra-Vilela_preliminar-Recuperado-205x205.jpg 205w, https:\/\/www.uartes.edu.ec\/sitio\/preliminar\/wp-content\/uploads\/sites\/17\/2026\/03\/Sandra-Vilela_preliminar-Recuperado-480x480.jpg 480w, https:\/\/www.uartes.edu.ec\/sitio\/preliminar\/wp-content\/uploads\/sites\/17\/2026\/03\/Sandra-Vilela_preliminar-Recuperado.jpg 1000w\" sizes=\"(max-width: 300px) 100vw, 300px\" \/><\/figure>\n<\/div>\n\n\n<p class=\"has-text-align-center\">Sandra Vilela (<a href=\"http:\/\/www.uartes.edu.ec\/sitio\/preliminar\/equipo-editorial\/sandra-vilela\/\" data-type=\"page\" data-id=\"4022\"><em>Biograf\u00eda<\/em><\/a>)<\/p>\n<\/div>\n<\/div>\n\n\n\n<div style=\"height:50px\" aria-hidden=\"true\" class=\"wp-block-spacer\"><\/div>\n\n\n\n<h2 class=\"wp-block-heading has-text-align-left\">Excolaboradrxs<\/h2>\n\n\n\n<p>Jennifer Flores <br>Nicole Maila <br>Brenda Guajala <br>Mariam Ibarra<br>Eduarda D\u00e1valos <br>Carlos Rugel<br>Roc\u00edo Soria<br>Kimberly Yagual<br>Luis Reinoso<\/p>\n\n\n\n<p>Preliminar publica una edici\u00f3n continua.<\/p>\n\n\n\n<p><\/p>\n","protected":false},"excerpt":{"rendered":"<p class=\"excerpt\">Universidad de las Artes Rector: Saidel Brito Lorenzo Vicerrectora&nbsp;Acad\u00e9mica: Yulianela P\u00e9rez Garc\u00eda Vicerrector de Posgrados e Investigaci\u00f3n en Artes: Andrey Mijail Astaiza Vallejo Preliminar Director del Instituto Latinoamericano de Investigaci\u00f3n en Artes Universidad de las Artes Ecuador: Andrey Astaiza (Biograf\u00eda) Coordinaci\u00f3n de proyectos ILIA: Mario Maquil\u00f3n (Biograf\u00eda) Asistente de proyectos ILIA: Ana Mar\u00eda Crespo (Biograf\u00eda) [&hellip;]<\/p>\n","protected":false},"author":15,"featured_media":0,"parent":0,"menu_order":0,"comment_status":"closed","ping_status":"closed","template":"","meta":{"_uag_custom_page_level_css":"","_monsterinsights_skip_tracking":false,"_monsterinsights_sitenote_active":false,"_monsterinsights_sitenote_note":"","_monsterinsights_sitenote_category":0,"cybocfi_hide_featured_image":"","footnotes":""},"tnc_tax_2229":[],"class_list":["post-48","page","type-page","status-publish","hentry"],"uagb_featured_image_src":{"full":false,"thumbnail":false,"medium":false,"medium_large":false,"large":false,"1536x1536":false,"2048x2048":false,"tainacan-small":false,"tainacan-medium":false,"tainacan-medium-full":false,"tainacan-large-full":false,"layers-square-large":false,"layers-portrait-large":false,"layers-landscape-large":false,"layers-square-medium":false,"layers-portrait-medium":false,"layers-landscape-medium":false},"uagb_author_info":{"display_name":"","author_link":"https:\/\/www.uartes.edu.ec\/sitio\/preliminar\/author\/"},"uagb_comment_info":0,"uagb_excerpt":"Universidad de las Artes Rector: Saidel Brito Lorenzo Vicerrectora&nbsp;Acad\u00e9mica: Yulianela P\u00e9rez Garc\u00eda Vicerrector de Posgrados e Investigaci\u00f3n en Artes: Andrey Mijail Astaiza Vallejo Preliminar Director del Instituto Latinoamericano de Investigaci\u00f3n en Artes Universidad de las Artes Ecuador: Andrey Astaiza (Biograf\u00eda) Coordinaci\u00f3n de proyectos ILIA: Mario Maquil\u00f3n (Biograf\u00eda) Asistente de proyectos ILIA: Ana Mar\u00eda Crespo (Biograf\u00eda)&hellip;","distributor_meta":false,"distributor_terms":false,"distributor_media":false,"distributor_original_site_name":"Preliminar","distributor_original_site_url":"https:\/\/www.uartes.edu.ec\/sitio\/preliminar","push-errors":false,"_links":{"self":[{"href":"https:\/\/www.uartes.edu.ec\/sitio\/preliminar\/wp-json\/wp\/v2\/pages\/48","targetHints":{"allow":["GET"]}}],"collection":[{"href":"https:\/\/www.uartes.edu.ec\/sitio\/preliminar\/wp-json\/wp\/v2\/pages"}],"about":[{"href":"https:\/\/www.uartes.edu.ec\/sitio\/preliminar\/wp-json\/wp\/v2\/types\/page"}],"author":[{"embeddable":true,"href":"https:\/\/www.uartes.edu.ec\/sitio\/preliminar\/wp-json\/wp\/v2\/users\/15"}],"replies":[{"embeddable":true,"href":"https:\/\/www.uartes.edu.ec\/sitio\/preliminar\/wp-json\/wp\/v2\/comments?post=48"}],"version-history":[{"count":56,"href":"https:\/\/www.uartes.edu.ec\/sitio\/preliminar\/wp-json\/wp\/v2\/pages\/48\/revisions"}],"predecessor-version":[{"id":4028,"href":"https:\/\/www.uartes.edu.ec\/sitio\/preliminar\/wp-json\/wp\/v2\/pages\/48\/revisions\/4028"}],"wp:attachment":[{"href":"https:\/\/www.uartes.edu.ec\/sitio\/preliminar\/wp-json\/wp\/v2\/media?parent=48"}],"wp:term":[{"taxonomy":"tnc_tax_2229","embeddable":true,"href":"https:\/\/www.uartes.edu.ec\/sitio\/preliminar\/wp-json\/wp\/v2\/tnc_tax_2229?post=48"}],"curies":[{"name":"wp","href":"https:\/\/api.w.org\/{rel}","templated":true}]}}