{"id":3172,"date":"2022-04-29T10:32:06","date_gmt":"2022-04-29T15:32:06","guid":{"rendered":"http:\/\/www.uartes.edu.ec\/sitio\/preliminar\/?post_type=tnc_col_2162_item&#038;p=3172"},"modified":"2022-05-03T10:57:42","modified_gmt":"2022-05-03T15:57:42","slug":"el-sonido-de-la-muerte","status":"publish","type":"tnc_col_2162_item","link":"http:\/\/www.uartes.edu.ec\/sitio\/preliminar\/manuscritos\/el-sonido-de-la-muerte\/","title":{"rendered":"El Sonido de la Muerte"},"content":{"rendered":"<p>\u201cEl sonido de la muerte\u201d es un proyecto documental que aborda la tem\u00e1tica de la muerte a trav\u00e9s de la representaci\u00f3n simb\u00f3lica de las tumbas. Mediante m\u00e1s de 350 im\u00e1genes de las  tumbas del Cementerio General de Anconcito,  provincia de Santa Elena, Ecuador, se generaron  sonidos individuales de cada una de las im\u00e1genes  en la programaci\u00f3n Python. Los medios usados para su desarrollo son el  transc\u00f3digo y la automatizaci\u00f3n, que consisten en  la interpretaci\u00f3n, y traducci\u00f3n de las im\u00e1genes a  ondas sonoras por medio de un algoritmo  matem\u00e1tico. En esta obra est\u00e1n vinculadas las  po\u00e9ticas del mar, la percepci\u00f3n de la muerte en la cotidianidad, la memoria, y el olvido impregnados en los cementerios.<\/p>\n","protected":false},"featured_media":0,"parent":0,"menu_order":0,"comment_status":"closed","ping_status":"closed","template":"","format":"standard","tnc_tax_2229":[140],"class_list":["post-3172","tnc_col_2162_item","type-tnc_col_2162_item","status-publish","format-standard","hentry","tnc_tax_2722-creativo","tnc_tax_2231-preliminar-1","tnc_tax_2229-estudiantes","tnc_tax_2227-automation","tnc_tax_2227-death","tnc_tax_2227-memory","tnc_tax_2227-oblivion","tnc_tax_2227-sea","tnc_tax_2227-transcode","tnc_tax_2225-automatizacion","tnc_tax_2225-mar","tnc_tax_2225-memoria","tnc_tax_2225-muerte","tnc_tax_2225-olvido","tnc_tax_2225-transcodigo","tnc_tax_2223-dominik-erazo"],"uagb_featured_image_src":{"full":false,"thumbnail":false,"medium":false,"medium_large":false,"large":false,"1536x1536":false,"2048x2048":false,"tainacan-small":false,"tainacan-medium":false,"tainacan-medium-full":false,"tainacan-large-full":false,"layers-square-large":false,"layers-portrait-large":false,"layers-landscape-large":false,"layers-square-medium":false,"layers-portrait-medium":false,"layers-landscape-medium":false},"uagb_author_info":{"display_name":"Universidad de las Artes","author_link":"https:\/\/www.uartes.edu.ec\/sitio\/preliminar\/author\/"},"uagb_comment_info":0,"uagb_excerpt":"\u201cEl sonido de la muerte\u201d es un proyecto documental que aborda la tem\u00e1tica de la muerte a trav\u00e9s de la representaci\u00f3n simb\u00f3lica de las tumbas. Mediante m\u00e1s de 350 im\u00e1genes de las tumbas del Cementerio General de Anconcito, provincia de Santa Elena, Ecuador, se generaron sonidos individuales de cada una de las im\u00e1genes en la&hellip;","distributor_meta":false,"distributor_terms":false,"distributor_media":false,"distributor_original_site_name":"Preliminar","distributor_original_site_url":"https:\/\/www.uartes.edu.ec\/sitio\/preliminar","push-errors":false,"_links":{"self":[{"href":"https:\/\/www.uartes.edu.ec\/sitio\/preliminar\/wp-json\/wp\/v2\/tnc_col_2162_item\/3172","targetHints":{"allow":["GET"]}}],"collection":[{"href":"https:\/\/www.uartes.edu.ec\/sitio\/preliminar\/wp-json\/wp\/v2\/tnc_col_2162_item"}],"about":[{"href":"https:\/\/www.uartes.edu.ec\/sitio\/preliminar\/wp-json\/wp\/v2\/types\/tnc_col_2162_item"}],"replies":[{"embeddable":true,"href":"https:\/\/www.uartes.edu.ec\/sitio\/preliminar\/wp-json\/wp\/v2\/comments?post=3172"}],"version-history":[{"count":1,"href":"https:\/\/www.uartes.edu.ec\/sitio\/preliminar\/wp-json\/wp\/v2\/tnc_col_2162_item\/3172\/revisions"}],"predecessor-version":[{"id":3228,"href":"https:\/\/www.uartes.edu.ec\/sitio\/preliminar\/wp-json\/wp\/v2\/tnc_col_2162_item\/3172\/revisions\/3228"}],"wp:attachment":[{"href":"https:\/\/www.uartes.edu.ec\/sitio\/preliminar\/wp-json\/wp\/v2\/media?parent=3172"}],"wp:term":[{"taxonomy":"tnc_tax_2229","embeddable":true,"href":"https:\/\/www.uartes.edu.ec\/sitio\/preliminar\/wp-json\/wp\/v2\/tnc_tax_2229?post=3172"}],"curies":[{"name":"wp","href":"https:\/\/api.w.org\/{rel}","templated":true}]}}