{"id":3173,"date":"2022-04-29T10:32:13","date_gmt":"2022-04-29T15:32:13","guid":{"rendered":"http:\/\/www.uartes.edu.ec\/sitio\/preliminar\/?post_type=tnc_col_2162_item&#038;p=3173"},"modified":"2022-05-03T11:01:56","modified_gmt":"2022-05-03T16:01:56","slug":"discurso-accidental","status":"publish","type":"tnc_col_2162_item","link":"http:\/\/www.uartes.edu.ec\/sitio\/preliminar\/manuscritos\/discurso-accidental\/","title":{"rendered":"Discurso Accidental"},"content":{"rendered":"<p>Cortometraje de cine experimental donde funcionan como hilo conductor: la vuelta a la democracia, un \u00faltimo discurso presidencial, y la nostalgia de una \u00e9poca recordada a trav\u00e9s de sus diferentes manifestaciones medi\u00e1ticas. Este ejercicio audiovisual consiste en la descontextualizaci\u00f3n de las im\u00e1genes marcadas por el fat\u00eddico accidente a\u00e9reo de quien en vida fue Jaime Rold\u00f3s Aguilera, presidente de la Rep\u00fablica del Ecuador desde 1979 hasta 1981.<\/p>\n","protected":false},"featured_media":0,"parent":0,"menu_order":0,"comment_status":"closed","ping_status":"closed","template":"","format":"standard","tnc_tax_2229":[140],"class_list":["post-3173","tnc_col_2162_item","type-tnc_col_2162_item","status-publish","format-standard","hentry","tnc_tax_2722-creativo","tnc_tax_2231-preliminar-1","tnc_tax_2229-estudiantes","tnc_tax_2227-archive","tnc_tax_2227-cinema","tnc_tax_2227-jaime-roldos","tnc_tax_2227-politic-history","tnc_tax_2227-short-film","tnc_tax_2225-archivo","tnc_tax_2225-cine","tnc_tax_2225-cortometraje","tnc_tax_2225-historia-politica","tnc_tax_2225-jaime-roldos","tnc_tax_2223-joyner-salazar"],"uagb_featured_image_src":{"full":false,"thumbnail":false,"medium":false,"medium_large":false,"large":false,"1536x1536":false,"2048x2048":false,"tainacan-small":false,"tainacan-medium":false,"tainacan-medium-full":false,"tainacan-large-full":false,"layers-square-large":false,"layers-portrait-large":false,"layers-landscape-large":false,"layers-square-medium":false,"layers-portrait-medium":false,"layers-landscape-medium":false},"uagb_author_info":{"display_name":"Universidad de las Artes","author_link":"https:\/\/www.uartes.edu.ec\/sitio\/preliminar\/author\/"},"uagb_comment_info":0,"uagb_excerpt":"Cortometraje de cine experimental donde funcionan como hilo conductor: la vuelta a la democracia, un \u00faltimo discurso presidencial, y la nostalgia de una \u00e9poca recordada a trav\u00e9s de sus diferentes manifestaciones medi\u00e1ticas. Este ejercicio audiovisual consiste en la descontextualizaci\u00f3n de las im\u00e1genes marcadas por el fat\u00eddico accidente a\u00e9reo de quien en vida fue Jaime Rold\u00f3s&hellip;","distributor_meta":false,"distributor_terms":false,"distributor_media":false,"distributor_original_site_name":"Preliminar","distributor_original_site_url":"https:\/\/www.uartes.edu.ec\/sitio\/preliminar","push-errors":false,"_links":{"self":[{"href":"https:\/\/www.uartes.edu.ec\/sitio\/preliminar\/wp-json\/wp\/v2\/tnc_col_2162_item\/3173","targetHints":{"allow":["GET"]}}],"collection":[{"href":"https:\/\/www.uartes.edu.ec\/sitio\/preliminar\/wp-json\/wp\/v2\/tnc_col_2162_item"}],"about":[{"href":"https:\/\/www.uartes.edu.ec\/sitio\/preliminar\/wp-json\/wp\/v2\/types\/tnc_col_2162_item"}],"replies":[{"embeddable":true,"href":"https:\/\/www.uartes.edu.ec\/sitio\/preliminar\/wp-json\/wp\/v2\/comments?post=3173"}],"version-history":[{"count":1,"href":"https:\/\/www.uartes.edu.ec\/sitio\/preliminar\/wp-json\/wp\/v2\/tnc_col_2162_item\/3173\/revisions"}],"predecessor-version":[{"id":3231,"href":"https:\/\/www.uartes.edu.ec\/sitio\/preliminar\/wp-json\/wp\/v2\/tnc_col_2162_item\/3173\/revisions\/3231"}],"wp:attachment":[{"href":"https:\/\/www.uartes.edu.ec\/sitio\/preliminar\/wp-json\/wp\/v2\/media?parent=3173"}],"wp:term":[{"taxonomy":"tnc_tax_2229","embeddable":true,"href":"https:\/\/www.uartes.edu.ec\/sitio\/preliminar\/wp-json\/wp\/v2\/tnc_tax_2229?post=3173"}],"curies":[{"name":"wp","href":"https:\/\/api.w.org\/{rel}","templated":true}]}}