{"id":3194,"date":"2022-04-29T10:35:31","date_gmt":"2022-04-29T15:35:31","guid":{"rendered":"http:\/\/www.uartes.edu.ec\/sitio\/preliminar\/?post_type=tnc_col_2162_item&#038;p=3194"},"modified":"2022-05-03T14:00:19","modified_gmt":"2022-05-03T19:00:19","slug":"afectaciones-en-academias-de-danza-de-ecuador-a-causa-de-la-pandemia-por-el-covid-19","status":"publish","type":"tnc_col_2162_item","link":"http:\/\/www.uartes.edu.ec\/sitio\/preliminar\/manuscritos\/afectaciones-en-academias-de-danza-de-ecuador-a-causa-de-la-pandemia-por-el-covid-19\/","title":{"rendered":"Afectaciones en academias de danza de Ecuador a causa de la pandemia por el COVID-19"},"content":{"rendered":"<p>El presente art\u00edculo es el resultado de un trabajo de investigaci\u00f3n en el que se indagan los efectos de la pandemia global por el SARS-COV2 (COVID-19) en dos academias de danza de Ecuador. Una de ellas, en el cant\u00f3n Pedro Carbo, Epea Ballet y otra en la ciudad de Riobamba, Inti Huayra Danza. La elecci\u00f3n de estas ciudades nos permite visibilizar los efectos de la coyuntura en ciudades medianas y peque\u00f1as del pa\u00eds. En base a ello, el an\u00e1lisis se encuentra dividido en dos partes; la primera, aborda los impactos pedag\u00f3gicos y metodol\u00f3gicos que surgen a partir de la b\u00fasqueda de nuevas estrategias desde el confinamiento. La segunda, refleja los impactos econ\u00f3micos en las academias en sus respectivos modelos de gesti\u00f3n, que ambas han debido tomar para poder sobrellevar la situaci\u00f3n econ\u00f3mica. El m\u00e9todo de recolecci\u00f3n de informaci\u00f3n se bas\u00f3 en la realizaci\u00f3n de entrevistas y en el uso de la netnograf\u00eda3 para obtener informaci\u00f3n sobre las interacciones online. Finalmente, en las conclusiones se evidencia el resultado de la investigaci\u00f3n y la comparaci\u00f3n entre los efectos de ambas instituciones.<\/p>\n","protected":false},"featured_media":0,"parent":0,"menu_order":0,"comment_status":"closed","ping_status":"closed","template":"","format":"standard","tnc_tax_2229":[140],"class_list":["post-3194","tnc_col_2162_item","type-tnc_col_2162_item","status-publish","format-standard","hentry","tnc_tax_2722-academico","tnc_tax_2231-preliminar-3","tnc_tax_2229-estudiantes","tnc_tax_2227-dance-academies","tnc_tax_2227-economic-impacts","tnc_tax_2227-management-models","tnc_tax_2227-netnography","tnc_tax_2227-pedagogical-impacts","tnc_tax_2225-academias-de-danza","tnc_tax_2225-impactos-economicos","tnc_tax_2225-impactos-pedagogicos","tnc_tax_2225-modelos-de-gestion","tnc_tax_2225-netnografia","tnc_tax_2223-daniela-alvarez","tnc_tax_2223-juan-chavez"],"uagb_featured_image_src":{"full":false,"thumbnail":false,"medium":false,"medium_large":false,"large":false,"1536x1536":false,"2048x2048":false,"tainacan-small":false,"tainacan-medium":false,"tainacan-medium-full":false,"tainacan-large-full":false,"layers-square-large":false,"layers-portrait-large":false,"layers-landscape-large":false,"layers-square-medium":false,"layers-portrait-medium":false,"layers-landscape-medium":false},"uagb_author_info":{"display_name":"Universidad de las Artes","author_link":"https:\/\/www.uartes.edu.ec\/sitio\/preliminar\/author\/"},"uagb_comment_info":0,"uagb_excerpt":"El presente art\u00edculo es el resultado de un trabajo de investigaci\u00f3n en el que se indagan los efectos de la pandemia global por el SARS-COV2 (COVID-19) en dos academias de danza de Ecuador. Una de ellas, en el cant\u00f3n Pedro Carbo, Epea Ballet y otra en la ciudad de Riobamba, Inti Huayra Danza. La elecci\u00f3n&hellip;","distributor_meta":false,"distributor_terms":false,"distributor_media":false,"distributor_original_site_name":"Preliminar","distributor_original_site_url":"https:\/\/www.uartes.edu.ec\/sitio\/preliminar","push-errors":false,"_links":{"self":[{"href":"https:\/\/www.uartes.edu.ec\/sitio\/preliminar\/wp-json\/wp\/v2\/tnc_col_2162_item\/3194","targetHints":{"allow":["GET"]}}],"collection":[{"href":"https:\/\/www.uartes.edu.ec\/sitio\/preliminar\/wp-json\/wp\/v2\/tnc_col_2162_item"}],"about":[{"href":"https:\/\/www.uartes.edu.ec\/sitio\/preliminar\/wp-json\/wp\/v2\/types\/tnc_col_2162_item"}],"replies":[{"embeddable":true,"href":"https:\/\/www.uartes.edu.ec\/sitio\/preliminar\/wp-json\/wp\/v2\/comments?post=3194"}],"version-history":[{"count":1,"href":"https:\/\/www.uartes.edu.ec\/sitio\/preliminar\/wp-json\/wp\/v2\/tnc_col_2162_item\/3194\/revisions"}],"predecessor-version":[{"id":3309,"href":"https:\/\/www.uartes.edu.ec\/sitio\/preliminar\/wp-json\/wp\/v2\/tnc_col_2162_item\/3194\/revisions\/3309"}],"wp:attachment":[{"href":"https:\/\/www.uartes.edu.ec\/sitio\/preliminar\/wp-json\/wp\/v2\/media?parent=3194"}],"wp:term":[{"taxonomy":"tnc_tax_2229","embeddable":true,"href":"https:\/\/www.uartes.edu.ec\/sitio\/preliminar\/wp-json\/wp\/v2\/tnc_tax_2229?post=3194"}],"curies":[{"name":"wp","href":"https:\/\/api.w.org\/{rel}","templated":true}]}}