{"id":3195,"date":"2022-04-29T10:35:46","date_gmt":"2022-04-29T15:35:46","guid":{"rendered":"http:\/\/www.uartes.edu.ec\/sitio\/preliminar\/?post_type=tnc_col_2162_item&#038;p=3195"},"modified":"2022-05-03T14:07:34","modified_gmt":"2022-05-03T19:07:34","slug":"territorios-domesticos","status":"publish","type":"tnc_col_2162_item","link":"http:\/\/www.uartes.edu.ec\/sitio\/preliminar\/manuscritos\/territorios-domesticos\/","title":{"rendered":"Territorios Dom\u00e9sticos"},"content":{"rendered":"<p>La siguiente propuesta creativa busca reconfigurar los territorios dom\u00e9sticos que conforman la casa. A partir de la fotograf\u00eda, el video y la escultura se entablan nuevos di\u00e1logos con los elementos y espacios para subvertir el concepto tradicional de hogar, reflexionando todo el tiempo sobre la atm\u00f3sfera territorial de lo \u00edntimo. En el encierro, los espacios transitados se vuelven parte de la cotidianidad, y estos pueden tomarse como puntos de partida para no solo dialogar con el mundo exterior, sino con la identidad (personal y p\u00f3litica) y la memoria. En este marco de exploraci\u00f3n y b\u00fasqueda, surgen nuevas pr\u00e1cticas y rituales para sobrellevar el tiempo nuevo y el dolor; un men\u00fa purgador de hierbas medicinales se plantea como alternativa de sanaci\u00f3n del espacio \u00edntimo y de la casa-hogar. Los espacios no convencionales como el de un ba\u00f1o, una alacena o unas tuber\u00edas de cocina confirguran lo p\u00fablico desde lo privado (e \u00edntimo).<\/p>\n","protected":false},"featured_media":0,"parent":0,"menu_order":0,"comment_status":"closed","ping_status":"closed","template":"","format":"standard","tnc_tax_2229":[140],"class_list":["post-3195","tnc_col_2162_item","type-tnc_col_2162_item","status-publish","format-standard","hentry","tnc_tax_2722-creativo","tnc_tax_2231-preliminar-3","tnc_tax_2229-estudiantes","tnc_tax_2227-everyday-life","tnc_tax_2227-privacy","tnc_tax_2227-re-inhabit","tnc_tax_2227-seclusion","tnc_tax_2227-territories","tnc_tax_2225-aislamiento","tnc_tax_2225-cotidianidad","tnc_tax_2225-intimidad","tnc_tax_2225-rehabitar","tnc_tax_2225-territorio","tnc_tax_2223-andrea-mejia"],"uagb_featured_image_src":{"full":false,"thumbnail":false,"medium":false,"medium_large":false,"large":false,"1536x1536":false,"2048x2048":false,"tainacan-small":false,"tainacan-medium":false,"tainacan-medium-full":false,"tainacan-large-full":false,"layers-square-large":false,"layers-portrait-large":false,"layers-landscape-large":false,"layers-square-medium":false,"layers-portrait-medium":false,"layers-landscape-medium":false},"uagb_author_info":{"display_name":"Universidad de las Artes","author_link":"https:\/\/www.uartes.edu.ec\/sitio\/preliminar\/author\/"},"uagb_comment_info":0,"uagb_excerpt":"La siguiente propuesta creativa busca reconfigurar los territorios dom\u00e9sticos que conforman la casa. A partir de la fotograf\u00eda, el video y la escultura se entablan nuevos di\u00e1logos con los elementos y espacios para subvertir el concepto tradicional de hogar, reflexionando todo el tiempo sobre la atm\u00f3sfera territorial de lo \u00edntimo. En el encierro, los espacios&hellip;","distributor_meta":false,"distributor_terms":false,"distributor_media":false,"distributor_original_site_name":"Preliminar","distributor_original_site_url":"https:\/\/www.uartes.edu.ec\/sitio\/preliminar","push-errors":false,"_links":{"self":[{"href":"https:\/\/www.uartes.edu.ec\/sitio\/preliminar\/wp-json\/wp\/v2\/tnc_col_2162_item\/3195","targetHints":{"allow":["GET"]}}],"collection":[{"href":"https:\/\/www.uartes.edu.ec\/sitio\/preliminar\/wp-json\/wp\/v2\/tnc_col_2162_item"}],"about":[{"href":"https:\/\/www.uartes.edu.ec\/sitio\/preliminar\/wp-json\/wp\/v2\/types\/tnc_col_2162_item"}],"replies":[{"embeddable":true,"href":"https:\/\/www.uartes.edu.ec\/sitio\/preliminar\/wp-json\/wp\/v2\/comments?post=3195"}],"version-history":[{"count":1,"href":"https:\/\/www.uartes.edu.ec\/sitio\/preliminar\/wp-json\/wp\/v2\/tnc_col_2162_item\/3195\/revisions"}],"predecessor-version":[{"id":3313,"href":"https:\/\/www.uartes.edu.ec\/sitio\/preliminar\/wp-json\/wp\/v2\/tnc_col_2162_item\/3195\/revisions\/3313"}],"wp:attachment":[{"href":"https:\/\/www.uartes.edu.ec\/sitio\/preliminar\/wp-json\/wp\/v2\/media?parent=3195"}],"wp:term":[{"taxonomy":"tnc_tax_2229","embeddable":true,"href":"https:\/\/www.uartes.edu.ec\/sitio\/preliminar\/wp-json\/wp\/v2\/tnc_tax_2229?post=3195"}],"curies":[{"name":"wp","href":"https:\/\/api.w.org\/{rel}","templated":true}]}}