{"id":3204,"date":"2022-04-29T10:37:11","date_gmt":"2022-04-29T15:37:11","guid":{"rendered":"http:\/\/www.uartes.edu.ec\/sitio\/preliminar\/?post_type=tnc_col_2162_item&#038;p=3204"},"modified":"2022-05-03T15:30:49","modified_gmt":"2022-05-03T20:30:49","slug":"del-recorrido-territorial-y-las-figuras-permeables-que-lo-ocupan","status":"publish","type":"tnc_col_2162_item","link":"http:\/\/www.uartes.edu.ec\/sitio\/preliminar\/manuscritos\/del-recorrido-territorial-y-las-figuras-permeables-que-lo-ocupan\/","title":{"rendered":"Del recorrido territorial y las figuras permeables que lo ocupan"},"content":{"rendered":"<p>El ensayo visual \u2018Del recorrido territorial y las figuras permeables que le ocupan\u2019 desarrolla una investigaci\u00f3n desde un material digital personal. Se fundamenta a partir de su conexi\u00f3n con trabajos te\u00f3ricos que investigan acerca del hacer territorios. La composici\u00f3n viabiliza pensar el producto que presentar\u00eda conceptos fundamentales de mi investigaci\u00f3n. Las nociones de gesto, marca, y presencia son las rutas suscitadas aqu\u00ed, as\u00ed como la disoluci\u00f3n del cuerpo territorial como canal en el que converge la propuesta.<\/p>\n","protected":false},"featured_media":0,"parent":0,"menu_order":0,"comment_status":"closed","ping_status":"closed","template":"","format":"standard","tnc_tax_2229":[240],"class_list":["post-3204","tnc_col_2162_item","type-tnc_col_2162_item","status-publish","format-standard","hentry","tnc_tax_2722-creativo","tnc_tax_2231-preliminar-4","tnc_tax_2229-docentes","tnc_tax_2227-body","tnc_tax_2227-dissolution","tnc_tax_2227-essay","tnc_tax_2227-photography","tnc_tax_2227-territory","tnc_tax_2225-cuerpo","tnc_tax_2225-disolucion","tnc_tax_2225-ensayo","tnc_tax_2225-fotografia","tnc_tax_2225-territorio","tnc_tax_2223-andres-jaramillo"],"uagb_featured_image_src":{"full":false,"thumbnail":false,"medium":false,"medium_large":false,"large":false,"1536x1536":false,"2048x2048":false,"tainacan-small":false,"tainacan-medium":false,"tainacan-medium-full":false,"tainacan-large-full":false,"layers-square-large":false,"layers-portrait-large":false,"layers-landscape-large":false,"layers-square-medium":false,"layers-portrait-medium":false,"layers-landscape-medium":false},"uagb_author_info":{"display_name":"Universidad de las Artes","author_link":"https:\/\/www.uartes.edu.ec\/sitio\/preliminar\/author\/"},"uagb_comment_info":0,"uagb_excerpt":"El ensayo visual \u2018Del recorrido territorial y las figuras permeables que le ocupan\u2019 desarrolla una investigaci\u00f3n desde un material digital personal. Se fundamenta a partir de su conexi\u00f3n con trabajos te\u00f3ricos que investigan acerca del hacer territorios. La composici\u00f3n viabiliza pensar el producto que presentar\u00eda conceptos fundamentales de mi investigaci\u00f3n. Las nociones de gesto, marca,&hellip;","distributor_meta":false,"distributor_terms":false,"distributor_media":false,"distributor_original_site_name":"Preliminar","distributor_original_site_url":"https:\/\/www.uartes.edu.ec\/sitio\/preliminar","push-errors":false,"_links":{"self":[{"href":"https:\/\/www.uartes.edu.ec\/sitio\/preliminar\/wp-json\/wp\/v2\/tnc_col_2162_item\/3204","targetHints":{"allow":["GET"]}}],"collection":[{"href":"https:\/\/www.uartes.edu.ec\/sitio\/preliminar\/wp-json\/wp\/v2\/tnc_col_2162_item"}],"about":[{"href":"https:\/\/www.uartes.edu.ec\/sitio\/preliminar\/wp-json\/wp\/v2\/types\/tnc_col_2162_item"}],"replies":[{"embeddable":true,"href":"https:\/\/www.uartes.edu.ec\/sitio\/preliminar\/wp-json\/wp\/v2\/comments?post=3204"}],"version-history":[{"count":1,"href":"https:\/\/www.uartes.edu.ec\/sitio\/preliminar\/wp-json\/wp\/v2\/tnc_col_2162_item\/3204\/revisions"}],"predecessor-version":[{"id":3350,"href":"https:\/\/www.uartes.edu.ec\/sitio\/preliminar\/wp-json\/wp\/v2\/tnc_col_2162_item\/3204\/revisions\/3350"}],"wp:attachment":[{"href":"https:\/\/www.uartes.edu.ec\/sitio\/preliminar\/wp-json\/wp\/v2\/media?parent=3204"}],"wp:term":[{"taxonomy":"tnc_tax_2229","embeddable":true,"href":"https:\/\/www.uartes.edu.ec\/sitio\/preliminar\/wp-json\/wp\/v2\/tnc_tax_2229?post=3204"}],"curies":[{"name":"wp","href":"https:\/\/api.w.org\/{rel}","templated":true}]}}