{"id":3208,"date":"2022-04-29T10:37:45","date_gmt":"2022-04-29T15:37:45","guid":{"rendered":"http:\/\/www.uartes.edu.ec\/sitio\/preliminar\/?post_type=tnc_col_2162_item&#038;p=3208"},"modified":"2022-05-03T15:53:51","modified_gmt":"2022-05-03T20:53:51","slug":"lo-sublime-kantiano-y-la-narrativa-del-storyboard","status":"publish","type":"tnc_col_2162_item","link":"http:\/\/www.uartes.edu.ec\/sitio\/preliminar\/manuscritos\/lo-sublime-kantiano-y-la-narrativa-del-storyboard\/","title":{"rendered":"Lo sublime kantiano y la narrativa del storyboard"},"content":{"rendered":"<p>Esta propuesta retoma el concepto de lo sublime de Kant e intentar llevarlo al campo del arte contempor\u00e1neo, mediante una construcci\u00f3n tanto visual (storyboard) como de dise\u00f1o sonoro. Para ello, elaboramos una breve historia en donde la protagonista experimenta una serie de estados que le demuestran su insignificancia ante las fuerzas de la naturaleza.<\/p>\n","protected":false},"featured_media":0,"parent":0,"menu_order":0,"comment_status":"closed","ping_status":"closed","template":"","format":"standard","tnc_tax_2229":[240],"class_list":["post-3208","tnc_col_2162_item","type-tnc_col_2162_item","status-publish","format-standard","hentry","tnc_tax_2722-creativo","tnc_tax_2231-preliminar-4","tnc_tax_2229-docentes","tnc_tax_2227-kant","tnc_tax_2227-sounds","tnc_tax_2227-storyboard","tnc_tax_2227-sublime","tnc_tax_2225-diseno-sonoro","tnc_tax_2225-kant","tnc_tax_2225-storyboard","tnc_tax_2225-sublime","tnc_tax_2223-arelys-suarez","tnc_tax_2223-nicolas-monteros"],"uagb_featured_image_src":{"full":false,"thumbnail":false,"medium":false,"medium_large":false,"large":false,"1536x1536":false,"2048x2048":false,"tainacan-small":false,"tainacan-medium":false,"tainacan-medium-full":false,"tainacan-large-full":false,"layers-square-large":false,"layers-portrait-large":false,"layers-landscape-large":false,"layers-square-medium":false,"layers-portrait-medium":false,"layers-landscape-medium":false},"uagb_author_info":{"display_name":"Universidad de las Artes","author_link":"https:\/\/www.uartes.edu.ec\/sitio\/preliminar\/author\/"},"uagb_comment_info":0,"uagb_excerpt":"Esta propuesta retoma el concepto de lo sublime de Kant e intentar llevarlo al campo del arte contempor\u00e1neo, mediante una construcci\u00f3n tanto visual (storyboard) como de dise\u00f1o sonoro. Para ello, elaboramos una breve historia en donde la protagonista experimenta una serie de estados que le demuestran su insignificancia ante las fuerzas de la naturaleza.","distributor_meta":false,"distributor_terms":false,"distributor_media":false,"distributor_original_site_name":"Preliminar","distributor_original_site_url":"https:\/\/www.uartes.edu.ec\/sitio\/preliminar","push-errors":false,"_links":{"self":[{"href":"https:\/\/www.uartes.edu.ec\/sitio\/preliminar\/wp-json\/wp\/v2\/tnc_col_2162_item\/3208","targetHints":{"allow":["GET"]}}],"collection":[{"href":"https:\/\/www.uartes.edu.ec\/sitio\/preliminar\/wp-json\/wp\/v2\/tnc_col_2162_item"}],"about":[{"href":"https:\/\/www.uartes.edu.ec\/sitio\/preliminar\/wp-json\/wp\/v2\/types\/tnc_col_2162_item"}],"replies":[{"embeddable":true,"href":"https:\/\/www.uartes.edu.ec\/sitio\/preliminar\/wp-json\/wp\/v2\/comments?post=3208"}],"version-history":[{"count":1,"href":"https:\/\/www.uartes.edu.ec\/sitio\/preliminar\/wp-json\/wp\/v2\/tnc_col_2162_item\/3208\/revisions"}],"predecessor-version":[{"id":3366,"href":"https:\/\/www.uartes.edu.ec\/sitio\/preliminar\/wp-json\/wp\/v2\/tnc_col_2162_item\/3208\/revisions\/3366"}],"wp:attachment":[{"href":"https:\/\/www.uartes.edu.ec\/sitio\/preliminar\/wp-json\/wp\/v2\/media?parent=3208"}],"wp:term":[{"taxonomy":"tnc_tax_2229","embeddable":true,"href":"https:\/\/www.uartes.edu.ec\/sitio\/preliminar\/wp-json\/wp\/v2\/tnc_tax_2229?post=3208"}],"curies":[{"name":"wp","href":"https:\/\/api.w.org\/{rel}","templated":true}]}}