{"id":3213,"date":"2022-04-29T10:38:27","date_gmt":"2022-04-29T15:38:27","guid":{"rendered":"http:\/\/www.uartes.edu.ec\/sitio\/preliminar\/?post_type=tnc_col_2162_item&#038;p=3213"},"modified":"2022-04-29T10:38:31","modified_gmt":"2022-04-29T15:38:31","slug":"radiografia-al-sistema-educativo-y-al-arte-como-recurso-en-la-metodologia-pedagogica","status":"publish","type":"tnc_col_2162_item","link":"http:\/\/www.uartes.edu.ec\/sitio\/preliminar\/manuscritos\/radiografia-al-sistema-educativo-y-al-arte-como-recurso-en-la-metodologia-pedagogica\/","title":{"rendered":"Radiograf\u00eda al sistema educativo y al arte como recurso en la metodolog\u00eda pedag\u00f3gica"},"content":{"rendered":"<p>En el siguiente texto se cuestiona el sistema educativo regente al tiempo que explora diversos aspectos a partir de su origen en la historia y c\u00f3mo, con sus m\u00faltiples resultados en la formaci\u00f3n de los individuos, fue estructur\u00e1ndose hasta el d\u00eda de hoy. Se exponen nuevos enfoques a tomar en cuenta para aplicar en los procesos pedag\u00f3gicos y, consecuentemente, se aborda el papel que puede jugar la educaci\u00f3n en artes, no solo de forma transversal sino fundamental, en el desarrollo pedag\u00f3gico. Adem\u00e1s, se utiliza como referentes las experiencias personales de j\u00f3venes cuya formaci\u00f3n en artes desde la infancia ha repercutido funcionalmente en su desenvolvimiento acad\u00e9mico y laboral sin que estos est\u00e9n vinculados directamente al \u00e1mbito art\u00edstico.<\/p>\n","protected":false},"featured_media":0,"parent":0,"menu_order":0,"comment_status":"closed","ping_status":"closed","template":"","format":"standard","tnc_tax_2229":[240],"class_list":["post-3213","tnc_col_2162_item","type-tnc_col_2162_item","status-publish","format-standard","hentry","tnc_tax_2231-preliminar-5","tnc_tax_2229-docentes","tnc_tax_2227-arts","tnc_tax_2227-methodology","tnc_tax_2227-pedagogy","tnc_tax_2225-artes","tnc_tax_2225-metodologia","tnc_tax_2225-pedagogia","tnc_tax_2223-milena-baque"],"uagb_featured_image_src":{"full":false,"thumbnail":false,"medium":false,"medium_large":false,"large":false,"1536x1536":false,"2048x2048":false,"tainacan-small":false,"tainacan-medium":false,"tainacan-medium-full":false,"tainacan-large-full":false,"layers-square-large":false,"layers-portrait-large":false,"layers-landscape-large":false,"layers-square-medium":false,"layers-portrait-medium":false,"layers-landscape-medium":false},"uagb_author_info":{"display_name":"Universidad de las Artes","author_link":"https:\/\/www.uartes.edu.ec\/sitio\/preliminar\/author\/"},"uagb_comment_info":0,"uagb_excerpt":"En el siguiente texto se cuestiona el sistema educativo regente al tiempo que explora diversos aspectos a partir de su origen en la historia y c\u00f3mo, con sus m\u00faltiples resultados en la formaci\u00f3n de los individuos, fue estructur\u00e1ndose hasta el d\u00eda de hoy. Se exponen nuevos enfoques a tomar en cuenta para aplicar en los&hellip;","distributor_meta":false,"distributor_terms":false,"distributor_media":false,"distributor_original_site_name":"Preliminar","distributor_original_site_url":"https:\/\/www.uartes.edu.ec\/sitio\/preliminar","push-errors":false,"_links":{"self":[{"href":"https:\/\/www.uartes.edu.ec\/sitio\/preliminar\/wp-json\/wp\/v2\/tnc_col_2162_item\/3213","targetHints":{"allow":["GET"]}}],"collection":[{"href":"https:\/\/www.uartes.edu.ec\/sitio\/preliminar\/wp-json\/wp\/v2\/tnc_col_2162_item"}],"about":[{"href":"https:\/\/www.uartes.edu.ec\/sitio\/preliminar\/wp-json\/wp\/v2\/types\/tnc_col_2162_item"}],"replies":[{"embeddable":true,"href":"https:\/\/www.uartes.edu.ec\/sitio\/preliminar\/wp-json\/wp\/v2\/comments?post=3213"}],"version-history":[{"count":0,"href":"https:\/\/www.uartes.edu.ec\/sitio\/preliminar\/wp-json\/wp\/v2\/tnc_col_2162_item\/3213\/revisions"}],"wp:attachment":[{"href":"https:\/\/www.uartes.edu.ec\/sitio\/preliminar\/wp-json\/wp\/v2\/media?parent=3213"}],"wp:term":[{"taxonomy":"tnc_tax_2229","embeddable":true,"href":"https:\/\/www.uartes.edu.ec\/sitio\/preliminar\/wp-json\/wp\/v2\/tnc_tax_2229?post=3213"}],"curies":[{"name":"wp","href":"https:\/\/api.w.org\/{rel}","templated":true}]}}