{"id":3694,"date":"2022-05-24T15:42:09","date_gmt":"2022-05-24T20:42:09","guid":{"rendered":"http:\/\/www.uartes.edu.ec\/sitio\/preliminar\/?post_type=tnc_col_2162_item&#038;p=3694"},"modified":"2022-05-26T10:48:56","modified_gmt":"2022-05-26T15:48:56","slug":"efecto-2020-en-espacios-expositivos-de-artes-visuales-en-ecuador","status":"publish","type":"tnc_col_2162_item","link":"http:\/\/www.uartes.edu.ec\/sitio\/preliminar\/manuscritos\/efecto-2020-en-espacios-expositivos-de-artes-visuales-en-ecuador\/","title":{"rendered":"Efecto 2020 en espacios expositivos de artes visuales en Ecuador"},"content":{"rendered":"<p>Este estudio nace a partir de una encuesta donde se busca conocer qu\u00e9 impacto tuvo la crisis causada por la pandemia en las din\u00e1micas de gesti\u00f3n de los espacios expositivos que conforman el circuito de las Artes Visuales en Ecuador en el a\u00f1o 2020. Este ensayo se sirve de las respuestas de 27 espacios de exhibici\u00f3n de Artes Visuales: Museos, Galer\u00edas y Centros Culturales; para interpretar, analizar y contrastar su condici\u00f3n econ\u00f3mica actual.<\/p>\n","protected":false},"featured_media":0,"parent":0,"menu_order":0,"comment_status":"closed","ping_status":"closed","template":"","format":"standard","tnc_tax_2229":[140],"class_list":["post-3694","tnc_col_2162_item","type-tnc_col_2162_item","status-publish","format-standard","hentry","tnc_tax_2722-academico","tnc_tax_2231-preliminar-7","tnc_tax_2229-estudiantes","tnc_tax_2227-art-eco-nomy","tnc_tax_2227-circuit-of-art-in-ecuador","tnc_tax_2227-management-dynamics","tnc_tax_2227-pandemic","tnc_tax_2225-circuito-del-arte-visual-en-ecuador","tnc_tax_2225-dinamicas-de-gestion","tnc_tax_2225-economia-del-arte","tnc_tax_2225-pandemia","tnc_tax_2223-karla-sosa-andrade"],"uagb_featured_image_src":{"full":false,"thumbnail":false,"medium":false,"medium_large":false,"large":false,"1536x1536":false,"2048x2048":false,"tainacan-small":false,"tainacan-medium":false,"tainacan-medium-full":false,"tainacan-large-full":false,"layers-square-large":false,"layers-portrait-large":false,"layers-landscape-large":false,"layers-square-medium":false,"layers-portrait-medium":false,"layers-landscape-medium":false},"uagb_author_info":{"display_name":"Universidad de las Artes","author_link":"https:\/\/www.uartes.edu.ec\/sitio\/preliminar\/author\/"},"uagb_comment_info":0,"uagb_excerpt":"Este estudio nace a partir de una encuesta donde se busca conocer qu\u00e9 impacto tuvo la crisis causada por la pandemia en las din\u00e1micas de gesti\u00f3n de los espacios expositivos que conforman el circuito de las Artes Visuales en Ecuador en el a\u00f1o 2020. Este ensayo se sirve de las respuestas de 27 espacios de&hellip;","distributor_meta":false,"distributor_terms":false,"distributor_media":false,"distributor_original_site_name":"Preliminar","distributor_original_site_url":"https:\/\/www.uartes.edu.ec\/sitio\/preliminar","push-errors":false,"_links":{"self":[{"href":"https:\/\/www.uartes.edu.ec\/sitio\/preliminar\/wp-json\/wp\/v2\/tnc_col_2162_item\/3694","targetHints":{"allow":["GET"]}}],"collection":[{"href":"https:\/\/www.uartes.edu.ec\/sitio\/preliminar\/wp-json\/wp\/v2\/tnc_col_2162_item"}],"about":[{"href":"https:\/\/www.uartes.edu.ec\/sitio\/preliminar\/wp-json\/wp\/v2\/types\/tnc_col_2162_item"}],"replies":[{"embeddable":true,"href":"https:\/\/www.uartes.edu.ec\/sitio\/preliminar\/wp-json\/wp\/v2\/comments?post=3694"}],"version-history":[{"count":1,"href":"https:\/\/www.uartes.edu.ec\/sitio\/preliminar\/wp-json\/wp\/v2\/tnc_col_2162_item\/3694\/revisions"}],"predecessor-version":[{"id":3855,"href":"https:\/\/www.uartes.edu.ec\/sitio\/preliminar\/wp-json\/wp\/v2\/tnc_col_2162_item\/3694\/revisions\/3855"}],"wp:attachment":[{"href":"https:\/\/www.uartes.edu.ec\/sitio\/preliminar\/wp-json\/wp\/v2\/media?parent=3694"}],"wp:term":[{"taxonomy":"tnc_tax_2229","embeddable":true,"href":"https:\/\/www.uartes.edu.ec\/sitio\/preliminar\/wp-json\/wp\/v2\/tnc_tax_2229?post=3694"}],"curies":[{"name":"wp","href":"https:\/\/api.w.org\/{rel}","templated":true}]}}