{"id":970,"date":"2024-05-08T23:31:59","date_gmt":"2024-05-08T21:31:59","guid":{"rendered":"https:\/\/www.uartes.edu.ec\/sitio\/proyectos-titulacion\/?page_id=970"},"modified":"2024-05-08T23:34:13","modified_gmt":"2024-05-08T21:34:13","slug":"polanco-mayerlyn","status":"publish","type":"page","link":"https:\/\/www.uartes.edu.ec\/sitio\/proyectos-titulacion\/polanco-mayerlyn\/","title":{"rendered":"Polanco Mayerlyn"},"content":{"rendered":"\t\t<div data-elementor-type=\"wp-page\" data-elementor-id=\"970\" class=\"elementor elementor-970\" data-elementor-post-type=\"page\">\n\t\t\t\t<div class=\"elementor-element elementor-element-6cb7eca e-flex e-con-boxed e-con e-parent\" data-id=\"6cb7eca\" data-element_type=\"container\" data-e-type=\"container\">\n\t\t\t\t\t<div class=\"e-con-inner\">\n\t\t\t\t<div class=\"elementor-element elementor-element-f5fc879 elementor-widget elementor-widget-text-editor\" data-id=\"f5fc879\" data-element_type=\"widget\" data-e-type=\"widget\" data-widget_type=\"text-editor.default\">\n\t\t\t\t<div class=\"elementor-widget-container\">\n\t\t\t\t\t\t\t\t\t<p style=\"text-align: right\"><em style=\"text-align: right;color: #808080\">Obras de Composici\u00f3n Musical y Artes Sonoras 2.\u00aa COHORTE 2022-2024<\/em><\/p>\t\t\t\t\t\t\t\t<\/div>\n\t\t\t\t<\/div>\n\t\t\t\t\t<\/div>\n\t\t\t\t<\/div>\n\t\t<div class=\"elementor-element elementor-element-1c4348b e-flex e-con-boxed e-con e-parent\" data-id=\"1c4348b\" data-element_type=\"container\" data-e-type=\"container\">\n\t\t\t\t\t<div class=\"e-con-inner\">\n\t\t<div class=\"elementor-element elementor-element-841a67c e-con-full e-flex e-con e-child\" data-id=\"841a67c\" data-element_type=\"container\" data-e-type=\"container\">\n\t\t\t\t<div class=\"elementor-element elementor-element-6e20756 elementor-widget__width-initial elementor-widget elementor-widget-image\" data-id=\"6e20756\" data-element_type=\"widget\" data-e-type=\"widget\" data-widget_type=\"image.default\">\n\t\t\t\t<div class=\"elementor-widget-container\">\n\t\t\t\t\t\t\t\t\t\t\t\t\t\t\t<img fetchpriority=\"high\" decoding=\"async\" width=\"269\" height=\"300\" src=\"https:\/\/www.uartes.edu.ec\/sitio\/proyectos-titulacion\/wp-content\/uploads\/sites\/33\/2024\/05\/Screenshot-2024-05-01-at-1.12.39\u202fPM-269x300.png\" class=\"attachment-medium size-medium wp-image-933\" alt=\"\" srcset=\"https:\/\/www.uartes.edu.ec\/sitio\/proyectos-titulacion\/wp-content\/uploads\/sites\/33\/2024\/05\/Screenshot-2024-05-01-at-1.12.39\u202fPM-269x300.png 269w, https:\/\/www.uartes.edu.ec\/sitio\/proyectos-titulacion\/wp-content\/uploads\/sites\/33\/2024\/05\/Screenshot-2024-05-01-at-1.12.39\u202fPM-644x719.png 644w, https:\/\/www.uartes.edu.ec\/sitio\/proyectos-titulacion\/wp-content\/uploads\/sites\/33\/2024\/05\/Screenshot-2024-05-01-at-1.12.39\u202fPM-768x858.png 768w, https:\/\/www.uartes.edu.ec\/sitio\/proyectos-titulacion\/wp-content\/uploads\/sites\/33\/2024\/05\/Screenshot-2024-05-01-at-1.12.39\u202fPM-600x670.png 600w, https:\/\/www.uartes.edu.ec\/sitio\/proyectos-titulacion\/wp-content\/uploads\/sites\/33\/2024\/05\/Screenshot-2024-05-01-at-1.12.39\u202fPM.png 838w\" sizes=\"(max-width: 269px) 100vw, 269px\" \/>\t\t\t\t\t\t\t\t\t\t\t\t\t\t\t<\/div>\n\t\t\t\t<\/div>\n\t\t\t\t<\/div>\n\t\t<div class=\"elementor-element elementor-element-30f89b5 e-con-full e-flex e-con e-child\" data-id=\"30f89b5\" data-element_type=\"container\" data-e-type=\"container\">\n\t\t\t\t<div class=\"elementor-element elementor-element-e2068aa elementor-widget elementor-widget-text-editor\" data-id=\"e2068aa\" data-element_type=\"widget\" data-e-type=\"widget\" data-widget_type=\"text-editor.default\">\n\t\t\t\t<div class=\"elementor-widget-container\">\n\t\t\t\t\t\t\t\t\t<p><span style=\"color: #0ca4a4\"><strong>B\u00cdO: <\/strong><span style=\"color: #000000\"><span class=\"NormalTextRun SCXW51524898 BCX0\">Pianista acompa\u00f1ante, <\/span><span class=\"NormalTextRun SpellingErrorV2Themed SCXW51524898 BCX0\">correpetidora<\/span><span class=\"NormalTextRun SCXW51524898 BCX0\">, compositora, directora de coros, historiadora del arte y gestora cultural con m\u00e1s de 15 a\u00f1os de experiencia en el \u00e1mbito musical.<\/span><\/span><\/span><\/p><p class=\"zfr3Q CDt4Ke \" dir=\"ltr\"><strong><span class=\"C9DxTc \"><span style=\"color: #0ca4a4\">DESCRIPCI\u00d3N DE LA\u00a0 OBRA: <\/span><\/span><\/strong>El mensaje del globo \u2013 Cantata N\u00b0 1 es una obra ac\u00fastica para voz y grupo de c\u00e1mara compuesto por violines, viola, violonchelo, contrabajo, flauta y oboe, que incorpora tres g\u00e9neros musicales ecuatorianos: el vals, el pasillo y el pasacalle.<\/p><p>La obra est\u00e1 inspirada en un cuento de amor in\u00e9dito que narra la historia de Elizabeth y Ban, una pareja que vive separada por la distancia. Con el anhelo de reunirse, Elizabeth ata un mensaje a un globo y lo deja volar al viento con la esperanza de que llegue a manos de su amado.<\/p>\t\t\t\t\t\t\t\t<\/div>\n\t\t\t\t<\/div>\n\t\t\t\t<\/div>\n\t\t\t\t\t<\/div>\n\t\t\t\t<\/div>\n\t\t<div class=\"elementor-element elementor-element-7ad4ed1 e-flex e-con-boxed e-con e-parent\" data-id=\"7ad4ed1\" data-element_type=\"container\" data-e-type=\"container\">\n\t\t\t\t\t<div class=\"e-con-inner\">\n\t\t\t\t<div class=\"elementor-element elementor-element-27841fe elementor-align-right elementor-widget elementor-widget-button\" data-id=\"27841fe\" data-element_type=\"widget\" data-e-type=\"widget\" data-widget_type=\"button.default\">\n\t\t\t\t<div class=\"elementor-widget-container\">\n\t\t\t\t\t\t\t\t\t<div class=\"elementor-button-wrapper\">\n\t\t\t\t\t<a class=\"elementor-button elementor-button-link elementor-size-sm\" href=\"https:\/\/www.uartes.edu.ec\/sitio\/proyectos-titulacion\/\">\n\t\t\t\t\t\t<span class=\"elementor-button-content-wrapper\">\n\t\t\t\t\t\t\t\t\t<span class=\"elementor-button-text\">Regresar<\/span>\n\t\t\t\t\t<\/span>\n\t\t\t\t\t<\/a>\n\t\t\t\t<\/div>\n\t\t\t\t\t\t\t\t<\/div>\n\t\t\t\t<\/div>\n\t\t\t\t\t<\/div>\n\t\t\t\t<\/div>\n\t\t\t\t<\/div>\n\t\t","protected":false},"excerpt":{"rendered":"<p>Obras de Composici\u00f3n Musical y Artes Sonoras 2.\u00aa COHORTE 2022-2024 B\u00cdO: Pianista acompa\u00f1ante, correpetidora, compositora, directora de coros, historiadora del arte y gestora cultural con m\u00e1s de 15 a\u00f1os de experiencia en el \u00e1mbito musical. DESCRIPCI\u00d3N DE LA\u00a0 OBRA: El mensaje del globo \u2013 Cantata N\u00b0 1 es una obra ac\u00fastica para voz y grupo [&hellip;]<\/p>\n","protected":false},"author":1,"featured_media":0,"parent":0,"menu_order":0,"comment_status":"closed","ping_status":"closed","template":"","meta":{"_uag_custom_page_level_css":"","_monsterinsights_skip_tracking":false,"_monsterinsights_sitenote_active":false,"_monsterinsights_sitenote_note":"","_monsterinsights_sitenote_category":0,"cybocfi_hide_featured_image":"","footnotes":""},"class_list":["post-970","page","type-page","status-publish","hentry"],"uagb_featured_image_src":{"full":false,"thumbnail":false,"medium":false,"medium_large":false,"large":false,"1536x1536":false,"2048x2048":false},"uagb_author_info":{"display_name":"Universidad de las Artes","author_link":"https:\/\/www.uartes.edu.ec\/sitio\/proyectos-titulacion\/author\/dircomadm\/"},"uagb_comment_info":0,"uagb_excerpt":"Obras de Composici\u00f3n Musical y Artes Sonoras 2.\u00aa COHORTE 2022-2024 B\u00cdO: Pianista acompa\u00f1ante, correpetidora, compositora, directora de coros, historiadora del arte y gestora cultural con m\u00e1s de 15 a\u00f1os de experiencia en el \u00e1mbito musical. DESCRIPCI\u00d3N DE LA\u00a0 OBRA: El mensaje del globo \u2013 Cantata N\u00b0 1 es una obra ac\u00fastica para voz y grupo&hellip;","distributor_meta":false,"distributor_terms":false,"distributor_media":false,"distributor_original_site_name":"Proyectos de Titulaci\u00f3n - Posgrados UArtes","distributor_original_site_url":"https:\/\/www.uartes.edu.ec\/sitio\/proyectos-titulacion","push-errors":false,"_links":{"self":[{"href":"https:\/\/www.uartes.edu.ec\/sitio\/proyectos-titulacion\/wp-json\/wp\/v2\/pages\/970","targetHints":{"allow":["GET"]}}],"collection":[{"href":"https:\/\/www.uartes.edu.ec\/sitio\/proyectos-titulacion\/wp-json\/wp\/v2\/pages"}],"about":[{"href":"https:\/\/www.uartes.edu.ec\/sitio\/proyectos-titulacion\/wp-json\/wp\/v2\/types\/page"}],"author":[{"embeddable":true,"href":"https:\/\/www.uartes.edu.ec\/sitio\/proyectos-titulacion\/wp-json\/wp\/v2\/users\/1"}],"replies":[{"embeddable":true,"href":"https:\/\/www.uartes.edu.ec\/sitio\/proyectos-titulacion\/wp-json\/wp\/v2\/comments?post=970"}],"version-history":[{"count":7,"href":"https:\/\/www.uartes.edu.ec\/sitio\/proyectos-titulacion\/wp-json\/wp\/v2\/pages\/970\/revisions"}],"predecessor-version":[{"id":978,"href":"https:\/\/www.uartes.edu.ec\/sitio\/proyectos-titulacion\/wp-json\/wp\/v2\/pages\/970\/revisions\/978"}],"wp:attachment":[{"href":"https:\/\/www.uartes.edu.ec\/sitio\/proyectos-titulacion\/wp-json\/wp\/v2\/media?parent=970"}],"curies":[{"name":"wp","href":"https:\/\/api.w.org\/{rel}","templated":true}]}}