{"id":349,"date":"2024-07-22T15:51:44","date_gmt":"2024-07-22T20:51:44","guid":{"rendered":"https:\/\/www.uartes.edu.ec\/sitio\/sonocordia\/?page_id=349"},"modified":"2024-07-22T16:01:16","modified_gmt":"2024-07-22T21:01:16","slug":"convocatoria","status":"publish","type":"page","link":"http:\/\/www.uartes.edu.ec\/sitio\/sonocordia\/convocatoria\/","title":{"rendered":"Convocatorias"},"content":{"rendered":"\n<p>La Revista Virtual Acad\u00e9mica Sonocordia, enfocada en Artes Sonoras y de \u00edndole cient\u00edfico-multidisciplinar, invita a presentar trabajos para sus futuras ediciones. Acad\u00e9micos y profesionales con inter\u00e9s en este campo pueden participar enviando investigaciones originales, partituras in\u00e9ditas de compositores actuales o rese\u00f1as sobre conciertos y eventos musicales, siempre que se ajusten a los est\u00e1ndares de calidad y rigor de la publicaci\u00f3n.<\/p>\n\n\n\n<h3 class=\"wp-block-heading\">Volumen 3, N\u00ba<strong> 9 \u2013 Mayo 2024<\/strong><\/h3>\n\n\n\n<h4 class=\"wp-block-heading\">Editor Especial<\/h4>\n\n\n\n<p>Nos complace comunicar que el MSc. Diego Benalc\u00e1zar desempe\u00f1ar\u00e1 el rol de editor especial en la edici\u00f3n Volumen 3 N\u00ba 9 del mes de mayo de 2024. Esta edici\u00f3n se centrar\u00e1 en los acontecimientos del congreso AES LAC 2023, llevado a cabo en Quito, Ecuador, entre el 18 y el 21 de septiembre de 2023. El programa cont\u00f3 con seminarios, talleres, exposiciones, visitas guiadas y presentaciones de trabajos cient\u00edficos, adem\u00e1s de la competencia estudiantil de grabaci\u00f3n.<\/p>\n\n\n\n<figure class=\"wp-block-table is-style-stripes\"><table><tbody><tr><td><strong>Art\u00edculos<\/strong><\/td><\/tr><tr><td>Answer Set Programming en la producci\u00f3n musical inteligente.<\/td><\/tr><tr><td>Estudio comparativo de enfoques probal\u00edsticos para la generaci\u00f3n de progresiones arm\u00f3nicas.<\/td><\/tr><tr><td>Implementaci\u00f3n de una aplicaci\u00f3n software para la emulaci\u00f3n de una consola mezcladora de audio.<\/td><\/tr><tr><td>Software adaptivo para el entrenamiento auditivo t\u00e9cnico.<\/td><\/tr><tr><td>Memorias AES LAC 2023.<\/td><\/tr><\/tbody><\/table><\/figure>\n\n\n\n<p><strong>Estado:<\/strong> convocatoria cerrada.<\/p>\n\n\n\n<div style=\"height:40px\" aria-hidden=\"true\" class=\"wp-block-spacer\"><\/div>\n\n\n\n<h3 class=\"wp-block-heading\">Volumen 3, N\u00ba 10 \u2013 Noviembre 2024<\/h3>\n\n\n\n<h4 class=\"wp-block-heading\">Editor especial<\/h4>\n\n\n\n<p>Es un honor informarles que el MSc. Andr\u00e9s Bracero nos acompa\u00f1ar\u00e1 como editor especial en la edici\u00f3n del Volumen 3, N\u00ba 10 de noviembre 2024.<\/p>\n\n\n\n<p><strong>T\u00f3pico central del volumen:<\/strong> Entre la industria y la tradici\u00f3n: incursiones musicales en Ecuador.<\/p>\n\n\n\n<p><strong>Detalles adicionales sobre el volumen:<\/strong> Esta edici\u00f3n se centrar\u00e1 en los distintos elementos de la m\u00fasica ecuatoriana, abarcando desde las expresiones orales tradicionales hasta la moderna industria musical, incluyendo las expresiones culturales y art\u00edsticas de los pueblos ancestrales.<\/p>\n\n\n\n<figure class=\"wp-block-table is-style-stripes\"><table><tbody><tr><td><strong>Evento<\/strong><\/td><td><strong>Fecha<\/strong><\/td><\/tr><tr><td>Fechas para Propuestas<\/td><td>Hasta el 1 de julio 2024<\/td><\/tr><tr><td>Fechas para el Env\u00edo de Art\u00edculos<\/td><td>Hasta el 15 de julio 2024<\/td><\/tr><tr><td>Per\u00edodo de Revisi\u00f3n de Art\u00edculos<\/td><td>Del 16 de julio al 30 de agosto 2024<\/td><\/tr><tr><td>Notificaci\u00f3n de Art\u00edculos Aceptados<\/td><td>Del 1 al 15 de septiembre 2024<\/td><\/tr><tr><td>Plazo para Correcciones<\/td><td>Desde el 16 hasta el 30 de septiembre 2024<\/td><\/tr><tr><td>Fecha de Lanzamiento<\/td><td>1 de noviembre 2024<\/td><\/tr><\/tbody><\/table><\/figure>\n\n\n\n<p><strong>Estado:<\/strong> convocatoria abierta.<\/p>\n\n\n\n<div style=\"height:40px\" aria-hidden=\"true\" class=\"wp-block-spacer\"><\/div>\n\n\n\n<h3 class=\"wp-block-heading\">Volumen 3, N.\u00ba 11 \u2013 Mayo 2025<\/h3>\n\n\n\n<h4 class=\"wp-block-heading\">Editor Especial<\/h4>\n\n\n\n<p>Estamos encantados de anunciar que el Dr. Rub\u00e9n Riera ser\u00e1 nuestro editor especial para la edici\u00f3n correspondiente a mayo de 2025, Volumen 3, N\u00b0 11.<\/p>\n\n\n\n<p><strong>Enfoque tem\u00e1tico del Volumen:<\/strong> Reflexiones y art\u00edculos de las convocatorias HITO de la Escuela de Artes Sonoras.<\/p>\n\n\n\n<p><strong>Detalles adicionales sobre el Volumen: <\/strong>Este volumen incluir\u00e1 las reflexiones y art\u00edculos de los 4 encuentros HITO organizados por la Escuela de Artes Sonoras: Piano Ma Non Solo, Universos Sonoros, CASE y MMAT.<\/p>\n\n\n\n<figure class=\"wp-block-table is-style-stripes\"><table><tbody><tr><td><strong>Evento<\/strong><\/td><td><strong>Fecha<\/strong><\/td><\/tr><tr><td>Plazo para Propuestas de Env\u00edo<\/td><td>1 de enero de 2025<\/td><\/tr><tr><td>Plazo para Env\u00edo de Art\u00edculos<\/td><td>10 de enero de 2025<\/td><\/tr><tr><td>Per\u00edodo de Revisi\u00f3n de Art\u00edculos<\/td><td>11 de enero &#8211; 11 de marzo de 2025<\/td><\/tr><tr><td>Notificaciones de Aceptaci\u00f3n<\/td><td>12 &#8211; 30 de marzo de 2025<\/td><\/tr><tr><td>Periodo de Correcciones<\/td><td>1 &#8211; 15 de abril de 2025<\/td><\/tr><tr><td>Fecha de Publicaci\u00f3n Final<\/td><td>2 de mayo de 2025<\/td><\/tr><\/tbody><\/table><\/figure>\n\n\n\n<p><strong>Estado:<\/strong> convocatoria abierta.<\/p>\n\n\n\n<div style=\"height:40px\" aria-hidden=\"true\" class=\"wp-block-spacer\"><\/div>\n\n\n\n<h3 class=\"wp-block-heading\">Volumen 3, N\u00ba 12 \u2013 Noviembre 2025<\/h3>\n\n\n\n<h4 class=\"wp-block-heading\">Editor Invitado<\/h4>\n\n\n\n<p>Nos complace anunciar que el MSc. Daniel Orejuela se unir\u00e1 a nosotros como editor invitado para la edici\u00f3n de noviembre 2025, Volumen 3, N\u00ba 12.<\/p>\n\n\n\n<p><strong>Tema principal del volumen:<\/strong> Intersecciones entre la M\u00fasica Electr\u00f3nica, el Jazz y el Folklore Latinoamericano.<\/p>\n\n\n\n<p><strong>Informaci\u00f3n adicional sobre la edici\u00f3n:<\/strong> el prop\u00f3sito de esta edici\u00f3n es explorar las formas en que estos tres estilos musicales se intersectan y se combinan, generando sonidos innovadores y nuevas modalidades de expresi\u00f3n musical.<\/p>\n\n\n\n<figure class=\"wp-block-table is-style-stripes\"><table><tbody><tr><td><strong>Evento<\/strong><\/td><td><strong>Fecha<\/strong><\/td><\/tr><tr><td>Fechas para Propuestas<\/td><td>Hasta el 1 de julio 2025<\/td><\/tr><tr><td>Fechas para el Env\u00edo de Art\u00edculos<\/td><td>Hasta el 15 de julio 2025<\/td><\/tr><tr><td>Per\u00edodo de Revisi\u00f3n de Art\u00edculos<\/td><td>Del 16 de julio al 30 de agosto 2025<\/td><\/tr><tr><td>Notificaci\u00f3n de Art\u00edculos Aceptados<\/td><td>Del 1 al 15 de septiembre 2025<\/td><\/tr><tr><td>Plazo para Correcciones<\/td><td>Desde el 16 hasta el 30 de septiembre 2025<\/td><\/tr><tr><td>Fecha de Lanzamiento<\/td><td>1 de noviembre 2025<\/td><\/tr><\/tbody><\/table><\/figure>\n\n\n\n<p><strong>Estado:<\/strong> convocatoria abierta.<\/p>\n\n\n\n<div style=\"height:40px\" aria-hidden=\"true\" class=\"wp-block-spacer\"><\/div>\n\n\n\n<h3 class=\"wp-block-heading\">Informaci\u00f3n adicional<\/h3>\n\n\n\n<h4 class=\"wp-block-heading\">Proceso de Revisi\u00f3n<\/h4>\n\n\n\n<p>Todos los art\u00edculos ser\u00e1n sometidos a un riguroso proceso de revisi\u00f3n por pares. Nuestro equipo de revisores se esforzar\u00e1 por proporcionar comentarios constructivos y detallados para ayudar a mejorar la calidad de los trabajos.<\/p>\n\n\n\n<h4 class=\"wp-block-heading\">C\u00f3mo enviar<\/h4>\n\n\n\n<p>Por favor, env\u00ede su art\u00edculo en formato Word a trav\u00e9s de nuestro email <a href=\"mailto:revista.sonocordia@uartes.edu.ec\">revista.sonocordia@uartes.edu.ec<\/a> . Aseg\u00farese de seguir nuestras directrices de formato y estilo estipuladas en el men\u00fa para autores.<\/p>\n\n\n\n<p>Esperamos que estas convocatorias sean de su inter\u00e9s y esperamos recibir sus valiosas contribuciones. Si tiene alguna pregunta, no dude en ponerse en contacto con nosotros al email <a href=\"mailto:revista.sonocordia@uartes.edu.ec\">revista.sonocordia@uartes.edu.ec<\/a><\/p>\n","protected":false},"excerpt":{"rendered":"<p>La Revista Virtual Acad\u00e9mica Sonocordia, enfocada en Artes Sonoras y de \u00edndole cient\u00edfico-multidisciplinar, invita a presentar trabajos para sus futuras ediciones. Acad\u00e9micos y profesionales con inter\u00e9s en este campo pueden participar enviando investigaciones originales, partituras in\u00e9ditas de compositores actuales o <a class=\"more-link\" href=\"http:\/\/www.uartes.edu.ec\/sitio\/sonocordia\/convocatoria\/\">Seguir leyendo <span class=\"screen-reader-text\">  Convocatorias<\/span><span class=\"meta-nav\">&rarr;<\/span><\/a><\/p>\n","protected":false},"author":1,"featured_media":0,"parent":0,"menu_order":0,"comment_status":"closed","ping_status":"closed","template":"","meta":{"_uag_custom_page_level_css":"","_monsterinsights_skip_tracking":false,"_monsterinsights_sitenote_active":false,"_monsterinsights_sitenote_note":"","_monsterinsights_sitenote_category":0,"cybocfi_hide_featured_image":"","footnotes":""},"class_list":["post-349","page","type-page","status-publish","hentry"],"uagb_featured_image_src":{"full":false,"thumbnail":false,"medium":false,"medium_large":false,"large":false,"1536x1536":false,"2048x2048":false,"gb-block-post-grid-landscape":false,"gb-block-post-grid-square":false,"featured-slider-larger":false,"featured-slider":false},"uagb_author_info":{"display_name":"Universidad de las Artes","author_link":"https:\/\/www.uartes.edu.ec\/sitio\/sonocordia\/author\/dircomadm\/"},"uagb_comment_info":0,"uagb_excerpt":"La Revista Virtual Acad\u00e9mica Sonocordia, enfocada en Artes Sonoras y de \u00edndole cient\u00edfico-multidisciplinar, invita a presentar trabajos para sus futuras ediciones. Acad\u00e9micos y profesionales con inter\u00e9s en este campo pueden participar enviando investigaciones originales, partituras in\u00e9ditas de compositores actuales o Seguir leyendo Convocatorias&rarr;","featured_image_src":null,"featured_image_src_square":null,"distributor_meta":false,"distributor_terms":false,"distributor_media":false,"distributor_original_site_name":"Sonocordia","distributor_original_site_url":"https:\/\/www.uartes.edu.ec\/sitio\/sonocordia","push-errors":false,"_links":{"self":[{"href":"https:\/\/www.uartes.edu.ec\/sitio\/sonocordia\/wp-json\/wp\/v2\/pages\/349","targetHints":{"allow":["GET"]}}],"collection":[{"href":"https:\/\/www.uartes.edu.ec\/sitio\/sonocordia\/wp-json\/wp\/v2\/pages"}],"about":[{"href":"https:\/\/www.uartes.edu.ec\/sitio\/sonocordia\/wp-json\/wp\/v2\/types\/page"}],"author":[{"embeddable":true,"href":"https:\/\/www.uartes.edu.ec\/sitio\/sonocordia\/wp-json\/wp\/v2\/users\/1"}],"replies":[{"embeddable":true,"href":"https:\/\/www.uartes.edu.ec\/sitio\/sonocordia\/wp-json\/wp\/v2\/comments?post=349"}],"version-history":[{"count":6,"href":"https:\/\/www.uartes.edu.ec\/sitio\/sonocordia\/wp-json\/wp\/v2\/pages\/349\/revisions"}],"predecessor-version":[{"id":361,"href":"https:\/\/www.uartes.edu.ec\/sitio\/sonocordia\/wp-json\/wp\/v2\/pages\/349\/revisions\/361"}],"wp:attachment":[{"href":"https:\/\/www.uartes.edu.ec\/sitio\/sonocordia\/wp-json\/wp\/v2\/media?parent=349"}],"curies":[{"name":"wp","href":"https:\/\/api.w.org\/{rel}","templated":true}]}}