{"id":17752,"date":"2021-12-16T15:09:16","date_gmt":"2021-12-16T20:09:16","guid":{"rendered":"http:\/\/www.uartes.edu.ec\/sitio\/?post_type=docs&#038;p=17752"},"modified":"2024-07-04T11:24:56","modified_gmt":"2024-07-04T16:24:56","password":"","slug":"ana-camila-corral-escudero","status":"publish","type":"docs","link":"https:\/\/www.uartes.edu.ec\/sitio\/docs\/ana-camila-corral-escudero\/","title":{"rendered":"Ana Camila Corral Escudero"},"content":{"rendered":"","protected":false},"excerpt":{"rendered":"","protected":false},"author":1,"featured_media":16938,"comment_status":"open","ping_status":"closed","template":"","meta":{"_acf_changed":false,"_uag_custom_page_level_css":"","_monsterinsights_skip_tracking":false,"_monsterinsights_sitenote_active":false,"_monsterinsights_sitenote_note":"","_monsterinsights_sitenote_category":0,"cybocfi_hide_featured_image":"","footnotes":""},"doc_category":[579],"doc_tag":[],"class_list":["post-17752","docs","type-docs","status-publish","has-post-thumbnail","hentry","doc_category-literatura"],"year_month":"2026-05","word_count":0,"total_views":0,"reactions":{"happy":0,"normal":0,"sad":0},"author_info":{"name":"Universidad de las Artes","author_nicename":"dircomadm","author_url":"https:\/\/www.uartes.edu.ec\/sitio\/blog\/author\/dircomadm\/"},"doc_category_info":[{"term_name":"Literatura","term_url":"https:\/\/www.uartes.edu.ec\/sitio\/docs-category\/literatura\/"}],"doc_tag_info":[],"acf":{"dp_ciudad":"Cuenca, Ecuador.","dp_email":"<a href=\"mailto:ana.corral@uartes.edu.ec\">ana.corral@uartes.edu.ec<\/a>","dp_cargo":["Docente","Coodinador"],"dp_perfil":"Soy editora, redactora y correctora especializada en cultura. He participado en proyectos editoriales independientes como L\u2019escalier magazine, la Gaceta Cultural Rep\u00fablica Sur, Voces Azuayas, Gramatozoo Ediciones, entre otros. Trabaj\u00e9 como Jefa de la Unidad Editorial y de Publicaciones de la Casa de la Cultura Ecuatoriana N\u00facleo del Azuay (2017-2019) y Coordinadora del proyecto Casa Editorial de la Direcci\u00f3n Municipal de Cultura, Recreaci\u00f3n y Conocimiento del GAD Cuenca (2020).\r\n\r\nEn el campo acad\u00e9mico, he dictado cursos en la Universidad del Azuay y fui profesora invitada en la Maestr\u00eda en Gesti\u00f3n Cultural de la Universidad Polit\u00e9cnica Salesiana del Ecuador.\r\n\r\nActualmente\u00a0soy\u00a0docente en la Escuela de Literatura de la Universidad de las Artes\u00a0y\u00a0coeditora de Pie de p\u00e1gina, su revista acad\u00e9mica de cr\u00edtica y creaci\u00f3n literaria.","dp_estudios":"<ul>\r\n \t<li>Licenciada en Ciencias de la Educaci\u00f3n con especialidad en Lengua, Literatura y Lenguajes Audiovisuales por la Universidad de Cuenca (Ecuador)<\/li>\r\n \t<li>M\u00e1ster en Periodismo Cultural y Nuevas Tendencias por la Universidad Rey Juan Carlos (Madrid, Espa\u00f1a)<\/li>\r\n \t<li>Candidata a Doctora en el Programa de Doctorado en Industrias Culturales y de la Comunicaci\u00f3n de la Universitat Polit\u00e9cnica de Valencia (2020 -\u2026)<\/li>\r\n<\/ul>","dp_participaciones":"","dp_publicaciones":"<strong>Como escritora <\/strong>\r\n<ul>\r\n \t<li><em>100 mujeres de nuestra historia. Ecuador (2020). <\/em>Editorial: Kynku. ISBN: 978-9942-38- 605-2<\/li>\r\n<\/ul>\r\n<strong>Como editora<\/strong>\r\n<ul>\r\n \t<li><em>Cachivaches (2019) <\/em>de Diego Molina Beltr\u00e1n. Editorial: Casa de la Cultura Ecuatoriana, N\u00facleo del Azuay. ISBN: 978-9942-755-12-4<\/li>\r\n \t<li><em>Ficci\u00f3n de origen (2019) <\/em>de Leonardo L\u00f3pez Verdugo. Editorial: Casa de la Cultura Ecuatoriana, N\u00facleo del Azuay. ISBN: 978-9942-755-10-0<\/li>\r\n \t<li><em>Plantas Chakra <\/em>(2019) de Diego Calle Crespo. Editorial: Casa de la Cultura Ecuatoriana, N\u00facleo del Azuay. ISBN: 978-9942-755-11-7<\/li>\r\n \t<li><em>Sombras en el amanecer <\/em>(2019) de Jorge D\u00e1vila V\u00e1zquez. Editorial: Casa de la Cultura Ecuatoriana, N\u00facleo del Azuay. ISBN: 978-9942-755-09-4<\/li>\r\n \t<li><em>El teatro es un poema cuerpo <\/em>adentro (2018) de Cristian Avecillas. Editorial: Casa de la Cultura Ecuatoriana, N\u00facleo del Azuay. ISBN: 978-9942-755-08-7<\/li>\r\n \t<li><em>18 scorpii <\/em>(2018) de Ernesto Carri\u00f3n Editorial: Casa de la Cultura Ecuatoriana, N\u00facleo del Azuay. ISBN: 978-9942-755-07-0<\/li>\r\n \t<li><em>Cuenca <\/em>ilustrada (2018) de Diego S\u00e1nchez Albarrac\u00edn. Editorial: Casa de la Cultura Ecuatoriana, N\u00facleo del Azuay. ISBN: 978-9942-755-06-3<\/li>\r\n \t<li><em>El viaje de M\u00e9ndez (2018) <\/em>de Javier Lara Santos<em>.<\/em> Editorial: Casa de la Cultura Ecuatoriana, N\u00facleo del Azuay. ISBN: 978-9942-755-04-9<\/li>\r\n \t<li><em>Lycopodium (2018) de Alexandra V\u00e1squez Farez. <\/em>Editorial: Casa de la Cultura Ecuatoriana, N\u00facleo del Azuay. ISBN: 978-9942-755-05-6<\/li>\r\n \t<li><em>Sollozo por Pedro Jara (2018) de Efra\u00edn Jara Idrovo. <\/em>Editorial: Gramatozoo y Direcci\u00f3n de Cultura, Recreaci\u00f3n y Conocimiento GAD Cuenca. ISBN: 978-9942-30-7927<\/li>\r\n \t<li><em>Estaciones (2017) de Juan Fernando Auquilla. <\/em>Editorial: Casa de la Cultura Ecuatoriana, N\u00facleo del Azuay. ISBN: 978-9942-755-01-8<\/li>\r\n<\/ul>","dp_intereses":"Giran en torno a la actividades editorial y cultural, entendidas como derechos de las personas y herramientas para la disminuci\u00f3n de las brechas de desigualdad social.","dp_sitio_web":""},"yoast_head":"<!-- This site is optimized with the Yoast SEO plugin v27.4 - https:\/\/yoast.com\/product\/yoast-seo-wordpress\/ -->\n<title>Ana Camila Corral Escudero - Universidad de las Artes<\/title>\n<meta name=\"robots\" content=\"index, follow, max-snippet:-1, max-image-preview:large, max-video-preview:-1\" \/>\n<link rel=\"canonical\" href=\"https:\/\/www.uartes.edu.ec\/sitio\/docs\/ana-camila-corral-escudero\/\" \/>\n<meta property=\"og:locale\" content=\"es_ES\" \/>\n<meta property=\"og:type\" content=\"article\" \/>\n<meta property=\"og:title\" content=\"Ana Camila Corral Escudero - Universidad de las Artes\" \/>\n<meta property=\"og:url\" content=\"https:\/\/www.uartes.edu.ec\/sitio\/docs\/ana-camila-corral-escudero\/\" \/>\n<meta property=\"og:site_name\" content=\"Universidad de las Artes\" \/>\n<meta property=\"article:publisher\" content=\"https:\/\/www.facebook.com\/uartesec\" \/>\n<meta property=\"article:modified_time\" content=\"2024-07-04T16:24:56+00:00\" \/>\n<meta property=\"og:image\" content=\"https:\/\/www.uartes.edu.ec\/sitio\/wp-content\/uploads\/2021\/11\/corralimage002.jpg\" \/>\n\t<meta property=\"og:image:width\" content=\"641\" \/>\n\t<meta property=\"og:image:height\" content=\"641\" \/>\n\t<meta property=\"og:image:type\" content=\"image\/jpeg\" \/>\n<meta name=\"twitter:card\" content=\"summary_large_image\" \/>\n<meta name=\"twitter:site\" content=\"@uartesec\" \/>\n<script type=\"application\/ld+json\" class=\"yoast-schema-graph\">{\"@context\":\"https:\\\/\\\/schema.org\",\"@graph\":[{\"@type\":\"WebPage\",\"@id\":\"https:\\\/\\\/www.uartes.edu.ec\\\/sitio\\\/docs\\\/ana-camila-corral-escudero\\\/\",\"url\":\"https:\\\/\\\/www.uartes.edu.ec\\\/sitio\\\/docs\\\/ana-camila-corral-escudero\\\/\",\"name\":\"Ana Camila Corral Escudero - Universidad de las Artes\",\"isPartOf\":{\"@id\":\"https:\\\/\\\/www.uartes.edu.ec\\\/sitio\\\/#website\"},\"primaryImageOfPage\":{\"@id\":\"https:\\\/\\\/www.uartes.edu.ec\\\/sitio\\\/docs\\\/ana-camila-corral-escudero\\\/#primaryimage\"},\"image\":{\"@id\":\"https:\\\/\\\/www.uartes.edu.ec\\\/sitio\\\/docs\\\/ana-camila-corral-escudero\\\/#primaryimage\"},\"thumbnailUrl\":\"https:\\\/\\\/www.uartes.edu.ec\\\/sitio\\\/wp-content\\\/uploads\\\/2021\\\/11\\\/corralimage002.jpg\",\"datePublished\":\"2021-12-16T20:09:16+00:00\",\"dateModified\":\"2024-07-04T16:24:56+00:00\",\"breadcrumb\":{\"@id\":\"https:\\\/\\\/www.uartes.edu.ec\\\/sitio\\\/docs\\\/ana-camila-corral-escudero\\\/#breadcrumb\"},\"inLanguage\":\"es\",\"potentialAction\":[{\"@type\":\"ReadAction\",\"target\":[\"https:\\\/\\\/www.uartes.edu.ec\\\/sitio\\\/docs\\\/ana-camila-corral-escudero\\\/\"]}]},{\"@type\":\"ImageObject\",\"inLanguage\":\"es\",\"@id\":\"https:\\\/\\\/www.uartes.edu.ec\\\/sitio\\\/docs\\\/ana-camila-corral-escudero\\\/#primaryimage\",\"url\":\"https:\\\/\\\/www.uartes.edu.ec\\\/sitio\\\/wp-content\\\/uploads\\\/2021\\\/11\\\/corralimage002.jpg\",\"contentUrl\":\"https:\\\/\\\/www.uartes.edu.ec\\\/sitio\\\/wp-content\\\/uploads\\\/2021\\\/11\\\/corralimage002.jpg\",\"width\":641,\"height\":641},{\"@type\":\"BreadcrumbList\",\"@id\":\"https:\\\/\\\/www.uartes.edu.ec\\\/sitio\\\/docs\\\/ana-camila-corral-escudero\\\/#breadcrumb\",\"itemListElement\":[{\"@type\":\"ListItem\",\"position\":1,\"name\":\"Inicio\",\"item\":\"https:\\\/\\\/www.uartes.edu.ec\\\/sitio\\\/\"},{\"@type\":\"ListItem\",\"position\":2,\"name\":\"Docs\",\"item\":\"https:\\\/\\\/www.uartes.edu.ec\\\/sitio\\\/docs\\\/\"},{\"@type\":\"ListItem\",\"position\":3,\"name\":\"Ana Camila Corral Escudero\"}]},{\"@type\":\"WebSite\",\"@id\":\"https:\\\/\\\/www.uartes.edu.ec\\\/sitio\\\/#website\",\"url\":\"https:\\\/\\\/www.uartes.edu.ec\\\/sitio\\\/\",\"name\":\"Universidad de las Artes\",\"description\":\"Sitio oficial de la Universidad Nacional de las Artes del Ecuador\",\"publisher\":{\"@id\":\"https:\\\/\\\/www.uartes.edu.ec\\\/sitio\\\/#organization\"},\"potentialAction\":[{\"@type\":\"SearchAction\",\"target\":{\"@type\":\"EntryPoint\",\"urlTemplate\":\"https:\\\/\\\/www.uartes.edu.ec\\\/sitio\\\/?s={search_term_string}\"},\"query-input\":{\"@type\":\"PropertyValueSpecification\",\"valueRequired\":true,\"valueName\":\"search_term_string\"}}],\"inLanguage\":\"es\"},{\"@type\":\"Organization\",\"@id\":\"https:\\\/\\\/www.uartes.edu.ec\\\/sitio\\\/#organization\",\"name\":\"Universidad de las Artes\",\"url\":\"https:\\\/\\\/www.uartes.edu.ec\\\/sitio\\\/\",\"logo\":{\"@type\":\"ImageObject\",\"inLanguage\":\"es\",\"@id\":\"https:\\\/\\\/www.uartes.edu.ec\\\/sitio\\\/#\\\/schema\\\/logo\\\/image\\\/\",\"url\":\"https:\\\/\\\/www.uartes.edu.ec\\\/sitio\\\/wp-content\\\/uploads\\\/2022\\\/07\\\/logo-ua-horizontal.png\",\"contentUrl\":\"https:\\\/\\\/www.uartes.edu.ec\\\/sitio\\\/wp-content\\\/uploads\\\/2022\\\/07\\\/logo-ua-horizontal.png\",\"width\":800,\"height\":276,\"caption\":\"Universidad de las Artes\"},\"image\":{\"@id\":\"https:\\\/\\\/www.uartes.edu.ec\\\/sitio\\\/#\\\/schema\\\/logo\\\/image\\\/\"},\"sameAs\":[\"https:\\\/\\\/www.facebook.com\\\/uartesec\",\"https:\\\/\\\/x.com\\\/uartesec\",\"https:\\\/\\\/www.tiktok.com\\\/@uartesec\"]}]}<\/script>\n<!-- \/ Yoast SEO plugin. -->","yoast_head_json":{"title":"Ana Camila Corral Escudero - Universidad de las Artes","robots":{"index":"index","follow":"follow","max-snippet":"max-snippet:-1","max-image-preview":"max-image-preview:large","max-video-preview":"max-video-preview:-1"},"canonical":"https:\/\/www.uartes.edu.ec\/sitio\/docs\/ana-camila-corral-escudero\/","og_locale":"es_ES","og_type":"article","og_title":"Ana Camila Corral Escudero - Universidad de las Artes","og_url":"https:\/\/www.uartes.edu.ec\/sitio\/docs\/ana-camila-corral-escudero\/","og_site_name":"Universidad de las Artes","article_publisher":"https:\/\/www.facebook.com\/uartesec","article_modified_time":"2024-07-04T16:24:56+00:00","og_image":[{"width":641,"height":641,"url":"https:\/\/www.uartes.edu.ec\/sitio\/wp-content\/uploads\/2021\/11\/corralimage002.jpg","type":"image\/jpeg"}],"twitter_card":"summary_large_image","twitter_site":"@uartesec","schema":{"@context":"https:\/\/schema.org","@graph":[{"@type":"WebPage","@id":"https:\/\/www.uartes.edu.ec\/sitio\/docs\/ana-camila-corral-escudero\/","url":"https:\/\/www.uartes.edu.ec\/sitio\/docs\/ana-camila-corral-escudero\/","name":"Ana Camila Corral Escudero - Universidad de las Artes","isPartOf":{"@id":"https:\/\/www.uartes.edu.ec\/sitio\/#website"},"primaryImageOfPage":{"@id":"https:\/\/www.uartes.edu.ec\/sitio\/docs\/ana-camila-corral-escudero\/#primaryimage"},"image":{"@id":"https:\/\/www.uartes.edu.ec\/sitio\/docs\/ana-camila-corral-escudero\/#primaryimage"},"thumbnailUrl":"https:\/\/www.uartes.edu.ec\/sitio\/wp-content\/uploads\/2021\/11\/corralimage002.jpg","datePublished":"2021-12-16T20:09:16+00:00","dateModified":"2024-07-04T16:24:56+00:00","breadcrumb":{"@id":"https:\/\/www.uartes.edu.ec\/sitio\/docs\/ana-camila-corral-escudero\/#breadcrumb"},"inLanguage":"es","potentialAction":[{"@type":"ReadAction","target":["https:\/\/www.uartes.edu.ec\/sitio\/docs\/ana-camila-corral-escudero\/"]}]},{"@type":"ImageObject","inLanguage":"es","@id":"https:\/\/www.uartes.edu.ec\/sitio\/docs\/ana-camila-corral-escudero\/#primaryimage","url":"https:\/\/www.uartes.edu.ec\/sitio\/wp-content\/uploads\/2021\/11\/corralimage002.jpg","contentUrl":"https:\/\/www.uartes.edu.ec\/sitio\/wp-content\/uploads\/2021\/11\/corralimage002.jpg","width":641,"height":641},{"@type":"BreadcrumbList","@id":"https:\/\/www.uartes.edu.ec\/sitio\/docs\/ana-camila-corral-escudero\/#breadcrumb","itemListElement":[{"@type":"ListItem","position":1,"name":"Inicio","item":"https:\/\/www.uartes.edu.ec\/sitio\/"},{"@type":"ListItem","position":2,"name":"Docs","item":"https:\/\/www.uartes.edu.ec\/sitio\/docs\/"},{"@type":"ListItem","position":3,"name":"Ana Camila Corral Escudero"}]},{"@type":"WebSite","@id":"https:\/\/www.uartes.edu.ec\/sitio\/#website","url":"https:\/\/www.uartes.edu.ec\/sitio\/","name":"Universidad de las Artes","description":"Sitio oficial de la Universidad Nacional de las Artes del Ecuador","publisher":{"@id":"https:\/\/www.uartes.edu.ec\/sitio\/#organization"},"potentialAction":[{"@type":"SearchAction","target":{"@type":"EntryPoint","urlTemplate":"https:\/\/www.uartes.edu.ec\/sitio\/?s={search_term_string}"},"query-input":{"@type":"PropertyValueSpecification","valueRequired":true,"valueName":"search_term_string"}}],"inLanguage":"es"},{"@type":"Organization","@id":"https:\/\/www.uartes.edu.ec\/sitio\/#organization","name":"Universidad de las Artes","url":"https:\/\/www.uartes.edu.ec\/sitio\/","logo":{"@type":"ImageObject","inLanguage":"es","@id":"https:\/\/www.uartes.edu.ec\/sitio\/#\/schema\/logo\/image\/","url":"https:\/\/www.uartes.edu.ec\/sitio\/wp-content\/uploads\/2022\/07\/logo-ua-horizontal.png","contentUrl":"https:\/\/www.uartes.edu.ec\/sitio\/wp-content\/uploads\/2022\/07\/logo-ua-horizontal.png","width":800,"height":276,"caption":"Universidad de las Artes"},"image":{"@id":"https:\/\/www.uartes.edu.ec\/sitio\/#\/schema\/logo\/image\/"},"sameAs":["https:\/\/www.facebook.com\/uartesec","https:\/\/x.com\/uartesec","https:\/\/www.tiktok.com\/@uartesec"]}]}},"uagb_featured_image_src":{"full":["https:\/\/www.uartes.edu.ec\/sitio\/wp-content\/uploads\/2021\/11\/corralimage002.jpg",641,641,false],"thumbnail":["https:\/\/www.uartes.edu.ec\/sitio\/wp-content\/uploads\/2021\/11\/corralimage002-150x150.jpg",150,150,true],"medium":["https:\/\/www.uartes.edu.ec\/sitio\/wp-content\/uploads\/2021\/11\/corralimage002-300x300.jpg",300,300,true],"medium_large":["https:\/\/www.uartes.edu.ec\/sitio\/wp-content\/uploads\/2021\/11\/corralimage002.jpg",641,641,false],"large":["https:\/\/www.uartes.edu.ec\/sitio\/wp-content\/uploads\/2021\/11\/corralimage002.jpg",641,641,false],"1536x1536":["https:\/\/www.uartes.edu.ec\/sitio\/wp-content\/uploads\/2021\/11\/corralimage002.jpg",641,641,false],"2048x2048":["https:\/\/www.uartes.edu.ec\/sitio\/wp-content\/uploads\/2021\/11\/corralimage002.jpg",641,641,false],"trp-custom-language-flag":["https:\/\/www.uartes.edu.ec\/sitio\/wp-content\/uploads\/2021\/11\/corralimage002.jpg",12,12,false],"htmega_size_585x295":["https:\/\/www.uartes.edu.ec\/sitio\/wp-content\/uploads\/2021\/11\/corralimage002.jpg",295,295,false],"htmega_size_1170x536":["https:\/\/www.uartes.edu.ec\/sitio\/wp-content\/uploads\/2021\/11\/corralimage002.jpg",536,536,false],"htmega_size_396x360":["https:\/\/www.uartes.edu.ec\/sitio\/wp-content\/uploads\/2021\/11\/corralimage002.jpg",360,360,false],"gb-block-post-grid-landscape":["https:\/\/www.uartes.edu.ec\/sitio\/wp-content\/uploads\/2021\/11\/corralimage002-600x400.jpg",600,400,true],"gb-block-post-grid-square":["https:\/\/www.uartes.edu.ec\/sitio\/wp-content\/uploads\/2021\/11\/corralimage002-600x600.jpg",600,600,true],"university-hub-thumb":["https:\/\/www.uartes.edu.ec\/sitio\/wp-content\/uploads\/2021\/11\/corralimage002-300x300.jpg",300,300,true]},"uagb_author_info":{"display_name":"Universidad de las Artes","author_link":"https:\/\/www.uartes.edu.ec\/sitio\/blog\/author\/dircomadm\/"},"uagb_comment_info":0,"uagb_excerpt":null,"publishpress_future_workflow_manual_trigger":{"enabledWorkflows":[]},"distributor_meta":false,"distributor_terms":false,"distributor_media":false,"distributor_original_site_name":"Universidad de las Artes","distributor_original_site_url":"https:\/\/www.uartes.edu.ec\/sitio","push-errors":false,"_links":{"self":[{"href":"https:\/\/www.uartes.edu.ec\/sitio\/wp-json\/wp\/v2\/docs\/17752","targetHints":{"allow":["GET"]}}],"collection":[{"href":"https:\/\/www.uartes.edu.ec\/sitio\/wp-json\/wp\/v2\/docs"}],"about":[{"href":"https:\/\/www.uartes.edu.ec\/sitio\/wp-json\/wp\/v2\/types\/docs"}],"author":[{"embeddable":true,"href":"https:\/\/www.uartes.edu.ec\/sitio\/wp-json\/wp\/v2\/users\/1"}],"replies":[{"embeddable":true,"href":"https:\/\/www.uartes.edu.ec\/sitio\/wp-json\/wp\/v2\/comments?post=17752"}],"version-history":[{"count":3,"href":"https:\/\/www.uartes.edu.ec\/sitio\/wp-json\/wp\/v2\/docs\/17752\/revisions"}],"predecessor-version":[{"id":17755,"href":"https:\/\/www.uartes.edu.ec\/sitio\/wp-json\/wp\/v2\/docs\/17752\/revisions\/17755"}],"wp:featuredmedia":[{"embeddable":true,"href":"https:\/\/www.uartes.edu.ec\/sitio\/wp-json\/wp\/v2\/media\/16938"}],"wp:attachment":[{"href":"https:\/\/www.uartes.edu.ec\/sitio\/wp-json\/wp\/v2\/media?parent=17752"}],"wp:term":[{"taxonomy":"doc_category","embeddable":true,"href":"https:\/\/www.uartes.edu.ec\/sitio\/wp-json\/wp\/v2\/doc_category?post=17752"},{"taxonomy":"doc_tag","embeddable":true,"href":"https:\/\/www.uartes.edu.ec\/sitio\/wp-json\/wp\/v2\/doc_tag?post=17752"}],"curies":[{"name":"wp","href":"https:\/\/api.w.org\/{rel}","templated":true}]}}