{"id":18074,"date":"2021-12-21T15:18:42","date_gmt":"2021-12-21T20:18:42","guid":{"rendered":"http:\/\/www.uartes.edu.ec\/sitio\/?post_type=docs&#038;p=18074"},"modified":"2024-07-04T11:24:52","modified_gmt":"2024-07-04T16:24:52","password":"","slug":"talia-falconi","status":"publish","type":"docs","link":"https:\/\/www.uartes.edu.ec\/sitio\/docs\/talia-falconi\/","title":{"rendered":"Tal\u00eda Falcon\u00ed"},"content":{"rendered":"","protected":false},"excerpt":{"rendered":"","protected":false},"author":1,"featured_media":18007,"comment_status":"open","ping_status":"closed","template":"","meta":{"_acf_changed":false,"_uag_custom_page_level_css":"","_monsterinsights_skip_tracking":false,"_monsterinsights_sitenote_active":false,"_monsterinsights_sitenote_note":"","_monsterinsights_sitenote_category":0,"cybocfi_hide_featured_image":"","footnotes":""},"doc_category":[584],"doc_tag":[],"class_list":["post-18074","docs","type-docs","status-publish","has-post-thumbnail","hentry","doc_category-danza"],"year_month":"2026-05","word_count":0,"total_views":0,"reactions":{"happy":0,"normal":0,"sad":0},"author_info":{"name":"Universidad de las Artes","author_nicename":"dircomadm","author_url":"https:\/\/www.uartes.edu.ec\/sitio\/blog\/author\/dircomadm\/"},"doc_category_info":[{"term_name":"Danza","term_url":"https:\/\/www.uartes.edu.ec\/sitio\/docs-category\/danza\/"}],"doc_tag_info":[],"acf":{"dp_ciudad":"Ecuador.","dp_email":"<a href=\"mailto:talia.falconi@uartes.edu.ec\">talia.falconi@uartes.edu.ec<\/a>","dp_cargo":["Docente"],"dp_perfil":"Bailarina, core\u00f3grafa y artista esc\u00e9nica ecuatoriana. Fundadora y Co-directora de la Compa\u00f1\u00eda <em>R\u00edo Teatro Caribe.<\/em> Directora de la Compa\u00f1\u00eda <em>Tal\u00eda Falconi-Federico Valdez\/escena contempor\u00e1nea.\r\n<\/em>","dp_estudios":"Hizo sus estudios en la Escuela de Martha Graham, Nueva York, la Escuela Nacional de Circo Annie Fratellini, la Escuela de Teatro de Movimiento Jaques Lecoq y obtuvo su Diploma de Estado como Profesora de Danza Contempor\u00e1nea en Par\u00eds. Curs\u00f3 su Maestr\u00eda en danza en la Universidad Par\u00eds 8.","dp_participaciones":"En Venezuela desarroll\u00f3 gran parte de su trabajo art\u00edstico como core\u00f3grafa y bailarina. Fundadora y Co-directora de la agrupaci\u00f3n R\u00edo Teatro Caribe con\u00a0 la\u00a0\u00a0\u00a0\u00a0\u00a0\u00a0\u00a0\u00a0 cual\u00a0\u00a0\u00a0\u00a0 se\u00a0\u00a0\u00a0\u00a0\u00a0\u00a0\u00a0 present\u00f3\u00a0\u00a0\u00a0\u00a0\u00a0\u00a0\u00a0 en\u00a0\u00a0\u00a0\u00a0\u00a0\u00a0\u00a0 Am\u00e9rica,\u00a0\u00a0\u00a0\u00a0\u00a0\u00a0\u00a0\u00a0 Europa\u00a0\u00a0 y\u00a0\u00a0\u00a0\u00a0\u00a0\u00a0\u00a0\u00a0\u00a0 Asia\u00a0\u00a0\u00a0 (1995-2010). En el a\u00f1o 2007 fue galardonada con el Premio Nacional de Danza de Venezuela.\r\n\r\nEn los \u00faltimos a\u00f1os ha sido seleccionada para participar en residencias de creaci\u00f3n art\u00edstica en M\u00e9xico, Nueva York, Caracas, Quito y La Paz (Bolivia). Ha dirigido montajes coreogr\u00e1ficos para la Compa\u00f1\u00eda de danza Sieteocho de Venezuela, el Ballet Nacional del Ecuador, la Compa\u00f1\u00eda Nacional de Danza del Ecuador, el Centro de Producci\u00f3n de Danza Contempor\u00e1nea (CEPRODAC) y el Centro de las Artes de San Luis Potos\u00ed de M\u00e9xico.\r\n\r\n&nbsp;\r\n\r\n&nbsp;","dp_publicaciones":"<ul>\r\n \t<li>Desde 2010 desarrolla proyectos esc\u00e9nicos en colaboraci\u00f3n con el compositor Federico Valdez. Su trabajo coreogr\u00e1fico es ecl\u00e9ctico, pero definitivamente se basa en la experimentaci\u00f3n del movimiento y desarrolla -desde la escena- un universo po\u00e9tico.<\/li>\r\n \t<li>Hasta el momento ha realizado 20 obras coreogr\u00e1ficas de largo formato, 15 obras coreogr\u00e1ficas de mediano formato y 7 obras de videodanza. Su trabajo se basa en la experimentaci\u00f3n del movimiento y desarrolla -desde la escena- un universo po\u00e9tico.<\/li>\r\n \t<li>Desde el a\u00f1o 2018 forma parte del cuerpo docente de la carrera de danza en la Universidad de las Artes de Guayaquil, Ecuador.<\/li>\r\n<\/ul>\r\n<h3>Premios y distinciones<\/h3>\r\n<ul>\r\n \t<li>2007: Premio Nacional de Danza de Venezuela por su solo de danza a\u00e9rea Sue\u00f1o pelele. 2010 Seleccionada por el FONCA y la AECID en el Programa de Residencias Art\u00edsticas para Creadores de Iberoam\u00e9rica y de Hait\u00ed en M\u00e9xico.<\/li>\r\n \t<li>2013: Seleccionada a participar en la residencia 2013 Omi International Dance Collective en Nueva York.<\/li>\r\n \t<li>2015: Su obra Aproximaciones Dislocadas fue seleccionada a formar parte de la Programaci\u00f3n 2015 del Sistema de Teatros de la Ciudad de M\u00e9xico.<\/li>\r\n \t<li>2015; Seleccionada por Centro de Producci\u00f3n de Danza Contempor\u00e1nea (CEPRODAC) a realizar el remontaje de su obra Puro Ayayay!<\/li>\r\n \t<li>2016: Su obra Invenciones de quietud y movimiento ha sido seleccionada a formar parte de la Programaci\u00f3n 2016 del Sistema de Teatros de la Ciudad de M\u00e9xico. Fue Jurado de los Fondos Concursables de Artes Esc\u00e9nicas del Ecuador.<\/li>\r\n \t<li>2019: Es invitada por Mar\u00eda Luisa Gonz\u00e1lez con motivo de conmemorar sus 50 a\u00f1os de vida art\u00edstica a realizar una obra coreogr\u00e1fica para ella, El Olvido del ser.<\/li>\r\n \t<li>2020: Su obra Fluctuante fue ganadora del Programa Contigo a la distancia en M\u00e9xico.<\/li>\r\n<\/ul>\r\n&nbsp;","dp_intereses":"","dp_sitio_web":""},"yoast_head":"<!-- This site is optimized with the Yoast SEO plugin v27.4 - https:\/\/yoast.com\/product\/yoast-seo-wordpress\/ -->\n<title>Tal\u00eda Falcon\u00ed - Universidad de las Artes<\/title>\n<meta name=\"robots\" content=\"index, follow, max-snippet:-1, max-image-preview:large, max-video-preview:-1\" \/>\n<link rel=\"canonical\" href=\"https:\/\/www.uartes.edu.ec\/sitio\/docs\/talia-falconi\/\" \/>\n<meta property=\"og:locale\" content=\"es_ES\" \/>\n<meta property=\"og:type\" content=\"article\" \/>\n<meta property=\"og:title\" content=\"Tal\u00eda Falcon\u00ed - Universidad de las Artes\" \/>\n<meta property=\"og:url\" content=\"https:\/\/www.uartes.edu.ec\/sitio\/docs\/talia-falconi\/\" \/>\n<meta property=\"og:site_name\" content=\"Universidad de las Artes\" \/>\n<meta property=\"article:publisher\" content=\"https:\/\/www.facebook.com\/uartesec\" \/>\n<meta property=\"article:modified_time\" content=\"2024-07-04T16:24:52+00:00\" \/>\n<meta property=\"og:image\" content=\"https:\/\/www.uartes.edu.ec\/sitio\/wp-content\/uploads\/2021\/12\/dp-talia-falconi.jpg\" \/>\n\t<meta property=\"og:image:width\" content=\"556\" \/>\n\t<meta property=\"og:image:height\" content=\"556\" \/>\n\t<meta property=\"og:image:type\" content=\"image\/jpeg\" \/>\n<meta name=\"twitter:card\" content=\"summary_large_image\" \/>\n<meta name=\"twitter:site\" content=\"@uartesec\" \/>\n<script type=\"application\/ld+json\" class=\"yoast-schema-graph\">{\"@context\":\"https:\\\/\\\/schema.org\",\"@graph\":[{\"@type\":\"WebPage\",\"@id\":\"https:\\\/\\\/www.uartes.edu.ec\\\/sitio\\\/docs\\\/talia-falconi\\\/\",\"url\":\"https:\\\/\\\/www.uartes.edu.ec\\\/sitio\\\/docs\\\/talia-falconi\\\/\",\"name\":\"Tal\u00eda Falcon\u00ed - Universidad de las Artes\",\"isPartOf\":{\"@id\":\"https:\\\/\\\/www.uartes.edu.ec\\\/sitio\\\/#website\"},\"primaryImageOfPage\":{\"@id\":\"https:\\\/\\\/www.uartes.edu.ec\\\/sitio\\\/docs\\\/talia-falconi\\\/#primaryimage\"},\"image\":{\"@id\":\"https:\\\/\\\/www.uartes.edu.ec\\\/sitio\\\/docs\\\/talia-falconi\\\/#primaryimage\"},\"thumbnailUrl\":\"https:\\\/\\\/www.uartes.edu.ec\\\/sitio\\\/wp-content\\\/uploads\\\/2021\\\/12\\\/dp-talia-falconi.jpg\",\"datePublished\":\"2021-12-21T20:18:42+00:00\",\"dateModified\":\"2024-07-04T16:24:52+00:00\",\"breadcrumb\":{\"@id\":\"https:\\\/\\\/www.uartes.edu.ec\\\/sitio\\\/docs\\\/talia-falconi\\\/#breadcrumb\"},\"inLanguage\":\"es\",\"potentialAction\":[{\"@type\":\"ReadAction\",\"target\":[\"https:\\\/\\\/www.uartes.edu.ec\\\/sitio\\\/docs\\\/talia-falconi\\\/\"]}]},{\"@type\":\"ImageObject\",\"inLanguage\":\"es\",\"@id\":\"https:\\\/\\\/www.uartes.edu.ec\\\/sitio\\\/docs\\\/talia-falconi\\\/#primaryimage\",\"url\":\"https:\\\/\\\/www.uartes.edu.ec\\\/sitio\\\/wp-content\\\/uploads\\\/2021\\\/12\\\/dp-talia-falconi.jpg\",\"contentUrl\":\"https:\\\/\\\/www.uartes.edu.ec\\\/sitio\\\/wp-content\\\/uploads\\\/2021\\\/12\\\/dp-talia-falconi.jpg\",\"width\":556,\"height\":556},{\"@type\":\"BreadcrumbList\",\"@id\":\"https:\\\/\\\/www.uartes.edu.ec\\\/sitio\\\/docs\\\/talia-falconi\\\/#breadcrumb\",\"itemListElement\":[{\"@type\":\"ListItem\",\"position\":1,\"name\":\"Inicio\",\"item\":\"https:\\\/\\\/www.uartes.edu.ec\\\/sitio\\\/\"},{\"@type\":\"ListItem\",\"position\":2,\"name\":\"Docs\",\"item\":\"https:\\\/\\\/www.uartes.edu.ec\\\/sitio\\\/docs\\\/\"},{\"@type\":\"ListItem\",\"position\":3,\"name\":\"Tal\u00eda Falcon\u00ed\"}]},{\"@type\":\"WebSite\",\"@id\":\"https:\\\/\\\/www.uartes.edu.ec\\\/sitio\\\/#website\",\"url\":\"https:\\\/\\\/www.uartes.edu.ec\\\/sitio\\\/\",\"name\":\"Universidad de las Artes\",\"description\":\"Sitio oficial de la Universidad Nacional de las Artes del Ecuador\",\"publisher\":{\"@id\":\"https:\\\/\\\/www.uartes.edu.ec\\\/sitio\\\/#organization\"},\"potentialAction\":[{\"@type\":\"SearchAction\",\"target\":{\"@type\":\"EntryPoint\",\"urlTemplate\":\"https:\\\/\\\/www.uartes.edu.ec\\\/sitio\\\/?s={search_term_string}\"},\"query-input\":{\"@type\":\"PropertyValueSpecification\",\"valueRequired\":true,\"valueName\":\"search_term_string\"}}],\"inLanguage\":\"es\"},{\"@type\":\"Organization\",\"@id\":\"https:\\\/\\\/www.uartes.edu.ec\\\/sitio\\\/#organization\",\"name\":\"Universidad de las Artes\",\"url\":\"https:\\\/\\\/www.uartes.edu.ec\\\/sitio\\\/\",\"logo\":{\"@type\":\"ImageObject\",\"inLanguage\":\"es\",\"@id\":\"https:\\\/\\\/www.uartes.edu.ec\\\/sitio\\\/#\\\/schema\\\/logo\\\/image\\\/\",\"url\":\"https:\\\/\\\/www.uartes.edu.ec\\\/sitio\\\/wp-content\\\/uploads\\\/2022\\\/07\\\/logo-ua-horizontal.png\",\"contentUrl\":\"https:\\\/\\\/www.uartes.edu.ec\\\/sitio\\\/wp-content\\\/uploads\\\/2022\\\/07\\\/logo-ua-horizontal.png\",\"width\":800,\"height\":276,\"caption\":\"Universidad de las Artes\"},\"image\":{\"@id\":\"https:\\\/\\\/www.uartes.edu.ec\\\/sitio\\\/#\\\/schema\\\/logo\\\/image\\\/\"},\"sameAs\":[\"https:\\\/\\\/www.facebook.com\\\/uartesec\",\"https:\\\/\\\/x.com\\\/uartesec\",\"https:\\\/\\\/www.tiktok.com\\\/@uartesec\"]}]}<\/script>\n<!-- \/ Yoast SEO plugin. -->","yoast_head_json":{"title":"Tal\u00eda Falcon\u00ed - Universidad de las Artes","robots":{"index":"index","follow":"follow","max-snippet":"max-snippet:-1","max-image-preview":"max-image-preview:large","max-video-preview":"max-video-preview:-1"},"canonical":"https:\/\/www.uartes.edu.ec\/sitio\/docs\/talia-falconi\/","og_locale":"es_ES","og_type":"article","og_title":"Tal\u00eda Falcon\u00ed - Universidad de las Artes","og_url":"https:\/\/www.uartes.edu.ec\/sitio\/docs\/talia-falconi\/","og_site_name":"Universidad de las Artes","article_publisher":"https:\/\/www.facebook.com\/uartesec","article_modified_time":"2024-07-04T16:24:52+00:00","og_image":[{"width":556,"height":556,"url":"https:\/\/www.uartes.edu.ec\/sitio\/wp-content\/uploads\/2021\/12\/dp-talia-falconi.jpg","type":"image\/jpeg"}],"twitter_card":"summary_large_image","twitter_site":"@uartesec","schema":{"@context":"https:\/\/schema.org","@graph":[{"@type":"WebPage","@id":"https:\/\/www.uartes.edu.ec\/sitio\/docs\/talia-falconi\/","url":"https:\/\/www.uartes.edu.ec\/sitio\/docs\/talia-falconi\/","name":"Tal\u00eda Falcon\u00ed - Universidad de las Artes","isPartOf":{"@id":"https:\/\/www.uartes.edu.ec\/sitio\/#website"},"primaryImageOfPage":{"@id":"https:\/\/www.uartes.edu.ec\/sitio\/docs\/talia-falconi\/#primaryimage"},"image":{"@id":"https:\/\/www.uartes.edu.ec\/sitio\/docs\/talia-falconi\/#primaryimage"},"thumbnailUrl":"https:\/\/www.uartes.edu.ec\/sitio\/wp-content\/uploads\/2021\/12\/dp-talia-falconi.jpg","datePublished":"2021-12-21T20:18:42+00:00","dateModified":"2024-07-04T16:24:52+00:00","breadcrumb":{"@id":"https:\/\/www.uartes.edu.ec\/sitio\/docs\/talia-falconi\/#breadcrumb"},"inLanguage":"es","potentialAction":[{"@type":"ReadAction","target":["https:\/\/www.uartes.edu.ec\/sitio\/docs\/talia-falconi\/"]}]},{"@type":"ImageObject","inLanguage":"es","@id":"https:\/\/www.uartes.edu.ec\/sitio\/docs\/talia-falconi\/#primaryimage","url":"https:\/\/www.uartes.edu.ec\/sitio\/wp-content\/uploads\/2021\/12\/dp-talia-falconi.jpg","contentUrl":"https:\/\/www.uartes.edu.ec\/sitio\/wp-content\/uploads\/2021\/12\/dp-talia-falconi.jpg","width":556,"height":556},{"@type":"BreadcrumbList","@id":"https:\/\/www.uartes.edu.ec\/sitio\/docs\/talia-falconi\/#breadcrumb","itemListElement":[{"@type":"ListItem","position":1,"name":"Inicio","item":"https:\/\/www.uartes.edu.ec\/sitio\/"},{"@type":"ListItem","position":2,"name":"Docs","item":"https:\/\/www.uartes.edu.ec\/sitio\/docs\/"},{"@type":"ListItem","position":3,"name":"Tal\u00eda Falcon\u00ed"}]},{"@type":"WebSite","@id":"https:\/\/www.uartes.edu.ec\/sitio\/#website","url":"https:\/\/www.uartes.edu.ec\/sitio\/","name":"Universidad de las Artes","description":"Sitio oficial de la Universidad Nacional de las Artes del Ecuador","publisher":{"@id":"https:\/\/www.uartes.edu.ec\/sitio\/#organization"},"potentialAction":[{"@type":"SearchAction","target":{"@type":"EntryPoint","urlTemplate":"https:\/\/www.uartes.edu.ec\/sitio\/?s={search_term_string}"},"query-input":{"@type":"PropertyValueSpecification","valueRequired":true,"valueName":"search_term_string"}}],"inLanguage":"es"},{"@type":"Organization","@id":"https:\/\/www.uartes.edu.ec\/sitio\/#organization","name":"Universidad de las Artes","url":"https:\/\/www.uartes.edu.ec\/sitio\/","logo":{"@type":"ImageObject","inLanguage":"es","@id":"https:\/\/www.uartes.edu.ec\/sitio\/#\/schema\/logo\/image\/","url":"https:\/\/www.uartes.edu.ec\/sitio\/wp-content\/uploads\/2022\/07\/logo-ua-horizontal.png","contentUrl":"https:\/\/www.uartes.edu.ec\/sitio\/wp-content\/uploads\/2022\/07\/logo-ua-horizontal.png","width":800,"height":276,"caption":"Universidad de las Artes"},"image":{"@id":"https:\/\/www.uartes.edu.ec\/sitio\/#\/schema\/logo\/image\/"},"sameAs":["https:\/\/www.facebook.com\/uartesec","https:\/\/x.com\/uartesec","https:\/\/www.tiktok.com\/@uartesec"]}]}},"uagb_featured_image_src":{"full":["https:\/\/www.uartes.edu.ec\/sitio\/wp-content\/uploads\/2021\/12\/dp-talia-falconi.jpg",556,556,false],"thumbnail":["https:\/\/www.uartes.edu.ec\/sitio\/wp-content\/uploads\/2021\/12\/dp-talia-falconi-150x150.jpg",150,150,true],"medium":["https:\/\/www.uartes.edu.ec\/sitio\/wp-content\/uploads\/2021\/12\/dp-talia-falconi-300x300.jpg",300,300,true],"medium_large":["https:\/\/www.uartes.edu.ec\/sitio\/wp-content\/uploads\/2021\/12\/dp-talia-falconi.jpg",556,556,false],"large":["https:\/\/www.uartes.edu.ec\/sitio\/wp-content\/uploads\/2021\/12\/dp-talia-falconi.jpg",556,556,false],"1536x1536":["https:\/\/www.uartes.edu.ec\/sitio\/wp-content\/uploads\/2021\/12\/dp-talia-falconi.jpg",556,556,false],"2048x2048":["https:\/\/www.uartes.edu.ec\/sitio\/wp-content\/uploads\/2021\/12\/dp-talia-falconi.jpg",556,556,false],"trp-custom-language-flag":["https:\/\/www.uartes.edu.ec\/sitio\/wp-content\/uploads\/2021\/12\/dp-talia-falconi.jpg",12,12,false],"htmega_size_585x295":["https:\/\/www.uartes.edu.ec\/sitio\/wp-content\/uploads\/2021\/12\/dp-talia-falconi.jpg",295,295,false],"htmega_size_1170x536":["https:\/\/www.uartes.edu.ec\/sitio\/wp-content\/uploads\/2021\/12\/dp-talia-falconi.jpg",536,536,false],"htmega_size_396x360":["https:\/\/www.uartes.edu.ec\/sitio\/wp-content\/uploads\/2021\/12\/dp-talia-falconi.jpg",360,360,false],"gb-block-post-grid-landscape":["https:\/\/www.uartes.edu.ec\/sitio\/wp-content\/uploads\/2021\/12\/dp-talia-falconi-556x400.jpg",556,400,true],"gb-block-post-grid-square":["https:\/\/www.uartes.edu.ec\/sitio\/wp-content\/uploads\/2021\/12\/dp-talia-falconi.jpg",556,556,false],"university-hub-thumb":["https:\/\/www.uartes.edu.ec\/sitio\/wp-content\/uploads\/2021\/12\/dp-talia-falconi-300x300.jpg",300,300,true]},"uagb_author_info":{"display_name":"Universidad de las Artes","author_link":"https:\/\/www.uartes.edu.ec\/sitio\/blog\/author\/dircomadm\/"},"uagb_comment_info":0,"uagb_excerpt":null,"publishpress_future_workflow_manual_trigger":{"enabledWorkflows":[]},"distributor_meta":false,"distributor_terms":false,"distributor_media":false,"distributor_original_site_name":"Universidad de las Artes","distributor_original_site_url":"https:\/\/www.uartes.edu.ec\/sitio","push-errors":false,"_links":{"self":[{"href":"https:\/\/www.uartes.edu.ec\/sitio\/wp-json\/wp\/v2\/docs\/18074","targetHints":{"allow":["GET"]}}],"collection":[{"href":"https:\/\/www.uartes.edu.ec\/sitio\/wp-json\/wp\/v2\/docs"}],"about":[{"href":"https:\/\/www.uartes.edu.ec\/sitio\/wp-json\/wp\/v2\/types\/docs"}],"author":[{"embeddable":true,"href":"https:\/\/www.uartes.edu.ec\/sitio\/wp-json\/wp\/v2\/users\/1"}],"replies":[{"embeddable":true,"href":"https:\/\/www.uartes.edu.ec\/sitio\/wp-json\/wp\/v2\/comments?post=18074"}],"version-history":[{"count":3,"href":"https:\/\/www.uartes.edu.ec\/sitio\/wp-json\/wp\/v2\/docs\/18074\/revisions"}],"predecessor-version":[{"id":18079,"href":"https:\/\/www.uartes.edu.ec\/sitio\/wp-json\/wp\/v2\/docs\/18074\/revisions\/18079"}],"wp:featuredmedia":[{"embeddable":true,"href":"https:\/\/www.uartes.edu.ec\/sitio\/wp-json\/wp\/v2\/media\/18007"}],"wp:attachment":[{"href":"https:\/\/www.uartes.edu.ec\/sitio\/wp-json\/wp\/v2\/media?parent=18074"}],"wp:term":[{"taxonomy":"doc_category","embeddable":true,"href":"https:\/\/www.uartes.edu.ec\/sitio\/wp-json\/wp\/v2\/doc_category?post=18074"},{"taxonomy":"doc_tag","embeddable":true,"href":"https:\/\/www.uartes.edu.ec\/sitio\/wp-json\/wp\/v2\/doc_tag?post=18074"}],"curies":[{"name":"wp","href":"https:\/\/api.w.org\/{rel}","templated":true}]}}