{"id":18141,"date":"2021-12-22T08:56:57","date_gmt":"2021-12-22T13:56:57","guid":{"rendered":"http:\/\/www.uartes.edu.ec\/sitio\/?post_type=docs&#038;p=18141"},"modified":"2026-02-11T16:44:50","modified_gmt":"2026-02-11T21:44:50","password":"","slug":"priscilla-maria-aguirre-martinez","status":"publish","type":"docs","link":"https:\/\/www.uartes.edu.ec\/sitio\/docs\/priscilla-maria-aguirre-martinez\/","title":{"rendered":"Priscilla Aguirre"},"content":{"rendered":"","protected":false},"excerpt":{"rendered":"<p>Productora y docente &#8211; ECU<\/p>\n","protected":false},"author":1,"featured_media":86516,"comment_status":"open","ping_status":"closed","template":"","meta":{"_acf_changed":false,"_uag_custom_page_level_css":"","_monsterinsights_skip_tracking":false,"_monsterinsights_sitenote_active":false,"_monsterinsights_sitenote_note":"","_monsterinsights_sitenote_category":0,"cybocfi_hide_featured_image":"","footnotes":""},"doc_category":[580,814],"doc_tag":[806],"class_list":["post-18141","docs","type-docs","status-publish","has-post-thumbnail","hentry","doc_category-cine","doc_category-maestria-cine-documental","doc_tag-coordinador-cine"],"year_month":"2026-05","word_count":0,"total_views":0,"reactions":{"happy":0,"normal":0,"sad":0},"author_info":{"name":"Universidad de las Artes","author_nicename":"dircomadm","author_url":"https:\/\/www.uartes.edu.ec\/sitio\/blog\/author\/dircomadm\/"},"doc_category_info":[{"term_name":"Cine","term_url":"https:\/\/www.uartes.edu.ec\/sitio\/docs-category\/cine\/"},{"term_name":"Maestr\u00eda Cine Documental","term_url":"https:\/\/www.uartes.edu.ec\/sitio\/docs-category\/maestria-cine-documental\/"}],"doc_tag_info":[{"term_name":"Coordinador Cine","term_url":"https:\/\/www.uartes.edu.ec\/sitio\/docs-tag\/coordinador-cine\/"}],"acf":{"dp_ciudad":"Ecuador.","dp_email":"<a href=\"mailto:priscila.aguirre@uartes.edu.ec\">priscila.aguirre@uartes.edu.ec<\/a>","dp_cargo":["Docente","Coodinador"],"dp_perfil":"Docente, directora, asistente de direcci\u00f3n y productora ecuatoriana. M\u00e1ster en Documental Creativo, con una trayectoria de m\u00e1s de 18 a\u00f1os en cine, tv y publicidad. Se ha desempe\u00f1ado en los 3 \u00e1mbitos en Argentina, Espa\u00f1a y Ecuador. Adem\u00e1s ha sido directora de varios proyectos de vinculaci\u00f3n con la comunidad donde se fomenta la educaci\u00f3n y creaci\u00f3n en artes en Centros de Privaci\u00f3n de Libertad en Guayaquil, as\u00ed como proyectos de investigaci\u00f3n enfocados en pensar el cine como una herramienta de transformaci\u00f3n social.","dp_estudios":"<ul>\r\n \t<li>Licenciada en Comunicaci\u00f3n Audiovisual y Multimedia, Universidad Casa Grande (Guayaquil \u2013 Ecuador).<\/li>\r\n \t<li>Realizadora Integral de Cine y TV, Centro de Investigaci\u00f3n Cinematogr\u00e1fica (Buenos Aires - Argentina).<\/li>\r\n \t<li>M\u00e1ster en Teor\u00eda y pr\u00e1ctica de Documental Creativo, Universidad Aut\u00f3noma de Barcelona (Barcelona \u2013 Espa\u00f1a)<\/li>\r\n<\/ul>","dp_participaciones":"<ul>\r\n \t<li>\u201cLa noche de estela\u201d \u2013 Cortometraje \u2013 Premio Nacional de Cine a la Mejor Direcci\u00f3n 2007 en el Festival de Cine\u00a0Kuntur\u00f1awi, 2ndo Premio en el FAAL 2007, Premio del Jurado en la Muestra de Cine de Maldonado, Uruguay 2007.<\/li>\r\n \t<li>\u201cEl diari de M\u00f3nica\u201d \u2013 Documental \u2013 Premio a Mejor documental catal\u00e1n en el Festival de Cine de Costa Dorada, Espa\u00f1a 2015. Selecci\u00f3n oficial en EDOC 2014.<\/li>\r\n \t<li>\u201cSolas: Voces en el encierro\u201d \u2013 Obra performance\/instalaci\u00f3n \u2013 Participaci\u00f3n en el Festival Internacional de Arte Contempor\u00e1neo de Manizales, Colombia 2019<\/li>\r\n \t<li>\"Nosotras\" - Largometraje documental - Ganador de la Beca de la Fundaci\u00f3n AlterCin\u00e9, Pel\u00edcula ganadora de LimaLab en Festival Internacional de Cine Lima Alterna, Per\u00fa 2023, Ganador del Concurso P\u00fablico de Postproducci\u00f3n de Largometraje Documental del IFCI, Ecuador 2023<\/li>\r\n<\/ul>","dp_publicaciones":"<ul>\r\n \t<li><strong>\u201cLa noche de Estela\u201d <\/strong>\u2013 Cortometraje \u2013 (Guion y direcci\u00f3n)<\/li>\r\n \t<li><strong>\u201cPaqueteando el alma\u201d <\/strong>\u2013 Cortometraje \u2013(Guion, producci\u00f3n y direcci\u00f3n)<\/li>\r\n \t<li><strong>\u201cEl mundo de Lena\u201d <\/strong>\u2013 Cortometraje (Guion, producci\u00f3n y direcci\u00f3n)<\/li>\r\n \t<li><strong>\u201cAnything goes\u201d <\/strong>\u2013 Largometraje \u2013 (Asistente de direcci\u00f3n)<\/li>\r\n \t<li><strong>\u201cEl diari de M\u00f3nica\u201d \u2013 <\/strong>Documental \u2013(Guion, direcci\u00f3n y montaje)<\/li>\r\n \t<li><strong>\u201cSin muertos no hay carnaval\u201d \u2013<\/strong>\u00a0Largometraje (2da Asistente de direcci\u00f3n)<\/li>\r\n \t<li><strong>\u201cLa mala noche\u201d \u2013 <\/strong>Largometraje \u2013 (Asistente de direcci\u00f3n)<\/li>\r\n \t<li><strong>\u201cVac\u00edo\u201d \u2013 <\/strong>Largometraje \u2013 (Asistente de direcci\u00f3n)<\/li>\r\n \t<li><strong>\u201cLa mancha blanca\u201d \u2013 <\/strong>Largometraje \u2013 (Asistente de direcci\u00f3n)<\/li>\r\n \t<li><strong>\u201cLa invenci\u00f3n de las especies\u201d \u2013 <\/strong>Largometraje \u2013 (Coordinadora de producci\u00f3n y asistencia de direcci\u00f3n en PRE)<\/li>\r\n \t<li><strong>\u201cNosotras\u201d \u2013 <\/strong>Largometraje documental \u2013 (Productora y directora)<\/li>\r\n \t<li><strong>\u201cSolas: Voces en el encierro\u201d \u2013 <\/strong>Instalaci\u00f3n perform\u00e1tica (Coguionista, codirectora y productora)<\/li>\r\n \t<li><strong>\"Maternidades\" <\/strong>- Obra performance\/instalaci\u00f3n (Coguionista, codirectora y productora)<\/li>\r\n \t<li><strong>\"Nosotras\"<\/strong>\u00a0-\u00a0Instalaci\u00f3n inmersiva - (Codirectora y productora)<\/li>\r\n \t<li><strong>\"Back to abnormality: more complex than a virus<\/strong>\" - Largometraje documental\u00a0- (Coguionista, codirectora y coproductora)<\/li>\r\n \t<li><strong>\"Nosotras\"<\/strong>\u00a0- Largometraje documental - (Guion, direcci\u00f3n y producci\u00f3n)<\/li>\r\n<\/ul>","dp_intereses":"Cine documental, instalaciones inmersivas y proyectos de educaci\u00f3n en artes en comunidades de atenci\u00f3n prioritaria.","dp_sitio_web":"@cucarachasfilms"},"yoast_head":"<!-- This site is optimized with the Yoast SEO plugin v27.4 - https:\/\/yoast.com\/product\/yoast-seo-wordpress\/ -->\n<title>Priscilla Aguirre - Universidad de las Artes<\/title>\n<meta name=\"robots\" content=\"index, follow, max-snippet:-1, max-image-preview:large, max-video-preview:-1\" \/>\n<link rel=\"canonical\" href=\"https:\/\/www.uartes.edu.ec\/sitio\/docs\/priscilla-maria-aguirre-martinez\/\" \/>\n<meta property=\"og:locale\" content=\"es_ES\" \/>\n<meta property=\"og:type\" content=\"article\" \/>\n<meta property=\"og:title\" content=\"Priscilla Aguirre - Universidad de las Artes\" \/>\n<meta property=\"og:description\" content=\"Productora y docente - ECU\" \/>\n<meta property=\"og:url\" content=\"https:\/\/www.uartes.edu.ec\/sitio\/docs\/priscilla-maria-aguirre-martinez\/\" \/>\n<meta property=\"og:site_name\" content=\"Universidad de las Artes\" \/>\n<meta property=\"article:publisher\" content=\"https:\/\/www.facebook.com\/uartesec\" \/>\n<meta property=\"article:modified_time\" content=\"2026-02-11T21:44:50+00:00\" \/>\n<meta property=\"og:image\" content=\"https:\/\/www.uartes.edu.ec\/sitio\/wp-content\/uploads\/2021\/12\/priscila-aguirre.jpg\" \/>\n\t<meta property=\"og:image:width\" content=\"1000\" \/>\n\t<meta property=\"og:image:height\" content=\"1000\" \/>\n\t<meta property=\"og:image:type\" content=\"image\/jpeg\" \/>\n<meta name=\"twitter:card\" content=\"summary_large_image\" \/>\n<meta name=\"twitter:site\" content=\"@uartesec\" \/>\n<meta name=\"twitter:label1\" content=\"Tiempo de lectura\" \/>\n\t<meta name=\"twitter:data1\" content=\"1 minuto\" \/>\n<script type=\"application\/ld+json\" class=\"yoast-schema-graph\">{\"@context\":\"https:\\\/\\\/schema.org\",\"@graph\":[{\"@type\":\"WebPage\",\"@id\":\"https:\\\/\\\/www.uartes.edu.ec\\\/sitio\\\/docs\\\/priscilla-maria-aguirre-martinez\\\/\",\"url\":\"https:\\\/\\\/www.uartes.edu.ec\\\/sitio\\\/docs\\\/priscilla-maria-aguirre-martinez\\\/\",\"name\":\"Priscilla Aguirre - Universidad de las Artes\",\"isPartOf\":{\"@id\":\"https:\\\/\\\/www.uartes.edu.ec\\\/sitio\\\/#website\"},\"primaryImageOfPage\":{\"@id\":\"https:\\\/\\\/www.uartes.edu.ec\\\/sitio\\\/docs\\\/priscilla-maria-aguirre-martinez\\\/#primaryimage\"},\"image\":{\"@id\":\"https:\\\/\\\/www.uartes.edu.ec\\\/sitio\\\/docs\\\/priscilla-maria-aguirre-martinez\\\/#primaryimage\"},\"thumbnailUrl\":\"https:\\\/\\\/www.uartes.edu.ec\\\/sitio\\\/wp-content\\\/uploads\\\/2020\\\/12\\\/Priscilla-Aguirre.jpg\",\"datePublished\":\"2021-12-22T13:56:57+00:00\",\"dateModified\":\"2026-02-11T21:44:50+00:00\",\"breadcrumb\":{\"@id\":\"https:\\\/\\\/www.uartes.edu.ec\\\/sitio\\\/docs\\\/priscilla-maria-aguirre-martinez\\\/#breadcrumb\"},\"inLanguage\":\"es\",\"potentialAction\":[{\"@type\":\"ReadAction\",\"target\":[\"https:\\\/\\\/www.uartes.edu.ec\\\/sitio\\\/docs\\\/priscilla-maria-aguirre-martinez\\\/\"]}]},{\"@type\":\"ImageObject\",\"inLanguage\":\"es\",\"@id\":\"https:\\\/\\\/www.uartes.edu.ec\\\/sitio\\\/docs\\\/priscilla-maria-aguirre-martinez\\\/#primaryimage\",\"url\":\"https:\\\/\\\/www.uartes.edu.ec\\\/sitio\\\/wp-content\\\/uploads\\\/2020\\\/12\\\/Priscilla-Aguirre.jpg\",\"contentUrl\":\"https:\\\/\\\/www.uartes.edu.ec\\\/sitio\\\/wp-content\\\/uploads\\\/2020\\\/12\\\/Priscilla-Aguirre.jpg\",\"width\":1000,\"height\":1000},{\"@type\":\"BreadcrumbList\",\"@id\":\"https:\\\/\\\/www.uartes.edu.ec\\\/sitio\\\/docs\\\/priscilla-maria-aguirre-martinez\\\/#breadcrumb\",\"itemListElement\":[{\"@type\":\"ListItem\",\"position\":1,\"name\":\"Inicio\",\"item\":\"https:\\\/\\\/www.uartes.edu.ec\\\/sitio\\\/\"},{\"@type\":\"ListItem\",\"position\":2,\"name\":\"Docs\",\"item\":\"https:\\\/\\\/www.uartes.edu.ec\\\/sitio\\\/docs\\\/\"},{\"@type\":\"ListItem\",\"position\":3,\"name\":\"Priscilla Mar\u00eda Aguirre Mart\u00ednez\"}]},{\"@type\":\"WebSite\",\"@id\":\"https:\\\/\\\/www.uartes.edu.ec\\\/sitio\\\/#website\",\"url\":\"https:\\\/\\\/www.uartes.edu.ec\\\/sitio\\\/\",\"name\":\"Universidad de las Artes\",\"description\":\"Sitio oficial de la Universidad Nacional de las Artes del Ecuador\",\"publisher\":{\"@id\":\"https:\\\/\\\/www.uartes.edu.ec\\\/sitio\\\/#organization\"},\"potentialAction\":[{\"@type\":\"SearchAction\",\"target\":{\"@type\":\"EntryPoint\",\"urlTemplate\":\"https:\\\/\\\/www.uartes.edu.ec\\\/sitio\\\/?s={search_term_string}\"},\"query-input\":{\"@type\":\"PropertyValueSpecification\",\"valueRequired\":true,\"valueName\":\"search_term_string\"}}],\"inLanguage\":\"es\"},{\"@type\":\"Organization\",\"@id\":\"https:\\\/\\\/www.uartes.edu.ec\\\/sitio\\\/#organization\",\"name\":\"Universidad de las Artes\",\"url\":\"https:\\\/\\\/www.uartes.edu.ec\\\/sitio\\\/\",\"logo\":{\"@type\":\"ImageObject\",\"inLanguage\":\"es\",\"@id\":\"https:\\\/\\\/www.uartes.edu.ec\\\/sitio\\\/#\\\/schema\\\/logo\\\/image\\\/\",\"url\":\"https:\\\/\\\/www.uartes.edu.ec\\\/sitio\\\/wp-content\\\/uploads\\\/2022\\\/07\\\/logo-ua-horizontal.png\",\"contentUrl\":\"https:\\\/\\\/www.uartes.edu.ec\\\/sitio\\\/wp-content\\\/uploads\\\/2022\\\/07\\\/logo-ua-horizontal.png\",\"width\":800,\"height\":276,\"caption\":\"Universidad de las Artes\"},\"image\":{\"@id\":\"https:\\\/\\\/www.uartes.edu.ec\\\/sitio\\\/#\\\/schema\\\/logo\\\/image\\\/\"},\"sameAs\":[\"https:\\\/\\\/www.facebook.com\\\/uartesec\",\"https:\\\/\\\/x.com\\\/uartesec\",\"https:\\\/\\\/www.tiktok.com\\\/@uartesec\"]}]}<\/script>\n<!-- \/ Yoast SEO plugin. -->","yoast_head_json":{"title":"Priscilla Aguirre - Universidad de las Artes","robots":{"index":"index","follow":"follow","max-snippet":"max-snippet:-1","max-image-preview":"max-image-preview:large","max-video-preview":"max-video-preview:-1"},"canonical":"https:\/\/www.uartes.edu.ec\/sitio\/docs\/priscilla-maria-aguirre-martinez\/","og_locale":"es_ES","og_type":"article","og_title":"Priscilla Aguirre - Universidad de las Artes","og_description":"Productora y docente - ECU","og_url":"https:\/\/www.uartes.edu.ec\/sitio\/docs\/priscilla-maria-aguirre-martinez\/","og_site_name":"Universidad de las Artes","article_publisher":"https:\/\/www.facebook.com\/uartesec","article_modified_time":"2026-02-11T21:44:50+00:00","og_image":[{"width":1000,"height":1000,"url":"https:\/\/www.uartes.edu.ec\/sitio\/wp-content\/uploads\/2021\/12\/priscila-aguirre.jpg","type":"image\/jpeg"}],"twitter_card":"summary_large_image","twitter_site":"@uartesec","twitter_misc":{"Tiempo de lectura":"1 minuto"},"schema":{"@context":"https:\/\/schema.org","@graph":[{"@type":"WebPage","@id":"https:\/\/www.uartes.edu.ec\/sitio\/docs\/priscilla-maria-aguirre-martinez\/","url":"https:\/\/www.uartes.edu.ec\/sitio\/docs\/priscilla-maria-aguirre-martinez\/","name":"Priscilla Aguirre - Universidad de las Artes","isPartOf":{"@id":"https:\/\/www.uartes.edu.ec\/sitio\/#website"},"primaryImageOfPage":{"@id":"https:\/\/www.uartes.edu.ec\/sitio\/docs\/priscilla-maria-aguirre-martinez\/#primaryimage"},"image":{"@id":"https:\/\/www.uartes.edu.ec\/sitio\/docs\/priscilla-maria-aguirre-martinez\/#primaryimage"},"thumbnailUrl":"https:\/\/www.uartes.edu.ec\/sitio\/wp-content\/uploads\/2020\/12\/Priscilla-Aguirre.jpg","datePublished":"2021-12-22T13:56:57+00:00","dateModified":"2026-02-11T21:44:50+00:00","breadcrumb":{"@id":"https:\/\/www.uartes.edu.ec\/sitio\/docs\/priscilla-maria-aguirre-martinez\/#breadcrumb"},"inLanguage":"es","potentialAction":[{"@type":"ReadAction","target":["https:\/\/www.uartes.edu.ec\/sitio\/docs\/priscilla-maria-aguirre-martinez\/"]}]},{"@type":"ImageObject","inLanguage":"es","@id":"https:\/\/www.uartes.edu.ec\/sitio\/docs\/priscilla-maria-aguirre-martinez\/#primaryimage","url":"https:\/\/www.uartes.edu.ec\/sitio\/wp-content\/uploads\/2020\/12\/Priscilla-Aguirre.jpg","contentUrl":"https:\/\/www.uartes.edu.ec\/sitio\/wp-content\/uploads\/2020\/12\/Priscilla-Aguirre.jpg","width":1000,"height":1000},{"@type":"BreadcrumbList","@id":"https:\/\/www.uartes.edu.ec\/sitio\/docs\/priscilla-maria-aguirre-martinez\/#breadcrumb","itemListElement":[{"@type":"ListItem","position":1,"name":"Inicio","item":"https:\/\/www.uartes.edu.ec\/sitio\/"},{"@type":"ListItem","position":2,"name":"Docs","item":"https:\/\/www.uartes.edu.ec\/sitio\/docs\/"},{"@type":"ListItem","position":3,"name":"Priscilla Mar\u00eda Aguirre Mart\u00ednez"}]},{"@type":"WebSite","@id":"https:\/\/www.uartes.edu.ec\/sitio\/#website","url":"https:\/\/www.uartes.edu.ec\/sitio\/","name":"Universidad de las Artes","description":"Sitio oficial de la Universidad Nacional de las Artes del Ecuador","publisher":{"@id":"https:\/\/www.uartes.edu.ec\/sitio\/#organization"},"potentialAction":[{"@type":"SearchAction","target":{"@type":"EntryPoint","urlTemplate":"https:\/\/www.uartes.edu.ec\/sitio\/?s={search_term_string}"},"query-input":{"@type":"PropertyValueSpecification","valueRequired":true,"valueName":"search_term_string"}}],"inLanguage":"es"},{"@type":"Organization","@id":"https:\/\/www.uartes.edu.ec\/sitio\/#organization","name":"Universidad de las Artes","url":"https:\/\/www.uartes.edu.ec\/sitio\/","logo":{"@type":"ImageObject","inLanguage":"es","@id":"https:\/\/www.uartes.edu.ec\/sitio\/#\/schema\/logo\/image\/","url":"https:\/\/www.uartes.edu.ec\/sitio\/wp-content\/uploads\/2022\/07\/logo-ua-horizontal.png","contentUrl":"https:\/\/www.uartes.edu.ec\/sitio\/wp-content\/uploads\/2022\/07\/logo-ua-horizontal.png","width":800,"height":276,"caption":"Universidad de las Artes"},"image":{"@id":"https:\/\/www.uartes.edu.ec\/sitio\/#\/schema\/logo\/image\/"},"sameAs":["https:\/\/www.facebook.com\/uartesec","https:\/\/x.com\/uartesec","https:\/\/www.tiktok.com\/@uartesec"]}]}},"uagb_featured_image_src":{"full":["https:\/\/www.uartes.edu.ec\/sitio\/wp-content\/uploads\/2020\/12\/Priscilla-Aguirre.jpg",1000,1000,false],"thumbnail":["https:\/\/www.uartes.edu.ec\/sitio\/wp-content\/uploads\/2020\/12\/Priscilla-Aguirre-150x150.jpg",150,150,true],"medium":["https:\/\/www.uartes.edu.ec\/sitio\/wp-content\/uploads\/2020\/12\/Priscilla-Aguirre-300x300.jpg",300,300,true],"medium_large":["https:\/\/www.uartes.edu.ec\/sitio\/wp-content\/uploads\/2020\/12\/Priscilla-Aguirre-768x768.jpg",768,768,true],"large":["https:\/\/www.uartes.edu.ec\/sitio\/wp-content\/uploads\/2020\/12\/Priscilla-Aguirre-644x644.jpg",644,644,true],"1536x1536":["https:\/\/www.uartes.edu.ec\/sitio\/wp-content\/uploads\/2020\/12\/Priscilla-Aguirre.jpg",1000,1000,false],"2048x2048":["https:\/\/www.uartes.edu.ec\/sitio\/wp-content\/uploads\/2020\/12\/Priscilla-Aguirre.jpg",1000,1000,false],"trp-custom-language-flag":["https:\/\/www.uartes.edu.ec\/sitio\/wp-content\/uploads\/2020\/12\/Priscilla-Aguirre-12x12.jpg",12,12,true],"htmega_size_585x295":["https:\/\/www.uartes.edu.ec\/sitio\/wp-content\/uploads\/2020\/12\/Priscilla-Aguirre-585x295.jpg",585,295,true],"htmega_size_1170x536":["https:\/\/www.uartes.edu.ec\/sitio\/wp-content\/uploads\/2020\/12\/Priscilla-Aguirre-1000x536.jpg",1000,536,true],"htmega_size_396x360":["https:\/\/www.uartes.edu.ec\/sitio\/wp-content\/uploads\/2020\/12\/Priscilla-Aguirre-396x360.jpg",396,360,true],"gb-block-post-grid-landscape":["https:\/\/www.uartes.edu.ec\/sitio\/wp-content\/uploads\/2020\/12\/Priscilla-Aguirre-600x400.jpg",600,400,true],"gb-block-post-grid-square":["https:\/\/www.uartes.edu.ec\/sitio\/wp-content\/uploads\/2020\/12\/Priscilla-Aguirre-600x600.jpg",600,600,true],"university-hub-thumb":["https:\/\/www.uartes.edu.ec\/sitio\/wp-content\/uploads\/2020\/12\/Priscilla-Aguirre-300x300.jpg",300,300,true]},"uagb_author_info":{"display_name":"Universidad de las Artes","author_link":"https:\/\/www.uartes.edu.ec\/sitio\/blog\/author\/dircomadm\/"},"uagb_comment_info":0,"uagb_excerpt":"Productora y docente - ECU","publishpress_future_workflow_manual_trigger":{"enabledWorkflows":[]},"distributor_meta":false,"distributor_terms":false,"distributor_media":false,"distributor_original_site_name":"Universidad de las Artes","distributor_original_site_url":"https:\/\/www.uartes.edu.ec\/sitio","push-errors":false,"_links":{"self":[{"href":"https:\/\/www.uartes.edu.ec\/sitio\/wp-json\/wp\/v2\/docs\/18141","targetHints":{"allow":["GET"]}}],"collection":[{"href":"https:\/\/www.uartes.edu.ec\/sitio\/wp-json\/wp\/v2\/docs"}],"about":[{"href":"https:\/\/www.uartes.edu.ec\/sitio\/wp-json\/wp\/v2\/types\/docs"}],"author":[{"embeddable":true,"href":"https:\/\/www.uartes.edu.ec\/sitio\/wp-json\/wp\/v2\/users\/1"}],"replies":[{"embeddable":true,"href":"https:\/\/www.uartes.edu.ec\/sitio\/wp-json\/wp\/v2\/comments?post=18141"}],"version-history":[{"count":8,"href":"https:\/\/www.uartes.edu.ec\/sitio\/wp-json\/wp\/v2\/docs\/18141\/revisions"}],"predecessor-version":[{"id":86519,"href":"https:\/\/www.uartes.edu.ec\/sitio\/wp-json\/wp\/v2\/docs\/18141\/revisions\/86519"}],"wp:featuredmedia":[{"embeddable":true,"href":"https:\/\/www.uartes.edu.ec\/sitio\/wp-json\/wp\/v2\/media\/86516"}],"wp:attachment":[{"href":"https:\/\/www.uartes.edu.ec\/sitio\/wp-json\/wp\/v2\/media?parent=18141"}],"wp:term":[{"taxonomy":"doc_category","embeddable":true,"href":"https:\/\/www.uartes.edu.ec\/sitio\/wp-json\/wp\/v2\/doc_category?post=18141"},{"taxonomy":"doc_tag","embeddable":true,"href":"https:\/\/www.uartes.edu.ec\/sitio\/wp-json\/wp\/v2\/doc_tag?post=18141"}],"curies":[{"name":"wp","href":"https:\/\/api.w.org\/{rel}","templated":true}]}}