{"id":18300,"date":"2021-12-22T15:57:45","date_gmt":"2021-12-22T20:57:45","guid":{"rendered":"http:\/\/www.uartes.edu.ec\/sitio\/?post_type=docs&#038;p=18300"},"modified":"2024-07-04T11:24:49","modified_gmt":"2024-07-04T16:24:49","password":"","slug":"joaquin-humberto-serrano-macias","status":"publish","type":"docs","link":"https:\/\/www.uartes.edu.ec\/sitio\/docs\/joaquin-humberto-serrano-macias\/","title":{"rendered":"Joaqu\u00edn Humberto Serrano Mac\u00edas"},"content":{"rendered":"","protected":false},"excerpt":{"rendered":"","protected":false},"author":1,"featured_media":18215,"comment_status":"open","ping_status":"closed","template":"","meta":{"_acf_changed":false,"_uag_custom_page_level_css":"","_monsterinsights_skip_tracking":false,"_monsterinsights_sitenote_active":false,"_monsterinsights_sitenote_note":"","_monsterinsights_sitenote_category":0,"cybocfi_hide_featured_image":"","footnotes":""},"doc_category":[581],"doc_tag":[],"class_list":["post-18300","docs","type-docs","status-publish","has-post-thumbnail","hentry","doc_category-artes-visuales"],"year_month":"2026-05","word_count":0,"total_views":0,"reactions":{"happy":0,"normal":0,"sad":0},"author_info":{"name":"Universidad de las Artes","author_nicename":"dircomadm","author_url":"https:\/\/www.uartes.edu.ec\/sitio\/blog\/author\/dircomadm\/"},"doc_category_info":[{"term_name":"Artes Visuales","term_url":"https:\/\/www.uartes.edu.ec\/sitio\/docs-category\/artes-visuales\/"}],"doc_tag_info":[],"acf":{"dp_ciudad":"Guayaquil, Ecuador.","dp_email":"<a href=\"mailto:joaquin.serrano@uartes.edu.ec\">joaquin.serrano@uartes.edu.ec <\/a>","dp_cargo":["Docente"],"dp_perfil":"Artista, docente e investigador con 43 a\u00f1os en el campo de las artes visuales y 31 a\u00f1os de actividad como docente. Fundador del colectivo multidisciplinario \u201cLa Cucaracha\u201d (1986-1998) y muralista contempor\u00e1neo. Acreedor de m\u00e1s de una veintena de premios y reconocimientos nacionales e internacionales. Miembro correspondiente de la secci\u00f3n de Artes Pl\u00e1sticas de la Casa de la Cultura Ecuatoriana y coordinador nacional del Consejo Ciudadano Sectorial del Sistema Nacional de Cultura 2016-2020.","dp_estudios":"<ul>\r\n \t<li>Universidad Cat\u00f3lica Santiago de Guayaquil, Facultad de Arquitectura y Urbanismo. 1978-1983<\/li>\r\n \t<li>Universidad de Guayaquil, Facultad de Arquitectura. 1983-1985<\/li>\r\n<\/ul>","dp_participaciones":"<strong>2005 <\/strong>Premio \u201cPrimer Sal\u00f3n Internacional de Pintura Ecuador-Per\u00fa\u201d, ESPOL, Guayaquil.\r\n\r\n<strong>2002<\/strong> Ganador del concurso para la realizaci\u00f3n del Mural en las bases del paso elevado en la AV. Fco. De Orellana intersecci\u00f3n con la Av. Benjam\u00edn Carri\u00f3n, M. I. Municipalidad de Guayaquil.\r\n\r\n<strong>2004 <\/strong>\u201cSal\u00f3n de Octubre\u201d, C.C.E. N\u00facleo del Guayas, PRIMER PREMIO.\r\n\r\n<strong>1996<\/strong> \u201cSal\u00f3n Nacional de Pintura Luis A. Mart\u00ednez\u201d, PREMIO \u00daNICO.\r\n\r\n<strong>1994<\/strong> \u201cXXXII Sal\u00f3n de Octubre\u201d, C.C.E. N\u00facleo del Guayas, Guayaquil. SEGUNDO PREMIO.\r\n\r\n<strong>1993-1994-1995<\/strong> \u201cSal\u00f3n Nacional de Pintura Luis A. Mart\u00ednez\u201d, Ambato PRIMERA MENCION.\r\n\r\n<strong>1985<\/strong> \u201cJuan Pueblo en la cuerda floja\u201d, Concurso nacional de a\u00f1os viejos, Diario HOY, Quito. PRIMER PREMIO.\r\n\r\n<strong>1984<\/strong> \u201cSal\u00f3n Primero de Mayo\u201d, C.C.E. N\u00facleo del Guayas, Guayaquil. PRIMER PREMIO.\r\n\r\n<strong>1984<\/strong> \u201cSal\u00f3n de Julio\u201d, Museo Municipal, Guayaquil, PRIMERA MENCION DE HONOR.","dp_publicaciones":"<strong>Exposiciones Individuales\u00a0<\/strong>\r\n\r\n<strong>2015<\/strong> \u201cGuayaquil Signos Urbanos\u201d, Galer\u00eda \u201cEl Mirador\u201d, Universidad Cat\u00f3lica Santiago de Guayaquil.\r\n\r\n<strong>2008<\/strong> \u201cVivencias urbanas\u201d, Man-Ging\u00a0 Art Gallery, Guayaquil.\r\n\r\n<strong>2007<\/strong> \u201cBody Paint \u00a0performance\u201d, Galar\u00eda Roberto Saavedra, Barrio Las Penas, Guayaquil.\r\n\r\n<strong>2004<\/strong> \u201cDe la piel hacia adentro\u201d, Galer\u00eda \u201cEl Mirador\u201d Universidad Cat\u00f3lica Santiago de Guayaquil.\r\n<ul>\r\n \t<li>\u201cJoaqu\u00edn Serrano\u201d Galer\u00eda La Manzana Verde, Quito.<\/li>\r\n \t<li>\u201cJoaqu\u00edn Serrano\u201d, Museo de Arte del Banco Central del Ecuador, Guayaquil, Quito, Cuenca y Bah\u00eda de Car\u00e1quez.<\/li>\r\n<\/ul>\r\n<strong>1996<\/strong> \u201cEntre el tiempo y el espacio \u201d Galer\u00eda La Ferriere, Guayaquil.\r\n\r\n<strong>1995<\/strong> \u201cEn el brillo de tu pupila\u201d, Galer\u00eda Madeleine Hollaender, Guayaquil.\r\n\r\n<strong>1994 <\/strong>\u201cJoaqu\u00edn Serrano\u201d, Centro de Arte de la Sociedad Femenina de Cultura, Guayaquil <strong>1990<\/strong>\r\n\r\n\u201cAl mal tiempo...\u201d, Facultad de Arquitectura y Urbanismo, Universidad Cat\u00f3lica Santiago de Guayaquil.\r\n<ul>\r\n \t<li>Al mal tiempo...\u201d, Galer\u00eda Larraz\u00e1bal, Cuenca.<\/li>\r\n \t<li>\u201cPor las im\u00e1genes del tiempo\u201d, Sal\u00f3n Cultural Casino Hotel Oro Verde, Quito.<\/li>\r\n \t<li>\u201cJoaqu\u00edn Serrano\u201d, Centro de Arte Gala, Guayaquil<\/li>\r\n<\/ul>\r\n<strong>1987<\/strong> \u201cDoblegando espacios\u201d, C.C.E. N\u00facleo del Guayas Guayaqui\r\n\r\n<strong>Exposiciones Colectivas M\u00e1s Importantes<\/strong>\r\n\r\n<strong>2020 \u201c<\/strong>Exposici\u00f3n Bicentenario\u201d Museo Municipal de Guayaquil\r\n\r\n<strong>2020 \u201c<\/strong>Exposici\u00f3n Colectiva Vista Previa\u201d MAAC\r\n\r\n<strong>2019 \u201c<\/strong>Nuestra Muestra\u201d Casa de la Cultura Ecuatoriana N\u00facleo Guayas.\r\n\r\n<strong>2018 \u201c<\/strong>\u201cSETRAU II\u201d, Exposici\u00f3n de los Artistas-Docentes de la U.Artes, MAAC, Guayaquil.\r\n\r\n<strong>2016 <\/strong>\u201cSETRAU\u201d, Exposici\u00f3n de los Artistas-Docentes de la U.Artes, Museo Nah\u00edm Isa\u00edas, Guayaquil.\r\n\r\n<strong>2015 2016 <\/strong>EXPOSICI\u00d3N FUNDACI\u00d3N DE GUAYAQUIL, Casa del Artista Pl\u00e1stico,Las Pe\u00f1as. Guayaquil.\r\n\r\n<strong>2011<\/strong> \u201cCABALLOS DE COLORES\u201d, Arte Urbano Guayaquil 2011, malec\u00f3n 200, plataforma del MAAC. Guayaquil.\r\n\r\n<strong>2006<\/strong> \u201cClaves del arte ecuatoriano\u201d, Museo Arqueol\u00f3gico y de Arte Contempor\u00e1neo, MAAC, Guayaquil.\r\n\r\n<strong>1998<\/strong> \u201cEFECTO CUCARACHA\u201d, Serrano, Blum, Su\u00e1rez-Bango, Idrovo, Ortega, Museo Municipal, Guayaquil.\r\n\r\n<strong>1998<\/strong> \u201cVI BIENAL INTERNACIONAL DE CUENCA, Cuenca.\r\n\r\n<strong>1996<\/strong> \u201cE-VALUARTE\u201d, Encuentro Pl\u00e1stico Porte\u00f1o, Direcci\u00f3n Regional de Programas Culturales del Banco Central del Ecuador, Guayaquil.\r\n\r\n<strong>1995<\/strong> \u201cIm\u00e1genes y texturas\u201d, British Council y Museo del Banco Central, Guayaquil.\r\n\r\n<strong>1994<\/strong> \u201cNuestramuestra 94\u201d, Casa de la Cultura Ecuatoriana N\u00facleo del Guayas, Guayaquil.\r\n\r\n<strong>1993<\/strong> \u201cArte y naturaleza se unen\u201d, Fundaci\u00f3n Natura, Club de la Uni\u00f3n, Guayaquil.\r\n\r\n<strong>1993<\/strong> \u201cNuestramuestra\u201d, Casa de la Cultura N\u00facleo del Guayas, Guayaquil.\r\n\r\n<strong>1993<\/strong> \u201cArte la nueva generaci\u00f3n\u201d, Universidad Cat\u00f3lica Santiago de Guayaquil, Guayaquil.\r\n\r\n<strong>1992<\/strong> \u201cRescatemos el Museo Municipal\u201d, Museo Municipal, Guayaquil.\r\n\r\n<strong>1991<\/strong> \u201cArte Ecuatoriano Contempor\u00e1neo\u201d, Museo de Arte Moderno, Cuenca.\r\n\r\n<strong>1990<\/strong> \u201cPrimer Sal\u00f3n de arte\u201d Ecuatoriana de Aviaci\u00f3n,\u00a0 Casa de la Cultura Ecuatoriana, Quito.\r\n\r\n<strong>1990<\/strong> \u201cTercer Sal\u00f3n de Arte\u201d, Holanda Ecuador, Casa de la Cultura Ecuatoriana, Quito.<strong>\u00a0 <\/strong>\r\n\r\n<strong>1982 <\/strong>a <strong>1987<\/strong> varias exposiciones colectivas en Guayaquil, Quito, Cuenca, Ambato, Manta y Bah\u00eda de Car\u00e1quez.\r\n\r\n<strong>Exposiciones Internacionales<\/strong>\r\n\r\n<strong>2016 <\/strong>\u00a0\u201cArtSpot\u201d, INTERNATIONAL AIR FAIR MIAMI, Miami Art and Entertaiment District\r\n\r\n<strong>2000<\/strong> \u201cEcuador, mil a\u00f1os de historia\u201d, Departamento de Cultura de la Canciller\u00eda Ecuatoriana, Camberra, Australia.\r\n\r\n<strong>1997<\/strong> \u201cBienal de La Habana\u201d, Centro Cultural Wifredo Lam, Cuba.\r\n\r\n<strong>1993<\/strong> \u201cArt for a fairer world\u201d, OXFAM, Cardiff, Londres, Inglaterra.\r\n\r\n<strong>1992<\/strong> \u201cArte Ecuatoriano Contempor\u00e1neo\u201d Muestra itinerante.\u00a0 Ecuatoriana de Aviaci\u00f3n, Santiago de Chile, Buenos Aires.\r\n\r\n<strong>1992<\/strong> \u201cFeria exposici\u00f3n arte latinoamericano contempor\u00e1neo\u201d, Sevilla, Espa\u00f1a.\r\n\r\n<strong>1992<\/strong> \u201cArt for a fairer world\u201d, OXFAM, Glasgow. United Kingdom.\r\n\r\n<strong>1991<\/strong> \u201cArte Ecuatoriano Contempor\u00e1neo\u201d, muestra itinerante, Ecuatoriana de\u00a0 Aviaci\u00f3n,\u00a0 M\u00e9xico\u00a0 D.F.\r\n\r\n<strong>1990<\/strong> \u201cContemporary\u00a0 art of\u00a0 Ecuador\u201d, muestra itinerante, Ecuatoriana de Aviaci\u00f3n, Houston, USA.\r\n\r\n<strong>1989<\/strong> \u201cNuevos valores del arte latinoamericano\u201d, Museo de arte de Brasilia, Brasil, <strong>1987<\/strong> \u201cPor el derecho de re\u00edr en paz\u201d, Festival del humor gr\u00e1fico,\u00a0 Bogot\u00e1, Colombia.","dp_intereses":"Vinculaci\u00f3n con la comunidad, muralismo, signos urbanos.","dp_sitio_web":"P\u00e1gina de Artista (Facebook): <a href=\"https:\/\/www.facebook.com\/profile.php?id=100063788013530\">https:\/\/www.facebook.com\/profile.php?id=100063788013530<\/a>\r\n\r\nInstagram:\u00a0<a href=\"https:\/\/www.instagram.com\/maciasjoaquinserrano\/\">https:\/\/www.instagram.com\/maciasjoaquinserrano\/<\/a>\r\n\r\nTwitter: <a href=\"https:\/\/twitter.com\/JH_Serrano59\">https:\/\/twitter.com\/JH_Serrano59<\/a>"},"yoast_head":"<!-- This site is optimized with the Yoast SEO plugin v27.4 - https:\/\/yoast.com\/product\/yoast-seo-wordpress\/ -->\n<title>Joaqu\u00edn Humberto Serrano Mac\u00edas - Universidad de las Artes<\/title>\n<meta name=\"robots\" content=\"index, follow, max-snippet:-1, max-image-preview:large, max-video-preview:-1\" \/>\n<link rel=\"canonical\" href=\"https:\/\/www.uartes.edu.ec\/sitio\/docs\/joaquin-humberto-serrano-macias\/\" \/>\n<meta property=\"og:locale\" content=\"es_ES\" \/>\n<meta property=\"og:type\" content=\"article\" \/>\n<meta property=\"og:title\" content=\"Joaqu\u00edn Humberto Serrano Mac\u00edas - Universidad de las Artes\" \/>\n<meta property=\"og:url\" content=\"https:\/\/www.uartes.edu.ec\/sitio\/docs\/joaquin-humberto-serrano-macias\/\" \/>\n<meta property=\"og:site_name\" content=\"Universidad de las Artes\" \/>\n<meta property=\"article:publisher\" content=\"https:\/\/www.facebook.com\/uartesec\" \/>\n<meta property=\"article:modified_time\" content=\"2024-07-04T16:24:49+00:00\" \/>\n<meta property=\"og:image\" content=\"https:\/\/www.uartes.edu.ec\/sitio\/wp-content\/uploads\/2021\/12\/dp-Serrano_Joaqui\u0301n.jpg\" \/>\n\t<meta property=\"og:image:width\" content=\"1000\" \/>\n\t<meta property=\"og:image:height\" content=\"1000\" \/>\n\t<meta property=\"og:image:type\" content=\"image\/jpeg\" \/>\n<meta name=\"twitter:card\" content=\"summary_large_image\" \/>\n<meta name=\"twitter:site\" content=\"@uartesec\" \/>\n<script type=\"application\/ld+json\" class=\"yoast-schema-graph\">{\"@context\":\"https:\\\/\\\/schema.org\",\"@graph\":[{\"@type\":\"WebPage\",\"@id\":\"https:\\\/\\\/www.uartes.edu.ec\\\/sitio\\\/docs\\\/joaquin-humberto-serrano-macias\\\/\",\"url\":\"https:\\\/\\\/www.uartes.edu.ec\\\/sitio\\\/docs\\\/joaquin-humberto-serrano-macias\\\/\",\"name\":\"Joaqu\u00edn Humberto Serrano Mac\u00edas - Universidad de las Artes\",\"isPartOf\":{\"@id\":\"https:\\\/\\\/www.uartes.edu.ec\\\/sitio\\\/#website\"},\"primaryImageOfPage\":{\"@id\":\"https:\\\/\\\/www.uartes.edu.ec\\\/sitio\\\/docs\\\/joaquin-humberto-serrano-macias\\\/#primaryimage\"},\"image\":{\"@id\":\"https:\\\/\\\/www.uartes.edu.ec\\\/sitio\\\/docs\\\/joaquin-humberto-serrano-macias\\\/#primaryimage\"},\"thumbnailUrl\":\"https:\\\/\\\/www.uartes.edu.ec\\\/sitio\\\/wp-content\\\/uploads\\\/2021\\\/12\\\/dp-Serrano_Joaqui\u0301n.jpg\",\"datePublished\":\"2021-12-22T20:57:45+00:00\",\"dateModified\":\"2024-07-04T16:24:49+00:00\",\"breadcrumb\":{\"@id\":\"https:\\\/\\\/www.uartes.edu.ec\\\/sitio\\\/docs\\\/joaquin-humberto-serrano-macias\\\/#breadcrumb\"},\"inLanguage\":\"es\",\"potentialAction\":[{\"@type\":\"ReadAction\",\"target\":[\"https:\\\/\\\/www.uartes.edu.ec\\\/sitio\\\/docs\\\/joaquin-humberto-serrano-macias\\\/\"]}]},{\"@type\":\"ImageObject\",\"inLanguage\":\"es\",\"@id\":\"https:\\\/\\\/www.uartes.edu.ec\\\/sitio\\\/docs\\\/joaquin-humberto-serrano-macias\\\/#primaryimage\",\"url\":\"https:\\\/\\\/www.uartes.edu.ec\\\/sitio\\\/wp-content\\\/uploads\\\/2021\\\/12\\\/dp-Serrano_Joaqui\u0301n.jpg\",\"contentUrl\":\"https:\\\/\\\/www.uartes.edu.ec\\\/sitio\\\/wp-content\\\/uploads\\\/2021\\\/12\\\/dp-Serrano_Joaqui\u0301n.jpg\",\"width\":1000,\"height\":1000},{\"@type\":\"BreadcrumbList\",\"@id\":\"https:\\\/\\\/www.uartes.edu.ec\\\/sitio\\\/docs\\\/joaquin-humberto-serrano-macias\\\/#breadcrumb\",\"itemListElement\":[{\"@type\":\"ListItem\",\"position\":1,\"name\":\"Inicio\",\"item\":\"https:\\\/\\\/www.uartes.edu.ec\\\/sitio\\\/\"},{\"@type\":\"ListItem\",\"position\":2,\"name\":\"Docs\",\"item\":\"https:\\\/\\\/www.uartes.edu.ec\\\/sitio\\\/docs\\\/\"},{\"@type\":\"ListItem\",\"position\":3,\"name\":\"Joaqu\u00edn Humberto Serrano Mac\u00edas\"}]},{\"@type\":\"WebSite\",\"@id\":\"https:\\\/\\\/www.uartes.edu.ec\\\/sitio\\\/#website\",\"url\":\"https:\\\/\\\/www.uartes.edu.ec\\\/sitio\\\/\",\"name\":\"Universidad de las Artes\",\"description\":\"Sitio oficial de la Universidad Nacional de las Artes del Ecuador\",\"publisher\":{\"@id\":\"https:\\\/\\\/www.uartes.edu.ec\\\/sitio\\\/#organization\"},\"potentialAction\":[{\"@type\":\"SearchAction\",\"target\":{\"@type\":\"EntryPoint\",\"urlTemplate\":\"https:\\\/\\\/www.uartes.edu.ec\\\/sitio\\\/?s={search_term_string}\"},\"query-input\":{\"@type\":\"PropertyValueSpecification\",\"valueRequired\":true,\"valueName\":\"search_term_string\"}}],\"inLanguage\":\"es\"},{\"@type\":\"Organization\",\"@id\":\"https:\\\/\\\/www.uartes.edu.ec\\\/sitio\\\/#organization\",\"name\":\"Universidad de las Artes\",\"url\":\"https:\\\/\\\/www.uartes.edu.ec\\\/sitio\\\/\",\"logo\":{\"@type\":\"ImageObject\",\"inLanguage\":\"es\",\"@id\":\"https:\\\/\\\/www.uartes.edu.ec\\\/sitio\\\/#\\\/schema\\\/logo\\\/image\\\/\",\"url\":\"https:\\\/\\\/www.uartes.edu.ec\\\/sitio\\\/wp-content\\\/uploads\\\/2022\\\/07\\\/logo-ua-horizontal.png\",\"contentUrl\":\"https:\\\/\\\/www.uartes.edu.ec\\\/sitio\\\/wp-content\\\/uploads\\\/2022\\\/07\\\/logo-ua-horizontal.png\",\"width\":800,\"height\":276,\"caption\":\"Universidad de las Artes\"},\"image\":{\"@id\":\"https:\\\/\\\/www.uartes.edu.ec\\\/sitio\\\/#\\\/schema\\\/logo\\\/image\\\/\"},\"sameAs\":[\"https:\\\/\\\/www.facebook.com\\\/uartesec\",\"https:\\\/\\\/x.com\\\/uartesec\",\"https:\\\/\\\/www.tiktok.com\\\/@uartesec\"]}]}<\/script>\n<!-- \/ Yoast SEO plugin. -->","yoast_head_json":{"title":"Joaqu\u00edn Humberto Serrano Mac\u00edas - Universidad de las Artes","robots":{"index":"index","follow":"follow","max-snippet":"max-snippet:-1","max-image-preview":"max-image-preview:large","max-video-preview":"max-video-preview:-1"},"canonical":"https:\/\/www.uartes.edu.ec\/sitio\/docs\/joaquin-humberto-serrano-macias\/","og_locale":"es_ES","og_type":"article","og_title":"Joaqu\u00edn Humberto Serrano Mac\u00edas - Universidad de las Artes","og_url":"https:\/\/www.uartes.edu.ec\/sitio\/docs\/joaquin-humberto-serrano-macias\/","og_site_name":"Universidad de las Artes","article_publisher":"https:\/\/www.facebook.com\/uartesec","article_modified_time":"2024-07-04T16:24:49+00:00","og_image":[{"width":1000,"height":1000,"url":"https:\/\/www.uartes.edu.ec\/sitio\/wp-content\/uploads\/2021\/12\/dp-Serrano_Joaqui\u0301n.jpg","type":"image\/jpeg"}],"twitter_card":"summary_large_image","twitter_site":"@uartesec","schema":{"@context":"https:\/\/schema.org","@graph":[{"@type":"WebPage","@id":"https:\/\/www.uartes.edu.ec\/sitio\/docs\/joaquin-humberto-serrano-macias\/","url":"https:\/\/www.uartes.edu.ec\/sitio\/docs\/joaquin-humberto-serrano-macias\/","name":"Joaqu\u00edn Humberto Serrano Mac\u00edas - Universidad de las Artes","isPartOf":{"@id":"https:\/\/www.uartes.edu.ec\/sitio\/#website"},"primaryImageOfPage":{"@id":"https:\/\/www.uartes.edu.ec\/sitio\/docs\/joaquin-humberto-serrano-macias\/#primaryimage"},"image":{"@id":"https:\/\/www.uartes.edu.ec\/sitio\/docs\/joaquin-humberto-serrano-macias\/#primaryimage"},"thumbnailUrl":"https:\/\/www.uartes.edu.ec\/sitio\/wp-content\/uploads\/2021\/12\/dp-Serrano_Joaqui\u0301n.jpg","datePublished":"2021-12-22T20:57:45+00:00","dateModified":"2024-07-04T16:24:49+00:00","breadcrumb":{"@id":"https:\/\/www.uartes.edu.ec\/sitio\/docs\/joaquin-humberto-serrano-macias\/#breadcrumb"},"inLanguage":"es","potentialAction":[{"@type":"ReadAction","target":["https:\/\/www.uartes.edu.ec\/sitio\/docs\/joaquin-humberto-serrano-macias\/"]}]},{"@type":"ImageObject","inLanguage":"es","@id":"https:\/\/www.uartes.edu.ec\/sitio\/docs\/joaquin-humberto-serrano-macias\/#primaryimage","url":"https:\/\/www.uartes.edu.ec\/sitio\/wp-content\/uploads\/2021\/12\/dp-Serrano_Joaqui\u0301n.jpg","contentUrl":"https:\/\/www.uartes.edu.ec\/sitio\/wp-content\/uploads\/2021\/12\/dp-Serrano_Joaqui\u0301n.jpg","width":1000,"height":1000},{"@type":"BreadcrumbList","@id":"https:\/\/www.uartes.edu.ec\/sitio\/docs\/joaquin-humberto-serrano-macias\/#breadcrumb","itemListElement":[{"@type":"ListItem","position":1,"name":"Inicio","item":"https:\/\/www.uartes.edu.ec\/sitio\/"},{"@type":"ListItem","position":2,"name":"Docs","item":"https:\/\/www.uartes.edu.ec\/sitio\/docs\/"},{"@type":"ListItem","position":3,"name":"Joaqu\u00edn Humberto Serrano Mac\u00edas"}]},{"@type":"WebSite","@id":"https:\/\/www.uartes.edu.ec\/sitio\/#website","url":"https:\/\/www.uartes.edu.ec\/sitio\/","name":"Universidad de las Artes","description":"Sitio oficial de la Universidad Nacional de las Artes del Ecuador","publisher":{"@id":"https:\/\/www.uartes.edu.ec\/sitio\/#organization"},"potentialAction":[{"@type":"SearchAction","target":{"@type":"EntryPoint","urlTemplate":"https:\/\/www.uartes.edu.ec\/sitio\/?s={search_term_string}"},"query-input":{"@type":"PropertyValueSpecification","valueRequired":true,"valueName":"search_term_string"}}],"inLanguage":"es"},{"@type":"Organization","@id":"https:\/\/www.uartes.edu.ec\/sitio\/#organization","name":"Universidad de las Artes","url":"https:\/\/www.uartes.edu.ec\/sitio\/","logo":{"@type":"ImageObject","inLanguage":"es","@id":"https:\/\/www.uartes.edu.ec\/sitio\/#\/schema\/logo\/image\/","url":"https:\/\/www.uartes.edu.ec\/sitio\/wp-content\/uploads\/2022\/07\/logo-ua-horizontal.png","contentUrl":"https:\/\/www.uartes.edu.ec\/sitio\/wp-content\/uploads\/2022\/07\/logo-ua-horizontal.png","width":800,"height":276,"caption":"Universidad de las Artes"},"image":{"@id":"https:\/\/www.uartes.edu.ec\/sitio\/#\/schema\/logo\/image\/"},"sameAs":["https:\/\/www.facebook.com\/uartesec","https:\/\/x.com\/uartesec","https:\/\/www.tiktok.com\/@uartesec"]}]}},"uagb_featured_image_src":{"full":["https:\/\/www.uartes.edu.ec\/sitio\/wp-content\/uploads\/2021\/12\/dp-Serrano_Joaqui\u0301n.jpg",1000,1000,false],"thumbnail":["https:\/\/www.uartes.edu.ec\/sitio\/wp-content\/uploads\/2021\/12\/dp-Serrano_Joaqui\u0301n-150x150.jpg",150,150,true],"medium":["https:\/\/www.uartes.edu.ec\/sitio\/wp-content\/uploads\/2021\/12\/dp-Serrano_Joaqui\u0301n-300x300.jpg",300,300,true],"medium_large":["https:\/\/www.uartes.edu.ec\/sitio\/wp-content\/uploads\/2021\/12\/dp-Serrano_Joaqui\u0301n-768x768.jpg",768,768,true],"large":["https:\/\/www.uartes.edu.ec\/sitio\/wp-content\/uploads\/2021\/12\/dp-Serrano_Joaqui\u0301n-644x644.jpg",644,644,true],"1536x1536":["https:\/\/www.uartes.edu.ec\/sitio\/wp-content\/uploads\/2021\/12\/dp-Serrano_Joaqui\u0301n.jpg",1000,1000,false],"2048x2048":["https:\/\/www.uartes.edu.ec\/sitio\/wp-content\/uploads\/2021\/12\/dp-Serrano_Joaqui\u0301n.jpg",1000,1000,false],"trp-custom-language-flag":["https:\/\/www.uartes.edu.ec\/sitio\/wp-content\/uploads\/2021\/12\/dp-Serrano_Joaqui\u0301n.jpg",12,12,false],"htmega_size_585x295":["https:\/\/www.uartes.edu.ec\/sitio\/wp-content\/uploads\/2021\/12\/dp-Serrano_Joaqui\u0301n.jpg",295,295,false],"htmega_size_1170x536":["https:\/\/www.uartes.edu.ec\/sitio\/wp-content\/uploads\/2021\/12\/dp-Serrano_Joaqui\u0301n.jpg",536,536,false],"htmega_size_396x360":["https:\/\/www.uartes.edu.ec\/sitio\/wp-content\/uploads\/2021\/12\/dp-Serrano_Joaqui\u0301n.jpg",360,360,false],"gb-block-post-grid-landscape":["https:\/\/www.uartes.edu.ec\/sitio\/wp-content\/uploads\/2021\/12\/dp-Serrano_Joaqui\u0301n-600x400.jpg",600,400,true],"gb-block-post-grid-square":["https:\/\/www.uartes.edu.ec\/sitio\/wp-content\/uploads\/2021\/12\/dp-Serrano_Joaqui\u0301n-600x600.jpg",600,600,true],"university-hub-thumb":["https:\/\/www.uartes.edu.ec\/sitio\/wp-content\/uploads\/2021\/12\/dp-Serrano_Joaqui\u0301n-300x300.jpg",300,300,true]},"uagb_author_info":{"display_name":"Universidad de las Artes","author_link":"https:\/\/www.uartes.edu.ec\/sitio\/blog\/author\/dircomadm\/"},"uagb_comment_info":0,"uagb_excerpt":null,"publishpress_future_workflow_manual_trigger":{"enabledWorkflows":[]},"distributor_meta":false,"distributor_terms":false,"distributor_media":false,"distributor_original_site_name":"Universidad de las Artes","distributor_original_site_url":"https:\/\/www.uartes.edu.ec\/sitio","push-errors":false,"_links":{"self":[{"href":"https:\/\/www.uartes.edu.ec\/sitio\/wp-json\/wp\/v2\/docs\/18300","targetHints":{"allow":["GET"]}}],"collection":[{"href":"https:\/\/www.uartes.edu.ec\/sitio\/wp-json\/wp\/v2\/docs"}],"about":[{"href":"https:\/\/www.uartes.edu.ec\/sitio\/wp-json\/wp\/v2\/types\/docs"}],"author":[{"embeddable":true,"href":"https:\/\/www.uartes.edu.ec\/sitio\/wp-json\/wp\/v2\/users\/1"}],"replies":[{"embeddable":true,"href":"https:\/\/www.uartes.edu.ec\/sitio\/wp-json\/wp\/v2\/comments?post=18300"}],"version-history":[{"count":3,"href":"https:\/\/www.uartes.edu.ec\/sitio\/wp-json\/wp\/v2\/docs\/18300\/revisions"}],"predecessor-version":[{"id":18303,"href":"https:\/\/www.uartes.edu.ec\/sitio\/wp-json\/wp\/v2\/docs\/18300\/revisions\/18303"}],"wp:featuredmedia":[{"embeddable":true,"href":"https:\/\/www.uartes.edu.ec\/sitio\/wp-json\/wp\/v2\/media\/18215"}],"wp:attachment":[{"href":"https:\/\/www.uartes.edu.ec\/sitio\/wp-json\/wp\/v2\/media?parent=18300"}],"wp:term":[{"taxonomy":"doc_category","embeddable":true,"href":"https:\/\/www.uartes.edu.ec\/sitio\/wp-json\/wp\/v2\/doc_category?post=18300"},{"taxonomy":"doc_tag","embeddable":true,"href":"https:\/\/www.uartes.edu.ec\/sitio\/wp-json\/wp\/v2\/doc_tag?post=18300"}],"curies":[{"name":"wp","href":"https:\/\/api.w.org\/{rel}","templated":true}]}}