{"id":18397,"date":"2021-12-23T14:59:51","date_gmt":"2021-12-23T19:59:51","guid":{"rendered":"http:\/\/www.uartes.edu.ec\/sitio\/?post_type=docs&#038;p=18397"},"modified":"2026-01-30T10:41:19","modified_gmt":"2026-01-30T15:41:19","password":"","slug":"ruben-riera-2","status":"publish","type":"docs","link":"https:\/\/www.uartes.edu.ec\/sitio\/docs\/ruben-riera-2\/","title":{"rendered":"Rub\u00e9n Julio Riera Esteban"},"content":{"rendered":"","protected":false},"excerpt":{"rendered":"","protected":false},"author":1,"featured_media":58782,"comment_status":"open","ping_status":"closed","template":"","meta":{"_acf_changed":false,"_uag_custom_page_level_css":"","_monsterinsights_skip_tracking":false,"_monsterinsights_sitenote_active":false,"_monsterinsights_sitenote_note":"","_monsterinsights_sitenote_category":0,"cybocfi_hide_featured_image":"","footnotes":""},"doc_category":[582],"doc_tag":[],"class_list":["post-18397","docs","type-docs","status-publish","has-post-thumbnail","hentry","doc_category-produccion-musical"],"year_month":"2026-05","word_count":0,"total_views":0,"reactions":{"happy":0,"normal":0,"sad":0},"author_info":{"name":"Universidad de las Artes","author_nicename":"dircomadm","author_url":"https:\/\/www.uartes.edu.ec\/sitio\/blog\/author\/dircomadm\/"},"doc_category_info":[{"term_name":"Producci\u00f3n Musical","term_url":"https:\/\/www.uartes.edu.ec\/sitio\/docs-category\/produccion-musical\/"}],"doc_tag_info":[],"acf":{"dp_ciudad":"Venezuela.ruben.riera@uartes.edu.ec","dp_email":"<a href=\"mailto:ruben.riera@uartes.edu.ec\">ruben.riera@uartes.edu.ec<\/a>","dp_cargo":["Docente"],"dp_perfil":"Actualmente es Profesor titular de <em>la Universidad de las Artes en Guayaquil (Ecuador) y tiene un d\u00fao de m\u00fasica electr\u00f3nica mixta experimental con Adina Izarra \u00a0<\/em>","dp_estudios":"Graduado con el T\u00edtulo Profesional de Guitarra del <em>\u201cReal Conservatorio de M\u00fasica y Declamaci\u00f3n\u201d de Madrid (Espa\u00f1a)<\/em>, donde estudi\u00f3 con el Maestro Antonio Ortega.\r\n\r\nDesde 1973 hasta 1979 tuvo a su cargo la c\u00e1tedra de guitarra del <em>Conservatorio Vicente Emilio Sojo\u00a0 de\u00a0 Barquisimeto, (Venezuela)<\/em>, en ese a\u00f1o obtuvo una bolsa de trabajo del Consejo Nacional de la Cultura (CONAC), para estudiar en el \u201cGuildhall School of Music and Drama\u201d de Londres, (Inglaterra), donde realiz\u00f3 dos postgrados\u00a0 en m\u00fasica antigua especializ\u00e1ndose en la\u00fad renacentista, tiorba y continuo,\u00a0 con el m\u00fasico brit\u00e1nico Nigel North, mientras que paralelamente, estudiaba guitarra cl\u00e1sica con el compositor John Duarte.\r\n\r\nEn 1982 se traslada a Estados Unidos para obtener su Maestr\u00eda en M\u00fasica Cl\u00e1sica en el <em>\u201cManhattan School of Music\u201d de Nueva York<\/em>, donde trabaj\u00f3 con el Maestro brasile\u00f1o Carlos Barbosa Lima.\r\n\r\nEn el 2014 obtuvo el <em>Doctorado en Humanidades de la Universidad Central de Venezuela<\/em> con una tesis sobre: <em>La Tiorba, actualidad de un instrumento antiguo.<\/em>\r\n\r\n&nbsp;","dp_participaciones":"","dp_publicaciones":"Desde 1986 se ha dedicado a la divulgaci\u00f3n de la m\u00fasica contempor\u00e1nea, para guitarra cl\u00e1sica e instrumentos antiguos, con \u00e9nfasis en los compositores latinoamericanos tradicionales y electr\u00f3nicos, muchos de los cuales han escrito obras para \u00e9l.\r\n\r\nDesde el 2005 hasta el 2016 fue el compositor en residencia y dise\u00f1ador de sonido de la compa\u00f1\u00eda \u201cEl Teatro Itinerante de Venezuela\u201d\r\n\r\nDesde el 2013 al 2016 fue director de la c\u00e1tedra de guitarra en la Universidad Lisandro Alvarado en la ciudad de Barquisimeto, Venezuela","dp_intereses":"","dp_sitio_web":""},"yoast_head":"<!-- This site is optimized with the Yoast SEO plugin v27.4 - https:\/\/yoast.com\/product\/yoast-seo-wordpress\/ -->\n<title>Rub\u00e9n Julio Riera Esteban - Universidad de las Artes<\/title>\n<meta name=\"robots\" content=\"index, follow, max-snippet:-1, max-image-preview:large, max-video-preview:-1\" \/>\n<link rel=\"canonical\" href=\"https:\/\/www.uartes.edu.ec\/sitio\/docs\/ruben-riera-2\/\" \/>\n<meta property=\"og:locale\" content=\"es_ES\" \/>\n<meta property=\"og:type\" content=\"article\" \/>\n<meta property=\"og:title\" content=\"Rub\u00e9n Julio Riera Esteban - Universidad de las Artes\" \/>\n<meta property=\"og:url\" content=\"https:\/\/www.uartes.edu.ec\/sitio\/docs\/ruben-riera-2\/\" \/>\n<meta property=\"og:site_name\" content=\"Universidad de las Artes\" \/>\n<meta property=\"article:publisher\" content=\"https:\/\/www.facebook.com\/uartesec\" \/>\n<meta property=\"article:modified_time\" content=\"2026-01-30T15:41:19+00:00\" \/>\n<meta property=\"og:image\" content=\"https:\/\/www.uartes.edu.ec\/sitio\/wp-content\/uploads\/2021\/12\/RUbenRiera.jpg\" \/>\n\t<meta property=\"og:image:width\" content=\"1000\" \/>\n\t<meta property=\"og:image:height\" content=\"1000\" \/>\n\t<meta property=\"og:image:type\" content=\"image\/jpeg\" \/>\n<meta name=\"twitter:card\" content=\"summary_large_image\" \/>\n<meta name=\"twitter:site\" content=\"@uartesec\" \/>\n<script type=\"application\/ld+json\" class=\"yoast-schema-graph\">{\"@context\":\"https:\\\/\\\/schema.org\",\"@graph\":[{\"@type\":\"WebPage\",\"@id\":\"https:\\\/\\\/www.uartes.edu.ec\\\/sitio\\\/docs\\\/ruben-riera-2\\\/\",\"url\":\"https:\\\/\\\/www.uartes.edu.ec\\\/sitio\\\/docs\\\/ruben-riera-2\\\/\",\"name\":\"Rub\u00e9n Julio Riera Esteban - Universidad de las Artes\",\"isPartOf\":{\"@id\":\"https:\\\/\\\/www.uartes.edu.ec\\\/sitio\\\/#website\"},\"primaryImageOfPage\":{\"@id\":\"https:\\\/\\\/www.uartes.edu.ec\\\/sitio\\\/docs\\\/ruben-riera-2\\\/#primaryimage\"},\"image\":{\"@id\":\"https:\\\/\\\/www.uartes.edu.ec\\\/sitio\\\/docs\\\/ruben-riera-2\\\/#primaryimage\"},\"thumbnailUrl\":\"https:\\\/\\\/www.uartes.edu.ec\\\/sitio\\\/wp-content\\\/uploads\\\/2021\\\/12\\\/RUbenRiera.jpg\",\"datePublished\":\"2021-12-23T19:59:51+00:00\",\"dateModified\":\"2026-01-30T15:41:19+00:00\",\"breadcrumb\":{\"@id\":\"https:\\\/\\\/www.uartes.edu.ec\\\/sitio\\\/docs\\\/ruben-riera-2\\\/#breadcrumb\"},\"inLanguage\":\"es\",\"potentialAction\":[{\"@type\":\"ReadAction\",\"target\":[\"https:\\\/\\\/www.uartes.edu.ec\\\/sitio\\\/docs\\\/ruben-riera-2\\\/\"]}]},{\"@type\":\"ImageObject\",\"inLanguage\":\"es\",\"@id\":\"https:\\\/\\\/www.uartes.edu.ec\\\/sitio\\\/docs\\\/ruben-riera-2\\\/#primaryimage\",\"url\":\"https:\\\/\\\/www.uartes.edu.ec\\\/sitio\\\/wp-content\\\/uploads\\\/2021\\\/12\\\/RUbenRiera.jpg\",\"contentUrl\":\"https:\\\/\\\/www.uartes.edu.ec\\\/sitio\\\/wp-content\\\/uploads\\\/2021\\\/12\\\/RUbenRiera.jpg\",\"width\":1000,\"height\":1000},{\"@type\":\"BreadcrumbList\",\"@id\":\"https:\\\/\\\/www.uartes.edu.ec\\\/sitio\\\/docs\\\/ruben-riera-2\\\/#breadcrumb\",\"itemListElement\":[{\"@type\":\"ListItem\",\"position\":1,\"name\":\"Inicio\",\"item\":\"https:\\\/\\\/www.uartes.edu.ec\\\/sitio\\\/\"},{\"@type\":\"ListItem\",\"position\":2,\"name\":\"Docs\",\"item\":\"https:\\\/\\\/www.uartes.edu.ec\\\/sitio\\\/docs\\\/\"},{\"@type\":\"ListItem\",\"position\":3,\"name\":\"Rub\u00e9n Riera\"}]},{\"@type\":\"WebSite\",\"@id\":\"https:\\\/\\\/www.uartes.edu.ec\\\/sitio\\\/#website\",\"url\":\"https:\\\/\\\/www.uartes.edu.ec\\\/sitio\\\/\",\"name\":\"Universidad de las Artes\",\"description\":\"Sitio oficial de la Universidad Nacional de las Artes del Ecuador\",\"publisher\":{\"@id\":\"https:\\\/\\\/www.uartes.edu.ec\\\/sitio\\\/#organization\"},\"potentialAction\":[{\"@type\":\"SearchAction\",\"target\":{\"@type\":\"EntryPoint\",\"urlTemplate\":\"https:\\\/\\\/www.uartes.edu.ec\\\/sitio\\\/?s={search_term_string}\"},\"query-input\":{\"@type\":\"PropertyValueSpecification\",\"valueRequired\":true,\"valueName\":\"search_term_string\"}}],\"inLanguage\":\"es\"},{\"@type\":\"Organization\",\"@id\":\"https:\\\/\\\/www.uartes.edu.ec\\\/sitio\\\/#organization\",\"name\":\"Universidad de las Artes\",\"url\":\"https:\\\/\\\/www.uartes.edu.ec\\\/sitio\\\/\",\"logo\":{\"@type\":\"ImageObject\",\"inLanguage\":\"es\",\"@id\":\"https:\\\/\\\/www.uartes.edu.ec\\\/sitio\\\/#\\\/schema\\\/logo\\\/image\\\/\",\"url\":\"https:\\\/\\\/www.uartes.edu.ec\\\/sitio\\\/wp-content\\\/uploads\\\/2022\\\/07\\\/logo-ua-horizontal.png\",\"contentUrl\":\"https:\\\/\\\/www.uartes.edu.ec\\\/sitio\\\/wp-content\\\/uploads\\\/2022\\\/07\\\/logo-ua-horizontal.png\",\"width\":800,\"height\":276,\"caption\":\"Universidad de las Artes\"},\"image\":{\"@id\":\"https:\\\/\\\/www.uartes.edu.ec\\\/sitio\\\/#\\\/schema\\\/logo\\\/image\\\/\"},\"sameAs\":[\"https:\\\/\\\/www.facebook.com\\\/uartesec\",\"https:\\\/\\\/x.com\\\/uartesec\",\"https:\\\/\\\/www.tiktok.com\\\/@uartesec\"]}]}<\/script>\n<!-- \/ Yoast SEO plugin. -->","yoast_head_json":{"title":"Rub\u00e9n Julio Riera Esteban - Universidad de las Artes","robots":{"index":"index","follow":"follow","max-snippet":"max-snippet:-1","max-image-preview":"max-image-preview:large","max-video-preview":"max-video-preview:-1"},"canonical":"https:\/\/www.uartes.edu.ec\/sitio\/docs\/ruben-riera-2\/","og_locale":"es_ES","og_type":"article","og_title":"Rub\u00e9n Julio Riera Esteban - Universidad de las Artes","og_url":"https:\/\/www.uartes.edu.ec\/sitio\/docs\/ruben-riera-2\/","og_site_name":"Universidad de las Artes","article_publisher":"https:\/\/www.facebook.com\/uartesec","article_modified_time":"2026-01-30T15:41:19+00:00","og_image":[{"width":1000,"height":1000,"url":"https:\/\/www.uartes.edu.ec\/sitio\/wp-content\/uploads\/2021\/12\/RUbenRiera.jpg","type":"image\/jpeg"}],"twitter_card":"summary_large_image","twitter_site":"@uartesec","schema":{"@context":"https:\/\/schema.org","@graph":[{"@type":"WebPage","@id":"https:\/\/www.uartes.edu.ec\/sitio\/docs\/ruben-riera-2\/","url":"https:\/\/www.uartes.edu.ec\/sitio\/docs\/ruben-riera-2\/","name":"Rub\u00e9n Julio Riera Esteban - Universidad de las Artes","isPartOf":{"@id":"https:\/\/www.uartes.edu.ec\/sitio\/#website"},"primaryImageOfPage":{"@id":"https:\/\/www.uartes.edu.ec\/sitio\/docs\/ruben-riera-2\/#primaryimage"},"image":{"@id":"https:\/\/www.uartes.edu.ec\/sitio\/docs\/ruben-riera-2\/#primaryimage"},"thumbnailUrl":"https:\/\/www.uartes.edu.ec\/sitio\/wp-content\/uploads\/2021\/12\/RUbenRiera.jpg","datePublished":"2021-12-23T19:59:51+00:00","dateModified":"2026-01-30T15:41:19+00:00","breadcrumb":{"@id":"https:\/\/www.uartes.edu.ec\/sitio\/docs\/ruben-riera-2\/#breadcrumb"},"inLanguage":"es","potentialAction":[{"@type":"ReadAction","target":["https:\/\/www.uartes.edu.ec\/sitio\/docs\/ruben-riera-2\/"]}]},{"@type":"ImageObject","inLanguage":"es","@id":"https:\/\/www.uartes.edu.ec\/sitio\/docs\/ruben-riera-2\/#primaryimage","url":"https:\/\/www.uartes.edu.ec\/sitio\/wp-content\/uploads\/2021\/12\/RUbenRiera.jpg","contentUrl":"https:\/\/www.uartes.edu.ec\/sitio\/wp-content\/uploads\/2021\/12\/RUbenRiera.jpg","width":1000,"height":1000},{"@type":"BreadcrumbList","@id":"https:\/\/www.uartes.edu.ec\/sitio\/docs\/ruben-riera-2\/#breadcrumb","itemListElement":[{"@type":"ListItem","position":1,"name":"Inicio","item":"https:\/\/www.uartes.edu.ec\/sitio\/"},{"@type":"ListItem","position":2,"name":"Docs","item":"https:\/\/www.uartes.edu.ec\/sitio\/docs\/"},{"@type":"ListItem","position":3,"name":"Rub\u00e9n Riera"}]},{"@type":"WebSite","@id":"https:\/\/www.uartes.edu.ec\/sitio\/#website","url":"https:\/\/www.uartes.edu.ec\/sitio\/","name":"Universidad de las Artes","description":"Sitio oficial de la Universidad Nacional de las Artes del Ecuador","publisher":{"@id":"https:\/\/www.uartes.edu.ec\/sitio\/#organization"},"potentialAction":[{"@type":"SearchAction","target":{"@type":"EntryPoint","urlTemplate":"https:\/\/www.uartes.edu.ec\/sitio\/?s={search_term_string}"},"query-input":{"@type":"PropertyValueSpecification","valueRequired":true,"valueName":"search_term_string"}}],"inLanguage":"es"},{"@type":"Organization","@id":"https:\/\/www.uartes.edu.ec\/sitio\/#organization","name":"Universidad de las Artes","url":"https:\/\/www.uartes.edu.ec\/sitio\/","logo":{"@type":"ImageObject","inLanguage":"es","@id":"https:\/\/www.uartes.edu.ec\/sitio\/#\/schema\/logo\/image\/","url":"https:\/\/www.uartes.edu.ec\/sitio\/wp-content\/uploads\/2022\/07\/logo-ua-horizontal.png","contentUrl":"https:\/\/www.uartes.edu.ec\/sitio\/wp-content\/uploads\/2022\/07\/logo-ua-horizontal.png","width":800,"height":276,"caption":"Universidad de las Artes"},"image":{"@id":"https:\/\/www.uartes.edu.ec\/sitio\/#\/schema\/logo\/image\/"},"sameAs":["https:\/\/www.facebook.com\/uartesec","https:\/\/x.com\/uartesec","https:\/\/www.tiktok.com\/@uartesec"]}]}},"uagb_featured_image_src":{"full":["https:\/\/www.uartes.edu.ec\/sitio\/wp-content\/uploads\/2021\/12\/RUbenRiera.jpg",1000,1000,false],"thumbnail":["https:\/\/www.uartes.edu.ec\/sitio\/wp-content\/uploads\/2021\/12\/RUbenRiera-150x150.jpg",150,150,true],"medium":["https:\/\/www.uartes.edu.ec\/sitio\/wp-content\/uploads\/2021\/12\/RUbenRiera-300x300.jpg",300,300,true],"medium_large":["https:\/\/www.uartes.edu.ec\/sitio\/wp-content\/uploads\/2021\/12\/RUbenRiera-768x768.jpg",768,768,true],"large":["https:\/\/www.uartes.edu.ec\/sitio\/wp-content\/uploads\/2021\/12\/RUbenRiera-644x644.jpg",644,644,true],"1536x1536":["https:\/\/www.uartes.edu.ec\/sitio\/wp-content\/uploads\/2021\/12\/RUbenRiera.jpg",1000,1000,false],"2048x2048":["https:\/\/www.uartes.edu.ec\/sitio\/wp-content\/uploads\/2021\/12\/RUbenRiera.jpg",1000,1000,false],"trp-custom-language-flag":["https:\/\/www.uartes.edu.ec\/sitio\/wp-content\/uploads\/2021\/12\/RUbenRiera-12x12.jpg",12,12,true],"htmega_size_585x295":["https:\/\/www.uartes.edu.ec\/sitio\/wp-content\/uploads\/2021\/12\/RUbenRiera-585x295.jpg",585,295,true],"htmega_size_1170x536":["https:\/\/www.uartes.edu.ec\/sitio\/wp-content\/uploads\/2021\/12\/RUbenRiera-1000x536.jpg",1000,536,true],"htmega_size_396x360":["https:\/\/www.uartes.edu.ec\/sitio\/wp-content\/uploads\/2021\/12\/RUbenRiera-396x360.jpg",396,360,true],"gb-block-post-grid-landscape":["https:\/\/www.uartes.edu.ec\/sitio\/wp-content\/uploads\/2021\/12\/RUbenRiera.jpg",400,400,false],"gb-block-post-grid-square":["https:\/\/www.uartes.edu.ec\/sitio\/wp-content\/uploads\/2021\/12\/RUbenRiera.jpg",600,600,false],"university-hub-thumb":["https:\/\/www.uartes.edu.ec\/sitio\/wp-content\/uploads\/2021\/12\/RUbenRiera-300x300.jpg",300,300,true]},"uagb_author_info":{"display_name":"Universidad de las Artes","author_link":"https:\/\/www.uartes.edu.ec\/sitio\/blog\/author\/dircomadm\/"},"uagb_comment_info":0,"uagb_excerpt":null,"publishpress_future_workflow_manual_trigger":{"enabledWorkflows":[]},"distributor_meta":false,"distributor_terms":false,"distributor_media":false,"distributor_original_site_name":"Universidad de las Artes","distributor_original_site_url":"https:\/\/www.uartes.edu.ec\/sitio","push-errors":false,"_links":{"self":[{"href":"https:\/\/www.uartes.edu.ec\/sitio\/wp-json\/wp\/v2\/docs\/18397","targetHints":{"allow":["GET"]}}],"collection":[{"href":"https:\/\/www.uartes.edu.ec\/sitio\/wp-json\/wp\/v2\/docs"}],"about":[{"href":"https:\/\/www.uartes.edu.ec\/sitio\/wp-json\/wp\/v2\/types\/docs"}],"author":[{"embeddable":true,"href":"https:\/\/www.uartes.edu.ec\/sitio\/wp-json\/wp\/v2\/users\/1"}],"replies":[{"embeddable":true,"href":"https:\/\/www.uartes.edu.ec\/sitio\/wp-json\/wp\/v2\/comments?post=18397"}],"version-history":[{"count":4,"href":"https:\/\/www.uartes.edu.ec\/sitio\/wp-json\/wp\/v2\/docs\/18397\/revisions"}],"predecessor-version":[{"id":74339,"href":"https:\/\/www.uartes.edu.ec\/sitio\/wp-json\/wp\/v2\/docs\/18397\/revisions\/74339"}],"wp:featuredmedia":[{"embeddable":true,"href":"https:\/\/www.uartes.edu.ec\/sitio\/wp-json\/wp\/v2\/media\/58782"}],"wp:attachment":[{"href":"https:\/\/www.uartes.edu.ec\/sitio\/wp-json\/wp\/v2\/media?parent=18397"}],"wp:term":[{"taxonomy":"doc_category","embeddable":true,"href":"https:\/\/www.uartes.edu.ec\/sitio\/wp-json\/wp\/v2\/doc_category?post=18397"},{"taxonomy":"doc_tag","embeddable":true,"href":"https:\/\/www.uartes.edu.ec\/sitio\/wp-json\/wp\/v2\/doc_tag?post=18397"}],"curies":[{"name":"wp","href":"https:\/\/api.w.org\/{rel}","templated":true}]}}