{"id":29979,"date":"2022-10-24T14:14:25","date_gmt":"2022-10-24T19:14:25","guid":{"rendered":"http:\/\/www.uartes.edu.ec\/sitio\/?post_type=docs&#038;p=29979"},"modified":"2026-01-20T15:02:49","modified_gmt":"2026-01-20T20:02:49","password":"","slug":"gabriela-fabre","status":"publish","type":"docs","link":"https:\/\/www.uartes.edu.ec\/sitio\/docs\/gabriela-fabre\/","title":{"rendered":"Mar\u00eda Gabriela Fabre V\u00e1squez"},"content":{"rendered":"","protected":false},"excerpt":{"rendered":"<p>Docente de Artes Visuales<\/p>\n","protected":false},"author":1,"featured_media":29958,"comment_status":"open","ping_status":"closed","template":"","meta":{"_acf_changed":false,"_uag_custom_page_level_css":"","_monsterinsights_skip_tracking":false,"_monsterinsights_sitenote_active":false,"_monsterinsights_sitenote_note":"","_monsterinsights_sitenote_category":0,"cybocfi_hide_featured_image":"","footnotes":""},"doc_category":[581],"doc_tag":[],"class_list":["post-29979","docs","type-docs","status-publish","has-post-thumbnail","hentry","doc_category-artes-visuales"],"year_month":"2026-04","word_count":0,"total_views":"0","reactions":{"happy":"2","normal":"1","sad":"0"},"author_info":{"name":"Universidad de las Artes","author_nicename":"dircomadm","author_url":"https:\/\/www.uartes.edu.ec\/sitio\/blog\/author\/dircomadm\/"},"doc_category_info":[{"term_name":"Artes Visuales","term_url":"https:\/\/www.uartes.edu.ec\/sitio\/docs-category\/artes-visuales\/"}],"doc_tag_info":[],"acf":{"dp_ciudad":"Ecuador","dp_email":"<a href=\"mailto:maria.fabre@uartes.edu.ec\">maria.fabre@uartes.edu.ec<\/a>","dp_cargo":["Docente"],"dp_perfil":"Artista visual, docente, productora y muse\u00f3grafa de exposiciones de arte contempor\u00e1neo. Cuenta con m\u00e1s de 15 a\u00f1os de trayectoria art\u00edstica en el campo de las artes visuales en donde ha participado como artista en exposiciones colectivas dentro y fuera del pa\u00eds. Su experiencia docente en artes se ha desarrollado en los \u00e1mbitos de educaci\u00f3n b\u00e1sica y educaci\u00f3n superior.","dp_estudios":"<ul>\r\n \t<li>Instituto Tecnol\u00f3gico de Artes del Ecuador (ITAE), Tecnolog\u00eda 2010<\/li>\r\n \t<li>Universidad Casa Grande, Licenciatura en Artes Visuales, 2013<\/li>\r\n \t<li>Universidad Casa Grande, Maestr\u00eda en Educaci\u00f3n Inclusiva, 2020<\/li>\r\n<\/ul>","dp_participaciones":"<ul>\r\n \t<li>Co fundadora del Colectivo Las Brujas.<\/li>\r\n \t<li>Co curadora de la exposici\u00f3n paralela oficial a la XIV Bienal de Cuenca, \u201cEl ocaso de la naturaleza: ecosistemas y paisajes en el arte ecuatoriano actual\u201d. Sal\u00f3n del Pueblo, Cuenca, 2018 y en su segunda edici\u00f3n en Arte Actual- Flacso, Quito, 2019.<\/li>\r\n \t<li>Producci\u00f3n de la exposici\u00f3n \u201cGeograf\u00edas de lo singular\u201d, Funka Fest, Guayaquil, 20<\/li>\r\n \t<li>Producci\u00f3n y museograf\u00eda de la exposici\u00f3n \u201cPaisaje\/ territorio: imaginarios de la selva en las artes visuales\u201d, Museo Antropol\u00f3gico y de Arte Contempor\u00e1neo. Guayaquil, 2019.<\/li>\r\n \t<li>Coordinaci\u00f3n de las exposiciones: \u201cAvistamiento de la pintura en Guayaquil\u201d, \u201cAparici\u00f3n\/ desaparici\u00f3n: del c\u00f3mo las cosas penetran en los signos\u201d, \u201cGeofagia. Cartograf\u00edas de lo invisible\u201d, exposiciones del Encuentro Guayaquil- Medell\u00edn Centro de Producci\u00f3n e Innovaci\u00f3n, MZ14, Guayaquil, 2021-2022<\/li>\r\n \t<li>Producci\u00f3n y museograf\u00eda de la exposici\u00f3n \u201cMyco Resilience Fiction\u201d, Mus\u00e9e L, B\u00e9lgica, 2022.<\/li>\r\n<\/ul>","dp_publicaciones":"Exposici\u00f3n colectiva Premio Brasil Arte Emergente 2020 en el Centro de Arte Contempor\u00e1neo en Quito.\u00a0 Exposici\u00f3n colectiva \u201cSCAPE I SPACE (Re) construcci\u00f3n de paisajes. Mz14, Interactos. Guayaquil. 2019. Feria de Arte Parc en Lima, Per\u00fa, en el 2020. Exposici\u00f3n \u201cUn grano de arena en el espacio\u201d exposici\u00f3n paralela a la Bienal de Cuenca en el 2019. Exposici\u00f3n individual \u201cLas simples cosas\u201d en No lugar, Quito, 2016. Exposici\u00f3n individual \u201cUna habitaci\u00f3n propia\u201d en No lugar, Quito, 2013, entre otras.\r\n\r\nColaboradora en plataforma virtual Paralaje.xyz. Espacio de cr\u00edtica de arte y debates culturales desde el Ecuador.","dp_intereses":"Artes visuales, Historia del Arte, Pedagog\u00eda de las Artes, museograf\u00eda y producci\u00f3n art\u00edstica.","dp_sitio_web":""},"yoast_head":"<!-- This site is optimized with the Yoast SEO plugin v27.4 - https:\/\/yoast.com\/product\/yoast-seo-wordpress\/ -->\n<title>Mar\u00eda Gabriela Fabre V\u00e1squez - Universidad de las Artes<\/title>\n<meta name=\"robots\" content=\"index, follow, max-snippet:-1, max-image-preview:large, max-video-preview:-1\" \/>\n<link rel=\"canonical\" href=\"https:\/\/www.uartes.edu.ec\/sitio\/docs\/gabriela-fabre\/\" \/>\n<meta property=\"og:locale\" content=\"es_ES\" \/>\n<meta property=\"og:type\" content=\"article\" \/>\n<meta property=\"og:title\" content=\"Mar\u00eda Gabriela Fabre V\u00e1squez - Universidad de las Artes\" \/>\n<meta property=\"og:description\" content=\"Docente de Artes Visuales\" \/>\n<meta property=\"og:url\" content=\"https:\/\/www.uartes.edu.ec\/sitio\/docs\/gabriela-fabre\/\" \/>\n<meta property=\"og:site_name\" content=\"Universidad de las Artes\" \/>\n<meta property=\"article:publisher\" content=\"https:\/\/www.facebook.com\/uartesec\" \/>\n<meta property=\"article:modified_time\" content=\"2026-01-20T20:02:49+00:00\" \/>\n<meta property=\"og:image\" content=\"https:\/\/www.uartes.edu.ec\/sitio\/wp-content\/uploads\/2022\/10\/Gabriela_Fabre-Docente-de-Artes-visuales.jpg\" \/>\n\t<meta property=\"og:image:width\" content=\"800\" \/>\n\t<meta property=\"og:image:height\" content=\"800\" \/>\n\t<meta property=\"og:image:type\" content=\"image\/jpeg\" \/>\n<meta name=\"twitter:card\" content=\"summary_large_image\" \/>\n<meta name=\"twitter:site\" content=\"@uartesec\" \/>\n<script type=\"application\/ld+json\" class=\"yoast-schema-graph\">{\"@context\":\"https:\\\/\\\/schema.org\",\"@graph\":[{\"@type\":\"WebPage\",\"@id\":\"https:\\\/\\\/www.uartes.edu.ec\\\/sitio\\\/docs\\\/gabriela-fabre\\\/\",\"url\":\"https:\\\/\\\/www.uartes.edu.ec\\\/sitio\\\/docs\\\/gabriela-fabre\\\/\",\"name\":\"Mar\u00eda Gabriela Fabre V\u00e1squez - Universidad de las Artes\",\"isPartOf\":{\"@id\":\"https:\\\/\\\/www.uartes.edu.ec\\\/sitio\\\/#website\"},\"primaryImageOfPage\":{\"@id\":\"https:\\\/\\\/www.uartes.edu.ec\\\/sitio\\\/docs\\\/gabriela-fabre\\\/#primaryimage\"},\"image\":{\"@id\":\"https:\\\/\\\/www.uartes.edu.ec\\\/sitio\\\/docs\\\/gabriela-fabre\\\/#primaryimage\"},\"thumbnailUrl\":\"https:\\\/\\\/www.uartes.edu.ec\\\/sitio\\\/wp-content\\\/uploads\\\/2022\\\/10\\\/Gabriela_Fabre-Docente-de-Artes-visuales.jpg\",\"datePublished\":\"2022-10-24T19:14:25+00:00\",\"dateModified\":\"2026-01-20T20:02:49+00:00\",\"breadcrumb\":{\"@id\":\"https:\\\/\\\/www.uartes.edu.ec\\\/sitio\\\/docs\\\/gabriela-fabre\\\/#breadcrumb\"},\"inLanguage\":\"es\",\"potentialAction\":[{\"@type\":\"ReadAction\",\"target\":[\"https:\\\/\\\/www.uartes.edu.ec\\\/sitio\\\/docs\\\/gabriela-fabre\\\/\"]}]},{\"@type\":\"ImageObject\",\"inLanguage\":\"es\",\"@id\":\"https:\\\/\\\/www.uartes.edu.ec\\\/sitio\\\/docs\\\/gabriela-fabre\\\/#primaryimage\",\"url\":\"https:\\\/\\\/www.uartes.edu.ec\\\/sitio\\\/wp-content\\\/uploads\\\/2022\\\/10\\\/Gabriela_Fabre-Docente-de-Artes-visuales.jpg\",\"contentUrl\":\"https:\\\/\\\/www.uartes.edu.ec\\\/sitio\\\/wp-content\\\/uploads\\\/2022\\\/10\\\/Gabriela_Fabre-Docente-de-Artes-visuales.jpg\",\"width\":800,\"height\":800},{\"@type\":\"BreadcrumbList\",\"@id\":\"https:\\\/\\\/www.uartes.edu.ec\\\/sitio\\\/docs\\\/gabriela-fabre\\\/#breadcrumb\",\"itemListElement\":[{\"@type\":\"ListItem\",\"position\":1,\"name\":\"Inicio\",\"item\":\"https:\\\/\\\/www.uartes.edu.ec\\\/sitio\\\/\"},{\"@type\":\"ListItem\",\"position\":2,\"name\":\"Docs\",\"item\":\"https:\\\/\\\/www.uartes.edu.ec\\\/sitio\\\/docs\\\/\"},{\"@type\":\"ListItem\",\"position\":3,\"name\":\"Mar\u00eda Gabriela Fabre V\u00e1squez\"}]},{\"@type\":\"WebSite\",\"@id\":\"https:\\\/\\\/www.uartes.edu.ec\\\/sitio\\\/#website\",\"url\":\"https:\\\/\\\/www.uartes.edu.ec\\\/sitio\\\/\",\"name\":\"Universidad de las Artes\",\"description\":\"Sitio oficial de la Universidad Nacional de las Artes del Ecuador\",\"publisher\":{\"@id\":\"https:\\\/\\\/www.uartes.edu.ec\\\/sitio\\\/#organization\"},\"potentialAction\":[{\"@type\":\"SearchAction\",\"target\":{\"@type\":\"EntryPoint\",\"urlTemplate\":\"https:\\\/\\\/www.uartes.edu.ec\\\/sitio\\\/?s={search_term_string}\"},\"query-input\":{\"@type\":\"PropertyValueSpecification\",\"valueRequired\":true,\"valueName\":\"search_term_string\"}}],\"inLanguage\":\"es\"},{\"@type\":\"Organization\",\"@id\":\"https:\\\/\\\/www.uartes.edu.ec\\\/sitio\\\/#organization\",\"name\":\"Universidad de las Artes\",\"url\":\"https:\\\/\\\/www.uartes.edu.ec\\\/sitio\\\/\",\"logo\":{\"@type\":\"ImageObject\",\"inLanguage\":\"es\",\"@id\":\"https:\\\/\\\/www.uartes.edu.ec\\\/sitio\\\/#\\\/schema\\\/logo\\\/image\\\/\",\"url\":\"https:\\\/\\\/www.uartes.edu.ec\\\/sitio\\\/wp-content\\\/uploads\\\/2022\\\/07\\\/logo-ua-horizontal.png\",\"contentUrl\":\"https:\\\/\\\/www.uartes.edu.ec\\\/sitio\\\/wp-content\\\/uploads\\\/2022\\\/07\\\/logo-ua-horizontal.png\",\"width\":800,\"height\":276,\"caption\":\"Universidad de las Artes\"},\"image\":{\"@id\":\"https:\\\/\\\/www.uartes.edu.ec\\\/sitio\\\/#\\\/schema\\\/logo\\\/image\\\/\"},\"sameAs\":[\"https:\\\/\\\/www.facebook.com\\\/uartesec\",\"https:\\\/\\\/x.com\\\/uartesec\",\"https:\\\/\\\/www.tiktok.com\\\/@uartesec\"]}]}<\/script>\n<!-- \/ Yoast SEO plugin. -->","yoast_head_json":{"title":"Mar\u00eda Gabriela Fabre V\u00e1squez - Universidad de las Artes","robots":{"index":"index","follow":"follow","max-snippet":"max-snippet:-1","max-image-preview":"max-image-preview:large","max-video-preview":"max-video-preview:-1"},"canonical":"https:\/\/www.uartes.edu.ec\/sitio\/docs\/gabriela-fabre\/","og_locale":"es_ES","og_type":"article","og_title":"Mar\u00eda Gabriela Fabre V\u00e1squez - Universidad de las Artes","og_description":"Docente de Artes Visuales","og_url":"https:\/\/www.uartes.edu.ec\/sitio\/docs\/gabriela-fabre\/","og_site_name":"Universidad de las Artes","article_publisher":"https:\/\/www.facebook.com\/uartesec","article_modified_time":"2026-01-20T20:02:49+00:00","og_image":[{"width":800,"height":800,"url":"https:\/\/www.uartes.edu.ec\/sitio\/wp-content\/uploads\/2022\/10\/Gabriela_Fabre-Docente-de-Artes-visuales.jpg","type":"image\/jpeg"}],"twitter_card":"summary_large_image","twitter_site":"@uartesec","schema":{"@context":"https:\/\/schema.org","@graph":[{"@type":"WebPage","@id":"https:\/\/www.uartes.edu.ec\/sitio\/docs\/gabriela-fabre\/","url":"https:\/\/www.uartes.edu.ec\/sitio\/docs\/gabriela-fabre\/","name":"Mar\u00eda Gabriela Fabre V\u00e1squez - Universidad de las Artes","isPartOf":{"@id":"https:\/\/www.uartes.edu.ec\/sitio\/#website"},"primaryImageOfPage":{"@id":"https:\/\/www.uartes.edu.ec\/sitio\/docs\/gabriela-fabre\/#primaryimage"},"image":{"@id":"https:\/\/www.uartes.edu.ec\/sitio\/docs\/gabriela-fabre\/#primaryimage"},"thumbnailUrl":"https:\/\/www.uartes.edu.ec\/sitio\/wp-content\/uploads\/2022\/10\/Gabriela_Fabre-Docente-de-Artes-visuales.jpg","datePublished":"2022-10-24T19:14:25+00:00","dateModified":"2026-01-20T20:02:49+00:00","breadcrumb":{"@id":"https:\/\/www.uartes.edu.ec\/sitio\/docs\/gabriela-fabre\/#breadcrumb"},"inLanguage":"es","potentialAction":[{"@type":"ReadAction","target":["https:\/\/www.uartes.edu.ec\/sitio\/docs\/gabriela-fabre\/"]}]},{"@type":"ImageObject","inLanguage":"es","@id":"https:\/\/www.uartes.edu.ec\/sitio\/docs\/gabriela-fabre\/#primaryimage","url":"https:\/\/www.uartes.edu.ec\/sitio\/wp-content\/uploads\/2022\/10\/Gabriela_Fabre-Docente-de-Artes-visuales.jpg","contentUrl":"https:\/\/www.uartes.edu.ec\/sitio\/wp-content\/uploads\/2022\/10\/Gabriela_Fabre-Docente-de-Artes-visuales.jpg","width":800,"height":800},{"@type":"BreadcrumbList","@id":"https:\/\/www.uartes.edu.ec\/sitio\/docs\/gabriela-fabre\/#breadcrumb","itemListElement":[{"@type":"ListItem","position":1,"name":"Inicio","item":"https:\/\/www.uartes.edu.ec\/sitio\/"},{"@type":"ListItem","position":2,"name":"Docs","item":"https:\/\/www.uartes.edu.ec\/sitio\/docs\/"},{"@type":"ListItem","position":3,"name":"Mar\u00eda Gabriela Fabre V\u00e1squez"}]},{"@type":"WebSite","@id":"https:\/\/www.uartes.edu.ec\/sitio\/#website","url":"https:\/\/www.uartes.edu.ec\/sitio\/","name":"Universidad de las Artes","description":"Sitio oficial de la Universidad Nacional de las Artes del Ecuador","publisher":{"@id":"https:\/\/www.uartes.edu.ec\/sitio\/#organization"},"potentialAction":[{"@type":"SearchAction","target":{"@type":"EntryPoint","urlTemplate":"https:\/\/www.uartes.edu.ec\/sitio\/?s={search_term_string}"},"query-input":{"@type":"PropertyValueSpecification","valueRequired":true,"valueName":"search_term_string"}}],"inLanguage":"es"},{"@type":"Organization","@id":"https:\/\/www.uartes.edu.ec\/sitio\/#organization","name":"Universidad de las Artes","url":"https:\/\/www.uartes.edu.ec\/sitio\/","logo":{"@type":"ImageObject","inLanguage":"es","@id":"https:\/\/www.uartes.edu.ec\/sitio\/#\/schema\/logo\/image\/","url":"https:\/\/www.uartes.edu.ec\/sitio\/wp-content\/uploads\/2022\/07\/logo-ua-horizontal.png","contentUrl":"https:\/\/www.uartes.edu.ec\/sitio\/wp-content\/uploads\/2022\/07\/logo-ua-horizontal.png","width":800,"height":276,"caption":"Universidad de las Artes"},"image":{"@id":"https:\/\/www.uartes.edu.ec\/sitio\/#\/schema\/logo\/image\/"},"sameAs":["https:\/\/www.facebook.com\/uartesec","https:\/\/x.com\/uartesec","https:\/\/www.tiktok.com\/@uartesec"]}]}},"uagb_featured_image_src":{"full":["https:\/\/www.uartes.edu.ec\/sitio\/wp-content\/uploads\/2022\/10\/Gabriela_Fabre-Docente-de-Artes-visuales.jpg",800,800,false],"thumbnail":["https:\/\/www.uartes.edu.ec\/sitio\/wp-content\/uploads\/2022\/10\/Gabriela_Fabre-Docente-de-Artes-visuales-150x150.jpg",150,150,true],"medium":["https:\/\/www.uartes.edu.ec\/sitio\/wp-content\/uploads\/2022\/10\/Gabriela_Fabre-Docente-de-Artes-visuales-300x300.jpg",300,300,true],"medium_large":["https:\/\/www.uartes.edu.ec\/sitio\/wp-content\/uploads\/2022\/10\/Gabriela_Fabre-Docente-de-Artes-visuales-768x768.jpg",768,768,true],"large":["https:\/\/www.uartes.edu.ec\/sitio\/wp-content\/uploads\/2022\/10\/Gabriela_Fabre-Docente-de-Artes-visuales-644x644.jpg",644,644,true],"1536x1536":["https:\/\/www.uartes.edu.ec\/sitio\/wp-content\/uploads\/2022\/10\/Gabriela_Fabre-Docente-de-Artes-visuales.jpg",800,800,false],"2048x2048":["https:\/\/www.uartes.edu.ec\/sitio\/wp-content\/uploads\/2022\/10\/Gabriela_Fabre-Docente-de-Artes-visuales.jpg",800,800,false],"trp-custom-language-flag":["https:\/\/www.uartes.edu.ec\/sitio\/wp-content\/uploads\/2022\/10\/Gabriela_Fabre-Docente-de-Artes-visuales.jpg",12,12,false],"htmega_size_585x295":["https:\/\/www.uartes.edu.ec\/sitio\/wp-content\/uploads\/2022\/10\/Gabriela_Fabre-Docente-de-Artes-visuales.jpg",295,295,false],"htmega_size_1170x536":["https:\/\/www.uartes.edu.ec\/sitio\/wp-content\/uploads\/2022\/10\/Gabriela_Fabre-Docente-de-Artes-visuales.jpg",536,536,false],"htmega_size_396x360":["https:\/\/www.uartes.edu.ec\/sitio\/wp-content\/uploads\/2022\/10\/Gabriela_Fabre-Docente-de-Artes-visuales.jpg",360,360,false],"gb-block-post-grid-landscape":["https:\/\/www.uartes.edu.ec\/sitio\/wp-content\/uploads\/2022\/10\/Gabriela_Fabre-Docente-de-Artes-visuales.jpg",400,400,false],"gb-block-post-grid-square":["https:\/\/www.uartes.edu.ec\/sitio\/wp-content\/uploads\/2022\/10\/Gabriela_Fabre-Docente-de-Artes-visuales.jpg",600,600,false],"university-hub-thumb":["https:\/\/www.uartes.edu.ec\/sitio\/wp-content\/uploads\/2022\/10\/Gabriela_Fabre-Docente-de-Artes-visuales-300x300.jpg",300,300,true]},"uagb_author_info":{"display_name":"Universidad de las Artes","author_link":"https:\/\/www.uartes.edu.ec\/sitio\/blog\/author\/dircomadm\/"},"uagb_comment_info":0,"uagb_excerpt":"Docente de Artes Visuales","publishpress_future_workflow_manual_trigger":{"enabledWorkflows":[]},"distributor_meta":false,"distributor_terms":false,"distributor_media":false,"distributor_original_site_name":"Universidad de las Artes","distributor_original_site_url":"https:\/\/www.uartes.edu.ec\/sitio","push-errors":false,"_links":{"self":[{"href":"https:\/\/www.uartes.edu.ec\/sitio\/wp-json\/wp\/v2\/docs\/29979","targetHints":{"allow":["GET"]}}],"collection":[{"href":"https:\/\/www.uartes.edu.ec\/sitio\/wp-json\/wp\/v2\/docs"}],"about":[{"href":"https:\/\/www.uartes.edu.ec\/sitio\/wp-json\/wp\/v2\/types\/docs"}],"author":[{"embeddable":true,"href":"https:\/\/www.uartes.edu.ec\/sitio\/wp-json\/wp\/v2\/users\/1"}],"replies":[{"embeddable":true,"href":"https:\/\/www.uartes.edu.ec\/sitio\/wp-json\/wp\/v2\/comments?post=29979"}],"version-history":[{"count":4,"href":"https:\/\/www.uartes.edu.ec\/sitio\/wp-json\/wp\/v2\/docs\/29979\/revisions"}],"predecessor-version":[{"id":30861,"href":"https:\/\/www.uartes.edu.ec\/sitio\/wp-json\/wp\/v2\/docs\/29979\/revisions\/30861"}],"wp:featuredmedia":[{"embeddable":true,"href":"https:\/\/www.uartes.edu.ec\/sitio\/wp-json\/wp\/v2\/media\/29958"}],"wp:attachment":[{"href":"https:\/\/www.uartes.edu.ec\/sitio\/wp-json\/wp\/v2\/media?parent=29979"}],"wp:term":[{"taxonomy":"doc_category","embeddable":true,"href":"https:\/\/www.uartes.edu.ec\/sitio\/wp-json\/wp\/v2\/doc_category?post=29979"},{"taxonomy":"doc_tag","embeddable":true,"href":"https:\/\/www.uartes.edu.ec\/sitio\/wp-json\/wp\/v2\/doc_tag?post=29979"}],"curies":[{"name":"wp","href":"https:\/\/api.w.org\/{rel}","templated":true}]}}