{"id":53250,"date":"2024-05-01T11:46:51","date_gmt":"2024-05-01T16:46:51","guid":{"rendered":"https:\/\/www.uartes.edu.ec\/sitio\/?post_type=docs&#038;p=53250"},"modified":"2026-01-30T11:07:35","modified_gmt":"2026-01-30T16:07:35","password":"","slug":"claudia-tamara-martinez-riofrio","status":"publish","type":"docs","link":"https:\/\/www.uartes.edu.ec\/sitio\/docs\/claudia-tamara-martinez-riofrio\/","title":{"rendered":"Claudia Tamara Martinez Riofrio"},"content":{"rendered":"","protected":false},"excerpt":{"rendered":"","protected":false},"author":1,"featured_media":53159,"comment_status":"open","ping_status":"closed","template":"","meta":{"_acf_changed":false,"_uag_custom_page_level_css":"","_monsterinsights_skip_tracking":false,"_monsterinsights_sitenote_active":false,"_monsterinsights_sitenote_note":"","_monsterinsights_sitenote_category":0,"cybocfi_hide_featured_image":"","footnotes":""},"doc_category":[582],"doc_tag":[],"class_list":["post-53250","docs","type-docs","status-publish","has-post-thumbnail","hentry","doc_category-produccion-musical"],"year_month":"2026-05","word_count":0,"total_views":0,"reactions":{"happy":0,"normal":0,"sad":0},"author_info":{"name":"Universidad de las Artes","author_nicename":"dircomadm","author_url":"https:\/\/www.uartes.edu.ec\/sitio\/blog\/author\/dircomadm\/"},"doc_category_info":[{"term_name":"Producci\u00f3n Musical","term_url":"https:\/\/www.uartes.edu.ec\/sitio\/docs-category\/produccion-musical\/"}],"doc_tag_info":[],"acf":{"dp_ciudad":"Quito, Ecuador.","dp_email":"<u><a href=\"mailto:omar.dominguez@uartes.edu.ec\">claudia.martinez@uartes.edu.ec<\/a><\/u>","dp_cargo":["Docente"],"dp_perfil":"Guitarrista, compositora, arreglista, docente y psic\u00f3loga cl\u00ednica.","dp_estudios":"<ul>\r\n \t<li>Licenciada en M\u00fasica Contempor\u00e1nea, Psic\u00f3loga Cl\u00ednica<\/li>\r\n \t<li>Master Of Music in Performance, Master of Music in Jazz Composition and Arranging<\/li>\r\n<\/ul>","dp_participaciones":"<ul>\r\n \t<li>\"Beca para Taller Incuba Ra\u00edz 2023, Argentina\/Espa\u00f1a. Premio \"\"Hablemos de compositoras\"\" , Chile. Comisi\u00f3n de la Obra \"\"Choro 311\"\", Chile.<\/li>\r\n \t<li>Participaci\u00f3n en los siguientes festivales:<\/li>\r\n \t<li style=\"list-style-type: none;\">\r\n<ul>\r\n \t<li>Jazz Alumni Band en 2023 (Lousville)<\/li>\r\n \t<li>Interpretaci\u00f3n individual en le D\u00eda Internacional del Jazz 2020 (UCSG, Ecuador)<\/li>\r\n \t<li>Performance individual en Par\u00e1 Jazz Festival en 2020<\/li>\r\n \t<li>Ecuador Jazz Festival con The Claudia Martinez Jazz Project (2013, 2017 and 2021). En 2017, abri\u00f3 para Bill Frisell.<\/li>\r\n \t<li>JEM (Jazz Education Network) Festival en 2016 con el International Jazz Combo de University of Louisville.<\/li>\r\n \t<li>La Plata Jazz Fest (Argentina) en 2014 con el International Jazz Combo de University of Louisville.<\/li>\r\n \t<li>Taylor Park Jazz Fest (Lousville) en 2015 con Jazz Ensemble #1 (Big Band) de University of Louisville.<\/li>\r\n \t<li>Comisi\u00f3n de la obra \"\"El abuelo, el racimo y el caracol\"\", Quito.<\/li>\r\n<\/ul>\r\n<\/li>\r\n \t<li>Beca de interpretaci\u00f3n musical, Louisville. Comisi\u00f3n de composici\u00f3n, Louisville.<\/li>\r\n \t<li>Beca por m\u00e9rito: Campamento \"\"Jamey Aebersold\"\", Louisville.<\/li>\r\n \t<li>Beca por m\u00e9rito, Louisville.<\/li>\r\n \t<li>Beca por m\u00e9rito: \"\"Berklee College of Music\u201d.<\/li>\r\n \t<li>Beca por m\u00e9rito USFQ, Quito.\"<\/li>\r\n<\/ul>","dp_publicaciones":"<ul>\r\n \t<li>Compositora, arreglista y guitarrista \u00e1lbum: \"Ojos abiertos\/Ojos Cerrados\" (2020)<\/li>\r\n \t<li>Arreglista y Guitarista: \"Autum in New York\" (2020)<\/li>\r\n \t<li>Compositora, arreglista y guitarrista \u00e1lbum: \"Transformaci\u00f3n y renacimiento\" (2016)<\/li>\r\n \t<li>Compositora, arreglista y guitarrista : \"Anclada\" (2013)<\/li>\r\n \t<li>Compositora, arreglista y guitarrista : \"Bailando la tristeza\" (2013)<\/li>\r\n \t<li>Compositora, arreglista y guitarrista : \"Canci\u00f3n de cuna para que se duerma la tristeza\" (2013)<\/li>\r\n<\/ul>","dp_intereses":"<ul>\r\n \t<li>Contribu\u00edr con la educaci\u00f3n p\u00fablica de calidad.<\/li>\r\n \t<li>Contribu\u00edr con el repertorio de composiciones de m\u00fasicos ecuatorianos.<\/li>\r\n \t<li>Contribu\u00edr con la formaci\u00f3n de compositores ecuatorianos.<\/li>\r\n<\/ul>","dp_sitio_web":"<a href=\"https:\/\/claudiajazz.com\/\">https:\/\/claudiajazz.com\/<\/a>\r\n\r\n<a href=\"https:\/\/www.youtube.com\/channel\/UCFpCDisWGOjwRL0IgPKhaLg\">https:\/\/www.youtube.com\/channel\/UCFpCDisWGOjwRL0IgPKhaLg<\/a>\r\n\r\n<a href=\"https:\/\/open.spotify.com\/intl-es\/artist\/2x2VmjoQ4ACfY8JvuUWrhu?si=yLGsRUcERjC9oqw-OaaU3Q\">https:\/\/open.spotify.com\/intl-es\/artist\/2x2VmjoQ4ACfY8JvuUWrhu?si=yLGsRUcERjC9oqw-OaaU3Q<\/a>"},"yoast_head":"<!-- This site is optimized with the Yoast SEO plugin v27.4 - https:\/\/yoast.com\/product\/yoast-seo-wordpress\/ -->\n<title>Claudia Tamara Martinez Riofrio - Universidad de las Artes<\/title>\n<meta name=\"robots\" content=\"index, follow, max-snippet:-1, max-image-preview:large, max-video-preview:-1\" \/>\n<link rel=\"canonical\" href=\"https:\/\/www.uartes.edu.ec\/sitio\/docs\/claudia-tamara-martinez-riofrio\/\" \/>\n<meta property=\"og:locale\" content=\"es_ES\" \/>\n<meta property=\"og:type\" content=\"article\" \/>\n<meta property=\"og:title\" content=\"Claudia Tamara Martinez Riofrio - Universidad de las Artes\" \/>\n<meta property=\"og:url\" content=\"https:\/\/www.uartes.edu.ec\/sitio\/docs\/claudia-tamara-martinez-riofrio\/\" \/>\n<meta property=\"og:site_name\" content=\"Universidad de las Artes\" \/>\n<meta property=\"article:publisher\" content=\"https:\/\/www.facebook.com\/uartesec\" \/>\n<meta property=\"article:modified_time\" content=\"2026-01-30T16:07:35+00:00\" \/>\n<meta property=\"og:image\" content=\"https:\/\/www.uartes.edu.ec\/sitio\/wp-content\/uploads\/2024\/04\/Claudia-Martinez-1.jpg\" \/>\n\t<meta property=\"og:image:width\" content=\"1000\" \/>\n\t<meta property=\"og:image:height\" content=\"1000\" \/>\n\t<meta property=\"og:image:type\" content=\"image\/jpeg\" \/>\n<meta name=\"twitter:card\" content=\"summary_large_image\" \/>\n<meta name=\"twitter:site\" content=\"@uartesec\" \/>\n<meta name=\"twitter:label1\" content=\"Tiempo de lectura\" \/>\n\t<meta name=\"twitter:data1\" content=\"1 minuto\" \/>\n<script type=\"application\/ld+json\" class=\"yoast-schema-graph\">{\"@context\":\"https:\\\/\\\/schema.org\",\"@graph\":[{\"@type\":\"WebPage\",\"@id\":\"https:\\\/\\\/www.uartes.edu.ec\\\/sitio\\\/docs\\\/claudia-tamara-martinez-riofrio\\\/\",\"url\":\"https:\\\/\\\/www.uartes.edu.ec\\\/sitio\\\/docs\\\/claudia-tamara-martinez-riofrio\\\/\",\"name\":\"Claudia Tamara Martinez Riofrio - Universidad de las Artes\",\"isPartOf\":{\"@id\":\"https:\\\/\\\/www.uartes.edu.ec\\\/sitio\\\/#website\"},\"primaryImageOfPage\":{\"@id\":\"https:\\\/\\\/www.uartes.edu.ec\\\/sitio\\\/docs\\\/claudia-tamara-martinez-riofrio\\\/#primaryimage\"},\"image\":{\"@id\":\"https:\\\/\\\/www.uartes.edu.ec\\\/sitio\\\/docs\\\/claudia-tamara-martinez-riofrio\\\/#primaryimage\"},\"thumbnailUrl\":\"https:\\\/\\\/www.uartes.edu.ec\\\/sitio\\\/wp-content\\\/uploads\\\/2024\\\/04\\\/Claudia-Martinez-1.jpg\",\"datePublished\":\"2024-05-01T16:46:51+00:00\",\"dateModified\":\"2026-01-30T16:07:35+00:00\",\"breadcrumb\":{\"@id\":\"https:\\\/\\\/www.uartes.edu.ec\\\/sitio\\\/docs\\\/claudia-tamara-martinez-riofrio\\\/#breadcrumb\"},\"inLanguage\":\"es\",\"potentialAction\":[{\"@type\":\"ReadAction\",\"target\":[\"https:\\\/\\\/www.uartes.edu.ec\\\/sitio\\\/docs\\\/claudia-tamara-martinez-riofrio\\\/\"]}]},{\"@type\":\"ImageObject\",\"inLanguage\":\"es\",\"@id\":\"https:\\\/\\\/www.uartes.edu.ec\\\/sitio\\\/docs\\\/claudia-tamara-martinez-riofrio\\\/#primaryimage\",\"url\":\"https:\\\/\\\/www.uartes.edu.ec\\\/sitio\\\/wp-content\\\/uploads\\\/2024\\\/04\\\/Claudia-Martinez-1.jpg\",\"contentUrl\":\"https:\\\/\\\/www.uartes.edu.ec\\\/sitio\\\/wp-content\\\/uploads\\\/2024\\\/04\\\/Claudia-Martinez-1.jpg\",\"width\":1000,\"height\":1000},{\"@type\":\"BreadcrumbList\",\"@id\":\"https:\\\/\\\/www.uartes.edu.ec\\\/sitio\\\/docs\\\/claudia-tamara-martinez-riofrio\\\/#breadcrumb\",\"itemListElement\":[{\"@type\":\"ListItem\",\"position\":1,\"name\":\"Inicio\",\"item\":\"https:\\\/\\\/www.uartes.edu.ec\\\/sitio\\\/\"},{\"@type\":\"ListItem\",\"position\":2,\"name\":\"Docs\",\"item\":\"https:\\\/\\\/www.uartes.edu.ec\\\/sitio\\\/docs\\\/\"},{\"@type\":\"ListItem\",\"position\":3,\"name\":\"Claudia Tamara Martinez Riofrio\"}]},{\"@type\":\"WebSite\",\"@id\":\"https:\\\/\\\/www.uartes.edu.ec\\\/sitio\\\/#website\",\"url\":\"https:\\\/\\\/www.uartes.edu.ec\\\/sitio\\\/\",\"name\":\"Universidad de las Artes\",\"description\":\"Sitio oficial de la Universidad Nacional de las Artes del Ecuador\",\"publisher\":{\"@id\":\"https:\\\/\\\/www.uartes.edu.ec\\\/sitio\\\/#organization\"},\"potentialAction\":[{\"@type\":\"SearchAction\",\"target\":{\"@type\":\"EntryPoint\",\"urlTemplate\":\"https:\\\/\\\/www.uartes.edu.ec\\\/sitio\\\/?s={search_term_string}\"},\"query-input\":{\"@type\":\"PropertyValueSpecification\",\"valueRequired\":true,\"valueName\":\"search_term_string\"}}],\"inLanguage\":\"es\"},{\"@type\":\"Organization\",\"@id\":\"https:\\\/\\\/www.uartes.edu.ec\\\/sitio\\\/#organization\",\"name\":\"Universidad de las Artes\",\"url\":\"https:\\\/\\\/www.uartes.edu.ec\\\/sitio\\\/\",\"logo\":{\"@type\":\"ImageObject\",\"inLanguage\":\"es\",\"@id\":\"https:\\\/\\\/www.uartes.edu.ec\\\/sitio\\\/#\\\/schema\\\/logo\\\/image\\\/\",\"url\":\"https:\\\/\\\/www.uartes.edu.ec\\\/sitio\\\/wp-content\\\/uploads\\\/2022\\\/07\\\/logo-ua-horizontal.png\",\"contentUrl\":\"https:\\\/\\\/www.uartes.edu.ec\\\/sitio\\\/wp-content\\\/uploads\\\/2022\\\/07\\\/logo-ua-horizontal.png\",\"width\":800,\"height\":276,\"caption\":\"Universidad de las Artes\"},\"image\":{\"@id\":\"https:\\\/\\\/www.uartes.edu.ec\\\/sitio\\\/#\\\/schema\\\/logo\\\/image\\\/\"},\"sameAs\":[\"https:\\\/\\\/www.facebook.com\\\/uartesec\",\"https:\\\/\\\/x.com\\\/uartesec\",\"https:\\\/\\\/www.tiktok.com\\\/@uartesec\"]}]}<\/script>\n<!-- \/ Yoast SEO plugin. -->","yoast_head_json":{"title":"Claudia Tamara Martinez Riofrio - Universidad de las Artes","robots":{"index":"index","follow":"follow","max-snippet":"max-snippet:-1","max-image-preview":"max-image-preview:large","max-video-preview":"max-video-preview:-1"},"canonical":"https:\/\/www.uartes.edu.ec\/sitio\/docs\/claudia-tamara-martinez-riofrio\/","og_locale":"es_ES","og_type":"article","og_title":"Claudia Tamara Martinez Riofrio - Universidad de las Artes","og_url":"https:\/\/www.uartes.edu.ec\/sitio\/docs\/claudia-tamara-martinez-riofrio\/","og_site_name":"Universidad de las Artes","article_publisher":"https:\/\/www.facebook.com\/uartesec","article_modified_time":"2026-01-30T16:07:35+00:00","og_image":[{"width":1000,"height":1000,"url":"https:\/\/www.uartes.edu.ec\/sitio\/wp-content\/uploads\/2024\/04\/Claudia-Martinez-1.jpg","type":"image\/jpeg"}],"twitter_card":"summary_large_image","twitter_site":"@uartesec","twitter_misc":{"Tiempo de lectura":"1 minuto"},"schema":{"@context":"https:\/\/schema.org","@graph":[{"@type":"WebPage","@id":"https:\/\/www.uartes.edu.ec\/sitio\/docs\/claudia-tamara-martinez-riofrio\/","url":"https:\/\/www.uartes.edu.ec\/sitio\/docs\/claudia-tamara-martinez-riofrio\/","name":"Claudia Tamara Martinez Riofrio - Universidad de las Artes","isPartOf":{"@id":"https:\/\/www.uartes.edu.ec\/sitio\/#website"},"primaryImageOfPage":{"@id":"https:\/\/www.uartes.edu.ec\/sitio\/docs\/claudia-tamara-martinez-riofrio\/#primaryimage"},"image":{"@id":"https:\/\/www.uartes.edu.ec\/sitio\/docs\/claudia-tamara-martinez-riofrio\/#primaryimage"},"thumbnailUrl":"https:\/\/www.uartes.edu.ec\/sitio\/wp-content\/uploads\/2024\/04\/Claudia-Martinez-1.jpg","datePublished":"2024-05-01T16:46:51+00:00","dateModified":"2026-01-30T16:07:35+00:00","breadcrumb":{"@id":"https:\/\/www.uartes.edu.ec\/sitio\/docs\/claudia-tamara-martinez-riofrio\/#breadcrumb"},"inLanguage":"es","potentialAction":[{"@type":"ReadAction","target":["https:\/\/www.uartes.edu.ec\/sitio\/docs\/claudia-tamara-martinez-riofrio\/"]}]},{"@type":"ImageObject","inLanguage":"es","@id":"https:\/\/www.uartes.edu.ec\/sitio\/docs\/claudia-tamara-martinez-riofrio\/#primaryimage","url":"https:\/\/www.uartes.edu.ec\/sitio\/wp-content\/uploads\/2024\/04\/Claudia-Martinez-1.jpg","contentUrl":"https:\/\/www.uartes.edu.ec\/sitio\/wp-content\/uploads\/2024\/04\/Claudia-Martinez-1.jpg","width":1000,"height":1000},{"@type":"BreadcrumbList","@id":"https:\/\/www.uartes.edu.ec\/sitio\/docs\/claudia-tamara-martinez-riofrio\/#breadcrumb","itemListElement":[{"@type":"ListItem","position":1,"name":"Inicio","item":"https:\/\/www.uartes.edu.ec\/sitio\/"},{"@type":"ListItem","position":2,"name":"Docs","item":"https:\/\/www.uartes.edu.ec\/sitio\/docs\/"},{"@type":"ListItem","position":3,"name":"Claudia Tamara Martinez Riofrio"}]},{"@type":"WebSite","@id":"https:\/\/www.uartes.edu.ec\/sitio\/#website","url":"https:\/\/www.uartes.edu.ec\/sitio\/","name":"Universidad de las Artes","description":"Sitio oficial de la Universidad Nacional de las Artes del Ecuador","publisher":{"@id":"https:\/\/www.uartes.edu.ec\/sitio\/#organization"},"potentialAction":[{"@type":"SearchAction","target":{"@type":"EntryPoint","urlTemplate":"https:\/\/www.uartes.edu.ec\/sitio\/?s={search_term_string}"},"query-input":{"@type":"PropertyValueSpecification","valueRequired":true,"valueName":"search_term_string"}}],"inLanguage":"es"},{"@type":"Organization","@id":"https:\/\/www.uartes.edu.ec\/sitio\/#organization","name":"Universidad de las Artes","url":"https:\/\/www.uartes.edu.ec\/sitio\/","logo":{"@type":"ImageObject","inLanguage":"es","@id":"https:\/\/www.uartes.edu.ec\/sitio\/#\/schema\/logo\/image\/","url":"https:\/\/www.uartes.edu.ec\/sitio\/wp-content\/uploads\/2022\/07\/logo-ua-horizontal.png","contentUrl":"https:\/\/www.uartes.edu.ec\/sitio\/wp-content\/uploads\/2022\/07\/logo-ua-horizontal.png","width":800,"height":276,"caption":"Universidad de las Artes"},"image":{"@id":"https:\/\/www.uartes.edu.ec\/sitio\/#\/schema\/logo\/image\/"},"sameAs":["https:\/\/www.facebook.com\/uartesec","https:\/\/x.com\/uartesec","https:\/\/www.tiktok.com\/@uartesec"]}]}},"uagb_featured_image_src":{"full":["https:\/\/www.uartes.edu.ec\/sitio\/wp-content\/uploads\/2024\/04\/Claudia-Martinez-1.jpg",1000,1000,false],"thumbnail":["https:\/\/www.uartes.edu.ec\/sitio\/wp-content\/uploads\/2024\/04\/Claudia-Martinez-1-150x150.jpg",150,150,true],"medium":["https:\/\/www.uartes.edu.ec\/sitio\/wp-content\/uploads\/2024\/04\/Claudia-Martinez-1-300x300.jpg",300,300,true],"medium_large":["https:\/\/www.uartes.edu.ec\/sitio\/wp-content\/uploads\/2024\/04\/Claudia-Martinez-1-768x768.jpg",768,768,true],"large":["https:\/\/www.uartes.edu.ec\/sitio\/wp-content\/uploads\/2024\/04\/Claudia-Martinez-1-644x644.jpg",644,644,true],"1536x1536":["https:\/\/www.uartes.edu.ec\/sitio\/wp-content\/uploads\/2024\/04\/Claudia-Martinez-1.jpg",1000,1000,false],"2048x2048":["https:\/\/www.uartes.edu.ec\/sitio\/wp-content\/uploads\/2024\/04\/Claudia-Martinez-1.jpg",1000,1000,false],"trp-custom-language-flag":["https:\/\/www.uartes.edu.ec\/sitio\/wp-content\/uploads\/2024\/04\/Claudia-Martinez-1-12x12.jpg",12,12,true],"htmega_size_585x295":["https:\/\/www.uartes.edu.ec\/sitio\/wp-content\/uploads\/2024\/04\/Claudia-Martinez-1-585x295.jpg",585,295,true],"htmega_size_1170x536":["https:\/\/www.uartes.edu.ec\/sitio\/wp-content\/uploads\/2024\/04\/Claudia-Martinez-1-1000x536.jpg",1000,536,true],"htmega_size_396x360":["https:\/\/www.uartes.edu.ec\/sitio\/wp-content\/uploads\/2024\/04\/Claudia-Martinez-1-396x360.jpg",396,360,true],"gb-block-post-grid-landscape":["https:\/\/www.uartes.edu.ec\/sitio\/wp-content\/uploads\/2024\/04\/Claudia-Martinez-1-600x400.jpg",600,400,true],"gb-block-post-grid-square":["https:\/\/www.uartes.edu.ec\/sitio\/wp-content\/uploads\/2024\/04\/Claudia-Martinez-1-600x600.jpg",600,600,true],"university-hub-thumb":["https:\/\/www.uartes.edu.ec\/sitio\/wp-content\/uploads\/2024\/04\/Claudia-Martinez-1-300x300.jpg",300,300,true]},"uagb_author_info":{"display_name":"Universidad de las Artes","author_link":"https:\/\/www.uartes.edu.ec\/sitio\/blog\/author\/dircomadm\/"},"uagb_comment_info":0,"uagb_excerpt":null,"publishpress_future_workflow_manual_trigger":{"enabledWorkflows":[]},"distributor_meta":false,"distributor_terms":false,"distributor_media":false,"distributor_original_site_name":"Universidad de las Artes","distributor_original_site_url":"https:\/\/www.uartes.edu.ec\/sitio","push-errors":false,"_links":{"self":[{"href":"https:\/\/www.uartes.edu.ec\/sitio\/wp-json\/wp\/v2\/docs\/53250","targetHints":{"allow":["GET"]}}],"collection":[{"href":"https:\/\/www.uartes.edu.ec\/sitio\/wp-json\/wp\/v2\/docs"}],"about":[{"href":"https:\/\/www.uartes.edu.ec\/sitio\/wp-json\/wp\/v2\/types\/docs"}],"author":[{"embeddable":true,"href":"https:\/\/www.uartes.edu.ec\/sitio\/wp-json\/wp\/v2\/users\/1"}],"replies":[{"embeddable":true,"href":"https:\/\/www.uartes.edu.ec\/sitio\/wp-json\/wp\/v2\/comments?post=53250"}],"version-history":[{"count":1,"href":"https:\/\/www.uartes.edu.ec\/sitio\/wp-json\/wp\/v2\/docs\/53250\/revisions"}],"predecessor-version":[{"id":53253,"href":"https:\/\/www.uartes.edu.ec\/sitio\/wp-json\/wp\/v2\/docs\/53250\/revisions\/53253"}],"wp:featuredmedia":[{"embeddable":true,"href":"https:\/\/www.uartes.edu.ec\/sitio\/wp-json\/wp\/v2\/media\/53159"}],"wp:attachment":[{"href":"https:\/\/www.uartes.edu.ec\/sitio\/wp-json\/wp\/v2\/media?parent=53250"}],"wp:term":[{"taxonomy":"doc_category","embeddable":true,"href":"https:\/\/www.uartes.edu.ec\/sitio\/wp-json\/wp\/v2\/doc_category?post=53250"},{"taxonomy":"doc_tag","embeddable":true,"href":"https:\/\/www.uartes.edu.ec\/sitio\/wp-json\/wp\/v2\/doc_tag?post=53250"}],"curies":[{"name":"wp","href":"https:\/\/api.w.org\/{rel}","templated":true}]}}