{"id":74356,"date":"2025-06-30T16:53:58","date_gmt":"2025-06-30T21:53:58","guid":{"rendered":"https:\/\/www.uartes.edu.ec\/sitio\/?post_type=docs&#038;p=74356"},"modified":"2025-06-30T16:53:58","modified_gmt":"2025-06-30T21:53:58","password":"","slug":"victor-hugo-herrera-recalde","status":"publish","type":"docs","link":"https:\/\/www.uartes.edu.ec\/sitio\/docs\/victor-hugo-herrera-recalde\/","title":{"rendered":"V\u00edctor Hugo Herrera Recalde"},"content":{"rendered":"","protected":false},"excerpt":{"rendered":"","protected":false},"author":1,"featured_media":70621,"comment_status":"open","ping_status":"closed","template":"","meta":{"_acf_changed":false,"_uag_custom_page_level_css":"","_monsterinsights_skip_tracking":false,"_monsterinsights_sitenote_active":false,"_monsterinsights_sitenote_note":"","_monsterinsights_sitenote_category":0,"cybocfi_hide_featured_image":"","footnotes":""},"doc_category":[582],"doc_tag":[],"class_list":["post-74356","docs","type-docs","status-publish","has-post-thumbnail","hentry","doc_category-produccion-musical"],"year_month":"2026-05","word_count":0,"total_views":0,"reactions":{"happy":0,"normal":0,"sad":0},"author_info":{"name":"Universidad de las Artes","author_nicename":"dircomadm","author_url":"https:\/\/www.uartes.edu.ec\/sitio\/blog\/author\/dircomadm\/"},"doc_category_info":[{"term_name":"Producci\u00f3n Musical","term_url":"https:\/\/www.uartes.edu.ec\/sitio\/docs-category\/produccion-musical\/"}],"doc_tag_info":[],"acf":{"dp_ciudad":"Santo Domingo, Ecuador","dp_email":"<a href=\"mailto:victor.herrera@uartes.edu.ec\">victor.herrera@uartes.edu.ec<\/a>","dp_cargo":["Docente"],"dp_perfil":"Profesional con m\u00e1s de diez a\u00f1os de trayectoria en postproducci\u00f3n de sonido, especialista en dise\u00f1o sonoro inmersivo, composici\u00f3n musical para cine y TV, y docente universitario en producci\u00f3n musical y sonora.","dp_estudios":"<ul>\r\n \t<li>Ingeniero en Sonido y Ac\u00fastica<\/li>\r\n \t<li>M\u00e1ster en Direcci\u00f3n y Postproducci\u00f3n Audiovisual Digital<\/li>\r\n<\/ul>","dp_participaciones":"Nominado al Premio Colibr\u00ed como Mejor Dise\u00f1o Sonoro por la pel\u00edcula Dedicada a mi Ex. Conferencista invitado en eventos nacionales e internacionales de audio. Selecci\u00f3n de obras en plataformas como Amazon Prime, HBO Max, Netflix y YouTube Originals.","dp_publicaciones":"Dise\u00f1o sonoro y m\u00fasica para: P#t@s Redes Sociales (Amazon Prime Video), Amor en Tiempos de Likes, Misfit (HBO Max), Mortal Glitch (YouTube), Dedicada a mi Ex (Netflix). Conferencista en eventos como AES LAC, MOMAV, EASA-GENELEC y universidades como USFQ, UArtes y Universidad Central.","dp_intereses":"Dise\u00f1o sonoro inmersivo (Atmos, MPEG-H), composici\u00f3n musical para medios, docencia, desarrollo de flujos de trabajo en postproducci\u00f3n, dise\u00f1o de herramientas interactivas para sonido","dp_sitio_web":"vicherrera.net | linkedin.com\/in\/vicherrera7 | imdb.com\/name\/nm9065177 | instagram.com\/vicherrera.r\/"},"yoast_head":"<!-- This site is optimized with the Yoast SEO plugin v27.4 - https:\/\/yoast.com\/product\/yoast-seo-wordpress\/ -->\n<title>V\u00edctor Hugo Herrera Recalde - Universidad de las Artes<\/title>\n<meta name=\"robots\" content=\"index, follow, max-snippet:-1, max-image-preview:large, max-video-preview:-1\" \/>\n<link rel=\"canonical\" href=\"https:\/\/www.uartes.edu.ec\/sitio\/docs\/victor-hugo-herrera-recalde\/\" \/>\n<meta property=\"og:locale\" content=\"es_ES\" \/>\n<meta property=\"og:type\" content=\"article\" \/>\n<meta property=\"og:title\" content=\"V\u00edctor Hugo Herrera Recalde - Universidad de las Artes\" \/>\n<meta property=\"og:url\" content=\"https:\/\/www.uartes.edu.ec\/sitio\/docs\/victor-hugo-herrera-recalde\/\" \/>\n<meta property=\"og:site_name\" content=\"Universidad de las Artes\" \/>\n<meta property=\"article:publisher\" content=\"https:\/\/www.facebook.com\/uartesec\" \/>\n<meta property=\"og:image\" content=\"https:\/\/www.uartes.edu.ec\/sitio\/wp-content\/uploads\/2025\/04\/persona-placeholder.png\" \/>\n\t<meta property=\"og:image:width\" content=\"512\" \/>\n\t<meta property=\"og:image:height\" content=\"512\" \/>\n\t<meta property=\"og:image:type\" content=\"image\/png\" \/>\n<meta name=\"twitter:card\" content=\"summary_large_image\" \/>\n<meta name=\"twitter:site\" content=\"@uartesec\" \/>\n<script type=\"application\/ld+json\" class=\"yoast-schema-graph\">{\"@context\":\"https:\\\/\\\/schema.org\",\"@graph\":[{\"@type\":\"WebPage\",\"@id\":\"https:\\\/\\\/www.uartes.edu.ec\\\/sitio\\\/docs\\\/victor-hugo-herrera-recalde\\\/\",\"url\":\"https:\\\/\\\/www.uartes.edu.ec\\\/sitio\\\/docs\\\/victor-hugo-herrera-recalde\\\/\",\"name\":\"V\u00edctor Hugo Herrera Recalde - Universidad de las Artes\",\"isPartOf\":{\"@id\":\"https:\\\/\\\/www.uartes.edu.ec\\\/sitio\\\/#website\"},\"primaryImageOfPage\":{\"@id\":\"https:\\\/\\\/www.uartes.edu.ec\\\/sitio\\\/docs\\\/victor-hugo-herrera-recalde\\\/#primaryimage\"},\"image\":{\"@id\":\"https:\\\/\\\/www.uartes.edu.ec\\\/sitio\\\/docs\\\/victor-hugo-herrera-recalde\\\/#primaryimage\"},\"thumbnailUrl\":\"https:\\\/\\\/www.uartes.edu.ec\\\/sitio\\\/wp-content\\\/uploads\\\/2025\\\/04\\\/persona-placeholder.png\",\"datePublished\":\"2025-06-30T21:53:58+00:00\",\"breadcrumb\":{\"@id\":\"https:\\\/\\\/www.uartes.edu.ec\\\/sitio\\\/docs\\\/victor-hugo-herrera-recalde\\\/#breadcrumb\"},\"inLanguage\":\"es\",\"potentialAction\":[{\"@type\":\"ReadAction\",\"target\":[\"https:\\\/\\\/www.uartes.edu.ec\\\/sitio\\\/docs\\\/victor-hugo-herrera-recalde\\\/\"]}]},{\"@type\":\"ImageObject\",\"inLanguage\":\"es\",\"@id\":\"https:\\\/\\\/www.uartes.edu.ec\\\/sitio\\\/docs\\\/victor-hugo-herrera-recalde\\\/#primaryimage\",\"url\":\"https:\\\/\\\/www.uartes.edu.ec\\\/sitio\\\/wp-content\\\/uploads\\\/2025\\\/04\\\/persona-placeholder.png\",\"contentUrl\":\"https:\\\/\\\/www.uartes.edu.ec\\\/sitio\\\/wp-content\\\/uploads\\\/2025\\\/04\\\/persona-placeholder.png\",\"width\":512,\"height\":512},{\"@type\":\"BreadcrumbList\",\"@id\":\"https:\\\/\\\/www.uartes.edu.ec\\\/sitio\\\/docs\\\/victor-hugo-herrera-recalde\\\/#breadcrumb\",\"itemListElement\":[{\"@type\":\"ListItem\",\"position\":1,\"name\":\"Inicio\",\"item\":\"https:\\\/\\\/www.uartes.edu.ec\\\/sitio\\\/\"},{\"@type\":\"ListItem\",\"position\":2,\"name\":\"Docs\",\"item\":\"https:\\\/\\\/www.uartes.edu.ec\\\/sitio\\\/docs\\\/\"},{\"@type\":\"ListItem\",\"position\":3,\"name\":\"V\u00edctor Hugo Herrera Recalde\"}]},{\"@type\":\"WebSite\",\"@id\":\"https:\\\/\\\/www.uartes.edu.ec\\\/sitio\\\/#website\",\"url\":\"https:\\\/\\\/www.uartes.edu.ec\\\/sitio\\\/\",\"name\":\"Universidad de las Artes\",\"description\":\"Sitio oficial de la Universidad Nacional de las Artes del Ecuador\",\"publisher\":{\"@id\":\"https:\\\/\\\/www.uartes.edu.ec\\\/sitio\\\/#organization\"},\"potentialAction\":[{\"@type\":\"SearchAction\",\"target\":{\"@type\":\"EntryPoint\",\"urlTemplate\":\"https:\\\/\\\/www.uartes.edu.ec\\\/sitio\\\/?s={search_term_string}\"},\"query-input\":{\"@type\":\"PropertyValueSpecification\",\"valueRequired\":true,\"valueName\":\"search_term_string\"}}],\"inLanguage\":\"es\"},{\"@type\":\"Organization\",\"@id\":\"https:\\\/\\\/www.uartes.edu.ec\\\/sitio\\\/#organization\",\"name\":\"Universidad de las Artes\",\"url\":\"https:\\\/\\\/www.uartes.edu.ec\\\/sitio\\\/\",\"logo\":{\"@type\":\"ImageObject\",\"inLanguage\":\"es\",\"@id\":\"https:\\\/\\\/www.uartes.edu.ec\\\/sitio\\\/#\\\/schema\\\/logo\\\/image\\\/\",\"url\":\"https:\\\/\\\/www.uartes.edu.ec\\\/sitio\\\/wp-content\\\/uploads\\\/2022\\\/07\\\/logo-ua-horizontal.png\",\"contentUrl\":\"https:\\\/\\\/www.uartes.edu.ec\\\/sitio\\\/wp-content\\\/uploads\\\/2022\\\/07\\\/logo-ua-horizontal.png\",\"width\":800,\"height\":276,\"caption\":\"Universidad de las Artes\"},\"image\":{\"@id\":\"https:\\\/\\\/www.uartes.edu.ec\\\/sitio\\\/#\\\/schema\\\/logo\\\/image\\\/\"},\"sameAs\":[\"https:\\\/\\\/www.facebook.com\\\/uartesec\",\"https:\\\/\\\/x.com\\\/uartesec\",\"https:\\\/\\\/www.tiktok.com\\\/@uartesec\"]}]}<\/script>\n<!-- \/ Yoast SEO plugin. -->","yoast_head_json":{"title":"V\u00edctor Hugo Herrera Recalde - Universidad de las Artes","robots":{"index":"index","follow":"follow","max-snippet":"max-snippet:-1","max-image-preview":"max-image-preview:large","max-video-preview":"max-video-preview:-1"},"canonical":"https:\/\/www.uartes.edu.ec\/sitio\/docs\/victor-hugo-herrera-recalde\/","og_locale":"es_ES","og_type":"article","og_title":"V\u00edctor Hugo Herrera Recalde - Universidad de las Artes","og_url":"https:\/\/www.uartes.edu.ec\/sitio\/docs\/victor-hugo-herrera-recalde\/","og_site_name":"Universidad de las Artes","article_publisher":"https:\/\/www.facebook.com\/uartesec","og_image":[{"width":512,"height":512,"url":"https:\/\/www.uartes.edu.ec\/sitio\/wp-content\/uploads\/2025\/04\/persona-placeholder.png","type":"image\/png"}],"twitter_card":"summary_large_image","twitter_site":"@uartesec","schema":{"@context":"https:\/\/schema.org","@graph":[{"@type":"WebPage","@id":"https:\/\/www.uartes.edu.ec\/sitio\/docs\/victor-hugo-herrera-recalde\/","url":"https:\/\/www.uartes.edu.ec\/sitio\/docs\/victor-hugo-herrera-recalde\/","name":"V\u00edctor Hugo Herrera Recalde - Universidad de las Artes","isPartOf":{"@id":"https:\/\/www.uartes.edu.ec\/sitio\/#website"},"primaryImageOfPage":{"@id":"https:\/\/www.uartes.edu.ec\/sitio\/docs\/victor-hugo-herrera-recalde\/#primaryimage"},"image":{"@id":"https:\/\/www.uartes.edu.ec\/sitio\/docs\/victor-hugo-herrera-recalde\/#primaryimage"},"thumbnailUrl":"https:\/\/www.uartes.edu.ec\/sitio\/wp-content\/uploads\/2025\/04\/persona-placeholder.png","datePublished":"2025-06-30T21:53:58+00:00","breadcrumb":{"@id":"https:\/\/www.uartes.edu.ec\/sitio\/docs\/victor-hugo-herrera-recalde\/#breadcrumb"},"inLanguage":"es","potentialAction":[{"@type":"ReadAction","target":["https:\/\/www.uartes.edu.ec\/sitio\/docs\/victor-hugo-herrera-recalde\/"]}]},{"@type":"ImageObject","inLanguage":"es","@id":"https:\/\/www.uartes.edu.ec\/sitio\/docs\/victor-hugo-herrera-recalde\/#primaryimage","url":"https:\/\/www.uartes.edu.ec\/sitio\/wp-content\/uploads\/2025\/04\/persona-placeholder.png","contentUrl":"https:\/\/www.uartes.edu.ec\/sitio\/wp-content\/uploads\/2025\/04\/persona-placeholder.png","width":512,"height":512},{"@type":"BreadcrumbList","@id":"https:\/\/www.uartes.edu.ec\/sitio\/docs\/victor-hugo-herrera-recalde\/#breadcrumb","itemListElement":[{"@type":"ListItem","position":1,"name":"Inicio","item":"https:\/\/www.uartes.edu.ec\/sitio\/"},{"@type":"ListItem","position":2,"name":"Docs","item":"https:\/\/www.uartes.edu.ec\/sitio\/docs\/"},{"@type":"ListItem","position":3,"name":"V\u00edctor Hugo Herrera Recalde"}]},{"@type":"WebSite","@id":"https:\/\/www.uartes.edu.ec\/sitio\/#website","url":"https:\/\/www.uartes.edu.ec\/sitio\/","name":"Universidad de las Artes","description":"Sitio oficial de la Universidad Nacional de las Artes del Ecuador","publisher":{"@id":"https:\/\/www.uartes.edu.ec\/sitio\/#organization"},"potentialAction":[{"@type":"SearchAction","target":{"@type":"EntryPoint","urlTemplate":"https:\/\/www.uartes.edu.ec\/sitio\/?s={search_term_string}"},"query-input":{"@type":"PropertyValueSpecification","valueRequired":true,"valueName":"search_term_string"}}],"inLanguage":"es"},{"@type":"Organization","@id":"https:\/\/www.uartes.edu.ec\/sitio\/#organization","name":"Universidad de las Artes","url":"https:\/\/www.uartes.edu.ec\/sitio\/","logo":{"@type":"ImageObject","inLanguage":"es","@id":"https:\/\/www.uartes.edu.ec\/sitio\/#\/schema\/logo\/image\/","url":"https:\/\/www.uartes.edu.ec\/sitio\/wp-content\/uploads\/2022\/07\/logo-ua-horizontal.png","contentUrl":"https:\/\/www.uartes.edu.ec\/sitio\/wp-content\/uploads\/2022\/07\/logo-ua-horizontal.png","width":800,"height":276,"caption":"Universidad de las Artes"},"image":{"@id":"https:\/\/www.uartes.edu.ec\/sitio\/#\/schema\/logo\/image\/"},"sameAs":["https:\/\/www.facebook.com\/uartesec","https:\/\/x.com\/uartesec","https:\/\/www.tiktok.com\/@uartesec"]}]}},"uagb_featured_image_src":{"full":["https:\/\/www.uartes.edu.ec\/sitio\/wp-content\/uploads\/2025\/04\/persona-placeholder.png",512,512,false],"thumbnail":["https:\/\/www.uartes.edu.ec\/sitio\/wp-content\/uploads\/2025\/04\/persona-placeholder-150x150.png",150,150,true],"medium":["https:\/\/www.uartes.edu.ec\/sitio\/wp-content\/uploads\/2025\/04\/persona-placeholder-300x300.png",300,300,true],"medium_large":["https:\/\/www.uartes.edu.ec\/sitio\/wp-content\/uploads\/2025\/04\/persona-placeholder.png",512,512,false],"large":["https:\/\/www.uartes.edu.ec\/sitio\/wp-content\/uploads\/2025\/04\/persona-placeholder.png",512,512,false],"1536x1536":["https:\/\/www.uartes.edu.ec\/sitio\/wp-content\/uploads\/2025\/04\/persona-placeholder.png",512,512,false],"2048x2048":["https:\/\/www.uartes.edu.ec\/sitio\/wp-content\/uploads\/2025\/04\/persona-placeholder.png",512,512,false],"trp-custom-language-flag":["https:\/\/www.uartes.edu.ec\/sitio\/wp-content\/uploads\/2025\/04\/persona-placeholder-12x12.png",12,12,true],"htmega_size_585x295":["https:\/\/www.uartes.edu.ec\/sitio\/wp-content\/uploads\/2025\/04\/persona-placeholder-512x295.png",512,295,true],"htmega_size_1170x536":["https:\/\/www.uartes.edu.ec\/sitio\/wp-content\/uploads\/2025\/04\/persona-placeholder.png",512,512,false],"htmega_size_396x360":["https:\/\/www.uartes.edu.ec\/sitio\/wp-content\/uploads\/2025\/04\/persona-placeholder-396x360.png",396,360,true],"gb-block-post-grid-landscape":["https:\/\/www.uartes.edu.ec\/sitio\/wp-content\/uploads\/2025\/04\/persona-placeholder-512x400.png",512,400,true],"gb-block-post-grid-square":["https:\/\/www.uartes.edu.ec\/sitio\/wp-content\/uploads\/2025\/04\/persona-placeholder.png",512,512,false],"university-hub-thumb":["https:\/\/www.uartes.edu.ec\/sitio\/wp-content\/uploads\/2025\/04\/persona-placeholder-300x300.png",300,300,true]},"uagb_author_info":{"display_name":"Universidad de las Artes","author_link":"https:\/\/www.uartes.edu.ec\/sitio\/blog\/author\/dircomadm\/"},"uagb_comment_info":0,"uagb_excerpt":null,"publishpress_future_workflow_manual_trigger":{"enabledWorkflows":[]},"distributor_meta":false,"distributor_terms":false,"distributor_media":false,"distributor_original_site_name":"Universidad de las Artes","distributor_original_site_url":"https:\/\/www.uartes.edu.ec\/sitio","push-errors":false,"_links":{"self":[{"href":"https:\/\/www.uartes.edu.ec\/sitio\/wp-json\/wp\/v2\/docs\/74356","targetHints":{"allow":["GET"]}}],"collection":[{"href":"https:\/\/www.uartes.edu.ec\/sitio\/wp-json\/wp\/v2\/docs"}],"about":[{"href":"https:\/\/www.uartes.edu.ec\/sitio\/wp-json\/wp\/v2\/types\/docs"}],"author":[{"embeddable":true,"href":"https:\/\/www.uartes.edu.ec\/sitio\/wp-json\/wp\/v2\/users\/1"}],"replies":[{"embeddable":true,"href":"https:\/\/www.uartes.edu.ec\/sitio\/wp-json\/wp\/v2\/comments?post=74356"}],"version-history":[{"count":1,"href":"https:\/\/www.uartes.edu.ec\/sitio\/wp-json\/wp\/v2\/docs\/74356\/revisions"}],"predecessor-version":[{"id":74357,"href":"https:\/\/www.uartes.edu.ec\/sitio\/wp-json\/wp\/v2\/docs\/74356\/revisions\/74357"}],"wp:featuredmedia":[{"embeddable":true,"href":"https:\/\/www.uartes.edu.ec\/sitio\/wp-json\/wp\/v2\/media\/70621"}],"wp:attachment":[{"href":"https:\/\/www.uartes.edu.ec\/sitio\/wp-json\/wp\/v2\/media?parent=74356"}],"wp:term":[{"taxonomy":"doc_category","embeddable":true,"href":"https:\/\/www.uartes.edu.ec\/sitio\/wp-json\/wp\/v2\/doc_category?post=74356"},{"taxonomy":"doc_tag","embeddable":true,"href":"https:\/\/www.uartes.edu.ec\/sitio\/wp-json\/wp\/v2\/doc_tag?post=74356"}],"curies":[{"name":"wp","href":"https:\/\/api.w.org\/{rel}","templated":true}]}}