{"id":19707,"date":"2022-02-21T11:06:08","date_gmt":"2022-02-21T16:06:08","guid":{"rendered":"http:\/\/www.uartes.edu.ec\/sitio\/?page_id=19707"},"modified":"2024-07-04T11:23:55","modified_gmt":"2024-07-04T16:23:55","slug":"2021-2","status":"publish","type":"page","link":"https:\/\/www.uartes.edu.ec\/sitio\/la-universidad\/ocs\/miembros\/2021\/","title":{"rendered":"2021"},"content":{"rendered":"\n<h2 class=\"wp-block-heading\" id=\"miembros-anteriores-del-ocs\">Miembros anteriores del OCS<\/h2>\n\n\n\n<div style=\"height:50px\" aria-hidden=\"true\" class=\"wp-block-spacer\"><\/div>\n\n\n\n<h2 class=\"wp-block-heading\" id=\"estudiantiles\">Representantes estudiantiles<\/h2>\n\n\n\n<div class=\"wp-block-columns is-layout-flex wp-container-core-columns-is-layout-9d6595d7 wp-block-columns-is-layout-flex\">\n<div class=\"wp-block-column is-layout-flow wp-block-column-is-layout-flow\"><div class=\"wp-block-image is-style-rounded\">\n<figure class=\"aligncenter size-full is-resized\"><img fetchpriority=\"high\" decoding=\"async\" width=\"500\" height=\"501\" src=\"http:\/\/www.uartes.edu.ec\/sitio\/wp-content\/uploads\/2021\/11\/Laura-Ange\u0301lica-Ja\u0301come-Cabezas.jpg\" alt=\"\" class=\"wp-image-16769\" style=\"width:125px;height:125px\" srcset=\"https:\/\/www.uartes.edu.ec\/sitio\/wp-content\/uploads\/2021\/11\/Laura-Ange\u0301lica-Ja\u0301come-Cabezas.jpg 500w, https:\/\/www.uartes.edu.ec\/sitio\/wp-content\/uploads\/2021\/11\/Laura-Ange\u0301lica-Ja\u0301come-Cabezas-300x300.jpg 300w, https:\/\/www.uartes.edu.ec\/sitio\/wp-content\/uploads\/2021\/11\/Laura-Ange\u0301lica-Ja\u0301come-Cabezas-150x150.jpg 150w, https:\/\/www.uartes.edu.ec\/sitio\/wp-content\/uploads\/2021\/11\/Laura-Ange\u0301lica-Ja\u0301come-Cabezas-60x60.jpg 60w, https:\/\/www.uartes.edu.ec\/sitio\/wp-content\/uploads\/2021\/11\/Laura-Ange\u0301lica-Ja\u0301come-Cabezas-299x300.jpg 299w, https:\/\/www.uartes.edu.ec\/sitio\/wp-content\/uploads\/2021\/11\/Laura-Ange\u0301lica-Ja\u0301come-Cabezas-100x100.jpg 100w\" sizes=\"(max-width: 500px) 100vw, 500px\" \/><\/figure>\n<\/div>\n\n\n<p class=\"has-text-align-center\">Laura Ang\u00e9lica J\u00e1come Cabezas<br><strong><strong>Escuela de Artes Sonoras<\/strong><\/strong><\/p>\n<\/div>\n\n\n\n<div class=\"wp-block-column is-layout-flow wp-block-column-is-layout-flow\"><div class=\"wp-block-image is-style-rounded\">\n<figure class=\"aligncenter size-full is-resized\"><img decoding=\"async\" width=\"277\" height=\"277\" src=\"http:\/\/www.uartes.edu.ec\/sitio\/wp-content\/uploads\/2021\/11\/Juan-Carlos-Bastidas-Noriega.jpg\" alt=\"\" class=\"wp-image-16771\" style=\"width:125px;height:125px\" srcset=\"https:\/\/www.uartes.edu.ec\/sitio\/wp-content\/uploads\/2021\/11\/Juan-Carlos-Bastidas-Noriega.jpg 277w, https:\/\/www.uartes.edu.ec\/sitio\/wp-content\/uploads\/2021\/11\/Juan-Carlos-Bastidas-Noriega-150x150.jpg 150w, https:\/\/www.uartes.edu.ec\/sitio\/wp-content\/uploads\/2021\/11\/Juan-Carlos-Bastidas-Noriega-60x60.jpg 60w, https:\/\/www.uartes.edu.ec\/sitio\/wp-content\/uploads\/2021\/11\/Juan-Carlos-Bastidas-Noriega-100x100.jpg 100w\" sizes=\"(max-width: 277px) 100vw, 277px\" \/><\/figure>\n<\/div>\n\n\n<p class=\"has-text-align-center\">Juan Carlos Bastidas Noriega<br><strong><strong>Escuela de Artes Sonoras (Alterno)<\/strong><\/strong><\/p>\n<\/div>\n\n\n\n<div class=\"wp-block-column is-layout-flow wp-block-column-is-layout-flow\"><div class=\"wp-block-image is-style-rounded\">\n<figure class=\"aligncenter size-full is-resized\"><img decoding=\"async\" width=\"242\" height=\"242\" src=\"http:\/\/www.uartes.edu.ec\/sitio\/wp-content\/uploads\/2021\/11\/Ivanna-Santoro-Rosillo.jpg\" alt=\"\" class=\"wp-image-16770\" style=\"width:125px;height:125px\" srcset=\"https:\/\/www.uartes.edu.ec\/sitio\/wp-content\/uploads\/2021\/11\/Ivanna-Santoro-Rosillo.jpg 242w, https:\/\/www.uartes.edu.ec\/sitio\/wp-content\/uploads\/2021\/11\/Ivanna-Santoro-Rosillo-150x150.jpg 150w, https:\/\/www.uartes.edu.ec\/sitio\/wp-content\/uploads\/2021\/11\/Ivanna-Santoro-Rosillo-60x60.jpg 60w, https:\/\/www.uartes.edu.ec\/sitio\/wp-content\/uploads\/2021\/11\/Ivanna-Santoro-Rosillo-100x100.jpg 100w\" sizes=\"(max-width: 242px) 100vw, 242px\" \/><\/figure>\n<\/div>\n\n\n<p class=\"has-text-align-center\">Ivanna Santoro Rosillo<br><strong><strong>Escuela de Artes Visuales<\/strong><\/strong><\/p>\n<\/div>\n\n\n\n<div class=\"wp-block-column is-layout-flow wp-block-column-is-layout-flow\"><div class=\"wp-block-image is-style-rounded\">\n<figure class=\"aligncenter size-full is-resized\"><img loading=\"lazy\" decoding=\"async\" width=\"267\" height=\"267\" src=\"http:\/\/www.uartes.edu.ec\/sitio\/wp-content\/uploads\/2021\/11\/Angel-Daniel-Ochoa-Bateoja.jpg\" alt=\"\" class=\"wp-image-16775\" style=\"width:125px;height:125px\" srcset=\"https:\/\/www.uartes.edu.ec\/sitio\/wp-content\/uploads\/2021\/11\/Angel-Daniel-Ochoa-Bateoja.jpg 267w, https:\/\/www.uartes.edu.ec\/sitio\/wp-content\/uploads\/2021\/11\/Angel-Daniel-Ochoa-Bateoja-150x150.jpg 150w, https:\/\/www.uartes.edu.ec\/sitio\/wp-content\/uploads\/2021\/11\/Angel-Daniel-Ochoa-Bateoja-60x60.jpg 60w, https:\/\/www.uartes.edu.ec\/sitio\/wp-content\/uploads\/2021\/11\/Angel-Daniel-Ochoa-Bateoja-100x100.jpg 100w\" sizes=\"(max-width: 267px) 100vw, 267px\" \/><\/figure>\n<\/div>\n\n\n<p class=\"has-text-align-center\">Angel Daniel Ochoa Bateoja<br><strong><strong>Escuela de Artes Visuales (Alterno)<\/strong><\/strong><\/p>\n<\/div>\n<\/div>\n\n\n\n<div class=\"wp-block-columns is-layout-flex wp-container-core-columns-is-layout-9d6595d7 wp-block-columns-is-layout-flex\">\n<div class=\"wp-block-column is-layout-flow wp-block-column-is-layout-flow\"><div class=\"wp-block-image is-style-rounded\">\n<figure class=\"aligncenter size-full is-resized\"><img loading=\"lazy\" decoding=\"async\" width=\"500\" height=\"500\" src=\"http:\/\/www.uartes.edu.ec\/sitio\/wp-content\/uploads\/2021\/11\/Magdalena-Elizabeth-Sacasa-Escala..jpg\" alt=\"\" class=\"wp-image-16768\" style=\"width:125px;height:125px\" srcset=\"https:\/\/www.uartes.edu.ec\/sitio\/wp-content\/uploads\/2021\/11\/Magdalena-Elizabeth-Sacasa-Escala..jpg 500w, https:\/\/www.uartes.edu.ec\/sitio\/wp-content\/uploads\/2021\/11\/Magdalena-Elizabeth-Sacasa-Escala.-300x300.jpg 300w, https:\/\/www.uartes.edu.ec\/sitio\/wp-content\/uploads\/2021\/11\/Magdalena-Elizabeth-Sacasa-Escala.-150x150.jpg 150w, https:\/\/www.uartes.edu.ec\/sitio\/wp-content\/uploads\/2021\/11\/Magdalena-Elizabeth-Sacasa-Escala.-60x60.jpg 60w, https:\/\/www.uartes.edu.ec\/sitio\/wp-content\/uploads\/2021\/11\/Magdalena-Elizabeth-Sacasa-Escala.-100x100.jpg 100w\" sizes=\"(max-width: 500px) 100vw, 500px\" \/><\/figure>\n<\/div>\n\n\n<p class=\"has-text-align-center\">Magdalena Elizabeth Sacasa Escala<br><strong><strong>Escuela de Artes Esc\u00e9nicas<\/strong><\/strong><\/p>\n<\/div>\n\n\n\n<div class=\"wp-block-column is-layout-flow wp-block-column-is-layout-flow\"><div class=\"wp-block-image is-style-rounded\">\n<figure class=\"aligncenter size-full is-resized\"><img loading=\"lazy\" decoding=\"async\" width=\"206\" height=\"206\" src=\"http:\/\/www.uartes.edu.ec\/sitio\/wp-content\/uploads\/2021\/11\/Mari\u0301a-Daniela-Felton-Briones.jpg\" alt=\"\" class=\"wp-image-16767\" style=\"width:125px;height:125px\" srcset=\"https:\/\/www.uartes.edu.ec\/sitio\/wp-content\/uploads\/2021\/11\/Mari\u0301a-Daniela-Felton-Briones.jpg 206w, https:\/\/www.uartes.edu.ec\/sitio\/wp-content\/uploads\/2021\/11\/Mari\u0301a-Daniela-Felton-Briones-150x150.jpg 150w, https:\/\/www.uartes.edu.ec\/sitio\/wp-content\/uploads\/2021\/11\/Mari\u0301a-Daniela-Felton-Briones-60x60.jpg 60w, https:\/\/www.uartes.edu.ec\/sitio\/wp-content\/uploads\/2021\/11\/Mari\u0301a-Daniela-Felton-Briones-100x100.jpg 100w\" sizes=\"(max-width: 206px) 100vw, 206px\" \/><\/figure>\n<\/div>\n\n\n<p class=\"has-text-align-center\">Mar\u00eda Daniela Felton Briones<br><strong><strong>Escuela de Artes Esc\u00e9nicas (Alterno)<\/strong><\/strong><\/p>\n<\/div>\n\n\n\n<div class=\"wp-block-column is-layout-flow wp-block-column-is-layout-flow\"><div class=\"wp-block-image is-style-rounded\">\n<figure class=\"aligncenter size-full is-resized\"><img loading=\"lazy\" decoding=\"async\" width=\"278\" height=\"280\" src=\"http:\/\/www.uartes.edu.ec\/sitio\/wp-content\/uploads\/2021\/11\/Anthony-Joshua-Guerrero-Zambrano.jpg\" alt=\"\" class=\"wp-image-16774\" style=\"width:125px;height:125px\" srcset=\"https:\/\/www.uartes.edu.ec\/sitio\/wp-content\/uploads\/2021\/11\/Anthony-Joshua-Guerrero-Zambrano.jpg 278w, https:\/\/www.uartes.edu.ec\/sitio\/wp-content\/uploads\/2021\/11\/Anthony-Joshua-Guerrero-Zambrano-150x150.jpg 150w, https:\/\/www.uartes.edu.ec\/sitio\/wp-content\/uploads\/2021\/11\/Anthony-Joshua-Guerrero-Zambrano-60x60.jpg 60w, https:\/\/www.uartes.edu.ec\/sitio\/wp-content\/uploads\/2021\/11\/Anthony-Joshua-Guerrero-Zambrano-100x100.jpg 100w\" sizes=\"(max-width: 278px) 100vw, 278px\" \/><\/figure>\n<\/div>\n\n\n<p class=\"has-text-align-center\">Anthony Joshua Guerrero Zambrano<br><strong><strong>Escuela de Literatura<\/strong><\/strong><\/p>\n<\/div>\n\n\n\n<div class=\"wp-block-column is-layout-flow wp-block-column-is-layout-flow\"><div class=\"wp-block-image is-style-rounded\">\n<figure class=\"aligncenter size-full is-resized\"><img loading=\"lazy\" decoding=\"async\" width=\"270\" height=\"276\" src=\"http:\/\/www.uartes.edu.ec\/sitio\/wp-content\/uploads\/2021\/11\/Mery-Johanna-Garci\u0301a-Guille\u0301n.jpg\" alt=\"\" class=\"wp-image-16766\" style=\"width:125px;height:125px\" srcset=\"https:\/\/www.uartes.edu.ec\/sitio\/wp-content\/uploads\/2021\/11\/Mery-Johanna-Garci\u0301a-Guille\u0301n.jpg 270w, https:\/\/www.uartes.edu.ec\/sitio\/wp-content\/uploads\/2021\/11\/Mery-Johanna-Garci\u0301a-Guille\u0301n-60x60.jpg 60w\" sizes=\"(max-width: 270px) 100vw, 270px\" \/><\/figure>\n<\/div>\n\n\n<p class=\"has-text-align-center\">Mery Johanna Garc\u00eda Guillen<br><strong><strong><strong><strong>Escuela de Literatura<\/strong><\/strong> (Alterno)<\/strong><\/strong><\/p>\n<\/div>\n<\/div>\n\n\n\n<div class=\"wp-block-columns is-layout-flex wp-container-core-columns-is-layout-9d6595d7 wp-block-columns-is-layout-flex\">\n<div class=\"wp-block-column is-layout-flow wp-block-column-is-layout-flow\"><div class=\"wp-block-image is-style-rounded\">\n<figure class=\"aligncenter size-full is-resized\"><img loading=\"lazy\" decoding=\"async\" width=\"289\" height=\"289\" src=\"http:\/\/www.uartes.edu.ec\/sitio\/wp-content\/uploads\/2021\/11\/Astrid-Coraima-Torres-Bermu\u0301dez.jpg\" alt=\"\" class=\"wp-image-16773\" style=\"width:125px;height:125px\" srcset=\"https:\/\/www.uartes.edu.ec\/sitio\/wp-content\/uploads\/2021\/11\/Astrid-Coraima-Torres-Bermu\u0301dez.jpg 289w, https:\/\/www.uartes.edu.ec\/sitio\/wp-content\/uploads\/2021\/11\/Astrid-Coraima-Torres-Bermu\u0301dez-150x150.jpg 150w, https:\/\/www.uartes.edu.ec\/sitio\/wp-content\/uploads\/2021\/11\/Astrid-Coraima-Torres-Bermu\u0301dez-60x60.jpg 60w, https:\/\/www.uartes.edu.ec\/sitio\/wp-content\/uploads\/2021\/11\/Astrid-Coraima-Torres-Bermu\u0301dez-100x100.jpg 100w\" sizes=\"(max-width: 289px) 100vw, 289px\" \/><\/figure>\n<\/div>\n\n\n<p class=\"has-text-align-center\">Astrid Coraima Torres Bermudez<br><strong><strong>Escuela de Cine<\/strong><\/strong><\/p>\n<\/div>\n\n\n\n<div class=\"wp-block-column is-layout-flow wp-block-column-is-layout-flow\"><div class=\"wp-block-image is-style-rounded\">\n<figure class=\"aligncenter size-full is-resized\"><img loading=\"lazy\" decoding=\"async\" width=\"309\" height=\"309\" src=\"http:\/\/www.uartes.edu.ec\/sitio\/wp-content\/uploads\/2021\/11\/Fernando-Gonzalo-Villacre\u0301s-Landi\u0301var.jpg\" alt=\"\" class=\"wp-image-16772\" style=\"width:125px;height:125px\" srcset=\"https:\/\/www.uartes.edu.ec\/sitio\/wp-content\/uploads\/2021\/11\/Fernando-Gonzalo-Villacre\u0301s-Landi\u0301var.jpg 309w, https:\/\/www.uartes.edu.ec\/sitio\/wp-content\/uploads\/2021\/11\/Fernando-Gonzalo-Villacre\u0301s-Landi\u0301var-300x300.jpg 300w, https:\/\/www.uartes.edu.ec\/sitio\/wp-content\/uploads\/2021\/11\/Fernando-Gonzalo-Villacre\u0301s-Landi\u0301var-150x150.jpg 150w, https:\/\/www.uartes.edu.ec\/sitio\/wp-content\/uploads\/2021\/11\/Fernando-Gonzalo-Villacre\u0301s-Landi\u0301var-60x60.jpg 60w, https:\/\/www.uartes.edu.ec\/sitio\/wp-content\/uploads\/2021\/11\/Fernando-Gonzalo-Villacre\u0301s-Landi\u0301var-100x100.jpg 100w\" sizes=\"(max-width: 309px) 100vw, 309px\" \/><\/figure>\n<\/div>\n\n\n<p class=\"has-text-align-center\">Fernando Gonzalo Villacr\u00e9s Landivar<br><strong><strong>Escuela de Cine (Alterno)<\/strong><\/strong><\/p>\n<\/div>\n\n\n\n<div class=\"wp-block-column is-layout-flow wp-block-column-is-layout-flow\"><div class=\"wp-block-image is-style-rounded\">\n<figure class=\"aligncenter size-full is-resized\"><img loading=\"lazy\" decoding=\"async\" width=\"280\" height=\"280\" src=\"http:\/\/www.uartes.edu.ec\/sitio\/wp-content\/uploads\/2021\/11\/Yuliana-Elizabeth-Ortiz-Ruano.jpg\" alt=\"\" class=\"wp-image-16765\" style=\"width:125px;height:125px\" srcset=\"https:\/\/www.uartes.edu.ec\/sitio\/wp-content\/uploads\/2021\/11\/Yuliana-Elizabeth-Ortiz-Ruano.jpg 280w, https:\/\/www.uartes.edu.ec\/sitio\/wp-content\/uploads\/2021\/11\/Yuliana-Elizabeth-Ortiz-Ruano-150x150.jpg 150w, https:\/\/www.uartes.edu.ec\/sitio\/wp-content\/uploads\/2021\/11\/Yuliana-Elizabeth-Ortiz-Ruano-60x60.jpg 60w, https:\/\/www.uartes.edu.ec\/sitio\/wp-content\/uploads\/2021\/11\/Yuliana-Elizabeth-Ortiz-Ruano-100x100.jpg 100w\" sizes=\"(max-width: 280px) 100vw, 280px\" \/><\/figure>\n<\/div>\n\n\n<p class=\"has-text-align-center\">Yulianna Elizabeth Ortiz Ruano<br><strong><strong>Unidad Transversal<\/strong><\/strong><\/p>\n<\/div>\n\n\n\n<div class=\"wp-block-column is-layout-flow wp-block-column-is-layout-flow\"><div class=\"wp-block-image is-style-rounded\">\n<figure class=\"aligncenter size-full is-resized\"><img loading=\"lazy\" decoding=\"async\" width=\"303\" height=\"303\" src=\"http:\/\/www.uartes.edu.ec\/sitio\/wp-content\/uploads\/2021\/11\/Ana-Bele\u0301n-Espinoza-Chonillo.jpg\" alt=\"\" class=\"wp-image-16776\" style=\"width:125px;height:125px\" srcset=\"https:\/\/www.uartes.edu.ec\/sitio\/wp-content\/uploads\/2021\/11\/Ana-Bele\u0301n-Espinoza-Chonillo.jpg 303w, https:\/\/www.uartes.edu.ec\/sitio\/wp-content\/uploads\/2021\/11\/Ana-Bele\u0301n-Espinoza-Chonillo-300x300.jpg 300w, https:\/\/www.uartes.edu.ec\/sitio\/wp-content\/uploads\/2021\/11\/Ana-Bele\u0301n-Espinoza-Chonillo-150x150.jpg 150w, https:\/\/www.uartes.edu.ec\/sitio\/wp-content\/uploads\/2021\/11\/Ana-Bele\u0301n-Espinoza-Chonillo-60x60.jpg 60w, https:\/\/www.uartes.edu.ec\/sitio\/wp-content\/uploads\/2021\/11\/Ana-Bele\u0301n-Espinoza-Chonillo-100x100.jpg 100w\" sizes=\"(max-width: 303px) 100vw, 303px\" \/><\/figure>\n<\/div>\n\n\n<p class=\"has-text-align-center\">Ana Bel\u00e9n Espinoza Chonillo<br><strong><strong><strong><strong>Unidad Transversal<\/strong><\/strong><\/strong><\/strong> <strong><strong>(Alterno)<\/strong><\/strong><\/p>\n<\/div>\n<\/div>\n\n\n\n<div class=\"wp-block-getwid-advanced-spacer getwid-hide-mobile\" style=\"height:52px\" aria-hidden=\"true\"><\/div>\n\n\n\n<h3 class=\"wp-block-heading\" id=\"academicos\">Per\u00edodos anteriores<\/h3>\n\n\n<nav class=\"is-responsive items-justified-space-between wp-block-navigation is-content-justification-space-between is-layout-flex wp-container-core-navigation-is-layout-3d213aab wp-block-navigation-is-layout-flex\" aria-label=\"OCS - Miembros anteriores\" \n\t\t data-wp-interactive=\"core\/navigation\" data-wp-context='{\"overlayOpenedBy\":{\"click\":false,\"hover\":false,\"focus\":false},\"type\":\"overlay\",\"roleAttribute\":\"\",\"ariaLabel\":\"Men\\u00fa\"}'><button aria-haspopup=\"dialog\" aria-label=\"Abrir el men\u00fa\" class=\"wp-block-navigation__responsive-container-open\" \n\t\t\t\tdata-wp-on--click=\"actions.openMenuOnClick\"\n\t\t\t\tdata-wp-on--keydown=\"actions.handleMenuKeydown\"\n\t\t\t><svg width=\"24\" height=\"24\" xmlns=\"http:\/\/www.w3.org\/2000\/svg\" viewBox=\"0 0 24 24\" aria-hidden=\"true\" focusable=\"false\"><path d=\"M4 7.5h16v1.5H4z\"><\/path><path d=\"M4 15h16v1.5H4z\"><\/path><\/svg><\/button>\n\t\t\t\t<div class=\"wp-block-navigation__responsive-container\"  id=\"modal-1\" \n\t\t\t\tdata-wp-class--has-modal-open=\"state.isMenuOpen\"\n\t\t\t\tdata-wp-class--is-menu-open=\"state.isMenuOpen\"\n\t\t\t\tdata-wp-watch=\"callbacks.initMenu\"\n\t\t\t\tdata-wp-on--keydown=\"actions.handleMenuKeydown\"\n\t\t\t\tdata-wp-on--focusout=\"actions.handleMenuFocusout\"\n\t\t\t\ttabindex=\"-1\"\n\t\t\t>\n\t\t\t\t\t<div class=\"wp-block-navigation__responsive-close\" tabindex=\"-1\">\n\t\t\t\t\t\t<div class=\"wp-block-navigation__responsive-dialog\" \n\t\t\t\tdata-wp-bind--aria-modal=\"state.ariaModal\"\n\t\t\t\tdata-wp-bind--aria-label=\"state.ariaLabel\"\n\t\t\t\tdata-wp-bind--role=\"state.roleAttribute\"\n\t\t\t>\n\t\t\t\t\t\t\t<button aria-label=\"Cerrar el men\u00fa\" class=\"wp-block-navigation__responsive-container-close\" \n\t\t\t\tdata-wp-on--click=\"actions.closeMenuOnClick\"\n\t\t\t><svg xmlns=\"http:\/\/www.w3.org\/2000\/svg\" viewBox=\"0 0 24 24\" width=\"24\" height=\"24\" aria-hidden=\"true\" focusable=\"false\"><path d=\"m13.06 12 6.47-6.47-1.06-1.06L12 10.94 5.53 4.47 4.47 5.53 10.94 12l-6.47 6.47 1.06 1.06L12 13.06l6.47 6.47 1.06-1.06L13.06 12Z\"><\/path><\/svg><\/button>\n\t\t\t\t\t\t\t<div class=\"wp-block-navigation__responsive-container-content\" \n\t\t\t\tdata-wp-watch=\"callbacks.focusFirstElement\"\n\t\t\t id=\"modal-1-content\">\n\t\t\t\t\t\t\t\t<ul class=\"wp-block-navigation__container is-responsive items-justified-space-between wp-block-navigation\"><li class=\" wp-block-navigation-item wp-block-navigation-link\"><a class=\"wp-block-navigation-item__content\"  href=\"https:\/\/www.uartes.edu.ec\/sitio\/la-universidad\/la-universidad\/ocs\/miembros\/2025-2\/\"><span class=\"wp-block-navigation-item__label\">2025<\/span><\/a><\/li><li class=\" wp-block-navigation-item wp-block-navigation-link\"><a class=\"wp-block-navigation-item__content\"  href=\"https:\/\/www.uartes.edu.ec\/sitio\/la-universidad\/la-universidad\/ocs\/miembros\/2024-2\/\"><span class=\"wp-block-navigation-item__label\">2024<\/span><\/a><\/li><li class=\" wp-block-navigation-item wp-block-navigation-link\"><a class=\"wp-block-navigation-item__content\"  href=\"https:\/\/www.uartes.edu.ec\/sitio\/la-universidad\/ocs\/miembros\/2023\/\"><span class=\"wp-block-navigation-item__label\">2023<\/span><\/a><\/li><li class=\" wp-block-navigation-item wp-block-navigation-link\"><a class=\"wp-block-navigation-item__content\"  href=\"https:\/\/www.uartes.edu.ec\/sitio\/la-universidad\/ocs\/miembros\/2022\/\"><span class=\"wp-block-navigation-item__label\">2022<\/span><\/a><\/li><li class=\" wp-block-navigation-item wp-block-navigation-link\"><a class=\"wp-block-navigation-item__content\"  href=\"https:\/\/www.uartes.edu.ec\/sitio\/la-universidad\/ocs\/miembros\/2021\/\"><span class=\"wp-block-navigation-item__label\">2021<\/span><\/a><\/li><\/ul>\n\t\t\t\t\t\t\t<\/div>\n\t\t\t\t\t\t<\/div>\n\t\t\t\t\t<\/div>\n\t\t\t\t<\/div><\/nav>","protected":false},"excerpt":{"rendered":"<p>Miembros anteriores del OCS Representantes estudiantiles Laura Ang\u00e9lica J\u00e1come CabezasEscuela de Artes Sonoras Juan Carlos Bastidas NoriegaEscuela de Artes Sonoras (Alterno) Ivanna Santoro RosilloEscuela de Artes Visuales Angel Daniel Ochoa BateojaEscuela de Artes Visuales (Alterno) Magdalena Elizabeth Sacasa EscalaEscuela de Artes Esc\u00e9nicas Mar\u00eda Daniela Felton BrionesEscuela de Artes Esc\u00e9nicas (Alterno) Anthony Joshua Guerrero ZambranoEscuela de [&hellip;]<\/p>\n","protected":false},"author":1,"featured_media":0,"parent":16744,"menu_order":4,"comment_status":"closed","ping_status":"closed","template":"","meta":{"_acf_changed":false,"_uag_custom_page_level_css":"","_monsterinsights_skip_tracking":false,"_monsterinsights_sitenote_active":false,"_monsterinsights_sitenote_note":"","_monsterinsights_sitenote_category":0,"cybocfi_hide_featured_image":"","footnotes":""},"class_list":["post-19707","page","type-page","status-publish","hentry"],"acf":[],"yoast_head":"<!-- This site is optimized with the Yoast SEO plugin v27.4 - https:\/\/yoast.com\/product\/yoast-seo-wordpress\/ -->\n<title>Universidad de las Artes - 2021<\/title>\n<meta name=\"description\" content=\"Universidad de las Artes - 2021\" \/>\n<meta name=\"robots\" content=\"index, follow, max-snippet:-1, max-image-preview:large, max-video-preview:-1\" \/>\n<link rel=\"canonical\" href=\"https:\/\/www.uartes.edu.ec\/sitio\/la-universidad\/ocs\/miembros\/2021\/\" \/>\n<meta property=\"og:locale\" content=\"es_ES\" \/>\n<meta property=\"og:type\" content=\"article\" \/>\n<meta property=\"og:title\" content=\"Universidad de las Artes - 2021\" \/>\n<meta property=\"og:description\" content=\"Universidad de las Artes - 2021\" \/>\n<meta property=\"og:url\" content=\"https:\/\/www.uartes.edu.ec\/sitio\/la-universidad\/ocs\/miembros\/2021\/\" \/>\n<meta property=\"og:site_name\" content=\"Universidad de las Artes\" \/>\n<meta property=\"article:publisher\" content=\"https:\/\/www.facebook.com\/uartesec\" \/>\n<meta property=\"article:modified_time\" content=\"2024-07-04T16:23:55+00:00\" \/>\n<meta property=\"og:image\" content=\"http:\/\/www.uartes.edu.ec\/sitio\/wp-content\/uploads\/2021\/11\/Juan-Carlos-Bastidas-Noriega.jpg\" \/>\n<meta name=\"twitter:card\" content=\"summary_large_image\" \/>\n<meta name=\"twitter:site\" content=\"@uartesec\" \/>\n<meta name=\"twitter:label1\" content=\"Tiempo de lectura\" \/>\n\t<meta name=\"twitter:data1\" content=\"3 minutos\" \/>\n<script type=\"application\/ld+json\" class=\"yoast-schema-graph\">{\"@context\":\"https:\\\/\\\/schema.org\",\"@graph\":[{\"@type\":\"WebPage\",\"@id\":\"https:\\\/\\\/www.uartes.edu.ec\\\/sitio\\\/la-universidad\\\/ocs\\\/miembros\\\/2021\\\/\",\"url\":\"https:\\\/\\\/www.uartes.edu.ec\\\/sitio\\\/la-universidad\\\/ocs\\\/miembros\\\/2021\\\/\",\"name\":\"Universidad de las Artes - 2021\",\"isPartOf\":{\"@id\":\"https:\\\/\\\/www.uartes.edu.ec\\\/sitio\\\/#website\"},\"primaryImageOfPage\":{\"@id\":\"https:\\\/\\\/www.uartes.edu.ec\\\/sitio\\\/la-universidad\\\/ocs\\\/miembros\\\/2021\\\/#primaryimage\"},\"image\":{\"@id\":\"https:\\\/\\\/www.uartes.edu.ec\\\/sitio\\\/la-universidad\\\/ocs\\\/miembros\\\/2021\\\/#primaryimage\"},\"thumbnailUrl\":\"http:\\\/\\\/www.uartes.edu.ec\\\/sitio\\\/wp-content\\\/uploads\\\/2021\\\/11\\\/Juan-Carlos-Bastidas-Noriega.jpg\",\"datePublished\":\"2022-02-21T16:06:08+00:00\",\"dateModified\":\"2024-07-04T16:23:55+00:00\",\"description\":\"Universidad de las Artes - 2021\",\"breadcrumb\":{\"@id\":\"https:\\\/\\\/www.uartes.edu.ec\\\/sitio\\\/la-universidad\\\/ocs\\\/miembros\\\/2021\\\/#breadcrumb\"},\"inLanguage\":\"es\",\"potentialAction\":[{\"@type\":\"ReadAction\",\"target\":[\"https:\\\/\\\/www.uartes.edu.ec\\\/sitio\\\/la-universidad\\\/ocs\\\/miembros\\\/2021\\\/\"]}]},{\"@type\":\"ImageObject\",\"inLanguage\":\"es\",\"@id\":\"https:\\\/\\\/www.uartes.edu.ec\\\/sitio\\\/la-universidad\\\/ocs\\\/miembros\\\/2021\\\/#primaryimage\",\"url\":\"https:\\\/\\\/www.uartes.edu.ec\\\/sitio\\\/wp-content\\\/uploads\\\/2021\\\/11\\\/Juan-Carlos-Bastidas-Noriega.jpg\",\"contentUrl\":\"https:\\\/\\\/www.uartes.edu.ec\\\/sitio\\\/wp-content\\\/uploads\\\/2021\\\/11\\\/Juan-Carlos-Bastidas-Noriega.jpg\",\"width\":277,\"height\":277},{\"@type\":\"BreadcrumbList\",\"@id\":\"https:\\\/\\\/www.uartes.edu.ec\\\/sitio\\\/la-universidad\\\/ocs\\\/miembros\\\/2021\\\/#breadcrumb\",\"itemListElement\":[{\"@type\":\"ListItem\",\"position\":1,\"name\":\"Inicio\",\"item\":\"https:\\\/\\\/www.uartes.edu.ec\\\/sitio\\\/\"},{\"@type\":\"ListItem\",\"position\":2,\"name\":\"Universidad de las Artes\",\"item\":\"https:\\\/\\\/www.uartes.edu.ec\\\/sitio\\\/\"},{\"@type\":\"ListItem\",\"position\":3,\"name\":\"La Universidad\",\"item\":\"https:\\\/\\\/www.uartes.edu.ec\\\/sitio\\\/la-universidad\\\/la-universidad\\\/\"},{\"@type\":\"ListItem\",\"position\":4,\"name\":\"\u00d3rgano Colegiado Superior\",\"item\":\"https:\\\/\\\/www.uartes.edu.ec\\\/sitio\\\/la-universidad\\\/ocs\\\/\"},{\"@type\":\"ListItem\",\"position\":5,\"name\":\"Miembros del OCS\",\"item\":\"https:\\\/\\\/www.uartes.edu.ec\\\/sitio\\\/la-universidad\\\/ocs\\\/miembros\\\/\"},{\"@type\":\"ListItem\",\"position\":6,\"name\":\"2021\"}]},{\"@type\":\"WebSite\",\"@id\":\"https:\\\/\\\/www.uartes.edu.ec\\\/sitio\\\/#website\",\"url\":\"https:\\\/\\\/www.uartes.edu.ec\\\/sitio\\\/\",\"name\":\"Universidad de las Artes\",\"description\":\"Sitio oficial de la Universidad Nacional de las Artes del Ecuador\",\"publisher\":{\"@id\":\"https:\\\/\\\/www.uartes.edu.ec\\\/sitio\\\/#organization\"},\"potentialAction\":[{\"@type\":\"SearchAction\",\"target\":{\"@type\":\"EntryPoint\",\"urlTemplate\":\"https:\\\/\\\/www.uartes.edu.ec\\\/sitio\\\/?s={search_term_string}\"},\"query-input\":{\"@type\":\"PropertyValueSpecification\",\"valueRequired\":true,\"valueName\":\"search_term_string\"}}],\"inLanguage\":\"es\"},{\"@type\":\"Organization\",\"@id\":\"https:\\\/\\\/www.uartes.edu.ec\\\/sitio\\\/#organization\",\"name\":\"Universidad de las Artes\",\"url\":\"https:\\\/\\\/www.uartes.edu.ec\\\/sitio\\\/\",\"logo\":{\"@type\":\"ImageObject\",\"inLanguage\":\"es\",\"@id\":\"https:\\\/\\\/www.uartes.edu.ec\\\/sitio\\\/#\\\/schema\\\/logo\\\/image\\\/\",\"url\":\"https:\\\/\\\/www.uartes.edu.ec\\\/sitio\\\/wp-content\\\/uploads\\\/2022\\\/07\\\/logo-ua-horizontal.png\",\"contentUrl\":\"https:\\\/\\\/www.uartes.edu.ec\\\/sitio\\\/wp-content\\\/uploads\\\/2022\\\/07\\\/logo-ua-horizontal.png\",\"width\":800,\"height\":276,\"caption\":\"Universidad de las Artes\"},\"image\":{\"@id\":\"https:\\\/\\\/www.uartes.edu.ec\\\/sitio\\\/#\\\/schema\\\/logo\\\/image\\\/\"},\"sameAs\":[\"https:\\\/\\\/www.facebook.com\\\/uartesec\",\"https:\\\/\\\/x.com\\\/uartesec\",\"https:\\\/\\\/www.tiktok.com\\\/@uartesec\"]}]}<\/script>\n<!-- \/ Yoast SEO plugin. -->","yoast_head_json":{"title":"Universidad de las Artes - 2021","description":"Universidad de las Artes - 2021","robots":{"index":"index","follow":"follow","max-snippet":"max-snippet:-1","max-image-preview":"max-image-preview:large","max-video-preview":"max-video-preview:-1"},"canonical":"https:\/\/www.uartes.edu.ec\/sitio\/la-universidad\/ocs\/miembros\/2021\/","og_locale":"es_ES","og_type":"article","og_title":"Universidad de las Artes - 2021","og_description":"Universidad de las Artes - 2021","og_url":"https:\/\/www.uartes.edu.ec\/sitio\/la-universidad\/ocs\/miembros\/2021\/","og_site_name":"Universidad de las Artes","article_publisher":"https:\/\/www.facebook.com\/uartesec","article_modified_time":"2024-07-04T16:23:55+00:00","og_image":[{"url":"http:\/\/www.uartes.edu.ec\/sitio\/wp-content\/uploads\/2021\/11\/Juan-Carlos-Bastidas-Noriega.jpg","type":"","width":"","height":""}],"twitter_card":"summary_large_image","twitter_site":"@uartesec","twitter_misc":{"Tiempo de lectura":"3 minutos"},"schema":{"@context":"https:\/\/schema.org","@graph":[{"@type":"WebPage","@id":"https:\/\/www.uartes.edu.ec\/sitio\/la-universidad\/ocs\/miembros\/2021\/","url":"https:\/\/www.uartes.edu.ec\/sitio\/la-universidad\/ocs\/miembros\/2021\/","name":"Universidad de las Artes - 2021","isPartOf":{"@id":"https:\/\/www.uartes.edu.ec\/sitio\/#website"},"primaryImageOfPage":{"@id":"https:\/\/www.uartes.edu.ec\/sitio\/la-universidad\/ocs\/miembros\/2021\/#primaryimage"},"image":{"@id":"https:\/\/www.uartes.edu.ec\/sitio\/la-universidad\/ocs\/miembros\/2021\/#primaryimage"},"thumbnailUrl":"http:\/\/www.uartes.edu.ec\/sitio\/wp-content\/uploads\/2021\/11\/Juan-Carlos-Bastidas-Noriega.jpg","datePublished":"2022-02-21T16:06:08+00:00","dateModified":"2024-07-04T16:23:55+00:00","description":"Universidad de las Artes - 2021","breadcrumb":{"@id":"https:\/\/www.uartes.edu.ec\/sitio\/la-universidad\/ocs\/miembros\/2021\/#breadcrumb"},"inLanguage":"es","potentialAction":[{"@type":"ReadAction","target":["https:\/\/www.uartes.edu.ec\/sitio\/la-universidad\/ocs\/miembros\/2021\/"]}]},{"@type":"ImageObject","inLanguage":"es","@id":"https:\/\/www.uartes.edu.ec\/sitio\/la-universidad\/ocs\/miembros\/2021\/#primaryimage","url":"https:\/\/www.uartes.edu.ec\/sitio\/wp-content\/uploads\/2021\/11\/Juan-Carlos-Bastidas-Noriega.jpg","contentUrl":"https:\/\/www.uartes.edu.ec\/sitio\/wp-content\/uploads\/2021\/11\/Juan-Carlos-Bastidas-Noriega.jpg","width":277,"height":277},{"@type":"BreadcrumbList","@id":"https:\/\/www.uartes.edu.ec\/sitio\/la-universidad\/ocs\/miembros\/2021\/#breadcrumb","itemListElement":[{"@type":"ListItem","position":1,"name":"Inicio","item":"https:\/\/www.uartes.edu.ec\/sitio\/"},{"@type":"ListItem","position":2,"name":"Universidad de las Artes","item":"https:\/\/www.uartes.edu.ec\/sitio\/"},{"@type":"ListItem","position":3,"name":"La Universidad","item":"https:\/\/www.uartes.edu.ec\/sitio\/la-universidad\/la-universidad\/"},{"@type":"ListItem","position":4,"name":"\u00d3rgano Colegiado Superior","item":"https:\/\/www.uartes.edu.ec\/sitio\/la-universidad\/ocs\/"},{"@type":"ListItem","position":5,"name":"Miembros del OCS","item":"https:\/\/www.uartes.edu.ec\/sitio\/la-universidad\/ocs\/miembros\/"},{"@type":"ListItem","position":6,"name":"2021"}]},{"@type":"WebSite","@id":"https:\/\/www.uartes.edu.ec\/sitio\/#website","url":"https:\/\/www.uartes.edu.ec\/sitio\/","name":"Universidad de las Artes","description":"Sitio oficial de la Universidad Nacional de las Artes del Ecuador","publisher":{"@id":"https:\/\/www.uartes.edu.ec\/sitio\/#organization"},"potentialAction":[{"@type":"SearchAction","target":{"@type":"EntryPoint","urlTemplate":"https:\/\/www.uartes.edu.ec\/sitio\/?s={search_term_string}"},"query-input":{"@type":"PropertyValueSpecification","valueRequired":true,"valueName":"search_term_string"}}],"inLanguage":"es"},{"@type":"Organization","@id":"https:\/\/www.uartes.edu.ec\/sitio\/#organization","name":"Universidad de las Artes","url":"https:\/\/www.uartes.edu.ec\/sitio\/","logo":{"@type":"ImageObject","inLanguage":"es","@id":"https:\/\/www.uartes.edu.ec\/sitio\/#\/schema\/logo\/image\/","url":"https:\/\/www.uartes.edu.ec\/sitio\/wp-content\/uploads\/2022\/07\/logo-ua-horizontal.png","contentUrl":"https:\/\/www.uartes.edu.ec\/sitio\/wp-content\/uploads\/2022\/07\/logo-ua-horizontal.png","width":800,"height":276,"caption":"Universidad de las Artes"},"image":{"@id":"https:\/\/www.uartes.edu.ec\/sitio\/#\/schema\/logo\/image\/"},"sameAs":["https:\/\/www.facebook.com\/uartesec","https:\/\/x.com\/uartesec","https:\/\/www.tiktok.com\/@uartesec"]}]}},"uagb_featured_image_src":{"full":false,"thumbnail":false,"medium":false,"medium_large":false,"large":false,"1536x1536":false,"2048x2048":false,"trp-custom-language-flag":false,"htmega_size_585x295":false,"htmega_size_1170x536":false,"htmega_size_396x360":false,"gb-block-post-grid-landscape":false,"gb-block-post-grid-square":false,"university-hub-thumb":false},"uagb_author_info":{"display_name":"Universidad de las Artes","author_link":"https:\/\/www.uartes.edu.ec\/sitio\/blog\/author\/dircomadm\/"},"uagb_comment_info":0,"uagb_excerpt":"Miembros anteriores del OCS Representantes estudiantiles Laura Ang\u00e9lica J\u00e1come CabezasEscuela de Artes Sonoras Juan Carlos Bastidas NoriegaEscuela de Artes Sonoras (Alterno) Ivanna Santoro RosilloEscuela de Artes Visuales Angel Daniel Ochoa BateojaEscuela de Artes Visuales (Alterno) Magdalena Elizabeth Sacasa EscalaEscuela de Artes Esc\u00e9nicas Mar\u00eda Daniela Felton BrionesEscuela de Artes Esc\u00e9nicas (Alterno) Anthony Joshua Guerrero ZambranoEscuela de&hellip;","featured_image_src":null,"featured_image_src_square":null,"publishpress_future_action":{"enabled":false,"date":"2026-05-08 06:55:12","action":"change-status","newStatus":"draft","terms":[],"taxonomy":"","extraData":[]},"publishpress_future_workflow_manual_trigger":{"enabledWorkflows":[]},"distributor_meta":false,"distributor_terms":false,"distributor_media":false,"distributor_original_site_name":"Universidad de las Artes","distributor_original_site_url":"https:\/\/www.uartes.edu.ec\/sitio","push-errors":false,"_links":{"self":[{"href":"https:\/\/www.uartes.edu.ec\/sitio\/wp-json\/wp\/v2\/pages\/19707","targetHints":{"allow":["GET"]}}],"collection":[{"href":"https:\/\/www.uartes.edu.ec\/sitio\/wp-json\/wp\/v2\/pages"}],"about":[{"href":"https:\/\/www.uartes.edu.ec\/sitio\/wp-json\/wp\/v2\/types\/page"}],"author":[{"embeddable":true,"href":"https:\/\/www.uartes.edu.ec\/sitio\/wp-json\/wp\/v2\/users\/1"}],"replies":[{"embeddable":true,"href":"https:\/\/www.uartes.edu.ec\/sitio\/wp-json\/wp\/v2\/comments?post=19707"}],"version-history":[{"count":8,"href":"https:\/\/www.uartes.edu.ec\/sitio\/wp-json\/wp\/v2\/pages\/19707\/revisions"}],"predecessor-version":[{"id":52192,"href":"https:\/\/www.uartes.edu.ec\/sitio\/wp-json\/wp\/v2\/pages\/19707\/revisions\/52192"}],"up":[{"embeddable":true,"href":"https:\/\/www.uartes.edu.ec\/sitio\/wp-json\/wp\/v2\/pages\/16744"}],"wp:attachment":[{"href":"https:\/\/www.uartes.edu.ec\/sitio\/wp-json\/wp\/v2\/media?parent=19707"}],"curies":[{"name":"wp","href":"https:\/\/api.w.org\/{rel}","templated":true}]}}