{"id":3103,"date":"2019-03-20T16:43:27","date_gmt":"2019-03-20T21:43:27","guid":{"rendered":"http:\/\/www.uartes.edu.ec\/sitio\/la-universidad\/la-universidad\/comision-gestora\/resoluciones-2019\/"},"modified":"2025-04-09T10:23:32","modified_gmt":"2025-04-09T15:23:32","slug":"resoluciones-2019","status":"publish","type":"page","link":"https:\/\/www.uartes.edu.ec\/sitio\/la-universidad\/la-universidad\/ocs\/resoluciones-2019\/","title":{"rendered":"Resoluciones 2019"},"content":{"rendered":"\n<p>Mediante Acuerdo No. SENESCYT,2018-013 de 23 de febrero de 2018, el Secretario de Educaci\u00f3n Superior, Ciencia y Tecnolog\u00eda, design\u00f3 a los miembros de la Comisi\u00f3n Gestora de la Universidad de las Artes, la cual se desempe\u00f1a como m\u00e1xima autoridad de la Universidad y desempe\u00f1ar\u00e1 las funciones, acad\u00e9micas, administrativas, financieras y regulatorias.<\/p>\n\n\n\n<p>La Comisi\u00f3n act\u00faa como autoridad m\u00e1xima de la instituci\u00f3n acad\u00e9mica, conformada tambi\u00e9n por los miembros internos: el Dr. Ramiro Noriega, Rector y Presidente de la Comisi\u00f3n Gestora de la Universidad, PhD. Mar\u00eda Paulina Soto Labb\u00e9, PhD. Ra\u00fal Vallejo, PhD. Andrey Astaiza, y; miembros externos: Manuel Sarmiento, delegada\/o del Ministerio de Cultura y Patrimonio y; Subsecretario\/a General de Educaci\u00f3n Superior, delegado de SENESCYT.<\/p>\n\n\n\n<p>Los comisionados desempe\u00f1ar\u00e1n funciones acad\u00e9micas, administrativas, financieras y regulatorias de la instituci\u00f3n. De esta forma se consolida el trabajo normativo y de la pol\u00edtica de educaci\u00f3n que plantea la creaci\u00f3n de universidades p\u00fablicas emblem\u00e1ticas de acuerdo con las necesidades del Ecuador, sobre par\u00e1metros de calidad, democracia y pertinencia.<\/p>\n\n\n\n<h3 class=\"wp-block-heading\">EXTRACTOS DE RESOLUCIONES DE LA COMISI\u00d3N GESTORA 2019<\/h3>\n\n\n\n<figure class=\"wp-block-table is-style-stripes\"><table class=\"has-fixed-layout\"><tbody><tr><td>\n<p><strong><a href=\"https:\/\/www.uartes.edu.ec\/descargables\/comision-gestora\/2019\/resoluciones\/RES CG-UA-001-2019.PDF\">Resoluci\u00f3n No. CG-UA-2019-001<\/a>:<\/strong> Resoluci\u00f3n confidencial de conformidad a lo se\u00f1alado en el art. 5, numeral 20 del C.O.IP. Firma: Dr. Ramiro Noriega Fern\u00e1ndez, Ab. Jamie Miranda Vargas, Secretaria. <br><em>9 de enero de 2019<\/em><\/p>\n<\/td><\/tr><tr><td>\n<p><strong><a href=\"https:\/\/www.uartes.edu.ec\/descargables\/comision-gestora\/2019\/resoluciones\/RES CG-UA-002-2019.pdf\" target=\"_blank\" rel=\"noopener\">Resoluci\u00f3n No. CG-UA-2018-002<\/a>:<\/strong> Resuelve: Aprobar el Plan Operativo Anual 2019 de la Universidad de las Artes. Firma: Dr. Ramiro Noriega Fern\u00e1ndez, Ab. Jamie Miranda Vargas, Secretaria. <br><em>9 de enero de 2019<\/em><\/p>\n<\/td><\/tr><tr><td>\n<p><strong><a href=\"https:\/\/www.uartes.edu.ec\/descargables\/comision-gestora\/2019\/resoluciones\/RES CG-UA-003-2019.pdf\" target=\"_blank\" rel=\"noopener\">Resoluci\u00f3n No. CG-UA-2018-003<\/a>:<\/strong> Resuelve: Aprobar Calendario Acad\u00e9mico 2019 de la Universidad de las Artes. Firma: Dr. Ramiro Noriega Fern\u00e1ndez, Ab. Jamie Miranda Vargas, Secretaria. <br><em>9 de enero de 2019<\/em><\/p>\n<\/td><\/tr><tr><td>\n<p><strong><a href=\"https:\/\/www.uartes.edu.ec\/descargables\/comision-gestora\/2019\/resoluciones\/RES CG-UA-004-2019.pdf\" target=\"_blank\" rel=\"noopener\">Resoluci\u00f3n No. CG-UA-2018-004<\/a>:<\/strong> Resuelve: Aprobar el Plan Anual de Contrataci\u00f3n 2019 de la Universidad de las Artes. Firma: Dr. Ramiro Noriega Fern\u00e1ndez, Ab. Jamie Miranda Vargas, Secretaria. <br><em>15 de enero de 2019<\/em><\/p>\n<\/td><\/tr><tr><td>\n<p><strong><a href=\"https:\/\/www.uartes.edu.ec\/descargables\/comision-gestora\/2019\/resoluciones\/RES CG-UA-005-2019.pdf\" target=\"_blank\" rel=\"noopener\">Resoluci\u00f3n No. CG-UA-2018-005<\/a>:<\/strong> Resuelve: Aprobar reforma al C\u00f3digo de \u00c9tica de la Universidad de las Artes. Firma: Dr. Ramiro Noriega Fern\u00e1ndez, Ab. Jamie Miranda Vargas. <br><em>17 de enero de 2019<\/em><\/p>\n<\/td><\/tr><tr><td>\n<p><strong><a href=\"https:\/\/www.uartes.edu.ec\/descargables\/comision-gestora\/2019\/resoluciones\/RES CG-UA-006-2019.pdf\">Resoluci\u00f3n No. CG-UA-2018-006<\/a>:<\/strong> Resoluci\u00f3n confidencial de conformidad a lo se\u00f1alado en el art. 5, numeral 20 del C.O.IP. Firma: Dr. Ramiro Noriega Fern\u00e1ndez, Ab. Jamie Miranda Vargas, Secretaria Ad Hoc. <br><em>21 de enero de 2019<\/em><\/p>\n<\/td><\/tr><tr><td>\n<p><strong><a href=\"https:\/\/www.uartes.edu.ec\/descargables\/comision-gestora\/2019\/resoluciones\/RES CG-UA-2019-008.pdf\">Resoluci\u00f3n No. CG-UA-2019-008<\/a>:<\/strong> Aprobar y autorizar el viaje institucional al Dr. Ramiro Noriega Fern\u00e1ndez, quien participar\u00e1 en la XIX Conferencia Cient\u00edfica organizada por la Universidad de las Artes, ISA. Firma: Dr. Ramiro Noriega Fern\u00e1ndez, Ab. Patricia Ayala Happe, Secretaria Ad Hoc. <br><em>30 de enero de 2019<\/em><\/p>\n<\/td><\/tr><tr><td>\n<p><strong><a href=\"https:\/\/www.uartes.edu.ec\/descargables\/comision-gestora\/2019\/resoluciones\/RES CG-UA-2019-009.pdf\">Resoluci\u00f3n No. CG-UA-2019-009<\/a>:<\/strong> Aprobar el Estatuto de la Universidad de las Artes. Firma: Dr. Ramiro Noriega Fern\u00e1ndez, Ab. Patricia Ayala Happe, Secretaria Ad Hoc. <br><em>30 de enero de 2019<\/em><\/p>\n<\/td><\/tr><tr><td>\n<p><strong><a href=\"https:\/\/www.uartes.edu.ec\/descargables\/comision-gestora\/2019\/resoluciones\/RES CG-UA-2019-010.pdf\">Resoluci\u00f3n No. CG-UA-2019-010<\/a>:<\/strong> Aprobar viaje institucional al Presidente de la Comisi\u00f3n Gestora \u2013 Rector a las ciudades de M\u00e9xico y Lima. Firma: Dr. Ramiro Noriega Fern\u00e1ndez, Ab. Jamie Miranda Vargas, Secretaria. <br><em>13 de febrero de 2019<\/em><\/p>\n<\/td><\/tr><tr><td>\n<p><strong><a href=\"https:\/\/www.uartes.edu.ec\/descargables\/comision-gestora\/2019\/resoluciones\/RES CG-UA-2019-011.PDF\">Resoluci\u00f3n No. CG-UA-2019-011<\/a>:<\/strong> Autorizaci\u00f3n de vacaciones del Presidente de la Comisi\u00f3n Gestora \u2013 Rector y subrogaci\u00f3n de funciones. Firma: Dr. Ramiro Noriega Fern\u00e1ndez, Ab. Jamie Miranda Vargas, Secretaria. <br><em>13 de febrero de 2019<\/em><\/p>\n<\/td><\/tr><tr><td>\n<p><strong><a href=\"https:\/\/www.uartes.edu.ec\/descargables\/comision-gestora\/2019\/resoluciones\/RES CG-UA-2019-012.PDF\">Resoluci\u00f3n No. CG-UA-2019-012<\/a>:<\/strong> Aprobar reconocimiento art\u00edstico a los postulantes Jorge Parra y Luis Rodriguez. Firma: Dr. Ramiro Noriega Fern\u00e1ndez, Ab. Jamie Miranda Vargas, Secretaria. <br><em>13 de febrero de 2019<\/em><\/p>\n<\/td><\/tr><tr><td>\n<p><strong><a href=\"https:\/\/www.uartes.edu.ec\/descargables\/comision-gestora\/2019\/resoluciones\/RES CG-UA-2019-013.PDF\">Resoluci\u00f3n No. CG-UA-2019-013<\/a>:<\/strong> Conformar Comisi\u00f3n Especial de Disciplina. Firma: Dr. Ramiro Noriega Fern\u00e1ndez, Ab. Jamie Miranda Vargas, Secretaria. <br><em>13 de febrero de 2019<\/em><\/p>\n<\/td><\/tr><tr><td>\n<p><strong><a href=\"https:\/\/www.uartes.edu.ec\/descargables\/comision-gestora\/2019\/resoluciones\/RES CG-UA-2019-014.pdf\">Resoluci\u00f3n No. CG-UA-2019-014<\/a>:<\/strong> Resoluci\u00f3n final de Comisi\u00f3n Especial de Disciplina caso estudiante Ronald Mair\u00e9. Firma: Dra. Maria Paulina Soto, Presidente de la Comisi\u00f3n Gestora y Rectora (s), Ab. Jamie Miranda Vargas, Secretaria. <br><em>18 de febrero de 2019<\/em><\/p>\n<\/td><\/tr><tr><td>\n<p><strong><a href=\"https:\/\/www.uartes.edu.ec\/descargables\/comision-gestora\/2019\/resoluciones\/RES CG-UA-2019-015.pdf\">Resoluci\u00f3n No. CG-UA-2019-015<\/a>:<\/strong> Resoluci\u00f3n final de Comisi\u00f3n Especial de Disciplina caso docente Natalia Marcos. Firma: Dra. Maria Paulina Soto, Presidente de la Comisi\u00f3n Gestora y Rectora (s), Ab. Jamie Miranda Vargas, Secretaria. <br><em>18 de febrero de 2019<\/em><\/p>\n<\/td><\/tr><tr><td>\n<p><strong><a href=\"https:\/\/www.uartes.edu.ec\/descargables\/comision-gestora\/2019\/resoluciones\/RES CG-UA-2019-016.pdf\">Resoluci\u00f3n No. CG-UA-2019-016<\/a>:<\/strong> Expedir el Reglamento de Vinculaci\u00f3n con la Sociedad de la Universidad de las Artes. Firma: Dra. Maria Paulina Soto, Presidente de la Comisi\u00f3n Gestora y Rectora (s), Ab. Jamie Miranda Vargas, Secretaria. <br><em>21 de febrero de 2019<\/em><\/p>\n<\/td><\/tr><tr><td>\n<p><strong><a href=\"https:\/\/www.uartes.edu.ec\/descargables\/comision-gestora\/2019\/resoluciones\/RES CG-UA-2019-017.pdf\">Resoluci\u00f3n No. CG-UA-2019-017<\/a>:<\/strong> Informe de salud del Presidente de la Comisi\u00f3n Gestora \u2013 Rector. Firma: Dr. Ra\u00fal Vallejo Corral, Presidente de la Comisi\u00f3n Gestora y Rectora (s), Ab. Jamie Miranda Vargas, Secretaria. <br><em>12 de marzo de 2019<\/em><\/p>\n<\/td><\/tr><tr><td>\n<p><strong><a href=\"https:\/\/www.uartes.edu.ec\/descargables\/comision-gestora\/2019\/resoluciones\/RES CG-UA-2019-018.pdf\">Resoluci\u00f3n No. CG-UA-2019-018<\/a>:<\/strong> Resuelve: Establecer la subrogaci\u00f3n de funciones del Presidente de la Comisi\u00f3n Gestora. Firma: Dra. Maria Paulina Soto, Presidente de la Comisi\u00f3n Gestora y Rectora (s), Ab. Jamie Miranda Vargas, Secretaria. <br><em>22 de marzo de 2019<\/em><\/p>\n<\/td><\/tr><tr><td>\n<p><strong><a href=\"https:\/\/www.uartes.edu.ec\/descargables\/comision-gestora\/2019\/resoluciones\/RES CG-UA-2019-019.pdf\">Resoluci\u00f3n No. CG-UA-2019-018<\/a>:<\/strong> Resuelve: Conformar Comisi\u00f3n Especial de Disciplina Firma: Dra. Maria Paulina Soto, Presidente de la Comisi\u00f3n Gestora y Rectora (s), Ab. Jamie Miranda Vargas, Secretaria. <br><em>25 de marzo de 2019<\/em><\/p>\n<\/td><\/tr><tr><td>\n<p><strong><a href=\"https:\/\/www.uartes.edu.ec\/descargables\/comision-gestora\/2019\/resoluciones\/RES CG-UA-2019-020.pdf\">Resoluci\u00f3n No. CG-UA-2019-020<\/a>:<\/strong> Resuelve: Aprobar reconocimiento art\u00edstico al postulante Carlos Lopez Cun\u00ed. Firma: Dra. Maria Paulina Soto, Presidente de la Comisi\u00f3n Gestora y Rectora (s), Ab. Jamie Miranda Vargas, Secretaria. <br><em>29 de marzo de 2019<\/em><\/p>\n<\/td><\/tr><tr><td>\n<p><strong><a href=\"https:\/\/www.uartes.edu.ec\/descargables\/comision-gestora\/2019\/resoluciones\/RES CG-UA-2019-021.pdf\">Resoluci\u00f3n No. CG-UA-2019-021<\/a>:<\/strong> Resuelve: Conformar Comisi\u00f3n Especial de Disciplina. Firma: Dra. Maria Paulina Soto, Presidente de la Comisi\u00f3n Gestora y Rectora (s), Ab. Jamie Miranda Vargas, Secretaria. <br><em>29 de marzo de 2019<\/em><\/p>\n<\/td><\/tr><tr><td>\n<p><strong><a href=\"https:\/\/www.uartes.edu.ec\/descargables\/comision-gestora\/2019\/resoluciones\/RES CG-UA-2019-022.pdf\">Resoluci\u00f3n No. CG-UA-2019-022<\/a>:<\/strong> Resuelve: Reforma al Reglamento para el Desarrollo de las Practicas Pre profesionales de la Universidad de las Artes. Firma: Dra. Maria Paulina Soto, Presidente de la Comisi\u00f3n Gestora y Rectora (s), Ab. Jamie Miranda Vargas, Secretaria.<br><em>29 de marzo de 2019<\/em><\/p>\n<\/td><\/tr><tr><td>\n<p><strong><a href=\"https:\/\/www.uartes.edu.ec\/descargables\/comision-gestora\/2019\/resoluciones\/RES CG-UA-2019-023.pdf\">Resoluci\u00f3n No. CG-UA-2019-023<\/a>:<\/strong> Resuelve: Aprobar ayudas econ\u00f3micas academias de los alumnos Rosa Ileana Matamoros y Rafael M\u00e9ndez Meneses de la Escuela de Cine de la Universidad de las Artes. Firma: Dra. Maria Paulina Soto, Presidente de la Comisi\u00f3n Gestora y Rectora (s), Ab. Jamie Miranda Vargas, Secretaria. <br><em>29 de marzo de 2019<\/em><\/p>\n<\/td><\/tr><tr><td>\n<p><strong><a href=\"https:\/\/www.uartes.edu.ec\/descargables\/comision-gestora\/2019\/resoluciones\/RES CG-UA-2019-024.pdf\">Resoluci\u00f3n No. CG-UA-2019-024<\/a>:<\/strong> Resuelve: Aprobar ayudas econ\u00f3micas academias de los alumnos Rosa Ileana Matamoros y Rafael M\u00e9ndez Meneses de la Escuela de Cine de la Universidad de las Artes. Firma: Dra. Maria Paulina Soto, Presidente de la Comisi\u00f3n Gestora y Rectora (s), Ab. Jamie Miranda Vargas, Secretaria. <br><em>29 de marzo de 2019<\/em><\/p>\n<\/td><\/tr><tr><td>\n<p><strong><a href=\"https:\/\/www.uartes.edu.ec\/descargables\/comision-gestora\/2019\/resoluciones\/RES CG-UA-2019-025.pdf\">Resoluci\u00f3n No. CG-UA-2019-025<\/a>:<\/strong> Resuelve: Aprobar viaje institucional al Presidente de la Comisi\u00f3n Gestora \u2013 Rector a las ciudades de Nueva York y Boston. Firma: Dr. Ramiro Noriega F., Presidente de la Comisi\u00f3n Gestora y Rector, Ab. Jamie Miranda Vargas, Secretaria. <br><em>04 de abril de 2019<\/em><\/p>\n<\/td><\/tr><tr><td>\n<p><strong><a href=\"https:\/\/www.uartes.edu.ec\/descargables\/comision-gestora\/2019\/resoluciones\/RES CG-UA-2019-026.pdf\">Resoluci\u00f3n No. CG-UA-2019-026<\/a>:<\/strong> Resuelve: reforma al Reglamento de Selecci\u00f3n de Ayudantes de C\u00e1tedra o Docencia, Ayudantes de Investigaci\u00f3n y Asistentes de Gesti\u00f3n de la Universidad de las Artes. Firma: Dr. Ramiro Noriega F., Presidente de la Comisi\u00f3n Gestora y Rector, Ab. Jamie Miranda Vargas, Secretaria. <br><em>09 de abril de 2019<\/em><\/p>\n<\/td><\/tr><tr><td>\n<p><strong><a href=\"https:\/\/www.uartes.edu.ec\/descargables\/comision-gestora\/2019\/resoluciones\/RES CG-UA-2019-027.pdf\">Resoluci\u00f3n No. CG-UA-2019-027<\/a>:<\/strong> Resuelve: aprobaci\u00f3n de terceras matr\u00edculas de los alumnos Pedro Andres Angia Suarez y Kevin Gomez Parra. Firma: Dr. Ramiro Noriega F., Presidente de la Comisi\u00f3n Gestora y Rector, Ab. Jamie Miranda Vargas, Secretaria. <br><em>09 de abril de 2019<\/em><\/p>\n<\/td><\/tr><tr><td>\n<p><strong><a href=\"https:\/\/www.uartes.edu.ec\/descargables\/comision-gestora\/2019\/resoluciones\/RES CG-UA-2019-029.pdf\">Resoluci\u00f3n No. CG-UA-2019-029<\/a>:<\/strong> Resuelve: Otorgamiento de t\u00edtulos Profesionales a los solicitantes del Primer Proceso de Validaci\u00f3n de trayectorias Profesionales en el campo del conocimiento de las Artes. Firma: Dr. Ramiro Noriega F., Presidente de la Comisi\u00f3n Gestora y Rector, Ab. Jamie Miranda Vargas, Secretaria. <br><em>26 de abril de 2019<\/em><\/p>\n<\/td><\/tr><tr><td>\n<p><strong><a href=\"https:\/\/www.uartes.edu.ec\/descargables\/comision-gestora\/2019\/resoluciones\/RES CG-UA-2019-030.pdf\">Resoluci\u00f3n No. CG-UA-2019-030<\/a>:<\/strong> Resuelve: Aprobar el texto de la VI Convocatoria de Becas de la Universidad de las Artes del semestre A-2019. Firma: Dra. Maria Paulina S. , Presidente de la Comisi\u00f3n Gestora y Rectora (s), Ab. Jamie Miranda Vargas, Secretaria. <br><em>26 de abril de 2019<\/em><\/p>\n<\/td><\/tr><tr><td>\n<p><strong><a href=\"https:\/\/www.uartes.edu.ec\/descargables\/comision-gestora\/2019\/resoluciones\/RES CG-UA-2019-031.pdf\">Resoluci\u00f3n No. CG-UA-2019-031<\/a>:<\/strong> Resuelve: La reforma al Manual de Funciones, Clasificaci\u00f3n y Valoraci\u00f3n de Cargos, del cargo de &#8220;Director\/a de Planificaci\u00f3n y Gesti\u00f3n Estrat\u00e9gica&#8221; del Vicerrectorado Acad\u00e9mico. Firma: Dra. Maria Paulina S., Presidente de la Comisi\u00f3n Gestora y Rectora (s), Ab. Jamie Miranda Vargas, Secretaria. <br><em>26 de abril de 2019<\/em><\/p>\n<\/td><\/tr><tr><td>\n<p><strong><a href=\"https:\/\/www.uartes.edu.ec\/descargables\/comision-gestora\/2019\/resoluciones\/RES CG-UA-2019-032.pdf\">Resoluci\u00f3n No. CG-UA-2019-032<\/a>:<\/strong> Resuelve: Negativa de solicitud de matr\u00edcula especial del semestre A-2019, estudiantes Asan Qui\u00f1onez y Jurado Gallegos. Firma: Dra. Maria Paulina S., Presidente de la Comisi\u00f3n Gestora y Rectora (s), Ab. Jamie Miranda Vargas, Secretaria. <br><em>26 de abril de 2019<\/em><\/p>\n<\/td><\/tr><tr><td>\n<p><strong><a href=\"https:\/\/www.uartes.edu.ec\/descargables\/comision-gestora\/2019\/resoluciones\/RES CG-UA-2019-033.pdf\">Resoluci\u00f3n No. CG-UA-2019-033<\/a>:<\/strong> Resuelve: Apelaci\u00f3n de solicitudes de estudiantes Garc\u00e9s Medina y Delgado Lliguin. Firma: Dra. Maria Paulina S., Presidente de la Comisi\u00f3n Gestora y Rectora (s), Ab. Jamie Miranda Vargas, Secretaria. <br><em>26 de abril de 2019<\/em><\/p>\n<\/td><\/tr><tr><td>\n<p><strong><a href=\"https:\/\/www.uartes.edu.ec\/descargables\/comision-gestora\/2019\/resoluciones\/RES CG-UA-2019-034.pdf\">Resoluci\u00f3n No. CG-UA-2019-034<\/a>:<\/strong> Resuelve: Rectificar resoluci\u00f3n No. CG-UA-2019-028 de viaje institucional del Vicerrector de Relaciones Internacionales y V\u00ednculo con la Comunidad. Firma: Dr. Ramiro Noriega F., Presidente de la Comisi\u00f3n Gestora y Rector, Ab. Jamie Miranda Vargas, Secretaria. <br><em>2 de mayo de 2019<\/em><\/p>\n<\/td><\/tr><tr><td>\n<p><strong><a href=\"https:\/\/www.uartes.edu.ec\/descargables\/comision-gestora\/2019\/resoluciones\/RES CG-UA-2019-035.pdf\">Resoluci\u00f3n No. CG-UA-2019-035<\/a>:<\/strong> Resuelve: El informe de la Comisi\u00f3n Especial de Disciplina caso docente Fernando Montenegro. Firma: Dr. Ramiro Noriega F., Presidente de la Comisi\u00f3n Gestora y Rector, Ab. Jamie Miranda Vargas, Secretaria. <br><em>2 de mayo de 2019<\/em><\/p>\n<\/td><\/tr><tr><td>\n<p><strong><a href=\"https:\/\/www.uartes.edu.ec\/descargables\/comision-gestora\/2019\/resoluciones\/RES CG-UA-2019-036.pdf\">Resoluci\u00f3n No. CG-UA-2019-036<\/a>:<\/strong> Resuelve: El informe de la Comisi\u00f3n de Atenci\u00f3n y Revisi\u00f3n de Casos de Acoso, Discriminaci\u00f3n y Violencia de G\u00e9nero. Firma: Dr. Ramiro Noriega F., Presidente de la Comisi\u00f3n Gestora y Rector, Ab. Jamie Miranda Vargas, Secretaria. <br><em>6 de mayo de 2019<\/em><\/p>\n<\/td><\/tr><tr><td>\n<p><strong><a href=\"https:\/\/www.uartes.edu.ec\/descargables\/comision-gestora\/2019\/resoluciones\/RES CG-UA-2019-038.pdf\">Resoluci\u00f3n No. CG-UA-2019-038<\/a>:<\/strong> Resuelve: Creaci\u00f3n del Departamento de Producci\u00f3n T\u00e9cnica de Audio y cargo de Jefatura del Departamento de Producci\u00f3n T\u00e9cnica de Audio. Firma: Dr. Ramiro Noriega F., Presidente de la Comisi\u00f3n Gestora y Rector, Ab. Jamie Miranda Vargas, Secretaria. <br><em>10 de mayo de 2019<\/em><\/p>\n<\/td><\/tr><tr><td>\n<p><strong><a href=\"https:\/\/www.uartes.edu.ec\/descargables\/comision-gestora\/2019\/resoluciones\/RES CG-UA-2019-039.pdf\">Resoluci\u00f3n No. CG-UA-2019-039<\/a>:<\/strong> Resuelve: Tabla de Reconocimiento por Participaci\u00f3n en Actividades Institucionales de la Universidad de las Artes. Firma: Dr. Ramiro Noriega F., Presidente de la Comisi\u00f3n Gestora y Rector, Ab. Jamie Miranda Vargas, Secretaria. <br><em>10 de mayo de 2019<\/em><\/p>\n<\/td><\/tr><tr><td>\n<p><strong><a href=\"https:\/\/www.uartes.edu.ec\/descargables\/comision-gestora\/2019\/resoluciones\/RES CG-UA-2019-040.pdf\">Resoluci\u00f3n No. CG-UA-2019-040<\/a>:<\/strong> Resuelve: Informe de Autoevaluaci\u00f3n UArtes y se resuelve aprobar la ejecuci\u00f3n del Plan de Trabajo propuesto. Firma: Dra. Maria Paulina S., Presidente de la Comisi\u00f3n Gestora y Rectora (s), Ab. Jamie Miranda Vargas, Secretaria. <br><em>21 de mayo de 2019<\/em><\/p>\n<\/td><\/tr><tr><td>\n<p><strong><a href=\"https:\/\/www.uartes.edu.ec\/descargables\/comision-gestora\/2019\/resoluciones\/RES CG-UA-2019-042.pdf\">Resoluci\u00f3n No. CG-UA-2019-042<\/a>:<\/strong> Resuelve: Aprobar los costos y programa de la Escuela de Verano UArtes 2019. Firma: Dra. Maria Paulina S., Presidente de la Comisi\u00f3n Gestora y Rectora (s), Ab. Jamie Miranda Vargas, Secretaria. <br><em>23 de mayo de 2019<\/em><\/p>\n<\/td><\/tr><tr><td>\n<p><strong><a href=\"https:\/\/www.uartes.edu.ec\/descargables\/comision-gestora\/2019\/resoluciones\/RES CG-UA-2019-043.pdf\">Resoluci\u00f3n No. CG-UA-2019-043<\/a>:<\/strong> Resuelve: Renovaci\u00f3n y suspensi\u00f3n de becas semestre A-2019. Firma: Dra. Maria Paulina S., Presidente de la Comisi\u00f3n Gestora y Rectora (s), Ab. Jamie Miranda Vargas, Secretaria. <br><em>23 de mayo de 2019<\/em><\/p>\n<\/td><\/tr><tr><td>\n<p><strong><a href=\"https:\/\/www.uartes.edu.ec\/descargables\/comision-gestora\/2019\/resoluciones\/RES CG-UA-2019-044.pdf\">Resoluci\u00f3n No. CG-UA-2019-044<\/a>:<\/strong> Resuelve: Alcance a la resoluci\u00f3n No. CG-UA-2018-063 de 27 de agosto de 2018 e incorporar las menciones al programa de posgrado. Firma: Dr. Ramiro Noriega F., Presidente de la Comisi\u00f3n Gestora y Rector, Ab. Jamie Miranda Vargas, Secretaria. <br><em>5 de junio de 2019<\/em><\/p>\n<\/td><\/tr><tr><td>\n<p><strong><a href=\"https:\/\/www.uartes.edu.ec\/descargables\/comision-gestora\/2019\/resoluciones\/RES CG-UA-2019-046.pdf\">Resoluci\u00f3n No. CG-UA-2019-046<\/a>:<\/strong> Resuelve: Creaci\u00f3n en cada Escuela de la Universidad de las Artes un premio anual a la mejor obra art\u00edstica. Firma: Dr. Ramiro Noriega F., Presidente de la Comisi\u00f3n Gestora y Rector, Ab. Jamie Miranda Vargas, Secretaria. <br><em>5 de junio de 2019<\/em><\/p>\n<\/td><\/tr><tr><td>\n<p><strong><a href=\"https:\/\/www.uartes.edu.ec\/descargables\/comision-gestora\/2019\/resoluciones\/RES CG-UA-2019-047.pdf\">Resoluci\u00f3n No. CG-UA-2019-047<\/a>:<\/strong> Resuelve: Designar como representante del Consejo Superior, a la o el delegado\/a de SENESCYT, miembro externo de la Comisi\u00f3n Gestora de la Universidad de las Artes. Firma: Dr. Ramiro Noriega F., Presidente de la Comisi\u00f3n Gestora y Rector, Ab. Jamie Miranda Vargas, Secretaria. <br><em>5 de junio de 2019<\/em><\/p>\n<\/td><\/tr><tr><td>\n<p><strong><a href=\"https:\/\/www.uartes.edu.ec\/descargables\/comision-gestora\/2019\/resoluciones\/RES CG-UA-2019-049.pdf\">Resoluci\u00f3n No. CG-UA-2019-049<\/a>:<\/strong> Resuelve: El uso que se dar\u00e1 al inmueble denominado ex C\u00e1rcel de Guayaquil, propiedad de esta instituci\u00f3n. Firma: Dr. Ramiro Noriega F., Presidente de la Comisi\u00f3n Gestora y Rector, Ab. Jamie Miranda Vargas, Secretaria. <br><em>6 de junio de 2019<\/em><\/p>\n<\/td><\/tr><tr><td>\n<p><strong><a href=\"https:\/\/www.uartes.edu.ec\/descargables\/comision-gestora\/2019\/resoluciones\/RES CG-UA-2019-052.pdf\">Resoluci\u00f3n No. CG-UA-2019-052<\/a>:<\/strong> Resuelve: Aprobar el Reglamento Interno de Administraci\u00f3n Talento Humano de la Universidad de las Artes. Firma: Dr. Ramiro Noriega F., Presidente de la Comisi\u00f3n Gestora y Rector, Ab. Jamie Miranda Vargas, Secretaria. <br><em>17 de junio de 2019<\/em><\/p>\n<\/td><\/tr><tr><td>\n<p><strong><a href=\"https:\/\/www.uartes.edu.ec\/descargables\/comision-gestora\/2019\/resoluciones\/RES-CG-UA-2019-053.pdf\">Resoluci\u00f3n No. CG-UA-2019-053<\/a>:<\/strong> Resuelve: Aprobar el viaje institucional del Presidente de la Comisi\u00f3n Gestora \u2013 Rector del 29 de junio al 6 de julio de 2019 a la ciudad de Barcelona, Espa\u00f1a. Firma: Dr. Ramiro Noriega F., Presidente de la Comisi\u00f3n Gestora y Rector, Ab. Jamie Miranda Vargas, Secretaria. <br><em>17 de junio de 2019<\/em><\/p>\n<\/td><\/tr><tr><td>\n<p><strong><a href=\"https:\/\/www.uartes.edu.ec\/descargables\/comision-gestora\/2019\/resoluciones\/RES-CG-UA-2019-054.pdf\">Resoluci\u00f3n No. CG-UA-2019-054<\/a>:<\/strong> Resuelve: Aprobar la Reforma al Reglamento del Concurso de Proyectos de Investigaci\u00f3n. Firma: Dr. Ramiro Noriega F., Presidente de la Comisi\u00f3n Gestora y Rector, Ab. Jamie Miranda Vargas, Secretaria. <br><em>19 de junio de 2019<\/em><\/p>\n<\/td><\/tr><tr><td>\n<p><strong><a href=\"https:\/\/www.uartes.edu.ec\/descargables\/comision-gestora\/2019\/resoluciones\/RES-CG-UA-2019-055.pdf\">Resoluci\u00f3n No. CG-UA-2019-055<\/a>:<\/strong> Resuelve: Aprobar solicitud de tercera matr\u00edcula de estudiante Maria Auxiliadora Bermeo Vera, correspondiente a la Escuela de Artes Visuales. Firma: Dra. Maria Paulina Soto L., Presidente de la Comisi\u00f3n Gestora y Rectora (s), Ab. Jamie Miranda Vargas, Secretaria. <br><em>1 de julio de 2019<\/em><\/p>\n<\/td><\/tr><tr><td>\n<p><strong><a href=\"https:\/\/www.uartes.edu.ec\/descargables\/comision-gestora\/2019\/resoluciones\/RES-CG-UA-2019-056.pdf\">Resoluci\u00f3n No. CG-UA-2019-056<\/a>:<\/strong> Resuelve: Negativa de solicitud de recalificaci\u00f3n en la etapa de pre defensa del estudiante Pedro Gonzalez Ram\u00edrez. Firma: Dra. Maria Paulina Soto L., Presidente de la Comisi\u00f3n Gestora y Rectora (s), Ab. Jamie Miranda Vargas, Secretaria.<br><em>1 de julio de 2019<\/em><\/p>\n<\/td><\/tr><tr><td>\n<p><strong><a href=\"https:\/\/www.uartes.edu.ec\/descargables\/comision-gestora\/2019\/resoluciones\/RES-CG-UA-2019-057.pdf\">Resoluci\u00f3n No. CG-UA-2019-057<\/a>:<\/strong> Resuelve: Reformas a los procesos de Validaci\u00f3n de Trayectorias Profesionales en el Campo de las Artes. Firma: Dra. Maria Paulina Soto L., Presidente de la Comisi\u00f3n Gestora y Rectora (s), Ab. Jamie Miranda Vargas, Secretaria. <br><em>2 de julio de 2019<\/em><\/p>\n<\/td><\/tr><tr><td>\n<p><strong>Resoluci\u00f3n No. CG-UA-2019-058:<\/strong> RESOLUCI\u00d3N ANULADA. Firma: Ab. Jamie Miranda Vargas, Secretaria.<\/p>\n<\/td><\/tr><tr><td>\n<p><strong><a href=\"https:\/\/www.uartes.edu.ec\/descargables\/comision-gestora\/2019\/resoluciones\/RES-CG-UA-2019-059.pdf\">Resoluci\u00f3n No. CG-UA-2019-059<\/a>:<\/strong> Resuelve: Aprobar la pr\u00f3rroga solicitada por la Comisi\u00f3n de Atenci\u00f3n y Revisi\u00f3n de Casos de Acoso, Discriminaci\u00f3n y Violencia de Genero. Firma: Dra. Mar\u00eda Paulina Soto Labb\u00e9., Presidenta de la Comisi\u00f3n Gestora y Rectora (s), Ab. Patricia Ayala Happe, Secretaria Ad-hoc. <br><em>05 de junio de 2019<\/em><\/p>\n<\/td><\/tr><tr><td>\n<p><strong><a href=\"https:\/\/www.uartes.edu.ec\/descargables\/comision-gestora\/2019\/resoluciones\/RES-CG-UA-2019-060.pdf\">Resoluci\u00f3n No. CG-UA-2019-060<\/a>:<\/strong> Resuelve: Autorizar el permiso solicitado por el Comisionado Ra\u00fal Vallejo Corral, quien asistir\u00e1 al primer Festival &#8220;Poetas en dialogo, puentes entre culturas&#8221;, organizado por Dipartimento di Studi Europei, Americani e Interculturali, Facolt\u00e0 di Lettere e Filosofia: Sapienza Universit\u00e0 di Roma y la Casa Cultural de las Am\u00e9ricas, que se desarrollar\u00e1 entre el 3 y 9 de septiembre de 2019 en la ciudad de Roma, Italia. Firma: Dr. Ramiro Noriega Fern\u00e1ndez, Presidente de la Comisi\u00f3n Gestora y Rector, Ab. Jamie Miranda Vargas, Secretaria. <br><em>16 de julio de 2019<\/em><\/p>\n<\/td><\/tr><tr><td>\n<p><strong><a href=\"https:\/\/www.uartes.edu.ec\/descargables\/comision-gestora\/2019\/resoluciones\/RES-CG-UA-2019-061.pdf\">Resoluci\u00f3n No. CG-UA-2019-061<\/a>:<\/strong> Resuelve: Aprobar el aumento de presupuesto de la VI Convocatoria de Becas de la Universidad de las Artes. Firma: Dr. Ramiro Noriega Fern\u00e1ndez, Presidente de la Comisi\u00f3n Gestora y Rector, Ab. Jamie Miranda Vargas, Secretaria. <br><em>16 de julio de 2019<\/em><\/p>\n<\/td><\/tr><tr><td>\n<p><strong><a href=\"https:\/\/www.uartes.edu.ec\/descargables\/comision-gestora\/2019\/resoluciones\/RES-CG-UA-2019-062.pdf\">Resoluci\u00f3n No. CG-UA-2019-062<\/a>:<\/strong> Resuelve: Resoluci\u00f3n final de Comisi\u00f3n Especial de Disciplina caso docente Cristina Morales. Firma: Dr. Ramiro Noriega Fern\u00e1ndez, Presidente de la Comisi\u00f3n Gestora y Rector, Ab. Jamie Miranda Vargas, Secretaria. <br><em>16 de julio de 2019<\/em><\/p>\n<\/td><\/tr><tr><td>\n<p><strong><a href=\"https:\/\/www.uartes.edu.ec\/descargables\/comision-gestora\/2019\/resoluciones\/RES-CG-UA-2019-063.pdf\">Resoluci\u00f3n No. CG-UA-2019-063<\/a>:<\/strong> Resuelve: Resoluci\u00f3n de equipos de climatizaci\u00f3n solicitado por la Coordinaci\u00f3n de Planificaci\u00f3n de Infraestructura F\u00edsica. Firma: Dr. Ramiro Noriega Fern\u00e1ndez, Presidente de la Comisi\u00f3n Gestora y Rector, Ab. Jamie Miranda Vargas, Secretaria. <br><em>16 de julio de 2019<\/em><\/p>\n<\/td><\/tr><tr><td>\n<p><strong><a href=\"https:\/\/www.uartes.edu.ec\/descargables\/comision-gestora\/2019\/resoluciones\/RES-CG-UA-2019-064.pdf\">Resoluci\u00f3n No. CG-UA-2019-064<\/a>:<\/strong> Resuelve: Aprobar costos de segundas matr\u00edculas de los estudiantes que reprueben en los Programas de Posgrados de la Universidad de las Artes. Firma: Dr. Ramiro Noriega Fern\u00e1ndez, Presidente de la Comisi\u00f3n Gestora y Rector, Ab. Jamie Miranda Vargas, Secretaria. <br><em>17 de julio de 2019<\/em><\/p>\n<\/td><\/tr><tr><td>\n<p><strong><a href=\"https:\/\/www.uartes.edu.ec\/descargables\/comision-gestora\/2019\/resoluciones\/RES-CG-UA-2019-065.pdf\">Resoluci\u00f3n No. CG-UA-2019-065<\/a>:<\/strong> Resuelve: Aprobar la creaci\u00f3n de las partidas de los cargos administrativos de acuerdo a lo indicado en el memorando No. UA-CAF-DTH-2019-0324. Firma: Dr. Ramiro Noriega Fern\u00e1ndez, Presidente de la Comisi\u00f3n Gestora y Rector, Ab. Jamie Miranda Vargas, Secretaria. <br><em>6 de agosto de 2019<\/em><\/p>\n<\/td><\/tr><tr><td>\n<p><strong><a href=\"https:\/\/www.uartes.edu.ec\/descargables\/comision-gestora\/2019\/resoluciones\/RES-CG-UA-2019-066.pdf\">Resoluci\u00f3n No. CG-UA-2019-066<\/a>:<\/strong> Resuelve: Acoger el informe de la Comisi\u00f3n Especial de Disciplina conformada dentro del R\u00e9gimen Disciplinario instaurado en contra de A.R.G.H. Firma: Dr. Ramiro Noriega Fern\u00e1ndez, Presidente de la Comisi\u00f3n Gestora y Rector, Ab. Patricia Ayala Happe, Secretaria Ad-hoc. <br><em>29 de julio de 2019<\/em><\/p>\n<\/td><\/tr><tr><td>\n<p><strong><a href=\"https:\/\/www.uartes.edu.ec\/descargables\/comision-gestora\/2019\/resoluciones\/RES-CG-UA-2019-066A.pdf\">Resoluci\u00f3n No. CG-UA-2019-066A<\/a>:<\/strong> Resuelve: Aprobar el viaje institucional al comisionado Ra\u00fal Vallejo Corral y a un estudiante de la Escuela de Literatura. Firma: Dr. Ramiro Noriega Fern\u00e1ndez, Presidente de la Comisi\u00f3n Gestora y Rector, Ab. Jamie Miranda Vargas, Secretaria. <br><em>6 de agosto de 2019<\/em><\/p>\n<\/td><\/tr><tr><td>\n<p><strong><a href=\"https:\/\/www.uartes.edu.ec\/descargables\/comision-gestora\/2019\/resoluciones\/RES-CG-UA-2019-067.pdf\">Resoluci\u00f3n No. CG-UA-2019-067<\/a>:<\/strong> Resuelve: Aprobar escala salarial presentada por la CAF; aprobar permiso a la m\u00e1xima autoridad, subrogando las funciones la Dra. Mar\u00eda Paulina Soto del 30 de julio al 2 de agosto, y del 12 al 23 de agosto de 2019. Firma: Dr. Ramiro Noriega Fern\u00e1ndez, Presidente de la Comisi\u00f3n Gestora y Rector; Ab. Patricia Ayala Happe, Secretaria Ad-hoc.<br><em>29 de julio de 2019<\/em><\/p>\n<\/td><\/tr><tr><td>\n<p><strong><a href=\"https:\/\/www.uartes.edu.ec\/descargables\/comision-gestora\/2019\/resoluciones\/RES-CG-UA-2019-068.pdf\">Resoluci\u00f3n No. CG-UA-2019-068<\/a>:<\/strong> Resuelve: Conocimiento de renuncia de comisionada externa Luc\u00eda Dur\u00e1n Sol\u00eds. Firma: Dra. Maria Paulina Soto L., Presidente de la Comisi\u00f3n Gestora y Rectora (s), Ab. Jamie Miranda Vargas, Secretaria. <br><em>12 de agosto de 2019<\/em><\/p>\n<\/td><\/tr><tr><td>\n<p><strong><a href=\"https:\/\/www.uartes.edu.ec\/descargables\/comision-gestora\/2019\/resoluciones\/RES-CG-UA-2019-069.pdf\">Resoluci\u00f3n No. CG-UA-2019-069<\/a>:<\/strong> Resuelve: Aprobar Reglamento Interno de Registro de Producciones Art\u00edsticas y de Valoraci\u00f3n de Obras Art\u00edsticas Relevantes de la Universidad de las Artes. Firma: Dra. Maria Paulina Soto L., Presidente de la Comisi\u00f3n Gestora y Rectora (s), Ab. Jamie Miranda Vargas, Secretaria. <br><em>13 de agosto de 2019<\/em><\/p>\n<\/td><\/tr><tr><td>\n<p><strong><a href=\"https:\/\/www.uartes.edu.ec\/descargables\/comision-gestora\/2019\/resoluciones\/069A-2019.pdf\">Resoluci\u00f3n No. CG-UA-2019-069A<\/a>:<\/strong> Resuelve: Subsanar el error de tipeo del art\u00edculo 11 del Reglamento Interno de Registro de Producciones Art\u00edsticas y de Valoraci\u00f3n de Obras Art\u00edsticas Relevantes de la Universidad de las Artes. Firma: Dra. Maria Paulina Soto L., Presidente de la Comisi\u00f3n Gestora y Rectora (s), Ab. Jamie Miranda Vargas, Secretaria. <br><em>15 de agosto de 2019<\/em><\/p>\n<\/td><\/tr><tr><td>\n<p><strong><a href=\"https:\/\/www.uartes.edu.ec\/descargables\/comision-gestora\/2019\/resoluciones\/RES-CG-UA-2019-070.pdf\">Resoluci\u00f3n No. CG-UA-2019-070<\/a>:<\/strong> Resuelve: Aprobar ayuda econ\u00f3mica acad\u00e9mica a estudiante Liz Nicole Arias Sanchez, de la Escuela de Artes Sonoras. Firma: Dra. Maria Paulina Soto L., Presidente de la Comisi\u00f3n Gestora y Rectora (s), Ab. Jamie Miranda Vargas, Secretaria. <br><em>13 de agosto de 2019<\/em><\/p>\n<\/td><\/tr><tr><td>\n<p><strong><a href=\"https:\/\/www.uartes.edu.ec\/descargables\/comision-gestora\/2019\/resoluciones\/RES-CG-UA-2019-071.pdf\">Resoluci\u00f3n No. CG-UA-2019-071<\/a>:<\/strong> Resuelve: Aprobar la reforma integral del Reglamento de Titulaci\u00f3n de Grado de la Universidad de las Artes. Firma: Dra. Maria Paulina Soto L., Presidente de la Comisi\u00f3n Gestora y Rectora (s), Ab. Jamie Miranda Vargas, Secretaria. <br><em>15 de agosto de 2019<\/em><\/p>\n<\/td><\/tr><tr><td>\n<p><strong><a href=\"https:\/\/www.uartes.edu.ec\/descargables\/comision-gestora\/2019\/resoluciones\/RES-CG-UA-2019-073.pdf\">Resoluci\u00f3n No. CG-UA-2019-073<\/a>:<\/strong> Resuelve: Ejecuci\u00f3n de los Mecanismos para la Adscripci\u00f3n del Instituto Tecnol\u00f3gico de Artes del Ecuador a la Universidad de las Artes, expedido por SENESCYT a trav\u00e9s del Acuerdo No. SENESCYT-2019-097. Firma: Ramiro Noriega Fern\u00e1ndez, Presidente de la Comisi\u00f3n Gestora y Rector, Ab. Jamie Miranda Vargas, Secretaria. <br><em>29 de agosto de 2019<\/em><\/p>\n<\/td><\/tr><tr><td>\n<p><strong><a href=\"http:\/\/www.uartes.edu.ec\/sitio\/download\/res-cg-ua-2019-072\/?wpdmdl=9789&amp;masterkey=5f8852bc936c2\">Resoluci\u00f3n No. CG-UA-2019-072<\/a>:<\/strong> Resuelve: Aprobar el Plan de Igualdad Institucional de la Universidad de las Artes. Firma: Maria Paulina Soto, Presidente de la Comisi\u00f3n Gestora y Rectora (S), Ab. Jamie Miranda Vargas, Secretaria. <br><em>21 de agosto de 2019<\/em><\/p>\n<\/td><\/tr><tr><td>\n<p><strong><a href=\"https:\/\/www.uartes.edu.ec\/descargables\/comision-gestora\/2019\/resoluciones\/RES-CG-UA-2019-074.PDF\">Resoluci\u00f3n No. CG-UA-2019-074<\/a>:<\/strong> Resuelve: Autorizar permisos solicitados por los comisionados Maria Paulina Soto y Ra\u00fal Vallejo. Firma: Ramiro Noriega Fern\u00e1ndez, Presidente de la Comisi\u00f3n Gestora y Rector, Ab. Jamie Miranda Vargas, Secretaria. <br><em>2 de septiembre de 2019<\/em><\/p>\n<\/td><\/tr><tr><td>\n<p><strong><a href=\"https:\/\/www.uartes.edu.ec\/descargables\/comision-gestora\/2019\/resoluciones\/RES-CG-UA-2019-075.PDF\">Resoluci\u00f3n No. CG-UA-2019-075<\/a>:<\/strong> Resuelve: Autoevaluaci\u00f3n Institucional y hoja de Ruta. Firma: Ramiro Noriega Fern\u00e1ndez, Presidente de la Comisi\u00f3n Gestora y Rector, Ab. Jamie Miranda Vargas, Secretaria. <br><em>2 de septiembre de 2019<\/em><\/p>\n<\/td><\/tr><tr><td>\n<p><strong><a href=\"https:\/\/www.uartes.edu.ec\/descargables\/comision-gestora\/2019\/resoluciones\/RES-CG-UA-2019-076.PDF\">Resoluci\u00f3n No. CG-UA-2019-076<\/a>:<\/strong> Resuelve: Aprobar becas estudiantiles correspondiente al semestre A-2019. Firma: Ramiro Noriega Fern\u00e1ndez, Presidente de la Comisi\u00f3n Gestora y Rector, Ab. Jamie Miranda Vargas, Secretaria. <br><em>3 de septiembre de 2019<\/em><\/p>\n<\/td><\/tr><tr><td>\n<p><strong><a href=\"https:\/\/www.uartes.edu.ec\/descargables\/comision-gestora\/2019\/resoluciones\/RES-CG-UA-2019-077.PDF\">Resoluci\u00f3n No. CG-UA-2019-077<\/a>:<\/strong> Resuelve: Solicitud de ampliaci\u00f3n de informe a Comisi\u00f3n que revis\u00f3 el caso del estudiante Nicol\u00e1s Rizo. Firma: Ramiro Noriega Fern\u00e1ndez, Presidente de la Comisi\u00f3n Gestora y Rector, Ab. Jamie Miranda Vargas, Secretaria. <br><em>3 de septiembre de 2019<\/em><\/p>\n<\/td><\/tr><tr><td>\n<p><strong><a href=\"https:\/\/www.uartes.edu.ec\/descargables\/comision-gestora\/2019\/resoluciones\/RES-CG-UA-2019-078.PDF\">Resoluci\u00f3n No. CG-UA-2019-078<\/a>:<\/strong> Resuelve: Aprobar viaje institucional del Presidente de la Comisi\u00f3n Gestora \u2013 Rector que realizar\u00e1 en Xalapa, M\u00e9xico. Firma: Ramiro Noriega Fern\u00e1ndez, Presidente de la Comisi\u00f3n Gestora y Rector, Ab. Jamie Miranda Vargas, Secretaria. <br><em>4 de septiembre de 2019<\/em><\/p>\n<\/td><\/tr><tr><td>\n<p><strong><a href=\"https:\/\/www.uartes.edu.ec\/descargables\/comision-gestora\/2019\/resoluciones\/RES-CG-UA-2019-079.pdf\">Resoluci\u00f3n No. CG-UA-2019-079<\/a>:<\/strong> Resuelve: Aprobar viaje institucional del Presidente de la Comisi\u00f3n Gestora \u2013 Rector que realizar\u00e1 a China. Firma: Ramiro Noriega Fern\u00e1ndez, Presidente de la Comisi\u00f3n Gestora y Rector, Ab. Jamie Miranda Vargas, Secretaria. <br><em>6 de septiembre de 2019<\/em><\/p>\n<\/td><\/tr><tr><td>\n<p><strong><a href=\"https:\/\/www.uartes.edu.ec\/descargables\/comision-gestora\/2019\/resoluciones\/RES-CG-UA-2019-080.pdf\">Resoluci\u00f3n No. CG-UA-2019-080<\/a>:<\/strong> Resuelve: Aprobar la conformaci\u00f3n de Comisi\u00f3n Especial para la elaboraci\u00f3n del Reglamento de Elecciones de la Universidad de las Artes. Firma: Ramiro Noriega Fern\u00e1ndez, Presidente de la Comisi\u00f3n Gestora y Rector, Ab. Jamie Miranda Vargas, Secretaria. <br><em>6 de septiembre de 2019<\/em><\/p>\n<\/td><\/tr><tr><td>\n<p><strong><a href=\"https:\/\/www.uartes.edu.ec\/descargables\/comision-gestora\/2019\/resoluciones\/RES-CG-UA-2019-081.pdf\">Resoluci\u00f3n No. CG-UA-2019-081<\/a>:<\/strong> Resuelve: Crear la Empresa P\u00fablica de la Universidad de las Artes \u2013 UArtes EP y aprobar Estatuto de la Empresa P\u00fablica. Firma: Ramiro Noriega Fern\u00e1ndez, Presidente de la Comisi\u00f3n Gestora y Rector, Ab. Jamie Miranda Vargas, Secretaria. <br><em>11 de septiembre de 2019<\/em><\/p>\n<\/td><\/tr><tr><td>\n<p><strong><a href=\"https:\/\/www.uartes.edu.ec\/descargables\/comision-gestora\/2019\/resoluciones\/RES-CG-UA-2019-082.pdf\">Resoluci\u00f3n No. CG-UA-2019-082<\/a>:<\/strong> Resuelve: Resoluci\u00f3n de apelaci\u00f3n de funcionarias de la Universidad de las Artes. Firma: Ramiro Noriega Fern\u00e1ndez, Presidente de la Comisi\u00f3n Gestora y Rector, Ab. Jamie Miranda Vargas, Secretaria. <br><em>18 de septiembre de 2019<\/em><\/p>\n<\/td><\/tr><tr><td>\n<p><strong>Resoluci\u00f3n No. CG-UA-2019-083:<\/strong> Resuelve: Resoluci\u00f3n de informe de la Comisi\u00f3n de Atenci\u00f3n y Revisi\u00f3n de Casos de Acoso, Discriminaci\u00f3n y Violencia de G\u00e9nero. Firma: Ramiro Noriega Fern\u00e1ndez, Presidente de la Comisi\u00f3n Gestora y Rector, Ab. Jamie Miranda Vargas, Secretaria. <em>Confidencial<\/em>. <br><em>18 de septiembre de 2019<\/em><\/p>\n<\/td><\/tr><tr><td>\n<p><strong><a href=\"https:\/\/www.uartes.edu.ec\/descargables\/comision-gestora\/2019\/resoluciones\/084-2019.pdf\">Resoluci\u00f3n No. CG-UA-2019-084<\/a>:<\/strong> Resuelve: Reformar el art\u00edculo primero, literal a) de la resoluci\u00f3n No. CG-UA-2019-080 de 6 de septiembre de 2019. Firma: Ramiro Noriega Fern\u00e1ndez, Presidente de la Comisi\u00f3n Gestora y Rector, Ab. Jamie Miranda Vargas, Secretaria. <br><em>15 de octubre de 2019<\/em><\/p>\n<\/td><\/tr><tr><td>\n<p><strong><a href=\"https:\/\/www.uartes.edu.ec\/descargables\/comision-gestora\/2019\/resoluciones\/085-2019.pdf\">Resoluci\u00f3n No. CG-UA-2019-084<\/a>:<\/strong> Resuelve: Aprobar los lineamientos para la elaboraci\u00f3n del Reglamento de Elecciones de la Universidad de las Artes. Firma: Ramiro Noriega Fern\u00e1ndez, Presidente de la Comisi\u00f3n Gestora y Rector, Ab. Jamie Miranda Vargas, Secretaria. <br><em>15 de octubre de 2019<\/em><\/p>\n<\/td><\/tr><tr><td>\n<p><strong><a href=\"https:\/\/www.uartes.edu.ec\/descargables\/comision-gestora\/2019\/resoluciones\/086-2019.pdf\">Resoluci\u00f3n No. CG-UA-2019-086<\/a>:<\/strong> Resuelve: VII Convocatoria de Becas de la Universidad de las Artes del semestre B-2019. Firma: Ramiro Noriega Fern\u00e1ndez, Presidente de la Comisi\u00f3n Gestora y Rector, Ab. Jamie Miranda Vargas, Secretaria. <br><em>15 de octubre de 2019<\/em><\/p>\n<\/td><\/tr><tr><td>\n<p><strong><a href=\"https:\/\/www.uartes.edu.ec\/descargables\/comision-gestora\/2019\/resoluciones\/087-2019.pdf\">Resoluci\u00f3n No. CG-UA-2019-087<\/a>:<\/strong> Resuelve: Instructivo para regular los procedimientos Financieros de Recepci\u00f3n, Registro y Control de Ingresos de Autogesti\u00f3n de la Universidad de las Artes. Firma: Ramiro Noriega Fern\u00e1ndez, Presidente de la Comisi\u00f3n Gestora y Rector, Ab. Jamie Miranda Vargas, Secretaria. <br><em>15 de octubre de 2019<\/em><\/p>\n<\/td><\/tr><tr><td>\n<p><strong><a href=\"https:\/\/www.uartes.edu.ec\/descargables\/comision-gestora\/2019\/resoluciones\/088-2019.pdf\">Resoluci\u00f3n No. CG-UA-2019-088<\/a>:<\/strong> Resuelve: Reemplazar las fechas de pagos de vi\u00e1ticos establecidas en el art\u00edculo segundo de la resoluci\u00f3n No. CG-UA-2019-078. Firma: Ramiro Noriega Fern\u00e1ndez, Presidente de la Comisi\u00f3n Gestora y Rector, Ab. Jamie Miranda Vargas, Secretaria. <br><em>15 de octubre de 2019<\/em><\/p>\n<\/td><\/tr><tr><td>\n<p><strong><a href=\"https:\/\/www.uartes.edu.ec\/descargables\/comision-gestora\/2019\/resoluciones\/089-2019.pdf\">Resoluci\u00f3n No. CG-UA-2019-089<\/a>:<\/strong> Resuelve: Delegaci\u00f3n al Vicerrectorado de Investigaci\u00f3n y Posgrado. Firma: Ramiro Noriega Fern\u00e1ndez, Presidente de la Comisi\u00f3n Gestora y Rector, Ab. Jamie Miranda Vargas, Secretaria. <br><em>16 de octubre de 2019<\/em><\/p>\n<\/td><\/tr><tr><td>\n<p><strong><a href=\"https:\/\/www.uartes.edu.ec\/descargables\/comision-gestora\/2019\/resoluciones\/090-2019.pdf\">Resoluci\u00f3n No. CG-UA-2019-090<\/a>:<\/strong> Resuelve: Reglamento de Incentivos para la Movilidad Internacional de Estudiantes de Grado y Posgrado de la Universidad de las Artes. Firma: Ramiro Noriega Fern\u00e1ndez, Presidente de la Comisi\u00f3n Gestora y Rector, Ab. Jamie Miranda Vargas, Secretaria. <br><em>16 de octubre de 2019<\/em><\/p>\n<\/td><\/tr><tr><td>\n<p><strong><a href=\"https:\/\/www.uartes.edu.ec\/descargables\/comision-gestora\/2019\/resoluciones\/091-2019.pdf\">Resoluci\u00f3n No. CG-UA-2019-091<\/a>:<\/strong> Resuelve: Reglamento de Incentivos para la Participaci\u00f3n Docente en Estancias y Residencias Internacionales. Firma: Ramiro Noriega Fern\u00e1ndez, Presidente de la Comisi\u00f3n Gestora y Rector, Ab. Jamie Miranda Vargas, Secretaria. <br><em>16 de octubre de 2019<\/em><\/p>\n<\/td><\/tr><tr><td>\n<p><strong><a href=\"https:\/\/www.uartes.edu.ec\/descargables\/comision-gestora\/2019\/resoluciones\/092-2019.pdf\">Resoluci\u00f3n No. CG-UA-2019-092<\/a>:<\/strong> Resuelve: Validaci\u00f3n de reconocimiento art\u00edstico de IV\u00c1N FABRE FABRE. Firma: Ramiro Noriega Fern\u00e1ndez, Presidente de la Comisi\u00f3n Gestora y Rector, Ab. Jamie Miranda Vargas, Secretaria. <br><em>21 de octubre de 2019<\/em><\/p>\n<\/td><\/tr><tr><td>\n<p><strong><a href=\"https:\/\/www.uartes.edu.ec\/descargables\/comision-gestora\/2019\/resoluciones\/093-2019.pdf\">Resoluci\u00f3n No. CG-UA-2019-093<\/a>:<\/strong> Resuelve: Reforma a la Resoluci\u00f3n Nro. R-UA-2016-049 de 14 de julio de 2016. Firma: Ramiro Noriega Fern\u00e1ndez, Presidente de la Comisi\u00f3n Gestora y Rector, Ab. Jamie Miranda Vargas, Secretaria.<br><em>21 de octubre de 2019<\/em><\/p>\n<\/td><\/tr><tr><td>\n<p><strong><a href=\"https:\/\/www.uartes.edu.ec\/descargables\/comision-gestora\/2019\/resoluciones\/094-2019.pdf\">Resoluci\u00f3n No. CG-UA-2019-094<\/a>:<\/strong> Resuelve: Dejar sin efecto la resoluci\u00f3n No. CG-UA-2019-088 de 15 de octubre de 2019. Firma: Ramiro Noriega Fern\u00e1ndez, Presidente de la Comisi\u00f3n Gestora y Rector, Ab. Jamie Miranda Vargas, Secretaria. <br><em>21 de octubre de 2019<\/em><\/p>\n<\/td><\/tr><tr><td>\n<p><strong><a href=\"https:\/\/www.uartes.edu.ec\/descargables\/comision-gestora\/2019\/resoluciones\/095-2019.pdf\">Resoluci\u00f3n No. CG-UA-2019-095<\/a>:<\/strong> Resuelve: Aprobar viaje institucional comisionado Andrey Astaiza GYE-UIO-GYE del 1 al 7 de noviembre de 2019. Firma: Ramiro Noriega Fern\u00e1ndez, Presidente de la Comisi\u00f3n Gestora y Rector, Ab. Jamie Miranda Vargas, Secretaria. <br><em>21 de octubre de 2019<\/em><\/p>\n<\/td><\/tr><tr><td>\n<p><strong><a href=\"https:\/\/www.uartes.edu.ec\/descargables\/comision-gestora\/2019\/resoluciones\/096-2019.pdf\">Resoluci\u00f3n No. CG-UA-2019-096<\/a>:<\/strong> Resuelve: Actualizaci\u00f3n del Calendario Acad\u00e9mico II Semestre &#8211; 2019. Firma: Ramiro Noriega Fern\u00e1ndez, Presidente de la Comisi\u00f3n Gestora y Rector, Ab. Jamie Miranda Vargas, Secretaria. <br><em>22 de octubre de 2019<\/em><\/p>\n<\/td><\/tr><tr><td>\n<p><strong><a href=\"https:\/\/www.uartes.edu.ec\/descargables\/comision-gestora\/2019\/resoluciones\/097-2019.pdf\">Resoluci\u00f3n No. CG-UA-2019-097<\/a>:<\/strong> Resuelve: Delegaci\u00f3n para la Secretar\u00eda T\u00e9cnica de la Comisi\u00f3n General de Evaluaci\u00f3n Interna y convocar al segundo Concurso de M\u00e9rito y Oposici\u00f3n para docentes. Firma: Ramiro Noriega Fern\u00e1ndez, Presidente de la Comisi\u00f3n Gestora y Rector, Ab. Jamie Miranda Vargas, Secretaria. <br><em>25 de octubre de 2019<\/em><\/p>\n<\/td><\/tr><tr><td>\n<p><strong><a href=\"https:\/\/www.uartes.edu.ec\/descargables\/comision-gestora\/2019\/resoluciones\/098-2019.pdf\">Resoluci\u00f3n No. CG-UA-2019-098<\/a>:<\/strong> Resuelve: Designar como representante del Consejo Superior, al Mgs. Manuel Sarmiento, miembro externo de la Comisi\u00f3n Gestora de la Universidad de las Artes, a fin de que sea parte de la Comisi\u00f3n de Atenci\u00f3n y Revisi\u00f3n de Casos de Acoso Discriminaci\u00f3n y Violencia de Genero. Firma: Ramiro Noriega Fern\u00e1ndez, Presidente de la Comisi\u00f3n Gestora y Rector, Ab. Jamie Miranda Vargas, Secretaria. <br><em>28 de octubre de 2019<\/em><\/p>\n<\/td><\/tr><tr><td>\n<p><strong><a href=\"https:\/\/www.uartes.edu.ec\/descargables\/comision-gestora\/2019\/resoluciones\/099-2019.pdf\">Resoluci\u00f3n No. CG-UA-2019-099<\/a>:<\/strong> Resuelve: Aprobar viaje institucional comisionada Maria Paulina Soto Firma: Ramiro Noriega Fern\u00e1ndez, Presidente de la Comisi\u00f3n Gestora y Rector, Ab. Jamie Miranda Vargas, Secretaria. <br><em>28 de octubre de 2019<\/em><\/p>\n<\/td><\/tr><tr><td>\n<p><strong><a href=\"https:\/\/www.uartes.edu.ec\/descargables\/comision-gestora\/2019\/resoluciones\/100-2019.pdf\">Resoluci\u00f3n No. CG-UA-2019-0100<\/a>:<\/strong> Resuelve: Aprobar matriculas especiales de estudiantes de la Universidad de las Artes. Firma: Ramiro Noriega Fern\u00e1ndez, Presidente de la Comisi\u00f3n Gestora y Rector, Ab. Jamie Miranda Vargas, Secretaria. <br><em>28 de octubre de 2019<\/em><\/p>\n<\/td><\/tr><tr><td>\n<p><strong><a href=\"https:\/\/www.uartes.edu.ec\/descargables\/comision-gestora\/2019\/resoluciones\/101-2019.pdf\">Resoluci\u00f3n No. CG-UA-2019-0101<\/a>:<\/strong> Resuelve: Aprobar Reglamento de Posgrado de la Universidad de las Artes. Firma: Maria Paulina Soto L., Presidente de la Comisi\u00f3n Gestora y Rectora (s), Ab. Jamie Miranda Vargas, Secretaria. <br><em>22 de noviembre de 2019<\/em><\/p>\n<\/td><\/tr><tr><td>\n<p><strong><a href=\"https:\/\/www.uartes.edu.ec\/descargables\/comision-gestora\/2019\/resoluciones\/102-2019.pdf\">Resoluci\u00f3n No. CG-UA-2019-0102<\/a>:<\/strong> Resuelve: Renovaci\u00f3n y suspensi\u00f3n de becas estudiantiles de Pregrado, semestre B 2019. Firma: Maria Paulina Soto L., Presidente de la Comisi\u00f3n Gestora y Rectora (s), Ab. Jamie Miranda Vargas, Secretaria. <br><em>22 de noviembre de 2019<\/em><\/p>\n<\/td><\/tr><tr><td>\n<p><strong><a href=\"https:\/\/www.uartes.edu.ec\/descargables\/comision-gestora\/2019\/resoluciones\/103-2019.pdf\">Resoluci\u00f3n No. CG-UA-2019-0103<\/a>:<\/strong> Resuelve: Subrogaci\u00f3n de funciones de rectorado a la Vicerrectora Acad\u00e9mica. Firma: Maria Paulina Soto L., Presidente de la Comisi\u00f3n Gestora y Rectora (s), Ab. Jamie Miranda Vargas, Secretaria. <br><em>25 de noviembre de 2019<\/em><\/p>\n<\/td><\/tr><tr><td>\n<p><strong><a href=\"https:\/\/www.uartes.edu.ec\/descargables\/comision-gestora\/2019\/resoluciones\/104-2019.pdf\">Resoluci\u00f3n No. CG-UA-2019-0104<\/a>:<\/strong> Resuelve: Alcance a la resoluci\u00f3n no. CG-UA-2019-0102 de renovaci\u00f3n de becas B 2019. Firma: Maria Paulina Soto L., Presidente de la Comisi\u00f3n Gestora y Rectora (s), Ab. Jamie Miranda Vargas, Secretaria. <br><em>25 de noviembre de 2019<\/em><\/p>\n<\/td><\/tr><tr><td>\n<p><strong><a href=\"https:\/\/www.uartes.edu.ec\/descargables\/comision-gestora\/2019\/resoluciones\/0105-2019.pdf\">Resoluci\u00f3n No. CG-UA-2019-0105<\/a>:<\/strong> Resuelve: Autorizaci\u00f3n de vacaciones del Presidente de la Comisi\u00f3n Gestora \u2013 Rector y subrogaci\u00f3n de funciones. Firma: Ramiro Noriega Fern\u00e1ndez, Presidente de la Comisi\u00f3n Gestora y Rector, Ab. Jamie Miranda Vargas, Secretaria. <br><em>5 de diciembre de 2019<\/em><\/p>\n<\/td><\/tr><tr><td>\n<p><strong><a href=\"https:\/\/www.uartes.edu.ec\/descargables\/comision-gestora\/2019\/resoluciones\/0106-2019.pdf\">Resoluci\u00f3n No. CG-UA-2019-0106<\/a>:<\/strong> Resuelve: Aprobaci\u00f3n de nuevas becas estudiantiles de pregrado B 2019. Firma: Ramiro Noriega Fern\u00e1ndez, Presidente de la Comisi\u00f3n Gestora y Rector, Ab. Jamie Miranda Vargas, Secretaria. <br><em>6 de diciembre de 2019<\/em><\/p>\n<\/td><\/tr><tr><td>\n<p><strong><a href=\"https:\/\/www.uartes.edu.ec\/descargables\/comision-gestora\/2019\/resoluciones\/0107-2019.pdf\">Resoluci\u00f3n No. CG-UA-2019-0107<\/a>:<\/strong> Resuelve: Delegar al\/la Coordinador\/a de Biblioteca como responsable del Dep\u00f3sito Legal y la atribuci\u00f3n de suscribir las actas de entrega recepci\u00f3n emitidas por la Biblioteca Nacional. Firma: Ramiro Noriega Fern\u00e1ndez, Presidente de la Comisi\u00f3n Gestora y Rector, Ab. Jamie Miranda Vargas, Secretaria. <br><em>6 de diciembre de 2019<\/em><\/p>\n<\/td><\/tr><tr><td>\n<p><strong><a href=\"https:\/\/www.uartes.edu.ec\/descargables\/comision-gestora\/2019\/resoluciones\/0108-2019.pdf\">Resoluci\u00f3n No. CG-UA-2019-0108<\/a>:<\/strong> Resuelve: Designar a las abogadas G\u00f3mez Caranqui Cinthya Annabell y Solange Yamili\u00e9 Ch\u00e1vez Loor, Especialista de la Direcci\u00f3n de Planificaci\u00f3n Acad\u00e9mica y Analista del Proceso de Validaci\u00f3n de trayectoria profesional en el campo de las artes, respectivamente, como Fedatarias Administrativas, para que certifiquen, exclusivamente en lo atinente al proceso de Validaci\u00f3n de Trayectorias Profesionales en el campo de las Artes. Firma: Ramiro Noriega Fern\u00e1ndez, Presidente de la Comisi\u00f3n Gestora y Rector, Ab. Jamie Miranda Vargas, Secretaria. <br><em>6 de diciembre de 2019<\/em><\/p>\n<\/td><\/tr><tr><td>\n<p><strong><a href=\"https:\/\/www.uartes.edu.ec\/descargables\/comision-gestora\/2019\/resoluciones\/0109-2019.pdf\">Resoluci\u00f3n No. CG-UA-2019-0109<\/a>:<\/strong> Resuelve: Aprobar el REGLAMENTO PARA EL EJERCICIO DE LA EJECUCION COACTIVA DE LA UNIVERSIDAD DE LAS ARTES. Firma: Ramiro Noriega Fern\u00e1ndez, Presidente de la Comisi\u00f3n Gestora y Rector, Ab. Jamie Miranda Vargas, Secretaria<br><em>6 de diciembre de 2019<\/em><\/p>\n<\/td><\/tr><\/tbody><\/table><\/figure>\n\n\n\n<div style=\"height:60px\" aria-hidden=\"true\" class=\"wp-block-spacer\"><\/div>\n\n\n\n<h4 class=\"wp-block-heading\" id=\"resoluciones-comision-gestora\">Resoluciones Organo Colegiado Superior<\/h4>\n\n\n<nav class=\"items-justified-space-between no-wrap wp-block-navigation is-content-justification-space-between is-nowrap is-layout-flex wp-container-core-navigation-is-layout-5a589469 wp-block-navigation-is-layout-flex\" aria-label=\"Archivo OCS\"><ul class=\"wp-block-navigation__container items-justified-space-between no-wrap wp-block-navigation\"><li class=\" wp-block-navigation-item wp-block-navigation-link\"><a class=\"wp-block-navigation-item__content\"  href=\"https:\/\/www.uartes.edu.ec\/sitio\/la-universidad\/la-universidad\/ocs-resoluciones-2025\/\"><span class=\"wp-block-navigation-item__label\">2025<\/span><\/a><\/li><li class=\" wp-block-navigation-item wp-block-navigation-link\"><a class=\"wp-block-navigation-item__content\"  href=\"https:\/\/www.uartes.edu.ec\/sitio\/la-universidad\/la-universidad\/ocs-resoluciones-2024\/\"><span class=\"wp-block-navigation-item__label\">2024<\/span><\/a><\/li><li class=\" wp-block-navigation-item wp-block-navigation-link\"><a class=\"wp-block-navigation-item__content\"  href=\"https:\/\/www.uartes.edu.ec\/sitio\/la-universidad\/la-universidad\/ocs-resoluciones-2023\/\"><span class=\"wp-block-navigation-item__label\">2023<\/span><\/a><\/li><li class=\" wp-block-navigation-item wp-block-navigation-link\"><a class=\"wp-block-navigation-item__content\"  href=\"https:\/\/www.uartes.edu.ec\/sitio\/la-universidad\/la-universidad\/ocs-resoluciones-2022\/\"><span class=\"wp-block-navigation-item__label\">2022<\/span><\/a><\/li><li class=\" wp-block-navigation-item wp-block-navigation-link\"><a class=\"wp-block-navigation-item__content\"  href=\"https:\/\/www.uartes.edu.ec\/sitio\/la-universidad\/la-universidad\/ocs\/ocs-resoluciones-2021\/\"><span class=\"wp-block-navigation-item__label\">2021<\/span><\/a><\/li><\/ul><\/nav>\n\n\n<h4 class=\"wp-block-heading\" id=\"resoluciones-comision-gestora\">Resoluciones Comisi\u00f3n Gestora<\/h4>\n\n\n<nav class=\"items-justified-space-between wp-block-navigation is-horizontal is-content-justification-space-between is-layout-flex wp-container-core-navigation-is-layout-9262d1ff wp-block-navigation-is-layout-flex\" aria-label=\"Archivo Comisi\u00f3n Gestora\"><ul class=\"wp-block-navigation__container items-justified-space-between wp-block-navigation\"><li class=\" wp-block-navigation-item wp-block-navigation-link\"><a class=\"wp-block-navigation-item__content\"  href=\"http:\/\/www.uartes.edu.ec\/sitio\/la-universidad\/la-universidad\/ocs\/resoluciones-2020\/\"><span class=\"wp-block-navigation-item__label\">2020<\/span><\/a><\/li><li class=\" wp-block-navigation-item wp-block-navigation-link\"><a class=\"wp-block-navigation-item__content\"  href=\"http:\/\/www.uartes.edu.ec\/sitio\/la-universidad\/la-universidad\/ocs\/resoluciones-2019\/\"><span class=\"wp-block-navigation-item__label\">2019<\/span><\/a><\/li><li class=\" wp-block-navigation-item wp-block-navigation-link\"><a class=\"wp-block-navigation-item__content\"  href=\"http:\/\/www.uartes.edu.ec\/sitio\/la-universidad\/la-universidad\/ocs\/resoluciones-2018\/\"><span class=\"wp-block-navigation-item__label\">2018<\/span><\/a><\/li><li class=\" wp-block-navigation-item wp-block-navigation-link\"><a class=\"wp-block-navigation-item__content\"  href=\"http:\/\/www.uartes.edu.ec\/sitio\/la-universidad\/la-universidad\/ocs\/resoluciones-2017\/\"><span class=\"wp-block-navigation-item__label\">2017<\/span><\/a><\/li><li class=\" wp-block-navigation-item wp-block-navigation-link\"><a class=\"wp-block-navigation-item__content\"  href=\"http:\/\/www.uartes.edu.ec\/sitio\/la-universidad\/la-universidad\/ocs\/resoluciones-2016\/\"><span class=\"wp-block-navigation-item__label\">2016<\/span><\/a><\/li><li class=\" wp-block-navigation-item wp-block-navigation-link\"><a class=\"wp-block-navigation-item__content\"  href=\"http:\/\/www.uartes.edu.ec\/sitio\/la-universidad\/la-universidad\/ocs\/resoluciones-2015\/\"><span class=\"wp-block-navigation-item__label\">2015<\/span><\/a><\/li><\/ul><\/nav>","protected":false},"excerpt":{"rendered":"<p>Mediante Acuerdo No. SENESCYT,2018-013 de 23 de febrero de 2018, el Secretario de Educaci\u00f3n Superior, Ciencia y Tecnolog\u00eda, design\u00f3 a los miembros de la Comisi\u00f3n Gestora de la Universidad de las Artes, la cual se desempe\u00f1a como m\u00e1xima autoridad de la Universidad y desempe\u00f1ar\u00e1 las funciones, acad\u00e9micas, administrativas, financieras y regulatorias. La Comisi\u00f3n act\u00faa como [&hellip;]<\/p>\n","protected":false},"author":1,"featured_media":8691,"parent":3046,"menu_order":0,"comment_status":"closed","ping_status":"closed","template":"","meta":{"_acf_changed":false,"_uag_custom_page_level_css":"","_monsterinsights_skip_tracking":false,"_monsterinsights_sitenote_active":false,"_monsterinsights_sitenote_note":"","_monsterinsights_sitenote_category":0,"cybocfi_hide_featured_image":"","footnotes":""},"class_list":["post-3103","page","type-page","status-publish","has-post-thumbnail","hentry"],"acf":[],"yoast_head":"<!-- This site is optimized with the Yoast SEO plugin v27.4 - https:\/\/yoast.com\/product\/yoast-seo-wordpress\/ -->\n<title>Universidad de las Artes - Resoluciones 2019<\/title>\n<meta name=\"description\" content=\"Universidad de las Artes - Resoluciones 2019\" \/>\n<meta name=\"robots\" content=\"index, follow, max-snippet:-1, max-image-preview:large, max-video-preview:-1\" \/>\n<link rel=\"canonical\" href=\"https:\/\/www.uartes.edu.ec\/sitio\/la-universidad\/la-universidad\/ocs\/resoluciones-2019\/\" \/>\n<meta property=\"og:locale\" content=\"es_ES\" \/>\n<meta property=\"og:type\" content=\"article\" \/>\n<meta property=\"og:title\" content=\"Universidad de las Artes - Resoluciones 2019\" \/>\n<meta property=\"og:description\" content=\"Universidad de las Artes - Resoluciones 2019\" \/>\n<meta property=\"og:url\" content=\"https:\/\/www.uartes.edu.ec\/sitio\/la-universidad\/la-universidad\/ocs\/resoluciones-2019\/\" \/>\n<meta property=\"og:site_name\" content=\"Universidad de las Artes\" \/>\n<meta property=\"article:publisher\" content=\"https:\/\/www.facebook.com\/uartesec\" \/>\n<meta property=\"article:modified_time\" content=\"2025-04-09T15:23:32+00:00\" \/>\n<meta property=\"og:image\" content=\"https:\/\/www.uartes.edu.ec\/sitio\/wp-content\/uploads\/2020\/09\/LA-UNIVERSIDAD-COMISION-GESTORA-Telegrafo-.jpg\" \/>\n\t<meta property=\"og:image:width\" content=\"2000\" \/>\n\t<meta property=\"og:image:height\" content=\"1333\" \/>\n\t<meta property=\"og:image:type\" content=\"image\/jpeg\" \/>\n<meta name=\"twitter:card\" content=\"summary_large_image\" \/>\n<meta name=\"twitter:site\" content=\"@uartesec\" \/>\n<meta name=\"twitter:label1\" content=\"Tiempo de lectura\" \/>\n\t<meta name=\"twitter:data1\" content=\"21 minutos\" \/>\n<script type=\"application\/ld+json\" class=\"yoast-schema-graph\">{\"@context\":\"https:\\\/\\\/schema.org\",\"@graph\":[{\"@type\":\"WebPage\",\"@id\":\"https:\\\/\\\/www.uartes.edu.ec\\\/sitio\\\/la-universidad\\\/la-universidad\\\/ocs\\\/resoluciones-2019\\\/\",\"url\":\"https:\\\/\\\/www.uartes.edu.ec\\\/sitio\\\/la-universidad\\\/la-universidad\\\/ocs\\\/resoluciones-2019\\\/\",\"name\":\"Universidad de las Artes - Resoluciones 2019\",\"isPartOf\":{\"@id\":\"https:\\\/\\\/www.uartes.edu.ec\\\/sitio\\\/#website\"},\"primaryImageOfPage\":{\"@id\":\"https:\\\/\\\/www.uartes.edu.ec\\\/sitio\\\/la-universidad\\\/la-universidad\\\/ocs\\\/resoluciones-2019\\\/#primaryimage\"},\"image\":{\"@id\":\"https:\\\/\\\/www.uartes.edu.ec\\\/sitio\\\/la-universidad\\\/la-universidad\\\/ocs\\\/resoluciones-2019\\\/#primaryimage\"},\"thumbnailUrl\":\"https:\\\/\\\/www.uartes.edu.ec\\\/sitio\\\/wp-content\\\/uploads\\\/2020\\\/09\\\/LA-UNIVERSIDAD-COMISION-GESTORA-Telegrafo-.jpg\",\"datePublished\":\"2019-03-20T21:43:27+00:00\",\"dateModified\":\"2025-04-09T15:23:32+00:00\",\"description\":\"Universidad de las Artes - Resoluciones 2019\",\"breadcrumb\":{\"@id\":\"https:\\\/\\\/www.uartes.edu.ec\\\/sitio\\\/la-universidad\\\/la-universidad\\\/ocs\\\/resoluciones-2019\\\/#breadcrumb\"},\"inLanguage\":\"es\",\"potentialAction\":[{\"@type\":\"ReadAction\",\"target\":[\"https:\\\/\\\/www.uartes.edu.ec\\\/sitio\\\/la-universidad\\\/la-universidad\\\/ocs\\\/resoluciones-2019\\\/\"]}]},{\"@type\":\"ImageObject\",\"inLanguage\":\"es\",\"@id\":\"https:\\\/\\\/www.uartes.edu.ec\\\/sitio\\\/la-universidad\\\/la-universidad\\\/ocs\\\/resoluciones-2019\\\/#primaryimage\",\"url\":\"https:\\\/\\\/www.uartes.edu.ec\\\/sitio\\\/wp-content\\\/uploads\\\/2020\\\/09\\\/LA-UNIVERSIDAD-COMISION-GESTORA-Telegrafo-.jpg\",\"contentUrl\":\"https:\\\/\\\/www.uartes.edu.ec\\\/sitio\\\/wp-content\\\/uploads\\\/2020\\\/09\\\/LA-UNIVERSIDAD-COMISION-GESTORA-Telegrafo-.jpg\",\"width\":2000,\"height\":1333},{\"@type\":\"BreadcrumbList\",\"@id\":\"https:\\\/\\\/www.uartes.edu.ec\\\/sitio\\\/la-universidad\\\/la-universidad\\\/ocs\\\/resoluciones-2019\\\/#breadcrumb\",\"itemListElement\":[{\"@type\":\"ListItem\",\"position\":1,\"name\":\"Inicio\",\"item\":\"https:\\\/\\\/www.uartes.edu.ec\\\/sitio\\\/\"},{\"@type\":\"ListItem\",\"position\":2,\"name\":\"Universidad de las Artes\",\"item\":\"https:\\\/\\\/www.uartes.edu.ec\\\/sitio\\\/\"},{\"@type\":\"ListItem\",\"position\":3,\"name\":\"La Universidad\",\"item\":\"https:\\\/\\\/www.uartes.edu.ec\\\/sitio\\\/la-universidad\\\/la-universidad\\\/\"},{\"@type\":\"ListItem\",\"position\":4,\"name\":\"\u00d3rgano Colegiado Superior\",\"item\":\"https:\\\/\\\/www.uartes.edu.ec\\\/sitio\\\/la-universidad\\\/ocs\\\/\"},{\"@type\":\"ListItem\",\"position\":5,\"name\":\"Resoluciones 2019\"}]},{\"@type\":\"WebSite\",\"@id\":\"https:\\\/\\\/www.uartes.edu.ec\\\/sitio\\\/#website\",\"url\":\"https:\\\/\\\/www.uartes.edu.ec\\\/sitio\\\/\",\"name\":\"Universidad de las Artes\",\"description\":\"Sitio oficial de la Universidad Nacional de las Artes del Ecuador\",\"publisher\":{\"@id\":\"https:\\\/\\\/www.uartes.edu.ec\\\/sitio\\\/#organization\"},\"potentialAction\":[{\"@type\":\"SearchAction\",\"target\":{\"@type\":\"EntryPoint\",\"urlTemplate\":\"https:\\\/\\\/www.uartes.edu.ec\\\/sitio\\\/?s={search_term_string}\"},\"query-input\":{\"@type\":\"PropertyValueSpecification\",\"valueRequired\":true,\"valueName\":\"search_term_string\"}}],\"inLanguage\":\"es\"},{\"@type\":\"Organization\",\"@id\":\"https:\\\/\\\/www.uartes.edu.ec\\\/sitio\\\/#organization\",\"name\":\"Universidad de las Artes\",\"url\":\"https:\\\/\\\/www.uartes.edu.ec\\\/sitio\\\/\",\"logo\":{\"@type\":\"ImageObject\",\"inLanguage\":\"es\",\"@id\":\"https:\\\/\\\/www.uartes.edu.ec\\\/sitio\\\/#\\\/schema\\\/logo\\\/image\\\/\",\"url\":\"https:\\\/\\\/www.uartes.edu.ec\\\/sitio\\\/wp-content\\\/uploads\\\/2022\\\/07\\\/logo-ua-horizontal.png\",\"contentUrl\":\"https:\\\/\\\/www.uartes.edu.ec\\\/sitio\\\/wp-content\\\/uploads\\\/2022\\\/07\\\/logo-ua-horizontal.png\",\"width\":800,\"height\":276,\"caption\":\"Universidad de las Artes\"},\"image\":{\"@id\":\"https:\\\/\\\/www.uartes.edu.ec\\\/sitio\\\/#\\\/schema\\\/logo\\\/image\\\/\"},\"sameAs\":[\"https:\\\/\\\/www.facebook.com\\\/uartesec\",\"https:\\\/\\\/x.com\\\/uartesec\",\"https:\\\/\\\/www.tiktok.com\\\/@uartesec\"]}]}<\/script>\n<!-- \/ Yoast SEO plugin. -->","yoast_head_json":{"title":"Universidad de las Artes - Resoluciones 2019","description":"Universidad de las Artes - Resoluciones 2019","robots":{"index":"index","follow":"follow","max-snippet":"max-snippet:-1","max-image-preview":"max-image-preview:large","max-video-preview":"max-video-preview:-1"},"canonical":"https:\/\/www.uartes.edu.ec\/sitio\/la-universidad\/la-universidad\/ocs\/resoluciones-2019\/","og_locale":"es_ES","og_type":"article","og_title":"Universidad de las Artes - Resoluciones 2019","og_description":"Universidad de las Artes - Resoluciones 2019","og_url":"https:\/\/www.uartes.edu.ec\/sitio\/la-universidad\/la-universidad\/ocs\/resoluciones-2019\/","og_site_name":"Universidad de las Artes","article_publisher":"https:\/\/www.facebook.com\/uartesec","article_modified_time":"2025-04-09T15:23:32+00:00","og_image":[{"width":2000,"height":1333,"url":"https:\/\/www.uartes.edu.ec\/sitio\/wp-content\/uploads\/2020\/09\/LA-UNIVERSIDAD-COMISION-GESTORA-Telegrafo-.jpg","type":"image\/jpeg"}],"twitter_card":"summary_large_image","twitter_site":"@uartesec","twitter_misc":{"Tiempo de lectura":"21 minutos"},"schema":{"@context":"https:\/\/schema.org","@graph":[{"@type":"WebPage","@id":"https:\/\/www.uartes.edu.ec\/sitio\/la-universidad\/la-universidad\/ocs\/resoluciones-2019\/","url":"https:\/\/www.uartes.edu.ec\/sitio\/la-universidad\/la-universidad\/ocs\/resoluciones-2019\/","name":"Universidad de las Artes - Resoluciones 2019","isPartOf":{"@id":"https:\/\/www.uartes.edu.ec\/sitio\/#website"},"primaryImageOfPage":{"@id":"https:\/\/www.uartes.edu.ec\/sitio\/la-universidad\/la-universidad\/ocs\/resoluciones-2019\/#primaryimage"},"image":{"@id":"https:\/\/www.uartes.edu.ec\/sitio\/la-universidad\/la-universidad\/ocs\/resoluciones-2019\/#primaryimage"},"thumbnailUrl":"https:\/\/www.uartes.edu.ec\/sitio\/wp-content\/uploads\/2020\/09\/LA-UNIVERSIDAD-COMISION-GESTORA-Telegrafo-.jpg","datePublished":"2019-03-20T21:43:27+00:00","dateModified":"2025-04-09T15:23:32+00:00","description":"Universidad de las Artes - Resoluciones 2019","breadcrumb":{"@id":"https:\/\/www.uartes.edu.ec\/sitio\/la-universidad\/la-universidad\/ocs\/resoluciones-2019\/#breadcrumb"},"inLanguage":"es","potentialAction":[{"@type":"ReadAction","target":["https:\/\/www.uartes.edu.ec\/sitio\/la-universidad\/la-universidad\/ocs\/resoluciones-2019\/"]}]},{"@type":"ImageObject","inLanguage":"es","@id":"https:\/\/www.uartes.edu.ec\/sitio\/la-universidad\/la-universidad\/ocs\/resoluciones-2019\/#primaryimage","url":"https:\/\/www.uartes.edu.ec\/sitio\/wp-content\/uploads\/2020\/09\/LA-UNIVERSIDAD-COMISION-GESTORA-Telegrafo-.jpg","contentUrl":"https:\/\/www.uartes.edu.ec\/sitio\/wp-content\/uploads\/2020\/09\/LA-UNIVERSIDAD-COMISION-GESTORA-Telegrafo-.jpg","width":2000,"height":1333},{"@type":"BreadcrumbList","@id":"https:\/\/www.uartes.edu.ec\/sitio\/la-universidad\/la-universidad\/ocs\/resoluciones-2019\/#breadcrumb","itemListElement":[{"@type":"ListItem","position":1,"name":"Inicio","item":"https:\/\/www.uartes.edu.ec\/sitio\/"},{"@type":"ListItem","position":2,"name":"Universidad de las Artes","item":"https:\/\/www.uartes.edu.ec\/sitio\/"},{"@type":"ListItem","position":3,"name":"La Universidad","item":"https:\/\/www.uartes.edu.ec\/sitio\/la-universidad\/la-universidad\/"},{"@type":"ListItem","position":4,"name":"\u00d3rgano Colegiado Superior","item":"https:\/\/www.uartes.edu.ec\/sitio\/la-universidad\/ocs\/"},{"@type":"ListItem","position":5,"name":"Resoluciones 2019"}]},{"@type":"WebSite","@id":"https:\/\/www.uartes.edu.ec\/sitio\/#website","url":"https:\/\/www.uartes.edu.ec\/sitio\/","name":"Universidad de las Artes","description":"Sitio oficial de la Universidad Nacional de las Artes del Ecuador","publisher":{"@id":"https:\/\/www.uartes.edu.ec\/sitio\/#organization"},"potentialAction":[{"@type":"SearchAction","target":{"@type":"EntryPoint","urlTemplate":"https:\/\/www.uartes.edu.ec\/sitio\/?s={search_term_string}"},"query-input":{"@type":"PropertyValueSpecification","valueRequired":true,"valueName":"search_term_string"}}],"inLanguage":"es"},{"@type":"Organization","@id":"https:\/\/www.uartes.edu.ec\/sitio\/#organization","name":"Universidad de las Artes","url":"https:\/\/www.uartes.edu.ec\/sitio\/","logo":{"@type":"ImageObject","inLanguage":"es","@id":"https:\/\/www.uartes.edu.ec\/sitio\/#\/schema\/logo\/image\/","url":"https:\/\/www.uartes.edu.ec\/sitio\/wp-content\/uploads\/2022\/07\/logo-ua-horizontal.png","contentUrl":"https:\/\/www.uartes.edu.ec\/sitio\/wp-content\/uploads\/2022\/07\/logo-ua-horizontal.png","width":800,"height":276,"caption":"Universidad de las Artes"},"image":{"@id":"https:\/\/www.uartes.edu.ec\/sitio\/#\/schema\/logo\/image\/"},"sameAs":["https:\/\/www.facebook.com\/uartesec","https:\/\/x.com\/uartesec","https:\/\/www.tiktok.com\/@uartesec"]}]}},"uagb_featured_image_src":{"full":["https:\/\/www.uartes.edu.ec\/sitio\/wp-content\/uploads\/2020\/09\/LA-UNIVERSIDAD-COMISION-GESTORA-Telegrafo-.jpg",2000,1333,false],"thumbnail":["https:\/\/www.uartes.edu.ec\/sitio\/wp-content\/uploads\/2020\/09\/LA-UNIVERSIDAD-COMISION-GESTORA-Telegrafo--150x150.jpg",150,150,true],"medium":["https:\/\/www.uartes.edu.ec\/sitio\/wp-content\/uploads\/2020\/09\/LA-UNIVERSIDAD-COMISION-GESTORA-Telegrafo--300x200.jpg",300,200,true],"medium_large":["https:\/\/www.uartes.edu.ec\/sitio\/wp-content\/uploads\/2020\/09\/LA-UNIVERSIDAD-COMISION-GESTORA-Telegrafo--768x512.jpg",768,512,true],"large":["https:\/\/www.uartes.edu.ec\/sitio\/wp-content\/uploads\/2020\/09\/LA-UNIVERSIDAD-COMISION-GESTORA-Telegrafo--644x429.jpg",644,429,true],"1536x1536":["https:\/\/www.uartes.edu.ec\/sitio\/wp-content\/uploads\/2020\/09\/LA-UNIVERSIDAD-COMISION-GESTORA-Telegrafo--1536x1024.jpg",1536,1024,true],"2048x2048":["https:\/\/www.uartes.edu.ec\/sitio\/wp-content\/uploads\/2020\/09\/LA-UNIVERSIDAD-COMISION-GESTORA-Telegrafo-.jpg",2000,1333,false],"trp-custom-language-flag":["https:\/\/www.uartes.edu.ec\/sitio\/wp-content\/uploads\/2020\/09\/LA-UNIVERSIDAD-COMISION-GESTORA-Telegrafo-.jpg",18,12,false],"htmega_size_585x295":["https:\/\/www.uartes.edu.ec\/sitio\/wp-content\/uploads\/2020\/09\/LA-UNIVERSIDAD-COMISION-GESTORA-Telegrafo--585x295.jpg",585,295,true],"htmega_size_1170x536":["https:\/\/www.uartes.edu.ec\/sitio\/wp-content\/uploads\/2020\/09\/LA-UNIVERSIDAD-COMISION-GESTORA-Telegrafo--1170x536.jpg",1170,536,true],"htmega_size_396x360":["https:\/\/www.uartes.edu.ec\/sitio\/wp-content\/uploads\/2020\/09\/LA-UNIVERSIDAD-COMISION-GESTORA-Telegrafo--396x360.jpg",396,360,true],"gb-block-post-grid-landscape":["https:\/\/www.uartes.edu.ec\/sitio\/wp-content\/uploads\/2020\/09\/LA-UNIVERSIDAD-COMISION-GESTORA-Telegrafo-.jpg",600,400,false],"gb-block-post-grid-square":["https:\/\/www.uartes.edu.ec\/sitio\/wp-content\/uploads\/2020\/09\/LA-UNIVERSIDAD-COMISION-GESTORA-Telegrafo-.jpg",600,400,false],"university-hub-thumb":["https:\/\/www.uartes.edu.ec\/sitio\/wp-content\/uploads\/2020\/09\/LA-UNIVERSIDAD-COMISION-GESTORA-Telegrafo--400x267.jpg",400,267,true]},"uagb_author_info":{"display_name":"Universidad de las Artes","author_link":"https:\/\/www.uartes.edu.ec\/sitio\/blog\/author\/dircomadm\/"},"uagb_comment_info":0,"uagb_excerpt":"Mediante Acuerdo No. SENESCYT,2018-013 de 23 de febrero de 2018, el Secretario de Educaci\u00f3n Superior, Ciencia y Tecnolog\u00eda, design\u00f3 a los miembros de la Comisi\u00f3n Gestora de la Universidad de las Artes, la cual se desempe\u00f1a como m\u00e1xima autoridad de la Universidad y desempe\u00f1ar\u00e1 las funciones, acad\u00e9micas, administrativas, financieras y regulatorias. La Comisi\u00f3n act\u00faa como&hellip;","featured_image_src":"https:\/\/www.uartes.edu.ec\/sitio\/wp-content\/uploads\/2020\/09\/LA-UNIVERSIDAD-COMISION-GESTORA-Telegrafo-.jpg","featured_image_src_square":"https:\/\/www.uartes.edu.ec\/sitio\/wp-content\/uploads\/2020\/09\/LA-UNIVERSIDAD-COMISION-GESTORA-Telegrafo-.jpg","publishpress_future_action":{"enabled":false,"date":"2026-05-09 03:33:42","action":"change-status","newStatus":"draft","terms":[],"taxonomy":"","extraData":[]},"publishpress_future_workflow_manual_trigger":{"enabledWorkflows":[]},"distributor_meta":false,"distributor_terms":false,"distributor_media":false,"distributor_original_site_name":"Universidad de las Artes","distributor_original_site_url":"https:\/\/www.uartes.edu.ec\/sitio","push-errors":false,"_links":{"self":[{"href":"https:\/\/www.uartes.edu.ec\/sitio\/wp-json\/wp\/v2\/pages\/3103","targetHints":{"allow":["GET"]}}],"collection":[{"href":"https:\/\/www.uartes.edu.ec\/sitio\/wp-json\/wp\/v2\/pages"}],"about":[{"href":"https:\/\/www.uartes.edu.ec\/sitio\/wp-json\/wp\/v2\/types\/page"}],"author":[{"embeddable":true,"href":"https:\/\/www.uartes.edu.ec\/sitio\/wp-json\/wp\/v2\/users\/1"}],"replies":[{"embeddable":true,"href":"https:\/\/www.uartes.edu.ec\/sitio\/wp-json\/wp\/v2\/comments?post=3103"}],"version-history":[{"count":14,"href":"https:\/\/www.uartes.edu.ec\/sitio\/wp-json\/wp\/v2\/pages\/3103\/revisions"}],"predecessor-version":[{"id":70313,"href":"https:\/\/www.uartes.edu.ec\/sitio\/wp-json\/wp\/v2\/pages\/3103\/revisions\/70313"}],"up":[{"embeddable":true,"href":"https:\/\/www.uartes.edu.ec\/sitio\/wp-json\/wp\/v2\/pages\/3046"}],"wp:featuredmedia":[{"embeddable":true,"href":"https:\/\/www.uartes.edu.ec\/sitio\/wp-json\/wp\/v2\/media\/8691"}],"wp:attachment":[{"href":"https:\/\/www.uartes.edu.ec\/sitio\/wp-json\/wp\/v2\/media?parent=3103"}],"curies":[{"name":"wp","href":"https:\/\/api.w.org\/{rel}","templated":true}]}}