{"id":40524,"date":"2023-04-05T09:43:47","date_gmt":"2023-04-05T14:43:47","guid":{"rendered":"https:\/\/www.uartes.edu.ec\/sitio\/la-universidad\/congreso\/manglar-i-congreso-internacional-de-educacion-artistica-e-interculturalidad\/"},"modified":"2024-07-04T11:21:21","modified_gmt":"2024-07-04T16:21:21","slug":"manglar-i-congreso-internacional-de-educacion-artistica-e-interculturalidad","status":"publish","type":"page","link":"https:\/\/www.uartes.edu.ec\/sitio\/congreso\/manglar-i-congreso-internacional\/","title":{"rendered":"Manglar: I congreso internacional de educaci\u00f3n art\u00edstica e interculturalidad"},"content":{"rendered":"\n<p>La Escuela de Literatura de la Universidad de las Artes, a trav\u00e9s de su carrera de Pedagog\u00eda de las Artes y Humanidades,&nbsp;tiene el agrado&nbsp;de\u202finvitar&nbsp;a<strong>&nbsp;<em>Manglar: I Congreso Internacional de Educaci\u00f3n Art\u00edstica e Interculturalidad <\/em><\/strong>a realizarse&nbsp;el&nbsp;20 y&nbsp;21&nbsp;de&nbsp;julio&nbsp;de 2023&nbsp;en la ciudad de Guayaquil&nbsp;(en el campus de la&nbsp;UArtes y en formato virtual v\u00eda zoom).&nbsp;En el marco de la construcci\u00f3n de una sociedad m\u00e1s justa,&nbsp;antirracista y antipatriarcal, hemos creado este espacio acad\u00e9mico pensado para construir instancias de intercambios de saberes, aprendizajes y experiencias a trav\u00e9s de charlas magistrales, paneles, exposici\u00f3n de p\u00f3ster y talleres.<\/p>\n\n\n\n<div class=\"wp-block-getwid-anchor\" id=\"inscribete\"><\/div>\n\n\n\n<div style=\"text-align:center\" class=\"wp-block-genesis-blocks-gb-cta gb-block-cta gb-font-size-20\"><div class=\"gb-cta-image-wrap\"><img decoding=\"async\" class=\"gb-cta-image has-background-dim-100 has-background-dim\" src=\"https:\/\/www.uartes.edu.ec\/sitio\/wp-content\/uploads\/2023\/04\/banner-fondo.jpg\" alt=\"\"\/><\/div><div class=\"gb-cta-content\"><h2 class=\"gb-cta-title gb-font-size-40\" style=\"color:#ffffff\">Inscripci\u00f3n<\/h2><div class=\"gb-cta-text gb-font-size-32\" style=\"color:#ffffff\"><p>Para asistentes y ponentes que han sido aceptados.<\/p><\/div><\/div><div class=\"gb-cta-button\"><a href=\"https:\/\/forms.office.com\/r\/710b7DXUMd\" target=\"_blank\" rel=\"noopener noreferrer\" class=\"gb-button gb-button-shape-rounded gb-button-size-medium\" style=\"color:#ffffff;background-color:#f9b612\">Formulario de inscripci\u00f3n<\/a><\/div><\/div>\n\n\n\n<div style=\"height:50px\" aria-hidden=\"true\" class=\"wp-block-spacer\"><\/div>\n\n\n\n<h2 class=\"wp-block-heading\">Fechas importantes<\/h2>\n\n\n\n<div style=\"height:20px\" aria-hidden=\"true\" class=\"wp-block-spacer\"><\/div>\n\n\n\n<div class=\"wp-block-columns has-background is-layout-flex wp-container-core-columns-is-layout-9d6595d7 wp-block-columns-is-layout-flex\" style=\"background-color:#f5f6f2\">\n<div class=\"wp-block-column is-layout-flow wp-block-column-is-layout-flow\" style=\"flex-basis:20%\">\n<h5 class=\"wp-block-heading\">10 Abril 2023<\/h5>\n\n\n\n<p>Apertura de convocatoria para env\u00edo de ponencias y p\u00f3ster.<\/p>\n<\/div>\n\n\n\n<div class=\"wp-block-column is-layout-flow wp-block-column-is-layout-flow\" style=\"flex-basis:20%\">\n<h5 class=\"wp-block-heading\">31 Mayo 2023<\/h5>\n\n\n\n<p>Cierre de convocatoria<\/p>\n<\/div>\n\n\n\n<div class=\"wp-block-column is-layout-flow wp-block-column-is-layout-flow\" style=\"flex-basis:20%\">\n<h5 class=\"wp-block-heading\">16 Junio 2023<\/h5>\n\n\n\n<p><a href=\"#inscribete\">Inicio de inscripci\u00f3n general y comunicaci\u00f3n del dictamen de aceptaci\u00f3n.<\/a><\/p>\n<\/div>\n\n\n\n<div class=\"wp-block-column is-layout-flow wp-block-column-is-layout-flow\" style=\"flex-basis:20%\">\n<h5 class=\"wp-block-heading\">15 Julio 2023<\/h5>\n\n\n\n<p>Fin de inscripci\u00f3n<\/p>\n<\/div>\n\n\n\n<div class=\"wp-block-column is-layout-flow wp-block-column-is-layout-flow\" style=\"flex-basis:20%\">\n<h5 class=\"wp-block-heading\">20 y 21 Julio 2023<\/h5>\n\n\n\n<p>Celebraci\u00f3n del congreso<\/p>\n<\/div>\n<\/div>\n\n\n\n<div style=\"height:60px\" aria-hidden=\"true\" class=\"wp-block-spacer\"><\/div>\n\n\n\n<div style=\"text-align:center\" class=\"wp-block-genesis-blocks-gb-cta gb-block-cta gb-font-size-20\"><div class=\"gb-cta-image-wrap\"><img decoding=\"async\" class=\"gb-cta-image has-background-dim-100 has-background-dim\" src=\"https:\/\/www.uartes.edu.ec\/sitio\/wp-content\/uploads\/2023\/04\/banner-fondo.jpg\" alt=\"\"\/><\/div><div class=\"gb-cta-content\"><h2 class=\"gb-cta-title gb-font-size-40\" style=\"color:#ffffff\">Agenda<\/h2><div class=\"gb-cta-text gb-font-size-32\" style=\"color:#ffffff\"><p>Revisa horarios y lugares para la programaci\u00f3n del Congreso.<\/p><\/div><\/div><div class=\"gb-cta-button\"><a href=\"https:\/\/bit.ly\/Manglar2023\" target=\"_blank\" rel=\"noopener noreferrer\" class=\"gb-button gb-button-shape-rounded gb-button-size-medium\" style=\"color:#ffffff;background-color:#f9b612\">Descarga<\/a><\/div><\/div>\n\n\n\n<div class=\"wp-block-columns is-layout-flex wp-container-core-columns-is-layout-9d6595d7 wp-block-columns-is-layout-flex\">\n<div class=\"wp-block-column is-layout-flow wp-block-column-is-layout-flow\">\n<h2 class=\"wp-block-heading\">Objetivo<\/h2>\n\n\n\n<p>Promover espacios de aprendizaje colaborativo para el desarrollo cr\u00edtico y creativo de la educaci\u00f3n art\u00edstica e intercultural a trav\u00e9s de di\u00e1logos de saberes y el compartir de pr\u00e1cticas y experiencias educativas en el Ecuador y Latinoam\u00e9rica.<\/p>\n<\/div>\n\n\n\n<div class=\"wp-block-column is-layout-flow wp-block-column-is-layout-flow\">\n<h2 class=\"wp-block-heading\">Ejes tem\u00e1ticos<\/h2>\n\n\n\n<ul class=\"wp-block-list\">\n<li>Pedagog\u00edas cr\u00edticas, ecol\u00f3gicas y creativas en desde y a trav\u00e9s de las artes<\/li>\n\n\n\n<li>Relectura de las modernidades y la descolonialidad en la educaci\u00f3n art\u00edstica<\/li>\n\n\n\n<li>Pr\u00e1cticas experimentales y transdisciplinares en la educaci\u00f3n art\u00edstica<\/li>\n\n\n\n<li>Representaci\u00f3n, memoria y saberes<\/li>\n\n\n\n<li>G\u00e9nero, feminismos y diversidad sexo-gen\u00e9rica<\/li>\n<\/ul>\n<\/div>\n\n\n\n<div class=\"wp-block-column is-layout-flow wp-block-column-is-layout-flow\">\n<h2 class=\"wp-block-heading\">Comit\u00e9 organizador &#8211; docentes UA<\/h2>\n\n\n\n<ul class=\"wp-block-list\">\n<li>Byron Cevallos Trujillo<\/li>\n\n\n\n<li>Juan Jos\u00e9 Rocha<\/li>\n\n\n\n<li>Johnny Guerra<\/li>\n\n\n\n<li>Gioconda Coello<\/li>\n\n\n\n<li>Dar\u00edo Jim\u00e9nez<\/li>\n\n\n\n<li>Mario Madro\u00f1ero<\/li>\n\n\n\n<li>Edizon Le\u00f3n<\/li>\n\n\n\n<li>Alejandra Zambrano<\/li>\n<\/ul>\n<\/div>\n<\/div>\n\n\n\n<div style=\"height:43px\" aria-hidden=\"true\" class=\"wp-block-spacer\"><\/div>\n\n\n\n<h2 class=\"wp-block-heading\">Costos<\/h2>\n\n\n\n<p>Incluye certificado oficial del evento, acceso a talleres e intercambio comunitario:<\/p>\n\n\n\n<ul class=\"wp-block-list\">\n<li><strong>Inscripci\u00f3n general \u2013 asistencia presencial<\/strong>: &nbsp;30,00 USD<\/li>\n\n\n\n<li><strong>Inscripci\u00f3n general \u2013 asistencia virtual<\/strong>: 20,00 USD.<\/li>\n\n\n\n<li><strong>Ponentes docentes investigadores\/as \u2013 presencial<\/strong>: 45,00 USD.<\/li>\n\n\n\n<li><strong>Ponentes docentes investigadores\/as \u2013 virtual<\/strong>: 35,00 USD.<\/li>\n\n\n\n<li><strong>Ponentes estudiantes universitarios\/as y docentes de EGB\/BGU \u2013 presencial<\/strong>: &nbsp;25,00 USD.<\/li>\n\n\n\n<li><strong>Ponentes estudiantes universitarios\/as y docentes de EGB\/BGU \u2013 virtual<\/strong>: 20,00 USD.<\/li>\n\n\n\n<li><strong>Estudiantes y alumni\u202fUArtes<\/strong>: sin costo.<\/li>\n<\/ul>\n\n\n\n<div style=\"height:43px\" aria-hidden=\"true\" class=\"wp-block-spacer\"><\/div>\n\n\n\n<h3 class=\"wp-block-heading\">M\u00e9todos de pago<\/h3>\n\n\n\n<div class=\"wp-block-getwid-tabs has-layout-vertical-left\" data-active-tab=\"0\"><ul class=\"wp-block-getwid-tabs__nav-links\"><\/ul>\n<div class=\"wp-block-getwid-tabs__nav-link\"><h4 class=\"wp-block-getwid-tabs__title-wrapper\"><a href=\"#\"><span class=\"wp-block-getwid-tabs__title\">Dep\u00f3sito<\/span><\/a><\/h4><\/div><div class=\"wp-block-getwid-tabs__tab-content-wrapper\"><div class=\"wp-block-getwid-tabs__tab-content\">\n<p>Se lo hace directamente en el banco ya sea por cajero o ventanilla, la persona debe realizar el dep\u00f3sito en:<\/p>\n\n\n\n<figure class=\"wp-block-table\"><table><tbody><tr><td>BANCO<\/td><td>BANCO DEL P\u00c1CIFICO<\/td><\/tr><tr><td>TIPO DE CUENTA<\/td><td>CORRIENTE<\/td><\/tr><tr><td>No. DE CUENTA<\/td><td>8063656<\/td><\/tr><tr><td>A NOMBRE<\/td><td>UNIVERSIDAD DE LAS ARTES<\/td><\/tr><\/tbody><\/table><\/figure>\n<\/div><\/div>\n\n\n\n<div class=\"wp-block-getwid-tabs__nav-link\"><h4 class=\"wp-block-getwid-tabs__title-wrapper\"><a href=\"#\"><span class=\"wp-block-getwid-tabs__title\">Transferencias bancarias nacionales<\/span><\/a><\/h4><\/div><div class=\"wp-block-getwid-tabs__tab-content-wrapper\"><div class=\"wp-block-getwid-tabs__tab-content\">\n<p>Se&nbsp;lo hace directamente desde la aplicaci\u00f3n web o la aplicaci\u00f3n m\u00f3vil de la instituci\u00f3n financiera a nivel nacional (Ecuador), de la persona que quiera realizar el pago. Para esta transacci\u00f3n se tomar en cuenta que la misma se efectiviza de 24 a 48 horas laborables:<\/p>\n\n\n\n<figure class=\"wp-block-table\"><table><tbody><tr><td>BANCO<\/td><td>BANCO DEL P\u00c1CIFICO<\/td><\/tr><tr><td>TIPO DE CUENTA<\/td><td>CORRIENTE<\/td><\/tr><tr><td>No. DE CUENTA<\/td><td>8063656<\/td><\/tr><tr><td>A NOMBRE<\/td><td>UNIVERSIDAD DE LAS ARTES<\/td><\/tr><tr><td>RUC UARTES<\/td><td>0968604120001<\/td><\/tr><\/tbody><\/table><\/figure>\n<\/div><\/div>\n\n\n\n<div class=\"wp-block-getwid-tabs__nav-link\"><h4 class=\"wp-block-getwid-tabs__title-wrapper\"><a href=\"#\"><span class=\"wp-block-getwid-tabs__title\">Transferencias bancarias internacionales<\/span><\/a><\/h4><\/div><div class=\"wp-block-getwid-tabs__tab-content-wrapper\"><div class=\"wp-block-getwid-tabs__tab-content\">\n<p>Cuando una persona quiera realizar su pago desde otro pa\u00eds que no sea Ecuador, la transacci\u00f3n se la debe realizar con el banco que dicha persona tenga en el extranjero. Se efectiviza de acuerdo a los tiempos del banco del exterior y el Banco del Pac\u00edfico y puede tomar entre una o dos semanas, considerar los siguientes datos:<\/p>\n\n\n\n<figure class=\"wp-block-table\"><table><tbody><tr><td>BANCO<\/td><td>BANCO DEL P\u00c1CIFICO<\/td><\/tr><tr><td>TIPO DE CUENTA<\/td><td>CORRIENTE<\/td><\/tr><tr><td>No. DE CUENTA<\/td><td>8063656<\/td><\/tr><tr><td>A NOMBRE<\/td><td>UNIVERSIDAD DE LAS ARTES<\/td><\/tr><tr><td>RUC UARTES<\/td><td>0968604120001<\/td><\/tr><tr><td>C\u00d3DIGO SWIFT<\/td><td>&nbsp;PACIECEG<\/td><\/tr><\/tbody><\/table><\/figure>\n\n\n\n<p>Es importante considerar que el c\u00f3digo swift es el c\u00f3digo del banco que maneja las cuentas de la Universidad de las Artes<\/p>\n<\/div><\/div>\n\n\n\n<div class=\"wp-block-getwid-tabs__nav-link\"><h4 class=\"wp-block-getwid-tabs__title-wrapper\"><a href=\"#\"><span class=\"wp-block-getwid-tabs__title\">Link de pagos<\/span><\/a><\/h4><\/div><div class=\"wp-block-getwid-tabs__tab-content-wrapper\"><div class=\"wp-block-getwid-tabs__tab-content\">\n<p>La persona que lo solicite recibir\u00e1 un link de pagosque lo llevar\u00e1 hacia una aplicaci\u00f3n que le solicitar\u00e1 datos personales y de la tarjeta de cr\u00e9dito que utilice. Para aplicar este medio de pago se debe considerar lo siguiente:<\/p>\n\n\n\n<figure class=\"wp-block-table\"><table><tbody><tr><td>DATOS PARA LA PREFACTURA<\/td><td>Nombres Completos<br>No. Identificaci\u00f3n (CI-Pasaporte)<br>Pa\u00eds de origen \/ direcci\u00f3n<br>No. de tel\u00e9fono y\/o celular<br>correo electr\u00f3nico\/mail (importante)<\/td><\/tr><tr><td>TARJETAS ACEPTADAS<\/td><td>VISA<br>MASTERCARD<br>DINERS<\/td><\/tr><tr><td>TARJETAS QUE NO SE ACEPTA<\/td><td>AMERICAN EXPRESS<\/td><\/tr><tr><td>VIGENCIA DEL LINK DE PAGOS<\/td><td>El link de pagos tiene una vigencia de <strong>24 horas <\/strong>desde el momento que lo crea<\/td><\/tr><tr><td>OTROS DATOS DENTRO DE LINK DE PAGOS<\/td><td>Una vez que la persona realice el clic en el link de pagos, considerar los mensajes que en el proceso de pago le avise la plataforma: estos son tiempo de duraci\u00f3n en el registro, aceptaci\u00f3n, etc.<\/td><\/tr><\/tbody><\/table><\/figure>\n\n\n\n<p>El tiempo en que se efectivizar\u00e1 el pago depende de los emisores de las tarjetas, y en referencia podr\u00eda demorar hasta 8 d\u00edas laborables..<\/p>\n<\/div><\/div>\n<\/div>\n\n\n\n<p>Para cualquier duda o para le env\u00edo de los comprobantes de pago, escribenos a <a href=\"mailto:congreso.eduartes@uartes.edu.ec\">congreso.eduartes@uartes.edu.ec<\/a>.<\/p>\n","protected":false},"excerpt":{"rendered":"<p>La Escuela de Literatura de la Universidad de las Artes, a trav\u00e9s de su carrera de Pedagog\u00eda de las Artes y Humanidades,&nbsp;tiene el agrado&nbsp;de\u202finvitar&nbsp;a&nbsp;Manglar: I Congreso Internacional de Educaci\u00f3n Art\u00edstica e Interculturalidad a realizarse&nbsp;el&nbsp;20 y&nbsp;21&nbsp;de&nbsp;julio&nbsp;de 2023&nbsp;en la ciudad de Guayaquil&nbsp;(en el campus de la&nbsp;UArtes y en formato virtual v\u00eda zoom).&nbsp;En el marco de la construcci\u00f3n [&hellip;]<\/p>\n","protected":false},"author":1,"featured_media":40575,"parent":40522,"menu_order":0,"comment_status":"closed","ping_status":"closed","template":"","meta":{"_acf_changed":false,"_uag_custom_page_level_css":"","_monsterinsights_skip_tracking":false,"_monsterinsights_sitenote_active":false,"_monsterinsights_sitenote_note":"","_monsterinsights_sitenote_category":0,"cybocfi_hide_featured_image":"","footnotes":""},"class_list":["post-40524","page","type-page","status-publish","has-post-thumbnail","hentry"],"acf":[],"yoast_head":"<!-- This site is optimized with the Yoast SEO plugin v27.4 - https:\/\/yoast.com\/product\/yoast-seo-wordpress\/ -->\n<title>Universidad de las Artes - Manglar: I congreso internacional de educaci\u00f3n art\u00edstica e interculturalidad<\/title>\n<meta name=\"description\" content=\"Universidad de las Artes - Manglar: I congreso internacional de educaci\u00f3n art\u00edstica e interculturalidad\" \/>\n<meta name=\"robots\" content=\"index, follow, max-snippet:-1, max-image-preview:large, max-video-preview:-1\" \/>\n<link rel=\"canonical\" href=\"https:\/\/www.uartes.edu.ec\/sitio\/congreso\/manglar-i-congreso-internacional\/\" \/>\n<meta property=\"og:locale\" content=\"es_ES\" \/>\n<meta property=\"og:type\" content=\"article\" \/>\n<meta property=\"og:title\" content=\"Universidad de las Artes - Manglar: I congreso internacional de educaci\u00f3n art\u00edstica e interculturalidad\" \/>\n<meta property=\"og:description\" content=\"Universidad de las Artes - Manglar: I congreso internacional de educaci\u00f3n art\u00edstica e interculturalidad\" \/>\n<meta property=\"og:url\" content=\"https:\/\/www.uartes.edu.ec\/sitio\/congreso\/manglar-i-congreso-internacional\/\" \/>\n<meta property=\"og:site_name\" content=\"Universidad de las Artes\" \/>\n<meta property=\"article:publisher\" content=\"https:\/\/www.facebook.com\/uartesec\" \/>\n<meta property=\"article:modified_time\" content=\"2024-07-04T16:21:21+00:00\" \/>\n<meta property=\"og:image\" content=\"https:\/\/www.uartes.edu.ec\/sitio\/wp-content\/uploads\/2023\/04\/CABECERA-PAGINA.jpg\" \/>\n\t<meta property=\"og:image:width\" content=\"2000\" \/>\n\t<meta property=\"og:image:height\" content=\"1333\" \/>\n\t<meta property=\"og:image:type\" content=\"image\/jpeg\" \/>\n<meta name=\"twitter:card\" content=\"summary_large_image\" \/>\n<meta name=\"twitter:site\" content=\"@uartesec\" \/>\n<meta name=\"twitter:label1\" content=\"Tiempo de lectura\" \/>\n\t<meta name=\"twitter:data1\" content=\"4 minutos\" \/>\n<script type=\"application\/ld+json\" class=\"yoast-schema-graph\">{\"@context\":\"https:\\\/\\\/schema.org\",\"@graph\":[{\"@type\":\"WebPage\",\"@id\":\"https:\\\/\\\/www.uartes.edu.ec\\\/sitio\\\/congreso\\\/manglar-i-congreso-internacional\\\/\",\"url\":\"https:\\\/\\\/www.uartes.edu.ec\\\/sitio\\\/congreso\\\/manglar-i-congreso-internacional\\\/\",\"name\":\"Universidad de las Artes - Manglar: I congreso internacional de educaci\u00f3n art\u00edstica e interculturalidad\",\"isPartOf\":{\"@id\":\"https:\\\/\\\/www.uartes.edu.ec\\\/sitio\\\/#website\"},\"primaryImageOfPage\":{\"@id\":\"https:\\\/\\\/www.uartes.edu.ec\\\/sitio\\\/congreso\\\/manglar-i-congreso-internacional\\\/#primaryimage\"},\"image\":{\"@id\":\"https:\\\/\\\/www.uartes.edu.ec\\\/sitio\\\/congreso\\\/manglar-i-congreso-internacional\\\/#primaryimage\"},\"thumbnailUrl\":\"https:\\\/\\\/www.uartes.edu.ec\\\/sitio\\\/wp-content\\\/uploads\\\/2023\\\/04\\\/CABECERA-PAGINA.jpg\",\"datePublished\":\"2023-04-05T14:43:47+00:00\",\"dateModified\":\"2024-07-04T16:21:21+00:00\",\"description\":\"Universidad de las Artes - Manglar: I congreso internacional de educaci\u00f3n art\u00edstica e interculturalidad\",\"breadcrumb\":{\"@id\":\"https:\\\/\\\/www.uartes.edu.ec\\\/sitio\\\/congreso\\\/manglar-i-congreso-internacional\\\/#breadcrumb\"},\"inLanguage\":\"es\",\"potentialAction\":[{\"@type\":\"ReadAction\",\"target\":[\"https:\\\/\\\/www.uartes.edu.ec\\\/sitio\\\/congreso\\\/manglar-i-congreso-internacional\\\/\"]}]},{\"@type\":\"ImageObject\",\"inLanguage\":\"es\",\"@id\":\"https:\\\/\\\/www.uartes.edu.ec\\\/sitio\\\/congreso\\\/manglar-i-congreso-internacional\\\/#primaryimage\",\"url\":\"https:\\\/\\\/www.uartes.edu.ec\\\/sitio\\\/wp-content\\\/uploads\\\/2023\\\/04\\\/CABECERA-PAGINA.jpg\",\"contentUrl\":\"https:\\\/\\\/www.uartes.edu.ec\\\/sitio\\\/wp-content\\\/uploads\\\/2023\\\/04\\\/CABECERA-PAGINA.jpg\",\"width\":2000,\"height\":1333},{\"@type\":\"BreadcrumbList\",\"@id\":\"https:\\\/\\\/www.uartes.edu.ec\\\/sitio\\\/congreso\\\/manglar-i-congreso-internacional\\\/#breadcrumb\",\"itemListElement\":[{\"@type\":\"ListItem\",\"position\":1,\"name\":\"Inicio\",\"item\":\"https:\\\/\\\/www.uartes.edu.ec\\\/sitio\\\/\"},{\"@type\":\"ListItem\",\"position\":2,\"name\":\"Universidad de las Artes\",\"item\":\"https:\\\/\\\/www.uartes.edu.ec\\\/sitio\\\/\"},{\"@type\":\"ListItem\",\"position\":3,\"name\":\"Congreso\",\"item\":\"https:\\\/\\\/www.uartes.edu.ec\\\/sitio\\\/la-universidad\\\/congreso\\\/\"},{\"@type\":\"ListItem\",\"position\":4,\"name\":\"Manglar: I congreso internacional de educaci\u00f3n art\u00edstica e interculturalidad\"}]},{\"@type\":\"WebSite\",\"@id\":\"https:\\\/\\\/www.uartes.edu.ec\\\/sitio\\\/#website\",\"url\":\"https:\\\/\\\/www.uartes.edu.ec\\\/sitio\\\/\",\"name\":\"Universidad de las Artes\",\"description\":\"Sitio oficial de la Universidad Nacional de las Artes del Ecuador\",\"publisher\":{\"@id\":\"https:\\\/\\\/www.uartes.edu.ec\\\/sitio\\\/#organization\"},\"potentialAction\":[{\"@type\":\"SearchAction\",\"target\":{\"@type\":\"EntryPoint\",\"urlTemplate\":\"https:\\\/\\\/www.uartes.edu.ec\\\/sitio\\\/?s={search_term_string}\"},\"query-input\":{\"@type\":\"PropertyValueSpecification\",\"valueRequired\":true,\"valueName\":\"search_term_string\"}}],\"inLanguage\":\"es\"},{\"@type\":\"Organization\",\"@id\":\"https:\\\/\\\/www.uartes.edu.ec\\\/sitio\\\/#organization\",\"name\":\"Universidad de las Artes\",\"url\":\"https:\\\/\\\/www.uartes.edu.ec\\\/sitio\\\/\",\"logo\":{\"@type\":\"ImageObject\",\"inLanguage\":\"es\",\"@id\":\"https:\\\/\\\/www.uartes.edu.ec\\\/sitio\\\/#\\\/schema\\\/logo\\\/image\\\/\",\"url\":\"https:\\\/\\\/www.uartes.edu.ec\\\/sitio\\\/wp-content\\\/uploads\\\/2022\\\/07\\\/logo-ua-horizontal.png\",\"contentUrl\":\"https:\\\/\\\/www.uartes.edu.ec\\\/sitio\\\/wp-content\\\/uploads\\\/2022\\\/07\\\/logo-ua-horizontal.png\",\"width\":800,\"height\":276,\"caption\":\"Universidad de las Artes\"},\"image\":{\"@id\":\"https:\\\/\\\/www.uartes.edu.ec\\\/sitio\\\/#\\\/schema\\\/logo\\\/image\\\/\"},\"sameAs\":[\"https:\\\/\\\/www.facebook.com\\\/uartesec\",\"https:\\\/\\\/x.com\\\/uartesec\",\"https:\\\/\\\/www.tiktok.com\\\/@uartesec\"]}]}<\/script>\n<!-- \/ Yoast SEO plugin. -->","yoast_head_json":{"title":"Universidad de las Artes - Manglar: I congreso internacional de educaci\u00f3n art\u00edstica e interculturalidad","description":"Universidad de las Artes - Manglar: I congreso internacional de educaci\u00f3n art\u00edstica e interculturalidad","robots":{"index":"index","follow":"follow","max-snippet":"max-snippet:-1","max-image-preview":"max-image-preview:large","max-video-preview":"max-video-preview:-1"},"canonical":"https:\/\/www.uartes.edu.ec\/sitio\/congreso\/manglar-i-congreso-internacional\/","og_locale":"es_ES","og_type":"article","og_title":"Universidad de las Artes - Manglar: I congreso internacional de educaci\u00f3n art\u00edstica e interculturalidad","og_description":"Universidad de las Artes - Manglar: I congreso internacional de educaci\u00f3n art\u00edstica e interculturalidad","og_url":"https:\/\/www.uartes.edu.ec\/sitio\/congreso\/manglar-i-congreso-internacional\/","og_site_name":"Universidad de las Artes","article_publisher":"https:\/\/www.facebook.com\/uartesec","article_modified_time":"2024-07-04T16:21:21+00:00","og_image":[{"width":2000,"height":1333,"url":"https:\/\/www.uartes.edu.ec\/sitio\/wp-content\/uploads\/2023\/04\/CABECERA-PAGINA.jpg","type":"image\/jpeg"}],"twitter_card":"summary_large_image","twitter_site":"@uartesec","twitter_misc":{"Tiempo de lectura":"4 minutos"},"schema":{"@context":"https:\/\/schema.org","@graph":[{"@type":"WebPage","@id":"https:\/\/www.uartes.edu.ec\/sitio\/congreso\/manglar-i-congreso-internacional\/","url":"https:\/\/www.uartes.edu.ec\/sitio\/congreso\/manglar-i-congreso-internacional\/","name":"Universidad de las Artes - Manglar: I congreso internacional de educaci\u00f3n art\u00edstica e interculturalidad","isPartOf":{"@id":"https:\/\/www.uartes.edu.ec\/sitio\/#website"},"primaryImageOfPage":{"@id":"https:\/\/www.uartes.edu.ec\/sitio\/congreso\/manglar-i-congreso-internacional\/#primaryimage"},"image":{"@id":"https:\/\/www.uartes.edu.ec\/sitio\/congreso\/manglar-i-congreso-internacional\/#primaryimage"},"thumbnailUrl":"https:\/\/www.uartes.edu.ec\/sitio\/wp-content\/uploads\/2023\/04\/CABECERA-PAGINA.jpg","datePublished":"2023-04-05T14:43:47+00:00","dateModified":"2024-07-04T16:21:21+00:00","description":"Universidad de las Artes - Manglar: I congreso internacional de educaci\u00f3n art\u00edstica e interculturalidad","breadcrumb":{"@id":"https:\/\/www.uartes.edu.ec\/sitio\/congreso\/manglar-i-congreso-internacional\/#breadcrumb"},"inLanguage":"es","potentialAction":[{"@type":"ReadAction","target":["https:\/\/www.uartes.edu.ec\/sitio\/congreso\/manglar-i-congreso-internacional\/"]}]},{"@type":"ImageObject","inLanguage":"es","@id":"https:\/\/www.uartes.edu.ec\/sitio\/congreso\/manglar-i-congreso-internacional\/#primaryimage","url":"https:\/\/www.uartes.edu.ec\/sitio\/wp-content\/uploads\/2023\/04\/CABECERA-PAGINA.jpg","contentUrl":"https:\/\/www.uartes.edu.ec\/sitio\/wp-content\/uploads\/2023\/04\/CABECERA-PAGINA.jpg","width":2000,"height":1333},{"@type":"BreadcrumbList","@id":"https:\/\/www.uartes.edu.ec\/sitio\/congreso\/manglar-i-congreso-internacional\/#breadcrumb","itemListElement":[{"@type":"ListItem","position":1,"name":"Inicio","item":"https:\/\/www.uartes.edu.ec\/sitio\/"},{"@type":"ListItem","position":2,"name":"Universidad de las Artes","item":"https:\/\/www.uartes.edu.ec\/sitio\/"},{"@type":"ListItem","position":3,"name":"Congreso","item":"https:\/\/www.uartes.edu.ec\/sitio\/la-universidad\/congreso\/"},{"@type":"ListItem","position":4,"name":"Manglar: I congreso internacional de educaci\u00f3n art\u00edstica e interculturalidad"}]},{"@type":"WebSite","@id":"https:\/\/www.uartes.edu.ec\/sitio\/#website","url":"https:\/\/www.uartes.edu.ec\/sitio\/","name":"Universidad de las Artes","description":"Sitio oficial de la Universidad Nacional de las Artes del Ecuador","publisher":{"@id":"https:\/\/www.uartes.edu.ec\/sitio\/#organization"},"potentialAction":[{"@type":"SearchAction","target":{"@type":"EntryPoint","urlTemplate":"https:\/\/www.uartes.edu.ec\/sitio\/?s={search_term_string}"},"query-input":{"@type":"PropertyValueSpecification","valueRequired":true,"valueName":"search_term_string"}}],"inLanguage":"es"},{"@type":"Organization","@id":"https:\/\/www.uartes.edu.ec\/sitio\/#organization","name":"Universidad de las Artes","url":"https:\/\/www.uartes.edu.ec\/sitio\/","logo":{"@type":"ImageObject","inLanguage":"es","@id":"https:\/\/www.uartes.edu.ec\/sitio\/#\/schema\/logo\/image\/","url":"https:\/\/www.uartes.edu.ec\/sitio\/wp-content\/uploads\/2022\/07\/logo-ua-horizontal.png","contentUrl":"https:\/\/www.uartes.edu.ec\/sitio\/wp-content\/uploads\/2022\/07\/logo-ua-horizontal.png","width":800,"height":276,"caption":"Universidad de las Artes"},"image":{"@id":"https:\/\/www.uartes.edu.ec\/sitio\/#\/schema\/logo\/image\/"},"sameAs":["https:\/\/www.facebook.com\/uartesec","https:\/\/x.com\/uartesec","https:\/\/www.tiktok.com\/@uartesec"]}]}},"uagb_featured_image_src":{"full":["https:\/\/www.uartes.edu.ec\/sitio\/wp-content\/uploads\/2023\/04\/CABECERA-PAGINA.jpg",2000,1333,false],"thumbnail":["https:\/\/www.uartes.edu.ec\/sitio\/wp-content\/uploads\/2023\/04\/CABECERA-PAGINA-150x150.jpg",150,150,true],"medium":["https:\/\/www.uartes.edu.ec\/sitio\/wp-content\/uploads\/2023\/04\/CABECERA-PAGINA-300x200.jpg",300,200,true],"medium_large":["https:\/\/www.uartes.edu.ec\/sitio\/wp-content\/uploads\/2023\/04\/CABECERA-PAGINA-768x512.jpg",768,512,true],"large":["https:\/\/www.uartes.edu.ec\/sitio\/wp-content\/uploads\/2023\/04\/CABECERA-PAGINA-644x429.jpg",644,429,true],"1536x1536":["https:\/\/www.uartes.edu.ec\/sitio\/wp-content\/uploads\/2023\/04\/CABECERA-PAGINA-1536x1024.jpg",1536,1024,true],"2048x2048":["https:\/\/www.uartes.edu.ec\/sitio\/wp-content\/uploads\/2023\/04\/CABECERA-PAGINA.jpg",2000,1333,false],"trp-custom-language-flag":["https:\/\/www.uartes.edu.ec\/sitio\/wp-content\/uploads\/2023\/04\/CABECERA-PAGINA.jpg",18,12,false],"htmega_size_585x295":["https:\/\/www.uartes.edu.ec\/sitio\/wp-content\/uploads\/2023\/04\/CABECERA-PAGINA-585x295.jpg",585,295,true],"htmega_size_1170x536":["https:\/\/www.uartes.edu.ec\/sitio\/wp-content\/uploads\/2023\/04\/CABECERA-PAGINA-1170x536.jpg",1170,536,true],"htmega_size_396x360":["https:\/\/www.uartes.edu.ec\/sitio\/wp-content\/uploads\/2023\/04\/CABECERA-PAGINA-396x360.jpg",396,360,true],"gb-block-post-grid-landscape":["https:\/\/www.uartes.edu.ec\/sitio\/wp-content\/uploads\/2023\/04\/CABECERA-PAGINA-600x400.jpg",600,400,true],"gb-block-post-grid-square":["https:\/\/www.uartes.edu.ec\/sitio\/wp-content\/uploads\/2023\/04\/CABECERA-PAGINA-600x600.jpg",600,600,true],"university-hub-thumb":["https:\/\/www.uartes.edu.ec\/sitio\/wp-content\/uploads\/2023\/04\/CABECERA-PAGINA-400x267.jpg",400,267,true]},"uagb_author_info":{"display_name":"Universidad de las Artes","author_link":"https:\/\/www.uartes.edu.ec\/sitio\/blog\/author\/dircomadm\/"},"uagb_comment_info":0,"uagb_excerpt":"La Escuela de Literatura de la Universidad de las Artes, a trav\u00e9s de su carrera de Pedagog\u00eda de las Artes y Humanidades,&nbsp;tiene el agrado&nbsp;de\u202finvitar&nbsp;a&nbsp;Manglar: I Congreso Internacional de Educaci\u00f3n Art\u00edstica e Interculturalidad a realizarse&nbsp;el&nbsp;20 y&nbsp;21&nbsp;de&nbsp;julio&nbsp;de 2023&nbsp;en la ciudad de Guayaquil&nbsp;(en el campus de la&nbsp;UArtes y en formato virtual v\u00eda zoom).&nbsp;En el marco de la construcci\u00f3n&hellip;","featured_image_src":"https:\/\/www.uartes.edu.ec\/sitio\/wp-content\/uploads\/2023\/04\/CABECERA-PAGINA-600x400.jpg","featured_image_src_square":"https:\/\/www.uartes.edu.ec\/sitio\/wp-content\/uploads\/2023\/04\/CABECERA-PAGINA-600x600.jpg","publishpress_future_action":{"enabled":false,"date":"2026-05-05 17:11:38","action":"change-status","newStatus":"draft","terms":[],"taxonomy":"","extraData":[]},"publishpress_future_workflow_manual_trigger":{"enabledWorkflows":[]},"distributor_meta":false,"distributor_terms":false,"distributor_media":false,"distributor_original_site_name":"Universidad de las Artes","distributor_original_site_url":"https:\/\/www.uartes.edu.ec\/sitio","push-errors":false,"_links":{"self":[{"href":"https:\/\/www.uartes.edu.ec\/sitio\/wp-json\/wp\/v2\/pages\/40524","targetHints":{"allow":["GET"]}}],"collection":[{"href":"https:\/\/www.uartes.edu.ec\/sitio\/wp-json\/wp\/v2\/pages"}],"about":[{"href":"https:\/\/www.uartes.edu.ec\/sitio\/wp-json\/wp\/v2\/types\/page"}],"author":[{"embeddable":true,"href":"https:\/\/www.uartes.edu.ec\/sitio\/wp-json\/wp\/v2\/users\/1"}],"replies":[{"embeddable":true,"href":"https:\/\/www.uartes.edu.ec\/sitio\/wp-json\/wp\/v2\/comments?post=40524"}],"version-history":[{"count":32,"href":"https:\/\/www.uartes.edu.ec\/sitio\/wp-json\/wp\/v2\/pages\/40524\/revisions"}],"predecessor-version":[{"id":56996,"href":"https:\/\/www.uartes.edu.ec\/sitio\/wp-json\/wp\/v2\/pages\/40524\/revisions\/56996"}],"up":[{"embeddable":true,"href":"https:\/\/www.uartes.edu.ec\/sitio\/wp-json\/wp\/v2\/pages\/40522"}],"wp:featuredmedia":[{"embeddable":true,"href":"https:\/\/www.uartes.edu.ec\/sitio\/wp-json\/wp\/v2\/media\/40575"}],"wp:attachment":[{"href":"https:\/\/www.uartes.edu.ec\/sitio\/wp-json\/wp\/v2\/media?parent=40524"}],"curies":[{"name":"wp","href":"https:\/\/api.w.org\/{rel}","templated":true}]}}