{"id":4515,"date":"2019-10-17T11:10:47","date_gmt":"2019-10-17T16:10:47","guid":{"rendered":"http:\/\/www.uartes.edu.ec\/sitio\/la-universidad\/estudiantes\/vida-estudiantil\/mesa-de-genero\/"},"modified":"2024-07-04T11:49:58","modified_gmt":"2024-07-04T16:49:58","slug":"mesa-de-genero","status":"publish","type":"page","link":"https:\/\/www.uartes.edu.ec\/sitio\/la-universidad\/estudiantes\/vida-estudiantil\/mesa-de-genero\/","title":{"rendered":"Mesa de G\u00e9nero"},"content":{"rendered":"\n<p>La Universidad de las Artes, desde su creaci\u00f3n, establece una serie de puntos esenciales que abogan por la igualdad de oportunidades y la no discriminaci\u00f3n, siendo estos visibles en sus Estatutos, en sus valores institucionales y en su C\u00f3digo de \u00e9tica. Expone dentro de sus valores institucionales el valor de \u201cEquidad integral\u201d, el cual garantiza igualdad de oportunidades para pueblos y nacionalidades, mujeres y hombres, personas con opciones sexuales diferentes, personas con discapacidades y capacidades especiales, pobladores rurales y urbanos. El art\u00edculo 2 de los estatutos de la Universidad de las Artes estipula que la universidad se regir\u00e1 por los principios de autonom\u00eda responsable, cogobierno, igualdad de oportunidades, calidad, pertinencia, integralidad y autodeterminaci\u00f3n para la producci\u00f3n art\u00edstica, de pensamiento y conocimiento definidos en la LOES.<\/p>\n\n\n\n<div class=\"wp-block-genesis-blocks-gb-accordion gb-block-accordion gb-font-size-20\"><details><summary class=\"gb-accordion-title\">Conformaci\u00f3n<\/summary><div class=\"gb-accordion-text\">\n<p>Existen dos valores \u00e9ticos en los que se sustenta el accionar de la comunidad estudiantil, docente y administrativa que promueven un espacio sin discriminaciones:<\/p>\n\n\n\n<ul class=\"wp-block-list\"><li>Respeto: El respeto a las diversidades.<\/li><li>Igualdad de oportunidades y equidad: La Universidad de las Artes se rige por los principios constitucionales de igualdad de oportunidades y adoptar\u00e1 medidas de acci\u00f3n afirmativa que promuevan la igualdad real en favor de los titulares de derechos que se encuentren en situaci\u00f3n de desigualdad.<\/li><\/ul>\n\n\n\n<p>Para nuestra instituci\u00f3n, todos los miembros de la comunidad universitaria gozan de los mismos derechos, deberes y oportunidades. Nadie podr\u00e1 ser discriminado por razones de etnia, lugar de nacimiento, edad, sexo, identidad de g\u00e9nero, identidad cultural, estado civil, idioma, religi\u00f3n, ideolog\u00eda, filiaci\u00f3n pol\u00edtica, pasado judicial, condici\u00f3n socio-econ\u00f3mica, condici\u00f3n migratoria, orientaci\u00f3n sexual, estado de salud, discapacidad, diferencia f\u00edsica; ni por cualquier otra distinci\u00f3n, personal o colectiva, temporal o permanente, que tenga por objeto o resultado menoscabar o anular el reconocimiento, goce o ejercicio de los derechos.<\/p>\n\n\n\n<p>As\u00ed comprometida con la defensa y la elaboraci\u00f3n de mecanismos institucionales para&nbsp; garantizar los derechos de todos los miembros de la comunidad universitaria, la&nbsp;Comisi\u00f3n Gestora de la Universidad de las Artes, acord\u00f3 el 7 de septiembre de 2018&nbsp;incorporar en la normativa institucional el \u201cProtocolo de Prevenci\u00f3n y Actuaci\u00f3n en Casos de Acoso, Discriminaci\u00f3n y Violencia&nbsp; Basada en G\u00e9nero y Orientaci\u00f3n Sexual en las Instituciones de Educaci\u00f3n Superior\u201d,&nbsp; elaborado por la Secretar\u00eda de Educaci\u00f3n Superior, Ciencia, Tecnolog\u00eda e Innovaci\u00f3n, SENESCYT, y aprobado por el Consejo de Educaci\u00f3n Superior, CES.<\/p>\n\n\n\n<p>En cumplimiento del protocolo y de lo establecido por las instituciones rectoras del Sistema de Educaci\u00f3n Superior, el mi\u00e9rcoles 17 de octubre de 2018, estudiantes, personal acad\u00e9mico y administrativo de la Universidad de las Artes se reunieron para conformar la Mesa de G\u00e9nero. Este \u00f3rgano,&nbsp;previsto en la normativa mencionada, nace con la misi\u00f3n de&nbsp;articular las pol\u00edticas de g\u00e9nero en la UArtes, de prevenci\u00f3n y de&nbsp;actuaci\u00f3n en casos de acoso y discriminaci\u00f3n basados en g\u00e9nero y orientaci\u00f3n sexual.<\/p>\n\n\n\n<p>En esta reuni\u00f3n se inform\u00f3 de los avances de la lucha contra el acoso sexual en las universidades del Ecuador,&nbsp;se iniciaron los tr\u00e1mites para la constituci\u00f3n democr\u00e1tica de este \u00f3rgano en la UArtes y&nbsp;se comenz\u00f3 a trabajar en las pol\u00edticas y&nbsp;acciones de prevenci\u00f3n y sensibilizaci\u00f3n para el semestre 2019A.&nbsp;De esta manera la comunidad universitaria se organiza y participa en la creaci\u00f3n de instancias diversas y comprometidas contra la violencia en todas sus formas.<\/p>\n<\/div><\/details><\/div>\n\n\n\n<div class=\"wp-block-genesis-blocks-gb-accordion gb-block-accordion gb-font-size-20\"><details><summary class=\"gb-accordion-title\">Atribuciones<\/summary><div class=\"gb-accordion-text\">\n<p>Desde entonces la Mesa de G\u00e9nero se ha dado las siguientes atribuciones:<\/p>\n\n\n\n<ol class=\"wp-block-list\"><li>Designar de manera democr\u00e1tica a sus representantes para formar parte del Comit\u00e9 de Atenci\u00f3n a casos de Acoso, Discriminaci\u00f3n y Violencia basada en G\u00e9nero<\/li><li>Articular acciones orientadas a la prevenci\u00f3n de la violencia de g\u00e9nero y sensibilizaci\u00f3n sobre esta problem\u00e1tica a trav\u00e9s de diferentes actividades:<ul><li>Talleres y asambleas abiertas donde debatir diversas problem\u00e1ticas sociales y acad\u00e9micas que ata\u00f1en a la instituci\u00f3n en tem\u00e1ticas de g\u00e9nero y derechos en la universidad.<\/li><li>1\u00aa convocatoria art\u00edstica para la muestra internacional \u201cCuerpos en Resistencia\u201d que fue inaugurada el 18 de abril de 2019 en el laboratorio de fotograf\u00eda de Mz14.<\/li><\/ul><\/li><li>Constituirse como una instancia asesora en la elaboraci\u00f3n de normativas y pol\u00edticas universitarias, as\u00ed como en la transversalizaci\u00f3n de la perspectiva feminista, de g\u00e9nero y diversidades en todos los espacios acad\u00e9micos e institucionales de la universidad:<ul><li>En este sentido hemos elaborado el ep\u00edgrafe \u201cEje de G\u00e9nero\u201d que aportamos al Plan de Igualdad de G\u00e9nero de la UArtes, con fecha 21 de febrero de 2019, (p\u00e1ginas 7-17).<\/li><li>Hemos impulsado tambi\u00e9n que desdeVicerrectorado Acad\u00e9mico se apruebe la transversalizaci\u00f3n del eje de g\u00e9nero en los syllabus, lo que implica que cada syllabus deber\u00e1 contar con actividades, temarios o bibliograf\u00edas abiertas a la perspectiva de g\u00e9nero.<\/li><\/ul><\/li><li>Establecer relaciones de apoyo mutuo con los \u00f3rganos locales, y estatales previstos en la constituci\u00f3n encargados de velar por la erradicaci\u00f3n de la violencia en las IES:<ul><li>Con fecha 18 de abril de 2019 la Universidad de las Artes firma convenio estrat\u00e9gico con CEPAM.<\/li><li>Con fecha 25 de abril de 2019, la Mesa de G\u00e9nero formaliza la integraci\u00f3n de UArtes a la Red de Educaci\u00f3n Superior y G\u00e9nero (RESG) a trav\u00e9s de la cual nos comprometemos a: asistir y estar al tanto de las reuniones de la RESG; colaborar con la RESG en proyectos y acciones inclusivas y con enfoque de g\u00e9nero; promover iniciativas de formaci\u00f3n, como programas y capacitaciones, desde la UARTES, en las que la RESG pueda apoyar y participar; promover y participar en investigaciones cuantitativas y cualitativas sobre la problem\u00e1tica de g\u00e9nero en la educaci\u00f3n superior del Ecuador.<\/li><li>Nos hemos adherido la Coalici\u00f3n Interuniversitaria para la Erradicaci\u00f3n de la Violencia Sexual en las IES del Ecuador y estamos gestionando la implementaci\u00f3n de la encuesta ASIES para medir el acoso sexual en las IES.<\/li><li>Trabajamos de manera concertada con CNIG para la implementaci\u00f3n de las acciones que dan cumplimiento a la LEY ORGANICA INTEGRAL PARA PREVENIR Y ERRADICAR LA VIOLENCIA CONTRA LAS MUJERES&nbsp;ratificada por la ASAMBLEA NACIONAL REPUBLICA DEL ECUADOR el 5 de Febrero de 2018. Entre ellas destaca la creaci\u00f3n de una c\u00e1tedra de G\u00e9nero y de una l\u00ednea de investigaci\u00f3n, as\u00ed como la implementaci\u00f3n de las politicas de transversalizaci\u00f3n indicadas en el eje de G\u00e9nero del Plan de Igualdad de las UArtes.<\/li><\/ul><\/li><\/ol>\n<\/div><\/details><\/div>\n\n\n\n<div class=\"wp-block-genesis-blocks-gb-accordion gb-block-accordion gb-font-size-20\"><details><summary class=\"gb-accordion-title\">Cont\u00e1ctanos<\/summary><div class=\"gb-accordion-text\">\n<p>Desde la coordinaci\u00f3n de la Mesa de G\u00e9nero, trabajamos de manera incansable en estas acciones e invitamos a toda la comunidad universitaria a unirse. Pueden contactar a trav\u00e9s del mail&nbsp;<a href=\"mailto:mesa.genero@uartes.edu.ec\">mesa.genero@uartes.edu.ec<\/a>.<\/p>\n<\/div><\/details><\/div>\n","protected":false},"excerpt":{"rendered":"<p>La Universidad de las Artes, desde su creaci\u00f3n, establece una serie de puntos esenciales que abogan por la igualdad de oportunidades y la no discriminaci\u00f3n, siendo estos visibles en sus Estatutos, en sus valores institucionales y en su C\u00f3digo de \u00e9tica. Expone dentro de sus valores institucionales el valor de \u201cEquidad integral\u201d, el cual garantiza [&hellip;]<\/p>\n","protected":false},"author":1,"featured_media":9161,"parent":2987,"menu_order":7,"comment_status":"closed","ping_status":"closed","template":"","meta":{"_acf_changed":false,"_uag_custom_page_level_css":"","_monsterinsights_skip_tracking":false,"_monsterinsights_sitenote_active":false,"_monsterinsights_sitenote_note":"","_monsterinsights_sitenote_category":0,"cybocfi_hide_featured_image":"","footnotes":""},"class_list":["post-4515","page","type-page","status-publish","has-post-thumbnail","hentry"],"acf":[],"yoast_head":"<!-- This site is optimized with the Yoast SEO plugin v27.4 - https:\/\/yoast.com\/product\/yoast-seo-wordpress\/ -->\n<title>Universidad de las Artes - Mesa de G\u00e9nero<\/title>\n<meta name=\"description\" content=\"Universidad de las Artes - Mesa de G\u00e9nero\" \/>\n<meta name=\"robots\" content=\"index, follow, max-snippet:-1, max-image-preview:large, max-video-preview:-1\" \/>\n<link rel=\"canonical\" href=\"https:\/\/www.uartes.edu.ec\/sitio\/la-universidad\/estudiantes\/vida-estudiantil\/mesa-de-genero\/\" \/>\n<meta property=\"og:locale\" content=\"es_ES\" \/>\n<meta property=\"og:type\" content=\"article\" \/>\n<meta property=\"og:title\" content=\"Universidad de las Artes - Mesa de G\u00e9nero\" \/>\n<meta property=\"og:description\" content=\"Universidad de las Artes - Mesa de G\u00e9nero\" \/>\n<meta property=\"og:url\" content=\"https:\/\/www.uartes.edu.ec\/sitio\/la-universidad\/estudiantes\/vida-estudiantil\/mesa-de-genero\/\" \/>\n<meta property=\"og:site_name\" content=\"Universidad de las Artes\" \/>\n<meta property=\"article:publisher\" content=\"https:\/\/www.facebook.com\/uartesec\" \/>\n<meta property=\"article:modified_time\" content=\"2024-07-04T16:49:58+00:00\" \/>\n<meta property=\"og:image\" content=\"https:\/\/www.uartes.edu.ec\/sitio\/wp-content\/uploads\/2020\/09\/MESA-DE-GENERO.jpg\" \/>\n\t<meta property=\"og:image:width\" content=\"2000\" \/>\n\t<meta property=\"og:image:height\" content=\"1333\" \/>\n\t<meta property=\"og:image:type\" content=\"image\/jpeg\" \/>\n<meta name=\"twitter:card\" content=\"summary_large_image\" \/>\n<meta name=\"twitter:site\" content=\"@uartesec\" \/>\n<meta name=\"twitter:label1\" content=\"Tiempo de lectura\" \/>\n\t<meta name=\"twitter:data1\" content=\"6 minutos\" \/>\n<script type=\"application\/ld+json\" class=\"yoast-schema-graph\">{\"@context\":\"https:\\\/\\\/schema.org\",\"@graph\":[{\"@type\":\"WebPage\",\"@id\":\"https:\\\/\\\/www.uartes.edu.ec\\\/sitio\\\/la-universidad\\\/estudiantes\\\/vida-estudiantil\\\/mesa-de-genero\\\/\",\"url\":\"https:\\\/\\\/www.uartes.edu.ec\\\/sitio\\\/la-universidad\\\/estudiantes\\\/vida-estudiantil\\\/mesa-de-genero\\\/\",\"name\":\"Universidad de las Artes - Mesa de G\u00e9nero\",\"isPartOf\":{\"@id\":\"https:\\\/\\\/www.uartes.edu.ec\\\/sitio\\\/#website\"},\"primaryImageOfPage\":{\"@id\":\"https:\\\/\\\/www.uartes.edu.ec\\\/sitio\\\/la-universidad\\\/estudiantes\\\/vida-estudiantil\\\/mesa-de-genero\\\/#primaryimage\"},\"image\":{\"@id\":\"https:\\\/\\\/www.uartes.edu.ec\\\/sitio\\\/la-universidad\\\/estudiantes\\\/vida-estudiantil\\\/mesa-de-genero\\\/#primaryimage\"},\"thumbnailUrl\":\"https:\\\/\\\/www.uartes.edu.ec\\\/sitio\\\/wp-content\\\/uploads\\\/2020\\\/09\\\/MESA-DE-GENERO.jpg\",\"datePublished\":\"2019-10-17T16:10:47+00:00\",\"dateModified\":\"2024-07-04T16:49:58+00:00\",\"description\":\"Universidad de las Artes - Mesa de G\u00e9nero\",\"breadcrumb\":{\"@id\":\"https:\\\/\\\/www.uartes.edu.ec\\\/sitio\\\/la-universidad\\\/estudiantes\\\/vida-estudiantil\\\/mesa-de-genero\\\/#breadcrumb\"},\"inLanguage\":\"es\",\"potentialAction\":[{\"@type\":\"ReadAction\",\"target\":[\"https:\\\/\\\/www.uartes.edu.ec\\\/sitio\\\/la-universidad\\\/estudiantes\\\/vida-estudiantil\\\/mesa-de-genero\\\/\"]}]},{\"@type\":\"ImageObject\",\"inLanguage\":\"es\",\"@id\":\"https:\\\/\\\/www.uartes.edu.ec\\\/sitio\\\/la-universidad\\\/estudiantes\\\/vida-estudiantil\\\/mesa-de-genero\\\/#primaryimage\",\"url\":\"https:\\\/\\\/www.uartes.edu.ec\\\/sitio\\\/wp-content\\\/uploads\\\/2020\\\/09\\\/MESA-DE-GENERO.jpg\",\"contentUrl\":\"https:\\\/\\\/www.uartes.edu.ec\\\/sitio\\\/wp-content\\\/uploads\\\/2020\\\/09\\\/MESA-DE-GENERO.jpg\",\"width\":2000,\"height\":1333},{\"@type\":\"BreadcrumbList\",\"@id\":\"https:\\\/\\\/www.uartes.edu.ec\\\/sitio\\\/la-universidad\\\/estudiantes\\\/vida-estudiantil\\\/mesa-de-genero\\\/#breadcrumb\",\"itemListElement\":[{\"@type\":\"ListItem\",\"position\":1,\"name\":\"Inicio\",\"item\":\"https:\\\/\\\/www.uartes.edu.ec\\\/sitio\\\/\"},{\"@type\":\"ListItem\",\"position\":2,\"name\":\"Universidad de las Artes\",\"item\":\"https:\\\/\\\/www.uartes.edu.ec\\\/sitio\\\/\"},{\"@type\":\"ListItem\",\"position\":3,\"name\":\"Estudiantes\",\"item\":\"https:\\\/\\\/www.uartes.edu.ec\\\/sitio\\\/la-universidad\\\/estudiantes\\\/\"},{\"@type\":\"ListItem\",\"position\":4,\"name\":\"Bienestar Estudiantil\",\"item\":\"https:\\\/\\\/www.uartes.edu.ec\\\/sitio\\\/la-universidad\\\/estudiantes\\\/bienestar-estudiantil\\\/\"},{\"@type\":\"ListItem\",\"position\":5,\"name\":\"Mesa de G\u00e9nero\"}]},{\"@type\":\"WebSite\",\"@id\":\"https:\\\/\\\/www.uartes.edu.ec\\\/sitio\\\/#website\",\"url\":\"https:\\\/\\\/www.uartes.edu.ec\\\/sitio\\\/\",\"name\":\"Universidad de las Artes\",\"description\":\"Sitio oficial de la Universidad Nacional de las Artes del Ecuador\",\"publisher\":{\"@id\":\"https:\\\/\\\/www.uartes.edu.ec\\\/sitio\\\/#organization\"},\"potentialAction\":[{\"@type\":\"SearchAction\",\"target\":{\"@type\":\"EntryPoint\",\"urlTemplate\":\"https:\\\/\\\/www.uartes.edu.ec\\\/sitio\\\/?s={search_term_string}\"},\"query-input\":{\"@type\":\"PropertyValueSpecification\",\"valueRequired\":true,\"valueName\":\"search_term_string\"}}],\"inLanguage\":\"es\"},{\"@type\":\"Organization\",\"@id\":\"https:\\\/\\\/www.uartes.edu.ec\\\/sitio\\\/#organization\",\"name\":\"Universidad de las Artes\",\"url\":\"https:\\\/\\\/www.uartes.edu.ec\\\/sitio\\\/\",\"logo\":{\"@type\":\"ImageObject\",\"inLanguage\":\"es\",\"@id\":\"https:\\\/\\\/www.uartes.edu.ec\\\/sitio\\\/#\\\/schema\\\/logo\\\/image\\\/\",\"url\":\"https:\\\/\\\/www.uartes.edu.ec\\\/sitio\\\/wp-content\\\/uploads\\\/2022\\\/07\\\/logo-ua-horizontal.png\",\"contentUrl\":\"https:\\\/\\\/www.uartes.edu.ec\\\/sitio\\\/wp-content\\\/uploads\\\/2022\\\/07\\\/logo-ua-horizontal.png\",\"width\":800,\"height\":276,\"caption\":\"Universidad de las Artes\"},\"image\":{\"@id\":\"https:\\\/\\\/www.uartes.edu.ec\\\/sitio\\\/#\\\/schema\\\/logo\\\/image\\\/\"},\"sameAs\":[\"https:\\\/\\\/www.facebook.com\\\/uartesec\",\"https:\\\/\\\/x.com\\\/uartesec\",\"https:\\\/\\\/www.tiktok.com\\\/@uartesec\"]}]}<\/script>\n<!-- \/ Yoast SEO plugin. -->","yoast_head_json":{"title":"Universidad de las Artes - Mesa de G\u00e9nero","description":"Universidad de las Artes - Mesa de G\u00e9nero","robots":{"index":"index","follow":"follow","max-snippet":"max-snippet:-1","max-image-preview":"max-image-preview:large","max-video-preview":"max-video-preview:-1"},"canonical":"https:\/\/www.uartes.edu.ec\/sitio\/la-universidad\/estudiantes\/vida-estudiantil\/mesa-de-genero\/","og_locale":"es_ES","og_type":"article","og_title":"Universidad de las Artes - Mesa de G\u00e9nero","og_description":"Universidad de las Artes - Mesa de G\u00e9nero","og_url":"https:\/\/www.uartes.edu.ec\/sitio\/la-universidad\/estudiantes\/vida-estudiantil\/mesa-de-genero\/","og_site_name":"Universidad de las Artes","article_publisher":"https:\/\/www.facebook.com\/uartesec","article_modified_time":"2024-07-04T16:49:58+00:00","og_image":[{"width":2000,"height":1333,"url":"https:\/\/www.uartes.edu.ec\/sitio\/wp-content\/uploads\/2020\/09\/MESA-DE-GENERO.jpg","type":"image\/jpeg"}],"twitter_card":"summary_large_image","twitter_site":"@uartesec","twitter_misc":{"Tiempo de lectura":"6 minutos"},"schema":{"@context":"https:\/\/schema.org","@graph":[{"@type":"WebPage","@id":"https:\/\/www.uartes.edu.ec\/sitio\/la-universidad\/estudiantes\/vida-estudiantil\/mesa-de-genero\/","url":"https:\/\/www.uartes.edu.ec\/sitio\/la-universidad\/estudiantes\/vida-estudiantil\/mesa-de-genero\/","name":"Universidad de las Artes - Mesa de G\u00e9nero","isPartOf":{"@id":"https:\/\/www.uartes.edu.ec\/sitio\/#website"},"primaryImageOfPage":{"@id":"https:\/\/www.uartes.edu.ec\/sitio\/la-universidad\/estudiantes\/vida-estudiantil\/mesa-de-genero\/#primaryimage"},"image":{"@id":"https:\/\/www.uartes.edu.ec\/sitio\/la-universidad\/estudiantes\/vida-estudiantil\/mesa-de-genero\/#primaryimage"},"thumbnailUrl":"https:\/\/www.uartes.edu.ec\/sitio\/wp-content\/uploads\/2020\/09\/MESA-DE-GENERO.jpg","datePublished":"2019-10-17T16:10:47+00:00","dateModified":"2024-07-04T16:49:58+00:00","description":"Universidad de las Artes - Mesa de G\u00e9nero","breadcrumb":{"@id":"https:\/\/www.uartes.edu.ec\/sitio\/la-universidad\/estudiantes\/vida-estudiantil\/mesa-de-genero\/#breadcrumb"},"inLanguage":"es","potentialAction":[{"@type":"ReadAction","target":["https:\/\/www.uartes.edu.ec\/sitio\/la-universidad\/estudiantes\/vida-estudiantil\/mesa-de-genero\/"]}]},{"@type":"ImageObject","inLanguage":"es","@id":"https:\/\/www.uartes.edu.ec\/sitio\/la-universidad\/estudiantes\/vida-estudiantil\/mesa-de-genero\/#primaryimage","url":"https:\/\/www.uartes.edu.ec\/sitio\/wp-content\/uploads\/2020\/09\/MESA-DE-GENERO.jpg","contentUrl":"https:\/\/www.uartes.edu.ec\/sitio\/wp-content\/uploads\/2020\/09\/MESA-DE-GENERO.jpg","width":2000,"height":1333},{"@type":"BreadcrumbList","@id":"https:\/\/www.uartes.edu.ec\/sitio\/la-universidad\/estudiantes\/vida-estudiantil\/mesa-de-genero\/#breadcrumb","itemListElement":[{"@type":"ListItem","position":1,"name":"Inicio","item":"https:\/\/www.uartes.edu.ec\/sitio\/"},{"@type":"ListItem","position":2,"name":"Universidad de las Artes","item":"https:\/\/www.uartes.edu.ec\/sitio\/"},{"@type":"ListItem","position":3,"name":"Estudiantes","item":"https:\/\/www.uartes.edu.ec\/sitio\/la-universidad\/estudiantes\/"},{"@type":"ListItem","position":4,"name":"Bienestar Estudiantil","item":"https:\/\/www.uartes.edu.ec\/sitio\/la-universidad\/estudiantes\/bienestar-estudiantil\/"},{"@type":"ListItem","position":5,"name":"Mesa de G\u00e9nero"}]},{"@type":"WebSite","@id":"https:\/\/www.uartes.edu.ec\/sitio\/#website","url":"https:\/\/www.uartes.edu.ec\/sitio\/","name":"Universidad de las Artes","description":"Sitio oficial de la Universidad Nacional de las Artes del Ecuador","publisher":{"@id":"https:\/\/www.uartes.edu.ec\/sitio\/#organization"},"potentialAction":[{"@type":"SearchAction","target":{"@type":"EntryPoint","urlTemplate":"https:\/\/www.uartes.edu.ec\/sitio\/?s={search_term_string}"},"query-input":{"@type":"PropertyValueSpecification","valueRequired":true,"valueName":"search_term_string"}}],"inLanguage":"es"},{"@type":"Organization","@id":"https:\/\/www.uartes.edu.ec\/sitio\/#organization","name":"Universidad de las Artes","url":"https:\/\/www.uartes.edu.ec\/sitio\/","logo":{"@type":"ImageObject","inLanguage":"es","@id":"https:\/\/www.uartes.edu.ec\/sitio\/#\/schema\/logo\/image\/","url":"https:\/\/www.uartes.edu.ec\/sitio\/wp-content\/uploads\/2022\/07\/logo-ua-horizontal.png","contentUrl":"https:\/\/www.uartes.edu.ec\/sitio\/wp-content\/uploads\/2022\/07\/logo-ua-horizontal.png","width":800,"height":276,"caption":"Universidad de las Artes"},"image":{"@id":"https:\/\/www.uartes.edu.ec\/sitio\/#\/schema\/logo\/image\/"},"sameAs":["https:\/\/www.facebook.com\/uartesec","https:\/\/x.com\/uartesec","https:\/\/www.tiktok.com\/@uartesec"]}]}},"uagb_featured_image_src":{"full":["https:\/\/www.uartes.edu.ec\/sitio\/wp-content\/uploads\/2020\/09\/MESA-DE-GENERO.jpg",2000,1333,false],"thumbnail":["https:\/\/www.uartes.edu.ec\/sitio\/wp-content\/uploads\/2020\/09\/MESA-DE-GENERO-150x150.jpg",150,150,true],"medium":["https:\/\/www.uartes.edu.ec\/sitio\/wp-content\/uploads\/2020\/09\/MESA-DE-GENERO-300x200.jpg",300,200,true],"medium_large":["https:\/\/www.uartes.edu.ec\/sitio\/wp-content\/uploads\/2020\/09\/MESA-DE-GENERO-768x512.jpg",768,512,true],"large":["https:\/\/www.uartes.edu.ec\/sitio\/wp-content\/uploads\/2020\/09\/MESA-DE-GENERO-644x429.jpg",644,429,true],"1536x1536":["https:\/\/www.uartes.edu.ec\/sitio\/wp-content\/uploads\/2020\/09\/MESA-DE-GENERO-1536x1024.jpg",1536,1024,true],"2048x2048":["https:\/\/www.uartes.edu.ec\/sitio\/wp-content\/uploads\/2020\/09\/MESA-DE-GENERO.jpg",2000,1333,false],"trp-custom-language-flag":["https:\/\/www.uartes.edu.ec\/sitio\/wp-content\/uploads\/2020\/09\/MESA-DE-GENERO.jpg",18,12,false],"htmega_size_585x295":["https:\/\/www.uartes.edu.ec\/sitio\/wp-content\/uploads\/2020\/09\/MESA-DE-GENERO-585x295.jpg",585,295,true],"htmega_size_1170x536":["https:\/\/www.uartes.edu.ec\/sitio\/wp-content\/uploads\/2020\/09\/MESA-DE-GENERO-1170x536.jpg",1170,536,true],"htmega_size_396x360":["https:\/\/www.uartes.edu.ec\/sitio\/wp-content\/uploads\/2020\/09\/MESA-DE-GENERO-396x360.jpg",396,360,true],"gb-block-post-grid-landscape":["https:\/\/www.uartes.edu.ec\/sitio\/wp-content\/uploads\/2020\/09\/MESA-DE-GENERO.jpg",600,400,false],"gb-block-post-grid-square":["https:\/\/www.uartes.edu.ec\/sitio\/wp-content\/uploads\/2020\/09\/MESA-DE-GENERO.jpg",600,400,false],"university-hub-thumb":["https:\/\/www.uartes.edu.ec\/sitio\/wp-content\/uploads\/2020\/09\/MESA-DE-GENERO-400x267.jpg",400,267,true]},"uagb_author_info":{"display_name":"Universidad de las Artes","author_link":"https:\/\/www.uartes.edu.ec\/sitio\/blog\/author\/dircomadm\/"},"uagb_comment_info":0,"uagb_excerpt":"La Universidad de las Artes, desde su creaci\u00f3n, establece una serie de puntos esenciales que abogan por la igualdad de oportunidades y la no discriminaci\u00f3n, siendo estos visibles en sus Estatutos, en sus valores institucionales y en su C\u00f3digo de \u00e9tica. Expone dentro de sus valores institucionales el valor de \u201cEquidad integral\u201d, el cual garantiza&hellip;","featured_image_src":"https:\/\/www.uartes.edu.ec\/sitio\/wp-content\/uploads\/2020\/09\/MESA-DE-GENERO.jpg","featured_image_src_square":"https:\/\/www.uartes.edu.ec\/sitio\/wp-content\/uploads\/2020\/09\/MESA-DE-GENERO.jpg","publishpress_future_action":{"enabled":false,"date":"2026-05-08 08:35:38","action":"change-status","newStatus":"draft","terms":[],"taxonomy":"","extraData":[]},"publishpress_future_workflow_manual_trigger":{"enabledWorkflows":[]},"distributor_meta":false,"distributor_terms":false,"distributor_media":false,"distributor_original_site_name":"Universidad de las Artes","distributor_original_site_url":"https:\/\/www.uartes.edu.ec\/sitio","push-errors":false,"_links":{"self":[{"href":"https:\/\/www.uartes.edu.ec\/sitio\/wp-json\/wp\/v2\/pages\/4515","targetHints":{"allow":["GET"]}}],"collection":[{"href":"https:\/\/www.uartes.edu.ec\/sitio\/wp-json\/wp\/v2\/pages"}],"about":[{"href":"https:\/\/www.uartes.edu.ec\/sitio\/wp-json\/wp\/v2\/types\/page"}],"author":[{"embeddable":true,"href":"https:\/\/www.uartes.edu.ec\/sitio\/wp-json\/wp\/v2\/users\/1"}],"replies":[{"embeddable":true,"href":"https:\/\/www.uartes.edu.ec\/sitio\/wp-json\/wp\/v2\/comments?post=4515"}],"version-history":[{"count":4,"href":"https:\/\/www.uartes.edu.ec\/sitio\/wp-json\/wp\/v2\/pages\/4515\/revisions"}],"predecessor-version":[{"id":31424,"href":"https:\/\/www.uartes.edu.ec\/sitio\/wp-json\/wp\/v2\/pages\/4515\/revisions\/31424"}],"up":[{"embeddable":true,"href":"https:\/\/www.uartes.edu.ec\/sitio\/wp-json\/wp\/v2\/pages\/2987"}],"wp:featuredmedia":[{"embeddable":true,"href":"https:\/\/www.uartes.edu.ec\/sitio\/wp-json\/wp\/v2\/media\/9161"}],"wp:attachment":[{"href":"https:\/\/www.uartes.edu.ec\/sitio\/wp-json\/wp\/v2\/media?parent=4515"}],"curies":[{"name":"wp","href":"https:\/\/api.w.org\/{rel}","templated":true}]}}