{"id":4517,"date":"2019-10-17T11:10:47","date_gmt":"2019-10-17T16:10:47","guid":{"rendered":"http:\/\/www.uartes.edu.ec\/sitio\/la-universidad\/estudiantes\/vida-estudiantil\/convenios\/"},"modified":"2026-01-08T09:20:48","modified_gmt":"2026-01-08T14:20:48","slug":"convenios","status":"publish","type":"page","link":"https:\/\/www.uartes.edu.ec\/sitio\/la-universidad\/estudiantes\/bienestar-estudiantil\/convenios\/","title":{"rendered":"Convenios"},"content":{"rendered":"\n<p>Revisa los distintos convenios que la Universidad mantiene con distintas instituciones a nivel nacional.<\/p>\n\n\n\n<div class=\"wp-block-getwid-tabs has-layout-vertical-left\" data-active-tab=\"0\"><ul class=\"wp-block-getwid-tabs__nav-links\"><\/ul>\n<div class=\"wp-block-getwid-tabs__nav-link\"><h4 class=\"wp-block-getwid-tabs__title-wrapper\"><a href=\"#\"><span class=\"wp-block-getwid-tabs__title\">2025<\/span><\/a><\/h4><\/div><div class=\"wp-block-getwid-tabs__tab-content-wrapper\"><div class=\"wp-block-getwid-tabs__tab-content\">\n<figure class=\"wp-block-table is-style-stripes\"><table><thead><tr><th><strong>NOMBRE DE LA INSTITUCI\u00d3N<\/strong><\/th><th><strong>TIPO DE INSTITUCI\u00d3N<\/strong><\/th><th><strong>TIPO DE CONVENIO<\/strong><\/th><th><strong>PLAZO<\/strong><\/th><th><strong>FECHA DE FIRMA<\/strong><\/th><th><strong>FECHA DE CIERRE<\/strong><\/th><\/tr><\/thead><tbody><tr><td><a href=\"https:\/\/uartesec-my.sharepoint.com\/:b:\/g\/personal\/vinculacion_comunidad_uartes_edu_ec\/EWjQ7XYq89xEkYFv7wlAUx4BvDj92aO_VsGFEiBJnWv7TA?e=fj0igA\">Junta de Beneficencia de Guayaquil (JBG)<\/a><\/td><td>Privada<\/td><td>Marco<\/td><td>5 a\u00f1os<\/td><td>2025.01.21<\/td><td>2030.01.21<\/td><\/tr><tr><td><a href=\"https:\/\/uartesec-my.sharepoint.com\/:b:\/g\/personal\/vinculacion_comunidad_uartes_edu_ec\/Edbl49F0viVDqbdgGiRbgDEBp-fduZbWEvpaoij4bkFQdw?e=Q4bumH\">Universidad T\u00e9cnica de Manab\u00ed (UTM)<\/a><\/td><td>P\u00fablica<\/td><td>Marco<\/td><td>5 a\u00f1os<\/td><td>2025.02.14<\/td><td>2025.02.14<\/td><\/tr><tr><td><a href=\"https:\/\/uartesec-my.sharepoint.com\/:b:\/g\/personal\/vinculacion_comunidad_uartes_edu_ec\/ESOpQp5u1fVNuoUWN-wz-WUB8fIHteyYSvwNcFmDAolUfg?e=qMwLxx\">Universidad Laica Eloy Alfaro de Manab\u00ed (ULEAM)<\/a><\/td><td>P\u00fablica<\/td><td>Marco<\/td><td>5 a\u00f1os<\/td><td>2025.02.24<\/td><td>2030.02.24<\/td><\/tr><tr><td><a href=\"https:\/\/uartesec-my.sharepoint.com\/:b:\/g\/personal\/vinculacion_comunidad_uartes_edu_ec\/EdleqPo2N6FLpHE1OOfNu_YBHpTWWZpB83lJ7CLNqGXslw?e=9HBPJ4\">JLA Colectivo de Artes<\/a><\/td><td>Privada<\/td><td>Marco<\/td><td>3 a\u00f1os<\/td><td>2025.03.20<\/td><td>2028.03.20<\/td><\/tr><tr><td><a href=\"https:\/\/uartesec-my.sharepoint.com\/:b:\/g\/personal\/vinculacion_comunidad_uartes_edu_ec\/EQp5BvJAHJdKlotrbxMKc2kBUGllqZujVhBDdmZh37JgYg?e=Dcy42K\">Fundaci\u00f3n Kair\u00f3s<\/a><\/td><td>Privada<\/td><td>Marco<\/td><td>2 a\u00f1os<\/td><td>2025.03.25<\/td><td>2027.03.25<\/td><\/tr><tr><td><a href=\"https:\/\/uartesec-my.sharepoint.com\/:b:\/g\/personal\/vinculacion_comunidad_uartes_edu_ec\/EbK5c7nh1t5NuArE5zI3tqABfgXFxRfgDLAvk0cG9yajyg?e=AS31st\">Fundaci\u00f3n Mar\u00eda Gracia<\/a><\/td><td>Privada<\/td><td>Marco<\/td><td>4 a\u00f1os<\/td><td>2025.03.28<\/td><td>2029.03.28<\/td><\/tr><tr><td><a href=\"https:\/\/uartesec-my.sharepoint.com\/:b:\/g\/personal\/vinculacion_comunidad_uartes_edu_ec\/EYPVzoJMpmpNoB-g5gPTEzMBQhyHIhBK1KJwygHU8EHSxw?e=4hLXKW\">Instituto de Neurociencias de la JBG &#8211; Servicios en l\u00ednea<\/a><\/td><td>Privada<\/td><td>Espec\u00edfico<\/td><td>1 a\u00f1o<\/td><td>2025.04.04<\/td><td>2026.04.04<\/td><\/tr><tr><td><a href=\"https:\/\/uartesec-my.sharepoint.com\/:b:\/g\/personal\/vinculacion_comunidad_uartes_edu_ec\/ESapSUk6mCVIvYl481DFGiUBC8kWKWJ-7w0uTaH0TH_0kA?e=xBwb0h\">Fundaci\u00f3n Amiguitos del Oc\u00e9ano<\/a><\/td><td>Privada<\/td><td>Marco<\/td><td>3 a\u00f1os<\/td><td>2025.04.14<\/td><td>2028.04.14<\/td><\/tr><tr><td><a href=\"https:\/\/uartesec-my.sharepoint.com\/:b:\/g\/personal\/vinculacion_comunidad_uartes_edu_ec\/EYh51aq9AC9GguNYlxXe0tEBFNPMuEpiL7L4Rvw_4MEODw?e=oLWV7C\">CEPAM Guayaquil<\/a><\/td><td>Privada<\/td><td>Marco<\/td><td>5 a\u00f1os<\/td><td>2025.04.25<\/td><td>2030.04.25<\/td><\/tr><tr><td><a href=\"https:\/\/uartesec-my.sharepoint.com\/:b:\/g\/personal\/vinculacion_comunidad_uartes_edu_ec\/EWHTANF4XzVCkTK4GcAkmfgBki_g6D8Xrt_oQ1lzvVnaBg?e=RacT3e\">Procuradur\u00eda General del Estado (PGE)<\/a><\/td><td>P\u00fablica<\/td><td>Marco<\/td><td><br>4 a\u00f1os<\/td><td>2025.04.25<\/td><td>2029.04.25<\/td><\/tr><tr><td><a href=\"https:\/\/uartesec-my.sharepoint.com\/:b:\/g\/personal\/vinculacion_comunidad_uartes_edu_ec\/EXHdw47shnlJua1YxLomRe0BGcTk-gvkudX2pGFiivePjA?e=GTBcYy\">CCE N\u00facleo de Manab\u00ed &#8211; 5to Encuentro Observatorio<\/a><\/td><td>P\u00fablica<\/td><td>Espec\u00edfico<\/td><td>1 a\u00f1o<\/td><td>2025.05.01<\/td><td>2026.05.01<\/td><\/tr><tr><td><a href=\"https:\/\/uartesec-my.sharepoint.com\/:b:\/g\/personal\/vinculacion_comunidad_uartes_edu_ec\/EQy0m_yMMBZCtNMbMAZHALYBDLU65uTFQsQ7aN35XeAMWg?e=RWafxt\">ESPOL &#8211; Doctorado en Artes<\/a><\/td><td>Privada<\/td><td>Espec\u00edfico<\/td><td>2 a\u00f1os<\/td><td>2025.05.20<\/td><td>2027.05.20<\/td><\/tr><tr><td><a href=\"https:\/\/uartesec-my.sharepoint.com\/:b:\/g\/personal\/vinculacion_comunidad_uartes_edu_ec\/EUCP5t9zyZlBloFTc8hTLY8BZJ3oBAYUQKVOoXjzTMX7qQ?e=rySwaI\">USGP &#8211; Diplomado en Vinculaci\u00f3n<\/a><\/td><td>P\u00fablica<\/td><td>Espec\u00edfico<\/td><td>6 a\u00f1os<\/td><td>2025.05.22<\/td><td>2031.05.22<\/td><\/tr><tr><td><a href=\"https:\/\/uartesec-my.sharepoint.com\/:b:\/g\/personal\/vinculacion_comunidad_uartes_edu_ec\/EcMz-8fSnZ5BnxCZ3mDiqJEB50imzq82_L4HdKcdLncjbA?e=qe6wQD\">ESPOL &#8211; Servicios Interbibliotecarios<\/a><\/td><td>P\u00fablica<\/td><td>Espec\u00edfico<\/td><td>4 a\u00f1os<\/td><td>2025.05.26<\/td><td>2029.05.26<\/td><\/tr><tr><td><a href=\"https:\/\/uartesec-my.sharepoint.com\/:b:\/g\/personal\/vinculacion_comunidad_uartes_edu_ec\/ERJazCS7tYRKkvKZF5_GK7MBVQ9D2xbc8sdy1vUjkwEZfw?e=mwZKXl\">Consorcio de Gobiernos Provinciales (CONGOPE)<\/a><\/td><td>P\u00fablica<\/td><td>Marco<\/td><td>2 a\u00f1os<\/td><td>2025.05.28<\/td><td>2027.05.28<\/td><\/tr><tr><td><a href=\"https:\/\/uartesec-my.sharepoint.com\/:b:\/g\/personal\/vinculacion_comunidad_uartes_edu_ec\/EUF437500k5CuyoNB-ialuYBy5guGhbWVv048NgQXYobUg?e=kHPHJP\">Universidad de Guayaquil &#8211; PVS<\/a><\/td><td><br>P\u00fablica<\/td><td>Espec\u00edfico<\/td><td>3 a\u00f1os<\/td><td>2025.05.29<\/td><td>2028.05.29<\/td><\/tr><tr><td><a href=\"https:\/\/uartesec-my.sharepoint.com\/:b:\/g\/personal\/vinculacion_comunidad_uartes_edu_ec\/EQ23jat0EWpLuQHMGdro2bwBNVDuLmtemQG8WkMZK8_Y6Q?e=qzeGHM\">Universidad de Guayaquil &#8211; PPP<\/a><\/td><td>P\u00fablica<\/td><td>Espec\u00edfico<\/td><td>5 a\u00f1os<\/td><td>2025.05.29<\/td><td>2030.05.29<\/td><\/tr><tr><td><a href=\"https:\/\/uartesec-my.sharepoint.com\/:b:\/g\/personal\/vinculacion_comunidad_uartes_edu_ec\/EaY-VB9GnclGi86kyTxajtIBhX2eSMej9fp6IAXySJWfug?e=AwOLkn\">Unidad Educativa Rep\u00fablica de Francia (UDRDF)<\/a><\/td><td>Privada<\/td><td>Marco<\/td><td>5 a\u00f1os<\/td><td>2025.06.04<\/td><td>2030.06.04<\/td><\/tr><tr><td><a href=\"https:\/\/uartesec-my.sharepoint.com\/:b:\/g\/personal\/vinculacion_comunidad_uartes_edu_ec\/EcJZfmoVMoBOhP8KzauqkbEB92A7u_ORFNNM2WPx4IJ5aA?e=1aMGYw\">Consejo Nacional de Gobierno Parroquiales del Ecuador &#8211; Guayas (CONAGOPARE Guayas)<\/a><\/td><td><\/td><td>Marco<\/td><td>4 a\u00f1os<\/td><td>2025.07.17<\/td><td>2029.07.17<\/td><\/tr><tr><td><a href=\"https:\/\/uartesec-my.sharepoint.com\/:b:\/g\/personal\/vinculacion_comunidad_uartes_edu_ec\/EdF1kJzUDehFmh2gp_9wQFQBcgm5L-hpWE4Siu2mxw0PFg?e=CCmF7n\">Frutabar Barfruit S.A.<\/a><\/td><td>Privada<\/td><td>Espec\u00edfico<\/td><td>2 a\u00f1os<\/td><td>2025.08.25<\/td><td>2025.08.25<\/td><\/tr><tr><td><a href=\"https:\/\/uartesec-my.sharepoint.com\/:b:\/g\/personal\/vinculacion_comunidad_uartes_edu_ec\/ERhWDQKT7VlFuPG3wTwU_MsBhSmxXCONz-W32lFDhDcbWw?e=2eb3Af\">Ministerio de Cultura y Patrimonio (MCYP)<\/a><\/td><td>P\u00fablica<\/td><td>Marco<\/td><td>5 a\u00f1os<\/td><td>2025.08.28<\/td><td>2030.08.28<\/td><\/tr><tr><td><a href=\"https:\/\/uartesec-my.sharepoint.com\/:b:\/g\/personal\/vinculacion_comunidad_uartes_edu_ec\/EVdWpmaR_CpLkzPmOTkb1vYBtxZPRua5XertIlWv9J1t1Q?e=0ubnwT\">Comit\u00e9 Permanente por los Derechos Humanos (CDH)<\/a><\/td><td>Privada<\/td><td>Marco<\/td><td>5 a\u00f1os<\/td><td>2025.08.29<\/td><td>2030.08.29<\/td><\/tr><tr><td><a href=\"https:\/\/uartesec-my.sharepoint.com\/:b:\/g\/personal\/vinculacion_comunidad_uartes_edu_ec\/EUPlAAucXZpMpslqHX2hVSEB7dmdDxUtZgwgW7PvpsGy2A?e=kdcYPS\">Instituto Superior de Artes Visuales de Quito (IAVQ)<\/a><\/td><td>Privada<\/td><td>Marco<\/td><td>5 a\u00f1os<\/td><td>2025.09.04<\/td><td>2030.09.04<\/td><\/tr><tr><td><a href=\"https:\/\/uartesec-my.sharepoint.com\/:b:\/g\/personal\/vinculacion_comunidad_uartes_edu_ec\/EXI0Ct2ODYFPoF0NU5BRUosBZFoRdlBstgtiO2jEFANUIA?e=tPBi8a\">Servicio Jesuita a Refugiados (JRS Ecuador)<\/a><\/td><td>Privada<\/td><td>Espec\u00edfico<\/td><td>1 a\u00f1o<\/td><td>2025.09.25<\/td><td>2026.09.25<\/td><\/tr><tr><td><a href=\"https:\/\/uartesec-my.sharepoint.com\/:b:\/g\/personal\/vinculacion_comunidad_uartes_edu_ec\/IQCnPNBYs5_3TaOX-W0S4Z1nARXgRBR_9BhaffpHvq1-CPM?e=lRlYJf\">Casa de la Cultura Ecuatoriana Benjam\u00edn Carri\u00f3n<\/a><\/td><td>P\u00fablica<\/td><td>Carta de compromiso<\/td><td>1 a\u00f1o<\/td><td>2025.09.29<\/td><td>2026.09.29<\/td><\/tr><tr><td><a href=\"https:\/\/uartesec-my.sharepoint.com\/:b:\/g\/personal\/vinculacion_comunidad_uartes_edu_ec\/IQCwgXjmb2r-RJCDUqezBCIAAXBoY_dWXoKUvXHJhkvnR_A?e=RyGdQb\">Universidad Casa Grande y Universidad del R\u00edo (UDR)<\/a><\/td><td>Privada<\/td><td>Carta de compromiso<\/td><td>1 a\u00f1o<\/td><td>2025.10.07<\/td><td>2026.10.07<\/td><\/tr><tr><td><a href=\"https:\/\/uartesec-my.sharepoint.com\/:b:\/g\/personal\/vinculacion_comunidad_uartes_edu_ec\/EV017k3Ly4xIoQRNY9Jl1MsBoRdIE4wvJ3gvHbRDmakJcg?e=dz6MuL\">\u200bConsejo de Participaci\u00f3n Ciudadana y Control Social (CPCCS)\u200b<\/a><\/td><td>P\u00fablica<\/td><td>Marco<\/td><td>5 a\u00f1os<\/td><td>2025.10.08<\/td><td>2030.10.08<\/td><\/tr><tr><td><a href=\"https:\/\/uartesec-my.sharepoint.com\/:b:\/g\/personal\/vinculacion_comunidad_uartes_edu_ec\/Edw7Ke94IkFIrHMFBeXO2wkBOAhJm3z8fYlO51ZfeNWSfg?e=qOEn2H\">\u200bSecretar\u00eda de Educaci\u00f3n Intercultural Biling\u00fce y la Etnoeducaci\u00f3n (SEIBE)\u200b<\/a><\/td><td>P\u00fablica<\/td><td>Marco<\/td><td>3 a\u00f1os<\/td><td>2025.10.15<\/td><td>2028.10.15<\/td><\/tr><tr><td><a href=\"https:\/\/uartesec-my.sharepoint.com\/:b:\/g\/personal\/vinculacion_comunidad_uartes_edu_ec\/EedisfiHKnhNrjAro3SczK4BgMJkcQN6eBiZMXJpgFo3BQ?e=9Ypyx8\">\u200bInstituto Tecnol\u00f3gico Superior Universitario de Estudios ITV (ITV)\u200b<\/a><\/td><td>Privada<\/td><td>Marco<\/td><td>5 a\u00f1os<\/td><td>2025.10.22<\/td><td>2030.10.22<\/td><\/tr><tr><td><a href=\"https:\/\/uartesec-my.sharepoint.com\/:b:\/g\/personal\/vinculacion_comunidad_uartes_edu_ec\/Eali5sQcqS9LqsU8ORSyS2ABLS8_VVBfT1hrgfYihFdPRw?e=iUKAYg\">\u200bIntergrow S.A. (Bazzuka)\u200b<\/a><\/td><td>Privada<\/td><td>Marco<\/td><td>2 a\u00f1os<\/td><td>2025.10.31<\/td><td>2027.10.31<\/td><\/tr><tr><td><a href=\"https:\/\/uartesec-my.sharepoint.com\/:b:\/g\/personal\/vinculacion_comunidad_uartes_edu_ec\/IQB9HoHVwcjFRLewCbEzX0r5AYpI5mzNWz96hP6cGFmNg4A?e=a1jjVP\">Fasinarm<\/a><\/td><td>Privada<\/td><td>Marco<\/td><td>5 a\u00f1os<\/td><td>2025.11.07<\/td><td>2030.11.07<\/td><\/tr><tr><td><a href=\"https:\/\/uartesec-my.sharepoint.com\/:b:\/g\/personal\/vinculacion_comunidad_uartes_edu_ec\/IQAUI3C6FRilTKy-YFdnmcRDAag02oJR1e-D29v_f5JY_r0?e=93My7q\">Servicio Nacional de Aduana del Ecuador (SENAE)<\/a><\/td><td>P\u00fablica<\/td><td>P\u00fablica<\/td><td>2 a\u00f1os<\/td><td>2025.11.10<\/td><td>2027.11.10<\/td><\/tr><tr><td><a href=\"https:\/\/uartesec-my.sharepoint.com\/:b:\/g\/personal\/vinculacion_comunidad_uartes_edu_ec\/IQABocU7lYePRrXKebzca52oAZz3ehhvAC2RY4TY-U742NQ?e=ly7z7f\">Librer\u00eda Coquito<\/a><\/td><td>Privada<\/td><td>Carta de compromiso<\/td><td>1 a\u00f1o<\/td><td>2025.12.05<\/td><td>2026.12.05<\/td><\/tr><tr><td><a href=\"https:\/\/uartesec-my.sharepoint.com\/:b:\/g\/personal\/vinculacion_comunidad_uartes_edu_ec\/IQBoc8jfLphPQ74y0LRfDCHXAVmnyeDOnaihvHEott6oQyE?e=wJnHqv\">Archivo Hist\u00f3rico Nacional del Ecuador (AHN) &#8211; PPP\/VS<\/a><\/td><td>P\u00fablica<\/td><td>Espec\u00edfico<\/td><td>5 a\u00f1os<\/td><td>2025.12.12<\/td><td>2030.12.12<\/td><\/tr><tr><td><a href=\"https:\/\/uartesec-my.sharepoint.com\/:b:\/g\/personal\/vinculacion_comunidad_uartes_edu_ec\/IQDauYPLLLEqT6kPsVKKU2CcAfiCbJ5B_qEDXO8U2LUGaMM?e=LtqTg8\">Universidad Estatal Pen\u00ednsula de Santa Elena (UPSE)<\/a><\/td><td>P\u00fablica<\/td><td>Marco<\/td><td>5 a\u00f1os<\/td><td>2025.12.12<\/td><td>2030.12.12<\/td><\/tr><tr><td><a href=\"https:\/\/uartesec-my.sharepoint.com\/:b:\/g\/personal\/vinculacion_comunidad_uartes_edu_ec\/IQCNhC5oDkH2T7XIdBPwU4pXAeapEhywENE4064_tbhPmjs?e=Ol4IqU\">Fundaci\u00f3n Proyecto Salesiano Guayaquil (FPSG)<\/a><\/td><td>Privada<\/td><td>Marco<\/td><td>3 a\u00f1os<\/td><td>2025.12.13<\/td><td>2028.12.13<\/td><\/tr><tr><td><a href=\"https:\/\/uartesec-my.sharepoint.com\/:b:\/g\/personal\/vinculacion_comunidad_uartes_edu_ec\/IQCxToe1tpoVRZi0Dn2i-yOUAUTbi6Diol0jr8egX_E51Qw?e=eNBgZ7\">GAD Parroquial La Victoria<\/a><\/td><td>P\u00fablica<\/td><td>Espec\u00edfico<\/td><td>3 a\u00f1os<\/td><td>2025.12.13<\/td><td>2028.12.13<\/td><\/tr><tr><td><a href=\"https:\/\/uartesec-my.sharepoint.com\/:b:\/g\/personal\/vinculacion_comunidad_uartes_edu_ec\/IQCiQKAfuwx3TYbA7yKiXWNQAR7gD99ZpgZ3TYK_GErERzo?e=MkG9Kg\">GAD Municipal Marcelino Maridue\u00f1a<\/a><\/td><td>P\u00fablica<\/td><td>Marco<\/td><td>3 a\u00f1os<\/td><td>2025.12.13<\/td><td>2028.12.13<\/td><\/tr><tr><td><a href=\"https:\/\/uartesec-my.sharepoint.com\/:b:\/g\/personal\/vinculacion_comunidad_uartes_edu_ec\/IQCE4L5SHE2CSL34pxVsZIN7AcBYxg5toI06FqSfDl5lKuA?e=wWnGme\">Instituto de Seguridad Social de las Fuerzas Armadas (ISSFA)<\/a><\/td><td>P\u00fablica<\/td><td>Marco<\/td><td>2 a\u00f1os<\/td><td>2025.12.13<\/td><td>2027.12.13<\/td><\/tr><\/tbody><\/table><\/figure>\n<\/div><\/div>\n\n\n\n<div class=\"wp-block-getwid-tabs__nav-link\"><h4 class=\"wp-block-getwid-tabs__title-wrapper\"><a href=\"#\"><span class=\"wp-block-getwid-tabs__title\">2024<\/span><\/a><\/h4><\/div><div class=\"wp-block-getwid-tabs__tab-content-wrapper\"><div class=\"wp-block-getwid-tabs__tab-content\">\n<figure class=\"wp-block-table is-style-stripes\"><table><thead><tr><th><strong>NOMBRE DE LA INSTITUCI\u00d3N<\/strong><\/th><th><strong>TIPO DE INSTITUCI\u00d3N<\/strong><\/th><th><strong>TIPO DE CONVENIO<\/strong><\/th><th><strong>PLAZO<\/strong><\/th><th><strong>FECHA DE FIRMA<\/strong><\/th><th><strong>FECHA DE CIERRE<\/strong><\/th><\/tr><\/thead><tbody><tr><td><a href=\"https:\/\/uartesec-my.sharepoint.com\/:b:\/g\/personal\/vinculacion_comunidad_uartes_edu_ec\/EQL3lZMD0XZKlG_zW5K6oOEBsXNwf3z7r7lWj46z8sR02Q?e=GDafd9\" target=\"_blank\" rel=\"noreferrer noopener\">Comunicaciones Manofactory S.A.S.<\/a><\/td><td>Privada<\/td><td>Marco<\/td><td>3 a\u00f1os<\/td><td>2024.03.13<\/td><td>2027.03.13<\/td><\/tr><tr><td><a href=\"https:\/\/uartesec-my.sharepoint.com\/:b:\/g\/personal\/vinculacion_comunidad_uartes_edu_ec\/EW7FePRVvV1Cq4EaQKMNFgAB0Eyt1x5D4Hi2gytzBnoHbg?e=zbc99j\" target=\"_blank\" rel=\"noreferrer noopener\">Fundaci\u00f3n Afrodescendiente Karibu (AKA)<\/a><\/td><td>Privada<\/td><td>Marco<\/td><td>4 a\u00f1os<\/td><td>2024.04.12<\/td><td>2027.04.12<\/td><\/tr><tr><td><a href=\"https:\/\/uartesec-my.sharepoint.com\/:b:\/g\/personal\/vinculacion_comunidad_uartes_edu_ec\/EXEnH5bAI5JKlGe79G7uyyMBGqygjw6sbEBdrq4YoHM-kg?e=USUwJV\" target=\"_blank\" rel=\"noreferrer noopener\">Fundaci\u00f3n Cultural Mu\u00e9gano Teatro<\/a><\/td><td>Privada<\/td><td>Marco<\/td><td>3 a\u00f1os<\/td><td>2024.04.12<\/td><td>2028.04.12<\/td><\/tr><tr><td><a href=\"https:\/\/uartesec-my.sharepoint.com\/:b:\/g\/personal\/vinculacion_comunidad_uartes_edu_ec\/Ec9pOhS8FIJJuxQkTpsU-3wBGO5QFzxN2Flj1zSebLTEwQ?e=9AXwmj\" target=\"_blank\" rel=\"noreferrer noopener\">Museo Antropol\u00f3gico y de Arte Contempor\u00e1neo (MAAC) &#8211; PPP<\/a><\/td><td>P\u00fablico<\/td><td>Espec\u00edfico<\/td><td>2 a\u00f1os<\/td><td>2024.04.17<\/td><td>2026.04.17<\/td><\/tr><tr><td><a href=\"https:\/\/uartesec-my.sharepoint.com\/:b:\/g\/personal\/vinculacion_comunidad_uartes_edu_ec\/EX6i_B3vZeRKjswuBvw542MBD1XHIW02UtjCDSHaOc2chw?e=GUlpgc\" target=\"_blank\" rel=\"noreferrer noopener\">Universidad del R\u00edo (UDR)<\/a><\/td><td>Privada<\/td><td>Marco<\/td><td>4 a\u00f1os<\/td><td>2024.05.14<\/td><td>2028.05.14<\/td><\/tr><tr><td><a href=\"https:\/\/uartesec-my.sharepoint.com\/:b:\/g\/personal\/vinculacion_comunidad_uartes_edu_ec\/ETbpDiBKwl9Nkwf4OaUKDbgBi2eQFhS9udpZh9_D5_6LKw?e=GtYOHX\" target=\"_blank\" rel=\"noreferrer noopener\">Fundaci\u00f3n Teatro Experimental Guayaquil (FUNTEG)<\/a><\/td><td>Privada<\/td><td>Marco<\/td><td>5 a\u00f1os<\/td><td>2024.06.05<\/td><td>2029.06.05<\/td><\/tr><tr><td><a href=\"https:\/\/uartesec-my.sharepoint.com\/:b:\/g\/personal\/vinculacion_comunidad_uartes_edu_ec\/EYKOy6ml3txGuB92SOQLMqMBJdcMD4UiZaUY_2icR227LA?e=S1Jltr\" target=\"_blank\" rel=\"noreferrer noopener\">Muy Ilustre Municipalidad de Guayaquil &#8211; PPP<\/a><\/td><td>P\u00fablica<\/td><td>Marco<\/td><td>4 a\u00f1os<\/td><td>2024.07.02<\/td><td>2029.07.02<\/td><\/tr><tr><td><a href=\"https:\/\/uartesec-my.sharepoint.com\/:b:\/g\/personal\/vinculacion_comunidad_uartes_edu_ec\/EQBE__K9bcpJiYI-Uny1jxgBSYOQ27zfvZ2UkZIi7bpgDg?e=rABHO9\" target=\"_blank\" rel=\"noreferrer noopener\">Empresa P\u00fablica de la Universidad de las Artes (UArtes EP) &#8211; PPP<\/a><\/td><td>P\u00fablica<\/td><td>Espec\u00edfico<\/td><td>2 a\u00f1os<\/td><td>2024.07.15<\/td><td>2026.07.15<\/td><\/tr><tr><td><a href=\"https:\/\/uartesec-my.sharepoint.com\/:b:\/g\/personal\/vinculacion_comunidad_uartes_edu_ec\/EYNAJpkveAdNqW6ZQ_0N7XQBSMJ5GuuLCWcDI708BAJt9A?e=opcdZD\" target=\"_blank\" rel=\"noreferrer noopener\">GAD Municipal de Naranjal<\/a><\/td><td>P\u00fablica<\/td><td>Marco<\/td><td>3 a\u00f1os<\/td><td>2024.07.19<\/td><td>2027.07.19<\/td><\/tr><tr><td><a href=\"https:\/\/uartesec-my.sharepoint.com\/:b:\/g\/personal\/vinculacion_comunidad_uartes_edu_ec\/EUnbJoo5Bc9GoqqiVK6tSAMBW8B1gZQLGarR8Gw7O1XrMQ?e=AhiFWi\" target=\"_blank\" rel=\"noreferrer noopener\">Escuela Superior Polit\u00e9cnica del Litoral (ESPOL)<\/a><\/td><td>P\u00fablica<\/td><td>Marco<\/td><td>5 a\u00f1os<\/td><td>2024.07.24<\/td><td>2029.07.24<\/td><\/tr><tr><td><a href=\"https:\/\/uartesec-my.sharepoint.com\/:b:\/g\/personal\/vinculacion_comunidad_uartes_edu_ec\/EWOOcNm9cJlGnOntxz49HlQBnQh_-7Z2c8XghJ1vlki7xw?e=RFbVn5\" target=\"_blank\" rel=\"noreferrer noopener\">Museo Nacional del Cacao Guayaquil<\/a><\/td><td>Privada<\/td><td>Marco<\/td><td>1 a\u00f1o<\/td><td>2024.07.25<\/td><td>2025.07.25<\/td><\/tr><tr><td><a href=\"https:\/\/uartesec-my.sharepoint.com\/:b:\/g\/personal\/vinculacion_comunidad_uartes_edu_ec\/Ed_nXTORYgZNoqSLA-Dg8OABusNiccWVgFsdkOPqX7U7dw?e=lVrswn\" target=\"_blank\" rel=\"noreferrer noopener\">Fundaci\u00f3n Michugo Dorado &#8211; PPP<\/a><\/td><td>Privada<\/td><td>Espec\u00edfico<\/td><td>3 a\u00f1os<\/td><td>2024.07.26<\/td><td>2027.07.26<\/td><\/tr><tr><td><a href=\"https:\/\/uartesec-my.sharepoint.com\/:b:\/g\/personal\/vinculacion_comunidad_uartes_edu_ec\/EUFjmUSN6xxHiPT7dyL6--UBxg7l_sf1mLn2oRlGWd8scw?e=Jdhh4g\" target=\"_blank\" rel=\"noreferrer noopener\">Asociaci\u00f3n Fe &amp; Alegr\u00eda Ecuador<\/a><\/td><td>Privada<\/td><td>Marco<\/td><td>3 a\u00f1os<\/td><td>2024.08.08<\/td><td>2027.08.08<\/td><\/tr><tr><td><a href=\"https:\/\/uartesec-my.sharepoint.com\/:b:\/g\/personal\/vinculacion_comunidad_uartes_edu_ec\/EaB4DrLufiZBgoKsf3h3_WABG8B2Xl3lzAn0xRAju6Qi7Q?e=BtshS3\" target=\"_blank\" rel=\"noreferrer noopener\">Universidad de Cuenca (UCuenca) &#8211; 4to Observatorio<\/a><\/td><td>P\u00fablica<\/td><td>Espec\u00edfico<\/td><td>1 a\u00f1o<\/td><td>2024.08.15<\/td><td>2025.08.15<\/td><\/tr><tr><td><a href=\"https:\/\/uartesec-my.sharepoint.com\/:b:\/g\/personal\/vinculacion_comunidad_uartes_edu_ec\/EWTIxKD7qApEiQpWafhMazsBvkM1n-1jwOWXTnsP5CziFQ?e=DotIrL\" target=\"_blank\" rel=\"noreferrer noopener\">Cinemateca Nacional del Ecuador \u201cUlises Estrella\u201d &#8211; PPP<\/a><\/td><td>P\u00fablica<\/td><td>Espec\u00edfico<\/td><td>2 a\u00f1os<\/td><td>2024.08.29<\/td><td>2026.08.29<\/td><\/tr><tr><td><a href=\"https:\/\/uartesec-my.sharepoint.com\/:b:\/g\/personal\/vinculacion_comunidad_uartes_edu_ec\/EZTnC0likthAvZZgVKNYOFMBOYNqtVZ70T3Umvn7iQmEDQ?e=WlzB3d\" target=\"_blank\" rel=\"noreferrer noopener\">Fundaci\u00f3n Fondo Econ\u00f3mica de Cultura Ecuador &#8211; PPP<\/a><\/td><td>Privada<\/td><td>Espec\u00edfico<\/td><td>4 a\u00f1os<\/td><td>2024.09.20<\/td><td>2028.09.20<\/td><\/tr><tr><td><a href=\"https:\/\/uartesec-my.sharepoint.com\/:b:\/g\/personal\/vinculacion_comunidad_uartes_edu_ec\/EWMklvgTeHJAknwDH8V8WE0BeDnjPNPbnAyoFgrVu8v2QQ?e=tBog5t\">Comisi\u00f3n de Tr\u00e1nsito del Ecuador (CTE)<\/a>\u200b<\/td><td>P\u00fablica <\/td><td>Marco <\/td><td>5 a\u00f1os <\/td><td>2024.10.30<\/td><td>2029.10.30<\/td><\/tr><tr><td><a href=\"https:\/\/uartesec-my.sharepoint.com\/:b:\/g\/personal\/vinculacion_comunidad_uartes_edu_ec\/ERDbk05hLTVDiCFSLAemWF4B4cWAMg_CPMhOQRTbKJMhsQ?e=jbQfoz\">Fundaci\u00f3n Teatro Nacional Sucre<\/a>\u200b<\/td><td>Privada<\/td><td>Marco<\/td><td>3 a\u00f1os<\/td><td>2024.11.28<\/td><td>2027.11.28<\/td><\/tr><\/tbody><\/table><\/figure>\n<\/div><\/div>\n\n\n\n<div class=\"wp-block-getwid-tabs__nav-link\"><h4 class=\"wp-block-getwid-tabs__title-wrapper\"><a href=\"#\"><span class=\"wp-block-getwid-tabs__title\">2023<\/span><\/a><\/h4><\/div><div class=\"wp-block-getwid-tabs__tab-content-wrapper\"><div class=\"wp-block-getwid-tabs__tab-content\">\n<figure class=\"wp-block-table is-style-stripes\"><table><thead><tr><th><strong>NOMBRE DE LA INSTITUCI\u00d3N<\/strong><\/th><th><strong>TIPO DE INSTITUCI\u00d3N<\/strong><\/th><th><strong>TIPO DE CONVENIO<\/strong><\/th><th><strong>PLAZO<\/strong><\/th><th><strong>FECHA DE FIRMA<\/strong><\/th><th><strong>FECHA DE CIERRE<\/strong><\/th><\/tr><\/thead><tbody><tr><td><a href=\"https:\/\/uartesec-my.sharepoint.com\/:b:\/g\/personal\/vinculacion_comunidad_uartes_edu_ec\/Efd7aO9-ompAk_qIETOsBAsB7wqjzxwB3KswFZ_NX69lxw?e=YDFb1Z\" target=\"_blank\" rel=\"noreferrer noopener nofollow\">CEDIA \/ Fondo Avante<\/a><\/td><td>Privada<\/td><td>Espec\u00edfico<\/td><td>Indefinido<\/td><td>2023.01.10<\/td><td>2023.03.10<\/td><\/tr><tr><td><a href=\"https:\/\/uartesec-my.sharepoint.com\/:b:\/g\/personal\/vinculacion_comunidad_uartes_edu_ec\/EW_v_pDFyltLo3w-ysJ1a8cBWee0gKVXYT4DDlnwdh4kSw?e=ObPqO8\" target=\"_blank\" rel=\"noreferrer noopener nofollow\">Orquesta Sinf\u00f3nica de Guayaquil (OSG)<\/a><\/td><td>P\u00fablica<\/td><td>Marco<\/td><td>5 a\u00f1os<\/td><td>2023.01.19<\/td><td>2028.01.19<\/td><\/tr><tr><td><a href=\"https:\/\/uartesec-my.sharepoint.com\/:b:\/g\/personal\/vinculacion_comunidad_uartes_edu_ec\/EULIzia2HfxPjoUxD1Az30oBxACL7TmYpzHJLdglL6CvlQ?e=VkOltP\" target=\"_blank\" rel=\"noreferrer noopener nofollow\">Corporaci\u00f3n Zona Escena<\/a><\/td><td>Privada<\/td><td>Marco<\/td><td>3 a\u00f1os<\/td><td>2023.03.23<\/td><td>2026.03.23<\/td><\/tr><tr><td><a href=\"https:\/\/uartesec-my.sharepoint.com\/:b:\/g\/personal\/vinculacion_comunidad_uartes_edu_ec\/ERFMYe44OU9ElqChOmJq13YB0Rs8pi5O8LYuj9oIrR4jfQ?e=cc5of5\" target=\"_blank\" rel=\"noreferrer noopener nofollow\">Uni\u00f3n Nacional de Trabajadoras del Hogar y Afines (UNTHA)<\/a><\/td><td>Privada<\/td><td>Marco<\/td><td>2 a\u00f1os<\/td><td>2023.03.30<\/td><td>2025.03.30<\/td><\/tr><tr><td><a href=\"https:\/\/uartesec-my.sharepoint.com\/:b:\/g\/personal\/vinculacion_comunidad_uartes_edu_ec\/Ee1J_KEBojBIoW9Ze8J6GkEBwfW_cWVH_Sr1HMQ2lRCW2A?e=HOF0ha\" target=\"_blank\" rel=\"noreferrer noopener nofollow\">Compa\u00f1\u00eda de Danza En Avant<\/a><\/td><td>Privada<\/td><td>Marco<\/td><td>5 a\u00f1os<\/td><td>2023.04.29<\/td><td>2028.04.29<\/td><\/tr><tr><td><a href=\"https:\/\/uartesec-my.sharepoint.com\/:b:\/g\/personal\/vinculacion_comunidad_uartes_edu_ec\/EWP6AERpIedCsMTxb9CMRIcB40J_JNCMeTHsoGdnAa12Gw?e=69eCdx\" target=\"_blank\" rel=\"noreferrer noopener nofollow\">Compa\u00f1\u00eda Nacional de Danza (CND)<\/a><\/td><td>P\u00fablica<\/td><td>Marco<\/td><td>4 a\u00f1os<\/td><td>2023.05.04<\/td><td>2027.05.04<\/td><\/tr><tr><td><a href=\"https:\/\/uartesec-my.sharepoint.com\/:b:\/g\/personal\/vinculacion_comunidad_uartes_edu_ec\/EZNuHTJ3UJlJsPkj8KN2GcABoPJUMLOPfPe3Npz_JxbQfA?e=QUCQWv\" target=\"_blank\" rel=\"noreferrer noopener nofollow\">Universidad Nacional de Educaci\u00f3n (UNAE) &#8211; Adenda<\/a><\/td><td>P\u00fablica<\/td><td>Espec\u00edfico<\/td><td>indefinido<\/td><td>2023.06.20<\/td><td>Indefinido<\/td><\/tr><tr><td><a href=\"https:\/\/uartesec-my.sharepoint.com\/:b:\/g\/personal\/vinculacion_comunidad_uartes_edu_ec\/EVhwwRFeWQRLvyOi4gkh0ksBBP1x3f3cMyRfNuHs25vMhQ?e=6yDIKq\" target=\"_blank\" rel=\"noreferrer noopener nofollow\">Instituto de Fomento a la Cultura e Innovaci\u00f3n (IFCI)<\/a><\/td><td>P\u00fablica<\/td><td>Marco<\/td><td>5 a\u00f1os<\/td><td>2023.06.23<\/td><td>2028.06.23<\/td><\/tr><tr><td><a href=\"https:\/\/uartesec-my.sharepoint.com\/:b:\/g\/personal\/vinculacion_comunidad_uartes_edu_ec\/EYUGrF-7eOlJqI2ZH4ODcTgB36raUhWWluaygg1Et7kgGg?e=qwTybs\" target=\"_blank\" rel=\"noreferrer noopener nofollow\">Universidad de Cuenca (UCuenca)<\/a><\/td><td>P\u00fablica<\/td><td>Marco<\/td><td>5 a\u00f1os<\/td><td>2023.07.20<\/td><td>2028.07.20<\/td><\/tr><tr><td><a href=\"https:\/\/uartesec-my.sharepoint.com\/:b:\/g\/personal\/vinculacion_comunidad_uartes_edu_ec\/EVahLUrNIrJOvbOvsB-J4v4Bdw9WjXXTwdrNAovYUp1JOg?e=xx9fwR\" target=\"_blank\" rel=\"noreferrer noopener nofollow\">Instituto Superior Tecnol\u00f3gico Guayaquil (ISTG) &#8211; Renovaci\u00f3n<\/a><\/td><td>P\u00fablica<\/td><td>Marco<\/td><td>5 a\u00f1os<\/td><td>2023.08.02<\/td><td>2028.08.02<\/td><\/tr><tr><td><a href=\"https:\/\/uartesec-my.sharepoint.com\/:b:\/g\/personal\/vinculacion_comunidad_uartes_edu_ec\/ETiPFb2dullApUhIx6HgS00B7iCwd0shaPKn_IyM8WwQVA?e=Zt5vhi\" target=\"_blank\" rel=\"noreferrer noopener nofollow\">Gobierno Provincial del Azuay<\/a><\/td><td>P\u00fablica<\/td><td>Marco<\/td><td>3 a\u00f1os<\/td><td>2023.08.09<\/td><td>2026.08.09<\/td><\/tr><tr><td><a href=\"https:\/\/uartesec-my.sharepoint.com\/:b:\/g\/personal\/vinculacion_comunidad_uartes_edu_ec\/EfRfFJQLr95LiBvbrWOMtTEBHS6mlT8KV9MPgDX6V41duw?e=Dinhzr\" target=\"_blank\" rel=\"noreferrer noopener nofollow\">Empresa P\u00fablica Universidad de las Artes (UArtes EP)<\/a><\/td><td>P\u00fablica<\/td><td>Marco<\/td><td>10 a\u00f1os<\/td><td>2023.10.06<\/td><td>2033.10.06<\/td><\/tr><tr><td><a href=\"https:\/\/uartesec-my.sharepoint.com\/:b:\/g\/personal\/vinculacion_comunidad_uartes_edu_ec\/Ef5HynB44wFPo6BUIijtefoBBNQepMF0I8cBgOEBxdfvWg?e=ULgDGk\" target=\"_blank\" rel=\"noreferrer noopener nofollow\">Universidad Cat\u00f3lica Santiago de Guayaquil (UCSG)<\/a><\/td><td>Privada<\/td><td>Marco<\/td><td>3 a\u00f1os<\/td><td>2023.10.17<\/td><td>2026.10.17<\/td><\/tr><tr><td><a href=\"https:\/\/uartesec-my.sharepoint.com\/:b:\/g\/personal\/vinculacion_comunidad_uartes_edu_ec\/Efe_7YgHPvBHnIF9NJzcfRsBtjhdL4L3Hl6K_9G_35fcVg?e=EzQoAF\" target=\"_blank\" rel=\"noreferrer noopener nofollow\">GAD Municipal de Daule &#8211; Memorando de Entendimiento<\/a><\/td><td>P\u00fablica<\/td><td>Espec\u00edfico<\/td><td>6 meses<\/td><td>2023.10.30<\/td><td>2024.05.30<\/td><\/tr><tr><td><a href=\"https:\/\/uartesec-my.sharepoint.com\/:b:\/g\/personal\/vinculacion_comunidad_uartes_edu_ec\/EUhrD2H4ZglOs5P_M8CdVDABdijj4XBKW2Bk35DRNfSEqQ?e=qG8nNR\" target=\"_blank\" rel=\"noreferrer noopener nofollow\">GAD Municipal de Marcelino Maridue\u00f1a &#8211; Memorando de Entendimiento<\/a><\/td><td>P\u00fablica<\/td><td>Espec\u00edfico<\/td><td>6 meses<\/td><td>2023.10.30<\/td><td>2024.05.30<\/td><\/tr><tr><td><a href=\"https:\/\/uartesec-my.sharepoint.com\/:b:\/g\/personal\/vinculacion_comunidad_uartes_edu_ec\/EbFTiRzsL9pBn4f07qkMfIIBwcHWRGtborY_P4TwTpf2hA?e=OZLzoe\" target=\"_blank\" rel=\"noreferrer noopener nofollow\">GAD Municipal de Nobol &#8211; Memorando de Entendimiento<\/a><\/td><td>P\u00fablica<\/td><td>Espec\u00edfico<\/td><td>6 meses<\/td><td>2023.10.30<\/td><td>2024.05.30<\/td><\/tr><tr><td><a href=\"https:\/\/uartesec-my.sharepoint.com\/:b:\/g\/personal\/vinculacion_comunidad_uartes_edu_ec\/EWaR0NDUfXpMjcyQis6R1jkB4cW23GsBSGwqXVPNVqIdlg?e=a5XjI2\" target=\"_blank\" rel=\"noreferrer noopener nofollow\">GAD Municipal de Sim\u00f3n Bol\u00edvar &#8211; Memorando de Entendimiento<\/a><\/td><td>P\u00fablica<\/td><td>Espec\u00edfico<\/td><td>6 meses<\/td><td>2023.10.30<\/td><td>2024.05.30<\/td><\/tr><tr><td><a href=\"https:\/\/uartesec-my.sharepoint.com\/:b:\/g\/personal\/vinculacion_comunidad_uartes_edu_ec\/EdcmbW5KdTRCqeUpGH4NGhEBRUvU-QSdVPzsArkyp64DRw?e=lUvBmn\" target=\"_blank\" rel=\"noreferrer noopener nofollow\">GAD Municipal de Ibarra<\/a><\/td><td>P\u00fablica<\/td><td>Marco<\/td><td>4 a\u00f1os<\/td><td>2023.11.23<\/td><td>2027.11.23<\/td><\/tr><tr><td><a href=\"https:\/\/uartesec-my.sharepoint.com\/:b:\/g\/personal\/vinculacion_comunidad_uartes_edu_ec\/EaULPl9EKvZLvogInJYUx-EByNbIpXDm1m4eFfF3VssG6A?e=xixjxg\" target=\"_blank\" rel=\"noreferrer noopener nofollow\">GAD Municipal Milagro &#8211; Memorando de Entendimiento<\/a><\/td><td>P\u00fablica<\/td><td>Espec\u00edfico<\/td><td>6 meses<\/td><td>2023.11.30<\/td><td>2024.05.30<\/td><\/tr><tr><td><a href=\"https:\/\/uartesec-my.sharepoint.com\/:b:\/g\/personal\/vinculacion_comunidad_uartes_edu_ec\/Ec4TnamCAiBDicn9KbrBS8MBg8v8H5WzsqXLbsHCbnU_Gw?e=lELru0\" target=\"_blank\" rel=\"noreferrer noopener nofollow\">Empresa P\u00fablica Universidad de las Artes (UArtes EP)<\/a><\/td><td>P\u00fablica<\/td><td>Espec\u00edfico<\/td><td>26 meses<\/td><td>2023.12.13<\/td><td>2026.02.13<\/td><\/tr><\/tbody><\/table><\/figure>\n<\/div><\/div>\n\n\n\n<div class=\"wp-block-getwid-tabs__nav-link\"><h4 class=\"wp-block-getwid-tabs__title-wrapper\"><a href=\"#\"><span class=\"wp-block-getwid-tabs__title\">2022<\/span><\/a><\/h4><\/div><div class=\"wp-block-getwid-tabs__tab-content-wrapper\"><div class=\"wp-block-getwid-tabs__tab-content\">\n<figure class=\"wp-block-table is-style-stripes\"><table><thead><tr><th><strong>NOMBRE DE LA INSTITUCI\u00d3N<\/strong><\/th><th><strong>TIPO DE INSTITUCI\u00d3N<\/strong><\/th><th><strong>TIPO DE CONVENIO<\/strong><\/th><th><strong>PLAZO<\/strong><\/th><th><strong>FECHA DE FIRMA<\/strong><\/th><th><strong>FECHA DE CIERRE<\/strong><\/th><\/tr><\/thead><tbody><tr><td><a href=\"https:\/\/uartesec-my.sharepoint.com\/:b:\/g\/personal\/vinculacion_comunidad_uartes_edu_ec\/EYplTR75bSxKmUoxpYtBXVcBwszvjOGvbzLtKOa3pzbnKg?e=rDUmx2\" target=\"_blank\" rel=\"noreferrer noopener\">Benem\u00e9rita Sociedad Protectora de la Infancia (BSPI) &#8211; Renovaci\u00f3n<\/a><\/td><td>Privada<\/td><td>Marco<\/td><td>4 a\u00f1os<\/td><td>2022.01.25<\/td><td>2026.01.25<\/td><\/tr><tr><td><a href=\"https:\/\/uartesec-my.sharepoint.com\/:b:\/g\/personal\/vinculacion_comunidad_uartes_edu_ec\/EQZTei6iJchFgNL1zpMWOukBkI_d8hwwkz7jE2NqKVCLXQ?e=7WkkkG\" target=\"_blank\" rel=\"noreferrer noopener\">Prefectura del Guayas (Adenda Modificatoria)<\/a><\/td><td>P\u00fablica<\/td><td>Marco<\/td><td>1 a\u00f1o<\/td><td>2022.02.08<\/td><td>2022.06.01<\/td><\/tr><tr><td><a href=\"https:\/\/uartesec-my.sharepoint.com\/:b:\/g\/personal\/vinculacion_comunidad_uartes_edu_ec\/EfCqjs7GnNlKnzm3RPjQtscBC3FVseaG2pJyMSGQ2HizxA?e=HG44gp\" target=\"_blank\" rel=\"noreferrer noopener\">Instituto Superior Tecnol\u00f3gico Guayaquil (ISTG) &#8211; Pr\u00e1cticas<\/a><\/td><td>P\u00fablica<\/td><td>Espec\u00edfico<\/td><td>2 a\u00f1os<\/td><td>2022.02.25<\/td><td>2024.02.25<\/td><\/tr><tr><td><a href=\"https:\/\/uartesec-my.sharepoint.com\/:b:\/g\/personal\/vinculacion_comunidad_uartes_edu_ec\/EfU7usI8Q4pLsx0NOBgdcdkB31Yd0VC2fUlpCXC6gBxVog?e=kcLuVQ\" target=\"_blank\" rel=\"noreferrer noopener\">Universidad Andina Sim\u00f3n Bol\u00edvar (UASB-E)<\/a><\/td><td>P\u00fablica<\/td><td>Espec\u00edfico<\/td><td>2 a\u00f1os<\/td><td>2022.02.25<\/td><td>2024.02.25<\/td><\/tr><tr><td><a href=\"https:\/\/uartesec-my.sharepoint.com\/:b:\/g\/personal\/vinculacion_comunidad_uartes_edu_ec\/EdNsk64ERqhElO0wTBaYwQEBVOiIjebDjhzohA8_Wc6NQQ?e=kb4mS9\" target=\"_blank\" rel=\"noreferrer noopener\">Casa de la Cultura Ecuatoriana Benjam\u00edn Carri\u00f3n<\/a><\/td><td>P\u00fablica<\/td><td>Marco<\/td><td>4 a\u00f1os<\/td><td>2022.03.25<\/td><td>2026.03.25<\/td><\/tr><tr><td><a href=\"https:\/\/uartesec-my.sharepoint.com\/:b:\/g\/personal\/vinculacion_comunidad_uartes_edu_ec\/EXvUltGyGbhEgAA7Vlp5sscBB-p0EepxziEPr-nzRj7zYg?e=APs4Ld\" target=\"_blank\" rel=\"noreferrer noopener\">Fundaci\u00f3n Sensorial &#8211; Renovaci\u00f3n<\/a><\/td><td>Privada<\/td><td>Marco<\/td><td>5 a\u00f1os<\/td><td>2022.03.30<\/td><td>2027.03.30<\/td><\/tr><tr><td><a href=\"https:\/\/uartesec-my.sharepoint.com\/:b:\/g\/personal\/vinculacion_comunidad_uartes_edu_ec\/EdVscqwy6OtCnJt0pAwQKL0Bnrbt0biYJUR4c79QrXU22Q?e=HoVOQT\" target=\"_blank\" rel=\"noreferrer noopener\">Escuela Polit\u00e9cnica Nacional (EPN)<\/a><\/td><td>P\u00fablica<\/td><td>Marco<\/td><td>5 a\u00f1os<\/td><td>2022.04.05<\/td><td>2027.05.05<\/td><\/tr><tr><td><a href=\"https:\/\/uartesec-my.sharepoint.com\/:b:\/g\/personal\/vinculacion_comunidad_uartes_edu_ec\/EeldroS-dqZNlBgx8pc18TABbUZptSY9ApjftwjpB_Bq4g?e=mNuPTB target=\" _blank\"=\"\" rel=\"noreferrer noopener\" \"=\"\">Universidad T\u00e9cnica del Norte (UTN)<\/a><\/td><td>P\u00fablica<\/td><td>Marco<\/td><td>5 a\u00f1os<\/td><td>2022.04.18<\/td><td>2027.04.18<\/td><\/tr><tr><td><a href=\"https:\/\/uartesec-my.sharepoint.com\/:b:\/g\/personal\/vinculacion_comunidad_uartes_edu_ec\/EdZjCpkYfPhFunksFKAE9D4B-vuHhZZCaDsMBdH6G6xPcA?e=Y7pdRe\" target=\"_blank\" rel=\"noreferrer noopener\">Red de Educaci\u00f3n Superior y G\u00e9nero (RESG) &#8211; Adhesi\u00f3n<\/a><\/td><td>P\u00fablica<\/td><td>Espec\u00edfico<\/td><td>Indefinida<\/td><td>2022.05.03<\/td><td>Indefinido<\/td><\/tr><tr><td><a href=\"https:\/\/uartesec-my.sharepoint.com\/:b:\/g\/personal\/vinculacion_comunidad_uartes_edu_ec\/EcIVEONFc5NAmnDQdYP9AJsBj70m82gDZe-BcaaRBywISQ?e=DoDsPg\" target=\"_blank\" rel=\"noreferrer noopener\">Academia Ecuatoriana de la Lengua (AEL)<\/a><\/td><td>Privada<\/td><td>Marco<\/td><td>4 a\u00f1os<\/td><td>2022.05.12<\/td><td>2026.05.12<\/td><\/tr><tr><td><a href=\"https:\/\/uartesec-my.sharepoint.com\/:b:\/g\/personal\/vinculacion_comunidad_uartes_edu_ec\/ETaaFDkApH1KrBoU0SWmMikB8C3QtghR-41uhqrXsH3X-w?e=AvbeWa\" target=\"_blank\" rel=\"noreferrer noopener\">Universidad Tecnol\u00f3gica Empresarial de Guayaquil (UTEG)<\/a><\/td><td>Privada<\/td><td>Marco<\/td><td>2 a\u00f1os<\/td><td>2022.05.20<\/td><td>2024.05.20<\/td><\/tr><tr><td><a href=\"https:\/\/uartesec-my.sharepoint.com\/:b:\/g\/personal\/vinculacion_comunidad_uartes_edu_ec\/EaZh3fc6yMtFniIFRKnSXUYB8bNNHOyMH-07QaHo0uWSbQ?e=aVL5iU\" target=\"_blank\" rel=\"noreferrer noopener\">Asociaci\u00f3n Comunitaria Hilando Arte (Hilarte)<\/a><\/td><td>Privada<\/td><td>Marco<\/td><td>5 a\u00f1os<\/td><td>2022.05.24<\/td><td>2027.05.24<\/td><\/tr><tr><td><a href=\"https:\/\/uartesec-my.sharepoint.com\/:b:\/g\/personal\/vinculacion_comunidad_uartes_edu_ec\/EcYCqIPZuVZOt82XaNqTNG4B5AMpiyDH1TWj1oYp1lr02A?e=tMeUCK\" target=\"_blank\" rel=\"noreferrer noopener\">Fundaci\u00f3n Paisajes Sostenibles (PASOS)<\/a><\/td><td>Privada<\/td><td>Marco<\/td><td>4 a\u00f1os<\/td><td>2022.06.07<\/td><td>2026.06.07<\/td><\/tr><tr><td><a href=\"https:\/\/uartesec-my.sharepoint.com\/:b:\/g\/personal\/vinculacion_comunidad_uartes_edu_ec\/EaYfNTMjlR1BrzpgCLH6SKsBixmOLfQUzrvIYOcmWG74aw?e=LntGxg\" target=\"_blank\" rel=\"noreferrer noopener\">Fundaci\u00f3n Huancavilca<\/a><\/td><td>Privada<\/td><td>Marco<\/td><td>4 a\u00f1os<\/td><td>2022.06.09<\/td><td>2026.06.09<\/td><\/tr><tr><td><a href=\"https:\/\/uartesec-my.sharepoint.com\/:b:\/g\/personal\/vinculacion_comunidad_uartes_edu_ec\/ETCavR1odhBPk5vHC_Le6twBfFvsw-M3K8YrfkBCVr2fMA?e=bV8L9s\" target=\"_blank\" rel=\"noreferrer noopener\">GAD Municipal del Cant\u00f3n Urdaneta<\/a><\/td><td>P\u00fablica<\/td><td>Marco<\/td><td>4 a\u00f1os<\/td><td>2022.07.18<\/td><td>2026.07.18<\/td><\/tr><tr><td><a href=\"https:\/\/uartesec-my.sharepoint.com\/:b:\/g\/personal\/vinculacion_comunidad_uartes_edu_ec\/EUK9Ylz7QJxFvWnuYvJvBgUBZ13tHf5xI6u36oru_j1tdA?e=rhE0zZ\" target=\"_blank\" rel=\"noreferrer noopener\">Casa de la Cultura Ecuatoriana N\u00facleo del Azuay<\/a><\/td><td>P\u00fablica<\/td><td>Espec\u00edfico<\/td><td>4 a\u00f1os<\/td><td>2022.07.21<\/td><td>2026.07.21<\/td><\/tr><tr><td><a href=\"https:\/\/uartesec-my.sharepoint.com\/:b:\/g\/personal\/vinculacion_comunidad_uartes_edu_ec\/EbzTjQZyeJJNvARsf4-0fUkBqcqJbNuWXQ7n4vg8B8u_3w?e=vGY0LX\" target=\"_blank\" rel=\"noreferrer noopener\">Prefectura del Guayas (Adenda Modificatoria y Ampliatoria)<\/a><\/td><td>P\u00fablica<\/td><td>Marco<\/td><td>1 a\u00f1o<\/td><td>2022.09.14<\/td><td>2022.12.02<\/td><\/tr><tr><td><a href=\"https:\/\/uartesec-my.sharepoint.com\/:b:\/g\/personal\/vinculacion_comunidad_uartes_edu_ec\/EecO2_wfm8pEjvYc6V5JIC0BxrV_GcLurdf7VP3ijC-L9Q?e=8DP2ZC\" target=\"_blank\" rel=\"noreferrer noopener\">Red Ecuatoriana para la Investigaci\u00f3n y Posgrados (REDU) &#8211; Adhesi\u00f3n<\/a><\/td><td>Privada<\/td><td>Espec\u00edfico<\/td><td>Indefinida<\/td><td>2022.09.30<\/td><td>Indefinida<\/td><\/tr><tr><td><a href=\"https:\/\/uartesec-my.sharepoint.com\/:b:\/g\/personal\/vinculacion_comunidad_uartes_edu_ec\/EWC9_QUQ7dpPvv4BXVEnv60B1MjLanDmRkKAjKkkjFG5ig?e=DUZXPe\" target=\"_blank\" rel=\"noreferrer noopener\">Prefectura del Guayas (Nuevo Convenio)<\/a><\/td><td>P\u00fablica<\/td><td>Espec\u00edfico<\/td><td>14 meses<\/td><td>2022.10.14<\/td><td>2023.05.14<\/td><\/tr><tr><td><a href=\"https:\/\/uartesec-my.sharepoint.com\/:b:\/g\/personal\/vinculacion_comunidad_uartes_edu_ec\/EY5nDxyE2FtEot6nxgA8FOYBYE2DhfCQK9Ho4YDkMIwKrA?e=NJj9Cp\" target=\"_blank\" rel=\"noreferrer noopener\">Facultad Latinoamericana de Ciencias Sociales \u2013 Sede Ecuador (FLACSO)<\/a><\/td><td>Privada<\/td><td>Marco<\/td><td>3 a\u00f1os<\/td><td>2022.10.17<\/td><td>2025.10.17<\/td><\/tr><tr><td><a href=\"https:\/\/uartesec-my.sharepoint.com\/:b:\/g\/personal\/vinculacion_comunidad_uartes_edu_ec\/ERDxXfvVrkFGlkADwi5G19sB6DhDvbPe9FhMKP4ZLGpWKw?e=lP0efs\" target=\"_blank\" rel=\"noreferrer noopener\">Mancomunidad Tur\u00edstica \u201cLa Ruta del Agua\u201d<\/a><\/td><td>P\u00fablica<\/td><td>Marco<\/td><td>4 a\u00f1os<\/td><td>2022.10.28<\/td><td>2026.10.28<\/td><\/tr><tr><td><a href=\"https:\/\/uartesec-my.sharepoint.com\/:b:\/g\/personal\/vinculacion_comunidad_uartes_edu_ec\/EX94oRXik6dFgaw1mXKRXF8Bi2yeZQbRvNjHZQcVapBi0A?e=llrZaq\" target=\"_blank\" rel=\"noreferrer noopener\">Universidad San Gregorio de Portoviejo (USGP)<\/a><\/td><td>P\u00fablica<\/td><td>Marco<\/td><td>3 a\u00f1os<\/td><td>2022.11.30<\/td><td>2025.11.30<\/td><\/tr><tr><td><a href=\"https:\/\/uartesec-my.sharepoint.com\/:b:\/g\/personal\/vinculacion_comunidad_uartes_edu_ec\/EbgbL2ROXuVJiFk8Dk8HYIkB5h5PJUWKXrSogRKRj_x6YA?e=SHYD2y\" target=\"_blank\" rel=\"noreferrer noopener\">Instituto Superior Tecnol\u00f3gico Universitario Esp\u00edritu Santo (TES)<\/a><\/td><td>Privada<\/td><td>Marco<\/td><td>3 a\u00f1os<\/td><td>2022.12.12<\/td><td>2025.12.12<\/td><\/tr><\/tbody><\/table><\/figure>\n<\/div><\/div>\n\n\n\n<div class=\"wp-block-getwid-tabs__nav-link\"><h4 class=\"wp-block-getwid-tabs__title-wrapper\"><a href=\"#\"><span class=\"wp-block-getwid-tabs__title\">2021<\/span><\/a><\/h4><\/div><div class=\"wp-block-getwid-tabs__tab-content-wrapper\"><div class=\"wp-block-getwid-tabs__tab-content\">\n<figure class=\"wp-block-table is-style-stripes\"><table><thead><tr><th><strong>NOMBRE DE LA INSTITUCI\u00d3N<\/strong><\/th><th><strong>TIPO DE INSTITUCI\u00d3N<\/strong><\/th><th><strong>TIPO DE CONVENI<\/strong><\/th><th><strong>PLAZO<\/strong><\/th><th><strong>FECHA DE FIRMA<\/strong><\/th><th><strong>FECHA DE CIERRE<\/strong><\/th><\/tr><\/thead><tbody><tr><td><a href=\"https:\/\/uartesec-my.sharepoint.com\/:b:\/g\/personal\/vinculacion_comunidad_uartes_edu_ec\/EXMudDbpojlLrOgU7YVMtGkB7mTCBnj2P34MUs9q6C6itA?e=pdkUAY\" target=\"_blank\" rel=\"noreferrer noopener\">Centro de Estudios del Cine y la Televisi\u00f3n (CECTV)<\/a><\/td><td>Privada<\/td><td>Marco<\/td><td>5 a\u00f1os<\/td><td>2021.04.04<\/td><td>2026.04.04<\/td><\/tr><tr><td><a href=\"https:\/\/uartesec-my.sharepoint.com\/:b:\/g\/personal\/vinculacion_comunidad_uartes_edu_ec\/ET0ka8wnCEROlfpUO055hhABJ-RlM0YzjUxq6rXXj5UsYw?e=htMpEO\" target=\"_blank\" rel=\"noreferrer noopener\">Asociaci\u00f3n de Fot\u00f3grafos Ecuatorianos (AFE)<\/a><\/td><td>Privada<\/td><td>Marco<\/td><td>2 a\u00f1os<\/td><td>2021.04.22<\/td><td>2023.04.22<\/td><\/tr><tr><td><a href=\"https:\/\/uartesec-my.sharepoint.com\/:b:\/g\/personal\/vinculacion_comunidad_uartes_edu_ec\/ESkHO9rDUhpNtY6uvq_TUBkBxDyl24BAg-GepWNnTEDuXg?e=U7kxec\" target=\"_blank\" rel=\"noreferrer noopener\">Consejo de Aseguramiento de la Calidad de la Educaci\u00f3n Superior (CACES)<\/a><\/td><td>P\u00fablica<\/td><td>Marco<\/td><td>5 a\u00f1os<\/td><td>2021.04.26<\/td><td>2026.04.26<\/td><\/tr><tr><td><a href=\"https:\/\/uartesec-my.sharepoint.com\/:b:\/g\/personal\/vinculacion_comunidad_uartes_edu_ec\/ERh9XPySK09ArOm-16-GNpsB8U979mo2GMyAym_Ia4EDWQ?e=vOckY5\" target=\"_blank\" rel=\"noreferrer noopener\">GAD Provincial del Guayas (Prefectura)<\/a><\/td><td>P\u00fablica<\/td><td>Marco<\/td><td>1 a\u00f1o<\/td><td>2021.05.01<\/td><td>2022.05.01<\/td><\/tr><tr><td><a href=\"https:\/\/uartesec-my.sharepoint.com\/:b:\/g\/personal\/vinculacion_comunidad_uartes_edu_ec\/EeQtehMMOOZBqzcTJaIWFkcBdVDBE5e27Nq6v-TqSWf0Pw?e=i8GlxU\" target=\"_blank\" rel=\"noreferrer noopener\">Fundaci\u00f3n Emma Rivera<\/a><\/td><td>Privada<\/td><td>Marco<\/td><td>2 a\u00f1os<\/td><td>2021.05.05<\/td><td>2023.05.05<\/td><\/tr><tr><td><a href=\"https:\/\/uartesec-my.sharepoint.com\/:b:\/g\/personal\/vinculacion_comunidad_uartes_edu_ec\/EUUNMTbAfmxPiIXmtsGa60gBOBQJl-yloGMHmIjIgSnAIw?e=Q6ODWx\" target=\"_blank\" rel=\"noreferrer noopener\">Comit\u00e9 Permanente por la Defensa de los Derechos Humanos (CDH)<\/a><\/td><td>Privada<\/td><td>Marco<\/td><td>2 a\u00f1os<\/td><td>2021.06.19<\/td><td>2023.06.19<\/td><\/tr><tr><td><a href=\"https:\/\/uartesec-my.sharepoint.com\/:b:\/g\/personal\/vinculacion_comunidad_uartes_edu_ec\/ERh9XPySK09ArOm-16-GNpsB8U979mo2GMyAym_Ia4EDWQ?e=nk6A0f\" target=\"_blank\" rel=\"noreferrer noopener\">Fundaci\u00f3n S\u00e1nchez Aguilar<\/a><\/td><td>Privada<\/td><td>Marco<\/td><td>3 a\u00f1os<\/td><td>2021.06.22<\/td><td>2024.03.31<\/td><\/tr><tr><td><a href=\"https:\/\/uartesec-my.sharepoint.com\/:b:\/g\/personal\/vinculacion_comunidad_uartes_edu_ec\/EZpWahG12YBGuH3q_GjXhlcBP44DBtyTQSztjb8grI4GgA?e=v6nSeq\" target=\"_blank\" rel=\"noreferrer noopener\">Casa de la Cultura Ecuatoriana N\u00facleo de Tungurahua<\/a><\/td><td>P\u00fablica<\/td><td>Marco<\/td><td>4 a\u00f1os<\/td><td>2021.07.12<\/td><td>2025.07.12<\/td><\/tr><tr><td><a href=\"https:\/\/uartesec-my.sharepoint.com\/:b:\/g\/personal\/vinculacion_comunidad_uartes_edu_ec\/ESDzszQ1CD9FikxzKpJy0isB5rzY-ycc0VA7FK9uQcMFGg?e=Ck99dC\" target=\"_blank\" rel=\"noreferrer noopener\">Casa de la Cultura Ecuatoriana N\u00facleo de Manab\u00ed<\/a><\/td><td>P\u00fablica<\/td><td>Marco<\/td><td>4 a\u00f1os<\/td><td>2021.07.20<\/td><td>2026.07.20<\/td><\/tr><tr><td><a href=\"https:\/\/uartesec-my.sharepoint.com\/:b:\/g\/personal\/vinculacion_comunidad_uartes_edu_ec\/EXSGaP5qaZpJoHiuCi2QtsEBY2zqQotzRxANICrIa59DUg?e=QicGto\" target=\"_blank\" rel=\"noreferrer noopener\">Universidad Polit\u00e9cnica Salesiana (UPS)<\/a><\/td><td>Privada<\/td><td>Marco<\/td><td>3 a\u00f1os<\/td><td>2021.07.22<\/td><td>2024.07.22<\/td><\/tr><tr><td><a href=\"https:\/\/uartesec-my.sharepoint.com\/:b:\/g\/personal\/vinculacion_comunidad_uartes_edu_ec\/EaHIlF2HvoBAhy6zZjwKhZMBVbPBbdmfY3VdIzgz8HMnOQ?e=eDFens\" target=\"_blank\" rel=\"noreferrer noopener\">Instituto Superior Tecnol\u00f3gico Guayaquil (ISTG)<\/a><\/td><td>P\u00fablica<\/td><td>Marco<\/td><td>2 a\u00f1os<\/td><td>2021.07.30<\/td><td>2023.07.30<\/td><\/tr><tr><td><a href=\"https:\/\/uartesec-my.sharepoint.com\/:b:\/g\/personal\/vinculacion_comunidad_uartes_edu_ec\/EQQpG6yOv_lHiQ668ms76qMBE9I7pkXZaUsI1xjkyKFN1Q?e=u2eM6b\" target=\"_blank\" rel=\"noreferrer noopener\">GAD Municipal de Dur\u00e1n<\/a><\/td><td>P\u00fablica<\/td><td>Marco<\/td><td>2 a\u00f1os<\/td><td>2021.08.06<\/td><td>2023.08.06<\/td><\/tr><tr><td><a href=\"https:\/\/uartesec-my.sharepoint.com\/:b:\/g\/personal\/vinculacion_comunidad_uartes_edu_ec\/EbdhZ0mgNYRAg9qjRef20f4BM0QueFy2-Tw0qIeki6aIkA?e=9ejyPH\" target=\"_blank\" rel=\"noreferrer noopener\">Instituto Nacional de Investigaci\u00f3n en Salud P\u00fablica (INSPI)<\/a><\/td><td>P\u00fablica<\/td><td>Marco<\/td><td>5 a\u00f1os<\/td><td>2021.08.27<\/td><td>2026.08.27<\/td><\/tr><tr><td><a href=\"https:\/\/uartesec-my.sharepoint.com\/:b:\/g\/personal\/vinculacion_comunidad_uartes_edu_ec\/EfqfRTolUEZAsONKX4Bp-8MBGLHoV_UBXypOcXw5U32H0w?e=56zw9f\" target=\"_blank\" rel=\"noreferrer noopener\">Universidad Estatal de Guayaquil (UG)<\/a><\/td><td>P\u00fablica<\/td><td>Marco<\/td><td>5 a\u00f1os<\/td><td>2021.08.31<\/td><td>2026.08.31<\/td><\/tr><tr><td><a href=\"https:\/\/uartesec-my.sharepoint.com\/:b:\/g\/personal\/vinculacion_comunidad_uartes_edu_ec\/EXAoz_5LPApKs3BI_nGRBgwB6CCGZI7q7G1_VwRrRl9tGg?e=rveiuN\" target=\"_blank\" rel=\"noreferrer noopener\">Misi\u00f3n Alianza de Noruega en Ecuador (MANE)<\/a><\/td><td>Privada<\/td><td>Marco<\/td><td>4 a\u00f1os<\/td><td>2021.09.10<\/td><td>2025.09.10<\/td><\/tr><tr><td><a href=\"https:\/\/uartesec-my.sharepoint.com\/:b:\/g\/personal\/vinculacion_comunidad_uartes_edu_ec\/EYZfZrxO2UdFg27i3XarHEoBP4d7P0NUh2U19dN6T-BCuw?e=Jgboxh\" target=\"_blank\" rel=\"noreferrer noopener\">Ministerio de Cultura y Patrimonio (MCYP) &#8211; Validaci\u00f3n de Trayectoria Art\u00edstica<\/a><\/td><td>P\u00fablica<\/td><td>Espec\u00edfico<\/td><td>1 a\u00f1o<\/td><td>2021.09.14<\/td><td>2022.09.14<\/td><\/tr><tr><td><a href=\"https:\/\/uartesec-my.sharepoint.com\/:b:\/g\/personal\/vinculacion_comunidad_uartes_edu_ec\/EczI9YZr_UFHi5vtB7JxQ7QBQo49qz0y5dzCWCQiARhCXg?e=ordubc\" target=\"_blank\" rel=\"noreferrer noopener\">Red de Bibliotecas de Universidades y Escuelas Polit\u00e9cnicas (REBUEP) &#8211; Adhesi\u00f3n<\/a><\/td><td>P\u00fablica<\/td><td>Espec\u00edfico<\/td><td>Indefinido<\/td><td>2021.09.23<\/td><td>Indefinido<\/td><\/tr><tr><td><a href=\"https:\/\/uartesec-my.sharepoint.com\/:b:\/g\/personal\/vinculacion_comunidad_uartes_edu_ec\/Ea6YmnIt6aBHt8hamRJJaYUBkcla28q0g_kgfzKAiPtn2A?e=hOnfDk\" target=\"_blank\" rel=\"noreferrer noopener\">GAD Municipal de Azogues<\/a><\/td><td>P\u00fablica<\/td><td>Marco<\/td><td>2 a\u00f1os<\/td><td>2021.09.24<\/td><td>2023.09.24<\/td><\/tr><tr><td><a href=\"https:\/\/uartesec-my.sharepoint.com\/:b:\/g\/personal\/vinculacion_comunidad_uartes_edu_ec\/EW0nluIYvptFkjm_mUDWcoUBKPQgLlOUiFq79pPMW9RsJw?e=G0gRgk\" v=\"\">GAD Municipal de Azogues &#8211; Pr\u00e1cticas<\/a><\/td><td>P\u00fablica<\/td><td>Espec\u00edfico<\/td><td>2 a\u00f1os<\/td><td>2021.09.24<\/td><td>2023.09.24<\/td><\/tr><tr><td><a href=\"https:\/\/uartesec-my.sharepoint.com\/:b:\/g\/personal\/vinculacion_comunidad_uartes_edu_ec\/Ee8GAHV_b-hHq0bzfMRg0_0BxYQjsiea6rIr-Vmzdif_wg?e=vLEOwU\" target=\"_blank\" rel=\"noreferrer noopener\">Consejo de Participaci\u00f3n Ciudadana y Control Social (CPCCS)<\/a><\/td><td>P\u00fablica<\/td><td>Marco<\/td><td>4 a\u00f1os<\/td><td>2021.09.27<\/td><td>2025.09.27<\/td><\/tr><tr><td><a href=\"https:\/\/uartesec-my.sharepoint.com\/:b:\/g\/personal\/vinculacion_comunidad_uartes_edu_ec\/Ecy1m1OQZa9Nv2TYmMT0ao4BT9z8Y0mHkQCNeatgp-3ocw?e=piaSUJ\" target=\"_blank\" rel=\"noreferrer noopener\">Hermandad de Ferroviarios Jubilados de Dur\u00e1n (HFJ)<\/a><\/td><td>Privada<\/td><td>Marco<\/td><td>4 a\u00f1os<\/td><td>2021.10.12<\/td><td>2025.10.12<\/td><\/tr><tr><td><a href=\"https:\/\/uartesec-my.sharepoint.com\/:b:\/g\/personal\/vinculacion_comunidad_uartes_edu_ec\/ESasYW-buz1Mu00SAd4lwvwBu6zawOPm2cXqnq2vzgZc2g?e=al68ug\" target=\"_blank\" rel=\"noreferrer noopener\">Universidad Casa Grande (UCG)<\/a><\/td><td>P\u00fablica<\/td><td>Marco<\/td><td>5 a\u00f1os<\/td><td>2021.10.25<\/td><td>2026.10.25<\/td><\/tr><tr><td><a href=\"https:\/\/uartesec-my.sharepoint.com\/:b:\/g\/personal\/vinculacion_comunidad_uartes_edu_ec\/EcvU-d6EpNRAt7rsoLpONT4Blqevb4tmrv7KOZKzZVqiKg?e=ic9Ldh\" target=\"_blank\" rel=\"noreferrer noopener\">Fundaci\u00f3n Vueltas y Fundaci\u00f3n Unidos por la Educaci\u00f3n<\/a><\/td><td>Privada<\/td><td>Marco<\/td><td>4 a\u00f1os<\/td><td>2021.11.05<\/td><td>2025.11.05<\/td><\/tr><tr><td><a href=\"https:\/\/uartesec-my.sharepoint.com\/:b:\/g\/personal\/vinculacion_comunidad_uartes_edu_ec\/ET0CGBDSfJFKttUgvNOu9LkBT1EVce3QCZoZogVTdZcc4Q?e=kozQcT\" target=\"_blank\" rel=\"noreferrer noopener\">Fundaci\u00f3n Vueltas y Fundaci\u00f3n Unidos por la Educaci\u00f3n &#8211; Pr\u00e1cticas<\/a><\/td><td>Privada<\/td><td>Espec\u00edfico<\/td><td>4 a\u00f1os<\/td><td>2021.11.05<\/td><td>2025.11.05<\/td><\/tr><tr><td><a href=\"https:\/\/uartesec-my.sharepoint.com\/:b:\/g\/personal\/vinculacion_comunidad_uartes_edu_ec\/EQEQfJ9dgEVLlNWgocMq-VYBWxAY2K3dUWyCNvh7idKUQA?e=osoL4e\" target=\"_blank\" rel=\"noreferrer noopener\">Universidad Nacional de Educaci\u00f3n (UNAE) &#8211; Renovaci\u00f3n<\/a><\/td><td>P\u00fablica<\/td><td>Marco<\/td><td>5 a\u00f1os<\/td><td>2021.11.11<\/td><td>2026.11.11<\/td><\/tr><tr><td><a href=\"https:\/\/uartesec-my.sharepoint.com\/:b:\/g\/personal\/vinculacion_comunidad_uartes_edu_ec\/EebF5QEyEQxIun8AsrVNjhsB3ucGCC_DxcMhZMDVtTcSPg?e=vNwWL8\" target=\"_blank\" rel=\"noreferrer noopener\">Fondo de Cultura Econ\u00f3mica (FCE) &#8211; Fondo Editorial<\/a><\/td><td>Privada<\/td><td>Espec\u00edfico<\/td><td>3 a\u00f1os<\/td><td>2021.12.10<\/td><td>2024.12.10<\/td><\/tr><\/tbody><\/table><\/figure>\n<\/div><\/div>\n\n\n\n<div class=\"wp-block-getwid-tabs__nav-link\"><h4 class=\"wp-block-getwid-tabs__title-wrapper\"><a href=\"#\"><span class=\"wp-block-getwid-tabs__title\">2020<\/span><\/a><\/h4><\/div><div class=\"wp-block-getwid-tabs__tab-content-wrapper\"><div class=\"wp-block-getwid-tabs__tab-content\">\n<figure class=\"wp-block-table is-style-stripes\"><table><thead><tr><th><strong>NOMBRE DE LA INSTITUCI\u00d3N<\/strong><\/th><th><strong>TIPO DE INSTITUCI\u00d3N<\/strong><\/th><th><strong>TIPO DE CONVENIO<\/strong><\/th><th><strong>PLAZO<\/strong><\/th><th><strong>FECHA DE FIRMA<\/strong><\/th><th><strong>FECHA DE CIERRE<\/strong><\/th><\/tr><\/thead><tbody><tr><td><a href=\"https:\/\/uartesec-my.sharepoint.com\/:b:\/g\/personal\/vinculacion_comunidad_uartes_edu_ec\/EbgX7KUOm-ZHrwX1NMIiY7IBa-h3i0Lz6mfqLAg9XrVEhQ?e=4mAt3e\" target=\"_blank\" rel=\"noreferrer noopener\">Fundaci\u00f3n Sensorial<\/a><\/td><td>Privada<\/td><td>Marco<\/td><td>2 a\u00f1os<\/td><td>2020.01.22<\/td><td>2022.01.22<\/td><\/tr><tr><td><a href=\"https:\/\/uartesec-my.sharepoint.com\/:b:\/g\/personal\/vinculacion_comunidad_uartes_edu_ec\/Ea8zfbg7ojFPr_WmqPQW71sBt-InhMs5-6UZpsUxbZixYw?e=RjE1Ci\" target=\"_blank\" rel=\"noreferrer noopener\">Fundaci\u00f3n S\u00e1nchez Aguilar<\/a><\/td><td>Privada<\/td><td>Marco<\/td><td>3 a\u00f1os<\/td><td>2020.01.31<\/td><td>2023.01.31<\/td><\/tr><tr><td><a href=\"https:\/\/uartesec-my.sharepoint.com\/:b:\/g\/personal\/vinculacion_comunidad_uartes_edu_ec\/Ea8zfbg7ojFPr_WmqPQW71sBt-InhMs5-6UZpsUxbZixYw?e=RjE1Ci\" target=\"_blank\" rel=\"noreferrer noopener\">Organizaci\u00f3n HIAS<\/a><\/td><td>Privada<\/td><td>Marco<\/td><td>4 a\u00f1os<\/td><td>2020.02.17<\/td><td>2024.02.17<\/td><\/tr><tr><td><a href=\"https:\/\/uartesec-my.sharepoint.com\/:b:\/g\/personal\/vinculacion_comunidad_uartes_edu_ec\/ER42VVvSQMdJkBNTmJiNmdQBUFz-rMT-9V7r-7H89wGRtQ?e=fjmIdN\" target=\"_blank\" rel=\"noreferrer noopener\">Universidad Polit\u00e9cnica Estatal de Carchi (UPEC)<\/a><\/td><td>P\u00fablica<\/td><td>Marco<\/td><td>5 a\u00f1os<\/td><td>2020.11.11<\/td><td>2025.11.11<\/td><\/tr><tr><td><a href=\"https:\/\/uartesec-my.sharepoint.com\/:b:\/g\/personal\/vinculacion_comunidad_uartes_edu_ec\/EQTz0TFSpJRGkn8-SFfk-CUBe0eYAfegUmJCCmgng0372w?e=2gVzs0\" target=\"_blank\" rel=\"noreferrer noopener\">Comuna Ol\u00f3n<\/a><\/td><td>Privada<\/td><td>Marco<\/td><td>3 a\u00f1os<\/td><td>2020.11.28<\/td><td>2023.11.28<\/td><\/tr><\/tbody><\/table><\/figure>\n<\/div><\/div>\n\n\n\n<div class=\"wp-block-getwid-tabs__nav-link\"><h4 class=\"wp-block-getwid-tabs__title-wrapper\"><a href=\"#\"><span class=\"wp-block-getwid-tabs__title\">2019<\/span><\/a><\/h4><\/div><div class=\"wp-block-getwid-tabs__tab-content-wrapper\"><div class=\"wp-block-getwid-tabs__tab-content\">\n<figure class=\"wp-block-table is-style-stripes\"><table><thead><tr><th><strong>NOMBRE DE LA INSTITUCI\u00d3N<\/strong><\/th><th><strong>TIPO DE INSTITUCI\u00d3N<\/strong><\/th><th><strong>TIPO DE CONVENIO<\/strong><\/th><th><strong>PLAZO<\/strong><\/th><th><strong>FECHA DE FIRMA<\/strong><\/th><th><strong>FECHA DE CIERRE<\/strong><\/th><\/tr><\/thead><tbody><tr><td><a href=\"https:\/\/uartesec-my.sharepoint.com\/:b:\/g\/personal\/vinculacion_comunidad_uartes_edu_ec\/Ed9DvfJRETJLsznT2KIaIQQBY0izjQz6ptPrKMkP9y53Tw?e=7Syvmj\" target=\"_blank\" rel=\"noreferrer noopener\">Instituto de Altos Estudios Nacionales (IAEN)<\/a><\/td><td>P\u00fablica<\/td><td>Marco<\/td><td>5 a\u00f1os<\/td><td>2019.02.08<\/td><td>2024.02.08<\/td><\/tr><tr><td><a href=\"https:\/\/uartesec-my.sharepoint.com\/:b:\/g\/personal\/vinculacion_comunidad_uartes_edu_ec\/EQ3ThW_sdIdDgypGRjpcetEBfnBWr7D_28sI6GBaELOGLA?e=l1uAD0\" target=\"_blank\" rel=\"noreferrer noopener\">Centro Ecuatoriano Norteamericano (CEN)<\/a><\/td><td>Privada<\/td><td>Marco<\/td><td>2 a\u00f1os<\/td><td>2019.03.20<\/td><td>2021.03.20<\/td><\/tr><tr><td><a href=\"https:\/\/uartesec-my.sharepoint.com\/:b:\/g\/personal\/vinculacion_comunidad_uartes_edu_ec\/EUBWmGR8SplJg_R-XHbh4SkBJZ_MbZD2rWN1Aw9sBT2S5w?e=l2qNEb\" target=\"_blank\" rel=\"noreferrer noopener\">Unidad Educativa \u201cFuturos Navegantes\u201d<\/a><\/td><td>Privada<\/td><td>Espec\u00edfico<\/td><td>1 a\u00f1o<\/td><td>2019.04.01<\/td><td>2020.04.01<\/td><\/tr><tr><td><a href=\"https:\/\/uartesec-my.sharepoint.com\/:b:\/g\/personal\/vinculacion_comunidad_uartes_edu_ec\/ERt0y4cfIL1KtgSr9S5uzHQBVF_YsGc3kPiLvs3iI6lw-g?e=iPNn42\" target=\"_blank\" rel=\"noreferrer noopener\">Casa de la Cultura N\u00facleo de Gal\u00e1pagos<\/a><\/td><td>P\u00fablica<\/td><td>Marco<\/td><td>4 a\u00f1os<\/td><td>2019.04.04<\/td><td>2023.04.04<\/td><\/tr><tr><td><a href=\"https:\/\/uartesec-my.sharepoint.com\/:b:\/g\/personal\/vinculacion_comunidad_uartes_edu_ec\/EbIsEu5bjHpMlxl8KUG60ckBqi3aTlGkWzHZDc2kqUuUfg?e=VEvkeG\" target=\"_blank\" rel=\"noreferrer noopener\">Centro Ecuatoriano de Promoci\u00f3n y Acci\u00f3n de la Mujer (CEPAM) Guayaquil<\/a><\/td><td>Privada<\/td><td>Marco<\/td><td>5 a\u00f1os<\/td><td>2019.04.17<\/td><td>2024.04.17<\/td><\/tr><tr><td><a href=\"https:\/\/uartesec-my.sharepoint.com\/:b:\/g\/personal\/vinculacion_comunidad_uartes_edu_ec\/EWtGgulamJFOl0u8gaFk9akBFhguoSFBLgXIbPlAZtJREA?e=cPJIHB\" target=\"_blank\" rel=\"noreferrer noopener\">Fundaci\u00f3n Proyecto Salesiano Guayaquil<\/a><\/td><td>Privada<\/td><td>Marco<\/td><td>2 a\u00f1os<\/td><td>2019.05.09<\/td><td>2021.05.09<\/td><\/tr><tr><td><a href=\"https:\/\/uartesec-my.sharepoint.com\/:b:\/g\/personal\/vinculacion_comunidad_uartes_edu_ec\/EeTC-9q6H4BMrg6asGo45c4BBXmg1mGvXu0mMeSDpyLLEA?e=fmVHm1\" target=\"_blank\" rel=\"noreferrer noopener\">Inka Burger<\/a><\/td><td>Privada<\/td><td>Espec\u00edfico<\/td><td>2 a\u00f1os<\/td><td>2019.05.13<\/td><td>2021.05.13<\/td><\/tr><tr><td><a href=\"https:\/\/uartesec-my.sharepoint.com\/:b:\/g\/personal\/vinculacion_comunidad_uartes_edu_ec\/EcFXxBccoUZBgeHeAdbdx3YB8ztjTGNdqzvR2FPT_1gipw?e=I8LQ0e\" target=\"_blank\" rel=\"noreferrer noopener\">Instituto Superior Tecnol\u00f3gico Sim\u00f3n Bol\u00edvar (ISTSB)<\/a><\/td><td>P\u00fablica<\/td><td>Espec\u00edfico<\/td><td>1 a\u00f1o<\/td><td>2019.05.17<\/td><td>2020.05.17<\/td><\/tr><tr><td><a href=\"https:\/\/uartesec-my.sharepoint.com\/:b:\/g\/personal\/vinculacion_comunidad_uartes_edu_ec\/EbE23l8l5ZxPjmB8lkRmAHEBacJhmXCGvtNr9qycEhVoTw?e=4ibJ8m\" target=\"_blank\" rel=\"noreferrer noopener\">Corporaci\u00f3n Zona Escena (Fragmentos de Junio XVII)<\/a><\/td><td>Privada<\/td><td>Espec\u00edfico<\/td><td>2 meses<\/td><td>2019.05.28<\/td><td>2020.07.28<\/td><\/tr><tr><td><a href=\"https:\/\/uartesec-my.sharepoint.com\/:f:\/g\/personal\/ronny_ramos_uartes_edu_ec\/Eg2C7onScTJMqmfRG9fNDHkBhIHNm-38AndUP9JApBVa7Q?e=Xo4SLQ\" target=\"_blank\" rel=\"noreferrer noopener\">Universidad Cat\u00f3lica de Santiago de Guayaquil (UCSG) &#8211; Pr\u00e1cticas<\/a><\/td><td>Privada<\/td><td>Espec\u00edfico<\/td><td>Indefinido<\/td><td>2019.06.04<\/td><td>Indefinido<\/td><\/tr><tr><td><a href=\"https:\/\/uartesec-my.sharepoint.com\/:b:\/g\/personal\/vinculacion_comunidad_uartes_edu_ec\/ESkqFEcR-oFDuK-Zs2Icu8sB7thjWDY6MzkXUd2uQ3ogzQ?e=wv14Sw\" target=\"_blank\" rel=\"noreferrer noopener\">Instituto Superior Tecnol\u00f3gico Bolivariano de Tecnolog\u00eda (ITB)<\/a><\/td><td>Privada<\/td><td>Marco<\/td><td>5 a\u00f1os<\/td><td>2019.06.14<\/td><td>2024.06.14<\/td><\/tr><tr><td><a href=\"https:\/\/uartesec-my.sharepoint.com\/:b:\/g\/personal\/vinculacion_comunidad_uartes_edu_ec\/ETJH2AMd8c5EvzE4Vj0CEtgBG1tBYm1rXbPURcrmOv_fLg?e=TNB2dE\" target=\"_blank\" rel=\"noreferrer noopener\">Escuela Superior Polit\u00e9cnica del Litoral (ESPOL)<\/a><\/td><td>P\u00fablica<\/td><td>Marco<\/td><td>5 a\u00f1os<\/td><td>2019.06.17<\/td><td>2024.06.17<\/td><\/tr><tr><td><a href=\"https:\/\/uartesec-my.sharepoint.com\/:b:\/g\/personal\/vinculacion_comunidad_uartes_edu_ec\/EQ2DcWAqPP1CnI8fYMpZfNAB-AI1CI8Av_t3J8qN4j8zrw?e=sGJemu\" target=\"_blank\" rel=\"noreferrer noopener\">GAD Municipal de San Crist\u00f3bal<\/a><\/td><td>P\u00fablica<\/td><td>Marco<\/td><td>5 a\u00f1os<\/td><td>2019.07.25<\/td><td>2024.07.25<\/td><\/tr><tr><td><a href=\"https:\/\/uartesec-my.sharepoint.com\/:b:\/g\/personal\/vinculacion_comunidad_uartes_edu_ec\/EdlPRgj5SLpFuWXeAP10IbMBeM-ZNo8MkBlzMTU0-LGceQ?e=gvCRbk\" target=\"_blank\" rel=\"noreferrer noopener\">Fundaci\u00f3n Alternativas Latinoamericanas de Desarrollo Humano y Estudios Antropol\u00f3gicos (ALDHEA)<\/a><\/td><td>Privada<\/td><td>Marco<\/td><td>2 a\u00f1os<\/td><td>2019.08.12<\/td><td>2021.08.12<\/td><\/tr><tr><td><a href=\"https:\/\/uartesec-my.sharepoint.com\/:b:\/g\/personal\/vinculacion_comunidad_uartes_edu_ec\/EfovwvEp7HZAioFV-49h3AEBUozhXhmJeDCw2rLcnkzSuA?e=PtI1Zx\" target=\"_blank\" rel=\"noreferrer noopener\">Ministerio de Educaci\u00f3n (MINIEDUC)<\/a><\/td><td>P\u00fablica<\/td><td>Marco<\/td><td>5 a\u00f1os<\/td><td>2019.10.22<\/td><td>2024.10.22<\/td><\/tr><tr><td><a href=\"https:\/\/uartesec-my.sharepoint.com\/:b:\/g\/personal\/vinculacion_comunidad_uartes_edu_ec\/EaL3lg7-vOFAihaBodN_Mu0BaCtmgaCf9IWLWRfJJ0odwQ?e=s6twJ5\" target=\"_blank\" rel=\"noreferrer noopener\">Ministerio de Cultura y Patrimonio (MCYP)<\/a><\/td><td>P\u00fablica<\/td><td>Marco<\/td><td>5 a\u00f1os<\/td><td>2019.10.30<\/td><td>2024.10.30<\/td><\/tr><tr><td><a href=\"https:\/\/uartesec-my.sharepoint.com\/:b:\/g\/personal\/vinculacion_comunidad_uartes_edu_ec\/ESoPQZNX4s9Ap8K4AlEvCKQBQpDSRcanngqn8SPG2E50fw?e=5zDjuK\" target=\"_blank\" rel=\"noreferrer noopener\">Casa de la Cultura N\u00facleo del Azuay<\/a><\/td><td>P\u00fablica<\/td><td>Marco<\/td><td>2 a\u00f1os<\/td><td>2019.11.06<\/td><td>2021.11.06<\/td><\/tr><tr><td><a href=\"https:\/\/uartesec-my.sharepoint.com\/:b:\/g\/personal\/vinculacion_comunidad_uartes_edu_ec\/EYNlX1O-QA9CtQchPAFzafABLRV1cVb-LnRLsk4oEBozqQ?e=VRHR5G\" target=\"_blank\" rel=\"noreferrer noopener\">GAD Municipal de Portoviejo<\/a><\/td><td>P\u00fablica<\/td><td>Marco<\/td><td>5 a\u00f1os<\/td><td>2019.11.26<\/td><td>2024.11.26<\/td><\/tr><tr><td><a href=\"https:\/\/uartesec-my.sharepoint.com\/:b:\/g\/personal\/vinculacion_comunidad_uartes_edu_ec\/Edu8bwVcZ1tDszEmvcpZxeoBER-Bg3Cx-MMKqV9vFi14qA?e=eyKFCc\" target=\"_blank\" rel=\"noreferrer noopener\">Empresa P\u00fablica Municipal para la gesti\u00f3n de la innovaci\u00f3n y la competitividad (\u00c9PICO)<\/a><\/td><td>P\u00fablica<\/td><td>Marco<\/td><td>3 a\u00f1os<\/td><td>2019.12.17<\/td><td>2022.12.17<\/td><\/tr><\/tbody><\/table><\/figure>\n<\/div><\/div>\n\n\n\n<div class=\"wp-block-getwid-tabs__nav-link\"><h4 class=\"wp-block-getwid-tabs__title-wrapper\"><a href=\"#\"><span class=\"wp-block-getwid-tabs__title\">2018<\/span><\/a><\/h4><\/div><div class=\"wp-block-getwid-tabs__tab-content-wrapper\"><div class=\"wp-block-getwid-tabs__tab-content\">\n<figure class=\"wp-block-table is-style-stripes\"><table><thead><tr><th><strong>NOMBRE DE LA INSTITUCI\u00d3N<\/strong><\/th><th><strong>TIPO DE INSTITUCI\u00d3N<\/strong><\/th><th><strong>TIPO DE CONVENIO<\/strong><\/th><th>PLAZO<\/th><th><strong>FECHA DE FIRMA<\/strong><\/th><th><strong>FECHA DE CIERRE<\/strong><\/th><\/tr><\/thead><tbody><tr><td><a href=\"https:\/\/uartesec-my.sharepoint.com\/:b:\/g\/personal\/vinculacion_comunidad_uartes_edu_ec\/ET9aJRunOR1NlDzl5W3rVcIBFXWjgmFgY0XDEkH6_Hs_xA?e=gY7TYE\" target=\"_blank\" rel=\"noreferrer noopener\">Universidad Estatal de Milagro (UNEMI)<\/a><\/td><td>P\u00fablica<\/td><td>Marco<\/td><td>2 a\u00f1os<\/td><td>2018.01.16<\/td><td>2020.01.16<\/td><\/tr><tr><td><a href=\"https:\/\/uartesec-my.sharepoint.com\/:b:\/g\/personal\/vinculacion_comunidad_uartes_edu_ec\/EUhw1qReOY5Et41TV6zz-X8BYjyiZWk4oXZCxmrcs5iwyg?e=JSeJuK\" target=\"_blank\" rel=\"noreferrer noopener\">Universidad Estatal de Milagro (UNEMI)<\/a><\/td><td>P\u00fablica<\/td><td>Espec\u00edfico<\/td><td>5 a\u00f1os<\/td><td>2018.01.16<\/td><td>2023.01.16<\/td><\/tr><tr><td><a href=\"https:\/\/uartesec-my.sharepoint.com\/:b:\/g\/personal\/vinculacion_comunidad_uartes_edu_ec\/EeNBrPkqNBNJmlhZXzw8W5oB7YowXZH2JrlsJXOq_W5WJA?e=3SNngr\" target=\"_blank\" rel=\"noreferrer noopener\">UE Fiscal \u201cProvincia del Carchi\u201d &#8211; Pr\u00e1cticas<\/a><\/td><td>P\u00fablica<\/td><td>Espec\u00edfico<\/td><td>3 a\u00f1os<\/td><td>2018.03.14<\/td><td>2021.03.14<\/td><\/tr><tr><td><a href=\"https:\/\/uartesec-my.sharepoint.com\/:b:\/g\/personal\/vinculacion_comunidad_uartes_edu_ec\/Ec5cViQUUx1LknY1LmVECYwB6B4i8nN57X3PvoS3STEC2Q?e=gYGiBc\" target=\"_blank\" rel=\"noreferrer noopener\">Instituto de Fomento a las Artes, Innovaci\u00f3n y Creatividad (IFAIC)<\/a><\/td><td>P\u00fablica<\/td><td>Marco<\/td><td>5 a\u00f1os<\/td><td>2018.03.27<\/td><td>2023.03.27<\/td><\/tr><tr><td><a href=\"https:\/\/uartesec-my.sharepoint.com\/:b:\/g\/personal\/vinculacion_comunidad_uartes_edu_ec\/Ebd-fA-6A0BNpj5KkOzMc4oB4qiym4uqp4-_qRcMzYQhpQ?e=ZfOzZK\" target=\"_blank\" rel=\"noreferrer noopener\">Corporaci\u00f3n Cinememoria &#8211; EDOC17<\/a><\/td><td>Privada<\/td><td>Espec\u00edfico<\/td><td>8 meses<\/td><td>2018.04.26<\/td><td>2018.12.31<\/td><\/tr><tr><td><a href=\"https:\/\/uartesec-my.sharepoint.com\/:b:\/g\/personal\/vinculacion_comunidad_uartes_edu_ec\/EXZ5KI_oJQ5Bq4u5Z0uAuncBzUrQgj64Y_ZuSleqXT6t-w?e=haQa1c\" target=\"_blank\" rel=\"noreferrer noopener\">Secretar\u00eda Nacional de Educaci\u00f3n Superior, Ciencia, Tecnolog\u00eda e Innovaci\u00f3n (SENESCYT) &#8211; Proceso de Nivelaci\u00f3n 2018 Primer Periodo<\/a><\/td><td>P\u00fablica<\/td><td>Espec\u00edfico<\/td><td>Indefinido<\/td><td>2018.04.26<\/td><td>Indefinido<\/td><\/tr><tr><td><a href=\"https:\/\/uartesec-my.sharepoint.com\/:b:\/g\/personal\/vinculacion_comunidad_uartes_edu_ec\/EUQi1wBYn1hPkRPKKz6ThkgBBQqVI5RXRNtfmSxJnKwk_Q?e=wJDOxV\" target=\"_blank\" rel=\"noreferrer noopener\">Fundaci\u00f3n \u201cA Mano Manaba\u201d<\/a><\/td><td>Privada<\/td><td>Marco<\/td><td>5 a\u00f1os<\/td><td>2018.05.28<\/td><td>2023.05.28<\/td><\/tr><tr><td><a href=\"https:\/\/uartesec-my.sharepoint.com\/:b:\/g\/personal\/vinculacion_comunidad_uartes_edu_ec\/EYlH7OJ0KotEmdhQgaycdhYBt9OdIWkORSjltLvZ-Iwbyg?e=KUYGcP\" target=\"_blank\" rel=\"noreferrer noopener\">Corporaci\u00f3n Zona Escena (Fragmentos de Junio XVI)<\/a><\/td><td>Privada<\/td><td>Espec\u00edfico<\/td><td>1 a\u00f1o<\/td><td>2018.06.01<\/td><td>2019.06.01<\/td><\/tr><tr><td><a href=\"https:\/\/uartesec-my.sharepoint.com\/:b:\/g\/personal\/vinculacion_comunidad_uartes_edu_ec\/EbpvFlqQwRVPiBrn29roCCgBHWgEgQ7H7UZmkObfZjlkVA?e=YEJqyq\" target=\"_blank\" rel=\"noreferrer noopener\">Instituto Nacional de Patrimonio Cultural (INPC)<\/a><\/td><td>Privada<\/td><td>Marco<\/td><td>5 a\u00f1os<\/td><td>2018.07.11<\/td><td>2023.07.11<\/td><\/tr><tr><td><a href=\"https:\/\/uartesec-my.sharepoint.com\/:b:\/g\/personal\/vinculacion_comunidad_uartes_edu_ec\/EWnauIP0Xd5Ep4tL8v_BbsQBd4jIvPqpQYYAPX-i8-KHiQ?e=hQ44kj\" target=\"_blank\" rel=\"noreferrer noopener\">Fondo de Cultura Econ\u00f3mica Ecuador<\/a><\/td><td>Privada<\/td><td>Marco<\/td><td>10 a\u00f1os<\/td><td>2018.07.19<\/td><td>2028.07.19<\/td><\/tr><tr><td><a href=\"https:\/\/uartesec-my.sharepoint.com\/:b:\/g\/personal\/vinculacion_comunidad_uartes_edu_ec\/EZvptmGTWmlKnJel8hEcpdMBbBPoxVnMCfBwGYeFspwgRg?e=vJRu5c\" target=\"_blank\" rel=\"noreferrer noopener\">Ministerio de Justicia, Derechos Humanos y Cultos<\/a><\/td><td>P\u00fablica<\/td><td>Marco<\/td><td>5 a\u00f1os<\/td><td>2018.07.20<\/td><td>2023.07.20<\/td><\/tr><tr><td><a href=\"https:\/\/uartesec-my.sharepoint.com\/:b:\/g\/personal\/vinculacion_comunidad_uartes_edu_ec\/ETqwSNI7lstCpp8XZp_izlQBOL0J8ipKzArh6QtarnLfjg?e=j8pH6b\" target=\"_blank\" rel=\"noreferrer noopener\">Mercado Internacional de la Industria Musical<\/a><\/td><td>Privada<\/td><td>Espec\u00edfico<\/td><td>15 d\u00edas<\/td><td>2018.08.16<\/td><td>2018.08.31<\/td><\/tr><tr><td><a href=\"https:\/\/uartesec-my.sharepoint.com\/:b:\/g\/personal\/vinculacion_comunidad_uartes_edu_ec\/EfhdbizXKFJFqYWXTTy9sZwBifINcUmzbLmKUZxyvoTauw?e=z2J6Rg\" target=\"_blank\" rel=\"noreferrer noopener\">Fundaci\u00f3n \u201cHogar de Cristo\u201d<\/a><\/td><td>Privada<\/td><td>Marco<\/td><td>5 a\u00f1os<\/td><td>2018.09.14<\/td><td>2023.09.14<\/td><\/tr><tr><td><a href=\"https:\/\/uartesec-my.sharepoint.com\/:b:\/g\/personal\/vinculacion_comunidad_uartes_edu_ec\/EZ9kM3cHcZRMpXIwDBM6geYBnA1UXG56HA3bDMuZ3unOnA?e=8evyM1\" target=\"_blank\" rel=\"noreferrer noopener\">UE Fiscal del Milenio \u201cDr. Alfredo Ra\u00fal Vera Vera\u201d<\/a><\/td><td>P\u00fablica<\/td><td>Marco<\/td><td>5 a\u00f1os<\/td><td>2018.09.26<\/td><td>2023.09.26<\/td><\/tr><tr><td><a href=\"https:\/\/uartesec-my.sharepoint.com\/:b:\/g\/personal\/vinculacion_comunidad_uartes_edu_ec\/ESZAylzNv2FMod-3AEtY7L8B4LYtKXmfq1xdAnL10_8Yfw?e=dHEXzS\" target=\"_blank\" rel=\"noreferrer noopener\">Secretar\u00eda Nacional de Educaci\u00f3n Superior, Ciencia, Tecnolog\u00eda e Innovaci\u00f3n (SENESCYT) &#8211; Proceso de Nivelaci\u00f3n 2018 Segundo Periodo<\/a><\/td><td>P\u00fablica<\/td><td>Espec\u00edfico<\/td><td>Indefinido<\/td><td>2018.10.03<\/td><td>Indefinido<\/td><\/tr><tr><td><a href=\"https:\/\/uartesec-my.sharepoint.com\/:b:\/g\/personal\/vinculacion_comunidad_uartes_edu_ec\/EYmE76phLeRKk4Uj6fk28jgBWyNsdER3-wnwjZL3sGkJXA?e=8tX8eP\" target=\"_blank\" rel=\"noreferrer noopener\">Ministerio del Trabajo &#8211; Proyecto \u201cMi Primer Empleo\u201d<\/a><\/td><td>P\u00fablica<\/td><td>Espec\u00edfico<\/td><td>3 a\u00f1os<\/td><td>2018.10.15<\/td><td>2021.12.31<\/td><\/tr><tr><td><a href=\"https:\/\/uartesec-my.sharepoint.com\/:b:\/g\/personal\/vinculacion_comunidad_uartes_edu_ec\/ER72F8cV3yNPq9VjBvkwE-IBRWNsJZS6ncG533rfI6wCyA?e=KBb3as\" target=\"_blank\" rel=\"noreferrer noopener\">Red Universitaria HUB58<\/a><\/td><td>Privada<\/td><td>Espec\u00edfico<\/td><td>5 a\u00f1os<\/td><td>2018.10.19<\/td><td>2023.10.19<\/td><\/tr><tr><td><a href=\"https:\/\/uartesec-my.sharepoint.com\/:b:\/g\/personal\/vinculacion_comunidad_uartes_edu_ec\/EZOLpkUjGD1Ast_2VapfAowB4qSH71QAKoHjkLAZ6AchXw?e=cRBM8r\" target=\"_blank\" rel=\"noreferrer noopener\">UE Fiscal \u201cDr. Rafael Garc\u00eda Goyena\u201d &#8211; Pr\u00e1cticas<\/a><\/td><td>P\u00fablica<\/td><td>Espec\u00edfico<\/td><td>3 a\u00f1os<\/td><td>2018.11.12<\/td><td>2021.11.12<\/td><\/tr><tr><td><a href=\"https:\/\/uartesec-my.sharepoint.com\/:b:\/g\/personal\/vinculacion_comunidad_uartes_edu_ec\/EQmsCC1Wx8hFl6C1ZYbCTzcBCIYcdRoccKWDeOj8UOFCxA?e=O3dPit\" target=\"_blank\" rel=\"noreferrer noopener\">UE Particular \u201cMilenium\u201d<\/a><\/td><td>Privada<\/td><td>&nbsp;Marco<\/td><td>3 a\u00f1os<\/td><td>2018.11.14<\/td><td>2021.11.14<\/td><\/tr><tr><td><a href=\"https:\/\/uartesec-my.sharepoint.com\/:b:\/g\/personal\/vinculacion_comunidad_uartes_edu_ec\/EeLe9i0-7ZlAsAs-acsF6rkBOlAh288eX5CR5qpqdx5hzw?e=cOjj4s\" target=\"_blank\" rel=\"noreferrer noopener\">Mu\u00e9gano Teatro &#8211; I Encuentro de Artes Esc\u00e9nicas<\/a><\/td><td>Privada<\/td><td>Marco<\/td><td>8 d\u00edas<\/td><td>2018.11.30<\/td><td>2018.12.07<\/td><\/tr><tr><td><a href=\"https:\/\/uartesec-my.sharepoint.com\/:b:\/g\/personal\/vinculacion_comunidad_uartes_edu_ec\/EWK8AWJpYhJFiUae3_ltdvsBDpsYEnS14ijiug6Auf3FOA?e=Pb9eJ8\" target=\"_blank\" rel=\"noreferrer noopener\">La F\u00e1brica &#8211; I Encuentro de Artes Esc\u00e9nicas<\/a><\/td><td>Privada<\/td><td>Espec\u00edfico<\/td><td>8 d\u00edas<\/td><td>2018.11.30<\/td><td>2018.12.07<\/td><\/tr><tr><td><a href=\"https:\/\/uartesec-my.sharepoint.com\/:b:\/g\/personal\/vinculacion_comunidad_uartes_edu_ec\/EaGfk3wDQ3RJghCWnKXkDvkBYCr-NpJhEbKzE_givdUn7w?e=z9RQup\" target=\"_blank\" rel=\"noreferrer noopener\">UE Particular \u201cInstituto Coello\u201d<\/a><\/td><td>Privada<\/td><td>Marco<\/td><td>3 a\u00f1os<\/td><td>2018.12.11<\/td><td>2021.12.11<\/td><\/tr><tr><td><a href=\"https:\/\/uartesec-my.sharepoint.com\/:b:\/g\/personal\/vinculacion_comunidad_uartes_edu_ec\/EekDZhkZA3lDozCbCLP0vDYBPCxutc0NE_vLJsAQdHkrrw?e=cKYORx\" target=\"_blank\" rel=\"noreferrer noopener\">Universidad Nacional de Loja (UNL)<\/a><\/td><td>P\u00fablica<\/td><td>Marco<\/td><td>5 a\u00f1os<\/td><td>2018.12.17<\/td><td>2023.12.17<\/td><\/tr><tr><td><a href=\"https:\/\/uartesec-my.sharepoint.com\/:b:\/g\/personal\/vinculacion_comunidad_uartes_edu_ec\/EailGPG7AgFBlP9rk9lREYYB5_t0vlT80cfGTBO3iWd_9w?e=uX6dND\" target=\"_blank\" rel=\"noreferrer noopener\">Consejo de Gobierno del R\u00e9gimen Especial de Gal\u00e1pagos (CGREG)<\/a><\/td><td>P\u00fablica<\/td><td>Marco<\/td><td>4 a\u00f1os<\/td><td>2018.12.18<\/td><td>2022.12.18<\/td><\/tr><\/tbody><\/table><\/figure>\n<\/div><\/div>\n\n\n\n<div class=\"wp-block-getwid-tabs__nav-link\"><h4 class=\"wp-block-getwid-tabs__title-wrapper\"><a href=\"#\"><span class=\"wp-block-getwid-tabs__title\">2017<\/span><\/a><\/h4><\/div><div class=\"wp-block-getwid-tabs__tab-content-wrapper\"><div class=\"wp-block-getwid-tabs__tab-content\">\n<figure class=\"wp-block-table is-style-stripes\"><table><thead><tr><th><strong>NOMBRE DE LA INSTITUCI\u00d3N<\/strong><\/th><th><strong>TIPO DE INSTITUCI\u00d3N<\/strong><\/th><th><strong>TIPO DE CONVENIO<\/strong><\/th><th><strong>PLAZO<\/strong><\/th><th><strong>FECHA DE FIRMA<\/strong><\/th><th><strong>FECHA DE CIERRE<\/strong><\/th><\/tr><\/thead><tbody><tr><td><a href=\"https:\/\/uartesec-my.sharepoint.com\/:b:\/g\/personal\/vinculacion_comunidad_uartes_edu_ec\/EZl7DKgRgHROpT0hx8Zo4t4B5IY7x6rWtCQLIMghdVIe9w?e=EjdBAN\" target=\"_blank\" rel=\"noreferrer noopener\">Ministerio de Cultura y Patrimonio (MCYP) &#8211; Uso de instalaciones Ex Colegio Borja (Cuenca)<\/a><\/td><td>P\u00fablica<\/td><td>Espec\u00edfico<\/td><td>Indefinido<\/td><td>2017.05.03<\/td><td>Indefinido<\/td><\/tr><tr><td><a href=\"https:\/\/uartesec-my.sharepoint.com\/:b:\/g\/personal\/vinculacion_comunidad_uartes_edu_ec\/Edl5SqqxbSRAh0qEoxLlG5IB2FfIiK_mrlkCCkPxMcPZDg?e=caMAeh\" target=\"_blank\" rel=\"noreferrer noopener\">Red Ecuatoriana para la Internacionalizaci\u00f3n de la Educaci\u00f3n Superior (REIES) &#8211; Adhesi\u00f3n<\/a><\/td><td>Privada<\/td><td>Espec\u00edfico<\/td><td>Indefinido<\/td><td>2017.05.08<\/td><td>Indefinido<\/td><\/tr><tr><td><a href=\"https:\/\/uartesec-my.sharepoint.com\/:b:\/g\/personal\/vinculacion_comunidad_uartes_edu_ec\/EXVBsJ0DPztPsHej7q95n44BMrVDPCoUrSSzSVhBxH4ARQ?e=Snsppg\" target=\"_blank\" rel=\"noreferrer noopener\">Instituto Iberoamericano del Patrimonio Natural y Cultural (IPANC)<\/a><\/td><td>Privado<\/td><td>Marco<\/td><td>5 a\u00f1os<\/td><td>2017.06.23<\/td><td>2022.06.23<\/td><\/tr><tr><td><a href=\"https:\/\/uartesec-my.sharepoint.com\/:b:\/g\/personal\/vinculacion_comunidad_uartes_edu_ec\/EcbDqCNXqoRKp23X0-kx884BJfChKeq5OgKOgQkzDdlIow?e=GvKkli\" target=\"_blank\" rel=\"noreferrer noopener\">Instituto de Cine y Creaci\u00f3n Audiovisual (ICCA)<\/a><\/td><td>P\u00fabica<\/td><td>Marco<\/td><td>5 a\u00f1os<\/td><td>2017.07.11<\/td><td>2022.07.11<\/td><\/tr><tr><td><a href=\"https:\/\/uartesec-my.sharepoint.com\/:b:\/g\/personal\/vinculacion_comunidad_uartes_edu_ec\/ETe5uxIa20BBrNbsuOc5hicBTeDH1gOnodP-c7UkISGkHw?e=iAqPzM\" target=\"_blank\" rel=\"noreferrer noopener\">Secretar\u00eda T\u00e9cnica de Drogas (SETED) &#8211; Red Nacional de Prevenci\u00f3n Integral del Uso y Consumo de Drogas (Constituci\u00f3n)<\/a><\/td><td>P\u00fablica<\/td><td>Espec\u00edfico<\/td><td>Indefinido<\/td><td>2017.08.21<\/td><td>Indefinido<\/td><\/tr><tr><td><a href=\"https:\/\/uartesec-my.sharepoint.com\/:b:\/g\/personal\/vinculacion_comunidad_uartes_edu_ec\/EYO97WjceWxDo8rq8ab0P0EBgF4duGyMAZXLkgJ3ileLtA?e=ILIPfN\" target=\"_blank\" rel=\"noreferrer noopener\">Xanad\u00fa Films<\/a><\/td><td>Privada<\/td><td>Espec\u00edfico<\/td><td>1 a\u00f1o<\/td><td>2017.09.05<\/td><td>2018.09.05<\/td><\/tr><tr><td><a href=\"https:\/\/uartesec-my.sharepoint.com\/:b:\/g\/personal\/vinculacion_comunidad_uartes_edu_ec\/EYEfEb7uNRpAtjOylxJrBZEBqJ14n_-wHV6vJZsTYQNEsQ?e=ZW9Hly\" target=\"_blank\" rel=\"noreferrer noopener\">GAD Municipal de Santa Elena<\/a><\/td><td>P\u00fablica<\/td><td>Marco<\/td><td>2 a\u00f1os<\/td><td>2017.09.16<\/td><td>2019.09.16<\/td><\/tr><tr><td><a href=\"https:\/\/uartesec-my.sharepoint.com\/:b:\/g\/personal\/vinculacion_comunidad_uartes_edu_ec\/EcoCucjYgOBOroaOlkhJOUcBS41CAesIkOMeWzWaGlZzww?e=u9UIHY\" target=\"_blank\" rel=\"noreferrer noopener\">Secretar\u00eda Nacional de Educaci\u00f3n Superior, Ciencia, Tecnolog\u00eda e Innovaci\u00f3n (SENESCYT) &#8211; Proceso de Nivelaci\u00f3n 2017<\/a><\/td><td>P\u00fablica<\/td><td>Espec\u00edfico<\/td><td>Indefinido<\/td><td>2017.09.25<\/td><td>Indefinido<\/td><\/tr><tr><td><a href=\"https:\/\/uartesec-my.sharepoint.com\/:b:\/g\/personal\/vinculacion_comunidad_uartes_edu_ec\/EUi7fLheV0dGmDV-fWcE3asBpB87c08OmrHripDMAbN3CA?e=hqrBBP\" target=\"_blank\" rel=\"noreferrer noopener\">GAD Municipal de Daule<\/a><\/td><td>P\u00fablica<\/td><td>Marco<\/td><td>2 a\u00f1os<\/td><td>2017.10.17<\/td><td>2019.10.17<\/td><\/tr><tr><td><a href=\"https:\/\/uartesec-my.sharepoint.com\/:b:\/g\/personal\/vinculacion_comunidad_uartes_edu_ec\/Ea4CVAMzPSJOtNbiqxQeDCABEu6_NIQCOu2I1E45SDT3ng?e=8Plnps\" target=\"_blank\" rel=\"noreferrer noopener\">Universidad Nacional de Educaci\u00f3n (UNAE)<\/a><\/td><td>P\u00fablica<\/td><td>Espec\u00edfico<\/td><td>Indefinido<\/td><td>2017.12.15<\/td><td>Indefinido<\/td><\/tr><\/tbody><\/table><\/figure>\n<\/div><\/div>\n\n\n\n<div class=\"wp-block-getwid-tabs__nav-link\"><h4 class=\"wp-block-getwid-tabs__title-wrapper\"><a href=\"#\"><span class=\"wp-block-getwid-tabs__title\">2016<\/span><\/a><\/h4><\/div><div class=\"wp-block-getwid-tabs__tab-content-wrapper\"><div class=\"wp-block-getwid-tabs__tab-content\">\n<figure class=\"wp-block-table is-style-stripes\"><table><thead><tr><th><strong>NOMBRE DE LA INSTITUCI\u00d3N<\/strong><\/th><th><strong>TIPO DE INSTITUCI\u00d3N<\/strong><\/th><th><strong>TIPO DE CONVENIO<\/strong><\/th><th><strong>PLAZO<\/strong><\/th><th><strong>FECHA DE FIRMA<\/strong><\/th><th><strong>FECHA DE CIERRE<\/strong><\/th><\/tr><\/thead><tbody><tr><td><a href=\"https:\/\/uartesec-my.sharepoint.com\/:b:\/g\/personal\/vinculacion_comunidad_uartes_edu_ec\/EZLTec8BZe5Kn6T-tMlPvc0B_wHsUQ12YDVolqFK9jNTGw?e=9wOVa8\" target=\"_blank\" rel=\"noreferrer noopener\">Alianza Francesa de Guayaquil (AFG)<\/a><\/td><td>Privada<\/td><td>Marco<\/td><td>4 a\u00f1os<\/td><td>2016.01.13<\/td><td>2020.01.13<\/td><\/tr><tr><td><a href=\"https:\/\/uartesec-my.sharepoint.com\/:b:\/g\/personal\/vinculacion_comunidad_uartes_edu_ec\/EbQMfbLHwpFJuVIOJXTscHcBiq9ojLoh6eAJFrZoa4HQOA?e=TffF7O\" target=\"_blank\" rel=\"noreferrer noopener\">Orquesta Sinf\u00f3nica de Guayaquil (OSG)<\/a><\/td><td>P\u00fablica<\/td><td>Marco<\/td><td>2 a\u00f1os<\/td><td>2016.02.23<\/td><td>2018.02.23<\/td><\/tr><tr><td><a href=\"https:\/\/uartesec-my.sharepoint.com\/:b:\/g\/personal\/vinculacion_comunidad_uartes_edu_ec\/ETKoomOGAXtAoq-4UB6xNHcB7c4_jXDhazmQ37guYOrgpQ?e=5vJ9l4\" target=\"_blank\" rel=\"noreferrer noopener\">Pontificia Universidad Cat\u00f3lica del Ecuador (PUCE)<\/a><\/td><td>Privada<\/td><td>Marco<\/td><td>5 a\u00f1os<\/td><td>2016.03.03<\/td><td>2021.03.03<\/td><\/tr><tr><td><a href=\"https:\/\/uartesec-my.sharepoint.com\/:b:\/g\/personal\/vinculacion_comunidad_uartes_edu_ec\/EdOsbHw8Qh5Ko24XaYN7_hEB0O9tfQQ4u-gilLNuX8weSQ?e=uOcgGH\" target=\"_blank\" rel=\"noreferrer noopener\">Conjunto Nacional de Danza del Ecuador<\/a><\/td><td>P\u00fablica<\/td><td>Marco<\/td><td>4 a\u00f1os<\/td><td>2016.03.10<\/td><td>2020.03.10<\/td><\/tr><tr><td><a href=\"https:\/\/uartesec-my.sharepoint.com\/:b:\/g\/personal\/vinculacion_comunidad_uartes_edu_ec\/EXc8O6JOC3VLiYRBLsPgYp0Ba0od_fwmbLdV-N9Z_efZYQ?e=CCmAqK\" target=\"_blank\" rel=\"noreferrer noopener\">Ministerio de Cultura y Patrimonio (MCYP) &#8211; Uso de espacios MAAC<\/a><\/td><td>P\u00fablica<\/td><td>Espec\u00edfico<\/td><td>2 a\u00f1os<\/td><td>2016.05.02<\/td><td>2018.05.02<\/td><\/tr><tr><td><a href=\"https:\/\/uartesec-my.sharepoint.com\/:b:\/g\/personal\/vinculacion_comunidad_uartes_edu_ec\/ETIKRm1bR6NEgiN5-1qvlAcB-nKPhXXh2bW-kPzs_NKyQg?e=Yf29MJ\" target=\"_blank\" rel=\"noreferrer noopener\">Corporaci\u00f3n Cinememoria &#8211; EDOC15<\/a><\/td><td>Privada<\/td><td>Espec\u00edfico<\/td><td>7 meses<\/td><td>2016.05.09<\/td><td>2016.12.31<\/td><\/tr><tr><td><a href=\"https:\/\/uartesec-my.sharepoint.com\/:b:\/g\/personal\/vinculacion_comunidad_uartes_edu_ec\/ESqLgvms4NFAj3-DXplzNj0B6Q5ZC3wrcK8iHU_oEgiE3A?e=ib906T\" target=\"_blank\" rel=\"noreferrer noopener\">Instituto Superior Tecnol\u00f3gico de Artes del Ecuador (ITAE) &#8211; Uso de espacios<\/a><\/td><td>P\u00fablica<\/td><td>Espec\u00edfico<\/td><td>Indefinido<\/td><td>2016.05.10<\/td><td>Indefinido<\/td><\/tr><tr><td><a href=\"https:\/\/uartesec-my.sharepoint.com\/:b:\/g\/personal\/vinculacion_comunidad_uartes_edu_ec\/EXyE3Ri7o0hIiIYCB1dV8TMBoSEXQ2DNDFfljMc4EhTjjA?e=eST4vr\" target=\"_blank\" rel=\"noreferrer noopener\">Instituto Superior Tecnol\u00f3gico de Artes del Ecuador (ITAE) &#8211; Adscripci\u00f3n<\/a><\/td><td>P\u00fablica<\/td><td>Espec\u00edfico<\/td><td>Indefinido<\/td><td>2016.05.31<\/td><td>Indefinido<\/td><\/tr><tr><td><a href=\"https:\/\/uartesec-my.sharepoint.com\/:b:\/g\/personal\/vinculacion_comunidad_uartes_edu_ec\/ERqpYprAHuBAoWdkKxmGbY0BGJ2cIjHj5yo6mWqcsPpP0A?e=Vx3Yp0\" target=\"_blank\" rel=\"noreferrer noopener\">Ministerio de Inclusi\u00f3n Econ\u00f3mica y Social (MIES) \u2013 Programa \u201cMisi\u00f3n Le\u00f3nidas Proa\u00f1o\u201d<\/a><\/td><td>P\u00fablica<\/td><td>Espec\u00edfico<\/td><td>4 a\u00f1os<\/td><td>2016.06.14<\/td><td>2020.06.14<\/td><\/tr><tr><td><a href=\"https:\/\/uartesec-my.sharepoint.com\/:b:\/g\/personal\/vinculacion_comunidad_uartes_edu_ec\/ESQSPDBAvKhMvq-FOY7QvTMB_5lBo5GZHmJAzPCv11185g?e=vmy4Qe\" target=\"_blank\" rel=\"noreferrer noopener\">Juan Marcet &#8211; Descuento<\/a><\/td><td>Privada<\/td><td>Espec\u00edfico<\/td><td>1 a\u00f1o<\/td><td>2016.06.29<\/td><td>2017.06.29<\/td><\/tr><tr><td><a href=\"https:\/\/uartesec-my.sharepoint.com\/:b:\/g\/personal\/vinculacion_comunidad_uartes_edu_ec\/EQkBg4z1f4RIkqXRHRw_XhsB3bfau8-vlQH0ibRwDXgfdw?e=rhNR2X\" target=\"_blank\" rel=\"noreferrer noopener\">Ministerio de Coordinaci\u00f3n de Conocimiento y Talento Humano (MCCTH) &#8211; R\u00e9gimen de Transici\u00f3n &#8211; Adenda<\/a><\/td><td>P\u00fablica<\/td><td>Espec\u00edfico<\/td><td>5 meses<\/td><td>2016.07.01<\/td><td>2016.12.31<\/td><\/tr><tr><td><a href=\"https:\/\/uartesec-my.sharepoint.com\/:b:\/g\/personal\/vinculacion_comunidad_uartes_edu_ec\/ERTz7-V2YxNKnn1ZEp4gnt4BpA6-B4fl8XeFKJb2BEdnFg?e=ks3gY4\" target=\"_blank\" rel=\"noreferrer noopener\">Servicio Ecuatoriano de Capacitaci\u00f3n Profesional (SECAP) y Secretar\u00eda Nacional de Educaci\u00f3n Superior, Ciencia, Tecnolog\u00eda e Innovaci\u00f3n (SENESCYT) &#8211; Uso de espacios<\/a><\/td><td>P\u00fablica<\/td><td>Espec\u00edfico<\/td><td>8 meses<\/td><td>2016.08.12<\/td><td>2017.03.31<\/td><\/tr><tr><td><a href=\"https:\/\/uartesec-my.sharepoint.com\/:b:\/g\/personal\/vinculacion_comunidad_uartes_edu_ec\/ESR_u7v8cppMqE9PG1dddmwBW2rpOuTb2XX6xRHFAPD0Yg?e=aPJMBx\" target=\"_blank\" rel=\"noreferrer noopener\">Ministerio de Cultura y Patrimonio (MCYP) &#8211; Edificio La Previsora<\/a><\/td><td>P\u00fablica<\/td><td>Espec\u00edfico<\/td><td>Indefinido<\/td><td>2016.08.22<\/td><td>Indefinido<\/td><\/tr><tr><td><a href=\"https:\/\/uartesec-my.sharepoint.com\/:b:\/g\/personal\/vinculacion_comunidad_uartes_edu_ec\/EXzQ7lZL_glHopIl_AgAQSgBgowrAq8f77scUcDJjD2A6g?e=KeplGB\" target=\"_blank\" rel=\"noreferrer noopener\">Ministerio de Cultura y Patrimonio (MCYP) &#8211; Edificio El Tel\u00e9grafo<\/a><\/td><td>P\u00fablica<\/td><td>Espec\u00edfico<\/td><td>Indefinido<\/td><td>2016.08.22<\/td><td>Indefinido<\/td><\/tr><tr><td><a href=\"https:\/\/uartesec-my.sharepoint.com\/:b:\/g\/personal\/vinculacion_comunidad_uartes_edu_ec\/ESc0NWxebZBEtJK_r61XnnoB-hYOEFS2TYlRtDUi10_l7A?e=2wrQfE\" target=\"_blank\" rel=\"noreferrer noopener\">Ministerio de Cultura y Patrimonio (MCYP) &#8211; Palacio de la Gobernaci\u00f3n<\/a><\/td><td>P\u00fablica<\/td><td>Espec\u00edfico<\/td><td>Indefinido<\/td><td>2016.08.22<\/td><td>Indefinido<\/td><\/tr><tr><td><a href=\"https:\/\/uartesec-my.sharepoint.com\/:b:\/g\/personal\/vinculacion_comunidad_uartes_edu_ec\/ESWGpaNripxMgYpoIzOuHwEBrMnSC7tuU6QXhA3dyVAf0g?e=2MSzeM\" target=\"_blank\" rel=\"noreferrer noopener\">Ministerio de Cultura y Patrimonio (MCYP) &#8211; Palacio de Comunicaciones<\/a><\/td><td>P\u00fablica<\/td><td>Espec\u00edfico<\/td><td>Indefinido<\/td><td>2016.08.22<\/td><td>Indefinido<\/td><\/tr><tr><td><a href=\"https:\/\/uartesec-my.sharepoint.com\/:b:\/g\/personal\/vinculacion_comunidad_uartes_edu_ec\/EciJXsc3IIxPj2Mf8U532CQBtAmjyoeV_fiOIjfO_1WANw?e=VRcATl\" target=\"_blank\" rel=\"noreferrer noopener\">Secretar\u00eda T\u00e9cnica de Drogas<\/a><\/td><td>P\u00fablica<\/td><td>Marco<\/td><td>2 a\u00f1os<\/td><td>2016.08.30<\/td><td>2018.08.30<\/td><\/tr><tr><td><a href=\"https:\/\/uartesec-my.sharepoint.com\/:b:\/g\/personal\/vinculacion_comunidad_uartes_edu_ec\/EVz-G7riqW9Ngnfmo2_kEJEBazjJkiBD5IhPF_P2KYgsdw?e=1nyQgh\" target=\"_blank\" rel=\"noreferrer noopener\">Empresa P\u00fablica de Radio y Televisi\u00f3n del Ecuador (RTVEcuador)<\/a><\/td><td>P\u00fablica<\/td><td>Marco<\/td><td>2 a\u00f1os<\/td><td>2016.09.23<\/td><td>2018.09.23<\/td><\/tr><tr><td><a href=\"https:\/\/uartesec-my.sharepoint.com\/:b:\/g\/personal\/vinculacion_comunidad_uartes_edu_ec\/EfQRFRs4jPRMoPWvnYsrVH8BuMMlKbmB-s_JwUPb4mfWZA?e=aEqUlK\" target=\"_blank\" rel=\"noreferrer noopener\">Ministerio de Cultura y Patrimonio (MCYP) &#8211; Uso de espacios Plaza de Artes y Oficios<\/a><\/td><td>P\u00fablica<\/td><td>Espec\u00edfico<\/td><td>10 a\u00f1os<\/td><td>2016.10.04<\/td><td>2026.10.04<\/td><\/tr><tr><td><a href=\"https:\/\/uartesec-my.sharepoint.com\/:b:\/g\/personal\/vinculacion_comunidad_uartes_edu_ec\/EbhcZsfLoglEqBgxK_JmiKgBSZxNEOO3l8aifKl_FTmuRg?e=skhF2y\" target=\"_blank\" rel=\"noreferrer noopener\">Ministerio de Cultura y Patrimonio (MCYP) &#8211; Edificio Bando de Descuento<\/a><\/td><td>P\u00fablica<\/td><td>Espec\u00edfico<\/td><td>Indefinido<\/td><td>2016.11.07<\/td><td>Indefinido<\/td><\/tr><tr><td><a href=\"https:\/\/uartesec-my.sharepoint.com\/:b:\/g\/personal\/vinculacion_comunidad_uartes_edu_ec\/EWZ5PiUq-JhCktMnWrIVThYBxv3FYpVFpuO8ynfAEze05g?e=i4ckhT\" target=\"_blank\" rel=\"noreferrer noopener\">Ministerio de Cultura y Patrimonio (MCYP) &#8211; Uso de espacios MAAC &#8211; Adenda<\/a><\/td><td>P\u00fablica<\/td><td>Espec\u00edfico<\/td><td>10 a\u00f1os<\/td><td>2016.11.09<\/td><td>2026.11.09<\/td><\/tr><tr><td><a href=\"https:\/\/uartesec-my.sharepoint.com\/:b:\/g\/personal\/vinculacion_comunidad_uartes_edu_ec\/EYTNqhXV8ZNLi6jdP4npczMBFkh09OzOEEA8tqXMJyCFDA?e=DCeqOZ\" target=\"_blank\" rel=\"noreferrer noopener\">Benem\u00e9rita Sociedad Protectora de la Infancia (BSPI)<\/a><\/td><td>Privada<\/td><td>Marco<\/td><td>2 a\u00f1os<\/td><td>2016.11.11<\/td><td>2018.11.11<\/td><\/tr><tr><td><a href=\"https:\/\/uartesec-my.sharepoint.com\/:b:\/g\/personal\/vinculacion_comunidad_uartes_edu_ec\/Eb4MqewDrdpJuplITZY_vogBmndmJw6HI1d6ugtLIpBGYQ?e=9sfIP4\" target=\"_blank\" rel=\"noreferrer noopener\">Universidad Central del Ecuador &#8211; Facultad de Artes<\/a><\/td><td>P\u00fablica<\/td><td>Marco<\/td><td>5 a\u00f1os<\/td><td>2016.11.21<\/td><td>2021.11.21<\/td><\/tr><tr><td><a href=\"https:\/\/uartesec-my.sharepoint.com\/:b:\/g\/personal\/vinculacion_comunidad_uartes_edu_ec\/EZlJjxEU7nRCsjdQ5-8TBQUBawUvjGNI12bVTUHfixvKNg?e=poPCcC\" target=\"_blank\" rel=\"noreferrer noopener\">Yachay Tech, Ikiam, UNAE<\/a><\/td><td>P\u00fablica<\/td><td>Marco<\/td><td>5 a\u00f1os<\/td><td>2016.11.28<\/td><td>2021.11.28<\/td><\/tr><tr><td><a href=\"https:\/\/uartesec-my.sharepoint.com\/:b:\/g\/personal\/vinculacion_comunidad_uartes_edu_ec\/ESEuXZJ6mBNGupF7QH58QtQBUjuD7h_uYuQw5-CoMQUBig?e=PhZDfz\" target=\"_blank\" rel=\"noreferrer noopener\">Secretar\u00eda Nacional de Educaci\u00f3n Superior, Ciencia, Tecnolog\u00eda e Innovaci\u00f3n (SENESCYT) &#8211; Proyecto \u201cBecas Prometeo\u201d<\/a><\/td><td>P\u00fablica<\/td><td>Marco<\/td><td>9 meses<\/td><td>2016.12.01<\/td><td>2017.08.30<\/td><\/tr><tr><td><a href=\"https:\/\/uartesec-my.sharepoint.com\/:b:\/g\/personal\/vinculacion_comunidad_uartes_edu_ec\/EWl4uTl2V29Ft4wrqxYV3RABF6GabteA2hOUTSi9T-kTtg?e=HUrHbf\" target=\"_blank\" rel=\"noreferrer noopener\">Universidad de Cuenca (UCuenca)<\/a><\/td><td>P\u00fablica<\/td><td>Marco<\/td><td>3 a\u00f1os<\/td><td>2016.12.28<\/td><td>2019.12.28<\/td><\/tr><\/tbody><\/table><\/figure>\n<\/div><\/div>\n\n\n\n<div class=\"wp-block-getwid-tabs__nav-link\"><h4 class=\"wp-block-getwid-tabs__title-wrapper\"><a href=\"#\"><span class=\"wp-block-getwid-tabs__title\">2015<\/span><\/a><\/h4><\/div><div class=\"wp-block-getwid-tabs__tab-content-wrapper\"><div class=\"wp-block-getwid-tabs__tab-content\">\n<figure class=\"wp-block-table is-style-stripes\"><table><thead><tr><th><strong>NOMBRE DE LA INSTITUCI\u00d3N<\/strong><\/th><th><strong>TIPO DE INSTITUCI\u00d3N<\/strong><\/th><th><strong>TIPO DE CONVENIO<\/strong><\/th><th><strong>PLAZO<\/strong><\/th><th><strong>FECHA DE FIRMA<\/strong><\/th><th><strong>FECHA DE CIERRE<\/strong><\/th><\/tr><\/thead><tbody><tr><td><a href=\"https:\/\/uartesec-my.sharepoint.com\/:b:\/g\/personal\/vinculacion_comunidad_uartes_edu_ec\/EXECMeaykjBGjNDZkMbCmygBeO7wrUTcJJ--onyvWIbd4g?e=EkB8QS\" target=\"_blank\" rel=\"noreferrer noopener\">Ministerio de Coordinaci\u00f3n de Conocimiento y Talento Humano (MCCTH) &#8211; R\u00e9gimen de Transici\u00f3n<\/a><\/td><td>P\u00fablica<\/td><td>Espec\u00edfico<\/td><td>2 meses<\/td><td>2015.03.02<\/td><td>2015.05.02<\/td><\/tr><tr><td><a href=\"https:\/\/uartesec-my.sharepoint.com\/:b:\/g\/personal\/vinculacion_comunidad_uartes_edu_ec\/ETSQO56NRsBJrrWiJ1tejm8BTZFiGb2oI1-FZMiFu1tU5A?e=GYYH4N\" target=\"_blank\" rel=\"noreferrer noopener\">Ministerio de Coordinaci\u00f3n de Conocimiento y Talento Humano (MCCTH) y Ministerio de Cultura y Patrimonio (MCYP)<\/a><\/td><td>P\u00fablica<\/td><td>Espec\u00edfico<\/td><td>10 meses<\/td><td>2015.03.04<\/td><td>2015.12.31<\/td><\/tr><tr><td><a href=\"https:\/\/uartesec-my.sharepoint.com\/:b:\/g\/personal\/vinculacion_comunidad_uartes_edu_ec\/ES4qEvTLsnhLrLP61kUPg-ABWf4WJlig6T5ETFhGFJ2-XQ?e=palHsj\" target=\"_blank\" rel=\"noreferrer noopener\">Ministerio de Coordinaci\u00f3n de Conocimiento y Talento Humano (MCCTH) y Consejo Nacional de Cinematograf\u00eda del Ecuador (CNCINE)<\/a><\/td><td>P\u00fablica<\/td><td>Espec\u00edfico<\/td><td>10 meses<\/td><td>2015.03.25<\/td><td>2015.12.31<\/td><\/tr><tr><td><a href=\"https:\/\/uartesec-my.sharepoint.com\/:b:\/g\/personal\/vinculacion_comunidad_uartes_edu_ec\/Edu-MNBnC-1EqpLSUSP-Y9QBxEpud3N-14MTf19DPj-Wbw?e=X2Ml9k\" target=\"_blank\" rel=\"noreferrer noopener\">Ministerio de Coordinaci\u00f3n de Conocimiento y Talento Humano (MCCTH)<\/a><\/td><td>P\u00fablica<\/td><td>Espec\u00edfico<\/td><td>1 a\u00f1o<\/td><td>2015.04.10<\/td><td>2016.04.10<\/td><\/tr><tr><td><a href=\"https:\/\/uartesec-my.sharepoint.com\/:b:\/g\/personal\/vinculacion_comunidad_uartes_edu_ec\/ESz_WQeGhARHvO2b9kmiqp0BvbWXFCyChPPNlQM9MKNjCQ?e=1WCCZA\" target=\"_blank\" rel=\"noreferrer noopener\">Ministerio de Coordinaci\u00f3n de Conocimiento y Talento Humano (MCCTH) &#8211; Adenda<\/a><\/td><td>P\u00fablica<\/td><td>Espec\u00edfico<\/td><td>15 meses<\/td><td>2015.04.11<\/td><td>2016.06.30<\/td><\/tr><tr><td><a href=\"https:\/\/uartesec-my.sharepoint.com\/:b:\/g\/personal\/vinculacion_comunidad_uartes_edu_ec\/ETmq473Ax-ZJlW7aQskOZxQB6Thn_07S-57KICiiN4X1EA?e=uy21AH\" target=\"_blank\" rel=\"noreferrer noopener\">Centro Cultural Brasileiro de Guayaquil (CECULBRA)<\/a><\/td><td>Privada<\/td><td>Marco<\/td><td>2 a\u00f1os<\/td><td>2015.07.22<\/td><td>2017.07.22<\/td><\/tr><tr><td><a href=\"https:\/\/uartesec-my.sharepoint.com\/:b:\/g\/personal\/vinculacion_comunidad_uartes_edu_ec\/Ebm6qEm0J-1FlCR9vBf3ANsBg5Qdc4tQ5lCmaE-DY58lsA?e=Hzxf6H\" target=\"_blank\" rel=\"noreferrer noopener\">Ministerio de Coordinaci\u00f3n de Conocimiento y Talento Humano (MCCTH) y Consejo Nacional de Cinematograf\u00eda del Ecuador (CNCINE) &#8211; Adenda<\/a><\/td><td>P\u00fablica<\/td><td>Espec\u00edfico<\/td><td>17 meses<\/td><td>2015.08.31<\/td><td>2016.12.31<\/td><\/tr><tr><td><a href=\"https:\/\/uartesec-my.sharepoint.com\/:b:\/g\/personal\/vinculacion_comunidad_uartes_edu_ec\/EZ_QftmANcxBqcdw9Mnq9AMB1RYaszCKUA2eWqQQPAwB5g?e=z1i5nr\" target=\"_blank\" rel=\"noreferrer noopener\">Ministerio de Coordinaci\u00f3n de Conocimiento y Talento Humano (MCCTH), Ministerio de Cultura y Patrimonio (MCYP) y Empresa P\u00fablica \u201cEl Tel\u00e9grafo\u201d<\/a><\/td><td>P\u00fablica<\/td><td>Espec\u00edfico<\/td><td>5 a\u00f1os<\/td><td>2015.10.22<\/td><td>2020.12.31<\/td><\/tr><tr><td><a href=\"https:\/\/uartesec-my.sharepoint.com\/:b:\/g\/personal\/vinculacion_comunidad_uartes_edu_ec\/EUqFG-dbzkNKhcI0RZuM9q4B51OsE_2UOZowm0ovSXPp1Q?e=lDsIr1\" target=\"_blank\" rel=\"noreferrer noopener\">Universidad Nacional de Educaci\u00f3n (UNAE)<\/a><\/td><td>P\u00fablica<\/td><td>Marco<\/td><td>5 a\u00f1os<\/td><td>2015.12.03<\/td><td>2020.12.03<\/td><\/tr><tr><td><a href=\"https:\/\/uartesec-my.sharepoint.com\/:b:\/g\/personal\/vinculacion_comunidad_uartes_edu_ec\/ETa43D0-FSJDgbt1D1RK4BIB7cvkVhLngY_GMpihEAJcxw?e=OhRfem\" target=\"_blank\" rel=\"noreferrer noopener\">Instituto de Fomento al Talento Humano<\/a><\/td><td>P\u00fablica<\/td><td>Marco<\/td><td>3 a\u00f1os<\/td><td>2015.12.17<\/td><td>2018.12.17<\/td><\/tr><\/tbody><\/table><\/figure>\n<\/div><\/div>\n<\/div>\n\n\n\n<div style=\"height:30px\" aria-hidden=\"true\" class=\"wp-block-spacer\"><\/div>\n\n\n\n<div class=\"wp-block-cover gb-block-cta\" style=\"padding-top:2%;min-height:13em;aspect-ratio:unset;\"><span aria-hidden=\"true\" class=\"wp-block-cover__background has-background-dim-100 has-background-dim\" style=\"background-color:#f2f2f2\"><\/span><div class=\"wp-block-cover__inner-container is-layout-flow wp-block-cover-is-layout-flow\">\n<h2 class=\"wp-block-heading has-text-align-center has-text-color\" style=\"color:#32373c;font-size:24px;line-height:1\">Convenios Internacionales<\/h2>\n\n\n\n<p class=\"has-text-align-center has-text-color\" style=\"color:#32373c;line-height:1\">Antes revisa en detalle la convocatoria, el reglamento y dem\u00e1s documentaci\u00f3n quede debes inlcu\u00edr en tu aplicaci\u00f3n a <strong>Becarte<\/strong><\/p>\n\n\n\n<div class=\"wp-block-buttons is-content-justification-center is-layout-flex wp-container-core-buttons-is-layout-16018d1d wp-block-buttons-is-layout-flex\">\n<div class=\"wp-block-button gb-block-button\"><a class=\"wp-block-button__link has-text-color has-background has-custom-font-size wp-element-button\" href=\"http:\/\/www.uartes.edu.ec\/sitio\/la-universidad\/la-universidad\/relaciones-internacionales\/convenios-internacionales\/\" style=\"border-radius:5px;color:#ffffff;background-color:#dc5e13;padding-top:10px;padding-right:1em;padding-bottom:10px;padding-left:1em;font-size:14px;line-height:0.8\">Relaciones Internacionales<\/a><\/div>\n<\/div>\n<\/div><\/div>\n","protected":false},"excerpt":{"rendered":"<p>Revisa los distintos convenios que la Universidad mantiene con distintas instituciones a nivel nacional.<\/p>\n","protected":false},"author":1,"featured_media":9407,"parent":2987,"menu_order":8,"comment_status":"closed","ping_status":"closed","template":"","meta":{"_acf_changed":false,"_uag_custom_page_level_css":"","_monsterinsights_skip_tracking":false,"_monsterinsights_sitenote_active":false,"_monsterinsights_sitenote_note":"","_monsterinsights_sitenote_category":0,"cybocfi_hide_featured_image":"","footnotes":""},"class_list":["post-4517","page","type-page","status-publish","has-post-thumbnail","hentry"],"acf":[],"yoast_head":"<!-- This site is optimized with the Yoast SEO plugin v27.4 - https:\/\/yoast.com\/product\/yoast-seo-wordpress\/ -->\n<title>Universidad de las Artes - Convenios<\/title>\n<meta name=\"description\" content=\"Universidad de las Artes - Convenios\" \/>\n<meta name=\"robots\" content=\"index, follow, max-snippet:-1, max-image-preview:large, max-video-preview:-1\" \/>\n<link rel=\"canonical\" href=\"https:\/\/www.uartes.edu.ec\/sitio\/la-universidad\/estudiantes\/bienestar-estudiantil\/convenios\/\" \/>\n<meta property=\"og:locale\" content=\"es_ES\" \/>\n<meta property=\"og:type\" content=\"article\" \/>\n<meta property=\"og:title\" content=\"Universidad de las Artes - Convenios\" \/>\n<meta property=\"og:description\" content=\"Universidad de las Artes - Convenios\" \/>\n<meta property=\"og:url\" content=\"https:\/\/www.uartes.edu.ec\/sitio\/la-universidad\/estudiantes\/bienestar-estudiantil\/convenios\/\" \/>\n<meta property=\"og:site_name\" content=\"Universidad de las Artes\" \/>\n<meta property=\"article:publisher\" content=\"https:\/\/www.facebook.com\/uartesec\" \/>\n<meta property=\"article:modified_time\" content=\"2026-01-08T14:20:48+00:00\" \/>\n<meta property=\"og:image\" content=\"https:\/\/www.uartes.edu.ec\/sitio\/wp-content\/uploads\/2020\/10\/firma-convenio.jpg\" \/>\n\t<meta property=\"og:image:width\" content=\"2000\" \/>\n\t<meta property=\"og:image:height\" content=\"1333\" \/>\n\t<meta property=\"og:image:type\" content=\"image\/jpeg\" \/>\n<meta name=\"twitter:card\" content=\"summary_large_image\" \/>\n<meta name=\"twitter:site\" content=\"@uartesec\" \/>\n<meta name=\"twitter:label1\" content=\"Tiempo de lectura\" \/>\n\t<meta name=\"twitter:data1\" content=\"13 minutos\" \/>\n<script type=\"application\/ld+json\" class=\"yoast-schema-graph\">{\"@context\":\"https:\\\/\\\/schema.org\",\"@graph\":[{\"@type\":\"WebPage\",\"@id\":\"https:\\\/\\\/www.uartes.edu.ec\\\/sitio\\\/la-universidad\\\/estudiantes\\\/bienestar-estudiantil\\\/convenios\\\/\",\"url\":\"https:\\\/\\\/www.uartes.edu.ec\\\/sitio\\\/la-universidad\\\/estudiantes\\\/bienestar-estudiantil\\\/convenios\\\/\",\"name\":\"Universidad de las Artes - Convenios\",\"isPartOf\":{\"@id\":\"https:\\\/\\\/www.uartes.edu.ec\\\/sitio\\\/#website\"},\"primaryImageOfPage\":{\"@id\":\"https:\\\/\\\/www.uartes.edu.ec\\\/sitio\\\/la-universidad\\\/estudiantes\\\/bienestar-estudiantil\\\/convenios\\\/#primaryimage\"},\"image\":{\"@id\":\"https:\\\/\\\/www.uartes.edu.ec\\\/sitio\\\/la-universidad\\\/estudiantes\\\/bienestar-estudiantil\\\/convenios\\\/#primaryimage\"},\"thumbnailUrl\":\"https:\\\/\\\/www.uartes.edu.ec\\\/sitio\\\/wp-content\\\/uploads\\\/2020\\\/10\\\/firma-convenio.jpg\",\"datePublished\":\"2019-10-17T16:10:47+00:00\",\"dateModified\":\"2026-01-08T14:20:48+00:00\",\"description\":\"Universidad de las Artes - Convenios\",\"breadcrumb\":{\"@id\":\"https:\\\/\\\/www.uartes.edu.ec\\\/sitio\\\/la-universidad\\\/estudiantes\\\/bienestar-estudiantil\\\/convenios\\\/#breadcrumb\"},\"inLanguage\":\"es\",\"potentialAction\":[{\"@type\":\"ReadAction\",\"target\":[\"https:\\\/\\\/www.uartes.edu.ec\\\/sitio\\\/la-universidad\\\/estudiantes\\\/bienestar-estudiantil\\\/convenios\\\/\"]}]},{\"@type\":\"ImageObject\",\"inLanguage\":\"es\",\"@id\":\"https:\\\/\\\/www.uartes.edu.ec\\\/sitio\\\/la-universidad\\\/estudiantes\\\/bienestar-estudiantil\\\/convenios\\\/#primaryimage\",\"url\":\"https:\\\/\\\/www.uartes.edu.ec\\\/sitio\\\/wp-content\\\/uploads\\\/2020\\\/10\\\/firma-convenio.jpg\",\"contentUrl\":\"https:\\\/\\\/www.uartes.edu.ec\\\/sitio\\\/wp-content\\\/uploads\\\/2020\\\/10\\\/firma-convenio.jpg\",\"width\":2000,\"height\":1333},{\"@type\":\"BreadcrumbList\",\"@id\":\"https:\\\/\\\/www.uartes.edu.ec\\\/sitio\\\/la-universidad\\\/estudiantes\\\/bienestar-estudiantil\\\/convenios\\\/#breadcrumb\",\"itemListElement\":[{\"@type\":\"ListItem\",\"position\":1,\"name\":\"Inicio\",\"item\":\"https:\\\/\\\/www.uartes.edu.ec\\\/sitio\\\/\"},{\"@type\":\"ListItem\",\"position\":2,\"name\":\"Universidad de las Artes\",\"item\":\"https:\\\/\\\/www.uartes.edu.ec\\\/sitio\\\/\"},{\"@type\":\"ListItem\",\"position\":3,\"name\":\"Estudiantes\",\"item\":\"https:\\\/\\\/www.uartes.edu.ec\\\/sitio\\\/la-universidad\\\/estudiantes\\\/\"},{\"@type\":\"ListItem\",\"position\":4,\"name\":\"Bienestar Estudiantil\",\"item\":\"https:\\\/\\\/www.uartes.edu.ec\\\/sitio\\\/la-universidad\\\/estudiantes\\\/bienestar-estudiantil\\\/\"},{\"@type\":\"ListItem\",\"position\":5,\"name\":\"Convenios\"}]},{\"@type\":\"WebSite\",\"@id\":\"https:\\\/\\\/www.uartes.edu.ec\\\/sitio\\\/#website\",\"url\":\"https:\\\/\\\/www.uartes.edu.ec\\\/sitio\\\/\",\"name\":\"Universidad de las Artes\",\"description\":\"Sitio oficial de la Universidad Nacional de las Artes del Ecuador\",\"publisher\":{\"@id\":\"https:\\\/\\\/www.uartes.edu.ec\\\/sitio\\\/#organization\"},\"potentialAction\":[{\"@type\":\"SearchAction\",\"target\":{\"@type\":\"EntryPoint\",\"urlTemplate\":\"https:\\\/\\\/www.uartes.edu.ec\\\/sitio\\\/?s={search_term_string}\"},\"query-input\":{\"@type\":\"PropertyValueSpecification\",\"valueRequired\":true,\"valueName\":\"search_term_string\"}}],\"inLanguage\":\"es\"},{\"@type\":\"Organization\",\"@id\":\"https:\\\/\\\/www.uartes.edu.ec\\\/sitio\\\/#organization\",\"name\":\"Universidad de las Artes\",\"url\":\"https:\\\/\\\/www.uartes.edu.ec\\\/sitio\\\/\",\"logo\":{\"@type\":\"ImageObject\",\"inLanguage\":\"es\",\"@id\":\"https:\\\/\\\/www.uartes.edu.ec\\\/sitio\\\/#\\\/schema\\\/logo\\\/image\\\/\",\"url\":\"https:\\\/\\\/www.uartes.edu.ec\\\/sitio\\\/wp-content\\\/uploads\\\/2022\\\/07\\\/logo-ua-horizontal.png\",\"contentUrl\":\"https:\\\/\\\/www.uartes.edu.ec\\\/sitio\\\/wp-content\\\/uploads\\\/2022\\\/07\\\/logo-ua-horizontal.png\",\"width\":800,\"height\":276,\"caption\":\"Universidad de las Artes\"},\"image\":{\"@id\":\"https:\\\/\\\/www.uartes.edu.ec\\\/sitio\\\/#\\\/schema\\\/logo\\\/image\\\/\"},\"sameAs\":[\"https:\\\/\\\/www.facebook.com\\\/uartesec\",\"https:\\\/\\\/x.com\\\/uartesec\",\"https:\\\/\\\/www.tiktok.com\\\/@uartesec\"]}]}<\/script>\n<!-- \/ Yoast SEO plugin. -->","yoast_head_json":{"title":"Universidad de las Artes - Convenios","description":"Universidad de las Artes - Convenios","robots":{"index":"index","follow":"follow","max-snippet":"max-snippet:-1","max-image-preview":"max-image-preview:large","max-video-preview":"max-video-preview:-1"},"canonical":"https:\/\/www.uartes.edu.ec\/sitio\/la-universidad\/estudiantes\/bienestar-estudiantil\/convenios\/","og_locale":"es_ES","og_type":"article","og_title":"Universidad de las Artes - Convenios","og_description":"Universidad de las Artes - Convenios","og_url":"https:\/\/www.uartes.edu.ec\/sitio\/la-universidad\/estudiantes\/bienestar-estudiantil\/convenios\/","og_site_name":"Universidad de las Artes","article_publisher":"https:\/\/www.facebook.com\/uartesec","article_modified_time":"2026-01-08T14:20:48+00:00","og_image":[{"width":2000,"height":1333,"url":"https:\/\/www.uartes.edu.ec\/sitio\/wp-content\/uploads\/2020\/10\/firma-convenio.jpg","type":"image\/jpeg"}],"twitter_card":"summary_large_image","twitter_site":"@uartesec","twitter_misc":{"Tiempo de lectura":"13 minutos"},"schema":{"@context":"https:\/\/schema.org","@graph":[{"@type":"WebPage","@id":"https:\/\/www.uartes.edu.ec\/sitio\/la-universidad\/estudiantes\/bienestar-estudiantil\/convenios\/","url":"https:\/\/www.uartes.edu.ec\/sitio\/la-universidad\/estudiantes\/bienestar-estudiantil\/convenios\/","name":"Universidad de las Artes - Convenios","isPartOf":{"@id":"https:\/\/www.uartes.edu.ec\/sitio\/#website"},"primaryImageOfPage":{"@id":"https:\/\/www.uartes.edu.ec\/sitio\/la-universidad\/estudiantes\/bienestar-estudiantil\/convenios\/#primaryimage"},"image":{"@id":"https:\/\/www.uartes.edu.ec\/sitio\/la-universidad\/estudiantes\/bienestar-estudiantil\/convenios\/#primaryimage"},"thumbnailUrl":"https:\/\/www.uartes.edu.ec\/sitio\/wp-content\/uploads\/2020\/10\/firma-convenio.jpg","datePublished":"2019-10-17T16:10:47+00:00","dateModified":"2026-01-08T14:20:48+00:00","description":"Universidad de las Artes - Convenios","breadcrumb":{"@id":"https:\/\/www.uartes.edu.ec\/sitio\/la-universidad\/estudiantes\/bienestar-estudiantil\/convenios\/#breadcrumb"},"inLanguage":"es","potentialAction":[{"@type":"ReadAction","target":["https:\/\/www.uartes.edu.ec\/sitio\/la-universidad\/estudiantes\/bienestar-estudiantil\/convenios\/"]}]},{"@type":"ImageObject","inLanguage":"es","@id":"https:\/\/www.uartes.edu.ec\/sitio\/la-universidad\/estudiantes\/bienestar-estudiantil\/convenios\/#primaryimage","url":"https:\/\/www.uartes.edu.ec\/sitio\/wp-content\/uploads\/2020\/10\/firma-convenio.jpg","contentUrl":"https:\/\/www.uartes.edu.ec\/sitio\/wp-content\/uploads\/2020\/10\/firma-convenio.jpg","width":2000,"height":1333},{"@type":"BreadcrumbList","@id":"https:\/\/www.uartes.edu.ec\/sitio\/la-universidad\/estudiantes\/bienestar-estudiantil\/convenios\/#breadcrumb","itemListElement":[{"@type":"ListItem","position":1,"name":"Inicio","item":"https:\/\/www.uartes.edu.ec\/sitio\/"},{"@type":"ListItem","position":2,"name":"Universidad de las Artes","item":"https:\/\/www.uartes.edu.ec\/sitio\/"},{"@type":"ListItem","position":3,"name":"Estudiantes","item":"https:\/\/www.uartes.edu.ec\/sitio\/la-universidad\/estudiantes\/"},{"@type":"ListItem","position":4,"name":"Bienestar Estudiantil","item":"https:\/\/www.uartes.edu.ec\/sitio\/la-universidad\/estudiantes\/bienestar-estudiantil\/"},{"@type":"ListItem","position":5,"name":"Convenios"}]},{"@type":"WebSite","@id":"https:\/\/www.uartes.edu.ec\/sitio\/#website","url":"https:\/\/www.uartes.edu.ec\/sitio\/","name":"Universidad de las Artes","description":"Sitio oficial de la Universidad Nacional de las Artes del Ecuador","publisher":{"@id":"https:\/\/www.uartes.edu.ec\/sitio\/#organization"},"potentialAction":[{"@type":"SearchAction","target":{"@type":"EntryPoint","urlTemplate":"https:\/\/www.uartes.edu.ec\/sitio\/?s={search_term_string}"},"query-input":{"@type":"PropertyValueSpecification","valueRequired":true,"valueName":"search_term_string"}}],"inLanguage":"es"},{"@type":"Organization","@id":"https:\/\/www.uartes.edu.ec\/sitio\/#organization","name":"Universidad de las Artes","url":"https:\/\/www.uartes.edu.ec\/sitio\/","logo":{"@type":"ImageObject","inLanguage":"es","@id":"https:\/\/www.uartes.edu.ec\/sitio\/#\/schema\/logo\/image\/","url":"https:\/\/www.uartes.edu.ec\/sitio\/wp-content\/uploads\/2022\/07\/logo-ua-horizontal.png","contentUrl":"https:\/\/www.uartes.edu.ec\/sitio\/wp-content\/uploads\/2022\/07\/logo-ua-horizontal.png","width":800,"height":276,"caption":"Universidad de las Artes"},"image":{"@id":"https:\/\/www.uartes.edu.ec\/sitio\/#\/schema\/logo\/image\/"},"sameAs":["https:\/\/www.facebook.com\/uartesec","https:\/\/x.com\/uartesec","https:\/\/www.tiktok.com\/@uartesec"]}]}},"uagb_featured_image_src":{"full":["https:\/\/www.uartes.edu.ec\/sitio\/wp-content\/uploads\/2020\/10\/firma-convenio.jpg",2000,1333,false],"thumbnail":["https:\/\/www.uartes.edu.ec\/sitio\/wp-content\/uploads\/2020\/10\/firma-convenio-150x150.jpg",150,150,true],"medium":["https:\/\/www.uartes.edu.ec\/sitio\/wp-content\/uploads\/2020\/10\/firma-convenio-300x200.jpg",300,200,true],"medium_large":["https:\/\/www.uartes.edu.ec\/sitio\/wp-content\/uploads\/2020\/10\/firma-convenio-768x512.jpg",768,512,true],"large":["https:\/\/www.uartes.edu.ec\/sitio\/wp-content\/uploads\/2020\/10\/firma-convenio-644x429.jpg",644,429,true],"1536x1536":["https:\/\/www.uartes.edu.ec\/sitio\/wp-content\/uploads\/2020\/10\/firma-convenio-1536x1024.jpg",1536,1024,true],"2048x2048":["https:\/\/www.uartes.edu.ec\/sitio\/wp-content\/uploads\/2020\/10\/firma-convenio.jpg",2000,1333,false],"trp-custom-language-flag":["https:\/\/www.uartes.edu.ec\/sitio\/wp-content\/uploads\/2020\/10\/firma-convenio.jpg",18,12,false],"htmega_size_585x295":["https:\/\/www.uartes.edu.ec\/sitio\/wp-content\/uploads\/2020\/10\/firma-convenio-585x295.jpg",585,295,true],"htmega_size_1170x536":["https:\/\/www.uartes.edu.ec\/sitio\/wp-content\/uploads\/2020\/10\/firma-convenio-1170x536.jpg",1170,536,true],"htmega_size_396x360":["https:\/\/www.uartes.edu.ec\/sitio\/wp-content\/uploads\/2020\/10\/firma-convenio-396x360.jpg",396,360,true],"gb-block-post-grid-landscape":["https:\/\/www.uartes.edu.ec\/sitio\/wp-content\/uploads\/2020\/10\/firma-convenio.jpg",600,400,false],"gb-block-post-grid-square":["https:\/\/www.uartes.edu.ec\/sitio\/wp-content\/uploads\/2020\/10\/firma-convenio.jpg",600,400,false],"university-hub-thumb":["https:\/\/www.uartes.edu.ec\/sitio\/wp-content\/uploads\/2020\/10\/firma-convenio-400x267.jpg",400,267,true]},"uagb_author_info":{"display_name":"Universidad de las Artes","author_link":"https:\/\/www.uartes.edu.ec\/sitio\/blog\/author\/dircomadm\/"},"uagb_comment_info":0,"uagb_excerpt":"Revisa los distintos convenios que la Universidad mantiene con distintas instituciones a nivel nacional.","featured_image_src":"https:\/\/www.uartes.edu.ec\/sitio\/wp-content\/uploads\/2020\/10\/firma-convenio.jpg","featured_image_src_square":"https:\/\/www.uartes.edu.ec\/sitio\/wp-content\/uploads\/2020\/10\/firma-convenio.jpg","publishpress_future_action":{"enabled":false,"date":"2026-05-08 08:35:39","action":"change-status","newStatus":"draft","terms":[],"taxonomy":"","extraData":[]},"publishpress_future_workflow_manual_trigger":{"enabledWorkflows":[]},"distributor_meta":false,"distributor_terms":false,"distributor_media":false,"distributor_original_site_name":"Universidad de las Artes","distributor_original_site_url":"https:\/\/www.uartes.edu.ec\/sitio","push-errors":false,"_links":{"self":[{"href":"https:\/\/www.uartes.edu.ec\/sitio\/wp-json\/wp\/v2\/pages\/4517","targetHints":{"allow":["GET"]}}],"collection":[{"href":"https:\/\/www.uartes.edu.ec\/sitio\/wp-json\/wp\/v2\/pages"}],"about":[{"href":"https:\/\/www.uartes.edu.ec\/sitio\/wp-json\/wp\/v2\/types\/page"}],"author":[{"embeddable":true,"href":"https:\/\/www.uartes.edu.ec\/sitio\/wp-json\/wp\/v2\/users\/1"}],"replies":[{"embeddable":true,"href":"https:\/\/www.uartes.edu.ec\/sitio\/wp-json\/wp\/v2\/comments?post=4517"}],"version-history":[{"count":20,"href":"https:\/\/www.uartes.edu.ec\/sitio\/wp-json\/wp\/v2\/pages\/4517\/revisions"}],"predecessor-version":[{"id":84087,"href":"https:\/\/www.uartes.edu.ec\/sitio\/wp-json\/wp\/v2\/pages\/4517\/revisions\/84087"}],"up":[{"embeddable":true,"href":"https:\/\/www.uartes.edu.ec\/sitio\/wp-json\/wp\/v2\/pages\/2987"}],"wp:featuredmedia":[{"embeddable":true,"href":"https:\/\/www.uartes.edu.ec\/sitio\/wp-json\/wp\/v2\/media\/9407"}],"wp:attachment":[{"href":"https:\/\/www.uartes.edu.ec\/sitio\/wp-json\/wp\/v2\/media?parent=4517"}],"curies":[{"name":"wp","href":"https:\/\/api.w.org\/{rel}","templated":true}]}}