{"id":51583,"date":"2024-03-15T12:14:26","date_gmt":"2024-03-15T17:14:26","guid":{"rendered":"https:\/\/www.uartes.edu.ec\/sitio\/?page_id=51583"},"modified":"2026-03-20T15:58:39","modified_gmt":"2026-03-20T20:58:39","slug":"movilidad-academica-internacional-estudiantil","status":"publish","type":"page","link":"https:\/\/www.uartes.edu.ec\/sitio\/la-universidad\/la-universidad\/relaciones-internacionales\/movilidad-academica-internacional-estudiantil\/","title":{"rendered":"Movilidad acad\u00e9mica internacional estudiantil"},"content":{"rendered":"\n<p>La Direcci\u00f3n de Relaciones Internacionales se enorgullece en fomentar y facilitar la movilidad internacional de su comunidad estudiantil.<\/p>\n\n\n\n<p>Los convenios que mantiene la UArtes con instituciones de educaci\u00f3n superior en el exterior ofrecen a nuestros\/as estudiantes la oportunidad de ampliar sus horizontes a trav\u00e9s de una movilidad acad\u00e9mica internacional por uno o dos periodos acad\u00e9micos. Estas experiencias no solo fortalecen su formaci\u00f3n profesional, sino que tambi\u00e9n contribuyen a su desarrollo personal al enfrentar nuevos desaf\u00edos y sumergirse en entornos culturales diversos.<\/p>\n\n\n\n<p>Asimismo, colaboramos estrechamente con instituciones extranjeras al actuar como instituci\u00f3n receptora de estudiantes internacionales, creando as\u00ed un ambiente acad\u00e9mico multicultural. La presencia de estudiantes internacionales en nuestro campus no solo diversifica nuestras aulas, sino que tambi\u00e9n fomenta el intercambio de perspectivas y la comprensi\u00f3n intercultural entre nuestra comunidad.<\/p>\n\n\n\n<p>Si deseas empezar tu experiencia acad\u00e9mica internacional, selecciona el tipo de movilidad que te interesa.<\/p>\n\n\n\n<div class=\"wp-block-getwid-tabs has-layout-horizontal-center\" data-active-tab=\"1\"><ul class=\"wp-block-getwid-tabs__nav-links\"><\/ul>\n<div class=\"wp-block-getwid-tabs__nav-link\"><h3 class=\"wp-block-getwid-tabs__title-wrapper\"><a href=\"#\"><span class=\"wp-block-getwid-tabs__title\">Movilidad internacional entrante<\/span><\/a><\/h3><\/div><div class=\"wp-block-getwid-tabs__tab-content-wrapper\"><div class=\"wp-block-getwid-tabs__tab-content\">\n<p>Es aquella movilidad en la que la UArtes act\u00faa como instituci\u00f3n receptora, acogiendo a estudiantes internacionales provenientes de instituciones de educaci\u00f3n superior del exterior con las cuales mantenemos convenios.<\/p>\n\n\n\n<p>Para m\u00e1s informaci\u00f3n sobre los convenios puedes <a href=\"https:\/\/www.uartes.edu.ec\/sitio\/la-universidad\/la-universidad\/relaciones-internacionales\/convenios-internacionales\/\">ingresar al siguiente enlace<\/a>.<\/p>\n\n\n\n<h4 class=\"wp-block-heading\">Nominaci\u00f3n y aplicaci\u00f3n<\/h4>\n\n\n\n<p>La Universidad de las Artes mantiene abierta su convocatoria para recibir estudiantes internacionales que deseen realizar una movilidad internacional por uno o dos periodos acad\u00e9micos.<\/p>\n\n\n\n<p>Conoce m\u00e1s detalle descargando nuestro informativo.<\/p>\n\n\n<div class='w3eden wpdm_packages_shortcode'>\n    <div class=''>\n\n        \n        <div id=\"content_wpdm_package_1\">\n            <div class='row'><div class='col-lg-12 col-md-6 col-12'><!-- WPDM Link Template: Call to Action 3 -->\n\n<div class=\"well c2a3\">\n    <div class=\"media\">\n        <div class=\"mr-3\" align=\"left\">\n            <img decoding=\"async\" class=\"wpdm_icon\" alt=\"Icono\" src=\"https:\/\/www.uartes.edu.ec\/sitio\/wp-content\/plugins\/download-manager\/assets\/file-type-icons\/pdf.svg\" \/>\n        <\/div>\n        <div class=\"media-body\">\n            <h3 class=\"media-heading\" style=\"padding-top: 0px;border:0px;margin: 0 0 5px 0;font-size:12pt;\">\n                <a style=\"font-weight: 700\" href=\"https:\/\/www.uartes.edu.ec\/sitio\/download\/informativo-programa-de-intercambio-a-la-universidad-de-las-artes-semestre-b-2026-2027\/\">Informativo Programa de Intercambio a la Universidad de las Artes Semestre B 2026-2027<\/a>\n                <span style=\"font-size:8pt;font-weight:300\" class=\"text-muted ml-4\">\n                    <i class=\"fas fa-hdd mr-1\"><\/i> 1.56 MB\n                    <i class=\"ml-3 far fa-arrow-alt-circle-down mr-1\"><\/i> 304 descargas\n                <\/span>\n            <\/h3>\n            ...\n        <\/div>\n        <div class=\"ml-3\" align=\"right\">\n            <a class='wpdm-download-link download-on-click btn btn-primary btn-sm'  rel='nofollow' href='#' data-downloadurl=\"https:\/\/www.uartes.edu.ec\/sitio\/download\/informativo-programa-de-intercambio-a-la-universidad-de-las-artes-semestre-b-2026-2027\/?wpdmdl=88030&refresh=69f2f306d07021777529606\">Descargar<\/a>\n        <\/div>\n    <\/div>\n\n<\/div>\n<style>\n    .well.c2a3 .btn {\n        padding: 11px 30px;\n        font-size: 11pt;\n    }\n\n    .well.c2a3 .media-body {\n        font-size: 11pt;\n    }\n\n    .well.c2a3 .wpdm_icon {\n        height: 42px;\n        width: auto;\n    }<\/style>\n<\/div><div class='col-lg-12 col-md-6 col-12'><!-- WPDM Link Template: Call to Action 3 -->\n\n<div class=\"well c2a3\">\n    <div class=\"media\">\n        <div class=\"mr-3\" align=\"left\">\n            <img decoding=\"async\" class=\"wpdm_icon\" alt=\"Icono\" src=\"https:\/\/www.uartes.edu.ec\/sitio\/wp-content\/plugins\/download-manager\/assets\/file-type-icons\/pdf.svg\" \/>\n        <\/div>\n        <div class=\"media-body\">\n            <h3 class=\"media-heading\" style=\"padding-top: 0px;border:0px;margin: 0 0 5px 0;font-size:12pt;\">\n                <a style=\"font-weight: 700\" href=\"https:\/\/www.uartes.edu.ec\/sitio\/download\/international-exchange-program-fact-sheet-semester-b-2026-2027\/\">International Exchange Program Fact Sheet Semester B 2026-2027<\/a>\n                <span style=\"font-size:8pt;font-weight:300\" class=\"text-muted ml-4\">\n                    <i class=\"fas fa-hdd mr-1\"><\/i> 1.56 MB\n                    <i class=\"ml-3 far fa-arrow-alt-circle-down mr-1\"><\/i> 288 descargas\n                <\/span>\n            <\/h3>\n            ...\n        <\/div>\n        <div class=\"ml-3\" align=\"right\">\n            <a class='wpdm-download-link download-on-click btn btn-primary btn-sm'  rel='nofollow' href='#' data-downloadurl=\"https:\/\/www.uartes.edu.ec\/sitio\/download\/international-exchange-program-fact-sheet-semester-b-2026-2027\/?wpdmdl=88033&refresh=69f2f308288ee1777529608\">Descargar<\/a>\n        <\/div>\n    <\/div>\n\n<\/div>\n<style>\n    .well.c2a3 .btn {\n        padding: 11px 30px;\n        font-size: 11pt;\n    }\n\n    .well.c2a3 .media-body {\n        font-size: 11pt;\n    }\n\n    .well.c2a3 .wpdm_icon {\n        height: 42px;\n        width: auto;\n    }<\/style>\n<\/div><\/div>            <div style='clear:both'><\/div><div class='text-center'><ul class='pagination wpdm-pagination pagination-centered text-center'><\/ul><\/div><div style='clear:both'><\/div>        <\/div>\n\n        <div style='clear:both'><\/div>\n    <\/div>\n<\/div>\n\n\n\n\n<p>El env\u00edo de la documentaci\u00f3n deber\u00e1 realizarlo la oficina de relaciones internacionales de la instituci\u00f3n de origen v\u00eda correo electr\u00f3nico: <a href=\"mailto:internacionales@uartes.edu.ec\">internacionales@uartes.edu.ec<\/a><\/p>\n\n\n\n<h4 class=\"wp-block-heading\">Asignaturas a cursar<\/h4>\n\n\n\n<p>El calendario acad\u00e9mico de la UArtes se estructura en dos periodos acad\u00e9micos, cada uno con una duraci\u00f3n entre 4 a 5 meses. En el transcurso del periodo acad\u00e9mico de movilidad, las y los estudiantes tienen la posibilidad de cursar m\u00e1ximo 6 asignaturas ofrecidas por nuestras 5 Escuelas.<\/p>\n\n\n\n<p>Conoce m\u00e1s sobre nuestra oferta acad\u00e9mica <a href=\"https:\/\/www.uartes.edu.ec\/sitio\/la-universidad\/pregrado\/\">en este enlace<\/a><em>.<\/em><\/p>\n\n\n\n<h4 class=\"wp-block-heading\">Idioma<\/h4>\n\n\n\n<p>La totalidad de nuestra oferta acad\u00e9mica se imparte exclusivamente en espa\u00f1ol. En este sentido, para el caso de estudiantes no hispano hablantes se requiere un certificado de espa\u00f1ol B1 (un certificado emitido por la Universidad y\/o instituci\u00f3n puede ser v\u00e1lido).<\/p>\n\n\n\n<p>Si requieres m\u00e1s informaci\u00f3n cont\u00e1ctanos al correo: <a href=\"mailto:internacionales@uartes.edu.ec\">internacionales@uartes.edu.ec<\/a><\/p>\n\n\n\n<div style=\"height:50px\" aria-hidden=\"true\" class=\"wp-block-spacer\"><\/div>\n\n\n\n<figure class=\"wp-block-gallery has-nested-images columns-3 is-cropped wp-block-gallery-1 is-layout-flex wp-block-gallery-is-layout-flex\">\n<figure class=\"wp-block-image size-large is-style-default\"><a href=\"https:\/\/www.uartes.edu.ec\/sitio\/wp-content\/uploads\/2024\/03\/JSB-UNIVERSIDAD-NARINO.jpg\"><img fetchpriority=\"high\" decoding=\"async\" width=\"644\" height=\"429\" data-id=\"51589\" src=\"https:\/\/www.uartes.edu.ec\/sitio\/wp-content\/uploads\/2024\/03\/JSB-UNIVERSIDAD-NARINO-644x429.jpg\" alt=\"\" class=\"wp-image-51589\" srcset=\"https:\/\/www.uartes.edu.ec\/sitio\/wp-content\/uploads\/2024\/03\/JSB-UNIVERSIDAD-NARINO-644x429.jpg 644w, https:\/\/www.uartes.edu.ec\/sitio\/wp-content\/uploads\/2024\/03\/JSB-UNIVERSIDAD-NARINO-300x200.jpg 300w, https:\/\/www.uartes.edu.ec\/sitio\/wp-content\/uploads\/2024\/03\/JSB-UNIVERSIDAD-NARINO-768x512.jpg 768w, https:\/\/www.uartes.edu.ec\/sitio\/wp-content\/uploads\/2024\/03\/JSB-UNIVERSIDAD-NARINO-1536x1024.jpg 1536w, https:\/\/www.uartes.edu.ec\/sitio\/wp-content\/uploads\/2024\/03\/JSB-UNIVERSIDAD-NARINO-600x400.jpg 600w, https:\/\/www.uartes.edu.ec\/sitio\/wp-content\/uploads\/2024\/03\/JSB-UNIVERSIDAD-NARINO-400x267.jpg 400w, https:\/\/www.uartes.edu.ec\/sitio\/wp-content\/uploads\/2024\/03\/JSB-UNIVERSIDAD-NARINO-272x182.jpg 272w, https:\/\/www.uartes.edu.ec\/sitio\/wp-content\/uploads\/2024\/03\/JSB-UNIVERSIDAD-NARINO.jpg 2000w\" sizes=\"(max-width: 644px) 100vw, 644px\" \/><\/a><figcaption class=\"wp-element-caption\">Juan Sebasti\u00e1n Bravo \u2013 Universidad de Nari\u00f1o (Colombia)<\/figcaption><\/figure>\n\n\n\n<figure class=\"wp-block-image size-large\"><a href=\"https:\/\/www.uartes.edu.ec\/sitio\/wp-content\/uploads\/2024\/03\/ESTUDIANTES-EXTRANJERAS-01.jpg\"><img decoding=\"async\" width=\"644\" height=\"429\" data-id=\"51586\" src=\"https:\/\/www.uartes.edu.ec\/sitio\/wp-content\/uploads\/2024\/03\/ESTUDIANTES-EXTRANJERAS-01-644x429.jpg\" alt=\"\" class=\"wp-image-51586\" srcset=\"https:\/\/www.uartes.edu.ec\/sitio\/wp-content\/uploads\/2024\/03\/ESTUDIANTES-EXTRANJERAS-01-644x429.jpg 644w, https:\/\/www.uartes.edu.ec\/sitio\/wp-content\/uploads\/2024\/03\/ESTUDIANTES-EXTRANJERAS-01-300x200.jpg 300w, https:\/\/www.uartes.edu.ec\/sitio\/wp-content\/uploads\/2024\/03\/ESTUDIANTES-EXTRANJERAS-01-768x512.jpg 768w, https:\/\/www.uartes.edu.ec\/sitio\/wp-content\/uploads\/2024\/03\/ESTUDIANTES-EXTRANJERAS-01-1536x1024.jpg 1536w, https:\/\/www.uartes.edu.ec\/sitio\/wp-content\/uploads\/2024\/03\/ESTUDIANTES-EXTRANJERAS-01-600x400.jpg 600w, https:\/\/www.uartes.edu.ec\/sitio\/wp-content\/uploads\/2024\/03\/ESTUDIANTES-EXTRANJERAS-01-400x267.jpg 400w, https:\/\/www.uartes.edu.ec\/sitio\/wp-content\/uploads\/2024\/03\/ESTUDIANTES-EXTRANJERAS-01-272x182.jpg 272w, https:\/\/www.uartes.edu.ec\/sitio\/wp-content\/uploads\/2024\/03\/ESTUDIANTES-EXTRANJERAS-01.jpg 2000w\" sizes=\"(max-width: 644px) 100vw, 644px\" \/><\/a><figcaption class=\"wp-element-caption\">Zo\u00e9 Kugler \u2013 Zurich University of Arts (Suiza) y Gaia op de Weegh \u2013 Hogent KASK &amp; Conservatorium (B\u00e9lgica)<\/figcaption><\/figure>\n\n\n\n<figure class=\"wp-block-image size-large\"><a href=\"https:\/\/www.uartes.edu.ec\/sitio\/wp-content\/uploads\/2024\/03\/Estudiante-Intercambio-relaciones-internacionales-2.jpg\"><img decoding=\"async\" width=\"644\" height=\"429\" data-id=\"51585\" src=\"https:\/\/www.uartes.edu.ec\/sitio\/wp-content\/uploads\/2024\/03\/Estudiante-Intercambio-relaciones-internacionales-2-644x429.jpg\" alt=\"\" class=\"wp-image-51585\" srcset=\"https:\/\/www.uartes.edu.ec\/sitio\/wp-content\/uploads\/2024\/03\/Estudiante-Intercambio-relaciones-internacionales-2-644x429.jpg 644w, https:\/\/www.uartes.edu.ec\/sitio\/wp-content\/uploads\/2024\/03\/Estudiante-Intercambio-relaciones-internacionales-2-300x200.jpg 300w, https:\/\/www.uartes.edu.ec\/sitio\/wp-content\/uploads\/2024\/03\/Estudiante-Intercambio-relaciones-internacionales-2-768x512.jpg 768w, https:\/\/www.uartes.edu.ec\/sitio\/wp-content\/uploads\/2024\/03\/Estudiante-Intercambio-relaciones-internacionales-2-1536x1024.jpg 1536w, https:\/\/www.uartes.edu.ec\/sitio\/wp-content\/uploads\/2024\/03\/Estudiante-Intercambio-relaciones-internacionales-2-600x400.jpg 600w, https:\/\/www.uartes.edu.ec\/sitio\/wp-content\/uploads\/2024\/03\/Estudiante-Intercambio-relaciones-internacionales-2-400x267.jpg 400w, https:\/\/www.uartes.edu.ec\/sitio\/wp-content\/uploads\/2024\/03\/Estudiante-Intercambio-relaciones-internacionales-2-272x182.jpg 272w, https:\/\/www.uartes.edu.ec\/sitio\/wp-content\/uploads\/2024\/03\/Estudiante-Intercambio-relaciones-internacionales-2.jpg 2000w\" sizes=\"(max-width: 644px) 100vw, 644px\" \/><\/a><figcaption class=\"wp-element-caption\">Gabriela Su\u00e1rez \u2013 Universidad de Nari\u00f1o (Colombia)<\/figcaption><\/figure>\n<\/figure>\n<\/div><\/div>\n\n\n\n<div class=\"wp-block-getwid-tabs__nav-link\"><h3 class=\"wp-block-getwid-tabs__title-wrapper\"><a href=\"#\"><span class=\"wp-block-getwid-tabs__title\">Movilidad internacional saliente<\/span><\/a><\/h3><\/div><div class=\"wp-block-getwid-tabs__tab-content-wrapper\"><div class=\"wp-block-getwid-tabs__tab-content\">\n<p>Es aquella movilidad en la que estudiantes de grado de la UArtes realizan su periodo acad\u00e9mico en una instituci\u00f3n de educaci\u00f3n superior extranjera, en el marco de convenios establecidos entre ambas entidades educativas.<\/p>\n\n\n\n<p>Para m\u00e1s informaci\u00f3n sobre los convenios vigentes pueden ingresar <a href=\"https:\/\/www.uartes.edu.ec\/sitio\/la-universidad\/la-universidad\/relaciones-internacionales\/convenios-internacionales\/\">al siguiente enlace<\/a>.<\/p>\n\n\n\n<h4 class=\"wp-block-heading\">Apertura de convocatorias internacionales para movilidad acad\u00e9mica 2026<\/h4>\n\n\n\n<p>En el marco de los convenios internacionales que mantiene la Universidad de las Artes, la Direcci\u00f3n de Relaciones Internacionales invita a sus estudiantes de grado a participar en un intercambio acad\u00e9mico en instituciones extranjeras en el segundo semestre del 2026.<\/p>\n\n\n\n<div class=\"wp-block-getwid-images-slider has-arrows-outside has-dots-none has-images-center has-fitted-images\"><div class=\"wp-block-getwid-images-slider__wrapper\" data-effect=\"slide\" data-slides-show=\"1\" data-slides-show-laptop=\"1\" data-slides-show-tablet=\"1\" data-slides-show-mobile=\"1\" data-slides-scroll=\"1\" data-autoplay=\"false\" data-pause-hover=\"false\" data-autoplay-speed=\"6000\" data-infinite=\"true\" data-animation-speed=\"800\" data-center-mode=\"false\" data-variable-width=\"false\" data-arrows=\"outside\" data-dots=\"none\" data-spacing=\"none\"><div class=\"wp-block-getwid-images-slider__item\"><figure><img loading=\"lazy\" decoding=\"async\" width=\"600\" height=\"751\" src=\"https:\/\/www.uartes.edu.ec\/sitio\/wp-content\/uploads\/2026\/03\/MOVILIDAD-INTERNACIONAL-1_1.jpg\" data-id=\"88041\" data-link=\"https:\/\/www.uartes.edu.ec\/sitio\/la-universidad\/la-universidad\/relaciones-internacionales\/movilidad-academica-internacional-estudiantil\/attachment\/movilidad-internacional-1_1\/\" data-original-link=\"https:\/\/www.uartes.edu.ec\/sitio\/wp-content\/uploads\/2026\/03\/MOVILIDAD-INTERNACIONAL-1_1.jpg\" class=\"wp-block-getwid-images-slider__image wp-image-88041\" srcset=\"https:\/\/www.uartes.edu.ec\/sitio\/wp-content\/uploads\/2026\/03\/MOVILIDAD-INTERNACIONAL-1_1.jpg 600w, https:\/\/www.uartes.edu.ec\/sitio\/wp-content\/uploads\/2026\/03\/MOVILIDAD-INTERNACIONAL-1_1-240x300.jpg 240w, https:\/\/www.uartes.edu.ec\/sitio\/wp-content\/uploads\/2026\/03\/MOVILIDAD-INTERNACIONAL-1_1-10x12.jpg 10w\" sizes=\"(max-width: 600px) 100vw, 600px\" \/><\/figure><\/div><div class=\"wp-block-getwid-images-slider__item\"><figure><img loading=\"lazy\" decoding=\"async\" width=\"600\" height=\"751\" src=\"https:\/\/www.uartes.edu.ec\/sitio\/wp-content\/uploads\/2026\/03\/MOVILIDAD-INTERNACIONAL-2_1.jpg\" data-id=\"88043\" data-link=\"https:\/\/www.uartes.edu.ec\/sitio\/la-universidad\/la-universidad\/relaciones-internacionales\/movilidad-academica-internacional-estudiantil\/attachment\/movilidad-internacional-2_1\/\" data-original-link=\"https:\/\/www.uartes.edu.ec\/sitio\/wp-content\/uploads\/2026\/03\/MOVILIDAD-INTERNACIONAL-2_1.jpg\" class=\"wp-block-getwid-images-slider__image wp-image-88043\" srcset=\"https:\/\/www.uartes.edu.ec\/sitio\/wp-content\/uploads\/2026\/03\/MOVILIDAD-INTERNACIONAL-2_1.jpg 600w, https:\/\/www.uartes.edu.ec\/sitio\/wp-content\/uploads\/2026\/03\/MOVILIDAD-INTERNACIONAL-2_1-240x300.jpg 240w, https:\/\/www.uartes.edu.ec\/sitio\/wp-content\/uploads\/2026\/03\/MOVILIDAD-INTERNACIONAL-2_1-10x12.jpg 10w\" sizes=\"(max-width: 600px) 100vw, 600px\" \/><\/figure><\/div><div class=\"wp-block-getwid-images-slider__item\"><figure><img loading=\"lazy\" decoding=\"async\" width=\"600\" height=\"751\" src=\"https:\/\/www.uartes.edu.ec\/sitio\/wp-content\/uploads\/2026\/03\/MOVILIDAD-INTERNACIONAL-3_1.jpg\" data-id=\"88042\" data-link=\"https:\/\/www.uartes.edu.ec\/sitio\/la-universidad\/la-universidad\/relaciones-internacionales\/movilidad-academica-internacional-estudiantil\/attachment\/movilidad-internacional-3_1\/\" data-original-link=\"https:\/\/www.uartes.edu.ec\/sitio\/wp-content\/uploads\/2026\/03\/MOVILIDAD-INTERNACIONAL-3_1.jpg\" class=\"wp-block-getwid-images-slider__image wp-image-88042\" srcset=\"https:\/\/www.uartes.edu.ec\/sitio\/wp-content\/uploads\/2026\/03\/MOVILIDAD-INTERNACIONAL-3_1.jpg 600w, https:\/\/www.uartes.edu.ec\/sitio\/wp-content\/uploads\/2026\/03\/MOVILIDAD-INTERNACIONAL-3_1-240x300.jpg 240w, https:\/\/www.uartes.edu.ec\/sitio\/wp-content\/uploads\/2026\/03\/MOVILIDAD-INTERNACIONAL-3_1-10x12.jpg 10w\" sizes=\"(max-width: 600px) 100vw, 600px\" \/><\/figure><\/div><div class=\"wp-block-getwid-images-slider__item\"><figure><img loading=\"lazy\" decoding=\"async\" width=\"600\" height=\"751\" src=\"https:\/\/www.uartes.edu.ec\/sitio\/wp-content\/uploads\/2026\/03\/MOVILIDAD-INTERNACIONAL-4_1-1.jpg\" data-id=\"88040\" data-link=\"https:\/\/www.uartes.edu.ec\/sitio\/la-universidad\/la-universidad\/relaciones-internacionales\/movilidad-academica-internacional-estudiantil\/attachment\/movilidad-internacional-4_1-1\/\" data-original-link=\"https:\/\/www.uartes.edu.ec\/sitio\/wp-content\/uploads\/2026\/03\/MOVILIDAD-INTERNACIONAL-4_1-1.jpg\" class=\"wp-block-getwid-images-slider__image wp-image-88040\" srcset=\"https:\/\/www.uartes.edu.ec\/sitio\/wp-content\/uploads\/2026\/03\/MOVILIDAD-INTERNACIONAL-4_1-1.jpg 600w, https:\/\/www.uartes.edu.ec\/sitio\/wp-content\/uploads\/2026\/03\/MOVILIDAD-INTERNACIONAL-4_1-1-240x300.jpg 240w, https:\/\/www.uartes.edu.ec\/sitio\/wp-content\/uploads\/2026\/03\/MOVILIDAD-INTERNACIONAL-4_1-1-10x12.jpg 10w\" sizes=\"(max-width: 600px) 100vw, 600px\" \/><\/figure><\/div><div class=\"wp-block-getwid-images-slider__item\"><figure><img loading=\"lazy\" decoding=\"async\" width=\"600\" height=\"751\" src=\"https:\/\/www.uartes.edu.ec\/sitio\/wp-content\/uploads\/2026\/03\/MOVILIDAD-INTERNACIONAL-5_1.jpg\" data-id=\"88044\" data-link=\"https:\/\/www.uartes.edu.ec\/sitio\/la-universidad\/la-universidad\/relaciones-internacionales\/movilidad-academica-internacional-estudiantil\/attachment\/movilidad-internacional-5_1\/\" data-original-link=\"https:\/\/www.uartes.edu.ec\/sitio\/wp-content\/uploads\/2026\/03\/MOVILIDAD-INTERNACIONAL-5_1.jpg\" class=\"wp-block-getwid-images-slider__image wp-image-88044\" srcset=\"https:\/\/www.uartes.edu.ec\/sitio\/wp-content\/uploads\/2026\/03\/MOVILIDAD-INTERNACIONAL-5_1.jpg 600w, https:\/\/www.uartes.edu.ec\/sitio\/wp-content\/uploads\/2026\/03\/MOVILIDAD-INTERNACIONAL-5_1-240x300.jpg 240w, https:\/\/www.uartes.edu.ec\/sitio\/wp-content\/uploads\/2026\/03\/MOVILIDAD-INTERNACIONAL-5_1-10x12.jpg 10w\" sizes=\"(max-width: 600px) 100vw, 600px\" \/><\/figure><\/div><\/div><\/div>\n\n\n\n<div style=\"height:35px\" aria-hidden=\"true\" class=\"wp-block-spacer\"><\/div>\n\n\n\n<h4 class=\"wp-block-heading\">Descarga la bases<\/h4>\n\n\n<section class='__wpdm_gb_section __wpdm_gb_package'><div class='w3eden wpdm_package_shortcode'><!-- WPDM Link Template: Call to Action 3 -->\n\n<div class=\"well c2a3\">\n    <div class=\"media\">\n        <div class=\"mr-3\" align=\"left\">\n            <img decoding=\"async\" class=\"wpdm_icon\" alt=\"Icono\" src=\"https:\/\/www.uartes.edu.ec\/sitio\/wp-content\/plugins\/download-manager\/assets\/file-type-icons\/zip.svg\" \/>\n        <\/div>\n        <div class=\"media-body\">\n            <h3 class=\"media-heading\" style=\"padding-top: 0px;border:0px;margin: 0 0 5px 0;font-size:12pt;\">\n                <a style=\"font-weight: 700\" href=\"https:\/\/www.uartes.edu.ec\/sitio\/download\/bases-de-convocatoria-de-movilidad-academicca-internacional-saliente-b-2026-2024\/\">Bases de convocatoria de Movilidad Acad\u00e9micca Internacional Saliente B 2026-2024<\/a>\n                <span style=\"font-size:8pt;font-weight:300\" class=\"text-muted ml-4\">\n                    <i class=\"fas fa-hdd mr-1\"><\/i> 2.73 MB\n                    <i class=\"ml-3 far fa-arrow-alt-circle-down mr-1\"><\/i> 1945 descargas\n                <\/span>\n            <\/h3>\n            &#8230;\n        <\/div>\n        <div class=\"ml-3\" align=\"right\">\n            <a class='wpdm-download-link download-on-click btn btn-primary btn-sm'  rel='nofollow' href='#' data-downloadurl=\"https:\/\/www.uartes.edu.ec\/sitio\/download\/bases-de-convocatoria-de-movilidad-academicca-internacional-saliente-b-2026-2024\/?wpdmdl=88037&#038;refresh=69f2f3057fc8b1777529605\">Descargar<\/a>\n        <\/div>\n    <\/div>\n\n<\/div>\n<style>\n    .well.c2a3 .btn {\n        padding: 11px 30px;\n        font-size: 11pt;\n    }\n\n    .well.c2a3 .media-body {\n        font-size: 11pt;\n    }\n\n    .well.c2a3 .wpdm_icon {\n        height: 42px;\n        width: auto;\n    }<\/style>\n<\/div><\/section><\/div><\/div>\n<\/div>\n","protected":false},"excerpt":{"rendered":"<p>La Direcci\u00f3n de Relaciones Internacionales se enorgullece en fomentar y facilitar la movilidad internacional de su comunidad estudiantil. Los convenios que mantiene la UArtes con instituciones de educaci\u00f3n superior en el exterior ofrecen a nuestros\/as estudiantes la oportunidad de ampliar sus horizontes a trav\u00e9s de una movilidad acad\u00e9mica internacional por uno o dos periodos acad\u00e9micos. [&hellip;]<\/p>\n","protected":false},"author":1,"featured_media":51686,"parent":3047,"menu_order":1,"comment_status":"closed","ping_status":"closed","template":"","meta":{"_acf_changed":false,"_uag_custom_page_level_css":"","_monsterinsights_skip_tracking":false,"_monsterinsights_sitenote_active":false,"_monsterinsights_sitenote_note":"","_monsterinsights_sitenote_category":0,"cybocfi_hide_featured_image":"","footnotes":""},"class_list":["post-51583","page","type-page","status-publish","has-post-thumbnail","hentry"],"acf":[],"yoast_head":"<!-- This site is optimized with the Yoast SEO plugin v27.4 - https:\/\/yoast.com\/product\/yoast-seo-wordpress\/ -->\n<title>Universidad de las Artes - Movilidad acad\u00e9mica internacional estudiantil<\/title>\n<meta name=\"description\" content=\"Universidad de las Artes - Movilidad acad\u00e9mica internacional estudiantil\" \/>\n<meta name=\"robots\" content=\"index, follow, max-snippet:-1, max-image-preview:large, max-video-preview:-1\" \/>\n<link rel=\"canonical\" href=\"https:\/\/www.uartes.edu.ec\/sitio\/la-universidad\/la-universidad\/relaciones-internacionales\/movilidad-academica-internacional-estudiantil\/\" \/>\n<meta property=\"og:locale\" content=\"es_ES\" \/>\n<meta property=\"og:type\" content=\"article\" \/>\n<meta property=\"og:title\" content=\"Universidad de las Artes - Movilidad acad\u00e9mica internacional estudiantil\" \/>\n<meta property=\"og:description\" content=\"Universidad de las Artes - Movilidad acad\u00e9mica internacional estudiantil\" \/>\n<meta property=\"og:url\" content=\"https:\/\/www.uartes.edu.ec\/sitio\/la-universidad\/la-universidad\/relaciones-internacionales\/movilidad-academica-internacional-estudiantil\/\" \/>\n<meta property=\"og:site_name\" content=\"Universidad de las Artes\" \/>\n<meta property=\"article:publisher\" content=\"https:\/\/www.facebook.com\/uartesec\" \/>\n<meta property=\"article:modified_time\" content=\"2026-03-20T20:58:39+00:00\" \/>\n<meta property=\"og:image\" content=\"https:\/\/www.uartes.edu.ec\/sitio\/wp-content\/uploads\/2024\/03\/01-DEBORA-ARANGO-MOVILIDAD-ESTUDIANTIL.jpg\" \/>\n\t<meta property=\"og:image:width\" content=\"2000\" \/>\n\t<meta property=\"og:image:height\" content=\"1333\" \/>\n\t<meta property=\"og:image:type\" content=\"image\/jpeg\" \/>\n<meta name=\"twitter:card\" content=\"summary_large_image\" \/>\n<meta name=\"twitter:site\" content=\"@uartesec\" \/>\n<meta name=\"twitter:label1\" content=\"Tiempo de lectura\" \/>\n\t<meta name=\"twitter:data1\" content=\"9 minutos\" \/>\n<script type=\"application\/ld+json\" class=\"yoast-schema-graph\">{\"@context\":\"https:\\\/\\\/schema.org\",\"@graph\":[{\"@type\":\"WebPage\",\"@id\":\"https:\\\/\\\/www.uartes.edu.ec\\\/sitio\\\/la-universidad\\\/la-universidad\\\/relaciones-internacionales\\\/movilidad-academica-internacional-estudiantil\\\/\",\"url\":\"https:\\\/\\\/www.uartes.edu.ec\\\/sitio\\\/la-universidad\\\/la-universidad\\\/relaciones-internacionales\\\/movilidad-academica-internacional-estudiantil\\\/\",\"name\":\"Universidad de las Artes - Movilidad acad\u00e9mica internacional estudiantil\",\"isPartOf\":{\"@id\":\"https:\\\/\\\/www.uartes.edu.ec\\\/sitio\\\/#website\"},\"primaryImageOfPage\":{\"@id\":\"https:\\\/\\\/www.uartes.edu.ec\\\/sitio\\\/la-universidad\\\/la-universidad\\\/relaciones-internacionales\\\/movilidad-academica-internacional-estudiantil\\\/#primaryimage\"},\"image\":{\"@id\":\"https:\\\/\\\/www.uartes.edu.ec\\\/sitio\\\/la-universidad\\\/la-universidad\\\/relaciones-internacionales\\\/movilidad-academica-internacional-estudiantil\\\/#primaryimage\"},\"thumbnailUrl\":\"https:\\\/\\\/www.uartes.edu.ec\\\/sitio\\\/wp-content\\\/uploads\\\/2024\\\/03\\\/01-DEBORA-ARANGO-MOVILIDAD-ESTUDIANTIL.jpg\",\"datePublished\":\"2024-03-15T17:14:26+00:00\",\"dateModified\":\"2026-03-20T20:58:39+00:00\",\"description\":\"Universidad de las Artes - Movilidad acad\u00e9mica internacional estudiantil\",\"breadcrumb\":{\"@id\":\"https:\\\/\\\/www.uartes.edu.ec\\\/sitio\\\/la-universidad\\\/la-universidad\\\/relaciones-internacionales\\\/movilidad-academica-internacional-estudiantil\\\/#breadcrumb\"},\"inLanguage\":\"es\",\"potentialAction\":[{\"@type\":\"ReadAction\",\"target\":[\"https:\\\/\\\/www.uartes.edu.ec\\\/sitio\\\/la-universidad\\\/la-universidad\\\/relaciones-internacionales\\\/movilidad-academica-internacional-estudiantil\\\/\"]}]},{\"@type\":\"ImageObject\",\"inLanguage\":\"es\",\"@id\":\"https:\\\/\\\/www.uartes.edu.ec\\\/sitio\\\/la-universidad\\\/la-universidad\\\/relaciones-internacionales\\\/movilidad-academica-internacional-estudiantil\\\/#primaryimage\",\"url\":\"https:\\\/\\\/www.uartes.edu.ec\\\/sitio\\\/wp-content\\\/uploads\\\/2024\\\/03\\\/01-DEBORA-ARANGO-MOVILIDAD-ESTUDIANTIL.jpg\",\"contentUrl\":\"https:\\\/\\\/www.uartes.edu.ec\\\/sitio\\\/wp-content\\\/uploads\\\/2024\\\/03\\\/01-DEBORA-ARANGO-MOVILIDAD-ESTUDIANTIL.jpg\",\"width\":2000,\"height\":1333},{\"@type\":\"BreadcrumbList\",\"@id\":\"https:\\\/\\\/www.uartes.edu.ec\\\/sitio\\\/la-universidad\\\/la-universidad\\\/relaciones-internacionales\\\/movilidad-academica-internacional-estudiantil\\\/#breadcrumb\",\"itemListElement\":[{\"@type\":\"ListItem\",\"position\":1,\"name\":\"Inicio\",\"item\":\"https:\\\/\\\/www.uartes.edu.ec\\\/sitio\\\/\"},{\"@type\":\"ListItem\",\"position\":2,\"name\":\"Universidad de las Artes\",\"item\":\"https:\\\/\\\/www.uartes.edu.ec\\\/sitio\\\/\"},{\"@type\":\"ListItem\",\"position\":3,\"name\":\"La Universidad\",\"item\":\"https:\\\/\\\/www.uartes.edu.ec\\\/sitio\\\/la-universidad\\\/la-universidad\\\/\"},{\"@type\":\"ListItem\",\"position\":4,\"name\":\"Relaciones Internacionales\",\"item\":\"https:\\\/\\\/www.uartes.edu.ec\\\/sitio\\\/la-universidad\\\/la-universidad\\\/relaciones-internacionales\\\/\"},{\"@type\":\"ListItem\",\"position\":5,\"name\":\"Movilidad acad\u00e9mica internacional estudiantil\"}]},{\"@type\":\"WebSite\",\"@id\":\"https:\\\/\\\/www.uartes.edu.ec\\\/sitio\\\/#website\",\"url\":\"https:\\\/\\\/www.uartes.edu.ec\\\/sitio\\\/\",\"name\":\"Universidad de las Artes\",\"description\":\"Sitio oficial de la Universidad Nacional de las Artes del Ecuador\",\"publisher\":{\"@id\":\"https:\\\/\\\/www.uartes.edu.ec\\\/sitio\\\/#organization\"},\"potentialAction\":[{\"@type\":\"SearchAction\",\"target\":{\"@type\":\"EntryPoint\",\"urlTemplate\":\"https:\\\/\\\/www.uartes.edu.ec\\\/sitio\\\/?s={search_term_string}\"},\"query-input\":{\"@type\":\"PropertyValueSpecification\",\"valueRequired\":true,\"valueName\":\"search_term_string\"}}],\"inLanguage\":\"es\"},{\"@type\":\"Organization\",\"@id\":\"https:\\\/\\\/www.uartes.edu.ec\\\/sitio\\\/#organization\",\"name\":\"Universidad de las Artes\",\"url\":\"https:\\\/\\\/www.uartes.edu.ec\\\/sitio\\\/\",\"logo\":{\"@type\":\"ImageObject\",\"inLanguage\":\"es\",\"@id\":\"https:\\\/\\\/www.uartes.edu.ec\\\/sitio\\\/#\\\/schema\\\/logo\\\/image\\\/\",\"url\":\"https:\\\/\\\/www.uartes.edu.ec\\\/sitio\\\/wp-content\\\/uploads\\\/2022\\\/07\\\/logo-ua-horizontal.png\",\"contentUrl\":\"https:\\\/\\\/www.uartes.edu.ec\\\/sitio\\\/wp-content\\\/uploads\\\/2022\\\/07\\\/logo-ua-horizontal.png\",\"width\":800,\"height\":276,\"caption\":\"Universidad de las Artes\"},\"image\":{\"@id\":\"https:\\\/\\\/www.uartes.edu.ec\\\/sitio\\\/#\\\/schema\\\/logo\\\/image\\\/\"},\"sameAs\":[\"https:\\\/\\\/www.facebook.com\\\/uartesec\",\"https:\\\/\\\/x.com\\\/uartesec\",\"https:\\\/\\\/www.tiktok.com\\\/@uartesec\"]}]}<\/script>\n<!-- \/ Yoast SEO plugin. -->","yoast_head_json":{"title":"Universidad de las Artes - Movilidad acad\u00e9mica internacional estudiantil","description":"Universidad de las Artes - Movilidad acad\u00e9mica internacional estudiantil","robots":{"index":"index","follow":"follow","max-snippet":"max-snippet:-1","max-image-preview":"max-image-preview:large","max-video-preview":"max-video-preview:-1"},"canonical":"https:\/\/www.uartes.edu.ec\/sitio\/la-universidad\/la-universidad\/relaciones-internacionales\/movilidad-academica-internacional-estudiantil\/","og_locale":"es_ES","og_type":"article","og_title":"Universidad de las Artes - Movilidad acad\u00e9mica internacional estudiantil","og_description":"Universidad de las Artes - Movilidad acad\u00e9mica internacional estudiantil","og_url":"https:\/\/www.uartes.edu.ec\/sitio\/la-universidad\/la-universidad\/relaciones-internacionales\/movilidad-academica-internacional-estudiantil\/","og_site_name":"Universidad de las Artes","article_publisher":"https:\/\/www.facebook.com\/uartesec","article_modified_time":"2026-03-20T20:58:39+00:00","og_image":[{"width":2000,"height":1333,"url":"https:\/\/www.uartes.edu.ec\/sitio\/wp-content\/uploads\/2024\/03\/01-DEBORA-ARANGO-MOVILIDAD-ESTUDIANTIL.jpg","type":"image\/jpeg"}],"twitter_card":"summary_large_image","twitter_site":"@uartesec","twitter_misc":{"Tiempo de lectura":"9 minutos"},"schema":{"@context":"https:\/\/schema.org","@graph":[{"@type":"WebPage","@id":"https:\/\/www.uartes.edu.ec\/sitio\/la-universidad\/la-universidad\/relaciones-internacionales\/movilidad-academica-internacional-estudiantil\/","url":"https:\/\/www.uartes.edu.ec\/sitio\/la-universidad\/la-universidad\/relaciones-internacionales\/movilidad-academica-internacional-estudiantil\/","name":"Universidad de las Artes - Movilidad acad\u00e9mica internacional estudiantil","isPartOf":{"@id":"https:\/\/www.uartes.edu.ec\/sitio\/#website"},"primaryImageOfPage":{"@id":"https:\/\/www.uartes.edu.ec\/sitio\/la-universidad\/la-universidad\/relaciones-internacionales\/movilidad-academica-internacional-estudiantil\/#primaryimage"},"image":{"@id":"https:\/\/www.uartes.edu.ec\/sitio\/la-universidad\/la-universidad\/relaciones-internacionales\/movilidad-academica-internacional-estudiantil\/#primaryimage"},"thumbnailUrl":"https:\/\/www.uartes.edu.ec\/sitio\/wp-content\/uploads\/2024\/03\/01-DEBORA-ARANGO-MOVILIDAD-ESTUDIANTIL.jpg","datePublished":"2024-03-15T17:14:26+00:00","dateModified":"2026-03-20T20:58:39+00:00","description":"Universidad de las Artes - Movilidad acad\u00e9mica internacional estudiantil","breadcrumb":{"@id":"https:\/\/www.uartes.edu.ec\/sitio\/la-universidad\/la-universidad\/relaciones-internacionales\/movilidad-academica-internacional-estudiantil\/#breadcrumb"},"inLanguage":"es","potentialAction":[{"@type":"ReadAction","target":["https:\/\/www.uartes.edu.ec\/sitio\/la-universidad\/la-universidad\/relaciones-internacionales\/movilidad-academica-internacional-estudiantil\/"]}]},{"@type":"ImageObject","inLanguage":"es","@id":"https:\/\/www.uartes.edu.ec\/sitio\/la-universidad\/la-universidad\/relaciones-internacionales\/movilidad-academica-internacional-estudiantil\/#primaryimage","url":"https:\/\/www.uartes.edu.ec\/sitio\/wp-content\/uploads\/2024\/03\/01-DEBORA-ARANGO-MOVILIDAD-ESTUDIANTIL.jpg","contentUrl":"https:\/\/www.uartes.edu.ec\/sitio\/wp-content\/uploads\/2024\/03\/01-DEBORA-ARANGO-MOVILIDAD-ESTUDIANTIL.jpg","width":2000,"height":1333},{"@type":"BreadcrumbList","@id":"https:\/\/www.uartes.edu.ec\/sitio\/la-universidad\/la-universidad\/relaciones-internacionales\/movilidad-academica-internacional-estudiantil\/#breadcrumb","itemListElement":[{"@type":"ListItem","position":1,"name":"Inicio","item":"https:\/\/www.uartes.edu.ec\/sitio\/"},{"@type":"ListItem","position":2,"name":"Universidad de las Artes","item":"https:\/\/www.uartes.edu.ec\/sitio\/"},{"@type":"ListItem","position":3,"name":"La Universidad","item":"https:\/\/www.uartes.edu.ec\/sitio\/la-universidad\/la-universidad\/"},{"@type":"ListItem","position":4,"name":"Relaciones Internacionales","item":"https:\/\/www.uartes.edu.ec\/sitio\/la-universidad\/la-universidad\/relaciones-internacionales\/"},{"@type":"ListItem","position":5,"name":"Movilidad acad\u00e9mica internacional estudiantil"}]},{"@type":"WebSite","@id":"https:\/\/www.uartes.edu.ec\/sitio\/#website","url":"https:\/\/www.uartes.edu.ec\/sitio\/","name":"Universidad de las Artes","description":"Sitio oficial de la Universidad Nacional de las Artes del Ecuador","publisher":{"@id":"https:\/\/www.uartes.edu.ec\/sitio\/#organization"},"potentialAction":[{"@type":"SearchAction","target":{"@type":"EntryPoint","urlTemplate":"https:\/\/www.uartes.edu.ec\/sitio\/?s={search_term_string}"},"query-input":{"@type":"PropertyValueSpecification","valueRequired":true,"valueName":"search_term_string"}}],"inLanguage":"es"},{"@type":"Organization","@id":"https:\/\/www.uartes.edu.ec\/sitio\/#organization","name":"Universidad de las Artes","url":"https:\/\/www.uartes.edu.ec\/sitio\/","logo":{"@type":"ImageObject","inLanguage":"es","@id":"https:\/\/www.uartes.edu.ec\/sitio\/#\/schema\/logo\/image\/","url":"https:\/\/www.uartes.edu.ec\/sitio\/wp-content\/uploads\/2022\/07\/logo-ua-horizontal.png","contentUrl":"https:\/\/www.uartes.edu.ec\/sitio\/wp-content\/uploads\/2022\/07\/logo-ua-horizontal.png","width":800,"height":276,"caption":"Universidad de las Artes"},"image":{"@id":"https:\/\/www.uartes.edu.ec\/sitio\/#\/schema\/logo\/image\/"},"sameAs":["https:\/\/www.facebook.com\/uartesec","https:\/\/x.com\/uartesec","https:\/\/www.tiktok.com\/@uartesec"]}]}},"uagb_featured_image_src":{"full":["https:\/\/www.uartes.edu.ec\/sitio\/wp-content\/uploads\/2024\/03\/01-DEBORA-ARANGO-MOVILIDAD-ESTUDIANTIL.jpg",2000,1333,false],"thumbnail":["https:\/\/www.uartes.edu.ec\/sitio\/wp-content\/uploads\/2024\/03\/01-DEBORA-ARANGO-MOVILIDAD-ESTUDIANTIL-150x150.jpg",150,150,true],"medium":["https:\/\/www.uartes.edu.ec\/sitio\/wp-content\/uploads\/2024\/03\/01-DEBORA-ARANGO-MOVILIDAD-ESTUDIANTIL-300x200.jpg",300,200,true],"medium_large":["https:\/\/www.uartes.edu.ec\/sitio\/wp-content\/uploads\/2024\/03\/01-DEBORA-ARANGO-MOVILIDAD-ESTUDIANTIL-768x512.jpg",768,512,true],"large":["https:\/\/www.uartes.edu.ec\/sitio\/wp-content\/uploads\/2024\/03\/01-DEBORA-ARANGO-MOVILIDAD-ESTUDIANTIL-644x429.jpg",644,429,true],"1536x1536":["https:\/\/www.uartes.edu.ec\/sitio\/wp-content\/uploads\/2024\/03\/01-DEBORA-ARANGO-MOVILIDAD-ESTUDIANTIL-1536x1024.jpg",1536,1024,true],"2048x2048":["https:\/\/www.uartes.edu.ec\/sitio\/wp-content\/uploads\/2024\/03\/01-DEBORA-ARANGO-MOVILIDAD-ESTUDIANTIL.jpg",2000,1333,false],"trp-custom-language-flag":["https:\/\/www.uartes.edu.ec\/sitio\/wp-content\/uploads\/2024\/03\/01-DEBORA-ARANGO-MOVILIDAD-ESTUDIANTIL.jpg",18,12,false],"htmega_size_585x295":["https:\/\/www.uartes.edu.ec\/sitio\/wp-content\/uploads\/2024\/03\/01-DEBORA-ARANGO-MOVILIDAD-ESTUDIANTIL-585x295.jpg",585,295,true],"htmega_size_1170x536":["https:\/\/www.uartes.edu.ec\/sitio\/wp-content\/uploads\/2024\/03\/01-DEBORA-ARANGO-MOVILIDAD-ESTUDIANTIL-1170x536.jpg",1170,536,true],"htmega_size_396x360":["https:\/\/www.uartes.edu.ec\/sitio\/wp-content\/uploads\/2024\/03\/01-DEBORA-ARANGO-MOVILIDAD-ESTUDIANTIL-396x360.jpg",396,360,true],"gb-block-post-grid-landscape":["https:\/\/www.uartes.edu.ec\/sitio\/wp-content\/uploads\/2024\/03\/01-DEBORA-ARANGO-MOVILIDAD-ESTUDIANTIL-600x400.jpg",600,400,true],"gb-block-post-grid-square":["https:\/\/www.uartes.edu.ec\/sitio\/wp-content\/uploads\/2024\/03\/01-DEBORA-ARANGO-MOVILIDAD-ESTUDIANTIL-600x600.jpg",600,600,true],"university-hub-thumb":["https:\/\/www.uartes.edu.ec\/sitio\/wp-content\/uploads\/2024\/03\/01-DEBORA-ARANGO-MOVILIDAD-ESTUDIANTIL-400x267.jpg",400,267,true]},"uagb_author_info":{"display_name":"Universidad de las Artes","author_link":"https:\/\/www.uartes.edu.ec\/sitio\/blog\/author\/dircomadm\/"},"uagb_comment_info":0,"uagb_excerpt":"La Direcci\u00f3n de Relaciones Internacionales se enorgullece en fomentar y facilitar la movilidad internacional de su comunidad estudiantil. Los convenios que mantiene la UArtes con instituciones de educaci\u00f3n superior en el exterior ofrecen a nuestros\/as estudiantes la oportunidad de ampliar sus horizontes a trav\u00e9s de una movilidad acad\u00e9mica internacional por uno o dos periodos acad\u00e9micos.&hellip;","featured_image_src":"https:\/\/www.uartes.edu.ec\/sitio\/wp-content\/uploads\/2024\/03\/01-DEBORA-ARANGO-MOVILIDAD-ESTUDIANTIL-600x400.jpg","featured_image_src_square":"https:\/\/www.uartes.edu.ec\/sitio\/wp-content\/uploads\/2024\/03\/01-DEBORA-ARANGO-MOVILIDAD-ESTUDIANTIL-600x600.jpg","publishpress_future_action":{"enabled":false,"date":"2026-05-07 01:13:29","action":"change-status","newStatus":"draft","terms":[],"taxonomy":"","extraData":[]},"publishpress_future_workflow_manual_trigger":{"enabledWorkflows":[]},"distributor_meta":false,"distributor_terms":false,"distributor_media":false,"distributor_original_site_name":"Universidad de las Artes","distributor_original_site_url":"https:\/\/www.uartes.edu.ec\/sitio","push-errors":false,"_links":{"self":[{"href":"https:\/\/www.uartes.edu.ec\/sitio\/wp-json\/wp\/v2\/pages\/51583","targetHints":{"allow":["GET"]}}],"collection":[{"href":"https:\/\/www.uartes.edu.ec\/sitio\/wp-json\/wp\/v2\/pages"}],"about":[{"href":"https:\/\/www.uartes.edu.ec\/sitio\/wp-json\/wp\/v2\/types\/page"}],"author":[{"embeddable":true,"href":"https:\/\/www.uartes.edu.ec\/sitio\/wp-json\/wp\/v2\/users\/1"}],"replies":[{"embeddable":true,"href":"https:\/\/www.uartes.edu.ec\/sitio\/wp-json\/wp\/v2\/comments?post=51583"}],"version-history":[{"count":18,"href":"https:\/\/www.uartes.edu.ec\/sitio\/wp-json\/wp\/v2\/pages\/51583\/revisions"}],"predecessor-version":[{"id":88051,"href":"https:\/\/www.uartes.edu.ec\/sitio\/wp-json\/wp\/v2\/pages\/51583\/revisions\/88051"}],"up":[{"embeddable":true,"href":"https:\/\/www.uartes.edu.ec\/sitio\/wp-json\/wp\/v2\/pages\/3047"}],"wp:featuredmedia":[{"embeddable":true,"href":"https:\/\/www.uartes.edu.ec\/sitio\/wp-json\/wp\/v2\/media\/51686"}],"wp:attachment":[{"href":"https:\/\/www.uartes.edu.ec\/sitio\/wp-json\/wp\/v2\/media?parent=51583"}],"curies":[{"name":"wp","href":"https:\/\/api.w.org\/{rel}","templated":true}]}}