{"id":52167,"date":"2024-04-03T12:48:52","date_gmt":"2024-04-03T17:48:52","guid":{"rendered":"https:\/\/www.uartes.edu.ec\/sitio\/?page_id=52167"},"modified":"2024-07-04T11:19:11","modified_gmt":"2024-07-04T16:19:11","slug":"2023-2","status":"publish","type":"page","link":"https:\/\/www.uartes.edu.ec\/sitio\/la-universidad\/ocs\/miembros\/2023\/","title":{"rendered":"2023"},"content":{"rendered":"\n<h2 class=\"wp-block-heading\" id=\"maximas-autoridades\">Miembros anteriores del OCS<\/h2>\n\n\n\n<div class=\"wp-block-getwid-advanced-spacer\" style=\"height:50px\" aria-hidden=\"true\"><\/div>\n\n\n\n<h2 class=\"wp-block-heading\" id=\"directores\">Directores<\/h2>\n\n\n\n<div class=\"wp-block-columns is-layout-flex wp-container-core-columns-is-layout-9d6595d7 wp-block-columns-is-layout-flex\">\n<div class=\"wp-block-column is-layout-flow wp-block-column-is-layout-flow\"><div class=\"wp-block-image is-style-rounded\">\n<figure class=\"aligncenter size-full is-resized\"><img fetchpriority=\"high\" decoding=\"async\" width=\"360\" height=\"360\" src=\"http:\/\/www.uartes.edu.ec\/sitio\/wp-content\/uploads\/2021\/11\/ocs-Diana-Medina-Docente.jpg\" alt=\"\" class=\"wp-image-16828\" style=\"width:200px;height:200px\" srcset=\"https:\/\/www.uartes.edu.ec\/sitio\/wp-content\/uploads\/2021\/11\/ocs-Diana-Medina-Docente.jpg 360w, https:\/\/www.uartes.edu.ec\/sitio\/wp-content\/uploads\/2021\/11\/ocs-Diana-Medina-Docente-300x300.jpg 300w, https:\/\/www.uartes.edu.ec\/sitio\/wp-content\/uploads\/2021\/11\/ocs-Diana-Medina-Docente-150x150.jpg 150w, https:\/\/www.uartes.edu.ec\/sitio\/wp-content\/uploads\/2021\/11\/ocs-Diana-Medina-Docente-60x60.jpg 60w, https:\/\/www.uartes.edu.ec\/sitio\/wp-content\/uploads\/2021\/11\/ocs-Diana-Medina-Docente-100x100.jpg 100w\" sizes=\"(max-width: 360px) 100vw, 360px\" \/><\/figure>\n<\/div>\n\n\n<p class=\"has-text-align-center\">Diana Josefina Medina Melendez<br><strong><strong>Director de la Escuela de Posgrados<\/strong><\/strong><\/p>\n<\/div>\n\n\n\n<div class=\"wp-block-column is-layout-flow wp-block-column-is-layout-flow\"><div class=\"wp-block-image is-style-rounded\">\n<figure class=\"aligncenter size-full is-resized\"><img decoding=\"async\" width=\"500\" height=\"500\" src=\"http:\/\/www.uartes.edu.ec\/sitio\/wp-content\/uploads\/2021\/11\/ocs-XAVIER-PATINO.jpg\" alt=\"\" class=\"wp-image-16835\" style=\"width:200px;height:200px\" srcset=\"https:\/\/www.uartes.edu.ec\/sitio\/wp-content\/uploads\/2021\/11\/ocs-XAVIER-PATINO.jpg 500w, https:\/\/www.uartes.edu.ec\/sitio\/wp-content\/uploads\/2021\/11\/ocs-XAVIER-PATINO-300x300.jpg 300w, https:\/\/www.uartes.edu.ec\/sitio\/wp-content\/uploads\/2021\/11\/ocs-XAVIER-PATINO-150x150.jpg 150w, https:\/\/www.uartes.edu.ec\/sitio\/wp-content\/uploads\/2021\/11\/ocs-XAVIER-PATINO-60x60.jpg 60w, https:\/\/www.uartes.edu.ec\/sitio\/wp-content\/uploads\/2021\/11\/ocs-XAVIER-PATINO-100x100.jpg 100w\" sizes=\"(max-width: 500px) 100vw, 500px\" \/><\/figure>\n<\/div>\n\n\n<p class=\"has-text-align-center\">Jorge Antonio Xavier Pati\u00f1o Balda<br><strong><strong>Director de la Escuela de Artes Visuales<\/strong><\/strong><\/p>\n<\/div>\n\n\n\n<div class=\"wp-block-column is-layout-flow wp-block-column-is-layout-flow\"><div class=\"wp-block-image is-style-rounded\">\n<figure class=\"aligncenter size-full is-resized\"><img decoding=\"async\" width=\"512\" height=\"512\" src=\"http:\/\/www.uartes.edu.ec\/sitio\/wp-content\/uploads\/2021\/11\/ocs-Pedro-Cagigal-foto.jpg\" alt=\"\" class=\"wp-image-16833\" style=\"width:200px;height:200px\" srcset=\"https:\/\/www.uartes.edu.ec\/sitio\/wp-content\/uploads\/2021\/11\/ocs-Pedro-Cagigal-foto.jpg 512w, https:\/\/www.uartes.edu.ec\/sitio\/wp-content\/uploads\/2021\/11\/ocs-Pedro-Cagigal-foto-300x300.jpg 300w, https:\/\/www.uartes.edu.ec\/sitio\/wp-content\/uploads\/2021\/11\/ocs-Pedro-Cagigal-foto-150x150.jpg 150w, https:\/\/www.uartes.edu.ec\/sitio\/wp-content\/uploads\/2021\/11\/ocs-Pedro-Cagigal-foto-60x60.jpg 60w, https:\/\/www.uartes.edu.ec\/sitio\/wp-content\/uploads\/2021\/11\/ocs-Pedro-Cagigal-foto-100x100.jpg 100w\" sizes=\"(max-width: 512px) 100vw, 512px\" \/><\/figure>\n<\/div>\n\n\n<p class=\"has-text-align-center\">Pedro Jose Cagigal Guayasamin<br><strong><strong>Director de Escuela de Cine<\/strong><\/strong><\/p>\n<\/div>\n<\/div>\n\n\n\n<div class=\"wp-block-columns is-layout-flex wp-container-core-columns-is-layout-9d6595d7 wp-block-columns-is-layout-flex\">\n<div class=\"wp-block-column is-layout-flow wp-block-column-is-layout-flow\"><div class=\"wp-block-image is-style-rounded\">\n<figure class=\"aligncenter size-full is-resized\"><img loading=\"lazy\" decoding=\"async\" width=\"318\" height=\"318\" src=\"http:\/\/www.uartes.edu.ec\/sitio\/wp-content\/uploads\/2021\/11\/ocs-Andrey-Astaiza.jpg\" alt=\"\" class=\"wp-image-16839\" style=\"width:200px;height:200px\" srcset=\"https:\/\/www.uartes.edu.ec\/sitio\/wp-content\/uploads\/2021\/11\/ocs-Andrey-Astaiza.jpg 318w, https:\/\/www.uartes.edu.ec\/sitio\/wp-content\/uploads\/2021\/11\/ocs-Andrey-Astaiza-300x300.jpg 300w, https:\/\/www.uartes.edu.ec\/sitio\/wp-content\/uploads\/2021\/11\/ocs-Andrey-Astaiza-150x150.jpg 150w, https:\/\/www.uartes.edu.ec\/sitio\/wp-content\/uploads\/2021\/11\/ocs-Andrey-Astaiza-60x60.jpg 60w, https:\/\/www.uartes.edu.ec\/sitio\/wp-content\/uploads\/2021\/11\/ocs-Andrey-Astaiza-100x100.jpg 100w\" sizes=\"(max-width: 318px) 100vw, 318px\" \/><\/figure>\n<\/div>\n\n\n<p class=\"has-text-align-center\">Andrey Mijail Astaiza Vallejo<br><strong><strong>Director de la Escuela de Artes Sonoras y Musicales (E)<\/strong><\/strong><\/p>\n<\/div>\n\n\n\n<div class=\"wp-block-column is-layout-flow wp-block-column-is-layout-flow\"><div class=\"wp-block-image is-style-rounded\">\n<figure class=\"aligncenter size-full is-resized\"><img loading=\"lazy\" decoding=\"async\" width=\"500\" height=\"501\" src=\"http:\/\/www.uartes.edu.ec\/sitio\/wp-content\/uploads\/2021\/11\/Bertha-Diaz.jpg\" alt=\"\" class=\"wp-image-16804\" style=\"width:200px;height:200px\" srcset=\"https:\/\/www.uartes.edu.ec\/sitio\/wp-content\/uploads\/2021\/11\/Bertha-Diaz.jpg 500w, https:\/\/www.uartes.edu.ec\/sitio\/wp-content\/uploads\/2021\/11\/Bertha-Diaz-300x300.jpg 300w, https:\/\/www.uartes.edu.ec\/sitio\/wp-content\/uploads\/2021\/11\/Bertha-Diaz-150x150.jpg 150w, https:\/\/www.uartes.edu.ec\/sitio\/wp-content\/uploads\/2021\/11\/Bertha-Diaz-60x60.jpg 60w, https:\/\/www.uartes.edu.ec\/sitio\/wp-content\/uploads\/2021\/11\/Bertha-Diaz-299x300.jpg 299w, https:\/\/www.uartes.edu.ec\/sitio\/wp-content\/uploads\/2021\/11\/Bertha-Diaz-100x100.jpg 100w\" sizes=\"(max-width: 500px) 100vw, 500px\" \/><\/figure>\n<\/div>\n\n\n<p class=\"has-text-align-center\">Bertha Del Rocio Diaz Martinez<br><strong><strong>Directora de la Escuela de Artes Escenicas<\/strong><\/strong><\/p>\n<\/div>\n\n\n\n<div class=\"wp-block-column is-layout-flow wp-block-column-is-layout-flow\"><div class=\"wp-block-image is-style-rounded\">\n<figure class=\"aligncenter size-full is-resized\"><img loading=\"lazy\" decoding=\"async\" width=\"500\" height=\"500\" src=\"http:\/\/www.uartes.edu.ec\/sitio\/wp-content\/uploads\/2021\/11\/Maria-Alejandra-Zambrano.jpg\" alt=\"\" class=\"wp-image-16809\" style=\"width:200px;height:200px\" srcset=\"https:\/\/www.uartes.edu.ec\/sitio\/wp-content\/uploads\/2021\/11\/Maria-Alejandra-Zambrano.jpg 500w, https:\/\/www.uartes.edu.ec\/sitio\/wp-content\/uploads\/2021\/11\/Maria-Alejandra-Zambrano-300x300.jpg 300w, https:\/\/www.uartes.edu.ec\/sitio\/wp-content\/uploads\/2021\/11\/Maria-Alejandra-Zambrano-150x150.jpg 150w, https:\/\/www.uartes.edu.ec\/sitio\/wp-content\/uploads\/2021\/11\/Maria-Alejandra-Zambrano-60x60.jpg 60w, https:\/\/www.uartes.edu.ec\/sitio\/wp-content\/uploads\/2021\/11\/Maria-Alejandra-Zambrano-100x100.jpg 100w\" sizes=\"(max-width: 500px) 100vw, 500px\" \/><\/figure>\n<\/div>\n\n\n<p class=\"has-text-align-center\">Maria Alejandra Zambrano Murillo<br><strong><strong>Directora de la Escuela de Literatura<\/strong><\/strong><\/p>\n<\/div>\n<\/div>\n\n\n\n<div class=\"wp-block-getwid-advanced-spacer getwid-hide-mobile\" style=\"height:50px\" aria-hidden=\"true\"><\/div>\n\n\n\n<h2 class=\"wp-block-heading\" id=\"estudiantiles\">Representantes estudiantiles<\/h2>\n\n\n\n<div class=\"wp-block-columns is-layout-flex wp-container-core-columns-is-layout-9d6595d7 wp-block-columns-is-layout-flex\">\n<div class=\"wp-block-column is-layout-flow wp-block-column-is-layout-flow\"><div class=\"wp-block-image is-style-rounded\">\n<figure class=\"aligncenter size-large is-resized\"><img loading=\"lazy\" decoding=\"async\" width=\"644\" height=\"644\" src=\"https:\/\/www.uartes.edu.ec\/sitio\/wp-content\/uploads\/2023\/03\/Foto-Danny-Vega-644x644.jpg\" alt=\"\" class=\"wp-image-38624\" style=\"width:125px;height:125px\" srcset=\"https:\/\/www.uartes.edu.ec\/sitio\/wp-content\/uploads\/2023\/03\/Foto-Danny-Vega-644x644.jpg 644w, https:\/\/www.uartes.edu.ec\/sitio\/wp-content\/uploads\/2023\/03\/Foto-Danny-Vega-300x300.jpg 300w, https:\/\/www.uartes.edu.ec\/sitio\/wp-content\/uploads\/2023\/03\/Foto-Danny-Vega-150x150.jpg 150w, https:\/\/www.uartes.edu.ec\/sitio\/wp-content\/uploads\/2023\/03\/Foto-Danny-Vega-768x768.jpg 768w, https:\/\/www.uartes.edu.ec\/sitio\/wp-content\/uploads\/2023\/03\/Foto-Danny-Vega-60x60.jpg 60w, https:\/\/www.uartes.edu.ec\/sitio\/wp-content\/uploads\/2023\/03\/Foto-Danny-Vega-600x600.jpg 600w, https:\/\/www.uartes.edu.ec\/sitio\/wp-content\/uploads\/2023\/03\/Foto-Danny-Vega-100x100.jpg 100w, https:\/\/www.uartes.edu.ec\/sitio\/wp-content\/uploads\/2023\/03\/Foto-Danny-Vega-560x560.jpg 560w, https:\/\/www.uartes.edu.ec\/sitio\/wp-content\/uploads\/2023\/03\/Foto-Danny-Vega.jpg 800w\" sizes=\"(max-width: 644px) 100vw, 644px\" \/><\/figure>\n<\/div>\n\n\n<p class=\"has-text-align-center\">Danny Esteban Robles Vega<br><strong><strong>Escuela de Artes Sonoras<\/strong><\/strong><\/p>\n<\/div>\n\n\n\n<div class=\"wp-block-column is-layout-flow wp-block-column-is-layout-flow\"><div class=\"wp-block-image is-style-rounded\">\n<figure class=\"aligncenter size-large is-resized\"><img loading=\"lazy\" decoding=\"async\" width=\"644\" height=\"644\" src=\"https:\/\/www.uartes.edu.ec\/sitio\/wp-content\/uploads\/2023\/03\/foto-Andrea-Abad-644x644.jpg\" alt=\"\" class=\"wp-image-38623\" style=\"width:125px;height:125px\" srcset=\"https:\/\/www.uartes.edu.ec\/sitio\/wp-content\/uploads\/2023\/03\/foto-Andrea-Abad-644x644.jpg 644w, https:\/\/www.uartes.edu.ec\/sitio\/wp-content\/uploads\/2023\/03\/foto-Andrea-Abad-300x300.jpg 300w, https:\/\/www.uartes.edu.ec\/sitio\/wp-content\/uploads\/2023\/03\/foto-Andrea-Abad-150x150.jpg 150w, https:\/\/www.uartes.edu.ec\/sitio\/wp-content\/uploads\/2023\/03\/foto-Andrea-Abad-768x768.jpg 768w, https:\/\/www.uartes.edu.ec\/sitio\/wp-content\/uploads\/2023\/03\/foto-Andrea-Abad-60x60.jpg 60w, https:\/\/www.uartes.edu.ec\/sitio\/wp-content\/uploads\/2023\/03\/foto-Andrea-Abad-600x600.jpg 600w, https:\/\/www.uartes.edu.ec\/sitio\/wp-content\/uploads\/2023\/03\/foto-Andrea-Abad-100x100.jpg 100w, https:\/\/www.uartes.edu.ec\/sitio\/wp-content\/uploads\/2023\/03\/foto-Andrea-Abad-560x560.jpg 560w, https:\/\/www.uartes.edu.ec\/sitio\/wp-content\/uploads\/2023\/03\/foto-Andrea-Abad.jpg 1080w\" sizes=\"(max-width: 644px) 100vw, 644px\" \/><\/figure>\n<\/div>\n\n\n<p class=\"has-text-align-center\">Andrea Veronica Abad P\u00efta<br><strong><strong>Escuela de Artes Sonoras (Alterno)<\/strong><\/strong><\/p>\n<\/div>\n\n\n\n<div class=\"wp-block-column is-layout-flow wp-block-column-is-layout-flow\"><div class=\"wp-block-image is-style-rounded\">\n<figure class=\"aligncenter size-large is-resized\"><img loading=\"lazy\" decoding=\"async\" width=\"644\" height=\"644\" src=\"https:\/\/www.uartes.edu.ec\/sitio\/wp-content\/uploads\/2023\/03\/foto-Ailyn-Wong-644x644.jpg\" alt=\"\" class=\"wp-image-38626\" style=\"width:125px;height:125px\" srcset=\"https:\/\/www.uartes.edu.ec\/sitio\/wp-content\/uploads\/2023\/03\/foto-Ailyn-Wong-644x644.jpg 644w, https:\/\/www.uartes.edu.ec\/sitio\/wp-content\/uploads\/2023\/03\/foto-Ailyn-Wong-300x300.jpg 300w, https:\/\/www.uartes.edu.ec\/sitio\/wp-content\/uploads\/2023\/03\/foto-Ailyn-Wong-150x150.jpg 150w, https:\/\/www.uartes.edu.ec\/sitio\/wp-content\/uploads\/2023\/03\/foto-Ailyn-Wong-768x768.jpg 768w, https:\/\/www.uartes.edu.ec\/sitio\/wp-content\/uploads\/2023\/03\/foto-Ailyn-Wong-60x60.jpg 60w, https:\/\/www.uartes.edu.ec\/sitio\/wp-content\/uploads\/2023\/03\/foto-Ailyn-Wong-600x600.jpg 600w, https:\/\/www.uartes.edu.ec\/sitio\/wp-content\/uploads\/2023\/03\/foto-Ailyn-Wong-100x100.jpg 100w, https:\/\/www.uartes.edu.ec\/sitio\/wp-content\/uploads\/2023\/03\/foto-Ailyn-Wong-560x560.jpg 560w, https:\/\/www.uartes.edu.ec\/sitio\/wp-content\/uploads\/2023\/03\/foto-Ailyn-Wong.jpg 800w\" sizes=\"(max-width: 644px) 100vw, 644px\" \/><\/figure>\n<\/div>\n\n\n<p class=\"has-text-align-center\">Ailyn Gisella Wong Mendoza<br><strong><strong>Escuela de Artes Visuales<\/strong><\/strong><\/p>\n<\/div>\n\n\n\n<div class=\"wp-block-column is-layout-flow wp-block-column-is-layout-flow\"><div class=\"wp-block-image is-style-rounded\">\n<figure class=\"aligncenter size-large is-resized\"><img loading=\"lazy\" decoding=\"async\" width=\"644\" height=\"644\" src=\"https:\/\/www.uartes.edu.ec\/sitio\/wp-content\/uploads\/2023\/03\/foto-Jose-Valenzuela-644x644.jpg\" alt=\"\" class=\"wp-image-38627\" style=\"width:125px;height:125px\" srcset=\"https:\/\/www.uartes.edu.ec\/sitio\/wp-content\/uploads\/2023\/03\/foto-Jose-Valenzuela-644x644.jpg 644w, https:\/\/www.uartes.edu.ec\/sitio\/wp-content\/uploads\/2023\/03\/foto-Jose-Valenzuela-300x300.jpg 300w, https:\/\/www.uartes.edu.ec\/sitio\/wp-content\/uploads\/2023\/03\/foto-Jose-Valenzuela-150x150.jpg 150w, https:\/\/www.uartes.edu.ec\/sitio\/wp-content\/uploads\/2023\/03\/foto-Jose-Valenzuela-768x768.jpg 768w, https:\/\/www.uartes.edu.ec\/sitio\/wp-content\/uploads\/2023\/03\/foto-Jose-Valenzuela-60x60.jpg 60w, https:\/\/www.uartes.edu.ec\/sitio\/wp-content\/uploads\/2023\/03\/foto-Jose-Valenzuela-600x600.jpg 600w, https:\/\/www.uartes.edu.ec\/sitio\/wp-content\/uploads\/2023\/03\/foto-Jose-Valenzuela-100x100.jpg 100w, https:\/\/www.uartes.edu.ec\/sitio\/wp-content\/uploads\/2023\/03\/foto-Jose-Valenzuela-560x560.jpg 560w, https:\/\/www.uartes.edu.ec\/sitio\/wp-content\/uploads\/2023\/03\/foto-Jose-Valenzuela.jpg 800w\" sizes=\"(max-width: 644px) 100vw, 644px\" \/><\/figure>\n<\/div>\n\n\n<p class=\"has-text-align-center\">Jos\u00e9 Jonathan Valenzuela Espin<br><strong><strong>Escuela de Artes Visuales (Alterno)<\/strong><\/strong><\/p>\n<\/div>\n<\/div>\n\n\n\n<div class=\"wp-block-columns is-layout-flex wp-container-core-columns-is-layout-9d6595d7 wp-block-columns-is-layout-flex\">\n<div class=\"wp-block-column is-layout-flow wp-block-column-is-layout-flow\"><div class=\"wp-block-image is-style-rounded\">\n<figure class=\"aligncenter size-medium is-resized\"><img loading=\"lazy\" decoding=\"async\" width=\"300\" height=\"300\" src=\"https:\/\/www.uartes.edu.ec\/sitio\/wp-content\/uploads\/2023\/03\/foto-Abel-Bermudez-300x300.jpg\" alt=\"\" class=\"wp-image-38622\" style=\"width:125px;height:125px\" srcset=\"https:\/\/www.uartes.edu.ec\/sitio\/wp-content\/uploads\/2023\/03\/foto-Abel-Bermudez-300x300.jpg 300w, https:\/\/www.uartes.edu.ec\/sitio\/wp-content\/uploads\/2023\/03\/foto-Abel-Bermudez-644x644.jpg 644w, https:\/\/www.uartes.edu.ec\/sitio\/wp-content\/uploads\/2023\/03\/foto-Abel-Bermudez-150x150.jpg 150w, https:\/\/www.uartes.edu.ec\/sitio\/wp-content\/uploads\/2023\/03\/foto-Abel-Bermudez-768x768.jpg 768w, https:\/\/www.uartes.edu.ec\/sitio\/wp-content\/uploads\/2023\/03\/foto-Abel-Bermudez-60x60.jpg 60w, https:\/\/www.uartes.edu.ec\/sitio\/wp-content\/uploads\/2023\/03\/foto-Abel-Bermudez-600x600.jpg 600w, https:\/\/www.uartes.edu.ec\/sitio\/wp-content\/uploads\/2023\/03\/foto-Abel-Bermudez-100x100.jpg 100w, https:\/\/www.uartes.edu.ec\/sitio\/wp-content\/uploads\/2023\/03\/foto-Abel-Bermudez-560x560.jpg 560w, https:\/\/www.uartes.edu.ec\/sitio\/wp-content\/uploads\/2023\/03\/foto-Abel-Bermudez.jpg 800w\" sizes=\"(max-width: 300px) 100vw, 300px\" \/><\/figure>\n<\/div>\n\n\n<p class=\"has-text-align-center\">Abel Josue Bermudez Alvarado<br><strong><strong>Escuela de Artes Esc\u00e9nicas<\/strong><\/strong><\/p>\n<\/div>\n\n\n\n<div class=\"wp-block-column is-layout-flow wp-block-column-is-layout-flow\"><div class=\"wp-block-image is-style-rounded\">\n<figure class=\"aligncenter size-medium is-resized\"><img loading=\"lazy\" decoding=\"async\" width=\"300\" height=\"300\" src=\"https:\/\/www.uartes.edu.ec\/sitio\/wp-content\/uploads\/2023\/03\/finalElian-Villavicencio-300x300.jpg\" alt=\"\" class=\"wp-image-38902\" style=\"width:125px;height:125px\" srcset=\"https:\/\/www.uartes.edu.ec\/sitio\/wp-content\/uploads\/2023\/03\/finalElian-Villavicencio-300x300.jpg 300w, https:\/\/www.uartes.edu.ec\/sitio\/wp-content\/uploads\/2023\/03\/finalElian-Villavicencio-644x644.jpg 644w, https:\/\/www.uartes.edu.ec\/sitio\/wp-content\/uploads\/2023\/03\/finalElian-Villavicencio-150x150.jpg 150w, https:\/\/www.uartes.edu.ec\/sitio\/wp-content\/uploads\/2023\/03\/finalElian-Villavicencio-768x768.jpg 768w, https:\/\/www.uartes.edu.ec\/sitio\/wp-content\/uploads\/2023\/03\/finalElian-Villavicencio-60x60.jpg 60w, https:\/\/www.uartes.edu.ec\/sitio\/wp-content\/uploads\/2023\/03\/finalElian-Villavicencio-600x600.jpg 600w, https:\/\/www.uartes.edu.ec\/sitio\/wp-content\/uploads\/2023\/03\/finalElian-Villavicencio-100x100.jpg 100w, https:\/\/www.uartes.edu.ec\/sitio\/wp-content\/uploads\/2023\/03\/finalElian-Villavicencio-560x560.jpg 560w, https:\/\/www.uartes.edu.ec\/sitio\/wp-content\/uploads\/2023\/03\/finalElian-Villavicencio.jpg 1200w\" sizes=\"(max-width: 300px) 100vw, 300px\" \/><\/figure>\n<\/div>\n\n\n<p class=\"has-text-align-center\">Elian Alejandro Villavicencio Cardenas<br><strong><strong>Escuela de Artes Esc\u00e9nicas (Alterno)<\/strong><\/strong><\/p>\n<\/div>\n\n\n\n<div class=\"wp-block-column is-layout-flow wp-block-column-is-layout-flow\"><div class=\"wp-block-image is-style-rounded\">\n<figure class=\"aligncenter size-large is-resized\"><img loading=\"lazy\" decoding=\"async\" width=\"644\" height=\"644\" src=\"https:\/\/www.uartes.edu.ec\/sitio\/wp-content\/uploads\/2023\/03\/Foto-Rosita-Quiroz-644x644.jpg\" alt=\"\" class=\"wp-image-38631\" style=\"width:125px;height:125px\" srcset=\"https:\/\/www.uartes.edu.ec\/sitio\/wp-content\/uploads\/2023\/03\/Foto-Rosita-Quiroz-644x644.jpg 644w, https:\/\/www.uartes.edu.ec\/sitio\/wp-content\/uploads\/2023\/03\/Foto-Rosita-Quiroz-300x300.jpg 300w, https:\/\/www.uartes.edu.ec\/sitio\/wp-content\/uploads\/2023\/03\/Foto-Rosita-Quiroz-150x150.jpg 150w, https:\/\/www.uartes.edu.ec\/sitio\/wp-content\/uploads\/2023\/03\/Foto-Rosita-Quiroz-768x768.jpg 768w, https:\/\/www.uartes.edu.ec\/sitio\/wp-content\/uploads\/2023\/03\/Foto-Rosita-Quiroz-60x60.jpg 60w, https:\/\/www.uartes.edu.ec\/sitio\/wp-content\/uploads\/2023\/03\/Foto-Rosita-Quiroz-600x600.jpg 600w, https:\/\/www.uartes.edu.ec\/sitio\/wp-content\/uploads\/2023\/03\/Foto-Rosita-Quiroz-100x100.jpg 100w, https:\/\/www.uartes.edu.ec\/sitio\/wp-content\/uploads\/2023\/03\/Foto-Rosita-Quiroz-560x560.jpg 560w, https:\/\/www.uartes.edu.ec\/sitio\/wp-content\/uploads\/2023\/03\/Foto-Rosita-Quiroz.jpg 1080w\" sizes=\"(max-width: 644px) 100vw, 644px\" \/><\/figure>\n<\/div>\n\n\n<p class=\"has-text-align-center\">Rosa Luc\u00eda Quiroz Catuto<br><strong><strong>Escuela de Literatura<\/strong><\/strong><\/p>\n<\/div>\n\n\n\n<div class=\"wp-block-column is-layout-flow wp-block-column-is-layout-flow\"><div class=\"wp-block-image is-style-rounded\">\n<figure class=\"aligncenter size-large is-resized\"><img loading=\"lazy\" decoding=\"async\" width=\"644\" height=\"644\" src=\"https:\/\/www.uartes.edu.ec\/sitio\/wp-content\/uploads\/2023\/03\/Foto-tamano-carnet_page-0001-644x644.jpg\" alt=\"\" class=\"wp-image-38632\" style=\"width:125px;height:125px\" srcset=\"https:\/\/www.uartes.edu.ec\/sitio\/wp-content\/uploads\/2023\/03\/Foto-tamano-carnet_page-0001-644x644.jpg 644w, https:\/\/www.uartes.edu.ec\/sitio\/wp-content\/uploads\/2023\/03\/Foto-tamano-carnet_page-0001-300x300.jpg 300w, https:\/\/www.uartes.edu.ec\/sitio\/wp-content\/uploads\/2023\/03\/Foto-tamano-carnet_page-0001-150x150.jpg 150w, https:\/\/www.uartes.edu.ec\/sitio\/wp-content\/uploads\/2023\/03\/Foto-tamano-carnet_page-0001-768x768.jpg 768w, https:\/\/www.uartes.edu.ec\/sitio\/wp-content\/uploads\/2023\/03\/Foto-tamano-carnet_page-0001-60x60.jpg 60w, https:\/\/www.uartes.edu.ec\/sitio\/wp-content\/uploads\/2023\/03\/Foto-tamano-carnet_page-0001-600x600.jpg 600w, https:\/\/www.uartes.edu.ec\/sitio\/wp-content\/uploads\/2023\/03\/Foto-tamano-carnet_page-0001-100x100.jpg 100w, https:\/\/www.uartes.edu.ec\/sitio\/wp-content\/uploads\/2023\/03\/Foto-tamano-carnet_page-0001-560x560.jpg 560w, https:\/\/www.uartes.edu.ec\/sitio\/wp-content\/uploads\/2023\/03\/Foto-tamano-carnet_page-0001.jpg 800w\" sizes=\"(max-width: 644px) 100vw, 644px\" \/><\/figure>\n<\/div>\n\n\n<p class=\"has-text-align-center\">Adriana Estefan\u00eda Gavilanes Caceres<br><strong><strong><strong><strong>Escuela de Literatura<\/strong><\/strong> (Alterno)<\/strong><\/strong><\/p>\n<\/div>\n<\/div>\n\n\n\n<div class=\"wp-block-columns is-layout-flex wp-container-core-columns-is-layout-9d6595d7 wp-block-columns-is-layout-flex\">\n<div class=\"wp-block-column is-layout-flow wp-block-column-is-layout-flow\"><div class=\"wp-block-image is-style-rounded\">\n<figure class=\"aligncenter size-medium is-resized\"><img loading=\"lazy\" decoding=\"async\" width=\"300\" height=\"300\" src=\"https:\/\/www.uartes.edu.ec\/sitio\/wp-content\/uploads\/2023\/03\/final-Giovanni-Contero-300x300.jpg\" alt=\"\" class=\"wp-image-38903\" style=\"width:125px;height:125px\" srcset=\"https:\/\/www.uartes.edu.ec\/sitio\/wp-content\/uploads\/2023\/03\/final-Giovanni-Contero-300x300.jpg 300w, https:\/\/www.uartes.edu.ec\/sitio\/wp-content\/uploads\/2023\/03\/final-Giovanni-Contero-644x644.jpg 644w, https:\/\/www.uartes.edu.ec\/sitio\/wp-content\/uploads\/2023\/03\/final-Giovanni-Contero-150x150.jpg 150w, https:\/\/www.uartes.edu.ec\/sitio\/wp-content\/uploads\/2023\/03\/final-Giovanni-Contero-768x768.jpg 768w, https:\/\/www.uartes.edu.ec\/sitio\/wp-content\/uploads\/2023\/03\/final-Giovanni-Contero-60x60.jpg 60w, https:\/\/www.uartes.edu.ec\/sitio\/wp-content\/uploads\/2023\/03\/final-Giovanni-Contero-600x600.jpg 600w, https:\/\/www.uartes.edu.ec\/sitio\/wp-content\/uploads\/2023\/03\/final-Giovanni-Contero-100x100.jpg 100w, https:\/\/www.uartes.edu.ec\/sitio\/wp-content\/uploads\/2023\/03\/final-Giovanni-Contero-560x560.jpg 560w, https:\/\/www.uartes.edu.ec\/sitio\/wp-content\/uploads\/2023\/03\/final-Giovanni-Contero.jpg 1090w\" sizes=\"(max-width: 300px) 100vw, 300px\" \/><\/figure>\n<\/div>\n\n\n<p class=\"has-text-align-center\">Giovanni Andres Contero Acebo<br><strong><strong>Escuela de Cine<\/strong><\/strong><\/p>\n<\/div>\n\n\n\n<div class=\"wp-block-column is-layout-flow wp-block-column-is-layout-flow\"><div class=\"wp-block-image is-style-rounded\">\n<figure class=\"aligncenter size-large is-resized\"><img loading=\"lazy\" decoding=\"async\" width=\"644\" height=\"644\" src=\"https:\/\/www.uartes.edu.ec\/sitio\/wp-content\/uploads\/2023\/03\/WhatsApp-Image-2022-12-03-at-12.56-644x644.jpg\" alt=\"\" class=\"wp-image-38629\" style=\"width:125px;height:125px\" srcset=\"https:\/\/www.uartes.edu.ec\/sitio\/wp-content\/uploads\/2023\/03\/WhatsApp-Image-2022-12-03-at-12.56-644x644.jpg 644w, https:\/\/www.uartes.edu.ec\/sitio\/wp-content\/uploads\/2023\/03\/WhatsApp-Image-2022-12-03-at-12.56-300x300.jpg 300w, https:\/\/www.uartes.edu.ec\/sitio\/wp-content\/uploads\/2023\/03\/WhatsApp-Image-2022-12-03-at-12.56-150x150.jpg 150w, https:\/\/www.uartes.edu.ec\/sitio\/wp-content\/uploads\/2023\/03\/WhatsApp-Image-2022-12-03-at-12.56-768x768.jpg 768w, https:\/\/www.uartes.edu.ec\/sitio\/wp-content\/uploads\/2023\/03\/WhatsApp-Image-2022-12-03-at-12.56-60x60.jpg 60w, https:\/\/www.uartes.edu.ec\/sitio\/wp-content\/uploads\/2023\/03\/WhatsApp-Image-2022-12-03-at-12.56-600x600.jpg 600w, https:\/\/www.uartes.edu.ec\/sitio\/wp-content\/uploads\/2023\/03\/WhatsApp-Image-2022-12-03-at-12.56-100x100.jpg 100w, https:\/\/www.uartes.edu.ec\/sitio\/wp-content\/uploads\/2023\/03\/WhatsApp-Image-2022-12-03-at-12.56-560x560.jpg 560w, https:\/\/www.uartes.edu.ec\/sitio\/wp-content\/uploads\/2023\/03\/WhatsApp-Image-2022-12-03-at-12.56.jpg 871w\" sizes=\"(max-width: 644px) 100vw, 644px\" \/><\/figure>\n<\/div>\n\n\n<p class=\"has-text-align-center\">Juan Eduardo Montenegro Viteri<br><strong><strong>Escuela de Cine (Alterno)<\/strong><\/strong><\/p>\n<\/div>\n\n\n\n<div class=\"wp-block-column is-layout-flow wp-block-column-is-layout-flow\"><div class=\"wp-block-image is-style-rounded\">\n<figure class=\"aligncenter size-large is-resized\"><img loading=\"lazy\" decoding=\"async\" width=\"644\" height=\"644\" src=\"https:\/\/www.uartes.edu.ec\/sitio\/wp-content\/uploads\/2023\/03\/foto-Noemi-Villena-644x644.jpg\" alt=\"\" class=\"wp-image-38634\" style=\"width:125px;height:125px\" srcset=\"https:\/\/www.uartes.edu.ec\/sitio\/wp-content\/uploads\/2023\/03\/foto-Noemi-Villena-644x644.jpg 644w, https:\/\/www.uartes.edu.ec\/sitio\/wp-content\/uploads\/2023\/03\/foto-Noemi-Villena-300x300.jpg 300w, https:\/\/www.uartes.edu.ec\/sitio\/wp-content\/uploads\/2023\/03\/foto-Noemi-Villena-150x150.jpg 150w, https:\/\/www.uartes.edu.ec\/sitio\/wp-content\/uploads\/2023\/03\/foto-Noemi-Villena-768x768.jpg 768w, https:\/\/www.uartes.edu.ec\/sitio\/wp-content\/uploads\/2023\/03\/foto-Noemi-Villena-60x60.jpg 60w, https:\/\/www.uartes.edu.ec\/sitio\/wp-content\/uploads\/2023\/03\/foto-Noemi-Villena-600x600.jpg 600w, https:\/\/www.uartes.edu.ec\/sitio\/wp-content\/uploads\/2023\/03\/foto-Noemi-Villena-100x100.jpg 100w, https:\/\/www.uartes.edu.ec\/sitio\/wp-content\/uploads\/2023\/03\/foto-Noemi-Villena-560x560.jpg 560w, https:\/\/www.uartes.edu.ec\/sitio\/wp-content\/uploads\/2023\/03\/foto-Noemi-Villena.jpg 800w\" sizes=\"(max-width: 644px) 100vw, 644px\" \/><\/figure>\n<\/div>\n\n\n<p class=\"has-text-align-center\">Noem\u00ed Mar\u00eda Villena Gilbert<br><strong><strong>Unidad Transversal<\/strong><\/strong><\/p>\n<\/div>\n\n\n\n<div class=\"wp-block-column is-layout-flow wp-block-column-is-layout-flow\"><div class=\"wp-block-image is-style-rounded\">\n<figure class=\"aligncenter size-large is-resized\"><img loading=\"lazy\" decoding=\"async\" width=\"644\" height=\"644\" src=\"https:\/\/www.uartes.edu.ec\/sitio\/wp-content\/uploads\/2023\/03\/foto-Kevin-Alarcon-644x644.jpg\" alt=\"\" class=\"wp-image-38633\" style=\"width:125px;height:125px\" srcset=\"https:\/\/www.uartes.edu.ec\/sitio\/wp-content\/uploads\/2023\/03\/foto-Kevin-Alarcon-644x644.jpg 644w, https:\/\/www.uartes.edu.ec\/sitio\/wp-content\/uploads\/2023\/03\/foto-Kevin-Alarcon-300x300.jpg 300w, https:\/\/www.uartes.edu.ec\/sitio\/wp-content\/uploads\/2023\/03\/foto-Kevin-Alarcon-150x150.jpg 150w, https:\/\/www.uartes.edu.ec\/sitio\/wp-content\/uploads\/2023\/03\/foto-Kevin-Alarcon-768x768.jpg 768w, https:\/\/www.uartes.edu.ec\/sitio\/wp-content\/uploads\/2023\/03\/foto-Kevin-Alarcon-60x60.jpg 60w, https:\/\/www.uartes.edu.ec\/sitio\/wp-content\/uploads\/2023\/03\/foto-Kevin-Alarcon-600x600.jpg 600w, https:\/\/www.uartes.edu.ec\/sitio\/wp-content\/uploads\/2023\/03\/foto-Kevin-Alarcon-100x100.jpg 100w, https:\/\/www.uartes.edu.ec\/sitio\/wp-content\/uploads\/2023\/03\/foto-Kevin-Alarcon-560x560.jpg 560w, https:\/\/www.uartes.edu.ec\/sitio\/wp-content\/uploads\/2023\/03\/foto-Kevin-Alarcon.jpg 800w\" sizes=\"(max-width: 644px) 100vw, 644px\" \/><\/figure>\n<\/div>\n\n\n<p class=\"has-text-align-center\">Kevin Joshue Alarcon Cede\u00f1o<br><strong><strong><strong><strong>Unidad Transversal<\/strong><\/strong><\/strong><\/strong> <strong><strong>(Alterno)<\/strong><\/strong><\/p>\n<\/div>\n<\/div>\n\n\n\n<div class=\"wp-block-getwid-advanced-spacer getwid-hide-mobile\" style=\"height:50px\" aria-hidden=\"true\"><\/div>\n\n\n\n<h2 class=\"wp-block-heading\" id=\"academicos\">Representantes acad\u00e9micos<\/h2>\n\n\n\n<div class=\"wp-block-columns is-layout-flex wp-container-core-columns-is-layout-9d6595d7 wp-block-columns-is-layout-flex\">\n<div class=\"wp-block-column is-layout-flow wp-block-column-is-layout-flow\"><div class=\"wp-block-image is-style-rounded\">\n<figure class=\"aligncenter size-full is-resized\"><img loading=\"lazy\" decoding=\"async\" width=\"500\" height=\"500\" src=\"http:\/\/www.uartes.edu.ec\/sitio\/wp-content\/uploads\/2021\/11\/FREDY-VALLEJOS.jpg\" alt=\"\" class=\"wp-image-16848\" style=\"width:125px\" srcset=\"https:\/\/www.uartes.edu.ec\/sitio\/wp-content\/uploads\/2021\/11\/FREDY-VALLEJOS.jpg 500w, https:\/\/www.uartes.edu.ec\/sitio\/wp-content\/uploads\/2021\/11\/FREDY-VALLEJOS-300x300.jpg 300w, https:\/\/www.uartes.edu.ec\/sitio\/wp-content\/uploads\/2021\/11\/FREDY-VALLEJOS-150x150.jpg 150w, https:\/\/www.uartes.edu.ec\/sitio\/wp-content\/uploads\/2021\/11\/FREDY-VALLEJOS-60x60.jpg 60w, https:\/\/www.uartes.edu.ec\/sitio\/wp-content\/uploads\/2021\/11\/FREDY-VALLEJOS-100x100.jpg 100w\" sizes=\"(max-width: 500px) 100vw, 500px\" \/><\/figure>\n<\/div>\n\n\n<p class=\"has-text-align-center\">Fredy Oswaldo Vallejos Palacios<br><strong><strong>Carrera de Artes Musicales<\/strong><\/strong><\/p>\n<\/div>\n\n\n\n<div class=\"wp-block-column is-layout-flow wp-block-column-is-layout-flow\"><div class=\"wp-block-image is-style-rounded\">\n<figure class=\"aligncenter size-full is-resized\"><img loading=\"lazy\" decoding=\"async\" width=\"500\" height=\"500\" src=\"http:\/\/www.uartes.edu.ec\/sitio\/wp-content\/uploads\/2021\/11\/ocs-Adina-Izarra.jpg\" alt=\"\" class=\"wp-image-16836\" style=\"width:125px;height:125px\" srcset=\"https:\/\/www.uartes.edu.ec\/sitio\/wp-content\/uploads\/2021\/11\/ocs-Adina-Izarra.jpg 500w, https:\/\/www.uartes.edu.ec\/sitio\/wp-content\/uploads\/2021\/11\/ocs-Adina-Izarra-300x300.jpg 300w, https:\/\/www.uartes.edu.ec\/sitio\/wp-content\/uploads\/2021\/11\/ocs-Adina-Izarra-150x150.jpg 150w, https:\/\/www.uartes.edu.ec\/sitio\/wp-content\/uploads\/2021\/11\/ocs-Adina-Izarra-60x60.jpg 60w, https:\/\/www.uartes.edu.ec\/sitio\/wp-content\/uploads\/2021\/11\/ocs-Adina-Izarra-100x100.jpg 100w\" sizes=\"(max-width: 500px) 100vw, 500px\" \/><\/figure>\n<\/div>\n\n\n<p class=\"has-text-align-center\">Adina Margarita Izarra De Riera<br><strong><strong>Carrera de Artes Musicales (Alterno)<\/strong><\/strong><\/p>\n<\/div>\n\n\n\n<div class=\"wp-block-column is-layout-flow wp-block-column-is-layout-flow\"><div class=\"wp-block-image is-style-rounded\">\n<figure class=\"aligncenter size-full is-resized\"><img loading=\"lazy\" decoding=\"async\" width=\"500\" height=\"500\" src=\"http:\/\/www.uartes.edu.ec\/sitio\/wp-content\/uploads\/2021\/11\/MEINING-CHEUNG-PRODUCCION-MUSICAL.jpg\" alt=\"\" class=\"wp-image-16850\" style=\"width:125px\" srcset=\"https:\/\/www.uartes.edu.ec\/sitio\/wp-content\/uploads\/2021\/11\/MEINING-CHEUNG-PRODUCCION-MUSICAL.jpg 500w, https:\/\/www.uartes.edu.ec\/sitio\/wp-content\/uploads\/2021\/11\/MEINING-CHEUNG-PRODUCCION-MUSICAL-300x300.jpg 300w, https:\/\/www.uartes.edu.ec\/sitio\/wp-content\/uploads\/2021\/11\/MEINING-CHEUNG-PRODUCCION-MUSICAL-150x150.jpg 150w, https:\/\/www.uartes.edu.ec\/sitio\/wp-content\/uploads\/2021\/11\/MEINING-CHEUNG-PRODUCCION-MUSICAL-60x60.jpg 60w, https:\/\/www.uartes.edu.ec\/sitio\/wp-content\/uploads\/2021\/11\/MEINING-CHEUNG-PRODUCCION-MUSICAL-100x100.jpg 100w\" sizes=\"(max-width: 500px) 100vw, 500px\" \/><\/figure>\n<\/div>\n\n\n<p class=\"has-text-align-center\">Meining Marcela Cheung Ruiz<br><strong><strong>Carrera de Producci\u00f3n Musical<\/strong><\/strong><\/p>\n<\/div>\n\n\n\n<div class=\"wp-block-column is-layout-flow wp-block-column-is-layout-flow\"><div class=\"wp-block-image is-style-rounded\">\n<figure class=\"aligncenter size-full is-resized\"><img loading=\"lazy\" decoding=\"async\" width=\"500\" height=\"500\" src=\"http:\/\/www.uartes.edu.ec\/sitio\/wp-content\/uploads\/2021\/11\/ocs-Luis-Perez-Valero.jpg\" alt=\"\" class=\"wp-image-16832\" style=\"width:125px\" srcset=\"https:\/\/www.uartes.edu.ec\/sitio\/wp-content\/uploads\/2021\/11\/ocs-Luis-Perez-Valero.jpg 500w, https:\/\/www.uartes.edu.ec\/sitio\/wp-content\/uploads\/2021\/11\/ocs-Luis-Perez-Valero-300x300.jpg 300w, https:\/\/www.uartes.edu.ec\/sitio\/wp-content\/uploads\/2021\/11\/ocs-Luis-Perez-Valero-150x150.jpg 150w, https:\/\/www.uartes.edu.ec\/sitio\/wp-content\/uploads\/2021\/11\/ocs-Luis-Perez-Valero-60x60.jpg 60w, https:\/\/www.uartes.edu.ec\/sitio\/wp-content\/uploads\/2021\/11\/ocs-Luis-Perez-Valero-100x100.jpg 100w\" sizes=\"(max-width: 500px) 100vw, 500px\" \/><\/figure>\n<\/div>\n\n\n<p class=\"has-text-align-center\">Luis Ramo\u0301n Pe\u0301rez Valero<br><strong><strong><strong><strong>Carrera de Producci\u00f3n Musical<\/strong><\/strong><\/strong><\/strong> <strong><strong>(Alterno)<\/strong><\/strong><\/p>\n<\/div>\n<\/div>\n\n\n\n<div class=\"wp-block-columns is-layout-flex wp-container-core-columns-is-layout-9d6595d7 wp-block-columns-is-layout-flex\">\n<div class=\"wp-block-column is-layout-flow wp-block-column-is-layout-flow\"><div class=\"wp-block-image is-style-rounded\">\n<figure class=\"aligncenter size-full is-resized\"><img loading=\"lazy\" decoding=\"async\" width=\"500\" height=\"500\" src=\"http:\/\/www.uartes.edu.ec\/sitio\/wp-content\/uploads\/2021\/11\/Saidel-Brito-ok.jpg\" alt=\"\" class=\"wp-image-16851\" style=\"width:125px\" srcset=\"https:\/\/www.uartes.edu.ec\/sitio\/wp-content\/uploads\/2021\/11\/Saidel-Brito-ok.jpg 500w, https:\/\/www.uartes.edu.ec\/sitio\/wp-content\/uploads\/2021\/11\/Saidel-Brito-ok-300x300.jpg 300w, https:\/\/www.uartes.edu.ec\/sitio\/wp-content\/uploads\/2021\/11\/Saidel-Brito-ok-150x150.jpg 150w, https:\/\/www.uartes.edu.ec\/sitio\/wp-content\/uploads\/2021\/11\/Saidel-Brito-ok-60x60.jpg 60w, https:\/\/www.uartes.edu.ec\/sitio\/wp-content\/uploads\/2021\/11\/Saidel-Brito-ok-100x100.jpg 100w\" sizes=\"(max-width: 500px) 100vw, 500px\" \/><\/figure>\n<\/div>\n\n\n<p class=\"has-text-align-center\">Saidel Brito Lorenzo<br><strong><strong>Carrera de Artes Visuales<\/strong><\/strong><\/p>\n<\/div>\n\n\n\n<div class=\"wp-block-column is-layout-flow wp-block-column-is-layout-flow\"><div class=\"wp-block-image is-style-rounded\">\n<figure class=\"aligncenter size-full is-resized\"><img loading=\"lazy\" decoding=\"async\" width=\"500\" height=\"500\" src=\"http:\/\/www.uartes.edu.ec\/sitio\/wp-content\/uploads\/2021\/11\/Jorge-Aycart.jpg\" alt=\"\" class=\"wp-image-16810\" style=\"width:125px;height:125px\" srcset=\"https:\/\/www.uartes.edu.ec\/sitio\/wp-content\/uploads\/2021\/11\/Jorge-Aycart.jpg 500w, https:\/\/www.uartes.edu.ec\/sitio\/wp-content\/uploads\/2021\/11\/Jorge-Aycart-300x300.jpg 300w, https:\/\/www.uartes.edu.ec\/sitio\/wp-content\/uploads\/2021\/11\/Jorge-Aycart-150x150.jpg 150w, https:\/\/www.uartes.edu.ec\/sitio\/wp-content\/uploads\/2021\/11\/Jorge-Aycart-60x60.jpg 60w, https:\/\/www.uartes.edu.ec\/sitio\/wp-content\/uploads\/2021\/11\/Jorge-Aycart-100x100.jpg 100w\" sizes=\"(max-width: 500px) 100vw, 500px\" \/><\/figure>\n<\/div>\n\n\n<p class=\"has-text-align-center\">Jorge Alfredo Aycart Larrea<br><strong><strong>Carrera de Artes Visuales (Alterno)<\/strong><\/strong><\/p>\n<\/div>\n\n\n\n<div class=\"wp-block-column is-layout-flow wp-block-column-is-layout-flow\"><div class=\"wp-block-image is-style-rounded\">\n<figure class=\"aligncenter size-full is-resized\"><img loading=\"lazy\" decoding=\"async\" width=\"418\" height=\"418\" src=\"http:\/\/www.uartes.edu.ec\/sitio\/wp-content\/uploads\/2021\/11\/ocs-SOLANGE-RODRIGUEZ.jpg\" alt=\"\" class=\"wp-image-16834\" style=\"width:125px;height:125px\" srcset=\"https:\/\/www.uartes.edu.ec\/sitio\/wp-content\/uploads\/2021\/11\/ocs-SOLANGE-RODRIGUEZ.jpg 418w, https:\/\/www.uartes.edu.ec\/sitio\/wp-content\/uploads\/2021\/11\/ocs-SOLANGE-RODRIGUEZ-300x300.jpg 300w, https:\/\/www.uartes.edu.ec\/sitio\/wp-content\/uploads\/2021\/11\/ocs-SOLANGE-RODRIGUEZ-150x150.jpg 150w, https:\/\/www.uartes.edu.ec\/sitio\/wp-content\/uploads\/2021\/11\/ocs-SOLANGE-RODRIGUEZ-60x60.jpg 60w, https:\/\/www.uartes.edu.ec\/sitio\/wp-content\/uploads\/2021\/11\/ocs-SOLANGE-RODRIGUEZ-100x100.jpg 100w\" sizes=\"(max-width: 418px) 100vw, 418px\" \/><\/figure>\n<\/div>\n\n\n<p class=\"has-text-align-center\">Solange Pamela Rodriguez Pappe<br><strong><strong>Carrera de Literatura<\/strong><\/strong><\/p>\n<\/div>\n\n\n\n<div class=\"wp-block-column is-layout-flow wp-block-column-is-layout-flow\"><div class=\"wp-block-image is-style-rounded\">\n<figure class=\"aligncenter size-full is-resized\"><img loading=\"lazy\" decoding=\"async\" width=\"500\" height=\"500\" src=\"http:\/\/www.uartes.edu.ec\/sitio\/wp-content\/uploads\/2021\/11\/ocs-ANDRES-LANDAZURI.jpg\" alt=\"\" class=\"wp-image-16838\" style=\"width:125px\" srcset=\"https:\/\/www.uartes.edu.ec\/sitio\/wp-content\/uploads\/2021\/11\/ocs-ANDRES-LANDAZURI.jpg 500w, https:\/\/www.uartes.edu.ec\/sitio\/wp-content\/uploads\/2021\/11\/ocs-ANDRES-LANDAZURI-300x300.jpg 300w, https:\/\/www.uartes.edu.ec\/sitio\/wp-content\/uploads\/2021\/11\/ocs-ANDRES-LANDAZURI-150x150.jpg 150w, https:\/\/www.uartes.edu.ec\/sitio\/wp-content\/uploads\/2021\/11\/ocs-ANDRES-LANDAZURI-60x60.jpg 60w, https:\/\/www.uartes.edu.ec\/sitio\/wp-content\/uploads\/2021\/11\/ocs-ANDRES-LANDAZURI-100x100.jpg 100w\" sizes=\"(max-width: 500px) 100vw, 500px\" \/><\/figure>\n<\/div>\n\n\n<p class=\"has-text-align-center\">Carlos Andr\u00e9s Land\u00e1zuri Su\u00e1rez<br><strong><strong><strong><strong>Carrera de Literatura<\/strong><\/strong><\/strong><\/strong> <strong><strong>(Alterno)<\/strong><\/strong><\/p>\n<\/div>\n<\/div>\n\n\n\n<div class=\"wp-block-columns is-layout-flex wp-container-core-columns-is-layout-9d6595d7 wp-block-columns-is-layout-flex\">\n<div class=\"wp-block-column is-layout-flow wp-block-column-is-layout-flow\"><div class=\"wp-block-image is-style-rounded\">\n<figure class=\"aligncenter size-full is-resized\"><img loading=\"lazy\" decoding=\"async\" width=\"570\" height=\"570\" src=\"http:\/\/www.uartes.edu.ec\/sitio\/wp-content\/uploads\/2021\/11\/ocs-LORENA-DELGADO.jpg\" alt=\"\" class=\"wp-image-16831\" style=\"width:125px;height:125px\" srcset=\"https:\/\/www.uartes.edu.ec\/sitio\/wp-content\/uploads\/2021\/11\/ocs-LORENA-DELGADO.jpg 570w, https:\/\/www.uartes.edu.ec\/sitio\/wp-content\/uploads\/2021\/11\/ocs-LORENA-DELGADO-300x300.jpg 300w, https:\/\/www.uartes.edu.ec\/sitio\/wp-content\/uploads\/2021\/11\/ocs-LORENA-DELGADO-150x150.jpg 150w, https:\/\/www.uartes.edu.ec\/sitio\/wp-content\/uploads\/2021\/11\/ocs-LORENA-DELGADO-60x60.jpg 60w, https:\/\/www.uartes.edu.ec\/sitio\/wp-content\/uploads\/2021\/11\/ocs-LORENA-DELGADO-100x100.jpg 100w\" sizes=\"(max-width: 570px) 100vw, 570px\" \/><\/figure>\n<\/div>\n\n\n<p class=\"has-text-align-center\">Sandra Lorena Delgado Espinoza<br><strong><strong>Carrera de Danza<\/strong><\/strong><\/p>\n<\/div>\n\n\n\n<div class=\"wp-block-column is-layout-flow wp-block-column-is-layout-flow\"><div class=\"wp-block-image is-style-default\">\n<figure class=\"aligncenter size-full is-resized\"><img loading=\"lazy\" decoding=\"async\" width=\"136\" height=\"136\" src=\"http:\/\/www.uartes.edu.ec\/sitio\/wp-content\/uploads\/2021\/11\/Elizabeth-Medina.jpg\" alt=\"\" class=\"wp-image-16803\" style=\"width:125px;height:125px\" srcset=\"https:\/\/www.uartes.edu.ec\/sitio\/wp-content\/uploads\/2021\/11\/Elizabeth-Medina.jpg 136w, https:\/\/www.uartes.edu.ec\/sitio\/wp-content\/uploads\/2021\/11\/Elizabeth-Medina-60x60.jpg 60w, https:\/\/www.uartes.edu.ec\/sitio\/wp-content\/uploads\/2021\/11\/Elizabeth-Medina-100x100.jpg 100w\" sizes=\"(max-width: 136px) 100vw, 136px\" \/><\/figure>\n<\/div>\n\n\n<p class=\"has-text-align-center\">Elizabeth Alicia Medina De Arrieta<br><strong><strong>Carrera de Danza (Alterno)<\/strong><\/strong><\/p>\n<\/div>\n\n\n\n<div class=\"wp-block-column is-layout-flow wp-block-column-is-layout-flow\"><div class=\"wp-block-image is-style-rounded\">\n<figure class=\"aligncenter size-full is-resized\"><img loading=\"lazy\" decoding=\"async\" width=\"226\" height=\"226\" src=\"http:\/\/www.uartes.edu.ec\/sitio\/wp-content\/uploads\/2021\/11\/Benjamin-Cortes.jpg\" alt=\"\" class=\"wp-image-16805\" style=\"width:125px;height:125px\" srcset=\"https:\/\/www.uartes.edu.ec\/sitio\/wp-content\/uploads\/2021\/11\/Benjamin-Cortes.jpg 226w, https:\/\/www.uartes.edu.ec\/sitio\/wp-content\/uploads\/2021\/11\/Benjamin-Cortes-150x150.jpg 150w, https:\/\/www.uartes.edu.ec\/sitio\/wp-content\/uploads\/2021\/11\/Benjamin-Cortes-60x60.jpg 60w, https:\/\/www.uartes.edu.ec\/sitio\/wp-content\/uploads\/2021\/11\/Benjamin-Cortes-100x100.jpg 100w\" sizes=\"(max-width: 226px) 100vw, 226px\" \/><\/figure>\n<\/div>\n\n\n<p class=\"has-text-align-center\">Benjami\u0301n Corte\u0301s Tapia<br><strong><strong>Carrera de Creaci\u00f3n Teatral<\/strong><\/strong><\/p>\n<\/div>\n\n\n\n<div class=\"wp-block-column is-layout-flow wp-block-column-is-layout-flow\"><div class=\"wp-block-image is-style-rounded\">\n<figure class=\"aligncenter size-full is-resized\"><img loading=\"lazy\" decoding=\"async\" width=\"500\" height=\"500\" src=\"http:\/\/www.uartes.edu.ec\/sitio\/wp-content\/uploads\/2021\/11\/Marcelo-Leyton.jpg\" alt=\"\" class=\"wp-image-16849\" style=\"width:125px\" srcset=\"https:\/\/www.uartes.edu.ec\/sitio\/wp-content\/uploads\/2021\/11\/Marcelo-Leyton.jpg 500w, https:\/\/www.uartes.edu.ec\/sitio\/wp-content\/uploads\/2021\/11\/Marcelo-Leyton-300x300.jpg 300w, https:\/\/www.uartes.edu.ec\/sitio\/wp-content\/uploads\/2021\/11\/Marcelo-Leyton-150x150.jpg 150w, https:\/\/www.uartes.edu.ec\/sitio\/wp-content\/uploads\/2021\/11\/Marcelo-Leyton-60x60.jpg 60w, https:\/\/www.uartes.edu.ec\/sitio\/wp-content\/uploads\/2021\/11\/Marcelo-Leyton-100x100.jpg 100w\" sizes=\"(max-width: 500px) 100vw, 500px\" \/><\/figure>\n<\/div>\n\n\n<p class=\"has-text-align-center\">Marcelo Iv\u00e1n Leyton Ponguillo<br><strong><strong><strong><strong>Carrera de Creaci\u00f3n Teatral<\/strong><\/strong><\/strong><\/strong> <strong><strong>(Alterno)<\/strong><\/strong><\/p>\n<\/div>\n<\/div>\n\n\n\n<div class=\"wp-block-columns is-layout-flex wp-container-core-columns-is-layout-9d6595d7 wp-block-columns-is-layout-flex\">\n<div class=\"wp-block-column is-layout-flow wp-block-column-is-layout-flow\"><div class=\"wp-block-image is-style-rounded\">\n<figure class=\"aligncenter size-full is-resized\"><img loading=\"lazy\" decoding=\"async\" width=\"500\" height=\"500\" src=\"http:\/\/www.uartes.edu.ec\/sitio\/wp-content\/uploads\/2021\/11\/Ana-Gabriela-Rivadeneira.jpg\" alt=\"\" class=\"wp-image-16806\" style=\"width:125px;height:125px\" srcset=\"https:\/\/www.uartes.edu.ec\/sitio\/wp-content\/uploads\/2021\/11\/Ana-Gabriela-Rivadeneira.jpg 500w, https:\/\/www.uartes.edu.ec\/sitio\/wp-content\/uploads\/2021\/11\/Ana-Gabriela-Rivadeneira-300x300.jpg 300w, https:\/\/www.uartes.edu.ec\/sitio\/wp-content\/uploads\/2021\/11\/Ana-Gabriela-Rivadeneira-150x150.jpg 150w, https:\/\/www.uartes.edu.ec\/sitio\/wp-content\/uploads\/2021\/11\/Ana-Gabriela-Rivadeneira-60x60.jpg 60w, https:\/\/www.uartes.edu.ec\/sitio\/wp-content\/uploads\/2021\/11\/Ana-Gabriela-Rivadeneira-100x100.jpg 100w\" sizes=\"(max-width: 500px) 100vw, 500px\" \/><\/figure>\n<\/div>\n\n\n<p class=\"has-text-align-center\">Ana Gabriela Rivadeneira Crespo<br><strong><strong>Carrera de Cine<\/strong><\/strong><\/p>\n<\/div>\n\n\n\n<div class=\"wp-block-column is-layout-flow wp-block-column-is-layout-flow\"><div class=\"wp-block-image is-style-rounded\">\n<figure class=\"aligncenter size-full is-resized\"><img loading=\"lazy\" decoding=\"async\" width=\"500\" height=\"500\" src=\"http:\/\/www.uartes.edu.ec\/sitio\/wp-content\/uploads\/2021\/11\/ocs-LIBERTAD-GILLS-2.jpg\" alt=\"\" class=\"wp-image-16830\" style=\"width:125px\" srcset=\"https:\/\/www.uartes.edu.ec\/sitio\/wp-content\/uploads\/2021\/11\/ocs-LIBERTAD-GILLS-2.jpg 500w, https:\/\/www.uartes.edu.ec\/sitio\/wp-content\/uploads\/2021\/11\/ocs-LIBERTAD-GILLS-2-300x300.jpg 300w, https:\/\/www.uartes.edu.ec\/sitio\/wp-content\/uploads\/2021\/11\/ocs-LIBERTAD-GILLS-2-150x150.jpg 150w, https:\/\/www.uartes.edu.ec\/sitio\/wp-content\/uploads\/2021\/11\/ocs-LIBERTAD-GILLS-2-60x60.jpg 60w, https:\/\/www.uartes.edu.ec\/sitio\/wp-content\/uploads\/2021\/11\/ocs-LIBERTAD-GILLS-2-100x100.jpg 100w\" sizes=\"(max-width: 500px) 100vw, 500px\" \/><\/figure>\n<\/div>\n\n\n<p class=\"has-text-align-center\">Libertad Gills Arana<br><strong><strong><strong><strong>Carrera de Cine<\/strong><\/strong> (Alterno)<\/strong><\/strong><\/p>\n<\/div>\n\n\n\n<div class=\"wp-block-column is-layout-flow wp-block-column-is-layout-flow\"><div class=\"wp-block-image is-style-rounded\">\n<figure class=\"aligncenter size-full is-resized\"><img loading=\"lazy\" decoding=\"async\" width=\"417\" height=\"417\" src=\"http:\/\/www.uartes.edu.ec\/sitio\/wp-content\/uploads\/2021\/05\/Ybelice-Briceno-Linares.jpg\" alt=\"\" class=\"wp-image-13817\" style=\"width:125px;height:125px\" srcset=\"https:\/\/www.uartes.edu.ec\/sitio\/wp-content\/uploads\/2021\/05\/Ybelice-Briceno-Linares.jpg 417w, https:\/\/www.uartes.edu.ec\/sitio\/wp-content\/uploads\/2021\/05\/Ybelice-Briceno-Linares-300x300.jpg 300w, https:\/\/www.uartes.edu.ec\/sitio\/wp-content\/uploads\/2021\/05\/Ybelice-Briceno-Linares-150x150.jpg 150w, https:\/\/www.uartes.edu.ec\/sitio\/wp-content\/uploads\/2021\/05\/Ybelice-Briceno-Linares-60x60.jpg 60w, https:\/\/www.uartes.edu.ec\/sitio\/wp-content\/uploads\/2021\/05\/Ybelice-Briceno-Linares-100x100.jpg 100w\" sizes=\"(max-width: 417px) 100vw, 417px\" \/><\/figure>\n<\/div>\n\n\n<p class=\"has-text-align-center\">Ybelice Brice\u00f1o Linares<br><strong><strong>Unidad Transversal<\/strong><\/strong><\/p>\n<\/div>\n\n\n\n<div class=\"wp-block-column is-layout-flow wp-block-column-is-layout-flow\"><div class=\"wp-block-image is-style-rounded\">\n<figure class=\"aligncenter size-full is-resized\"><img loading=\"lazy\" decoding=\"async\" width=\"500\" height=\"500\" src=\"http:\/\/www.uartes.edu.ec\/sitio\/wp-content\/uploads\/2021\/11\/Yamil-Lambert.jpg\" alt=\"\" class=\"wp-image-16807\" style=\"width:125px;height:125px\" srcset=\"https:\/\/www.uartes.edu.ec\/sitio\/wp-content\/uploads\/2021\/11\/Yamil-Lambert.jpg 500w, https:\/\/www.uartes.edu.ec\/sitio\/wp-content\/uploads\/2021\/11\/Yamil-Lambert-300x300.jpg 300w, https:\/\/www.uartes.edu.ec\/sitio\/wp-content\/uploads\/2021\/11\/Yamil-Lambert-150x150.jpg 150w, https:\/\/www.uartes.edu.ec\/sitio\/wp-content\/uploads\/2021\/11\/Yamil-Lambert-60x60.jpg 60w, https:\/\/www.uartes.edu.ec\/sitio\/wp-content\/uploads\/2021\/11\/Yamil-Lambert-100x100.jpg 100w\" sizes=\"(max-width: 500px) 100vw, 500px\" \/><\/figure>\n<\/div>\n\n\n<p class=\"has-text-align-center\">Yamil Edinson Lambert Sarango<br><strong><strong><strong><strong>Unidad Transversal<\/strong><\/strong><\/strong><\/strong> <strong><strong>(Alterno)<\/strong><\/strong><\/p>\n<\/div>\n<\/div>\n\n\n\n<div class=\"wp-block-columns is-layout-flex wp-container-core-columns-is-layout-9d6595d7 wp-block-columns-is-layout-flex\">\n<div class=\"wp-block-column is-layout-flow wp-block-column-is-layout-flow\"><div class=\"wp-block-image is-style-rounded\">\n<figure class=\"aligncenter size-full is-resized\"><img loading=\"lazy\" decoding=\"async\" width=\"500\" height=\"500\" src=\"http:\/\/www.uartes.edu.ec\/sitio\/wp-content\/uploads\/2021\/11\/Fernando-Intriago.jpg\" alt=\"\" class=\"wp-image-16802\" style=\"width:125px;height:125px\" srcset=\"https:\/\/www.uartes.edu.ec\/sitio\/wp-content\/uploads\/2021\/11\/Fernando-Intriago.jpg 500w, https:\/\/www.uartes.edu.ec\/sitio\/wp-content\/uploads\/2021\/11\/Fernando-Intriago-300x300.jpg 300w, https:\/\/www.uartes.edu.ec\/sitio\/wp-content\/uploads\/2021\/11\/Fernando-Intriago-150x150.jpg 150w, https:\/\/www.uartes.edu.ec\/sitio\/wp-content\/uploads\/2021\/11\/Fernando-Intriago-60x60.jpg 60w, https:\/\/www.uartes.edu.ec\/sitio\/wp-content\/uploads\/2021\/11\/Fernando-Intriago-100x100.jpg 100w\" sizes=\"(max-width: 500px) 100vw, 500px\" \/><\/figure>\n<\/div>\n\n\n<p class=\"has-text-align-center\">Fernando Intriago Ca\u00f1izares<br><strong><strong>Lenguas Extranjeras<\/strong><\/strong><\/p>\n<\/div>\n\n\n\n<div class=\"wp-block-column is-layout-flow wp-block-column-is-layout-flow\"><div class=\"wp-block-image is-style-rounded\">\n<figure class=\"aligncenter size-full is-resized\"><img loading=\"lazy\" decoding=\"async\" width=\"500\" height=\"500\" src=\"http:\/\/www.uartes.edu.ec\/sitio\/wp-content\/uploads\/2021\/11\/Shawn-Berry.jpg\" alt=\"\" class=\"wp-image-16808\" style=\"width:125px;height:125px\" srcset=\"https:\/\/www.uartes.edu.ec\/sitio\/wp-content\/uploads\/2021\/11\/Shawn-Berry.jpg 500w, https:\/\/www.uartes.edu.ec\/sitio\/wp-content\/uploads\/2021\/11\/Shawn-Berry-300x300.jpg 300w, https:\/\/www.uartes.edu.ec\/sitio\/wp-content\/uploads\/2021\/11\/Shawn-Berry-150x150.jpg 150w, https:\/\/www.uartes.edu.ec\/sitio\/wp-content\/uploads\/2021\/11\/Shawn-Berry-60x60.jpg 60w, https:\/\/www.uartes.edu.ec\/sitio\/wp-content\/uploads\/2021\/11\/Shawn-Berry-100x100.jpg 100w\" sizes=\"(max-width: 500px) 100vw, 500px\" \/><\/figure>\n<\/div>\n\n\n<p class=\"has-text-align-center\">Berry Shawn<br><strong><strong><strong><strong>Lenguas Extranjeras<\/strong><\/strong><\/strong><\/strong> <strong><strong>(Alterno)<\/strong><\/strong><\/p>\n<\/div>\n\n\n\n<div class=\"wp-block-column is-layout-flow wp-block-column-is-layout-flow\"><\/div>\n\n\n\n<div class=\"wp-block-column is-layout-flow wp-block-column-is-layout-flow\"><\/div>\n<\/div>\n\n\n\n<div class=\"wp-block-getwid-advanced-spacer getwid-hide-mobile\" style=\"height:50px\" aria-hidden=\"true\"><\/div>\n\n\n\n<h2 class=\"wp-block-heading\" id=\"academicos\">Representantes de los servidores y trabajadores<\/h2>\n\n\n\n<div class=\"wp-block-columns is-layout-flex wp-container-core-columns-is-layout-9d6595d7 wp-block-columns-is-layout-flex\">\n<div class=\"wp-block-column is-layout-flow wp-block-column-is-layout-flow\"><div class=\"wp-block-image is-style-rounded\">\n<figure class=\"aligncenter size-medium is-resized\"><img loading=\"lazy\" decoding=\"async\" width=\"300\" height=\"300\" src=\"https:\/\/www.uartes.edu.ec\/sitio\/wp-content\/uploads\/2023\/03\/Veronica-Mateus-300x300.jpg\" alt=\"\" class=\"wp-image-39240\" style=\"width:125px;height:125px\" srcset=\"https:\/\/www.uartes.edu.ec\/sitio\/wp-content\/uploads\/2023\/03\/Veronica-Mateus-300x300.jpg 300w, https:\/\/www.uartes.edu.ec\/sitio\/wp-content\/uploads\/2023\/03\/Veronica-Mateus-644x644.jpg 644w, https:\/\/www.uartes.edu.ec\/sitio\/wp-content\/uploads\/2023\/03\/Veronica-Mateus-150x150.jpg 150w, https:\/\/www.uartes.edu.ec\/sitio\/wp-content\/uploads\/2023\/03\/Veronica-Mateus-768x768.jpg 768w, https:\/\/www.uartes.edu.ec\/sitio\/wp-content\/uploads\/2023\/03\/Veronica-Mateus.jpg 800w, https:\/\/www.uartes.edu.ec\/sitio\/wp-content\/uploads\/2023\/03\/Veronica-Mateus-600x600.jpg 600w, https:\/\/www.uartes.edu.ec\/sitio\/wp-content\/uploads\/2023\/03\/Veronica-Mateus-100x100.jpg 100w, https:\/\/www.uartes.edu.ec\/sitio\/wp-content\/uploads\/2023\/03\/Veronica-Mateus-560x560.jpg 560w\" sizes=\"(max-width: 300px) 100vw, 300px\" \/><\/figure>\n<\/div>\n\n\n<p class=\"has-text-align-center\">Mar\u00eda Ver\u00f3nica Mateus Gomez<br><strong><strong>Admnistrativo<\/strong><\/strong><\/p>\n<\/div>\n\n\n\n<div class=\"wp-block-column is-layout-flow wp-block-column-is-layout-flow\"><div class=\"wp-block-image is-style-rounded\">\n<figure class=\"aligncenter size-medium is-resized\"><img loading=\"lazy\" decoding=\"async\" width=\"300\" height=\"300\" src=\"https:\/\/www.uartes.edu.ec\/sitio\/wp-content\/uploads\/2023\/03\/jose-medina-300x300.jpg\" alt=\"\" class=\"wp-image-39092\" style=\"width:125px;height:125px\" srcset=\"https:\/\/www.uartes.edu.ec\/sitio\/wp-content\/uploads\/2023\/03\/jose-medina-300x300.jpg 300w, https:\/\/www.uartes.edu.ec\/sitio\/wp-content\/uploads\/2023\/03\/jose-medina-644x644.jpg 644w, https:\/\/www.uartes.edu.ec\/sitio\/wp-content\/uploads\/2023\/03\/jose-medina-150x150.jpg 150w, https:\/\/www.uartes.edu.ec\/sitio\/wp-content\/uploads\/2023\/03\/jose-medina-768x768.jpg 768w, https:\/\/www.uartes.edu.ec\/sitio\/wp-content\/uploads\/2023\/03\/jose-medina-60x60.jpg 60w, https:\/\/www.uartes.edu.ec\/sitio\/wp-content\/uploads\/2023\/03\/jose-medina-600x600.jpg 600w, https:\/\/www.uartes.edu.ec\/sitio\/wp-content\/uploads\/2023\/03\/jose-medina-100x100.jpg 100w, https:\/\/www.uartes.edu.ec\/sitio\/wp-content\/uploads\/2023\/03\/jose-medina-560x560.jpg 560w, https:\/\/www.uartes.edu.ec\/sitio\/wp-content\/uploads\/2023\/03\/jose-medina.jpg 1186w\" sizes=\"(max-width: 300px) 100vw, 300px\" \/><\/figure>\n<\/div>\n\n\n<p class=\"has-text-align-center\">Jos\u00e9 Gerardo Medina Vallejo<br><strong><strong><strong><strong>Admnistrativ<\/strong><\/strong><\/strong>o (Alterno)<\/strong><\/p>\n<\/div>\n\n\n\n<div class=\"wp-block-column is-layout-flow wp-block-column-is-layout-flow\"><\/div>\n\n\n\n<div class=\"wp-block-column is-layout-flow wp-block-column-is-layout-flow\"><\/div>\n<\/div>\n\n\n\n<div class=\"wp-block-getwid-advanced-spacer getwid-hide-mobile\" style=\"height:52px\" aria-hidden=\"true\"><\/div>\n\n\n\n<h3 class=\"wp-block-heading\" id=\"academicos\">Per\u00edodos anteriores<\/h3>\n\n\n<nav class=\"is-responsive items-justified-space-between wp-block-navigation is-content-justification-space-between is-layout-flex wp-container-core-navigation-is-layout-3d213aab wp-block-navigation-is-layout-flex\" aria-label=\"OCS - Miembros anteriores\" \n\t\t data-wp-interactive=\"core\/navigation\" data-wp-context='{\"overlayOpenedBy\":{\"click\":false,\"hover\":false,\"focus\":false},\"type\":\"overlay\",\"roleAttribute\":\"\",\"ariaLabel\":\"Men\\u00fa\"}'><button aria-haspopup=\"dialog\" aria-label=\"Abrir el men\u00fa\" class=\"wp-block-navigation__responsive-container-open\" \n\t\t\t\tdata-wp-on--click=\"actions.openMenuOnClick\"\n\t\t\t\tdata-wp-on--keydown=\"actions.handleMenuKeydown\"\n\t\t\t><svg width=\"24\" height=\"24\" xmlns=\"http:\/\/www.w3.org\/2000\/svg\" viewBox=\"0 0 24 24\" aria-hidden=\"true\" focusable=\"false\"><path d=\"M4 7.5h16v1.5H4z\"><\/path><path d=\"M4 15h16v1.5H4z\"><\/path><\/svg><\/button>\n\t\t\t\t<div class=\"wp-block-navigation__responsive-container\"  id=\"modal-1\" \n\t\t\t\tdata-wp-class--has-modal-open=\"state.isMenuOpen\"\n\t\t\t\tdata-wp-class--is-menu-open=\"state.isMenuOpen\"\n\t\t\t\tdata-wp-watch=\"callbacks.initMenu\"\n\t\t\t\tdata-wp-on--keydown=\"actions.handleMenuKeydown\"\n\t\t\t\tdata-wp-on--focusout=\"actions.handleMenuFocusout\"\n\t\t\t\ttabindex=\"-1\"\n\t\t\t>\n\t\t\t\t\t<div class=\"wp-block-navigation__responsive-close\" tabindex=\"-1\">\n\t\t\t\t\t\t<div class=\"wp-block-navigation__responsive-dialog\" \n\t\t\t\tdata-wp-bind--aria-modal=\"state.ariaModal\"\n\t\t\t\tdata-wp-bind--aria-label=\"state.ariaLabel\"\n\t\t\t\tdata-wp-bind--role=\"state.roleAttribute\"\n\t\t\t>\n\t\t\t\t\t\t\t<button aria-label=\"Cerrar el men\u00fa\" class=\"wp-block-navigation__responsive-container-close\" \n\t\t\t\tdata-wp-on--click=\"actions.closeMenuOnClick\"\n\t\t\t><svg xmlns=\"http:\/\/www.w3.org\/2000\/svg\" viewBox=\"0 0 24 24\" width=\"24\" height=\"24\" aria-hidden=\"true\" focusable=\"false\"><path d=\"m13.06 12 6.47-6.47-1.06-1.06L12 10.94 5.53 4.47 4.47 5.53 10.94 12l-6.47 6.47 1.06 1.06L12 13.06l6.47 6.47 1.06-1.06L13.06 12Z\"><\/path><\/svg><\/button>\n\t\t\t\t\t\t\t<div class=\"wp-block-navigation__responsive-container-content\" \n\t\t\t\tdata-wp-watch=\"callbacks.focusFirstElement\"\n\t\t\t id=\"modal-1-content\">\n\t\t\t\t\t\t\t\t<ul class=\"wp-block-navigation__container is-responsive items-justified-space-between wp-block-navigation\"><li class=\" wp-block-navigation-item wp-block-navigation-link\"><a class=\"wp-block-navigation-item__content\"  href=\"https:\/\/www.uartes.edu.ec\/sitio\/la-universidad\/la-universidad\/ocs\/miembros\/2025-2\/\"><span class=\"wp-block-navigation-item__label\">2025<\/span><\/a><\/li><li class=\" wp-block-navigation-item wp-block-navigation-link\"><a class=\"wp-block-navigation-item__content\"  href=\"https:\/\/www.uartes.edu.ec\/sitio\/la-universidad\/la-universidad\/ocs\/miembros\/2024-2\/\"><span class=\"wp-block-navigation-item__label\">2024<\/span><\/a><\/li><li class=\" wp-block-navigation-item wp-block-navigation-link\"><a class=\"wp-block-navigation-item__content\"  href=\"https:\/\/www.uartes.edu.ec\/sitio\/la-universidad\/ocs\/miembros\/2023\/\"><span class=\"wp-block-navigation-item__label\">2023<\/span><\/a><\/li><li class=\" wp-block-navigation-item wp-block-navigation-link\"><a class=\"wp-block-navigation-item__content\"  href=\"https:\/\/www.uartes.edu.ec\/sitio\/la-universidad\/ocs\/miembros\/2022\/\"><span class=\"wp-block-navigation-item__label\">2022<\/span><\/a><\/li><li class=\" wp-block-navigation-item wp-block-navigation-link\"><a class=\"wp-block-navigation-item__content\"  href=\"https:\/\/www.uartes.edu.ec\/sitio\/la-universidad\/ocs\/miembros\/2021\/\"><span class=\"wp-block-navigation-item__label\">2021<\/span><\/a><\/li><\/ul>\n\t\t\t\t\t\t\t<\/div>\n\t\t\t\t\t\t<\/div>\n\t\t\t\t\t<\/div>\n\t\t\t\t<\/div><\/nav>","protected":false},"excerpt":{"rendered":"<p>Miembros anteriores del OCS Directores Diana Josefina Medina MelendezDirector de la Escuela de Posgrados Jorge Antonio Xavier Pati\u00f1o BaldaDirector de la Escuela de Artes Visuales Pedro Jose Cagigal GuayasaminDirector de Escuela de Cine Andrey Mijail Astaiza VallejoDirector de la Escuela de Artes Sonoras y Musicales (E) Bertha Del Rocio Diaz MartinezDirectora de la Escuela de [&hellip;]<\/p>\n","protected":false},"author":1,"featured_media":0,"parent":16744,"menu_order":5,"comment_status":"closed","ping_status":"closed","template":"","meta":{"_acf_changed":false,"_uag_custom_page_level_css":"","_monsterinsights_skip_tracking":false,"_monsterinsights_sitenote_active":false,"_monsterinsights_sitenote_note":"","_monsterinsights_sitenote_category":0,"cybocfi_hide_featured_image":"","footnotes":""},"class_list":["post-52167","page","type-page","status-publish","hentry"],"acf":[],"yoast_head":"<!-- This site is optimized with the Yoast SEO plugin v27.4 - https:\/\/yoast.com\/product\/yoast-seo-wordpress\/ -->\n<title>Universidad de las Artes - 2023<\/title>\n<meta name=\"description\" content=\"Universidad de las Artes - 2023\" \/>\n<meta name=\"robots\" content=\"index, follow, max-snippet:-1, max-image-preview:large, max-video-preview:-1\" \/>\n<link rel=\"canonical\" href=\"https:\/\/www.uartes.edu.ec\/sitio\/la-universidad\/ocs\/miembros\/2023\/\" \/>\n<meta property=\"og:locale\" content=\"es_ES\" \/>\n<meta property=\"og:type\" content=\"article\" \/>\n<meta property=\"og:title\" content=\"Universidad de las Artes - 2023\" \/>\n<meta property=\"og:description\" content=\"Universidad de las Artes - 2023\" \/>\n<meta property=\"og:url\" content=\"https:\/\/www.uartes.edu.ec\/sitio\/la-universidad\/ocs\/miembros\/2023\/\" \/>\n<meta property=\"og:site_name\" content=\"Universidad de las Artes\" \/>\n<meta property=\"article:publisher\" content=\"https:\/\/www.facebook.com\/uartesec\" \/>\n<meta property=\"article:modified_time\" content=\"2024-07-04T16:19:11+00:00\" \/>\n<meta property=\"og:image\" content=\"http:\/\/www.uartes.edu.ec\/sitio\/wp-content\/uploads\/2021\/11\/ocs-Diana-Medina-Docente.jpg\" \/>\n<meta name=\"twitter:card\" content=\"summary_large_image\" \/>\n<meta name=\"twitter:site\" content=\"@uartesec\" \/>\n<meta name=\"twitter:label1\" content=\"Tiempo de lectura\" \/>\n\t<meta name=\"twitter:data1\" content=\"10 minutos\" \/>\n<script type=\"application\/ld+json\" class=\"yoast-schema-graph\">{\"@context\":\"https:\\\/\\\/schema.org\",\"@graph\":[{\"@type\":\"WebPage\",\"@id\":\"https:\\\/\\\/www.uartes.edu.ec\\\/sitio\\\/la-universidad\\\/ocs\\\/miembros\\\/2023\\\/\",\"url\":\"https:\\\/\\\/www.uartes.edu.ec\\\/sitio\\\/la-universidad\\\/ocs\\\/miembros\\\/2023\\\/\",\"name\":\"Universidad de las Artes - 2023\",\"isPartOf\":{\"@id\":\"https:\\\/\\\/www.uartes.edu.ec\\\/sitio\\\/#website\"},\"primaryImageOfPage\":{\"@id\":\"https:\\\/\\\/www.uartes.edu.ec\\\/sitio\\\/la-universidad\\\/ocs\\\/miembros\\\/2023\\\/#primaryimage\"},\"image\":{\"@id\":\"https:\\\/\\\/www.uartes.edu.ec\\\/sitio\\\/la-universidad\\\/ocs\\\/miembros\\\/2023\\\/#primaryimage\"},\"thumbnailUrl\":\"http:\\\/\\\/www.uartes.edu.ec\\\/sitio\\\/wp-content\\\/uploads\\\/2021\\\/11\\\/ocs-Diana-Medina-Docente.jpg\",\"datePublished\":\"2024-04-03T17:48:52+00:00\",\"dateModified\":\"2024-07-04T16:19:11+00:00\",\"description\":\"Universidad de las Artes - 2023\",\"breadcrumb\":{\"@id\":\"https:\\\/\\\/www.uartes.edu.ec\\\/sitio\\\/la-universidad\\\/ocs\\\/miembros\\\/2023\\\/#breadcrumb\"},\"inLanguage\":\"es\",\"potentialAction\":[{\"@type\":\"ReadAction\",\"target\":[\"https:\\\/\\\/www.uartes.edu.ec\\\/sitio\\\/la-universidad\\\/ocs\\\/miembros\\\/2023\\\/\"]}]},{\"@type\":\"ImageObject\",\"inLanguage\":\"es\",\"@id\":\"https:\\\/\\\/www.uartes.edu.ec\\\/sitio\\\/la-universidad\\\/ocs\\\/miembros\\\/2023\\\/#primaryimage\",\"url\":\"https:\\\/\\\/www.uartes.edu.ec\\\/sitio\\\/wp-content\\\/uploads\\\/2021\\\/11\\\/ocs-Diana-Medina-Docente.jpg\",\"contentUrl\":\"https:\\\/\\\/www.uartes.edu.ec\\\/sitio\\\/wp-content\\\/uploads\\\/2021\\\/11\\\/ocs-Diana-Medina-Docente.jpg\",\"width\":360,\"height\":360},{\"@type\":\"BreadcrumbList\",\"@id\":\"https:\\\/\\\/www.uartes.edu.ec\\\/sitio\\\/la-universidad\\\/ocs\\\/miembros\\\/2023\\\/#breadcrumb\",\"itemListElement\":[{\"@type\":\"ListItem\",\"position\":1,\"name\":\"Inicio\",\"item\":\"https:\\\/\\\/www.uartes.edu.ec\\\/sitio\\\/\"},{\"@type\":\"ListItem\",\"position\":2,\"name\":\"Universidad de las Artes\",\"item\":\"https:\\\/\\\/www.uartes.edu.ec\\\/sitio\\\/\"},{\"@type\":\"ListItem\",\"position\":3,\"name\":\"La Universidad\",\"item\":\"https:\\\/\\\/www.uartes.edu.ec\\\/sitio\\\/la-universidad\\\/la-universidad\\\/\"},{\"@type\":\"ListItem\",\"position\":4,\"name\":\"\u00d3rgano Colegiado Superior\",\"item\":\"https:\\\/\\\/www.uartes.edu.ec\\\/sitio\\\/la-universidad\\\/ocs\\\/\"},{\"@type\":\"ListItem\",\"position\":5,\"name\":\"Miembros del OCS\",\"item\":\"https:\\\/\\\/www.uartes.edu.ec\\\/sitio\\\/la-universidad\\\/ocs\\\/miembros\\\/\"},{\"@type\":\"ListItem\",\"position\":6,\"name\":\"2023\"}]},{\"@type\":\"WebSite\",\"@id\":\"https:\\\/\\\/www.uartes.edu.ec\\\/sitio\\\/#website\",\"url\":\"https:\\\/\\\/www.uartes.edu.ec\\\/sitio\\\/\",\"name\":\"Universidad de las Artes\",\"description\":\"Sitio oficial de la Universidad Nacional de las Artes del Ecuador\",\"publisher\":{\"@id\":\"https:\\\/\\\/www.uartes.edu.ec\\\/sitio\\\/#organization\"},\"potentialAction\":[{\"@type\":\"SearchAction\",\"target\":{\"@type\":\"EntryPoint\",\"urlTemplate\":\"https:\\\/\\\/www.uartes.edu.ec\\\/sitio\\\/?s={search_term_string}\"},\"query-input\":{\"@type\":\"PropertyValueSpecification\",\"valueRequired\":true,\"valueName\":\"search_term_string\"}}],\"inLanguage\":\"es\"},{\"@type\":\"Organization\",\"@id\":\"https:\\\/\\\/www.uartes.edu.ec\\\/sitio\\\/#organization\",\"name\":\"Universidad de las Artes\",\"url\":\"https:\\\/\\\/www.uartes.edu.ec\\\/sitio\\\/\",\"logo\":{\"@type\":\"ImageObject\",\"inLanguage\":\"es\",\"@id\":\"https:\\\/\\\/www.uartes.edu.ec\\\/sitio\\\/#\\\/schema\\\/logo\\\/image\\\/\",\"url\":\"https:\\\/\\\/www.uartes.edu.ec\\\/sitio\\\/wp-content\\\/uploads\\\/2022\\\/07\\\/logo-ua-horizontal.png\",\"contentUrl\":\"https:\\\/\\\/www.uartes.edu.ec\\\/sitio\\\/wp-content\\\/uploads\\\/2022\\\/07\\\/logo-ua-horizontal.png\",\"width\":800,\"height\":276,\"caption\":\"Universidad de las Artes\"},\"image\":{\"@id\":\"https:\\\/\\\/www.uartes.edu.ec\\\/sitio\\\/#\\\/schema\\\/logo\\\/image\\\/\"},\"sameAs\":[\"https:\\\/\\\/www.facebook.com\\\/uartesec\",\"https:\\\/\\\/x.com\\\/uartesec\",\"https:\\\/\\\/www.tiktok.com\\\/@uartesec\"]}]}<\/script>\n<!-- \/ Yoast SEO plugin. -->","yoast_head_json":{"title":"Universidad de las Artes - 2023","description":"Universidad de las Artes - 2023","robots":{"index":"index","follow":"follow","max-snippet":"max-snippet:-1","max-image-preview":"max-image-preview:large","max-video-preview":"max-video-preview:-1"},"canonical":"https:\/\/www.uartes.edu.ec\/sitio\/la-universidad\/ocs\/miembros\/2023\/","og_locale":"es_ES","og_type":"article","og_title":"Universidad de las Artes - 2023","og_description":"Universidad de las Artes - 2023","og_url":"https:\/\/www.uartes.edu.ec\/sitio\/la-universidad\/ocs\/miembros\/2023\/","og_site_name":"Universidad de las Artes","article_publisher":"https:\/\/www.facebook.com\/uartesec","article_modified_time":"2024-07-04T16:19:11+00:00","og_image":[{"url":"http:\/\/www.uartes.edu.ec\/sitio\/wp-content\/uploads\/2021\/11\/ocs-Diana-Medina-Docente.jpg","type":"","width":"","height":""}],"twitter_card":"summary_large_image","twitter_site":"@uartesec","twitter_misc":{"Tiempo de lectura":"10 minutos"},"schema":{"@context":"https:\/\/schema.org","@graph":[{"@type":"WebPage","@id":"https:\/\/www.uartes.edu.ec\/sitio\/la-universidad\/ocs\/miembros\/2023\/","url":"https:\/\/www.uartes.edu.ec\/sitio\/la-universidad\/ocs\/miembros\/2023\/","name":"Universidad de las Artes - 2023","isPartOf":{"@id":"https:\/\/www.uartes.edu.ec\/sitio\/#website"},"primaryImageOfPage":{"@id":"https:\/\/www.uartes.edu.ec\/sitio\/la-universidad\/ocs\/miembros\/2023\/#primaryimage"},"image":{"@id":"https:\/\/www.uartes.edu.ec\/sitio\/la-universidad\/ocs\/miembros\/2023\/#primaryimage"},"thumbnailUrl":"http:\/\/www.uartes.edu.ec\/sitio\/wp-content\/uploads\/2021\/11\/ocs-Diana-Medina-Docente.jpg","datePublished":"2024-04-03T17:48:52+00:00","dateModified":"2024-07-04T16:19:11+00:00","description":"Universidad de las Artes - 2023","breadcrumb":{"@id":"https:\/\/www.uartes.edu.ec\/sitio\/la-universidad\/ocs\/miembros\/2023\/#breadcrumb"},"inLanguage":"es","potentialAction":[{"@type":"ReadAction","target":["https:\/\/www.uartes.edu.ec\/sitio\/la-universidad\/ocs\/miembros\/2023\/"]}]},{"@type":"ImageObject","inLanguage":"es","@id":"https:\/\/www.uartes.edu.ec\/sitio\/la-universidad\/ocs\/miembros\/2023\/#primaryimage","url":"https:\/\/www.uartes.edu.ec\/sitio\/wp-content\/uploads\/2021\/11\/ocs-Diana-Medina-Docente.jpg","contentUrl":"https:\/\/www.uartes.edu.ec\/sitio\/wp-content\/uploads\/2021\/11\/ocs-Diana-Medina-Docente.jpg","width":360,"height":360},{"@type":"BreadcrumbList","@id":"https:\/\/www.uartes.edu.ec\/sitio\/la-universidad\/ocs\/miembros\/2023\/#breadcrumb","itemListElement":[{"@type":"ListItem","position":1,"name":"Inicio","item":"https:\/\/www.uartes.edu.ec\/sitio\/"},{"@type":"ListItem","position":2,"name":"Universidad de las Artes","item":"https:\/\/www.uartes.edu.ec\/sitio\/"},{"@type":"ListItem","position":3,"name":"La Universidad","item":"https:\/\/www.uartes.edu.ec\/sitio\/la-universidad\/la-universidad\/"},{"@type":"ListItem","position":4,"name":"\u00d3rgano Colegiado Superior","item":"https:\/\/www.uartes.edu.ec\/sitio\/la-universidad\/ocs\/"},{"@type":"ListItem","position":5,"name":"Miembros del OCS","item":"https:\/\/www.uartes.edu.ec\/sitio\/la-universidad\/ocs\/miembros\/"},{"@type":"ListItem","position":6,"name":"2023"}]},{"@type":"WebSite","@id":"https:\/\/www.uartes.edu.ec\/sitio\/#website","url":"https:\/\/www.uartes.edu.ec\/sitio\/","name":"Universidad de las Artes","description":"Sitio oficial de la Universidad Nacional de las Artes del Ecuador","publisher":{"@id":"https:\/\/www.uartes.edu.ec\/sitio\/#organization"},"potentialAction":[{"@type":"SearchAction","target":{"@type":"EntryPoint","urlTemplate":"https:\/\/www.uartes.edu.ec\/sitio\/?s={search_term_string}"},"query-input":{"@type":"PropertyValueSpecification","valueRequired":true,"valueName":"search_term_string"}}],"inLanguage":"es"},{"@type":"Organization","@id":"https:\/\/www.uartes.edu.ec\/sitio\/#organization","name":"Universidad de las Artes","url":"https:\/\/www.uartes.edu.ec\/sitio\/","logo":{"@type":"ImageObject","inLanguage":"es","@id":"https:\/\/www.uartes.edu.ec\/sitio\/#\/schema\/logo\/image\/","url":"https:\/\/www.uartes.edu.ec\/sitio\/wp-content\/uploads\/2022\/07\/logo-ua-horizontal.png","contentUrl":"https:\/\/www.uartes.edu.ec\/sitio\/wp-content\/uploads\/2022\/07\/logo-ua-horizontal.png","width":800,"height":276,"caption":"Universidad de las Artes"},"image":{"@id":"https:\/\/www.uartes.edu.ec\/sitio\/#\/schema\/logo\/image\/"},"sameAs":["https:\/\/www.facebook.com\/uartesec","https:\/\/x.com\/uartesec","https:\/\/www.tiktok.com\/@uartesec"]}]}},"uagb_featured_image_src":{"full":false,"thumbnail":false,"medium":false,"medium_large":false,"large":false,"1536x1536":false,"2048x2048":false,"trp-custom-language-flag":false,"htmega_size_585x295":false,"htmega_size_1170x536":false,"htmega_size_396x360":false,"gb-block-post-grid-landscape":false,"gb-block-post-grid-square":false,"university-hub-thumb":false},"uagb_author_info":{"display_name":"Universidad de las Artes","author_link":"https:\/\/www.uartes.edu.ec\/sitio\/blog\/author\/dircomadm\/"},"uagb_comment_info":0,"uagb_excerpt":"Miembros anteriores del OCS Directores Diana Josefina Medina MelendezDirector de la Escuela de Posgrados Jorge Antonio Xavier Pati\u00f1o BaldaDirector de la Escuela de Artes Visuales Pedro Jose Cagigal GuayasaminDirector de Escuela de Cine Andrey Mijail Astaiza VallejoDirector de la Escuela de Artes Sonoras y Musicales (E) Bertha Del Rocio Diaz MartinezDirectora de la Escuela de&hellip;","featured_image_src":null,"featured_image_src_square":null,"publishpress_future_action":{"enabled":false,"date":"2026-05-10 05:46:47","action":"change-status","newStatus":"draft","terms":[],"taxonomy":"","extraData":[]},"publishpress_future_workflow_manual_trigger":{"enabledWorkflows":[]},"distributor_meta":false,"distributor_terms":false,"distributor_media":false,"distributor_original_site_name":"Universidad de las Artes","distributor_original_site_url":"https:\/\/www.uartes.edu.ec\/sitio","push-errors":false,"_links":{"self":[{"href":"https:\/\/www.uartes.edu.ec\/sitio\/wp-json\/wp\/v2\/pages\/52167","targetHints":{"allow":["GET"]}}],"collection":[{"href":"https:\/\/www.uartes.edu.ec\/sitio\/wp-json\/wp\/v2\/pages"}],"about":[{"href":"https:\/\/www.uartes.edu.ec\/sitio\/wp-json\/wp\/v2\/types\/page"}],"author":[{"embeddable":true,"href":"https:\/\/www.uartes.edu.ec\/sitio\/wp-json\/wp\/v2\/users\/1"}],"replies":[{"embeddable":true,"href":"https:\/\/www.uartes.edu.ec\/sitio\/wp-json\/wp\/v2\/comments?post=52167"}],"version-history":[{"count":2,"href":"https:\/\/www.uartes.edu.ec\/sitio\/wp-json\/wp\/v2\/pages\/52167\/revisions"}],"predecessor-version":[{"id":52191,"href":"https:\/\/www.uartes.edu.ec\/sitio\/wp-json\/wp\/v2\/pages\/52167\/revisions\/52191"}],"up":[{"embeddable":true,"href":"https:\/\/www.uartes.edu.ec\/sitio\/wp-json\/wp\/v2\/pages\/16744"}],"wp:attachment":[{"href":"https:\/\/www.uartes.edu.ec\/sitio\/wp-json\/wp\/v2\/media?parent=52167"}],"curies":[{"name":"wp","href":"https:\/\/api.w.org\/{rel}","templated":true}]}}