{"id":70611,"date":"2025-04-21T09:25:00","date_gmt":"2025-04-21T14:25:00","guid":{"rendered":"https:\/\/www.uartes.edu.ec\/sitio\/?page_id=70611"},"modified":"2025-04-21T10:08:30","modified_gmt":"2025-04-21T15:08:30","slug":"2024-2","status":"publish","type":"page","link":"https:\/\/www.uartes.edu.ec\/sitio\/la-universidad\/la-universidad\/ocs\/miembros\/2024-2\/","title":{"rendered":"2024"},"content":{"rendered":"\n<h2 class=\"wp-block-heading\" id=\"maximas-autoridades\">Miembros anteriores del OCS<\/h2>\n\n\n\n<div class=\"wp-block-getwid-advanced-spacer\" style=\"height:50px\" aria-hidden=\"true\"><\/div>\n\n\n\n<h2 class=\"wp-block-heading\" id=\"estudiantiles\">Representantes estudiantiles<\/h2>\n\n\n\n<div class=\"wp-block-columns is-layout-flex wp-container-core-columns-is-layout-9d6595d7 wp-block-columns-is-layout-flex\">\n<div class=\"wp-block-column is-layout-flow wp-block-column-is-layout-flow\">\n<div class=\"wp-block-uagb-image uagb-block-0d9f347a wp-block-uagb-image--layout-default wp-block-uagb-image--effect-static wp-block-uagb-image--align-none is-style-rounded\"><figure class=\"wp-block-uagb-image__figure\"><img loading=\"lazy\" decoding=\"async\"  sizes=\"auto, (max-width: 480px) 150px\" src=\"https:\/\/www.uartes.edu.ec\/sitio\/wp-content\/uploads\/2024\/04\/luiggi-vera.jpg\" alt=\"\" width=\"150\" height=\"150\" title=\"\" loading=\"lazy\" role=\"img\"\/><\/figure><\/div>\n\n\n\n<p class=\"has-text-align-center\">Luiggi Roberto Vera Flores<br><strong><strong>Escuela de Artes Sonoras<\/strong><\/strong><\/p>\n<\/div>\n\n\n\n<div class=\"wp-block-column is-layout-flow wp-block-column-is-layout-flow\">\n<div class=\"wp-block-uagb-image uagb-block-367168be wp-block-uagb-image--layout-default wp-block-uagb-image--effect-static wp-block-uagb-image--align-none is-style-rounded\"><figure class=\"wp-block-uagb-image__figure\"><img loading=\"lazy\" decoding=\"async\"  sizes=\"auto, (max-width: 480px) 150px\" src=\"https:\/\/www.uartes.edu.ec\/sitio\/wp-content\/uploads\/2023\/03\/foto-Noemi-Villena-300x300.jpg\" alt=\"\" width=\"150\" height=\"150\" title=\"\" loading=\"lazy\" role=\"img\"\/><\/figure><\/div>\n\n\n\n<p class=\"has-text-align-center\">Noem\u00ed Mar\u00eda Villena Gilbert<br><strong><strong>Escuela de Artes Esc\u00e9nicas<\/strong><\/strong><\/p>\n<\/div>\n\n\n\n<div class=\"wp-block-column is-layout-flow wp-block-column-is-layout-flow\">\n<div class=\"wp-block-uagb-image uagb-block-c2be80d4 wp-block-uagb-image--layout-default wp-block-uagb-image--effect-static wp-block-uagb-image--align-none is-style-rounded\"><figure class=\"wp-block-uagb-image__figure\"><img loading=\"lazy\" decoding=\"async\"  sizes=\"auto, (max-width: 480px) 150px\" src=\"https:\/\/www.uartes.edu.ec\/sitio\/wp-content\/uploads\/2024\/04\/vicente-mieles.jpg\" alt=\"\" width=\"150\" height=\"150\" title=\"\" loading=\"lazy\" role=\"img\"\/><\/figure><\/div>\n\n\n\n<p class=\"has-text-align-center\">Vicente Gabriel Mieles Guzm\u00e1n<br><strong><strong>Escuela de Artes Esc\u00e9nicas (Alterno)<\/strong><\/strong><\/p>\n<\/div>\n\n\n\n<div class=\"wp-block-column is-layout-flow wp-block-column-is-layout-flow\">\n<div class=\"wp-block-uagb-image uagb-block-5e392f03 wp-block-uagb-image--layout-default wp-block-uagb-image--effect-static wp-block-uagb-image--align-none is-style-rounded\"><figure class=\"wp-block-uagb-image__figure\"><img loading=\"lazy\" decoding=\"async\"  sizes=\"auto, (max-width: 480px) 150px\" src=\"https:\/\/www.uartes.edu.ec\/sitio\/wp-content\/uploads\/2024\/04\/valeria-navarro.jpg\" alt=\"\" width=\"150\" height=\"150\" title=\"\" loading=\"lazy\" role=\"img\"\/><\/figure><\/div>\n\n\n\n<p class=\"has-text-align-center\">Valeria Susana Navarro Verdezoto<br><strong><strong>Escuela de Literatura<\/strong><\/strong><\/p>\n<\/div>\n<\/div>\n\n\n\n<div class=\"wp-block-columns is-layout-flex wp-container-core-columns-is-layout-9d6595d7 wp-block-columns-is-layout-flex\">\n<div class=\"wp-block-column is-layout-flow wp-block-column-is-layout-flow\">\n<div class=\"wp-block-uagb-image uagb-block-b387c966 wp-block-uagb-image--layout-default wp-block-uagb-image--effect-static wp-block-uagb-image--align-none is-style-rounded\"><figure class=\"wp-block-uagb-image__figure\"><img loading=\"lazy\" decoding=\"async\"  sizes=\"auto, (max-width: 480px) 150px\" src=\"https:\/\/www.uartes.edu.ec\/sitio\/wp-content\/uploads\/2024\/04\/anthony-andrade.jpg\" alt=\"\" width=\"150\" height=\"150\" title=\"\" loading=\"lazy\" role=\"img\"\/><\/figure><\/div>\n\n\n\n<p class=\"has-text-align-center\">Anthony David Andrade V\u00e9lez<br><strong><strong><strong><strong>Escuela de Literatura<\/strong><\/strong> (Alterno)<\/strong><\/strong><\/p>\n<\/div>\n\n\n\n<div class=\"wp-block-column is-layout-flow wp-block-column-is-layout-flow\">\n<div class=\"wp-block-uagb-image uagb-block-3e91b5d7 wp-block-uagb-image--layout-default wp-block-uagb-image--effect-static wp-block-uagb-image--align-none is-style-rounded\"><figure class=\"wp-block-uagb-image__figure\"><img loading=\"lazy\" decoding=\"async\"  sizes=\"auto, (max-width: 480px) 150px\" src=\"https:\/\/www.uartes.edu.ec\/sitio\/wp-content\/uploads\/2023\/03\/final-Giovanni-Contero-300x300.jpg\" alt=\"\" width=\"150\" height=\"150\" title=\"\" loading=\"lazy\" role=\"img\"\/><\/figure><\/div>\n\n\n\n<p class=\"has-text-align-center\">Giovanni Andres Contero Acebo<br><strong><strong>Escuela de Cine<\/strong><\/strong><\/p>\n<\/div>\n\n\n\n<div class=\"wp-block-column is-layout-flow wp-block-column-is-layout-flow\">\n<div class=\"wp-block-uagb-image uagb-block-13edc2c3 wp-block-uagb-image--layout-default wp-block-uagb-image--effect-static wp-block-uagb-image--align-none is-style-rounded\"><figure class=\"wp-block-uagb-image__figure\"><img loading=\"lazy\" decoding=\"async\"  sizes=\"auto, (max-width: 480px) 150px\" src=\"https:\/\/www.uartes.edu.ec\/sitio\/wp-content\/uploads\/2024\/04\/sara-polit.jpg\" alt=\"\" width=\"150\" height=\"150\" title=\"\" loading=\"lazy\" role=\"img\"\/><\/figure><\/div>\n\n\n\n<p class=\"has-text-align-center\">Sara Trinidad P\u00f3lit Sosa<br><strong><strong>Escuela de Cine (Alterno)<\/strong><\/strong><\/p>\n<\/div>\n\n\n\n<div class=\"wp-block-column is-layout-flow wp-block-column-is-layout-flow\">\n<div class=\"wp-block-uagb-image uagb-block-4a778659 wp-block-uagb-image--layout-default wp-block-uagb-image--effect-static wp-block-uagb-image--align-none is-style-rounded\"><figure class=\"wp-block-uagb-image__figure\"><img loading=\"lazy\" decoding=\"async\"  sizes=\"auto, (max-width: 480px) 150px\" src=\"https:\/\/www.uartes.edu.ec\/sitio\/wp-content\/uploads\/2024\/05\/fanny-nieto-franco-300x300.jpg\" alt=\"\" width=\"150\" height=\"150\" title=\"\" loading=\"lazy\" role=\"img\"\/><\/figure><\/div>\n\n\n\n<p class=\"has-text-align-center\">Fanny Betzabeth Nieto Franco<br><strong><strong>Escuela de Artes Esc\u00e9nicas<\/strong><\/strong><\/p>\n<\/div>\n<\/div>\n\n\n\n<div class=\"wp-block-columns is-layout-flex wp-container-core-columns-is-layout-9d6595d7 wp-block-columns-is-layout-flex\">\n<div class=\"wp-block-column is-layout-flow wp-block-column-is-layout-flow\">\n<div class=\"wp-block-uagb-image uagb-block-49d24488 wp-block-uagb-image--layout-default wp-block-uagb-image--effect-static wp-block-uagb-image--align-none is-style-rounded\"><figure class=\"wp-block-uagb-image__figure\"><img loading=\"lazy\" decoding=\"async\"  sizes=\"auto, (max-width: 480px) 150px\" src=\"https:\/\/www.uartes.edu.ec\/sitio\/wp-content\/uploads\/2024\/05\/karla-ortiz-300x300.jpg\" alt=\"\" width=\"150\" height=\"150\" title=\"\" loading=\"lazy\" role=\"img\"\/><\/figure><\/div>\n\n\n\n<p class=\"has-text-align-center\">Karla Sallury Ortiz Alc\u00edvar<br><strong><strong>Escuela de Artes Esc\u00e9nicas (Alterno)<\/strong><\/strong><\/p>\n<\/div>\n\n\n\n<div class=\"wp-block-column is-layout-flow wp-block-column-is-layout-flow\"><\/div>\n\n\n\n<div class=\"wp-block-column is-layout-flow wp-block-column-is-layout-flow\"><\/div>\n\n\n\n<div class=\"wp-block-column is-layout-flow wp-block-column-is-layout-flow\"><\/div>\n<\/div>\n\n\n\n<div class=\"wp-block-getwid-advanced-spacer getwid-hide-mobile\" style=\"height:50px\" aria-hidden=\"true\"><\/div>\n\n\n\n<h2 class=\"wp-block-heading\" id=\"academicos\">Representantes de los servidores y trabajadores<\/h2>\n\n\n\n<div class=\"wp-block-columns is-layout-flex wp-container-core-columns-is-layout-9d6595d7 wp-block-columns-is-layout-flex\">\n<div class=\"wp-block-column is-layout-flow wp-block-column-is-layout-flow\"><div class=\"wp-block-image is-style-rounded\">\n<figure class=\"aligncenter size-medium is-resized\"><img fetchpriority=\"high\" decoding=\"async\" width=\"300\" height=\"300\" src=\"https:\/\/www.uartes.edu.ec\/sitio\/wp-content\/uploads\/2023\/03\/Veronica-Mateus-300x300.jpg\" alt=\"\" class=\"wp-image-39240\" style=\"width:125px;height:125px\" srcset=\"https:\/\/www.uartes.edu.ec\/sitio\/wp-content\/uploads\/2023\/03\/Veronica-Mateus-300x300.jpg 300w, https:\/\/www.uartes.edu.ec\/sitio\/wp-content\/uploads\/2023\/03\/Veronica-Mateus-644x644.jpg 644w, https:\/\/www.uartes.edu.ec\/sitio\/wp-content\/uploads\/2023\/03\/Veronica-Mateus-150x150.jpg 150w, https:\/\/www.uartes.edu.ec\/sitio\/wp-content\/uploads\/2023\/03\/Veronica-Mateus-768x768.jpg 768w, https:\/\/www.uartes.edu.ec\/sitio\/wp-content\/uploads\/2023\/03\/Veronica-Mateus.jpg 800w, https:\/\/www.uartes.edu.ec\/sitio\/wp-content\/uploads\/2023\/03\/Veronica-Mateus-600x600.jpg 600w, https:\/\/www.uartes.edu.ec\/sitio\/wp-content\/uploads\/2023\/03\/Veronica-Mateus-100x100.jpg 100w, https:\/\/www.uartes.edu.ec\/sitio\/wp-content\/uploads\/2023\/03\/Veronica-Mateus-560x560.jpg 560w\" sizes=\"(max-width: 300px) 100vw, 300px\" \/><\/figure>\n<\/div>\n\n\n<p class=\"has-text-align-center\">Mar\u00eda Ver\u00f3nica Mateus Gomez<br><strong><strong>Admnistrativo<\/strong><\/strong><\/p>\n<\/div>\n\n\n\n<div class=\"wp-block-column is-layout-flow wp-block-column-is-layout-flow\"><div class=\"wp-block-image is-style-rounded\">\n<figure class=\"aligncenter size-medium is-resized\"><img decoding=\"async\" width=\"300\" height=\"300\" src=\"https:\/\/www.uartes.edu.ec\/sitio\/wp-content\/uploads\/2023\/03\/jose-medina-300x300.jpg\" alt=\"\" class=\"wp-image-39092\" style=\"width:125px;height:125px\" srcset=\"https:\/\/www.uartes.edu.ec\/sitio\/wp-content\/uploads\/2023\/03\/jose-medina-300x300.jpg 300w, https:\/\/www.uartes.edu.ec\/sitio\/wp-content\/uploads\/2023\/03\/jose-medina-644x644.jpg 644w, https:\/\/www.uartes.edu.ec\/sitio\/wp-content\/uploads\/2023\/03\/jose-medina-150x150.jpg 150w, https:\/\/www.uartes.edu.ec\/sitio\/wp-content\/uploads\/2023\/03\/jose-medina-768x768.jpg 768w, https:\/\/www.uartes.edu.ec\/sitio\/wp-content\/uploads\/2023\/03\/jose-medina-60x60.jpg 60w, https:\/\/www.uartes.edu.ec\/sitio\/wp-content\/uploads\/2023\/03\/jose-medina-600x600.jpg 600w, https:\/\/www.uartes.edu.ec\/sitio\/wp-content\/uploads\/2023\/03\/jose-medina-100x100.jpg 100w, https:\/\/www.uartes.edu.ec\/sitio\/wp-content\/uploads\/2023\/03\/jose-medina-560x560.jpg 560w, https:\/\/www.uartes.edu.ec\/sitio\/wp-content\/uploads\/2023\/03\/jose-medina.jpg 1186w\" sizes=\"(max-width: 300px) 100vw, 300px\" \/><\/figure>\n<\/div>\n\n\n<p class=\"has-text-align-center\">Jos\u00e9 Gerardo Medina Vallejo<br><strong><strong><strong><strong>Admnistrativ<\/strong><\/strong><\/strong>o (Alterno)<\/strong><\/p>\n<\/div>\n\n\n\n<div class=\"wp-block-column is-layout-flow wp-block-column-is-layout-flow\"><\/div>\n\n\n\n<div class=\"wp-block-column is-layout-flow wp-block-column-is-layout-flow\"><\/div>\n<\/div>\n\n\n\n<div class=\"wp-block-getwid-advanced-spacer getwid-hide-mobile\" style=\"height:52px\" aria-hidden=\"true\"><\/div>\n\n\n\n<h3 class=\"wp-block-heading\" id=\"academicos\">Per\u00edodos anteriores<\/h3>\n\n\n<nav class=\"is-responsive items-justified-space-between wp-block-navigation is-content-justification-space-between is-layout-flex wp-container-core-navigation-is-layout-3d213aab wp-block-navigation-is-layout-flex\" aria-label=\"OCS - Miembros anteriores\" \n\t\t data-wp-interactive=\"core\/navigation\" data-wp-context='{\"overlayOpenedBy\":{\"click\":false,\"hover\":false,\"focus\":false},\"type\":\"overlay\",\"roleAttribute\":\"\",\"ariaLabel\":\"Men\\u00fa\"}'><button aria-haspopup=\"dialog\" aria-label=\"Abrir el men\u00fa\" class=\"wp-block-navigation__responsive-container-open\" \n\t\t\t\tdata-wp-on--click=\"actions.openMenuOnClick\"\n\t\t\t\tdata-wp-on--keydown=\"actions.handleMenuKeydown\"\n\t\t\t><svg width=\"24\" height=\"24\" xmlns=\"http:\/\/www.w3.org\/2000\/svg\" viewBox=\"0 0 24 24\" aria-hidden=\"true\" focusable=\"false\"><path d=\"M4 7.5h16v1.5H4z\"><\/path><path d=\"M4 15h16v1.5H4z\"><\/path><\/svg><\/button>\n\t\t\t\t<div class=\"wp-block-navigation__responsive-container\"  id=\"modal-1\" \n\t\t\t\tdata-wp-class--has-modal-open=\"state.isMenuOpen\"\n\t\t\t\tdata-wp-class--is-menu-open=\"state.isMenuOpen\"\n\t\t\t\tdata-wp-watch=\"callbacks.initMenu\"\n\t\t\t\tdata-wp-on--keydown=\"actions.handleMenuKeydown\"\n\t\t\t\tdata-wp-on--focusout=\"actions.handleMenuFocusout\"\n\t\t\t\ttabindex=\"-1\"\n\t\t\t>\n\t\t\t\t\t<div class=\"wp-block-navigation__responsive-close\" tabindex=\"-1\">\n\t\t\t\t\t\t<div class=\"wp-block-navigation__responsive-dialog\" \n\t\t\t\tdata-wp-bind--aria-modal=\"state.ariaModal\"\n\t\t\t\tdata-wp-bind--aria-label=\"state.ariaLabel\"\n\t\t\t\tdata-wp-bind--role=\"state.roleAttribute\"\n\t\t\t>\n\t\t\t\t\t\t\t<button aria-label=\"Cerrar el men\u00fa\" class=\"wp-block-navigation__responsive-container-close\" \n\t\t\t\tdata-wp-on--click=\"actions.closeMenuOnClick\"\n\t\t\t><svg xmlns=\"http:\/\/www.w3.org\/2000\/svg\" viewBox=\"0 0 24 24\" width=\"24\" height=\"24\" aria-hidden=\"true\" focusable=\"false\"><path d=\"m13.06 12 6.47-6.47-1.06-1.06L12 10.94 5.53 4.47 4.47 5.53 10.94 12l-6.47 6.47 1.06 1.06L12 13.06l6.47 6.47 1.06-1.06L13.06 12Z\"><\/path><\/svg><\/button>\n\t\t\t\t\t\t\t<div class=\"wp-block-navigation__responsive-container-content\" \n\t\t\t\tdata-wp-watch=\"callbacks.focusFirstElement\"\n\t\t\t id=\"modal-1-content\">\n\t\t\t\t\t\t\t\t<ul class=\"wp-block-navigation__container is-responsive items-justified-space-between wp-block-navigation\"><li class=\" wp-block-navigation-item wp-block-navigation-link\"><a class=\"wp-block-navigation-item__content\"  href=\"https:\/\/www.uartes.edu.ec\/sitio\/la-universidad\/la-universidad\/ocs\/miembros\/2025-2\/\"><span class=\"wp-block-navigation-item__label\">2025<\/span><\/a><\/li><li class=\" wp-block-navigation-item wp-block-navigation-link\"><a class=\"wp-block-navigation-item__content\"  href=\"https:\/\/www.uartes.edu.ec\/sitio\/la-universidad\/la-universidad\/ocs\/miembros\/2024-2\/\"><span class=\"wp-block-navigation-item__label\">2024<\/span><\/a><\/li><li class=\" wp-block-navigation-item wp-block-navigation-link\"><a class=\"wp-block-navigation-item__content\"  href=\"https:\/\/www.uartes.edu.ec\/sitio\/la-universidad\/ocs\/miembros\/2023\/\"><span class=\"wp-block-navigation-item__label\">2023<\/span><\/a><\/li><li class=\" wp-block-navigation-item wp-block-navigation-link\"><a class=\"wp-block-navigation-item__content\"  href=\"https:\/\/www.uartes.edu.ec\/sitio\/la-universidad\/ocs\/miembros\/2022\/\"><span class=\"wp-block-navigation-item__label\">2022<\/span><\/a><\/li><li class=\" wp-block-navigation-item wp-block-navigation-link\"><a class=\"wp-block-navigation-item__content\"  href=\"https:\/\/www.uartes.edu.ec\/sitio\/la-universidad\/ocs\/miembros\/2021\/\"><span class=\"wp-block-navigation-item__label\">2021<\/span><\/a><\/li><\/ul>\n\t\t\t\t\t\t\t<\/div>\n\t\t\t\t\t\t<\/div>\n\t\t\t\t\t<\/div>\n\t\t\t\t<\/div><\/nav>","protected":false},"excerpt":{"rendered":"<p>Miembros anteriores del OCS Representantes estudiantiles Luiggi Roberto Vera FloresEscuela de Artes Sonoras Noem\u00ed Mar\u00eda Villena GilbertEscuela de Artes Esc\u00e9nicas Vicente Gabriel Mieles Guzm\u00e1nEscuela de Artes Esc\u00e9nicas (Alterno) Valeria Susana Navarro VerdezotoEscuela de Literatura Anthony David Andrade V\u00e9lezEscuela de Literatura (Alterno) Giovanni Andres Contero AceboEscuela de Cine Sara Trinidad P\u00f3lit SosaEscuela de Cine (Alterno) Fanny [&hellip;]<\/p>\n","protected":false},"author":1,"featured_media":0,"parent":16744,"menu_order":6,"comment_status":"closed","ping_status":"closed","template":"","meta":{"_acf_changed":false,"_uag_custom_page_level_css":"","_monsterinsights_skip_tracking":false,"_monsterinsights_sitenote_active":false,"_monsterinsights_sitenote_note":"","_monsterinsights_sitenote_category":0,"cybocfi_hide_featured_image":"","footnotes":""},"class_list":["post-70611","page","type-page","status-publish","hentry"],"acf":[],"yoast_head":"<!-- This site is optimized with the Yoast SEO plugin v27.4 - https:\/\/yoast.com\/product\/yoast-seo-wordpress\/ -->\n<title>Universidad de las Artes - 2024<\/title>\n<meta name=\"description\" content=\"Universidad de las Artes - 2024\" \/>\n<meta name=\"robots\" content=\"index, follow, max-snippet:-1, max-image-preview:large, max-video-preview:-1\" \/>\n<link rel=\"canonical\" href=\"https:\/\/www.uartes.edu.ec\/sitio\/la-universidad\/la-universidad\/ocs\/miembros\/2024-2\/\" \/>\n<meta property=\"og:locale\" content=\"es_ES\" \/>\n<meta property=\"og:type\" content=\"article\" \/>\n<meta property=\"og:title\" content=\"Universidad de las Artes - 2024\" \/>\n<meta property=\"og:description\" content=\"Universidad de las Artes - 2024\" \/>\n<meta property=\"og:url\" content=\"https:\/\/www.uartes.edu.ec\/sitio\/la-universidad\/la-universidad\/ocs\/miembros\/2024-2\/\" \/>\n<meta property=\"og:site_name\" content=\"Universidad de las Artes\" \/>\n<meta property=\"article:publisher\" content=\"https:\/\/www.facebook.com\/uartesec\" \/>\n<meta property=\"article:modified_time\" content=\"2025-04-21T15:08:30+00:00\" \/>\n<meta property=\"og:image\" content=\"https:\/\/www.uartes.edu.ec\/sitio\/wp-content\/uploads\/2024\/04\/luiggi-vera.jpg\" \/>\n<meta name=\"twitter:card\" content=\"summary_large_image\" \/>\n<meta name=\"twitter:site\" content=\"@uartesec\" \/>\n<meta name=\"twitter:label1\" content=\"Tiempo de lectura\" \/>\n\t<meta name=\"twitter:data1\" content=\"3 minutos\" \/>\n<script type=\"application\/ld+json\" class=\"yoast-schema-graph\">{\"@context\":\"https:\\\/\\\/schema.org\",\"@graph\":[{\"@type\":\"WebPage\",\"@id\":\"https:\\\/\\\/www.uartes.edu.ec\\\/sitio\\\/la-universidad\\\/la-universidad\\\/ocs\\\/miembros\\\/2024-2\\\/\",\"url\":\"https:\\\/\\\/www.uartes.edu.ec\\\/sitio\\\/la-universidad\\\/la-universidad\\\/ocs\\\/miembros\\\/2024-2\\\/\",\"name\":\"Universidad de las Artes - 2024\",\"isPartOf\":{\"@id\":\"https:\\\/\\\/www.uartes.edu.ec\\\/sitio\\\/#website\"},\"primaryImageOfPage\":{\"@id\":\"https:\\\/\\\/www.uartes.edu.ec\\\/sitio\\\/la-universidad\\\/la-universidad\\\/ocs\\\/miembros\\\/2024-2\\\/#primaryimage\"},\"image\":{\"@id\":\"https:\\\/\\\/www.uartes.edu.ec\\\/sitio\\\/la-universidad\\\/la-universidad\\\/ocs\\\/miembros\\\/2024-2\\\/#primaryimage\"},\"thumbnailUrl\":\"https:\\\/\\\/www.uartes.edu.ec\\\/sitio\\\/wp-content\\\/uploads\\\/2024\\\/04\\\/luiggi-vera.jpg\",\"datePublished\":\"2025-04-21T14:25:00+00:00\",\"dateModified\":\"2025-04-21T15:08:30+00:00\",\"description\":\"Universidad de las Artes - 2024\",\"breadcrumb\":{\"@id\":\"https:\\\/\\\/www.uartes.edu.ec\\\/sitio\\\/la-universidad\\\/la-universidad\\\/ocs\\\/miembros\\\/2024-2\\\/#breadcrumb\"},\"inLanguage\":\"es\",\"potentialAction\":[{\"@type\":\"ReadAction\",\"target\":[\"https:\\\/\\\/www.uartes.edu.ec\\\/sitio\\\/la-universidad\\\/la-universidad\\\/ocs\\\/miembros\\\/2024-2\\\/\"]}]},{\"@type\":\"ImageObject\",\"inLanguage\":\"es\",\"@id\":\"https:\\\/\\\/www.uartes.edu.ec\\\/sitio\\\/la-universidad\\\/la-universidad\\\/ocs\\\/miembros\\\/2024-2\\\/#primaryimage\",\"url\":\"https:\\\/\\\/www.uartes.edu.ec\\\/sitio\\\/wp-content\\\/uploads\\\/2024\\\/04\\\/luiggi-vera.jpg\",\"contentUrl\":\"https:\\\/\\\/www.uartes.edu.ec\\\/sitio\\\/wp-content\\\/uploads\\\/2024\\\/04\\\/luiggi-vera.jpg\",\"width\":1000,\"height\":1000},{\"@type\":\"BreadcrumbList\",\"@id\":\"https:\\\/\\\/www.uartes.edu.ec\\\/sitio\\\/la-universidad\\\/la-universidad\\\/ocs\\\/miembros\\\/2024-2\\\/#breadcrumb\",\"itemListElement\":[{\"@type\":\"ListItem\",\"position\":1,\"name\":\"Inicio\",\"item\":\"https:\\\/\\\/www.uartes.edu.ec\\\/sitio\\\/\"},{\"@type\":\"ListItem\",\"position\":2,\"name\":\"Universidad de las Artes\",\"item\":\"https:\\\/\\\/www.uartes.edu.ec\\\/sitio\\\/\"},{\"@type\":\"ListItem\",\"position\":3,\"name\":\"La Universidad\",\"item\":\"https:\\\/\\\/www.uartes.edu.ec\\\/sitio\\\/la-universidad\\\/la-universidad\\\/\"},{\"@type\":\"ListItem\",\"position\":4,\"name\":\"\u00d3rgano Colegiado Superior\",\"item\":\"https:\\\/\\\/www.uartes.edu.ec\\\/sitio\\\/la-universidad\\\/ocs\\\/\"},{\"@type\":\"ListItem\",\"position\":5,\"name\":\"Miembros del OCS\",\"item\":\"https:\\\/\\\/www.uartes.edu.ec\\\/sitio\\\/la-universidad\\\/ocs\\\/miembros\\\/\"},{\"@type\":\"ListItem\",\"position\":6,\"name\":\"2024\"}]},{\"@type\":\"WebSite\",\"@id\":\"https:\\\/\\\/www.uartes.edu.ec\\\/sitio\\\/#website\",\"url\":\"https:\\\/\\\/www.uartes.edu.ec\\\/sitio\\\/\",\"name\":\"Universidad de las Artes\",\"description\":\"Sitio oficial de la Universidad Nacional de las Artes del Ecuador\",\"publisher\":{\"@id\":\"https:\\\/\\\/www.uartes.edu.ec\\\/sitio\\\/#organization\"},\"potentialAction\":[{\"@type\":\"SearchAction\",\"target\":{\"@type\":\"EntryPoint\",\"urlTemplate\":\"https:\\\/\\\/www.uartes.edu.ec\\\/sitio\\\/?s={search_term_string}\"},\"query-input\":{\"@type\":\"PropertyValueSpecification\",\"valueRequired\":true,\"valueName\":\"search_term_string\"}}],\"inLanguage\":\"es\"},{\"@type\":\"Organization\",\"@id\":\"https:\\\/\\\/www.uartes.edu.ec\\\/sitio\\\/#organization\",\"name\":\"Universidad de las Artes\",\"url\":\"https:\\\/\\\/www.uartes.edu.ec\\\/sitio\\\/\",\"logo\":{\"@type\":\"ImageObject\",\"inLanguage\":\"es\",\"@id\":\"https:\\\/\\\/www.uartes.edu.ec\\\/sitio\\\/#\\\/schema\\\/logo\\\/image\\\/\",\"url\":\"https:\\\/\\\/www.uartes.edu.ec\\\/sitio\\\/wp-content\\\/uploads\\\/2022\\\/07\\\/logo-ua-horizontal.png\",\"contentUrl\":\"https:\\\/\\\/www.uartes.edu.ec\\\/sitio\\\/wp-content\\\/uploads\\\/2022\\\/07\\\/logo-ua-horizontal.png\",\"width\":800,\"height\":276,\"caption\":\"Universidad de las Artes\"},\"image\":{\"@id\":\"https:\\\/\\\/www.uartes.edu.ec\\\/sitio\\\/#\\\/schema\\\/logo\\\/image\\\/\"},\"sameAs\":[\"https:\\\/\\\/www.facebook.com\\\/uartesec\",\"https:\\\/\\\/x.com\\\/uartesec\",\"https:\\\/\\\/www.tiktok.com\\\/@uartesec\"]}]}<\/script>\n<!-- \/ Yoast SEO plugin. -->","yoast_head_json":{"title":"Universidad de las Artes - 2024","description":"Universidad de las Artes - 2024","robots":{"index":"index","follow":"follow","max-snippet":"max-snippet:-1","max-image-preview":"max-image-preview:large","max-video-preview":"max-video-preview:-1"},"canonical":"https:\/\/www.uartes.edu.ec\/sitio\/la-universidad\/la-universidad\/ocs\/miembros\/2024-2\/","og_locale":"es_ES","og_type":"article","og_title":"Universidad de las Artes - 2024","og_description":"Universidad de las Artes - 2024","og_url":"https:\/\/www.uartes.edu.ec\/sitio\/la-universidad\/la-universidad\/ocs\/miembros\/2024-2\/","og_site_name":"Universidad de las Artes","article_publisher":"https:\/\/www.facebook.com\/uartesec","article_modified_time":"2025-04-21T15:08:30+00:00","og_image":[{"url":"https:\/\/www.uartes.edu.ec\/sitio\/wp-content\/uploads\/2024\/04\/luiggi-vera.jpg","type":"","width":"","height":""}],"twitter_card":"summary_large_image","twitter_site":"@uartesec","twitter_misc":{"Tiempo de lectura":"3 minutos"},"schema":{"@context":"https:\/\/schema.org","@graph":[{"@type":"WebPage","@id":"https:\/\/www.uartes.edu.ec\/sitio\/la-universidad\/la-universidad\/ocs\/miembros\/2024-2\/","url":"https:\/\/www.uartes.edu.ec\/sitio\/la-universidad\/la-universidad\/ocs\/miembros\/2024-2\/","name":"Universidad de las Artes - 2024","isPartOf":{"@id":"https:\/\/www.uartes.edu.ec\/sitio\/#website"},"primaryImageOfPage":{"@id":"https:\/\/www.uartes.edu.ec\/sitio\/la-universidad\/la-universidad\/ocs\/miembros\/2024-2\/#primaryimage"},"image":{"@id":"https:\/\/www.uartes.edu.ec\/sitio\/la-universidad\/la-universidad\/ocs\/miembros\/2024-2\/#primaryimage"},"thumbnailUrl":"https:\/\/www.uartes.edu.ec\/sitio\/wp-content\/uploads\/2024\/04\/luiggi-vera.jpg","datePublished":"2025-04-21T14:25:00+00:00","dateModified":"2025-04-21T15:08:30+00:00","description":"Universidad de las Artes - 2024","breadcrumb":{"@id":"https:\/\/www.uartes.edu.ec\/sitio\/la-universidad\/la-universidad\/ocs\/miembros\/2024-2\/#breadcrumb"},"inLanguage":"es","potentialAction":[{"@type":"ReadAction","target":["https:\/\/www.uartes.edu.ec\/sitio\/la-universidad\/la-universidad\/ocs\/miembros\/2024-2\/"]}]},{"@type":"ImageObject","inLanguage":"es","@id":"https:\/\/www.uartes.edu.ec\/sitio\/la-universidad\/la-universidad\/ocs\/miembros\/2024-2\/#primaryimage","url":"https:\/\/www.uartes.edu.ec\/sitio\/wp-content\/uploads\/2024\/04\/luiggi-vera.jpg","contentUrl":"https:\/\/www.uartes.edu.ec\/sitio\/wp-content\/uploads\/2024\/04\/luiggi-vera.jpg","width":1000,"height":1000},{"@type":"BreadcrumbList","@id":"https:\/\/www.uartes.edu.ec\/sitio\/la-universidad\/la-universidad\/ocs\/miembros\/2024-2\/#breadcrumb","itemListElement":[{"@type":"ListItem","position":1,"name":"Inicio","item":"https:\/\/www.uartes.edu.ec\/sitio\/"},{"@type":"ListItem","position":2,"name":"Universidad de las Artes","item":"https:\/\/www.uartes.edu.ec\/sitio\/"},{"@type":"ListItem","position":3,"name":"La Universidad","item":"https:\/\/www.uartes.edu.ec\/sitio\/la-universidad\/la-universidad\/"},{"@type":"ListItem","position":4,"name":"\u00d3rgano Colegiado Superior","item":"https:\/\/www.uartes.edu.ec\/sitio\/la-universidad\/ocs\/"},{"@type":"ListItem","position":5,"name":"Miembros del OCS","item":"https:\/\/www.uartes.edu.ec\/sitio\/la-universidad\/ocs\/miembros\/"},{"@type":"ListItem","position":6,"name":"2024"}]},{"@type":"WebSite","@id":"https:\/\/www.uartes.edu.ec\/sitio\/#website","url":"https:\/\/www.uartes.edu.ec\/sitio\/","name":"Universidad de las Artes","description":"Sitio oficial de la Universidad Nacional de las Artes del Ecuador","publisher":{"@id":"https:\/\/www.uartes.edu.ec\/sitio\/#organization"},"potentialAction":[{"@type":"SearchAction","target":{"@type":"EntryPoint","urlTemplate":"https:\/\/www.uartes.edu.ec\/sitio\/?s={search_term_string}"},"query-input":{"@type":"PropertyValueSpecification","valueRequired":true,"valueName":"search_term_string"}}],"inLanguage":"es"},{"@type":"Organization","@id":"https:\/\/www.uartes.edu.ec\/sitio\/#organization","name":"Universidad de las Artes","url":"https:\/\/www.uartes.edu.ec\/sitio\/","logo":{"@type":"ImageObject","inLanguage":"es","@id":"https:\/\/www.uartes.edu.ec\/sitio\/#\/schema\/logo\/image\/","url":"https:\/\/www.uartes.edu.ec\/sitio\/wp-content\/uploads\/2022\/07\/logo-ua-horizontal.png","contentUrl":"https:\/\/www.uartes.edu.ec\/sitio\/wp-content\/uploads\/2022\/07\/logo-ua-horizontal.png","width":800,"height":276,"caption":"Universidad de las Artes"},"image":{"@id":"https:\/\/www.uartes.edu.ec\/sitio\/#\/schema\/logo\/image\/"},"sameAs":["https:\/\/www.facebook.com\/uartesec","https:\/\/x.com\/uartesec","https:\/\/www.tiktok.com\/@uartesec"]}]}},"uagb_featured_image_src":{"full":false,"thumbnail":false,"medium":false,"medium_large":false,"large":false,"1536x1536":false,"2048x2048":false,"trp-custom-language-flag":false,"htmega_size_585x295":false,"htmega_size_1170x536":false,"htmega_size_396x360":false,"gb-block-post-grid-landscape":false,"gb-block-post-grid-square":false,"university-hub-thumb":false},"uagb_author_info":{"display_name":"Universidad de las Artes","author_link":"https:\/\/www.uartes.edu.ec\/sitio\/blog\/author\/dircomadm\/"},"uagb_comment_info":0,"uagb_excerpt":"Miembros anteriores del OCS Representantes estudiantiles Luiggi Roberto Vera FloresEscuela de Artes Sonoras Noem\u00ed Mar\u00eda Villena GilbertEscuela de Artes Esc\u00e9nicas Vicente Gabriel Mieles Guzm\u00e1nEscuela de Artes Esc\u00e9nicas (Alterno) Valeria Susana Navarro VerdezotoEscuela de Literatura Anthony David Andrade V\u00e9lezEscuela de Literatura (Alterno) Giovanni Andres Contero AceboEscuela de Cine Sara Trinidad P\u00f3lit SosaEscuela de Cine (Alterno) Fanny&hellip;","featured_image_src":null,"featured_image_src_square":null,"publishpress_future_action":{"enabled":false,"date":"2026-05-08 16:25:26","action":"change-status","newStatus":"draft","terms":[],"taxonomy":"","extraData":[]},"publishpress_future_workflow_manual_trigger":{"enabledWorkflows":[]},"distributor_meta":false,"distributor_terms":false,"distributor_media":false,"distributor_original_site_name":"Universidad de las Artes","distributor_original_site_url":"https:\/\/www.uartes.edu.ec\/sitio","push-errors":false,"_links":{"self":[{"href":"https:\/\/www.uartes.edu.ec\/sitio\/wp-json\/wp\/v2\/pages\/70611","targetHints":{"allow":["GET"]}}],"collection":[{"href":"https:\/\/www.uartes.edu.ec\/sitio\/wp-json\/wp\/v2\/pages"}],"about":[{"href":"https:\/\/www.uartes.edu.ec\/sitio\/wp-json\/wp\/v2\/types\/page"}],"author":[{"embeddable":true,"href":"https:\/\/www.uartes.edu.ec\/sitio\/wp-json\/wp\/v2\/users\/1"}],"replies":[{"embeddable":true,"href":"https:\/\/www.uartes.edu.ec\/sitio\/wp-json\/wp\/v2\/comments?post=70611"}],"version-history":[{"count":2,"href":"https:\/\/www.uartes.edu.ec\/sitio\/wp-json\/wp\/v2\/pages\/70611\/revisions"}],"predecessor-version":[{"id":70624,"href":"https:\/\/www.uartes.edu.ec\/sitio\/wp-json\/wp\/v2\/pages\/70611\/revisions\/70624"}],"up":[{"embeddable":true,"href":"https:\/\/www.uartes.edu.ec\/sitio\/wp-json\/wp\/v2\/pages\/16744"}],"wp:attachment":[{"href":"https:\/\/www.uartes.edu.ec\/sitio\/wp-json\/wp\/v2\/media?parent=70611"}],"curies":[{"name":"wp","href":"https:\/\/api.w.org\/{rel}","templated":true}]}}